{"id":1170,"date":"2019-11-15T18:28:14","date_gmt":"2019-11-15T18:28:14","guid":{"rendered":"https:\/\/web.escudoweb.com\/newweb\/?page_id=1170"},"modified":"2022-11-03T15:40:05","modified_gmt":"2022-11-03T15:40:05","slug":"home-en","status":"publish","type":"page","link":"https:\/\/web.escudoweb.com\/","title":{"rendered":"Escudo Web Software"},"content":{"rendered":"<div class=\"wpb-content-wrapper\"><p>[vc_row equal_height=\u00bbyes\u00bb content_placement=\u00bbmiddle\u00bb enable_overlay=\u00bbenable_overlay_value\u00bb overlay_color=\u00bbrgba(0,0,0,0.6)\u00bb type=\u00bbvc_default\u00bb margin_top=\u00bb-50&#8243; anchor=\u00bbabout\u00bb css=\u00bb.vc_custom_1667471155964{padding-top: 90px !important;padding-bottom: 90px !important;}\u00bb el_id=\u00bbabout\u00bb][vc_column offset=\u00bbvc_col-lg-offset-0 vc_col-lg-7 vc_col-md-offset-0 vc_col-md-8&#8243;]<div id=\"ultimate-heading-924969f2b9fa7bae7\" class=\"uvc-heading ult-adjust-bottom-margin ultimate-heading-924969f2b9fa7bae7 uvc-1474 accent-border-color accent-subtitle-color\" data-hspacer=\"no_spacer\"  data-halign=\"left\" style=\"text-align:left\"><div class=\"uvc-heading-spacer no_spacer\" style=\"top\"><\/div><div class=\"uvc-main-heading ult-responsive\"  data-ultimate-target='.uvc-heading.ultimate-heading-924969f2b9fa7bae7 h2'  data-responsive-json-new='{\"font-size\":\"desktop:50px;tablet_portrait:40px;\",\"line-height\":\"desktop:60px;tablet_portrait:50px;\"}' ><h2 style=\"font-family:&#039;Ubuntu&#039;;font-weight:300;margin-bottom:30px;\">Introduction<\/h2><\/div><\/div>[vc_column_text css=\u00bb.vc_custom_1586881259708{padding-bottom: 40px !important;}\u00bb]<\/p>\n<p style=\"text-align: justify;\"><span style=\"color: #72777d;\">We are a technological and innovative company, with extensive experience in the education sector and also at the forefront of new trends in society. We have an immense capacity to adapt and we are constantly evolving with the changes that our digital society requires. Our projects range from the educational sector, to logistics &amp; transport, geolocation, blockchain or the management of corporate devices.<\/span><\/p>\n<p>[\/vc_column_text][vc_row_inner equal_height=\u00bbyes\u00bb][vc_column_inner width=\u00bb1\/2&#8243; css=\u00bb.vc_custom_1492529733683{padding-bottom: 20px !important;}\u00bb]<div class=\"aio-icon-component  vc_custom_1586881286461  accent-icon-bg style_1\"><div id=\"Info-box-wrap-2800\" class=\"aio-icon-box left-icon\" style=\"\"  ><div class=\"aio-icon-left\"><div class=\"ult-just-icon-wrapper  \"><div class=\"align-icon\" style=\"text-align:center;\">\n<div class=\"aio-icon advanced \"  style=\"color:#ffffff;border-style:;border-color:#333333;border-width:1px;width:60px;height:60px;line-height:60px;border-radius:500px;font-size:24px;display:inline-block;\">\n\t<i class=\"icomoon-font-awesome-14x14-cogs\"><\/i>\n<\/div><\/div><\/div><\/div><div class=\"aio-ibd-block\"><div class=\"aio-icon-header\" ><h3 class=\"aio-icon-title ult-responsive\"  data-ultimate-target='#Info-box-wrap-2800 .aio-icon-title'  data-responsive-json-new='{\"font-size\":\"desktop:22px;\",\"line-height\":\"desktop:32px;\"}'  style=\"font-weight:bold;\">Development<\/h3><\/div> <!-- header --><div class=\"aio-icon-description ult-responsive\"  data-ultimate-target='#Info-box-wrap-2800 .aio-icon-description'  data-responsive-json-new='{\"font-size\":\"desktop:14px;\",\"line-height\":\"desktop:26px;\"}'  style=\"\"><\/p>\n<p style=\"text-align: justify;\"><span style=\"color: #72777d;\">Our solutions are developed for the main operating systems: iOS (Apple), Windows, Chrome OS, Android and different versions of Linux.<\/span><\/p>\n<p><\/div> <!-- description --><\/div> <!-- aio-ibd-block --><\/div> <!-- aio-icon-box --><\/div> <!-- aio-icon-component -->[\/vc_column_inner][vc_column_inner width=\u00bb1\/2&#8243; css=\u00bb.vc_custom_1492535210905{padding-bottom: 20px !important;}\u00bb]<div class=\"aio-icon-component  vc_custom_1586881305240  accent-icon-bg style_1\"><div id=\"Info-box-wrap-6071\" class=\"aio-icon-box left-icon\" style=\"\"  ><div class=\"aio-icon-left\"><div class=\"ult-just-icon-wrapper  \"><div class=\"align-icon\" style=\"text-align:center;\">\n<div class=\"aio-icon advanced \"  style=\"color:#ffffff;border-style:;border-color:#333333;border-width:1px;width:60px;height:60px;line-height:60px;border-radius:500px;font-size:24px;display:inline-block;\">\n\t<i class=\"icomoon-font-awesome-14x14-thumbs-up\"><\/i>\n<\/div><\/div><\/div><\/div><div class=\"aio-ibd-block\"><div class=\"aio-icon-header\" ><h3 class=\"aio-icon-title ult-responsive\"  data-ultimate-target='#Info-box-wrap-6071 .aio-icon-title'  data-responsive-json-new='{\"font-size\":\"desktop:22px;\",\"line-height\":\"desktop:32px;\"}'  style=\"font-weight:bold;\">Technical Support<\/h3><\/div> <!-- header --><div class=\"aio-icon-description ult-responsive\"  data-ultimate-target='#Info-box-wrap-6071 .aio-icon-description'  data-responsive-json-new='{\"font-size\":\"desktop:14px;\",\"line-height\":\"desktop:26px;\"}'  style=\"\"><\/p>\n<p style=\"text-align: justify;\"><span style=\"color: #72777d;\">We provide technical assistance to our customers and keep our developments up to date for the duration of the product license, depending on the modality contracted.<\/span><\/p>\n<p><\/div> <!-- description --><\/div> <!-- aio-ibd-block --><\/div> <!-- aio-icon-box --><\/div> <!-- aio-icon-component -->[\/vc_column_inner][vc_column_inner width=\u00bb1\/2&#8243; css=\u00bb.vc_custom_1492530358895{padding-bottom: 20px !important;}\u00bb]<div class=\"aio-icon-component  vc_custom_1586881316895  accent-icon-bg style_1\"><div id=\"Info-box-wrap-9986\" class=\"aio-icon-box left-icon\" style=\"\"  ><div class=\"aio-icon-left\"><div class=\"ult-just-icon-wrapper  \"><div class=\"align-icon\" style=\"text-align:center;\">\n<div class=\"aio-icon advanced \"  style=\"color:#ffffff;border-style:;border-color:#333333;border-width:1px;width:60px;height:60px;line-height:60px;border-radius:500px;font-size:24px;display:inline-block;\">\n\t<i class=\"fas fa-headset\"><\/i>\n<\/div><\/div><\/div><\/div><div class=\"aio-ibd-block\"><div class=\"aio-icon-header\" ><h3 class=\"aio-icon-title ult-responsive\"  data-ultimate-target='#Info-box-wrap-9986 .aio-icon-title'  data-responsive-json-new='{\"font-size\":\"desktop:22px;\",\"line-height\":\"desktop:32px;\"}'  style=\"font-weight:bold;\">Training<\/h3><\/div> <!-- header --><div class=\"aio-icon-description ult-responsive\"  data-ultimate-target='#Info-box-wrap-9986 .aio-icon-description'  data-responsive-json-new='{\"font-size\":\"desktop:14px;\",\"line-height\":\"desktop:26px;\"}'  style=\"\"><\/p>\n<p style=\"text-align: justify;\"><span style=\"color: #72777d;\">We provide training on our products for our channel or final customer, according to the project definition. Our training actions can be carried out both online or in-person.<\/span><\/p>\n<p><\/div> <!-- description --><\/div> <!-- aio-ibd-block --><\/div> <!-- aio-icon-box --><\/div> <!-- aio-icon-component -->[\/vc_column_inner][vc_column_inner width=\u00bb1\/2&#8243; css=\u00bb.vc_custom_1492530366114{padding-bottom: 20px !important;}\u00bb]<div class=\"aio-icon-component  vc_custom_1586881335214  accent-icon-bg style_1\"><div id=\"Info-box-wrap-1187\" class=\"aio-icon-box left-icon\" style=\"\"  ><div class=\"aio-icon-left\"><div class=\"ult-just-icon-wrapper  \"><div class=\"align-icon\" style=\"text-align:center;\">\n<div class=\"aio-icon advanced \"  style=\"color:#ffffff;border-style:;border-color:#333333;border-width:1px;width:60px;height:60px;line-height:60px;border-radius:500px;font-size:24px;display:inline-block;\">\n\t<i class=\"fas fa-user-check\"><\/i>\n<\/div><\/div><\/div><\/div><div class=\"aio-ibd-block\"><div class=\"aio-icon-header\" ><h3 class=\"aio-icon-title ult-responsive\"  data-ultimate-target='#Info-box-wrap-1187 .aio-icon-title'  data-responsive-json-new='{\"font-size\":\"desktop:22px;\",\"line-height\":\"desktop:32px;\"}'  style=\"font-weight:bold;\">Consultancy<\/h3><\/div> <!-- header --><div class=\"aio-icon-description ult-responsive\"  data-ultimate-target='#Info-box-wrap-1187 .aio-icon-description'  data-responsive-json-new='{\"font-size\":\"desktop:14px;\",\"line-height\":\"desktop:26px;\"}'  style=\"\"><\/p>\n<p style=\"text-align: justify;\"><span style=\"color: #72777d;\">Our extensive experience enables us to provide consulting services in ICT, especially in everything related to the education sector.<\/span><\/p>\n<p><\/div> <!-- description --><\/div> <!-- aio-ibd-block --><\/div> <!-- aio-icon-box --><\/div> <!-- aio-icon-component -->[\/vc_column_inner][\/vc_row_inner][vc_empty_space height=\u00bb25px\u00bb][vc_column_text]<\/p>\n<p style=\"text-align: justify;\"><span style=\"color: #72777d;\">We have our own brand products, such as midess, Lugus, phoneKid and Escudo Web, which are registered in Europe and other countries such as the USA and China. We also have other products for the educational sector such as Learning Everywhere, onTAB and onCAP. We have also developed other solutions such as MDMBusiness for the corporate market.<\/span><\/p>\n<p style=\"text-align: justify;\"><span style=\"color: #72777d;\">We have registered two programs in the intellectual property registry that we integrate into most of our educational solutions: \u00abModes of use\u00bb and \u00abPlease Listen\u00bb.<\/span><\/p>\n<p style=\"text-align: justify;\"><span style=\"color: #72777d;\">Since 2012 we have developed software and created brands for third party products, which have been marketed in the education sector as white label, some examples have been: Conecta Seguro for the Government of Extremadura, Onbook for Crambo S.A., iRiS for the Edelvives Group, Geniora Phone for PT Multitech and Blabloo for MoviGO. Also, for the logistics and transport sector, we have created the Cabitruck platform for the company\u00b4s Truck Trace S.L. We have also developed a patent for the marketing sector and product authenticity based on Blockchain technology..<\/span><\/p>\n<p>[\/vc_column_text][\/vc_column][vc_column width=\u00bb1\/4&#8243; offset=\u00bbvc_col-lg-5 vc_col-md-4 vc_hidden-sm vc_hidden-xs\u00bb]<style type=\"text\/css\" data-type=\"the7_shortcodes-inline-css\">.shortcode-single-image-wrap.shortcode-single-image-f87115c6da960191558f808b7fba79da.enable-bg-rollover .rollover i,\n.shortcode-single-image-wrap.shortcode-single-image-f87115c6da960191558f808b7fba79da.enable-bg-rollover .rollover-video i {\n  background: -webkit-linear-gradient();\n  background: linear-gradient();\n}\n.shortcode-single-image-wrap.shortcode-single-image-f87115c6da960191558f808b7fba79da .rollover-icon {\n  font-size: 32px;\n  color: #ffffff;\n  min-width: 44px;\n  min-height: 44px;\n  line-height: 44px;\n  border-radius: 100px;\n  border-style: solid;\n  border-width: 0px;\n}\n.dt-icon-bg-on.shortcode-single-image-wrap.shortcode-single-image-f87115c6da960191558f808b7fba79da .rollover-icon {\n  background: rgba(255,255,255,0.3);\n  box-shadow: none;\n}<\/style><div class=\"shortcode-single-image-wrap shortcode-single-image-f87115c6da960191558f808b7fba79da alignleft  vc_custom_1593776004073 enable-bg-rollover dt-icon-bg-off\" ><div class=\"shortcode-single-image\"><div class=\"fancy-media-wrap  layzr-bg\" style=\"\"><img fetchpriority=\"high\" decoding=\"async\" class=\"preload-me lazy-load aspect\" src=\"data:image\/svg+xml,%3Csvg%20xmlns%3D&#39;http%3A%2F%2Fwww.w3.org%2F2000%2Fsvg&#39;%20viewBox%3D&#39;0%200%20500%201125&#39;%2F%3E\" data-src=\"https:\/\/web.escudoweb.com\/wp-content\/uploads\/2020\/07\/fotos_rombos_web_escudo_web-1.png\" data-srcset=\"https:\/\/web.escudoweb.com\/wp-content\/uploads\/2020\/07\/fotos_rombos_web_escudo_web-1.png 500w\" loading=\"eager\" sizes=\"(max-width: 500px) 100vw, 500px\" width=\"500\" height=\"1125\"  data-dt-location=\"https:\/\/web.escudoweb.com\/index.php\/home-en\/fotos_rombos_web_escudo_web-2\/\" style=\"--ratio: 500 \/ 1125;\" alt=\"\" \/><\/div><\/div><\/div>[\/vc_column][\/vc_row][vc_row equal_height=\u00bbyes\u00bb content_placement=\u00bbmiddle\u00bb disable_element=\u00bbyes\u00bb type=\u00bbvc_default\u00bb margin_top=\u00bb-50&#8243; anchor=\u00bbabout\u00bb css=\u00bb.vc_custom_1667470967572{padding-top: 90px !important;padding-bottom: 90px !important;}\u00bb][vc_column offset=\u00bbvc_col-lg-offset-0 vc_col-lg-7 vc_col-md-offset-0 vc_col-md-8&#8243;]<div id=\"ultimate-heading-384269f2b9fa7d00c\" class=\"uvc-heading ult-adjust-bottom-margin ultimate-heading-384269f2b9fa7d00c uvc-9371 accent-border-color accent-subtitle-color\" data-hspacer=\"no_spacer\"  data-halign=\"left\" style=\"text-align:left\"><div class=\"uvc-heading-spacer no_spacer\" style=\"top\"><\/div><div class=\"uvc-main-heading ult-responsive\"  data-ultimate-target='.uvc-heading.ultimate-heading-384269f2b9fa7d00c h2'  data-responsive-json-new='{\"font-size\":\"desktop:50px;tablet_portrait:40px;\",\"line-height\":\"desktop:60px;tablet_portrait:50px;\"}' ><h2 style=\"font-family:&#039;Ubuntu&#039;;font-weight:300;margin-bottom:30px;\">Introduction<\/h2><\/div><\/div>[vc_column_text css=\u00bb.vc_custom_1586881259708{padding-bottom: 40px !important;}\u00bb]<\/p>\n<p style=\"text-align: justify;\"><span style=\"color: #72777d;\">We are a technological and innovative company, with extensive experience in the education sector and also at the forefront of new trends in society. We have an immense capacity to adapt and we are constantly evolving with the changes that our digital society requires. Our projects range from the educational sector, to logistics &amp; transport, geolocation, blockchain or the management of corporate devices.<\/span><\/p>\n<p>[\/vc_column_text][vc_row_inner equal_height=\u00bbyes\u00bb][vc_column_inner width=\u00bb1\/2&#8243; css=\u00bb.vc_custom_1492529733683{padding-bottom: 20px !important;}\u00bb]<div class=\"aio-icon-component  vc_custom_1586881286461  accent-icon-bg style_1\"><div id=\"Info-box-wrap-7370\" class=\"aio-icon-box left-icon\" style=\"\"  ><div class=\"aio-icon-left\"><div class=\"ult-just-icon-wrapper  \"><div class=\"align-icon\" style=\"text-align:center;\">\n<div class=\"aio-icon advanced \"  style=\"color:#ffffff;border-style:;border-color:#333333;border-width:1px;width:60px;height:60px;line-height:60px;border-radius:500px;font-size:24px;display:inline-block;\">\n\t<i class=\"icomoon-font-awesome-14x14-cogs\"><\/i>\n<\/div><\/div><\/div><\/div><div class=\"aio-ibd-block\"><div class=\"aio-icon-header\" ><h3 class=\"aio-icon-title ult-responsive\"  data-ultimate-target='#Info-box-wrap-7370 .aio-icon-title'  data-responsive-json-new='{\"font-size\":\"desktop:22px;\",\"line-height\":\"desktop:32px;\"}'  style=\"font-weight:bold;\">Development<\/h3><\/div> <!-- header --><div class=\"aio-icon-description ult-responsive\"  data-ultimate-target='#Info-box-wrap-7370 .aio-icon-description'  data-responsive-json-new='{\"font-size\":\"desktop:14px;\",\"line-height\":\"desktop:26px;\"}'  style=\"\"><\/p>\n<p style=\"text-align: justify;\"><span style=\"color: #72777d;\">Our solutions are developed for the main operating systems: iOS (Apple), Windows, Chrome OS, Android and different versions of Linux.<\/span><\/p>\n<p><\/div> <!-- description --><\/div> <!-- aio-ibd-block --><\/div> <!-- aio-icon-box --><\/div> <!-- aio-icon-component -->[\/vc_column_inner][vc_column_inner width=\u00bb1\/2&#8243; css=\u00bb.vc_custom_1492535210905{padding-bottom: 20px !important;}\u00bb]<div class=\"aio-icon-component  vc_custom_1586881305240  accent-icon-bg style_1\"><div id=\"Info-box-wrap-4726\" class=\"aio-icon-box left-icon\" style=\"\"  ><div class=\"aio-icon-left\"><div class=\"ult-just-icon-wrapper  \"><div class=\"align-icon\" style=\"text-align:center;\">\n<div class=\"aio-icon advanced \"  style=\"color:#ffffff;border-style:;border-color:#333333;border-width:1px;width:60px;height:60px;line-height:60px;border-radius:500px;font-size:24px;display:inline-block;\">\n\t<i class=\"icomoon-font-awesome-14x14-thumbs-up\"><\/i>\n<\/div><\/div><\/div><\/div><div class=\"aio-ibd-block\"><div class=\"aio-icon-header\" ><h3 class=\"aio-icon-title ult-responsive\"  data-ultimate-target='#Info-box-wrap-4726 .aio-icon-title'  data-responsive-json-new='{\"font-size\":\"desktop:22px;\",\"line-height\":\"desktop:32px;\"}'  style=\"font-weight:bold;\">Technical Support<\/h3><\/div> <!-- header --><div class=\"aio-icon-description ult-responsive\"  data-ultimate-target='#Info-box-wrap-4726 .aio-icon-description'  data-responsive-json-new='{\"font-size\":\"desktop:14px;\",\"line-height\":\"desktop:26px;\"}'  style=\"\"><\/p>\n<p style=\"text-align: justify;\"><span style=\"color: #72777d;\">We provide technical assistance to our customers and keep our developments up to date for the duration of the product license, depending on the modality contracted.<\/span><\/p>\n<p><\/div> <!-- description --><\/div> <!-- aio-ibd-block --><\/div> <!-- aio-icon-box --><\/div> <!-- aio-icon-component -->[\/vc_column_inner][vc_column_inner width=\u00bb1\/2&#8243; css=\u00bb.vc_custom_1492530358895{padding-bottom: 20px !important;}\u00bb]<div class=\"aio-icon-component  vc_custom_1586881316895  accent-icon-bg style_1\"><div id=\"Info-box-wrap-9909\" class=\"aio-icon-box left-icon\" style=\"\"  ><div class=\"aio-icon-left\"><div class=\"ult-just-icon-wrapper  \"><div class=\"align-icon\" style=\"text-align:center;\">\n<div class=\"aio-icon advanced \"  style=\"color:#ffffff;border-style:;border-color:#333333;border-width:1px;width:60px;height:60px;line-height:60px;border-radius:500px;font-size:24px;display:inline-block;\">\n\t<i class=\"fas fa-headset\"><\/i>\n<\/div><\/div><\/div><\/div><div class=\"aio-ibd-block\"><div class=\"aio-icon-header\" ><h3 class=\"aio-icon-title ult-responsive\"  data-ultimate-target='#Info-box-wrap-9909 .aio-icon-title'  data-responsive-json-new='{\"font-size\":\"desktop:22px;\",\"line-height\":\"desktop:32px;\"}'  style=\"font-weight:bold;\">Training<\/h3><\/div> <!-- header --><div class=\"aio-icon-description ult-responsive\"  data-ultimate-target='#Info-box-wrap-9909 .aio-icon-description'  data-responsive-json-new='{\"font-size\":\"desktop:14px;\",\"line-height\":\"desktop:26px;\"}'  style=\"\"><\/p>\n<p style=\"text-align: justify;\"><span style=\"color: #72777d;\">We provide training on our products for our channel or final customer, according to the project definition. Our training actions can be carried out both online or in-person.<\/span><\/p>\n<p><\/div> <!-- description --><\/div> <!-- aio-ibd-block --><\/div> <!-- aio-icon-box --><\/div> <!-- aio-icon-component -->[\/vc_column_inner][vc_column_inner width=\u00bb1\/2&#8243; css=\u00bb.vc_custom_1492530366114{padding-bottom: 20px !important;}\u00bb]<div class=\"aio-icon-component  vc_custom_1586881335214  accent-icon-bg style_1\"><div id=\"Info-box-wrap-2335\" class=\"aio-icon-box left-icon\" style=\"\"  ><div class=\"aio-icon-left\"><div class=\"ult-just-icon-wrapper  \"><div class=\"align-icon\" style=\"text-align:center;\">\n<div class=\"aio-icon advanced \"  style=\"color:#ffffff;border-style:;border-color:#333333;border-width:1px;width:60px;height:60px;line-height:60px;border-radius:500px;font-size:24px;display:inline-block;\">\n\t<i class=\"fas fa-user-check\"><\/i>\n<\/div><\/div><\/div><\/div><div class=\"aio-ibd-block\"><div class=\"aio-icon-header\" ><h3 class=\"aio-icon-title ult-responsive\"  data-ultimate-target='#Info-box-wrap-2335 .aio-icon-title'  data-responsive-json-new='{\"font-size\":\"desktop:22px;\",\"line-height\":\"desktop:32px;\"}'  style=\"font-weight:bold;\">Consultancy<\/h3><\/div> <!-- header --><div class=\"aio-icon-description ult-responsive\"  data-ultimate-target='#Info-box-wrap-2335 .aio-icon-description'  data-responsive-json-new='{\"font-size\":\"desktop:14px;\",\"line-height\":\"desktop:26px;\"}'  style=\"\"><\/p>\n<p style=\"text-align: justify;\"><span style=\"color: #72777d;\">Our extensive experience enables us to provide consulting services in ICT, especially in everything related to the education sector.<\/span><\/p>\n<p><\/div> <!-- description --><\/div> <!-- aio-ibd-block --><\/div> <!-- aio-icon-box --><\/div> <!-- aio-icon-component -->[\/vc_column_inner][\/vc_row_inner][vc_empty_space height=\u00bb25px\u00bb][vc_column_text]<\/p>\n<p style=\"text-align: justify;\"><span style=\"color: #72777d;\">We have our own brand products, such as midess, Lugus, phoneKid and Escudo Web, which are registered in Europe and other countries such as the USA and China. We also have other products for the educational sector such as Learning Everywhere, onTAB and onCAP. We have also developed other solutions such as MDMBusiness for the corporate market.<\/span><\/p>\n<p style=\"text-align: justify;\"><span style=\"color: #72777d;\">We have registered two programs in the intellectual property registry that we integrate into most of our educational solutions: \u00abModes of use\u00bb and \u00abPlease Listen\u00bb.<\/span><\/p>\n<p style=\"text-align: justify;\"><span style=\"color: #72777d;\">Since 2012 we have developed software and created brands for third party products, which have been marketed in the education sector as white label, some examples have been: Conecta Seguro for the Government of Extremadura, Onbook for Crambo S.A., iRiS for the Edelvives Group, Geniora Phone for PT Multitech and Blabloo for MoviGO. Also, for the logistics and transport sector, we have created the cabitruck platform for the company\u00b4s Truck Trace S.L. We have also developed a patent for the marketing sector and product authenticity based on Blockchain technology..<\/span><\/p>\n<p>[\/vc_column_text][\/vc_column][vc_column width=\u00bb1\/4&#8243; offset=\u00bbvc_col-lg-5 vc_col-md-4 vc_hidden-sm vc_hidden-xs\u00bb]<style type=\"text\/css\" data-type=\"the7_shortcodes-inline-css\">.shortcode-single-image-wrap.shortcode-single-image-f7667ce515133706173581f9bcfbecfc.enable-bg-rollover .rollover i,\n.shortcode-single-image-wrap.shortcode-single-image-f7667ce515133706173581f9bcfbecfc.enable-bg-rollover .rollover-video i {\n  background: -webkit-linear-gradient();\n  background: linear-gradient();\n}\n.shortcode-single-image-wrap.shortcode-single-image-f7667ce515133706173581f9bcfbecfc .rollover-icon {\n  font-size: 32px;\n  color: #ffffff;\n  min-width: 44px;\n  min-height: 44px;\n  line-height: 44px;\n  border-radius: 100px;\n  border-style: solid;\n  border-width: 0px;\n}\n.dt-icon-bg-on.shortcode-single-image-wrap.shortcode-single-image-f7667ce515133706173581f9bcfbecfc .rollover-icon {\n  background: rgba(255,255,255,0.3);\n  box-shadow: none;\n}<\/style><div class=\"shortcode-single-image-wrap shortcode-single-image-f7667ce515133706173581f9bcfbecfc alignleft  vc_custom_1581008287880 enable-bg-rollover dt-icon-bg-off\" ><div class=\"shortcode-single-image\"><div class=\"fancy-media-wrap  layzr-bg\" style=\"\"><img decoding=\"async\" class=\"preload-me lazy-load aspect\" src=\"data:image\/svg+xml,%3Csvg%20xmlns%3D&#39;http%3A%2F%2Fwww.w3.org%2F2000%2Fsvg&#39;%20viewBox%3D&#39;0%200%20250%20250&#39;%2F%3E\" data-src=\"https:\/\/web.escudoweb.com\/wp-content\/uploads\/2020\/02\/phoneKid_marco-250x250.jpg\" data-srcset=\"https:\/\/web.escudoweb.com\/wp-content\/uploads\/2020\/02\/phoneKid_marco-250x250.jpg 250w, https:\/\/web.escudoweb.com\/wp-content\/uploads\/2020\/02\/phoneKid_marco-500x500.jpg 500w\" loading=\"eager\" sizes=\"(max-width: 250px) 100vw, 250px\" width=\"250\" height=\"250\"  data-dt-location=\"https:\/\/web.escudoweb.com\/index.php\/home-en\/phonekid_marco\/\" style=\"--ratio: 250 \/ 250;\" alt=\"\" \/><\/div><\/div><\/div><style type=\"text\/css\" data-type=\"the7_shortcodes-inline-css\">.shortcode-single-image-wrap.shortcode-single-image-2c94a14d3efd37d232e5fb1042e5d411.enable-bg-rollover .rollover i,\n.shortcode-single-image-wrap.shortcode-single-image-2c94a14d3efd37d232e5fb1042e5d411.enable-bg-rollover .rollover-video i {\n  background: -webkit-linear-gradient();\n  background: linear-gradient();\n}\n.shortcode-single-image-wrap.shortcode-single-image-2c94a14d3efd37d232e5fb1042e5d411 .rollover-icon {\n  font-size: 32px;\n  color: #ffffff;\n  min-width: 44px;\n  min-height: 44px;\n  line-height: 44px;\n  border-radius: 100px;\n  border-style: solid;\n  border-width: 0px;\n}\n.dt-icon-bg-on.shortcode-single-image-wrap.shortcode-single-image-2c94a14d3efd37d232e5fb1042e5d411 .rollover-icon {\n  background: rgba(255,255,255,0.3);\n  box-shadow: none;\n}<\/style><div class=\"shortcode-single-image-wrap shortcode-single-image-2c94a14d3efd37d232e5fb1042e5d411 alignright  vc_custom_1581008271623 enable-bg-rollover dt-icon-bg-off\" ><div class=\"shortcode-single-image\"><div class=\"fancy-media-wrap  layzr-bg\" style=\"\"><img decoding=\"async\" class=\"preload-me lazy-load aspect\" src=\"data:image\/svg+xml,%3Csvg%20xmlns%3D&#39;http%3A%2F%2Fwww.w3.org%2F2000%2Fsvg&#39;%20viewBox%3D&#39;0%200%20250%20250&#39;%2F%3E\" data-src=\"https:\/\/web.escudoweb.com\/wp-content\/uploads\/2020\/02\/geniora_marco-250x250.jpg\" data-srcset=\"https:\/\/web.escudoweb.com\/wp-content\/uploads\/2020\/02\/geniora_marco-250x250.jpg 250w, https:\/\/web.escudoweb.com\/wp-content\/uploads\/2020\/02\/geniora_marco-500x500.jpg 500w\" loading=\"eager\" sizes=\"(max-width: 250px) 100vw, 250px\" width=\"250\" height=\"250\"  data-dt-location=\"https:\/\/web.escudoweb.com\/index.php\/home-en\/geniora_marco\/\" style=\"--ratio: 250 \/ 250;\" alt=\"\" \/><\/div><\/div><\/div><style type=\"text\/css\" data-type=\"the7_shortcodes-inline-css\">.shortcode-single-image-wrap.shortcode-single-image-acea0a19bcf87fecd47460a3ccfc2c62.enable-bg-rollover .rollover i,\n.shortcode-single-image-wrap.shortcode-single-image-acea0a19bcf87fecd47460a3ccfc2c62.enable-bg-rollover .rollover-video i {\n  background: -webkit-linear-gradient();\n  background: linear-gradient();\n}\n.shortcode-single-image-wrap.shortcode-single-image-acea0a19bcf87fecd47460a3ccfc2c62 .rollover-icon {\n  font-size: 32px;\n  color: #ffffff;\n  min-width: 44px;\n  min-height: 44px;\n  line-height: 44px;\n  border-radius: 100px;\n  border-style: solid;\n  border-width: 0px;\n}\n.dt-icon-bg-on.shortcode-single-image-wrap.shortcode-single-image-acea0a19bcf87fecd47460a3ccfc2c62 .rollover-icon {\n  background: rgba(255,255,255,0.3);\n  box-shadow: none;\n}<\/style><div class=\"shortcode-single-image-wrap shortcode-single-image-acea0a19bcf87fecd47460a3ccfc2c62 alignleft  vc_custom_1581008325235 enable-bg-rollover dt-icon-bg-off\" ><div class=\"shortcode-single-image\"><div class=\"fancy-media-wrap  layzr-bg\" style=\"\"><img decoding=\"async\" class=\"preload-me lazy-load aspect\" src=\"data:image\/svg+xml,%3Csvg%20xmlns%3D&#39;http%3A%2F%2Fwww.w3.org%2F2000%2Fsvg&#39;%20viewBox%3D&#39;0%200%20250%20250&#39;%2F%3E\" data-src=\"https:\/\/web.escudoweb.com\/wp-content\/uploads\/2020\/02\/midess_marco-250x250.jpg\" data-srcset=\"https:\/\/web.escudoweb.com\/wp-content\/uploads\/2020\/02\/midess_marco-250x250.jpg 250w, https:\/\/web.escudoweb.com\/wp-content\/uploads\/2020\/02\/midess_marco-500x500.jpg 500w\" loading=\"eager\" sizes=\"(max-width: 250px) 100vw, 250px\" width=\"250\" height=\"250\"  data-dt-location=\"https:\/\/web.escudoweb.com\/index.php\/home-en\/midess_marco\/\" style=\"--ratio: 250 \/ 250;\" alt=\"midess\" \/><\/div><\/div><\/div><style type=\"text\/css\" data-type=\"the7_shortcodes-inline-css\">.shortcode-single-image-wrap.shortcode-single-image-3588f35e1617c2b3937c4ce6598bcd65.enable-bg-rollover .rollover i,\n.shortcode-single-image-wrap.shortcode-single-image-3588f35e1617c2b3937c4ce6598bcd65.enable-bg-rollover .rollover-video i {\n  background: -webkit-linear-gradient();\n  background: linear-gradient();\n}\n.shortcode-single-image-wrap.shortcode-single-image-3588f35e1617c2b3937c4ce6598bcd65 .rollover-icon {\n  font-size: 32px;\n  color: #ffffff;\n  min-width: 44px;\n  min-height: 44px;\n  line-height: 44px;\n  border-radius: 100px;\n  border-style: solid;\n  border-width: 0px;\n}\n.dt-icon-bg-on.shortcode-single-image-wrap.shortcode-single-image-3588f35e1617c2b3937c4ce6598bcd65 .rollover-icon {\n  background: rgba(255,255,255,0.3);\n  box-shadow: none;\n}<\/style><div class=\"shortcode-single-image-wrap shortcode-single-image-3588f35e1617c2b3937c4ce6598bcd65 alignleft  vc_custom_1581007267862 enable-bg-rollover dt-icon-bg-off\" ><div class=\"shortcode-single-image\"><div class=\"fancy-media-wrap  layzr-bg\" style=\"\"><img decoding=\"async\" class=\"preload-me lazy-load aspect\" src=\"data:image\/svg+xml,%3Csvg%20xmlns%3D&#39;http%3A%2F%2Fwww.w3.org%2F2000%2Fsvg&#39;%20viewBox%3D&#39;0%200%20700%20400&#39;%2F%3E\" data-src=\"https:\/\/web.escudoweb.com\/wp-content\/uploads\/2020\/02\/barcelona_b-1.jpg\" data-srcset=\"https:\/\/web.escudoweb.com\/wp-content\/uploads\/2020\/02\/barcelona_b-1.jpg 700w\" loading=\"eager\" sizes=\"(max-width: 700px) 100vw, 700px\" width=\"700\" height=\"400\"  data-dt-location=\"https:\/\/web.escudoweb.com\/index.php\/home-en\/barcelona_b-2\/\" style=\"--ratio: 700 \/ 400;\" alt=\"MWC Escudo Web\" \/><\/div><\/div><\/div>[\/vc_column][\/vc_row][vc_row gap=\u00bb15&#8243; equal_height=\u00bbyes\u00bb bg_type=\u00bbimage\u00bb parallax_style=\u00bbvcpb-default\u00bb bg_image_new=\u00bbid^1791|url^https:\/\/web.escudoweb.com\/wp-content\/uploads\/2020\/02\/19366-1-scaled.jpg|caption^Escudo Web Background|alt^Escudo Web Background|title^Escudo Web Background|description^null\u00bb bg_image_repeat=\u00bbno-repeat\u00bb bg_img_attach=\u00bbfixed\u00bb bg_override=\u00bbex-full\u00bb enable_overlay=\u00bbenable_overlay_value\u00bb overlay_color=\u00bbrgba(0,0,0,0.6)\u00bb css=\u00bb.vc_custom_1667471552236{padding-top: 90px !important;padding-bottom: 100px !important;}\u00bb el_id=\u00bbnews\u00bb][vc_column offset=\u00bbvc_col-lg-offset-2 vc_col-lg-8 vc_col-md-offset-1 vc_col-md-10&#8243; css=\u00bb.vc_custom_1574423065398{padding-bottom: 35px !important;}\u00bb]<div id=\"ultimate-heading-824469f2b9fa8277a\" class=\"uvc-heading ult-adjust-bottom-margin ultimate-heading-824469f2b9fa8277a uvc-7311 accent-border-color accent-subtitle-color\" data-hspacer=\"no_spacer\"  data-halign=\"center\" style=\"text-align:center\"><div class=\"uvc-heading-spacer no_spacer\" style=\"top\"><\/div><div class=\"uvc-main-heading ult-responsive\"  data-ultimate-target='.uvc-heading.ultimate-heading-824469f2b9fa8277a h2'  data-responsive-json-new='{\"font-size\":\"desktop:50px;tablet_portrait:40px;\",\"line-height\":\"desktop:60px;tablet_portrait:50px;\"}' ><h2 style=\"font-family:&#039;Ubuntu&#039;;font-weight:300;color:#ffffff;margin-bottom:30px;\">News<\/h2><\/div><\/div>[\/vc_column][vc_column offset=\u00bbvc_col-lg-offset-2 vc_col-lg-8 vc_col-md-offset-1 vc_col-md-10&#8243;][vc_raw_html]JTNDYSUyMGNsYXNzJTNEJTIydHdpdHRlci10aW1lbGluZSUyMiUyMGRhdGEtaGVpZ2h0JTNEJTIyMjc3JTIyJTIwaHJlZiUzRCUyMmh0dHBzJTNBJTJGJTJGdHdpdHRlci5jb20lMkZlc2N1ZG93ZWIlM0ZyZWZfc3JjJTNEdHdzcmMlMjU1RXRmdyUyMiUzRVR3ZWV0cyUyMGJ5JTIwZXNjdWRvd2ViJTNDJTJGYSUzRSUyMCUzQ3NjcmlwdCUyMGFzeW5jJTIwc3JjJTNEJTIyaHR0cHMlM0ElMkYlMkZwbGF0Zm9ybS50d2l0dGVyLmNvbSUyRndpZGdldHMuanMlMjIlMjBjaGFyc2V0JTNEJTIydXRmLTglMjIlM0UlM0MlMkZzY3JpcHQlM0U=[\/vc_raw_html][\/vc_column][\/vc_row][vc_row gap=\u00bb15&#8243; equal_height=\u00bbyes\u00bb disable_element=\u00bbyes\u00bb bg_type=\u00bbimage\u00bb parallax_style=\u00bbvcpb-default\u00bb bg_image_new=\u00bbid^1791|url^https:\/\/web.escudoweb.com\/wp-content\/uploads\/2020\/02\/19366-1-scaled.jpg|caption^Escudo Web Background|alt^Escudo Web Background|title^Escudo Web Background|description^null\u00bb bg_image_repeat=\u00bbno-repeat\u00bb bg_img_attach=\u00bbfixed\u00bb bg_override=\u00bbex-full\u00bb enable_overlay=\u00bbenable_overlay_value\u00bb overlay_color=\u00bbrgba(0,0,0,0.6)\u00bb css=\u00bb.vc_custom_1667471453787{padding-top: 90px !important;padding-bottom: 100px !important;}\u00bb el_id=\u00bbnews\u00bb][vc_column offset=\u00bbvc_col-lg-offset-2 vc_col-lg-8 vc_col-md-offset-1 vc_col-md-10&#8243; css=\u00bb.vc_custom_1574423065398{padding-bottom: 35px !important;}\u00bb]<div id=\"ultimate-heading-747669f2b9fa82820\" class=\"uvc-heading ult-adjust-bottom-margin ultimate-heading-747669f2b9fa82820 uvc-1468 accent-border-color accent-subtitle-color\" data-hspacer=\"no_spacer\"  data-halign=\"center\" style=\"text-align:center\"><div class=\"uvc-heading-spacer no_spacer\" style=\"top\"><\/div><div class=\"uvc-main-heading ult-responsive\"  data-ultimate-target='.uvc-heading.ultimate-heading-747669f2b9fa82820 h2'  data-responsive-json-new='{\"font-size\":\"desktop:50px;tablet_portrait:40px;\",\"line-height\":\"desktop:60px;tablet_portrait:50px;\"}' ><h2 style=\"font-family:&#039;Ubuntu&#039;;font-weight:300;color:#ffffff;margin-bottom:30px;\">News<\/h2><\/div><\/div>[\/vc_column][vc_column width=\u00bb2\/3&#8243;]<style type=\"text\/css\" data-type=\"the7_shortcodes-inline-css\">.content-rollover-layout-list .post-entry-content {\n  top: 0;\n  height: 100%;\n  overflow-y: hidden;\n  display: -ms-flexbox;\n  display: -ms-flex;\n  display: flex;\n  -ms-flex-pack: flex-end;\n  -ms-justify-content: flex-end;\n  justify-content: flex-end;\n  -ms-flex-flow: column nowrap;\n  flex-flow: column nowrap;\n}\n.content-rollover-layout-list .post-entry-content:before {\n  position: absolute;\n  top: 0;\n  left: 0;\n  width: 100%;\n  height: 100%;\n  opacity: 1;\n  content: '';\n  transform: translate3d(0,35%,0);\n}\n.content-rollover-layout-list .entry-excerpt,\n.content-rollover-layout-list .post-details {\n  opacity: 0;\n  transition: opacity 0.45s;\n}\n.content-rollover-layout-list:not(.disable-layout-hover) article:hover .entry-excerpt,\n.content-rollover-layout-list:not(.disable-layout-hover) article:hover .post-details {\n  opacity: 1;\n}\n.content-rollover-layout-list .post-entry-content:before,\n.content-rollover-layout-list .post-entry-content .post-entry-wrapper {\n  transition: opacity 0.35s, bottom 0.35s, transform 0.4s;\n}\n.content-rollover-layout-list .post-entry-content .post-entry-wrapper {\n  position: absolute;\n  bottom: 0;\n  left: 0;\n  width: 100%;\n  box-sizing: border-box;\n}\n.content-rollover-layout-list:not(.disable-layout-hover) article:hover .post-entry-content:before {\n  opacity: 1;\n  transform: translate3d(0,0,0);\n}\n.mobile-false .content-rollover-layout-list:not(.disable-layout-hover) article:hover .post-entry-wrapper {\n  opacity: 1;\n  bottom: 0;\n}\n.mobile-true .content-rollover-layout-list:not(.disable-layout-hover) .post-entry-wrapper {\n  opacity: 1;\n  bottom: 0 !important;\n  transform: translateY(0) !important;\n}\n#page .blog-carousel-shortcode.blog-carousel-shortcode-id-dcb6bd6140e1e04a33513199af7df453.content-rollover-layout-list .post-entry-content {\n  background: none;\n  padding: 0;\n}\n.blog-carousel-shortcode.blog-carousel-shortcode-id-dcb6bd6140e1e04a33513199af7df453.content-rollover-layout-list .post-entry-wrapper {\n  padding: 15px 20px 20px 20px;\n}\n.blog-carousel-shortcode.blog-carousel-shortcode-id-dcb6bd6140e1e04a33513199af7df453.content-rollover-layout-list .post-entry-wrapper {\n  bottom: -15px;\n}\n.blog-carousel-shortcode.blog-carousel-shortcode-id-dcb6bd6140e1e04a33513199af7df453.content-rollover-layout-list.meta-info-off .post-entry-wrapper {\n  bottom: -5px;\n}\n.blog-carousel-shortcode.blog-carousel-shortcode-id-dcb6bd6140e1e04a33513199af7df453.content-rollover-layout-list article:not(.description-off) .post-entry-wrapper {\n  bottom: -20px;\n}\n.blog-carousel-shortcode.blog-carousel-shortcode-id-dcb6bd6140e1e04a33513199af7df453.content-rollover-layout-list:not(.disable-layout-hover) article:hover .post-entry-wrapper {\n  bottom: 0;\n}\n.blog-carousel-shortcode.blog-carousel-shortcode-id-dcb6bd6140e1e04a33513199af7df453 .filter-bg-decoration .filter-categories a.act {\n  color: #fff;\n}\n.blog-carousel-shortcode.blog-carousel-shortcode-id-dcb6bd6140e1e04a33513199af7df453:not(.mode-masonry) article:first-of-type,\n.blog-carousel-shortcode.blog-carousel-shortcode-id-dcb6bd6140e1e04a33513199af7df453:not(.mode-masonry) article.visible.first:not(.product) {\n  margin-top: 0;\n}\n.blog-carousel-shortcode.blog-carousel-shortcode-id-dcb6bd6140e1e04a33513199af7df453.dividers-on:not(.mode-masonry) article {\n  margin-top: 0;\n}\n.blog-carousel-shortcode.blog-carousel-shortcode-id-dcb6bd6140e1e04a33513199af7df453.dividers-on:not(.mode-masonry) article:first-of-type,\n.blog-carousel-shortcode.blog-carousel-shortcode-id-dcb6bd6140e1e04a33513199af7df453.dividers-on:not(.mode-masonry) article.visible.first:not(.product) {\n  margin-top: 0;\n  padding-top: 0;\n}\n.blog-carousel-shortcode.blog-carousel-shortcode-id-dcb6bd6140e1e04a33513199af7df453 .post-thumbnail-wrap {\n  padding: 0px 0px 0px 0px;\n}\n.blog-carousel-shortcode.blog-carousel-shortcode-id-dcb6bd6140e1e04a33513199af7df453.enable-bg-rollover .post-thumbnail-rollover:after {\n  background: -webkit-linear-gradient();\n  background: linear-gradient();\n}\n.blog-carousel-shortcode.blog-carousel-shortcode-id-dcb6bd6140e1e04a33513199af7df453 .gallery-zoom-ico {\n  width: 44px;\n  height: 44px;\n  line-height: 44px;\n  border-radius: 100px;\n  margin: -22px 0 0 -22px;\n  border-width: 0px;\n  color: #ffffff;\n  background: none;\n}\n.bottom-overlap-layout-list.blog-carousel-shortcode.blog-carousel-shortcode-id-dcb6bd6140e1e04a33513199af7df453 .gallery-zoom-ico {\n  margin-top: -72px;\n}\n.gradient-overlay-layout-list.blog-carousel-shortcode.blog-carousel-shortcode-id-dcb6bd6140e1e04a33513199af7df453 .gallery-zoom-ico,\n.content-rollover-layout-list.blog-carousel-shortcode.blog-carousel-shortcode-id-dcb6bd6140e1e04a33513199af7df453 .gallery-zoom-ico {\n  margin: 0 0 10px;\n}\n.content-align-center.gradient-overlay-layout-list.blog-carousel-shortcode.blog-carousel-shortcode-id-dcb6bd6140e1e04a33513199af7df453 .gallery-zoom-ico,\n.content-align-center.content-rollover-layout-list.blog-carousel-shortcode.blog-carousel-shortcode-id-dcb6bd6140e1e04a33513199af7df453 .gallery-zoom-ico {\n  margin: 0 auto 10px;\n}\n.dt-icon-bg-on.blog-carousel-shortcode.blog-carousel-shortcode-id-dcb6bd6140e1e04a33513199af7df453 .gallery-zoom-ico {\n  background: rgba(255,255,255,0.3);\n  box-shadow: none;\n}\n.blog-carousel-shortcode.blog-carousel-shortcode-id-dcb6bd6140e1e04a33513199af7df453 .gallery-zoom-ico > span,\n.blog-carousel-shortcode.blog-carousel-shortcode-id-dcb6bd6140e1e04a33513199af7df453 .gallery-zoom-ico:before {\n  font-size: 32px;\n  line-height: 44px;\n}\n.blog-carousel-shortcode.blog-carousel-shortcode-id-dcb6bd6140e1e04a33513199af7df453 .gallery-zoom-ico > span,\n.blog-carousel-shortcode.blog-carousel-shortcode-id-dcb6bd6140e1e04a33513199af7df453 .gallery-zoom-ico:before {\n  color: #ffffff;\n  background: none;\n}\n.blog-carousel-shortcode.blog-carousel-shortcode-id-dcb6bd6140e1e04a33513199af7df453 .entry-title,\n.blog-carousel-shortcode.blog-carousel-shortcode-id-dcb6bd6140e1e04a33513199af7df453.owl-carousel .entry-title {\n  margin-bottom: 5px;\n  font-weight: bold;\n}\n.blog-carousel-shortcode.blog-carousel-shortcode-id-dcb6bd6140e1e04a33513199af7df453 .entry-title a,\n.blog-carousel-shortcode.blog-carousel-shortcode-id-dcb6bd6140e1e04a33513199af7df453.owl-carousel .entry-title a {\n  color: #ffffff;\n  background: none;\n}\n.blog-carousel-shortcode.blog-carousel-shortcode-id-dcb6bd6140e1e04a33513199af7df453 .entry-meta {\n  margin-bottom: 15px;\n}\n.blog-carousel-shortcode.blog-carousel-shortcode-id-dcb6bd6140e1e04a33513199af7df453 .entry-meta * {\n  color: #333333;\n  background: none;\n  font-weight: bold;\n}\n.blog-carousel-shortcode.blog-carousel-shortcode-id-dcb6bd6140e1e04a33513199af7df453 .portfolio-categories {\n  margin-bottom: 15px;\n}\n.blog-carousel-shortcode.blog-carousel-shortcode-id-dcb6bd6140e1e04a33513199af7df453 .entry-meta > a:after,\n.blog-carousel-shortcode.blog-carousel-shortcode-id-dcb6bd6140e1e04a33513199af7df453 .entry-meta > span:after {\n  background: #333333;\n  box-shadow: none;\n}\n.blog-carousel-shortcode.blog-carousel-shortcode-id-dcb6bd6140e1e04a33513199af7df453 .entry-excerpt {\n  margin-bottom: 5px;\n}\n.blog-carousel-shortcode.blog-carousel-shortcode-id-dcb6bd6140e1e04a33513199af7df453 .entry-excerpt * {\n  color: #0c0c0c;\n  background: none;\n}\n.blog-carousel-shortcode.blog-carousel-shortcode-id-dcb6bd6140e1e04a33513199af7df453:not(.centered-layout-list) .post-entry-content {\n  padding: 15px 20px 20px 20px;\n}\n.blog-carousel-shortcode.blog-carousel-shortcode-id-dcb6bd6140e1e04a33513199af7df453:not(.centered-layout-list):not(.content-bg-on):not(.mode-list) .no-img .post-entry-content {\n  padding: 0;\n}\n.blog-carousel-shortcode.blog-carousel-shortcode-id-dcb6bd6140e1e04a33513199af7df453 .post-details.details-type-link,\n.blog-carousel-shortcode.blog-carousel-shortcode-id-dcb6bd6140e1e04a33513199af7df453 .post-details.details-type-link * {\n  color: #ffffff;\n  background: none;\n}\n@media screen and (max-width: ) {\n  .blog-carousel-shortcode.blog-carousel-shortcode-id-dcb6bd6140e1e04a33513199af7df453 article {\n    -ms-flex-flow: column nowrap;\n    flex-flow: column nowrap;\n    margin-top: 20px;\n  }\n  .blog-carousel-shortcode.blog-carousel-shortcode-id-dcb6bd6140e1e04a33513199af7df453.dividers-on article {\n    border: none;\n  }\n  .blog-carousel-shortcode.blog-carousel-shortcode-id-dcb6bd6140e1e04a33513199af7df453.content-bg-on.centered-layout-list article {\n    padding: 0;\n  }\n  .blog-carousel-shortcode.blog-carousel-shortcode-id-dcb6bd6140e1e04a33513199af7df453.blog-shortcode.dividers-on article,\n  .blog-carousel-shortcode.blog-carousel-shortcode-id-dcb6bd6140e1e04a33513199af7df453.dividers-on.classic-layout-list article {\n    margin-top: 20px;\n    padding: 0;\n  }\n  .blog-carousel-shortcode.blog-carousel-shortcode-id-dcb6bd6140e1e04a33513199af7df453.blog-shortcode.dividers-on article:first-of-type,\n  .blog-carousel-shortcode.blog-carousel-shortcode-id-dcb6bd6140e1e04a33513199af7df453.dividers-on.classic-layout-list article:first-of-type {\n    padding: 0;\n  }\n  #page .blog-carousel-shortcode.blog-carousel-shortcode-id-dcb6bd6140e1e04a33513199af7df453 .post-thumbnail-wrap,\n  #page .blog-carousel-shortcode.blog-carousel-shortcode-id-dcb6bd6140e1e04a33513199af7df453 .post-entry-content {\n    width: 100%;\n    margin: 0;\n    top: 0;\n  }\n  #page .blog-carousel-shortcode.blog-carousel-shortcode-id-dcb6bd6140e1e04a33513199af7df453 .post-thumbnail-wrap {\n    padding: 0;\n  }\n  #page .blog-carousel-shortcode.blog-carousel-shortcode-id-dcb6bd6140e1e04a33513199af7df453 .post-entry-content:after {\n    display: none;\n  }\n  #page .blog-carousel-shortcode.blog-carousel-shortcode-id-dcb6bd6140e1e04a33513199af7df453 .project-even .post-thumbnail-wrap,\n  #page .blog-carousel-shortcode.blog-carousel-shortcode-id-dcb6bd6140e1e04a33513199af7df453.centered-layout-list .post-thumbnail-wrap {\n    -ms-flex-order: 0;\n    order: 0;\n  }\n  #page .blog-carousel-shortcode.blog-carousel-shortcode-id-dcb6bd6140e1e04a33513199af7df453.centered-layout-list .post-entry-title-content {\n    -ms-flex-order: 1;\n    order: 1;\n    width: 100%;\n    padding: 20px 20px 0;\n  }\n  #page .blog-carousel-shortcode.blog-carousel-shortcode-id-dcb6bd6140e1e04a33513199af7df453.centered-layout-list .post-entry-content {\n    -ms-flex-order: 2;\n    order: 2;\n    padding-top: 0;\n  }\n  #page .blog-carousel-shortcode.blog-carousel-shortcode-id-dcb6bd6140e1e04a33513199af7df453 .fancy-categories {\n    top: 10px;\n    left: 10px;\n    bottom: auto;\n    right: auto;\n  }\n  #page .blog-carousel-shortcode.blog-carousel-shortcode-id-dcb6bd6140e1e04a33513199af7df453 .fancy-date a {\n    top: 10px;\n    right: 10px;\n    left: auto;\n    bottom: auto;\n  }\n  #page .blog-carousel-shortcode.blog-carousel-shortcode-id-dcb6bd6140e1e04a33513199af7df453 .post-entry-content {\n    padding: 20px;\n  }\n  #page .blog-carousel-shortcode.blog-carousel-shortcode-id-dcb6bd6140e1e04a33513199af7df453 .entry-title {\n    margin: 3px 0 5px;\n    font-size: 20px;\n    line-height: 26px;\n  }\n  #page .blog-carousel-shortcode.blog-carousel-shortcode-id-dcb6bd6140e1e04a33513199af7df453 .entry-meta {\n    margin: 5px 0 5px;\n  }\n  #page .blog-carousel-shortcode.blog-carousel-shortcode-id-dcb6bd6140e1e04a33513199af7df453 .entry-excerpt {\n    margin: 15px 0 0;\n  }\n  #page .blog-carousel-shortcode.blog-carousel-shortcode-id-dcb6bd6140e1e04a33513199af7df453 .post-details {\n    margin: 5px 0 10px;\n  }\n  #page .blog-carousel-shortcode.blog-carousel-shortcode-id-dcb6bd6140e1e04a33513199af7df453 .post-details.details-type-link {\n    margin-bottom: 2px;\n  }\n}\n.blog-carousel-shortcode.blog-carousel-shortcode-id-dcb6bd6140e1e04a33513199af7df453.owl-carousel .owl-nav div {\n  width: 36px;\n  height: 36px;\n  border-radius: 500px;\n}\n.dt-arrow-border-on.blog-carousel-shortcode.blog-carousel-shortcode-id-dcb6bd6140e1e04a33513199af7df453.owl-carousel .owl-nav div:not(:hover):before {\n  border-width: 0px;\n}\n.dt-arrow-hover-border-on.blog-carousel-shortcode.blog-carousel-shortcode-id-dcb6bd6140e1e04a33513199af7df453.owl-carousel .owl-nav div:hover:after {\n  border-width: 0px;\n}\n.blog-carousel-shortcode.blog-carousel-shortcode-id-dcb6bd6140e1e04a33513199af7df453.owl-carousel .owl-nav div.owl-prev {\n  top: 50%;\n  transform: translateY(calc(-50% + 0px));\n  left: -43px;\n}\n@media all and (-ms-high-contrast: none) {\n  .blog-carousel-shortcode.blog-carousel-shortcode-id-dcb6bd6140e1e04a33513199af7df453.owl-carousel .owl-nav div.owl-prev {\n    transform: translateY(-50%);\n    margin-top: 0px;\n  }\n}\n.blog-carousel-shortcode.blog-carousel-shortcode-id-dcb6bd6140e1e04a33513199af7df453.owl-carousel .owl-nav div.owl-prev i {\n  padding: 0px 0px 0px 0px;\n}\n.blog-carousel-shortcode.blog-carousel-shortcode-id-dcb6bd6140e1e04a33513199af7df453.owl-carousel .owl-nav div.owl-next {\n  top: 50%;\n  transform: translateY(calc(-50% + 0px));\n  right: -43px;\n}\n@media all and (-ms-high-contrast: none) {\n  .blog-carousel-shortcode.blog-carousel-shortcode-id-dcb6bd6140e1e04a33513199af7df453.owl-carousel .owl-nav div.owl-next {\n    transform: translateY(-50%);\n    margin-top: 0px;\n  }\n}\n.blog-carousel-shortcode.blog-carousel-shortcode-id-dcb6bd6140e1e04a33513199af7df453.owl-carousel .owl-nav div.owl-next i {\n  padding: 0px 0px 0px 0px;\n}\n.blog-carousel-shortcode.blog-carousel-shortcode-id-dcb6bd6140e1e04a33513199af7df453.owl-carousel .owl-nav i {\n  font-size: 44px;\n}\n.blog-carousel-shortcode.blog-carousel-shortcode-id-dcb6bd6140e1e04a33513199af7df453.owl-carousel .owl-nav div:hover i,\n.blog-carousel-shortcode.blog-carousel-shortcode-id-dcb6bd6140e1e04a33513199af7df453.owl-carousel .owl-nav div:hover i:before {\n  color: #bcce10;\n  background: none;\n}\n.blog-carousel-shortcode.blog-carousel-shortcode-id-dcb6bd6140e1e04a33513199af7df453 .owl-dots {\n  top: calc(100% + 20px);\n  left: 50%;\n  transform: translateX(calc(-50% + 0px));\n}\n@media all and (-ms-high-contrast: none) {\n  .blog-carousel-shortcode.blog-carousel-shortcode-id-dcb6bd6140e1e04a33513199af7df453 .owl-dots {\n    transform: translateX(-50%);\n    margin-left: 0px;\n  }\n}\n.blog-carousel-shortcode.blog-carousel-shortcode-id-dcb6bd6140e1e04a33513199af7df453 .owl-dot {\n  width: 10px;\n  height: 10px;\n  margin: 0 8px;\n}\n@media screen and (max-width: 778px) {\n  .blog-carousel-shortcode.blog-carousel-shortcode-id-dcb6bd6140e1e04a33513199af7df453.hide-arrows .owl-nav a {\n    display: none;\n  }\n}\n@media screen and (max-width: 778px) {\n  .blog-carousel-shortcode.blog-carousel-shortcode-id-dcb6bd6140e1e04a33513199af7df453.reposition-arrows .owl-nav .owl-prev {\n    top: 50%;\n    transform: translateY(calc(-50% + 0px));\n    left: 10px;\n  }\n  .blog-carousel-shortcode.blog-carousel-shortcode-id-dcb6bd6140e1e04a33513199af7df453.reposition-arrows .owl-nav .owl-next {\n    top: 50%;\n    transform: translateY(calc(-50% + 0px));\n    right: 10px;\n  }\n}\n@media screen and (max-width: 778px) and all and (-ms-high-contrast: none) {\n  .blog-carousel-shortcode.blog-carousel-shortcode-id-dcb6bd6140e1e04a33513199af7df453.reposition-arrows .owl-nav .owl-prev {\n    transform: translateY(-50%);\n    margin-top: 0px;\n  }\n}\n@media screen and (max-width: 778px) and all and (-ms-high-contrast: none) {\n  .blog-carousel-shortcode.blog-carousel-shortcode-id-dcb6bd6140e1e04a33513199af7df453.reposition-arrows .owl-nav .owl-next {\n    transform: translateY(-50%);\n    margin-top: 0px;\n  }\n}<\/style><div class=\"owl-carousel blog-carousel-shortcode dt-owl-carousel-call blog-carousel-shortcode-id-dcb6bd6140e1e04a33513199af7df453 content-align-center content-rollover-layout-list content-bg-on scale-img dt-icon-bg-off dt-arrow-border-on bullets-small-dot-stroke reposition-arrows arrows-bg-off disable-arrows-hover-bg arrows-hover-bg-off  \" data-scroll-mode=\"1\" data-col-num=\"2\" data-wide-col-num=\"2\" data-laptop-col=\"2\" data-h-tablet-columns-num=\"2\" data-v-tablet-columns-num=\"2\" data-phone-columns-num=\"1\" data-auto-height=\"true\" data-col-gap=\"30\" data-stage-padding=\"0\" data-speed=\"600\" data-autoplay=\"true\" data-autoplay_speed=\"6000\" data-arrows=\"true\" data-bullet=\"false\" data-next-icon=\"icon-ar-023-r\" data-prev-icon=\"icon-ar-023-l\"><article class=\"post post-3318 type-post status-publish format-standard has-post-thumbnail hentry category-news category-21\" data-name=\"Transformaci\u00f3n digital de la educaci\u00f3n en Am\u00e9rica Latina\" data-date=\"2022-10-20T08:54:25+02:00\">\n\n<div class=\"post-thumbnail-wrap\">\n\t<div class=\"post-thumbnail\">\n\t\t\n\t\t\n\t\t<a href=\"https:\/\/web.escudoweb.com\/index.php\/transformacion-digital-de-la-educacion-en-america-latina\/\" class=\"post-thumbnail-rollover layzr-bg\" ><img decoding=\"async\" class=\"preload-me owl-lazy-load aspect\" src=\"data:image\/svg+xml,%3Csvg%20xmlns%3D&#39;http%3A%2F%2Fwww.w3.org%2F2000%2Fsvg&#39;%20viewBox%3D&#39;0%200%20615%20410&#39;%2F%3E\" data-src=\"https:\/\/web.escudoweb.com\/wp-content\/uploads\/2022\/10\/hispasat-615x410.png\" data-srcset=\"https:\/\/web.escudoweb.com\/wp-content\/uploads\/2022\/10\/hispasat-615x410.png 615w\" loading=\"eager\" style=\"--ratio: 615 \/ 410\" sizes=\"(max-width: 615px) 100vw, 615px\" alt=\"\" title=\"hispasat\" width=\"615\" height=\"410\"  \/><\/a>\t<\/div>\n<\/div>\n\n\n<div class=\"post-entry-content\">\n\t<div class=\"post-entry-wrapper\">\n\t\t\t\t<h3 class=\"entry-title\">\n\t\t\t<a href=\"https:\/\/web.escudoweb.com\/index.php\/transformacion-digital-de-la-educacion-en-america-latina\/\" title=\"Transformaci\u00f3n digital de la educaci\u00f3n en Am\u00e9rica Latina\" rel=\"bookmark\">Transformaci\u00f3n digital de la educaci\u00f3n en Am\u00e9rica Latina<\/a>\n\t\t<\/h3>\n\n\t\t<div class=\"entry-meta\"><a href=\"https:\/\/web.escudoweb.com\/index.php\/2022\/10\/20\/\" title=\"08:54\" class=\"data-link\" rel=\"bookmark\"><time class=\"entry-date updated\" datetime=\"2022-10-20T08:54:25+02:00\">20 octubre 2022<\/time><\/a><\/div>\n\t\t<div class=\"entry-excerpt\"><p>[vc_row][vc_column][vc_column_text]Esta tarde nuestro CEO, Carlos Rueda, participar\u00e1 como invitado en el \u00abSatellite Innovation Days\u00bb, organizado por Hispasat, que se celebrar\u00e1&hellip;<\/p>\n<\/div>\n\t\t\n<a href=\"https:\/\/web.escudoweb.com\/index.php\/transformacion-digital-de-la-educacion-en-america-latina\/\" class=\"dt-btn-s dt-btn post-details details-type-btn\" aria-label=\"Read more about Transformaci\u00f3n digital de la educaci\u00f3n en Am\u00e9rica Latina\">Read more<i class=\"dt-icon-the7-arrow-03\" aria-hidden=\"true\"><\/i><\/a>\n\n\t<\/div>\n<\/div><\/article><article class=\"post post-3313 type-post status-publish format-standard has-post-thumbnail hentry category-news category-21\" data-name=\"Los adolescentes de entre 11 y 15 a\u00f1os son los m\u00e1s vulnerables a los efectos perjudiciales de las redes sociales\" data-date=\"2022-06-29T15:02:45+02:00\">\n\n<div class=\"post-thumbnail-wrap\">\n\t<div class=\"post-thumbnail\">\n\t\t\n\t\t\n\t\t<a href=\"https:\/\/web.escudoweb.com\/index.php\/los-adolescentes-de-entre-11-y-15-anos-son-los-mas-vulnerables-a-los-efectos-perjudiciales-de-las-redes-sociales\/\" class=\"post-thumbnail-rollover layzr-bg\" ><img decoding=\"async\" class=\"preload-me owl-lazy-load aspect\" src=\"data:image\/svg+xml,%3Csvg%20xmlns%3D&#39;http%3A%2F%2Fwww.w3.org%2F2000%2Fsvg&#39;%20viewBox%3D&#39;0%200%20768%20512&#39;%2F%3E\" data-src=\"https:\/\/web.escudoweb.com\/wp-content\/uploads\/2022\/06\/sdasdasdso-768x512.jpg\" data-srcset=\"https:\/\/web.escudoweb.com\/wp-content\/uploads\/2022\/06\/sdasdasdso-768x512.jpg 768w, https:\/\/web.escudoweb.com\/wp-content\/uploads\/2022\/06\/sdasdasdso.jpg 799w\" loading=\"eager\" style=\"--ratio: 768 \/ 512\" sizes=\"(max-width: 768px) 100vw, 768px\" alt=\"\" title=\"sdasdasdso\" width=\"768\" height=\"512\"  \/><\/a>\t<\/div>\n<\/div>\n\n\n<div class=\"post-entry-content\">\n\t<div class=\"post-entry-wrapper\">\n\t\t\t\t<h3 class=\"entry-title\">\n\t\t\t<a href=\"https:\/\/web.escudoweb.com\/index.php\/los-adolescentes-de-entre-11-y-15-anos-son-los-mas-vulnerables-a-los-efectos-perjudiciales-de-las-redes-sociales\/\" title=\"Los adolescentes de entre 11 y 15 a\u00f1os son los m\u00e1s vulnerables a los efectos perjudiciales de las redes sociales\" rel=\"bookmark\">Los adolescentes de entre 11 y 15 a\u00f1os son los m\u00e1s vulnerables a los efectos perjudiciales de las redes sociales<\/a>\n\t\t<\/h3>\n\n\t\t<div class=\"entry-meta\"><a href=\"https:\/\/web.escudoweb.com\/index.php\/2022\/06\/29\/\" title=\"15:02\" class=\"data-link\" rel=\"bookmark\"><time class=\"entry-date updated\" datetime=\"2022-06-29T15:02:45+02:00\">29 junio 2022<\/time><\/a><\/div>\n\t\t<div class=\"entry-excerpt\"><p>[vc_row][vc_column][vc_column_text]De nuevo se habla de los efectos negativos del Social Media. En este art\u00edculo del peri\u00f3dico El Mundo se comenta&hellip;<\/p>\n<\/div>\n\t\t\n<a href=\"https:\/\/web.escudoweb.com\/index.php\/los-adolescentes-de-entre-11-y-15-anos-son-los-mas-vulnerables-a-los-efectos-perjudiciales-de-las-redes-sociales\/\" class=\"dt-btn-s dt-btn post-details details-type-btn\" aria-label=\"Read more about Los adolescentes de entre 11 y 15 a\u00f1os son los m\u00e1s vulnerables a los efectos perjudiciales de las redes sociales\">Read more<i class=\"dt-icon-the7-arrow-03\" aria-hidden=\"true\"><\/i><\/a>\n\n\t<\/div>\n<\/div><\/article><article class=\"post post-3310 type-post status-publish format-standard has-post-thumbnail hentry category-news category-21\" data-name=\"Covid: Young child development worrying, says Ofsted boss\" data-date=\"2022-06-27T09:58:06+02:00\">\n\n<div class=\"post-thumbnail-wrap\">\n\t<div class=\"post-thumbnail\">\n\t\t\n\t\t\n\t\t<a href=\"https:\/\/web.escudoweb.com\/index.php\/covid-young-child-development-worrying-says-ofsted-boss\/\" class=\"post-thumbnail-rollover layzr-bg\" ><img decoding=\"async\" class=\"preload-me owl-lazy-load aspect\" src=\"data:image\/svg+xml,%3Csvg%20xmlns%3D&#39;http%3A%2F%2Fwww.w3.org%2F2000%2Fsvg&#39;%20viewBox%3D&#39;0%200%20768%20512&#39;%2F%3E\" data-src=\"https:\/\/web.escudoweb.com\/wp-content\/uploads\/2022\/06\/113802764_nurserygirlgetty-768x512.jpg\" data-srcset=\"https:\/\/web.escudoweb.com\/wp-content\/uploads\/2022\/06\/113802764_nurserygirlgetty-768x512.jpg 768w, https:\/\/web.escudoweb.com\/wp-content\/uploads\/2022\/06\/113802764_nurserygirlgetty-823x549.jpg 823w\" loading=\"eager\" style=\"--ratio: 768 \/ 512\" sizes=\"(max-width: 768px) 100vw, 768px\" alt=\"\" title=\"_113802764_nurserygirlgetty\" width=\"768\" height=\"512\"  \/><\/a>\t<\/div>\n<\/div>\n\n\n<div class=\"post-entry-content\">\n\t<div class=\"post-entry-wrapper\">\n\t\t\t\t<h3 class=\"entry-title\">\n\t\t\t<a href=\"https:\/\/web.escudoweb.com\/index.php\/covid-young-child-development-worrying-says-ofsted-boss\/\" title=\"Covid: Young child development worrying, says Ofsted boss\" rel=\"bookmark\">Covid: Young child development worrying, says Ofsted boss<\/a>\n\t\t<\/h3>\n\n\t\t<div class=\"entry-meta\"><a href=\"https:\/\/web.escudoweb.com\/index.php\/2022\/06\/27\/\" title=\"09:58\" class=\"data-link\" rel=\"bookmark\"><time class=\"entry-date updated\" datetime=\"2022-06-27T09:58:06+02:00\">27 junio 2022<\/time><\/a><\/div>\n\t\t<div class=\"entry-excerpt\"><p>[vc_row][vc_column][vc_column_text]While the evidence for the effects of the pandemic on education have been identified, and a lot of research undertaken&hellip;<\/p>\n<\/div>\n\t\t\n<a href=\"https:\/\/web.escudoweb.com\/index.php\/covid-young-child-development-worrying-says-ofsted-boss\/\" class=\"dt-btn-s dt-btn post-details details-type-btn\" aria-label=\"Read more about Covid: Young child development worrying, says Ofsted boss\">Read more<i class=\"dt-icon-the7-arrow-03\" aria-hidden=\"true\"><\/i><\/a>\n\n\t<\/div>\n<\/div><\/article><article class=\"post post-3307 type-post status-publish format-standard has-post-thumbnail hentry category-news category-21\" data-name=\"Many Teens Report Emotional and Physical Abuse by Parents During Lockdown\" data-date=\"2022-06-24T07:45:12+02:00\">\n\n<div class=\"post-thumbnail-wrap\">\n\t<div class=\"post-thumbnail\">\n\t\t\n\t\t\n\t\t<a href=\"https:\/\/web.escudoweb.com\/index.php\/many-teens-report-emotional-and-physical-abuse-by-parents-during-lockdown\/\" class=\"post-thumbnail-rollover layzr-bg\" ><img decoding=\"async\" class=\"preload-me owl-lazy-load aspect\" src=\"data:image\/svg+xml,%3Csvg%20xmlns%3D&#39;http%3A%2F%2Fwww.w3.org%2F2000%2Fsvg&#39;%20viewBox%3D&#39;0%200%20768%20512&#39;%2F%3E\" data-src=\"https:\/\/web.escudoweb.com\/wp-content\/uploads\/2022\/06\/sadasd-768x512.png\" data-srcset=\"https:\/\/web.escudoweb.com\/wp-content\/uploads\/2022\/06\/sadasd-768x512.png 768w, https:\/\/web.escudoweb.com\/wp-content\/uploads\/2022\/06\/sadasd-1152x768.png 1152w\" loading=\"eager\" style=\"--ratio: 768 \/ 512\" sizes=\"(max-width: 768px) 100vw, 768px\" alt=\"\" title=\"sadasd\" width=\"768\" height=\"512\"  \/><\/a>\t<\/div>\n<\/div>\n\n\n<div class=\"post-entry-content\">\n\t<div class=\"post-entry-wrapper\">\n\t\t\t\t<h3 class=\"entry-title\">\n\t\t\t<a href=\"https:\/\/web.escudoweb.com\/index.php\/many-teens-report-emotional-and-physical-abuse-by-parents-during-lockdown\/\" title=\"Many Teens Report Emotional and Physical Abuse by Parents During Lockdown\" rel=\"bookmark\">Many Teens Report Emotional and Physical Abuse by Parents During Lockdown<\/a>\n\t\t<\/h3>\n\n\t\t<div class=\"entry-meta\"><a href=\"https:\/\/web.escudoweb.com\/index.php\/2022\/06\/24\/\" title=\"07:45\" class=\"data-link\" rel=\"bookmark\"><time class=\"entry-date updated\" datetime=\"2022-06-24T07:45:12+02:00\">24 junio 2022<\/time><\/a><\/div>\n\t\t<div class=\"entry-excerpt\"><p>[vc_row][vc_column][vc_column_text]Lockdown during the pandemic was a very difficult time for most people, but none more so than children. For many&hellip;<\/p>\n<\/div>\n\t\t\n<a href=\"https:\/\/web.escudoweb.com\/index.php\/many-teens-report-emotional-and-physical-abuse-by-parents-during-lockdown\/\" class=\"dt-btn-s dt-btn post-details details-type-btn\" aria-label=\"Read more about Many Teens Report Emotional and Physical Abuse by Parents During Lockdown\">Read more<i class=\"dt-icon-the7-arrow-03\" aria-hidden=\"true\"><\/i><\/a>\n\n\t<\/div>\n<\/div><\/article><article class=\"post post-3304 type-post status-publish format-standard has-post-thumbnail hentry category-news category-21\" data-name=\"Ni\u00f1os, Administraciones y redes sociales: prohibir su uso con una mano y ense\u00f1ar a crear contenidos con la otra\" data-date=\"2022-06-23T08:06:44+02:00\">\n\n<div class=\"post-thumbnail-wrap\">\n\t<div class=\"post-thumbnail\">\n\t\t\n\t\t\n\t\t<a href=\"https:\/\/web.escudoweb.com\/index.php\/ninos-administraciones-y-redes-sociales-prohibir-su-uso-con-una-mano-y-ensenar-a-crear-contenidos-con-la-otra\/\" class=\"post-thumbnail-rollover layzr-bg\" ><img decoding=\"async\" class=\"preload-me owl-lazy-load aspect\" src=\"data:image\/svg+xml,%3Csvg%20xmlns%3D&#39;http%3A%2F%2Fwww.w3.org%2F2000%2Fsvg&#39;%20viewBox%3D&#39;0%200%20768%20512&#39;%2F%3E\" data-src=\"https:\/\/web.escudoweb.com\/wp-content\/uploads\/2022\/06\/asfsafdf-768x512.png\" data-srcset=\"https:\/\/web.escudoweb.com\/wp-content\/uploads\/2022\/06\/asfsafdf-768x512.png 768w, https:\/\/web.escudoweb.com\/wp-content\/uploads\/2022\/06\/asfsafdf-1152x768.png 1152w\" loading=\"eager\" style=\"--ratio: 768 \/ 512\" sizes=\"(max-width: 768px) 100vw, 768px\" alt=\"\" title=\"asfsafdf\" width=\"768\" height=\"512\"  \/><\/a>\t<\/div>\n<\/div>\n\n\n<div class=\"post-entry-content\">\n\t<div class=\"post-entry-wrapper\">\n\t\t\t\t<h3 class=\"entry-title\">\n\t\t\t<a href=\"https:\/\/web.escudoweb.com\/index.php\/ninos-administraciones-y-redes-sociales-prohibir-su-uso-con-una-mano-y-ensenar-a-crear-contenidos-con-la-otra\/\" title=\"Ni\u00f1os, Administraciones y redes sociales: prohibir su uso con una mano y ense\u00f1ar a crear contenidos con la otra\" rel=\"bookmark\">Ni\u00f1os, Administraciones y redes sociales: prohibir su uso con una mano y ense\u00f1ar a crear contenidos con la otra<\/a>\n\t\t<\/h3>\n\n\t\t<div class=\"entry-meta\"><a href=\"https:\/\/web.escudoweb.com\/index.php\/2022\/06\/23\/\" title=\"08:06\" class=\"data-link\" rel=\"bookmark\"><time class=\"entry-date updated\" datetime=\"2022-06-23T08:06:44+02:00\">23 junio 2022<\/time><\/a><\/div>\n\t\t<div class=\"entry-excerpt\"><p>[vc_row][vc_column][vc_column_text]Es curioso que en un municipio de Espa\u00f1a (Alboraya en Valencia) se celebre un taller sobre el uso de redes&hellip;<\/p>\n<\/div>\n\t\t\n<a href=\"https:\/\/web.escudoweb.com\/index.php\/ninos-administraciones-y-redes-sociales-prohibir-su-uso-con-una-mano-y-ensenar-a-crear-contenidos-con-la-otra\/\" class=\"dt-btn-s dt-btn post-details details-type-btn\" aria-label=\"Read more about Ni\u00f1os, Administraciones y redes sociales: prohibir su uso con una mano y ense\u00f1ar a crear contenidos con la otra\">Read more<i class=\"dt-icon-the7-arrow-03\" aria-hidden=\"true\"><\/i><\/a>\n\n\t<\/div>\n<\/div><\/article><article class=\"post post-3299 type-post status-publish format-standard has-post-thumbnail hentry category-news category-21\" data-name=\"School Covid catch-up funding so bureaucratic &#8211; Luton trust\" data-date=\"2022-06-14T08:41:36+02:00\">\n\n<div class=\"post-thumbnail-wrap\">\n\t<div class=\"post-thumbnail\">\n\t\t\n\t\t\n\t\t<a href=\"https:\/\/web.escudoweb.com\/index.php\/school-covid-catch-up-funding-so-bureaucratic-luton-trust\/\" class=\"post-thumbnail-rollover layzr-bg\" ><img decoding=\"async\" class=\"preload-me owl-lazy-load aspect\" src=\"data:image\/svg+xml,%3Csvg%20xmlns%3D&#39;http%3A%2F%2Fwww.w3.org%2F2000%2Fsvg&#39;%20viewBox%3D&#39;0%200%20768%20512&#39;%2F%3E\" data-src=\"https:\/\/web.escudoweb.com\/wp-content\/uploads\/2022\/06\/123817684_microsoftteams-image-26-768x512.jpg\" data-srcset=\"https:\/\/web.escudoweb.com\/wp-content\/uploads\/2022\/06\/123817684_microsoftteams-image-26-768x512.jpg 768w, https:\/\/web.escudoweb.com\/wp-content\/uploads\/2022\/06\/123817684_microsoftteams-image-26-823x549.jpg 823w\" loading=\"eager\" style=\"--ratio: 768 \/ 512\" sizes=\"(max-width: 768px) 100vw, 768px\" alt=\"\" title=\"_123817684_microsoftteams-image-26\" width=\"768\" height=\"512\"  \/><\/a>\t<\/div>\n<\/div>\n\n\n<div class=\"post-entry-content\">\n\t<div class=\"post-entry-wrapper\">\n\t\t\t\t<h3 class=\"entry-title\">\n\t\t\t<a href=\"https:\/\/web.escudoweb.com\/index.php\/school-covid-catch-up-funding-so-bureaucratic-luton-trust\/\" title=\"School Covid catch-up funding so bureaucratic &#8211; Luton trust\" rel=\"bookmark\">School Covid catch-up funding so bureaucratic &#8211; Luton trust<\/a>\n\t\t<\/h3>\n\n\t\t<div class=\"entry-meta\"><a href=\"https:\/\/web.escudoweb.com\/index.php\/2022\/06\/14\/\" title=\"08:41\" class=\"data-link\" rel=\"bookmark\"><time class=\"entry-date updated\" datetime=\"2022-06-14T08:41:36+02:00\">14 junio 2022<\/time><\/a><\/div>\n\t\t<div class=\"entry-excerpt\"><p>[vc_row][vc_column][vc_column_text]As we seem to have easily forgotten the pandemic it is worth reflecting on the aftermath in the education sector.&hellip;<\/p>\n<\/div>\n\t\t\n<a href=\"https:\/\/web.escudoweb.com\/index.php\/school-covid-catch-up-funding-so-bureaucratic-luton-trust\/\" class=\"dt-btn-s dt-btn post-details details-type-btn\" aria-label=\"Read more about School Covid catch-up funding so bureaucratic &#8211; Luton trust\">Read more<i class=\"dt-icon-the7-arrow-03\" aria-hidden=\"true\"><\/i><\/a>\n\n\t<\/div>\n<\/div><\/article><article class=\"post post-3296 type-post status-publish format-standard has-post-thumbnail hentry category-news category-21\" data-name=\"\u00bfQu\u00e9 es el \u2018sexting\u2019 o el \u2018online grooming\u2019? Consulta aqu\u00ed cinco tipos de violencia en la red\" data-date=\"2022-06-08T11:59:49+02:00\">\n\n<div class=\"post-thumbnail-wrap\">\n\t<div class=\"post-thumbnail\">\n\t\t\n\t\t\n\t\t<a href=\"https:\/\/web.escudoweb.com\/index.php\/que-es-el-sexting-o-el-online-grooming-consulta-aqui-cinco-tipos-de-violencia-en-la-red\/\" class=\"post-thumbnail-rollover layzr-bg\" ><img decoding=\"async\" class=\"preload-me owl-lazy-load aspect\" src=\"data:image\/svg+xml,%3Csvg%20xmlns%3D&#39;http%3A%2F%2Fwww.w3.org%2F2000%2Fsvg&#39;%20viewBox%3D&#39;0%200%20697%20465&#39;%2F%3E\" data-src=\"https:\/\/web.escudoweb.com\/wp-content\/uploads\/2022\/06\/5fa91c25b8ea3-697x465.jpeg\" data-srcset=\"https:\/\/web.escudoweb.com\/wp-content\/uploads\/2022\/06\/5fa91c25b8ea3-697x465.jpeg 697w\" loading=\"eager\" style=\"--ratio: 697 \/ 465\" sizes=\"(max-width: 697px) 100vw, 697px\" alt=\"\" title=\"5fa91c25b8ea3\" width=\"697\" height=\"465\"  \/><\/a>\t<\/div>\n<\/div>\n\n\n<div class=\"post-entry-content\">\n\t<div class=\"post-entry-wrapper\">\n\t\t\t\t<h3 class=\"entry-title\">\n\t\t\t<a href=\"https:\/\/web.escudoweb.com\/index.php\/que-es-el-sexting-o-el-online-grooming-consulta-aqui-cinco-tipos-de-violencia-en-la-red\/\" title=\"\u00bfQu\u00e9 es el \u2018sexting\u2019 o el \u2018online grooming\u2019? Consulta aqu\u00ed cinco tipos de violencia en la red\" rel=\"bookmark\">\u00bfQu\u00e9 es el \u2018sexting\u2019 o el \u2018online grooming\u2019? Consulta aqu\u00ed cinco tipos de violencia en la red<\/a>\n\t\t<\/h3>\n\n\t\t<div class=\"entry-meta\"><a href=\"https:\/\/web.escudoweb.com\/index.php\/2022\/06\/08\/\" title=\"11:59\" class=\"data-link\" rel=\"bookmark\"><time class=\"entry-date updated\" datetime=\"2022-06-08T11:59:49+02:00\">8 junio 2022<\/time><\/a><\/div>\n\t\t<div class=\"entry-excerpt\"><p>[vc_row][vc_column][vc_column_text]La tecnolog\u00eda aporta muchos beneficios a la educaci\u00f3n, permitiendo que los ni\u00f1os puedan seguir aprendiendo desde casa. Sin embargo, como&hellip;<\/p>\n<\/div>\n\t\t\n<a href=\"https:\/\/web.escudoweb.com\/index.php\/que-es-el-sexting-o-el-online-grooming-consulta-aqui-cinco-tipos-de-violencia-en-la-red\/\" class=\"dt-btn-s dt-btn post-details details-type-btn\" aria-label=\"Read more about \u00bfQu\u00e9 es el \u2018sexting\u2019 o el \u2018online grooming\u2019? Consulta aqu\u00ed cinco tipos de violencia en la red\">Read more<i class=\"dt-icon-the7-arrow-03\" aria-hidden=\"true\"><\/i><\/a>\n\n\t<\/div>\n<\/div><\/article><article class=\"post post-3293 type-post status-publish format-standard has-post-thumbnail hentry category-news category-21\" data-name=\"Does Social Media Make Teens Unhappy? It May Depend on Their Age\" data-date=\"2022-06-06T07:15:39+02:00\">\n\n<div class=\"post-thumbnail-wrap\">\n\t<div class=\"post-thumbnail\">\n\t\t\n\t\t\n\t\t<a href=\"https:\/\/web.escudoweb.com\/index.php\/does-social-media-make-teens-unhappy-it-may-depend-on-their-age\/\" class=\"post-thumbnail-rollover layzr-bg\" ><img decoding=\"async\" class=\"preload-me owl-lazy-load aspect\" src=\"data:image\/svg+xml,%3Csvg%20xmlns%3D&#39;http%3A%2F%2Fwww.w3.org%2F2000%2Fsvg&#39;%20viewBox%3D&#39;0%200%20768%20512&#39;%2F%3E\" data-src=\"https:\/\/web.escudoweb.com\/wp-content\/uploads\/2022\/06\/28socialmedia-superJumbo-768x512.webp\" data-srcset=\"https:\/\/web.escudoweb.com\/wp-content\/uploads\/2022\/06\/28socialmedia-superJumbo-768x512.webp 768w, https:\/\/web.escudoweb.com\/wp-content\/uploads\/2022\/06\/28socialmedia-superJumbo-1152x768.webp 1152w\" loading=\"eager\" style=\"--ratio: 768 \/ 512\" sizes=\"(max-width: 768px) 100vw, 768px\" alt=\"\" title=\"28socialmedia-superJumbo\" width=\"768\" height=\"512\"  \/><\/a>\t<\/div>\n<\/div>\n\n\n<div class=\"post-entry-content\">\n\t<div class=\"post-entry-wrapper\">\n\t\t\t\t<h3 class=\"entry-title\">\n\t\t\t<a href=\"https:\/\/web.escudoweb.com\/index.php\/does-social-media-make-teens-unhappy-it-may-depend-on-their-age\/\" title=\"Does Social Media Make Teens Unhappy? It May Depend on Their Age\" rel=\"bookmark\">Does Social Media Make Teens Unhappy? It May Depend on Their Age<\/a>\n\t\t<\/h3>\n\n\t\t<div class=\"entry-meta\"><a href=\"https:\/\/web.escudoweb.com\/index.php\/2022\/06\/06\/\" title=\"07:15\" class=\"data-link\" rel=\"bookmark\"><time class=\"entry-date updated\" datetime=\"2022-06-06T07:15:39+02:00\">6 junio 2022<\/time><\/a><\/div>\n\t\t<div class=\"entry-excerpt\"><p>[vc_row][vc_column][vc_column_text]We have written many posts based on articles in the press on the effects of Social Media, and its consequences&hellip;<\/p>\n<\/div>\n\t\t\n<a href=\"https:\/\/web.escudoweb.com\/index.php\/does-social-media-make-teens-unhappy-it-may-depend-on-their-age\/\" class=\"dt-btn-s dt-btn post-details details-type-btn\" aria-label=\"Read more about Does Social Media Make Teens Unhappy? It May Depend on Their Age\">Read more<i class=\"dt-icon-the7-arrow-03\" aria-hidden=\"true\"><\/i><\/a>\n\n\t<\/div>\n<\/div><\/article><article class=\"post post-3290 type-post status-publish format-standard has-post-thumbnail hentry category-news category-21\" data-name=\"Emilio Calatayud: \u00abLos ni\u00f1os van ahora de fachas o de podemitas, ven una realidad sin moderaci\u00f3n por las redes sociales\u00bb\" data-date=\"2022-06-02T09:07:07+02:00\">\n\n<div class=\"post-thumbnail-wrap\">\n\t<div class=\"post-thumbnail\">\n\t\t\n\t\t\n\t\t<a href=\"https:\/\/web.escudoweb.com\/index.php\/emilio-calatayud-los-ninos-van-ahora-de-fachas-o-de-podemitas-ven-una-realidad-sin-moderacion-por-las-redes-sociales\/\" class=\"post-thumbnail-rollover layzr-bg\" ><img decoding=\"async\" class=\"preload-me owl-lazy-load aspect\" src=\"data:image\/svg+xml,%3Csvg%20xmlns%3D&#39;http%3A%2F%2Fwww.w3.org%2F2000%2Fsvg&#39;%20viewBox%3D&#39;0%200%20768%20512&#39;%2F%3E\" data-src=\"https:\/\/web.escudoweb.com\/wp-content\/uploads\/2022\/06\/sadsadsad-768x512.png\" data-srcset=\"https:\/\/web.escudoweb.com\/wp-content\/uploads\/2022\/06\/sadsadsad-768x512.png 768w, https:\/\/web.escudoweb.com\/wp-content\/uploads\/2022\/06\/sadsadsad.png 990w\" loading=\"eager\" style=\"--ratio: 768 \/ 512\" sizes=\"(max-width: 768px) 100vw, 768px\" alt=\"\" title=\"sadsadsad\" width=\"768\" height=\"512\"  \/><\/a>\t<\/div>\n<\/div>\n\n\n<div class=\"post-entry-content\">\n\t<div class=\"post-entry-wrapper\">\n\t\t\t\t<h3 class=\"entry-title\">\n\t\t\t<a href=\"https:\/\/web.escudoweb.com\/index.php\/emilio-calatayud-los-ninos-van-ahora-de-fachas-o-de-podemitas-ven-una-realidad-sin-moderacion-por-las-redes-sociales\/\" title=\"Emilio Calatayud: \u00abLos ni\u00f1os van ahora de fachas o de podemitas, ven una realidad sin moderaci\u00f3n por las redes sociales\u00bb\" rel=\"bookmark\">Emilio Calatayud: \u00abLos ni\u00f1os van ahora de fachas o de podemitas, ven una realidad sin moderaci\u00f3n por las redes sociales\u00bb<\/a>\n\t\t<\/h3>\n\n\t\t<div class=\"entry-meta\"><a href=\"https:\/\/web.escudoweb.com\/index.php\/2022\/06\/02\/\" title=\"09:07\" class=\"data-link\" rel=\"bookmark\"><time class=\"entry-date updated\" datetime=\"2022-06-02T09:07:07+02:00\">2 junio 2022<\/time><\/a><\/div>\n\t\t<div class=\"entry-excerpt\"><p>[vc_row][vc_column][vc_column_text]El efecto de las redes sociales se ha comentado mucho en nuestros posts. Aparte del da\u00f1o que esto puede causar&hellip;<\/p>\n<\/div>\n\t\t\n<a href=\"https:\/\/web.escudoweb.com\/index.php\/emilio-calatayud-los-ninos-van-ahora-de-fachas-o-de-podemitas-ven-una-realidad-sin-moderacion-por-las-redes-sociales\/\" class=\"dt-btn-s dt-btn post-details details-type-btn\" aria-label=\"Read more about Emilio Calatayud: \u00abLos ni\u00f1os van ahora de fachas o de podemitas, ven una realidad sin moderaci\u00f3n por las redes sociales\u00bb\">Read more<i class=\"dt-icon-the7-arrow-03\" aria-hidden=\"true\"><\/i><\/a>\n\n\t<\/div>\n<\/div><\/article><article class=\"post post-3287 type-post status-publish format-standard has-post-thumbnail hentry category-news category-21\" data-name=\"It&#8217;s shocking that a third of all children under six have a mobile phone&#8230; We parents must protect them from Big Tech\" data-date=\"2022-05-30T08:12:17+02:00\">\n\n<div class=\"post-thumbnail-wrap\">\n\t<div class=\"post-thumbnail\">\n\t\t\n\t\t\n\t\t<a href=\"https:\/\/web.escudoweb.com\/index.php\/its-shocking-that-a-third-of-all-children-under-six-have-a-mobile-phone-we-parents-must-protect-them-from-big-tech\/\" class=\"post-thumbnail-rollover layzr-bg\" ><img decoding=\"async\" class=\"preload-me owl-lazy-load aspect\" src=\"data:image\/svg+xml,%3Csvg%20xmlns%3D&#39;http%3A%2F%2Fwww.w3.org%2F2000%2Fsvg&#39;%20viewBox%3D&#39;0%200%20634%20422&#39;%2F%3E\" data-src=\"https:\/\/web.escudoweb.com\/wp-content\/uploads\/2022\/05\/asdasads-634x422.jpg\" data-srcset=\"https:\/\/web.escudoweb.com\/wp-content\/uploads\/2022\/05\/asdasads-634x422.jpg 634w\" loading=\"eager\" style=\"--ratio: 634 \/ 422\" sizes=\"(max-width: 634px) 100vw, 634px\" alt=\"\" title=\"asdasads\" width=\"634\" height=\"422\"  \/><\/a>\t<\/div>\n<\/div>\n\n\n<div class=\"post-entry-content\">\n\t<div class=\"post-entry-wrapper\">\n\t\t\t\t<h3 class=\"entry-title\">\n\t\t\t<a href=\"https:\/\/web.escudoweb.com\/index.php\/its-shocking-that-a-third-of-all-children-under-six-have-a-mobile-phone-we-parents-must-protect-them-from-big-tech\/\" title=\"It&#8217;s shocking that a third of all children under six have a mobile phone&#8230; We parents must protect them from Big Tech\" rel=\"bookmark\">It&#8217;s shocking that a third of all children under six have a mobile phone&#8230; We parents must protect them from Big Tech<\/a>\n\t\t<\/h3>\n\n\t\t<div class=\"entry-meta\"><a href=\"https:\/\/web.escudoweb.com\/index.php\/2022\/05\/30\/\" title=\"08:12\" class=\"data-link\" rel=\"bookmark\"><time class=\"entry-date updated\" datetime=\"2022-05-30T08:12:17+02:00\">30 mayo 2022<\/time><\/a><\/div>\n\t\t<div class=\"entry-excerpt\"><p>[vc_row][vc_column][vc_column_text]The pandemic proved the perfect storm for children of all ages to be given some kind of digital device. This&hellip;<\/p>\n<\/div>\n\t\t\n<a href=\"https:\/\/web.escudoweb.com\/index.php\/its-shocking-that-a-third-of-all-children-under-six-have-a-mobile-phone-we-parents-must-protect-them-from-big-tech\/\" class=\"dt-btn-s dt-btn post-details details-type-btn\" aria-label=\"Read more about It&#8217;s shocking that a third of all children under six have a mobile phone&#8230; We parents must protect them from Big Tech\">Read more<i class=\"dt-icon-the7-arrow-03\" aria-hidden=\"true\"><\/i><\/a>\n\n\t<\/div>\n<\/div><\/article><article class=\"post post-3284 type-post status-publish format-standard has-post-thumbnail hentry category-news category-21\" data-name=\"Control parental: \u00bfQu\u00e9 debo hacer para que mis hijos utilicen correctamente internet?\" data-date=\"2022-05-25T09:43:01+02:00\">\n\n<div class=\"post-thumbnail-wrap\">\n\t<div class=\"post-thumbnail\">\n\t\t\n\t\t\n\t\t<a href=\"https:\/\/web.escudoweb.com\/index.php\/control-parental-que-debo-hacer-para-que-mis-hijos-utilicen-correctamente-internet\/\" class=\"post-thumbnail-rollover layzr-bg\" ><img decoding=\"async\" class=\"preload-me owl-lazy-load aspect\" src=\"data:image\/svg+xml,%3Csvg%20xmlns%3D&#39;http%3A%2F%2Fwww.w3.org%2F2000%2Fsvg&#39;%20viewBox%3D&#39;0%200%20697%20465&#39;%2F%3E\" data-src=\"https:\/\/web.escudoweb.com\/wp-content\/uploads\/2022\/05\/62737d4d6ef72.r_d.1061-707-697x465.jpeg\" data-srcset=\"https:\/\/web.escudoweb.com\/wp-content\/uploads\/2022\/05\/62737d4d6ef72.r_d.1061-707-697x465.jpeg 697w\" loading=\"eager\" style=\"--ratio: 697 \/ 465\" sizes=\"(max-width: 697px) 100vw, 697px\" alt=\"\" title=\"62737d4d6ef72.r_d.1061-707\" width=\"697\" height=\"465\"  \/><\/a>\t<\/div>\n<\/div>\n\n\n<div class=\"post-entry-content\">\n\t<div class=\"post-entry-wrapper\">\n\t\t\t\t<h3 class=\"entry-title\">\n\t\t\t<a href=\"https:\/\/web.escudoweb.com\/index.php\/control-parental-que-debo-hacer-para-que-mis-hijos-utilicen-correctamente-internet\/\" title=\"Control parental: \u00bfQu\u00e9 debo hacer para que mis hijos utilicen correctamente internet?\" rel=\"bookmark\">Control parental: \u00bfQu\u00e9 debo hacer para que mis hijos utilicen correctamente internet?<\/a>\n\t\t<\/h3>\n\n\t\t<div class=\"entry-meta\"><a href=\"https:\/\/web.escudoweb.com\/index.php\/2022\/05\/25\/\" title=\"09:43\" class=\"data-link\" rel=\"bookmark\"><time class=\"entry-date updated\" datetime=\"2022-05-25T09:43:01+02:00\">25 mayo 2022<\/time><\/a><\/div>\n\t\t<div class=\"entry-excerpt\"><p>[vc_row][vc_column][vc_column_text]Afortunadamente, la sociedad &#8211; y sobre todo los padres &#8211; se est\u00e1n dando cuenta de la importancia (dada la explosi\u00f3n&hellip;<\/p>\n<\/div>\n\t\t\n<a href=\"https:\/\/web.escudoweb.com\/index.php\/control-parental-que-debo-hacer-para-que-mis-hijos-utilicen-correctamente-internet\/\" class=\"dt-btn-s dt-btn post-details details-type-btn\" aria-label=\"Read more about Control parental: \u00bfQu\u00e9 debo hacer para que mis hijos utilicen correctamente internet?\">Read more<i class=\"dt-icon-the7-arrow-03\" aria-hidden=\"true\"><\/i><\/a>\n\n\t<\/div>\n<\/div><\/article><article class=\"post post-3281 type-post status-publish format-standard has-post-thumbnail hentry category-news category-21\" data-name=\"Covid-19: Young people hit hardest by Covid pandemic\" data-date=\"2022-05-23T07:25:25+02:00\">\n\n<div class=\"post-thumbnail-wrap\">\n\t<div class=\"post-thumbnail\">\n\t\t\n\t\t\n\t\t<a href=\"https:\/\/web.escudoweb.com\/index.php\/covid-19-young-people-hit-hardest-by-covid-pandemic\/\" class=\"post-thumbnail-rollover layzr-bg\" ><img decoding=\"async\" class=\"preload-me owl-lazy-load aspect\" src=\"data:image\/svg+xml,%3Csvg%20xmlns%3D&#39;http%3A%2F%2Fwww.w3.org%2F2000%2Fsvg&#39;%20viewBox%3D&#39;0%200%20768%20512&#39;%2F%3E\" data-src=\"https:\/\/web.escudoweb.com\/wp-content\/uploads\/2022\/05\/123841500_gettyimages-1084922892-768x512.jpg\" data-srcset=\"https:\/\/web.escudoweb.com\/wp-content\/uploads\/2022\/05\/123841500_gettyimages-1084922892-768x512.jpg 768w, https:\/\/web.escudoweb.com\/wp-content\/uploads\/2022\/05\/123841500_gettyimages-1084922892-823x549.jpg 823w\" loading=\"eager\" style=\"--ratio: 768 \/ 512\" sizes=\"(max-width: 768px) 100vw, 768px\" alt=\"\" title=\"_123841500_gettyimages-1084922892\" width=\"768\" height=\"512\"  \/><\/a>\t<\/div>\n<\/div>\n\n\n<div class=\"post-entry-content\">\n\t<div class=\"post-entry-wrapper\">\n\t\t\t\t<h3 class=\"entry-title\">\n\t\t\t<a href=\"https:\/\/web.escudoweb.com\/index.php\/covid-19-young-people-hit-hardest-by-covid-pandemic\/\" title=\"Covid-19: Young people hit hardest by Covid pandemic\" rel=\"bookmark\">Covid-19: Young people hit hardest by Covid pandemic<\/a>\n\t\t<\/h3>\n\n\t\t<div class=\"entry-meta\"><a href=\"https:\/\/web.escudoweb.com\/index.php\/2022\/05\/23\/\" title=\"07:25\" class=\"data-link\" rel=\"bookmark\"><time class=\"entry-date updated\" datetime=\"2022-05-23T07:25:25+02:00\">23 mayo 2022<\/time><\/a><\/div>\n\t\t<div class=\"entry-excerpt\"><p>[vc_row][vc_column][vc_column_text]While the media has covered, to the point of boredom, the pandemic, there has been a focus mainly on the&hellip;<\/p>\n<\/div>\n\t\t\n<a href=\"https:\/\/web.escudoweb.com\/index.php\/covid-19-young-people-hit-hardest-by-covid-pandemic\/\" class=\"dt-btn-s dt-btn post-details details-type-btn\" aria-label=\"Read more about Covid-19: Young people hit hardest by Covid pandemic\">Read more<i class=\"dt-icon-the7-arrow-03\" aria-hidden=\"true\"><\/i><\/a>\n\n\t<\/div>\n<\/div><\/article><article class=\"post post-3278 type-post status-publish format-standard has-post-thumbnail hentry category-news category-21\" data-name=\"We\u2019re ready to make Britain the safest place for children online\" data-date=\"2022-05-20T07:35:37+02:00\">\n\n<div class=\"post-thumbnail-wrap\">\n\t<div class=\"post-thumbnail\">\n\t\t\n\t\t\n\t\t<a href=\"https:\/\/web.escudoweb.com\/index.php\/were-ready-to-make-britain-the-safest-place-for-children-online\/\" class=\"post-thumbnail-rollover layzr-bg\" ><img decoding=\"async\" class=\"preload-me owl-lazy-load aspect\" src=\"data:image\/svg+xml,%3Csvg%20xmlns%3D&#39;http%3A%2F%2Fwww.w3.org%2F2000%2Fsvg&#39;%20viewBox%3D&#39;0%200%20627%20418&#39;%2F%3E\" data-src=\"https:\/\/web.escudoweb.com\/wp-content\/uploads\/2022\/05\/1652783245688-627x418.jpg\" data-srcset=\"https:\/\/web.escudoweb.com\/wp-content\/uploads\/2022\/05\/1652783245688-627x418.jpg 627w\" loading=\"eager\" style=\"--ratio: 627 \/ 418\" sizes=\"(max-width: 627px) 100vw, 627px\" alt=\"\" title=\"1652783245688\" width=\"627\" height=\"418\"  \/><\/a>\t<\/div>\n<\/div>\n\n\n<div class=\"post-entry-content\">\n\t<div class=\"post-entry-wrapper\">\n\t\t\t\t<h3 class=\"entry-title\">\n\t\t\t<a href=\"https:\/\/web.escudoweb.com\/index.php\/were-ready-to-make-britain-the-safest-place-for-children-online\/\" title=\"We\u2019re ready to make Britain the safest place for children online\" rel=\"bookmark\">We\u2019re ready to make Britain the safest place for children online<\/a>\n\t\t<\/h3>\n\n\t\t<div class=\"entry-meta\"><a href=\"https:\/\/web.escudoweb.com\/index.php\/2022\/05\/20\/\" title=\"07:35\" class=\"data-link\" rel=\"bookmark\"><time class=\"entry-date updated\" datetime=\"2022-05-20T07:35:37+02:00\">20 mayo 2022<\/time><\/a><\/div>\n\t\t<div class=\"entry-excerpt\"><p>[vc_row][vc_column][vc_column_text]Sadly, while the Internet has brought access to information of all kinds to billions of users (currently 4.5bn according to&hellip;<\/p>\n<\/div>\n\t\t\n<a href=\"https:\/\/web.escudoweb.com\/index.php\/were-ready-to-make-britain-the-safest-place-for-children-online\/\" class=\"dt-btn-s dt-btn post-details details-type-btn\" aria-label=\"Read more about We\u2019re ready to make Britain the safest place for children online\">Read more<i class=\"dt-icon-the7-arrow-03\" aria-hidden=\"true\"><\/i><\/a>\n\n\t<\/div>\n<\/div><\/article><article class=\"post post-3275 type-post status-publish format-standard has-post-thumbnail hentry category-news category-21\" data-name=\"In European Classrooms, Questions About a War So Close to Home\" data-date=\"2022-05-13T10:29:36+02:00\">\n\n<div class=\"post-thumbnail-wrap\">\n\t<div class=\"post-thumbnail\">\n\t\t\n\t\t\n\t\t<a href=\"https:\/\/web.escudoweb.com\/index.php\/in-european-classrooms-questions-about-a-war-so-close-to-home\/\" class=\"post-thumbnail-rollover layzr-bg\" ><img decoding=\"async\" class=\"preload-me owl-lazy-load aspect\" src=\"data:image\/svg+xml,%3Csvg%20xmlns%3D&#39;http%3A%2F%2Fwww.w3.org%2F2000%2Fsvg&#39;%20viewBox%3D&#39;0%200%20768%20512&#39;%2F%3E\" data-src=\"https:\/\/web.escudoweb.com\/wp-content\/uploads\/2022\/05\/merlin_204338457_ba5e6aa3-80f9-4fe6-8260-7567813e8104-superJumbo-768x512.jpg\" data-srcset=\"https:\/\/web.escudoweb.com\/wp-content\/uploads\/2022\/05\/merlin_204338457_ba5e6aa3-80f9-4fe6-8260-7567813e8104-superJumbo-768x512.jpg 768w, https:\/\/web.escudoweb.com\/wp-content\/uploads\/2022\/05\/merlin_204338457_ba5e6aa3-80f9-4fe6-8260-7567813e8104-superJumbo-1152x768.jpg 1152w\" loading=\"eager\" style=\"--ratio: 768 \/ 512\" sizes=\"(max-width: 768px) 100vw, 768px\" alt=\"\" title=\"merlin_204338457_ba5e6aa3-80f9-4fe6-8260-7567813e8104-superJumbo\" width=\"768\" height=\"512\"  \/><\/a>\t<\/div>\n<\/div>\n\n\n<div class=\"post-entry-content\">\n\t<div class=\"post-entry-wrapper\">\n\t\t\t\t<h3 class=\"entry-title\">\n\t\t\t<a href=\"https:\/\/web.escudoweb.com\/index.php\/in-european-classrooms-questions-about-a-war-so-close-to-home\/\" title=\"In European Classrooms, Questions About a War So Close to Home\" rel=\"bookmark\">In European Classrooms, Questions About a War So Close to Home<\/a>\n\t\t<\/h3>\n\n\t\t<div class=\"entry-meta\"><a href=\"https:\/\/web.escudoweb.com\/index.php\/2022\/05\/13\/\" title=\"10:29\" class=\"data-link\" rel=\"bookmark\"><time class=\"entry-date updated\" datetime=\"2022-05-13T10:29:36+02:00\">13 mayo 2022<\/time><\/a><\/div>\n\t\t<div class=\"entry-excerpt\"><p>[vc_row][vc_column][vc_column_text]No sooner than children were beginning to return to school in many countries, and in others getting back to some&hellip;<\/p>\n<\/div>\n\t\t\n<a href=\"https:\/\/web.escudoweb.com\/index.php\/in-european-classrooms-questions-about-a-war-so-close-to-home\/\" class=\"dt-btn-s dt-btn post-details details-type-btn\" aria-label=\"Read more about In European Classrooms, Questions About a War So Close to Home\">Read more<i class=\"dt-icon-the7-arrow-03\" aria-hidden=\"true\"><\/i><\/a>\n\n\t<\/div>\n<\/div><\/article><article class=\"post post-3272 type-post status-publish format-standard has-post-thumbnail hentry category-news category-21\" data-name=\"Children&#8217;s Commissioner warns parents that letting youngsters watch online porn is as dangerous as giving them a GUN\" data-date=\"2022-05-06T07:35:16+02:00\">\n\n<div class=\"post-thumbnail-wrap\">\n\t<div class=\"post-thumbnail\">\n\t\t\n\t\t\n\t\t<a href=\"https:\/\/web.escudoweb.com\/index.php\/childrens-commissioner-warns-parents-that-letting-youngsters-watch-online-porn-is-as-dangerous-as-giving-them-a-gun\/\" class=\"post-thumbnail-rollover layzr-bg\" ><img decoding=\"async\" class=\"preload-me owl-lazy-load aspect\" src=\"data:image\/svg+xml,%3Csvg%20xmlns%3D&#39;http%3A%2F%2Fwww.w3.org%2F2000%2Fsvg&#39;%20viewBox%3D&#39;0%200%20630%20419&#39;%2F%3E\" data-src=\"https:\/\/web.escudoweb.com\/wp-content\/uploads\/2022\/05\/Dame-Rachel-de-Souza-feat-1-630x419.jpg\" data-srcset=\"https:\/\/web.escudoweb.com\/wp-content\/uploads\/2022\/05\/Dame-Rachel-de-Souza-feat-1-630x419.jpg 630w, https:\/\/web.escudoweb.com\/wp-content\/uploads\/2022\/05\/Dame-Rachel-de-Souza-feat-1-630x420.jpg 630w\" loading=\"eager\" style=\"--ratio: 630 \/ 419\" sizes=\"(max-width: 630px) 100vw, 630px\" alt=\"\" title=\"Dame-Rachel-de-Souza-feat-1\" width=\"630\" height=\"419\"  \/><\/a>\t<\/div>\n<\/div>\n\n\n<div class=\"post-entry-content\">\n\t<div class=\"post-entry-wrapper\">\n\t\t\t\t<h3 class=\"entry-title\">\n\t\t\t<a href=\"https:\/\/web.escudoweb.com\/index.php\/childrens-commissioner-warns-parents-that-letting-youngsters-watch-online-porn-is-as-dangerous-as-giving-them-a-gun\/\" title=\"Children&#8217;s Commissioner warns parents that letting youngsters watch online porn is as dangerous as giving them a GUN\" rel=\"bookmark\">Children&#8217;s Commissioner warns parents that letting youngsters watch online porn is as dangerous as giving them a GUN<\/a>\n\t\t<\/h3>\n\n\t\t<div class=\"entry-meta\"><a href=\"https:\/\/web.escudoweb.com\/index.php\/2022\/05\/06\/\" title=\"07:35\" class=\"data-link\" rel=\"bookmark\"><time class=\"entry-date updated\" datetime=\"2022-05-06T07:35:16+02:00\">6 mayo 2022<\/time><\/a><\/div>\n\t\t<div class=\"entry-excerpt\"><p>[vc_row][vc_column][vc_column_text]Pornography and access to this by children is a major problem around the world. England\u00b4s Children\u00b4s Comissioner, Dame Rachel de&hellip;<\/p>\n<\/div>\n\t\t\n<a href=\"https:\/\/web.escudoweb.com\/index.php\/childrens-commissioner-warns-parents-that-letting-youngsters-watch-online-porn-is-as-dangerous-as-giving-them-a-gun\/\" class=\"dt-btn-s dt-btn post-details details-type-btn\" aria-label=\"Read more about Children&#8217;s Commissioner warns parents that letting youngsters watch online porn is as dangerous as giving them a GUN\">Read more<i class=\"dt-icon-the7-arrow-03\" aria-hidden=\"true\"><\/i><\/a>\n\n\t<\/div>\n<\/div><\/article><article class=\"post post-3269 type-post status-publish format-standard has-post-thumbnail hentry category-news category-21\" data-name=\"C\u00f3mo conseguir que los ni\u00f1os lean frente a la tiran\u00eda de los likes y los seguidores en redes\" data-date=\"2022-05-04T15:23:04+02:00\">\n\n<div class=\"post-thumbnail-wrap\">\n\t<div class=\"post-thumbnail\">\n\t\t\n\t\t\n\t\t<a href=\"https:\/\/web.escudoweb.com\/index.php\/como-conseguir-que-los-ninos-lean-frente-a-la-tirania-de-los-likes-y-los-seguidores-en-redes\/\" class=\"post-thumbnail-rollover layzr-bg\" ><img decoding=\"async\" class=\"preload-me owl-lazy-load aspect\" src=\"data:image\/svg+xml,%3Csvg%20xmlns%3D&#39;http%3A%2F%2Fwww.w3.org%2F2000%2Fsvg&#39;%20viewBox%3D&#39;0%200%20523%20349&#39;%2F%3E\" data-src=\"https:\/\/web.escudoweb.com\/wp-content\/uploads\/2022\/05\/kumon-libro-kaw-620x349@abc-523x349.jpg\" data-srcset=\"https:\/\/web.escudoweb.com\/wp-content\/uploads\/2022\/05\/kumon-libro-kaw-620x349@abc-523x349.jpg 523w\" loading=\"eager\" style=\"--ratio: 523 \/ 349\" sizes=\"(max-width: 523px) 100vw, 523px\" alt=\"\" title=\"kumon-libro-kaw&#8211;620&#215;349@abc\" width=\"523\" height=\"349\"  \/><\/a>\t<\/div>\n<\/div>\n\n\n<div class=\"post-entry-content\">\n\t<div class=\"post-entry-wrapper\">\n\t\t\t\t<h3 class=\"entry-title\">\n\t\t\t<a href=\"https:\/\/web.escudoweb.com\/index.php\/como-conseguir-que-los-ninos-lean-frente-a-la-tirania-de-los-likes-y-los-seguidores-en-redes\/\" title=\"C\u00f3mo conseguir que los ni\u00f1os lean frente a la tiran\u00eda de los likes y los seguidores en redes\" rel=\"bookmark\">C\u00f3mo conseguir que los ni\u00f1os lean frente a la tiran\u00eda de los likes y los seguidores en redes<\/a>\n\t\t<\/h3>\n\n\t\t<div class=\"entry-meta\"><a href=\"https:\/\/web.escudoweb.com\/index.php\/2022\/05\/04\/\" title=\"15:23\" class=\"data-link\" rel=\"bookmark\"><time class=\"entry-date updated\" datetime=\"2022-05-04T15:23:04+02:00\">4 mayo 2022<\/time><\/a><\/div>\n\t\t<div class=\"entry-excerpt\"><p>[vc_row][vc_column][vc_column_text]Una cosa fundamental en todo el proceso de educaci\u00f3n es la lectura. Sin embargo, los profesores y los padres tenemos&hellip;<\/p>\n<\/div>\n\t\t\n<a href=\"https:\/\/web.escudoweb.com\/index.php\/como-conseguir-que-los-ninos-lean-frente-a-la-tirania-de-los-likes-y-los-seguidores-en-redes\/\" class=\"dt-btn-s dt-btn post-details details-type-btn\" aria-label=\"Read more about C\u00f3mo conseguir que los ni\u00f1os lean frente a la tiran\u00eda de los likes y los seguidores en redes\">Read more<i class=\"dt-icon-the7-arrow-03\" aria-hidden=\"true\"><\/i><\/a>\n\n\t<\/div>\n<\/div><\/article><article class=\"post post-3266 type-post status-publish format-standard has-post-thumbnail hentry category-news category-21\" data-name=\"Effects of COVID-19-Related School Closures on Student Achievement-A Systematic Review\" data-date=\"2022-04-29T08:17:37+02:00\">\n\n<div class=\"post-thumbnail-wrap\">\n\t<div class=\"post-thumbnail\">\n\t\t\n\t\t\n\t\t<a href=\"https:\/\/web.escudoweb.com\/index.php\/effects-of-covid-19-related-school-closures-on-student-achievement-a-systematic-review\/\" class=\"post-thumbnail-rollover layzr-bg\" ><img decoding=\"async\" class=\"preload-me owl-lazy-load aspect\" src=\"data:image\/svg+xml,%3Csvg%20xmlns%3D&#39;http%3A%2F%2Fwww.w3.org%2F2000%2Fsvg&#39;%20viewBox%3D&#39;0%200%20768%20512&#39;%2F%3E\" data-src=\"https:\/\/web.escudoweb.com\/wp-content\/uploads\/2022\/04\/fpsyg-12-746289-g001-768x512.jpg\" data-srcset=\"https:\/\/web.escudoweb.com\/wp-content\/uploads\/2022\/04\/fpsyg-12-746289-g001-768x512.jpg 768w, https:\/\/web.escudoweb.com\/wp-content\/uploads\/2022\/04\/fpsyg-12-746289-g001-957x638.jpg 957w\" loading=\"eager\" style=\"--ratio: 768 \/ 512\" sizes=\"(max-width: 768px) 100vw, 768px\" alt=\"\" title=\"fpsyg-12-746289-g001\" width=\"768\" height=\"512\"  \/><\/a>\t<\/div>\n<\/div>\n\n\n<div class=\"post-entry-content\">\n\t<div class=\"post-entry-wrapper\">\n\t\t\t\t<h3 class=\"entry-title\">\n\t\t\t<a href=\"https:\/\/web.escudoweb.com\/index.php\/effects-of-covid-19-related-school-closures-on-student-achievement-a-systematic-review\/\" title=\"Effects of COVID-19-Related School Closures on Student Achievement-A Systematic Review\" rel=\"bookmark\">Effects of COVID-19-Related School Closures on Student Achievement-A Systematic Review<\/a>\n\t\t<\/h3>\n\n\t\t<div class=\"entry-meta\"><a href=\"https:\/\/web.escudoweb.com\/index.php\/2022\/04\/29\/\" title=\"08:17\" class=\"data-link\" rel=\"bookmark\"><time class=\"entry-date updated\" datetime=\"2022-04-29T08:17:37+02:00\">29 abril 2022<\/time><\/a><\/div>\n\t\t<div class=\"entry-excerpt\"><p>[vc_row][vc_column][vc_column_text]There have been many attempts by governments and the press to assess the effects of Covid 19 school closures, but&hellip;<\/p>\n<\/div>\n\t\t\n<a href=\"https:\/\/web.escudoweb.com\/index.php\/effects-of-covid-19-related-school-closures-on-student-achievement-a-systematic-review\/\" class=\"dt-btn-s dt-btn post-details details-type-btn\" aria-label=\"Read more about Effects of COVID-19-Related School Closures on Student Achievement-A Systematic Review\">Read more<i class=\"dt-icon-the7-arrow-03\" aria-hidden=\"true\"><\/i><\/a>\n\n\t<\/div>\n<\/div><\/article><article class=\"post post-3263 type-post status-publish format-standard has-post-thumbnail hentry category-news category-21\" data-name=\"YouTube, una forma alternativa de educaci\u00f3n para los adolescentes\" data-date=\"2022-04-27T10:04:57+02:00\">\n\n<div class=\"post-thumbnail-wrap\">\n\t<div class=\"post-thumbnail\">\n\t\t\n\t\t\n\t\t<a href=\"https:\/\/web.escudoweb.com\/index.php\/youtube-una-forma-alternativa-de-educacion-para-los-adolescentes\/\" class=\"post-thumbnail-rollover layzr-bg\" ><img decoding=\"async\" class=\"preload-me owl-lazy-load aspect\" src=\"data:image\/svg+xml,%3Csvg%20xmlns%3D&#39;http%3A%2F%2Fwww.w3.org%2F2000%2Fsvg&#39;%20viewBox%3D&#39;0%200%20472%20315&#39;%2F%3E\" data-src=\"https:\/\/web.escudoweb.com\/wp-content\/uploads\/2022\/04\/16498449495548.jpg\" data-srcset=\"https:\/\/web.escudoweb.com\/wp-content\/uploads\/2022\/04\/16498449495548.jpg 472w\" loading=\"eager\" style=\"--ratio: 472 \/ 315\" sizes=\"(max-width: 472px) 100vw, 472px\" alt=\"\" title=\"16498449495548\" width=\"472\" height=\"315\"  \/><\/a>\t<\/div>\n<\/div>\n\n\n<div class=\"post-entry-content\">\n\t<div class=\"post-entry-wrapper\">\n\t\t\t\t<h3 class=\"entry-title\">\n\t\t\t<a href=\"https:\/\/web.escudoweb.com\/index.php\/youtube-una-forma-alternativa-de-educacion-para-los-adolescentes\/\" title=\"YouTube, una forma alternativa de educaci\u00f3n para los adolescentes\" rel=\"bookmark\">YouTube, una forma alternativa de educaci\u00f3n para los adolescentes<\/a>\n\t\t<\/h3>\n\n\t\t<div class=\"entry-meta\"><a href=\"https:\/\/web.escudoweb.com\/index.php\/2022\/04\/27\/\" title=\"10:04\" class=\"data-link\" rel=\"bookmark\"><time class=\"entry-date updated\" datetime=\"2022-04-27T10:04:57+02:00\">27 abril 2022<\/time><\/a><\/div>\n\t\t<div class=\"entry-excerpt\"><p>[vc_row][vc_column][vc_column_text]El uso de ciertas plataformas no conocidas como educacionales es un debate interesante dentro y fuera del aula. Actualmente la&hellip;<\/p>\n<\/div>\n\t\t\n<a href=\"https:\/\/web.escudoweb.com\/index.php\/youtube-una-forma-alternativa-de-educacion-para-los-adolescentes\/\" class=\"dt-btn-s dt-btn post-details details-type-btn\" aria-label=\"Read more about YouTube, una forma alternativa de educaci\u00f3n para los adolescentes\">Read more<i class=\"dt-icon-the7-arrow-03\" aria-hidden=\"true\"><\/i><\/a>\n\n\t<\/div>\n<\/div><\/article><article class=\"post post-3259 type-post status-publish format-standard has-post-thumbnail hentry category-news category-21\" data-name=\"Meta to let parents limit teenager&#8217;s virtual-reality exploration\" data-date=\"2022-04-22T09:58:53+02:00\">\n\n<div class=\"post-thumbnail-wrap\">\n\t<div class=\"post-thumbnail\">\n\t\t\n\t\t\n\t\t<a href=\"https:\/\/web.escudoweb.com\/index.php\/meta-to-let-parents-limit-teenagers-virtual-reality-exploration\/\" class=\"post-thumbnail-rollover layzr-bg\" ><img decoding=\"async\" class=\"preload-me owl-lazy-load aspect\" src=\"data:image\/svg+xml,%3Csvg%20xmlns%3D&#39;http%3A%2F%2Fwww.w3.org%2F2000%2Fsvg&#39;%20viewBox%3D&#39;0%200%20768%20512&#39;%2F%3E\" data-src=\"https:\/\/web.escudoweb.com\/wp-content\/uploads\/2022\/04\/123723145_vrgettyimages-1351845630-768x512.jpg\" data-srcset=\"https:\/\/web.escudoweb.com\/wp-content\/uploads\/2022\/04\/123723145_vrgettyimages-1351845630-768x512.jpg 768w, https:\/\/web.escudoweb.com\/wp-content\/uploads\/2022\/04\/123723145_vrgettyimages-1351845630-823x549.jpg 823w\" loading=\"eager\" style=\"--ratio: 768 \/ 512\" sizes=\"(max-width: 768px) 100vw, 768px\" alt=\"\" title=\"_123723145_vrgettyimages-1351845630\" width=\"768\" height=\"512\"  \/><\/a>\t<\/div>\n<\/div>\n\n\n<div class=\"post-entry-content\">\n\t<div class=\"post-entry-wrapper\">\n\t\t\t\t<h3 class=\"entry-title\">\n\t\t\t<a href=\"https:\/\/web.escudoweb.com\/index.php\/meta-to-let-parents-limit-teenagers-virtual-reality-exploration\/\" title=\"Meta to let parents limit teenager&#8217;s virtual-reality exploration\" rel=\"bookmark\">Meta to let parents limit teenager&#8217;s virtual-reality exploration<\/a>\n\t\t<\/h3>\n\n\t\t<div class=\"entry-meta\"><a href=\"https:\/\/web.escudoweb.com\/index.php\/2022\/04\/22\/\" title=\"09:58\" class=\"data-link\" rel=\"bookmark\"><time class=\"entry-date updated\" datetime=\"2022-04-22T09:58:53+02:00\">22 abril 2022<\/time><\/a><\/div>\n\t\t<div class=\"entry-excerpt\"><p>[vc_row][vc_column][vc_column_text]In a curiously apparent move of responsibility Meta have recently announced that they will be developing tools to allow parents&hellip;<\/p>\n<\/div>\n\t\t\n<a href=\"https:\/\/web.escudoweb.com\/index.php\/meta-to-let-parents-limit-teenagers-virtual-reality-exploration\/\" class=\"dt-btn-s dt-btn post-details details-type-btn\" aria-label=\"Read more about Meta to let parents limit teenager&#8217;s virtual-reality exploration\">Read more<i class=\"dt-icon-the7-arrow-03\" aria-hidden=\"true\"><\/i><\/a>\n\n\t<\/div>\n<\/div><\/article><article class=\"post post-3256 type-post status-publish format-standard has-post-thumbnail hentry category-news category-21\" data-name=\"La factura escolar del Covid: los alumnos de los colegios p\u00fablicos aprendieron un 54% menos de Matem\u00e1ticas\" data-date=\"2022-04-20T09:26:06+02:00\">\n\n<div class=\"post-thumbnail-wrap\">\n\t<div class=\"post-thumbnail\">\n\t\t\n\t\t\n\t\t<a href=\"https:\/\/web.escudoweb.com\/index.php\/la-factura-escolar-del-covid-los-alumnos-de-los-colegios-publicos-aprendieron-un-54-menos-de-matematicas\/\" class=\"post-thumbnail-rollover layzr-bg\" ><img decoding=\"async\" class=\"preload-me owl-lazy-load aspect\" src=\"data:image\/svg+xml,%3Csvg%20xmlns%3D&#39;http%3A%2F%2Fwww.w3.org%2F2000%2Fsvg&#39;%20viewBox%3D&#39;0%200%20472%20315&#39;%2F%3E\" data-src=\"https:\/\/web.escudoweb.com\/wp-content\/uploads\/2022\/04\/15989658059150.jpg\" data-srcset=\"https:\/\/web.escudoweb.com\/wp-content\/uploads\/2022\/04\/15989658059150.jpg 472w\" loading=\"eager\" style=\"--ratio: 472 \/ 315\" sizes=\"(max-width: 472px) 100vw, 472px\" alt=\"\" title=\"15989658059150\" width=\"472\" height=\"315\"  \/><\/a>\t<\/div>\n<\/div>\n\n\n<div class=\"post-entry-content\">\n\t<div class=\"post-entry-wrapper\">\n\t\t\t\t<h3 class=\"entry-title\">\n\t\t\t<a href=\"https:\/\/web.escudoweb.com\/index.php\/la-factura-escolar-del-covid-los-alumnos-de-los-colegios-publicos-aprendieron-un-54-menos-de-matematicas\/\" title=\"La factura escolar del Covid: los alumnos de los colegios p\u00fablicos aprendieron un 54% menos de Matem\u00e1ticas\" rel=\"bookmark\">La factura escolar del Covid: los alumnos de los colegios p\u00fablicos aprendieron un 54% menos de Matem\u00e1ticas<\/a>\n\t\t<\/h3>\n\n\t\t<div class=\"entry-meta\"><a href=\"https:\/\/web.escudoweb.com\/index.php\/2022\/04\/20\/\" title=\"09:26\" class=\"data-link\" rel=\"bookmark\"><time class=\"entry-date updated\" datetime=\"2022-04-20T09:26:06+02:00\">20 abril 2022<\/time><\/a><\/div>\n\t\t<div class=\"entry-excerpt\"><p>[vc_row][vc_column][vc_column_text]La p\u00e9rdida de aprendizaje ha sido algo evidente durante la pandemia y ha afectado en mayor o menor medida seg\u00fan&hellip;<\/p>\n<\/div>\n\t\t\n<a href=\"https:\/\/web.escudoweb.com\/index.php\/la-factura-escolar-del-covid-los-alumnos-de-los-colegios-publicos-aprendieron-un-54-menos-de-matematicas\/\" class=\"dt-btn-s dt-btn post-details details-type-btn\" aria-label=\"Read more about La factura escolar del Covid: los alumnos de los colegios p\u00fablicos aprendieron un 54% menos de Matem\u00e1ticas\">Read more<i class=\"dt-icon-the7-arrow-03\" aria-hidden=\"true\"><\/i><\/a>\n\n\t<\/div>\n<\/div><\/article><article class=\"post post-3253 type-post status-publish format-standard has-post-thumbnail hentry category-news category-21\" data-name=\"El \u00abBlended learning\u00bb, el modelo post covid que se impone\" data-date=\"2022-04-13T09:58:30+02:00\">\n\n<div class=\"post-thumbnail-wrap\">\n\t<div class=\"post-thumbnail\">\n\t\t\n\t\t\n\t\t<a href=\"https:\/\/web.escudoweb.com\/index.php\/el-blended-learning-el-modelo-post-covid-que-se-impone\/\" class=\"post-thumbnail-rollover layzr-bg\" ><img decoding=\"async\" class=\"preload-me owl-lazy-load aspect\" src=\"data:image\/svg+xml,%3Csvg%20xmlns%3D&#39;http%3A%2F%2Fwww.w3.org%2F2000%2Fsvg&#39;%20viewBox%3D&#39;0%200%20600%20400&#39;%2F%3E\" data-src=\"https:\/\/web.escudoweb.com\/wp-content\/uploads\/2022\/04\/QCCN5JGGINDMNGA6HUYPLN6NC4.webp\" data-srcset=\"https:\/\/web.escudoweb.com\/wp-content\/uploads\/2022\/04\/QCCN5JGGINDMNGA6HUYPLN6NC4.webp 600w\" loading=\"eager\" style=\"--ratio: 600 \/ 400\" sizes=\"(max-width: 600px) 100vw, 600px\" alt=\"\" title=\"QCCN5JGGINDMNGA6HUYPLN6NC4\" width=\"600\" height=\"400\"  \/><\/a>\t<\/div>\n<\/div>\n\n\n<div class=\"post-entry-content\">\n\t<div class=\"post-entry-wrapper\">\n\t\t\t\t<h3 class=\"entry-title\">\n\t\t\t<a href=\"https:\/\/web.escudoweb.com\/index.php\/el-blended-learning-el-modelo-post-covid-que-se-impone\/\" title=\"El \u00abBlended learning\u00bb, el modelo post covid que se impone\" rel=\"bookmark\">El \u00abBlended learning\u00bb, el modelo post covid que se impone<\/a>\n\t\t<\/h3>\n\n\t\t<div class=\"entry-meta\"><a href=\"https:\/\/web.escudoweb.com\/index.php\/2022\/04\/13\/\" title=\"09:58\" class=\"data-link\" rel=\"bookmark\"><time class=\"entry-date updated\" datetime=\"2022-04-13T09:58:30+02:00\">13 abril 2022<\/time><\/a><\/div>\n\t\t<div class=\"entry-excerpt\"><p>[vc_row][vc_column][vc_column_text]La pandemia ha tra\u00eddo muchos cambios en el modelo de ense\u00f1anza, y sobre todo se han aprovechado avances en la&hellip;<\/p>\n<\/div>\n\t\t\n<a href=\"https:\/\/web.escudoweb.com\/index.php\/el-blended-learning-el-modelo-post-covid-que-se-impone\/\" class=\"dt-btn-s dt-btn post-details details-type-btn\" aria-label=\"Read more about El \u00abBlended learning\u00bb, el modelo post covid que se impone\">Read more<i class=\"dt-icon-the7-arrow-03\" aria-hidden=\"true\"><\/i><\/a>\n\n\t<\/div>\n<\/div><\/article><article class=\"post post-3250 type-post status-publish format-standard has-post-thumbnail hentry category-news category-21\" data-name=\"Jail tech bosses if they fail to protect children from harm online, says Children\u2019s Commissioner\" data-date=\"2022-04-11T15:53:00+02:00\">\n\n<div class=\"post-thumbnail-wrap\">\n\t<div class=\"post-thumbnail\">\n\t\t\n\t\t\n\t\t<a href=\"https:\/\/web.escudoweb.com\/index.php\/jail-tech-bosses-if-they-fail-to-protect-children-from-harm-online-says-childrens-commissioner\/\" class=\"post-thumbnail-rollover layzr-bg\" ><img decoding=\"async\" class=\"preload-me owl-lazy-load aspect\" src=\"data:image\/svg+xml,%3Csvg%20xmlns%3D&#39;http%3A%2F%2Fwww.w3.org%2F2000%2Fsvg&#39;%20viewBox%3D&#39;0%200%20768%20512&#39;%2F%3E\" data-src=\"https:\/\/web.escudoweb.com\/wp-content\/uploads\/2022\/04\/TELEMMGLPICT000000262344698_trans_NvBQzQNjv4BqtGQB12KHxxQCrwnTZkX0nwgWqwm85JEWpGVhFb46TTg-768x512.jpg\" data-srcset=\"https:\/\/web.escudoweb.com\/wp-content\/uploads\/2022\/04\/TELEMMGLPICT000000262344698_trans_NvBQzQNjv4BqtGQB12KHxxQCrwnTZkX0nwgWqwm85JEWpGVhFb46TTg-768x512.jpg 768w, https:\/\/web.escudoweb.com\/wp-content\/uploads\/2022\/04\/TELEMMGLPICT000000262344698_trans_NvBQzQNjv4BqtGQB12KHxxQCrwnTZkX0nwgWqwm85JEWpGVhFb46TTg-900x600.jpg 900w\" loading=\"eager\" style=\"--ratio: 768 \/ 512\" sizes=\"(max-width: 768px) 100vw, 768px\" alt=\"\" title=\"TELEMMGLPICT000000262344698_trans_NvBQzQNjv4BqtGQB12KHxxQCrwnTZkX0nwgWqwm85JEWpGVhFb46TTg\" width=\"768\" height=\"512\"  \/><\/a>\t<\/div>\n<\/div>\n\n\n<div class=\"post-entry-content\">\n\t<div class=\"post-entry-wrapper\">\n\t\t\t\t<h3 class=\"entry-title\">\n\t\t\t<a href=\"https:\/\/web.escudoweb.com\/index.php\/jail-tech-bosses-if-they-fail-to-protect-children-from-harm-online-says-childrens-commissioner\/\" title=\"Jail tech bosses if they fail to protect children from harm online, says Children\u2019s Commissioner\" rel=\"bookmark\">Jail tech bosses if they fail to protect children from harm online, says Children\u2019s Commissioner<\/a>\n\t\t<\/h3>\n\n\t\t<div class=\"entry-meta\"><a href=\"https:\/\/web.escudoweb.com\/index.php\/2022\/04\/11\/\" title=\"15:53\" class=\"data-link\" rel=\"bookmark\"><time class=\"entry-date updated\" datetime=\"2022-04-11T15:53:00+02:00\">11 abril 2022<\/time><\/a><\/div>\n\t\t<div class=\"entry-excerpt\"><p>[vc_row][vc_column][vc_column_text]In a recent article in the Daily Telegraph the Children&#8217;s Commissioner, Dame Rachel de Souza, proposed that \u201ctech bosses should&hellip;<\/p>\n<\/div>\n\t\t\n<a href=\"https:\/\/web.escudoweb.com\/index.php\/jail-tech-bosses-if-they-fail-to-protect-children-from-harm-online-says-childrens-commissioner\/\" class=\"dt-btn-s dt-btn post-details details-type-btn\" aria-label=\"Read more about Jail tech bosses if they fail to protect children from harm online, says Children\u2019s Commissioner\">Read more<i class=\"dt-icon-the7-arrow-03\" aria-hidden=\"true\"><\/i><\/a>\n\n\t<\/div>\n<\/div><\/article><article class=\"post post-3247 type-post status-publish format-standard has-post-thumbnail hentry category-news category-21\" data-name=\"Teachers Are Quitting, and Companies Are Hot to Hire Them\" data-date=\"2022-04-08T07:49:45+02:00\">\n\n<div class=\"post-thumbnail-wrap\">\n\t<div class=\"post-thumbnail\">\n\t\t\n\t\t\n\t\t<a href=\"https:\/\/web.escudoweb.com\/index.php\/teachers-are-quitting-and-companies-are-hot-to-hire-them\/\" class=\"post-thumbnail-rollover layzr-bg\" ><img decoding=\"async\" class=\"preload-me owl-lazy-load aspect\" src=\"data:image\/svg+xml,%3Csvg%20xmlns%3D&#39;http%3A%2F%2Fwww.w3.org%2F2000%2Fsvg&#39;%20viewBox%3D&#39;0%200%20700%20466&#39;%2F%3E\" data-src=\"https:\/\/web.escudoweb.com\/wp-content\/uploads\/2022\/04\/im-476514.jpg\" data-srcset=\"https:\/\/web.escudoweb.com\/wp-content\/uploads\/2022\/04\/im-476514.jpg 700w\" loading=\"eager\" style=\"--ratio: 700 \/ 466\" sizes=\"(max-width: 700px) 100vw, 700px\" alt=\"\" title=\"im-476514\" width=\"700\" height=\"466\"  \/><\/a>\t<\/div>\n<\/div>\n\n\n<div class=\"post-entry-content\">\n\t<div class=\"post-entry-wrapper\">\n\t\t\t\t<h3 class=\"entry-title\">\n\t\t\t<a href=\"https:\/\/web.escudoweb.com\/index.php\/teachers-are-quitting-and-companies-are-hot-to-hire-them\/\" title=\"Teachers Are Quitting, and Companies Are Hot to Hire Them\" rel=\"bookmark\">Teachers Are Quitting, and Companies Are Hot to Hire Them<\/a>\n\t\t<\/h3>\n\n\t\t<div class=\"entry-meta\"><a href=\"https:\/\/web.escudoweb.com\/index.php\/2022\/04\/08\/\" title=\"07:49\" class=\"data-link\" rel=\"bookmark\"><time class=\"entry-date updated\" datetime=\"2022-04-08T07:49:45+02:00\">8 abril 2022<\/time><\/a><\/div>\n\t\t<div class=\"entry-excerpt\"><p>[vc_row][vc_column][vc_column_text]In all industries there is always a level of churn of professionals leaving the sector and going elsewhere. However, as&hellip;<\/p>\n<\/div>\n\t\t\n<a href=\"https:\/\/web.escudoweb.com\/index.php\/teachers-are-quitting-and-companies-are-hot-to-hire-them\/\" class=\"dt-btn-s dt-btn post-details details-type-btn\" aria-label=\"Read more about Teachers Are Quitting, and Companies Are Hot to Hire Them\">Read more<i class=\"dt-icon-the7-arrow-03\" aria-hidden=\"true\"><\/i><\/a>\n\n\t<\/div>\n<\/div><\/article><article class=\"post post-3242 type-post status-publish format-standard has-post-thumbnail hentry category-news category-21\" data-name=\"Ocho claves sobre la p\u00e9rdida educativa durante la pandemia\" data-date=\"2022-04-06T11:13:12+02:00\">\n\n<div class=\"post-thumbnail-wrap\">\n\t<div class=\"post-thumbnail\">\n\t\t\n\t\t\n\t\t<a href=\"https:\/\/web.escudoweb.com\/index.php\/ocho-claves-sobre-la-perdida-educativa-durante-la-pandemia\/\" class=\"post-thumbnail-rollover layzr-bg\" ><img decoding=\"async\" class=\"preload-me owl-lazy-load aspect\" src=\"data:image\/svg+xml,%3Csvg%20xmlns%3D&#39;http%3A%2F%2Fwww.w3.org%2F2000%2Fsvg&#39;%20viewBox%3D&#39;0%200%20768%20512&#39;%2F%3E\" data-src=\"https:\/\/web.escudoweb.com\/wp-content\/uploads\/2022\/04\/1647370523_702047_1647370939_noticia_normal_recorte1-768x512.jpg\" data-srcset=\"https:\/\/web.escudoweb.com\/wp-content\/uploads\/2022\/04\/1647370523_702047_1647370939_noticia_normal_recorte1-768x512.jpg 768w, https:\/\/web.escudoweb.com\/wp-content\/uploads\/2022\/04\/1647370523_702047_1647370939_noticia_normal_recorte1-1152x768.jpg 1152w\" loading=\"eager\" style=\"--ratio: 768 \/ 512\" sizes=\"(max-width: 768px) 100vw, 768px\" alt=\"\" title=\"1647370523_702047_1647370939_noticia_normal_recorte1\" width=\"768\" height=\"512\"  \/><\/a>\t<\/div>\n<\/div>\n\n\n<div class=\"post-entry-content\">\n\t<div class=\"post-entry-wrapper\">\n\t\t\t\t<h3 class=\"entry-title\">\n\t\t\t<a href=\"https:\/\/web.escudoweb.com\/index.php\/ocho-claves-sobre-la-perdida-educativa-durante-la-pandemia\/\" title=\"Ocho claves sobre la p\u00e9rdida educativa durante la pandemia\" rel=\"bookmark\">Ocho claves sobre la p\u00e9rdida educativa durante la pandemia<\/a>\n\t\t<\/h3>\n\n\t\t<div class=\"entry-meta\"><a href=\"https:\/\/web.escudoweb.com\/index.php\/2022\/04\/06\/\" title=\"11:13\" class=\"data-link\" rel=\"bookmark\"><time class=\"entry-date updated\" datetime=\"2022-04-06T11:13:12+02:00\">6 abril 2022<\/time><\/a><\/div>\n\t\t<div class=\"entry-excerpt\"><p>[vc_row][vc_column][vc_column_text]Se ha comentado en varios posts sobre el estado de la educaci\u00f3n en diferentes pa\u00edses del mundo que, seg\u00fan la&hellip;<\/p>\n<\/div>\n\t\t\n<a href=\"https:\/\/web.escudoweb.com\/index.php\/ocho-claves-sobre-la-perdida-educativa-durante-la-pandemia\/\" class=\"dt-btn-s dt-btn post-details details-type-btn\" aria-label=\"Read more about Ocho claves sobre la p\u00e9rdida educativa durante la pandemia\">Read more<i class=\"dt-icon-the7-arrow-03\" aria-hidden=\"true\"><\/i><\/a>\n\n\t<\/div>\n<\/div><\/article><article class=\"post post-3239 type-post status-publish format-standard has-post-thumbnail hentry category-news category-21\" data-name=\"Covid pandemic fuels deepening education inequalities in England, say MPs\" data-date=\"2022-04-04T07:32:15+02:00\">\n\n<div class=\"post-thumbnail-wrap\">\n\t<div class=\"post-thumbnail\">\n\t\t\n\t\t\n\t\t<a href=\"https:\/\/web.escudoweb.com\/index.php\/covid-pandemic-fuels-deepening-education-inequalities-in-england-say-mps\/\" class=\"post-thumbnail-rollover layzr-bg\" ><img decoding=\"async\" class=\"preload-me owl-lazy-load aspect\" src=\"data:image\/svg+xml,%3Csvg%20xmlns%3D&#39;http%3A%2F%2Fwww.w3.org%2F2000%2Fsvg&#39;%20viewBox%3D&#39;0%200%20768%20512&#39;%2F%3E\" data-src=\"https:\/\/web.escudoweb.com\/wp-content\/uploads\/2022\/04\/123618810_girlsjpg-768x512.jpg\" data-srcset=\"https:\/\/web.escudoweb.com\/wp-content\/uploads\/2022\/04\/123618810_girlsjpg-768x512.jpg 768w, https:\/\/web.escudoweb.com\/wp-content\/uploads\/2022\/04\/123618810_girlsjpg-823x549.jpg 823w\" loading=\"eager\" style=\"--ratio: 768 \/ 512\" sizes=\"(max-width: 768px) 100vw, 768px\" alt=\"\" title=\"_123618810_girlsjpg\" width=\"768\" height=\"512\"  \/><\/a>\t<\/div>\n<\/div>\n\n\n<div class=\"post-entry-content\">\n\t<div class=\"post-entry-wrapper\">\n\t\t\t\t<h3 class=\"entry-title\">\n\t\t\t<a href=\"https:\/\/web.escudoweb.com\/index.php\/covid-pandemic-fuels-deepening-education-inequalities-in-england-say-mps\/\" title=\"Covid pandemic fuels deepening education inequalities in England, say MPs\" rel=\"bookmark\">Covid pandemic fuels deepening education inequalities in England, say MPs<\/a>\n\t\t<\/h3>\n\n\t\t<div class=\"entry-meta\"><a href=\"https:\/\/web.escudoweb.com\/index.php\/2022\/04\/04\/\" title=\"07:32\" class=\"data-link\" rel=\"bookmark\"><time class=\"entry-date updated\" datetime=\"2022-04-04T07:32:15+02:00\">4 abril 2022<\/time><\/a><\/div>\n\t\t<div class=\"entry-excerpt\"><p>[vc_row][vc_column][vc_column_text]The BBC recently reported about the apparent greater inequality in the English education system stemming from the pandemic. The loss&hellip;<\/p>\n<\/div>\n\t\t\n<a href=\"https:\/\/web.escudoweb.com\/index.php\/covid-pandemic-fuels-deepening-education-inequalities-in-england-say-mps\/\" class=\"dt-btn-s dt-btn post-details details-type-btn\" aria-label=\"Read more about Covid pandemic fuels deepening education inequalities in England, say MPs\">Read more<i class=\"dt-icon-the7-arrow-03\" aria-hidden=\"true\"><\/i><\/a>\n\n\t<\/div>\n<\/div><\/article><article class=\"post post-3236 type-post status-publish format-standard has-post-thumbnail hentry category-news category-21\" data-name=\"Por qu\u00e9 la resiliencia y el bienestar en la educaci\u00f3n son tan importantes como los resultados acad\u00e9micos\" data-date=\"2022-04-01T09:16:28+02:00\">\n\n<div class=\"post-thumbnail-wrap\">\n\t<div class=\"post-thumbnail\">\n\t\t\n\t\t\n\t\t<a href=\"https:\/\/web.escudoweb.com\/index.php\/por-que-la-resiliencia-y-el-bienestar-en-la-educacion-son-tan-importantes-como-los-resultados-academicos\/\" class=\"post-thumbnail-rollover layzr-bg\" ><img decoding=\"async\" class=\"preload-me owl-lazy-load aspect\" src=\"data:image\/svg+xml,%3Csvg%20xmlns%3D&#39;http%3A%2F%2Fwww.w3.org%2F2000%2Fsvg&#39;%20viewBox%3D&#39;0%200%20523%20349&#39;%2F%3E\" data-src=\"https:\/\/web.escudoweb.com\/wp-content\/uploads\/2022\/04\/resilencia-U86361782711Sni-620x349@abc-523x349.jpg\" data-srcset=\"https:\/\/web.escudoweb.com\/wp-content\/uploads\/2022\/04\/resilencia-U86361782711Sni-620x349@abc-523x349.jpg 523w\" loading=\"eager\" style=\"--ratio: 523 \/ 349\" sizes=\"(max-width: 523px) 100vw, 523px\" alt=\"\" title=\"resilencia-U86361782711Sni-620&#215;349@abc\" width=\"523\" height=\"349\"  \/><\/a>\t<\/div>\n<\/div>\n\n\n<div class=\"post-entry-content\">\n\t<div class=\"post-entry-wrapper\">\n\t\t\t\t<h3 class=\"entry-title\">\n\t\t\t<a href=\"https:\/\/web.escudoweb.com\/index.php\/por-que-la-resiliencia-y-el-bienestar-en-la-educacion-son-tan-importantes-como-los-resultados-academicos\/\" title=\"Por qu\u00e9 la resiliencia y el bienestar en la educaci\u00f3n son tan importantes como los resultados acad\u00e9micos\" rel=\"bookmark\">Por qu\u00e9 la resiliencia y el bienestar en la educaci\u00f3n son tan importantes como los resultados acad\u00e9micos<\/a>\n\t\t<\/h3>\n\n\t\t<div class=\"entry-meta\"><a href=\"https:\/\/web.escudoweb.com\/index.php\/2022\/04\/01\/\" title=\"09:16\" class=\"data-link\" rel=\"bookmark\"><time class=\"entry-date updated\" datetime=\"2022-04-01T09:16:28+02:00\">1 abril 2022<\/time><\/a><\/div>\n\t\t<div class=\"entry-excerpt\"><p>[vc_row][vc_column][vc_column_text]En esta reflexi\u00f3n del Diario ABC se comenta el efecto de un episodio doloroso, que por una parte puede tener&hellip;<\/p>\n<\/div>\n\t\t\n<a href=\"https:\/\/web.escudoweb.com\/index.php\/por-que-la-resiliencia-y-el-bienestar-en-la-educacion-son-tan-importantes-como-los-resultados-academicos\/\" class=\"dt-btn-s dt-btn post-details details-type-btn\" aria-label=\"Read more about Por qu\u00e9 la resiliencia y el bienestar en la educaci\u00f3n son tan importantes como los resultados acad\u00e9micos\">Read more<i class=\"dt-icon-the7-arrow-03\" aria-hidden=\"true\"><\/i><\/a>\n\n\t<\/div>\n<\/div><\/article><article class=\"post post-3231 type-post status-publish format-standard has-post-thumbnail hentry category-news category-21\" data-name=\"Escudo Web Software, referente desde Talavera en la seguridad de los proyectos digitales educativos\" data-date=\"2022-03-30T09:31:25+02:00\">\n\n<div class=\"post-thumbnail-wrap\">\n\t<div class=\"post-thumbnail\">\n\t\t\n\t\t\n\t\t<a href=\"https:\/\/web.escudoweb.com\/index.php\/escudo-web-software-referente-desde-talavera-en-la-seguridad-de-los-proyectos-digitales-educativos\/\" class=\"post-thumbnail-rollover layzr-bg\" ><img decoding=\"async\" class=\"preload-me owl-lazy-load aspect\" src=\"data:image\/svg+xml,%3Csvg%20xmlns%3D&#39;http%3A%2F%2Fwww.w3.org%2F2000%2Fsvg&#39;%20viewBox%3D&#39;0%200%20768%20512&#39;%2F%3E\" data-src=\"https:\/\/web.escudoweb.com\/wp-content\/uploads\/2022\/03\/IMAGEN-DESTACADA-Escudo-web-Empresas-en-primera-persona-768x512.jpeg\" data-srcset=\"https:\/\/web.escudoweb.com\/wp-content\/uploads\/2022\/03\/IMAGEN-DESTACADA-Escudo-web-Empresas-en-primera-persona-768x512.jpeg 768w, https:\/\/web.escudoweb.com\/wp-content\/uploads\/2022\/03\/IMAGEN-DESTACADA-Escudo-web-Empresas-en-primera-persona-1152x768.jpeg 1152w\" loading=\"eager\" style=\"--ratio: 768 \/ 512\" sizes=\"(max-width: 768px) 100vw, 768px\" alt=\"\" title=\"IMAGEN-DESTACADA-Escudo-web-Empresas-en-primera-persona\" width=\"768\" height=\"512\"  \/><\/a>\t<\/div>\n<\/div>\n\n\n<div class=\"post-entry-content\">\n\t<div class=\"post-entry-wrapper\">\n\t\t\t\t<h3 class=\"entry-title\">\n\t\t\t<a href=\"https:\/\/web.escudoweb.com\/index.php\/escudo-web-software-referente-desde-talavera-en-la-seguridad-de-los-proyectos-digitales-educativos\/\" title=\"Escudo Web Software, referente desde Talavera en la seguridad de los proyectos digitales educativos\" rel=\"bookmark\">Escudo Web Software, referente desde Talavera en la seguridad de los proyectos digitales educativos<\/a>\n\t\t<\/h3>\n\n\t\t<div class=\"entry-meta\"><a href=\"https:\/\/web.escudoweb.com\/index.php\/2022\/03\/30\/\" title=\"09:31\" class=\"data-link\" rel=\"bookmark\"><time class=\"entry-date updated\" datetime=\"2022-03-30T09:31:25+02:00\">30 marzo 2022<\/time><\/a><\/div>\n\t\t<div class=\"entry-excerpt\"><p>[vc_row][vc_column][vc_column_text] Carlos Rueda, CEO de Escudo Web, explica en esta entrevista para \u2018Empresas en primera persona\u2019 los importantes proyectos en&hellip;<\/p>\n<\/div>\n\t\t\n<a href=\"https:\/\/web.escudoweb.com\/index.php\/escudo-web-software-referente-desde-talavera-en-la-seguridad-de-los-proyectos-digitales-educativos\/\" class=\"dt-btn-s dt-btn post-details details-type-btn\" aria-label=\"Read more about Escudo Web Software, referente desde Talavera en la seguridad de los proyectos digitales educativos\">Read more<i class=\"dt-icon-the7-arrow-03\" aria-hidden=\"true\"><\/i><\/a>\n\n\t<\/div>\n<\/div><\/article><article class=\"post post-3228 type-post status-publish format-standard has-post-thumbnail hentry category-news category-21\" data-name=\"India Schools Stay Closed, and Hopes Fade for a Lost Generation\" data-date=\"2022-03-22T09:45:19+02:00\">\n\n<div class=\"post-thumbnail-wrap\">\n\t<div class=\"post-thumbnail\">\n\t\t\n\t\t\n\t\t<a href=\"https:\/\/web.escudoweb.com\/index.php\/india-schools-stay-closed-and-hopes-fade-for-a-lost-generation\/\" class=\"post-thumbnail-rollover layzr-bg\" ><img decoding=\"async\" class=\"preload-me owl-lazy-load aspect\" src=\"data:image\/svg+xml,%3Csvg%20xmlns%3D&#39;http%3A%2F%2Fwww.w3.org%2F2000%2Fsvg&#39;%20viewBox%3D&#39;0%200%20768%20512&#39;%2F%3E\" data-src=\"https:\/\/web.escudoweb.com\/wp-content\/uploads\/2022\/03\/merlin_200885883_21168f67-4ac4-43e6-975f-691ecda19fa9-superJumbo-768x512.jpg\" data-srcset=\"https:\/\/web.escudoweb.com\/wp-content\/uploads\/2022\/03\/merlin_200885883_21168f67-4ac4-43e6-975f-691ecda19fa9-superJumbo-768x512.jpg 768w, https:\/\/web.escudoweb.com\/wp-content\/uploads\/2022\/03\/merlin_200885883_21168f67-4ac4-43e6-975f-691ecda19fa9-superJumbo-1152x768.jpg 1152w\" loading=\"eager\" style=\"--ratio: 768 \/ 512\" sizes=\"(max-width: 768px) 100vw, 768px\" alt=\"\" title=\"merlin_200885883_21168f67-4ac4-43e6-975f-691ecda19fa9-superJumbo\" width=\"768\" height=\"512\"  \/><\/a>\t<\/div>\n<\/div>\n\n\n<div class=\"post-entry-content\">\n\t<div class=\"post-entry-wrapper\">\n\t\t\t\t<h3 class=\"entry-title\">\n\t\t\t<a href=\"https:\/\/web.escudoweb.com\/index.php\/india-schools-stay-closed-and-hopes-fade-for-a-lost-generation\/\" title=\"India Schools Stay Closed, and Hopes Fade for a Lost Generation\" rel=\"bookmark\">India Schools Stay Closed, and Hopes Fade for a Lost Generation<\/a>\n\t\t<\/h3>\n\n\t\t<div class=\"entry-meta\"><a href=\"https:\/\/web.escudoweb.com\/index.php\/2022\/03\/22\/\" title=\"09:45\" class=\"data-link\" rel=\"bookmark\"><time class=\"entry-date updated\" datetime=\"2022-03-22T09:45:19+02:00\">22 marzo 2022<\/time><\/a><\/div>\n\t\t<div class=\"entry-excerpt\"><p>[vc_row][vc_column][vc_column_text]The global pandemic has hit some countries more than others. Among the worst hit has been India with nearly all&hellip;<\/p>\n<\/div>\n\t\t\n<a href=\"https:\/\/web.escudoweb.com\/index.php\/india-schools-stay-closed-and-hopes-fade-for-a-lost-generation\/\" class=\"dt-btn-s dt-btn post-details details-type-btn\" aria-label=\"Read more about India Schools Stay Closed, and Hopes Fade for a Lost Generation\">Read more<i class=\"dt-icon-the7-arrow-03\" aria-hidden=\"true\"><\/i><\/a>\n\n\t<\/div>\n<\/div><\/article><article class=\"post post-3225 type-post status-publish format-standard has-post-thumbnail hentry category-news category-21\" data-name=\"Proteger los ojos, una necesidad cada d\u00eda m\u00e1s importante\" data-date=\"2022-03-16T10:52:07+02:00\">\n\n<div class=\"post-thumbnail-wrap\">\n\t<div class=\"post-thumbnail\">\n\t\t\n\t\t\n\t\t<a href=\"https:\/\/web.escudoweb.com\/index.php\/proteger-los-ojos-una-necesidad-cada-dia-mas-importante\/\" class=\"post-thumbnail-rollover layzr-bg\" ><img decoding=\"async\" class=\"preload-me owl-lazy-load aspect\" src=\"data:image\/svg+xml,%3Csvg%20xmlns%3D&#39;http%3A%2F%2Fwww.w3.org%2F2000%2Fsvg&#39;%20viewBox%3D&#39;0%200%20511%20341&#39;%2F%3E\" data-src=\"https:\/\/web.escudoweb.com\/wp-content\/uploads\/2022\/03\/614d7d6b69640-511x341.jpeg\" data-srcset=\"https:\/\/web.escudoweb.com\/wp-content\/uploads\/2022\/03\/614d7d6b69640-511x341.jpeg 511w, https:\/\/web.escudoweb.com\/wp-content\/uploads\/2022\/03\/614d7d6b69640-511x340.jpeg 511w\" loading=\"eager\" style=\"--ratio: 511 \/ 341\" sizes=\"(max-width: 511px) 100vw, 511px\" alt=\"\" title=\"614d7d6b69640\" width=\"511\" height=\"341\"  \/><\/a>\t<\/div>\n<\/div>\n\n\n<div class=\"post-entry-content\">\n\t<div class=\"post-entry-wrapper\">\n\t\t\t\t<h3 class=\"entry-title\">\n\t\t\t<a href=\"https:\/\/web.escudoweb.com\/index.php\/proteger-los-ojos-una-necesidad-cada-dia-mas-importante\/\" title=\"Proteger los ojos, una necesidad cada d\u00eda m\u00e1s importante\" rel=\"bookmark\">Proteger los ojos, una necesidad cada d\u00eda m\u00e1s importante<\/a>\n\t\t<\/h3>\n\n\t\t<div class=\"entry-meta\"><a href=\"https:\/\/web.escudoweb.com\/index.php\/2022\/03\/16\/\" title=\"10:52\" class=\"data-link\" rel=\"bookmark\"><time class=\"entry-date updated\" datetime=\"2022-03-16T10:52:07+02:00\">16 marzo 2022<\/time><\/a><\/div>\n\t\t<div class=\"entry-excerpt\"><p>[vc_row][vc_column][vc_column_text]Uno de los muchos efectos negativos de estar conectado mucho tiempo a las pantallas est\u00e1, sobre todo en los ni\u00f1os,&hellip;<\/p>\n<\/div>\n\t\t\n<a href=\"https:\/\/web.escudoweb.com\/index.php\/proteger-los-ojos-una-necesidad-cada-dia-mas-importante\/\" class=\"dt-btn-s dt-btn post-details details-type-btn\" aria-label=\"Read more about Proteger los ojos, una necesidad cada d\u00eda m\u00e1s importante\">Read more<i class=\"dt-icon-the7-arrow-03\" aria-hidden=\"true\"><\/i><\/a>\n\n\t<\/div>\n<\/div><\/article><article class=\"post post-3222 type-post status-publish format-standard has-post-thumbnail hentry category-news category-21\" data-name=\"Digitalisation of schooling: Balancing young people\u2019s education and their wellbeing\" data-date=\"2022-03-14T15:32:19+02:00\">\n\n<div class=\"post-thumbnail-wrap\">\n\t<div class=\"post-thumbnail\">\n\t\t\n\t\t\n\t\t<a href=\"https:\/\/web.escudoweb.com\/index.php\/digitalisation-of-schooling-balancing-young-peoples-education-and-their-wellbeing\/\" class=\"post-thumbnail-rollover layzr-bg\" ><img decoding=\"async\" class=\"preload-me owl-lazy-load aspect\" src=\"data:image\/svg+xml,%3Csvg%20xmlns%3D&#39;http%3A%2F%2Fwww.w3.org%2F2000%2Fsvg&#39;%20viewBox%3D&#39;0%200%20768%20512&#39;%2F%3E\" data-src=\"https:\/\/web.escudoweb.com\/wp-content\/uploads\/2022\/03\/neonbrand-zFSo6bnZJTw-unsplash-768x512.jpg\" data-srcset=\"https:\/\/web.escudoweb.com\/wp-content\/uploads\/2022\/03\/neonbrand-zFSo6bnZJTw-unsplash-768x512.jpg 768w, https:\/\/web.escudoweb.com\/wp-content\/uploads\/2022\/03\/neonbrand-zFSo6bnZJTw-unsplash-1152x768.jpg 1152w\" loading=\"eager\" style=\"--ratio: 768 \/ 512\" sizes=\"(max-width: 768px) 100vw, 768px\" alt=\"\" title=\"neonbrand-zFSo6bnZJTw-unsplash\" width=\"768\" height=\"512\"  \/><\/a>\t<\/div>\n<\/div>\n\n\n<div class=\"post-entry-content\">\n\t<div class=\"post-entry-wrapper\">\n\t\t\t\t<h3 class=\"entry-title\">\n\t\t\t<a href=\"https:\/\/web.escudoweb.com\/index.php\/digitalisation-of-schooling-balancing-young-peoples-education-and-their-wellbeing\/\" title=\"Digitalisation of schooling: Balancing young people\u2019s education and their wellbeing\" rel=\"bookmark\">Digitalisation of schooling: Balancing young people\u2019s education and their wellbeing<\/a>\n\t\t<\/h3>\n\n\t\t<div class=\"entry-meta\"><a href=\"https:\/\/web.escudoweb.com\/index.php\/2022\/03\/14\/\" title=\"15:32\" class=\"data-link\" rel=\"bookmark\"><time class=\"entry-date updated\" datetime=\"2022-03-14T15:32:19+02:00\">14 marzo 2022<\/time><\/a><\/div>\n\t\t<div class=\"entry-excerpt\"><p>[vc_row][vc_column][vc_column_text]Children need to learn in a safe, secure and, as much as possible, a happy environment. Learning online\/hybrid while covering&hellip;<\/p>\n<\/div>\n\t\t\n<a href=\"https:\/\/web.escudoweb.com\/index.php\/digitalisation-of-schooling-balancing-young-peoples-education-and-their-wellbeing\/\" class=\"dt-btn-s dt-btn post-details details-type-btn\" aria-label=\"Read more about Digitalisation of schooling: Balancing young people\u2019s education and their wellbeing\">Read more<i class=\"dt-icon-the7-arrow-03\" aria-hidden=\"true\"><\/i><\/a>\n\n\t<\/div>\n<\/div><\/article><article class=\"post post-3219 type-post status-publish format-standard has-post-thumbnail hentry category-news category-21\" data-name=\"Trends Shaping Education 2022\" data-date=\"2022-03-11T10:40:59+02:00\">\n\n<div class=\"post-thumbnail-wrap\">\n\t<div class=\"post-thumbnail\">\n\t\t\n\t\t\n\t\t<a href=\"https:\/\/web.escudoweb.com\/index.php\/trends-shaping-education-2022\/\" class=\"post-thumbnail-rollover layzr-bg\" ><img decoding=\"async\" class=\"preload-me owl-lazy-load aspect\" src=\"data:image\/svg+xml,%3Csvg%20xmlns%3D&#39;http%3A%2F%2Fwww.w3.org%2F2000%2Fsvg&#39;%20viewBox%3D&#39;0%200%20340%20226&#39;%2F%3E\" data-src=\"https:\/\/web.escudoweb.com\/wp-content\/uploads\/2022\/03\/6ae8771a-340x226.jpg\" data-srcset=\"https:\/\/web.escudoweb.com\/wp-content\/uploads\/2022\/03\/6ae8771a-340x226.jpg 340w\" loading=\"eager\" style=\"--ratio: 340 \/ 226\" sizes=\"(max-width: 340px) 100vw, 340px\" alt=\"\" title=\"6ae8771a\" width=\"340\" height=\"226\"  \/><\/a>\t<\/div>\n<\/div>\n\n\n<div class=\"post-entry-content\">\n\t<div class=\"post-entry-wrapper\">\n\t\t\t\t<h3 class=\"entry-title\">\n\t\t\t<a href=\"https:\/\/web.escudoweb.com\/index.php\/trends-shaping-education-2022\/\" title=\"Trends Shaping Education 2022\" rel=\"bookmark\">Trends Shaping Education 2022<\/a>\n\t\t<\/h3>\n\n\t\t<div class=\"entry-meta\"><a href=\"https:\/\/web.escudoweb.com\/index.php\/2022\/03\/11\/\" title=\"10:40\" class=\"data-link\" rel=\"bookmark\"><time class=\"entry-date updated\" datetime=\"2022-03-11T10:40:59+02:00\">11 marzo 2022<\/time><\/a><\/div>\n\t\t<div class=\"entry-excerpt\"><p>[vc_row][vc_column][vc_column_text]As the world changes around us advances are being made, but not in all areas of life, inevitably affecting some,&hellip;<\/p>\n<\/div>\n\t\t\n<a href=\"https:\/\/web.escudoweb.com\/index.php\/trends-shaping-education-2022\/\" class=\"dt-btn-s dt-btn post-details details-type-btn\" aria-label=\"Read more about Trends Shaping Education 2022\">Read more<i class=\"dt-icon-the7-arrow-03\" aria-hidden=\"true\"><\/i><\/a>\n\n\t<\/div>\n<\/div><\/article><article class=\"post post-3214 type-post status-publish format-standard has-post-thumbnail hentry category-news category-21\" data-name=\"\u00bfCu\u00e1l fue el impacto de las pantallas en la vida familiar durante el confinamiento?\" data-date=\"2022-03-09T08:29:39+02:00\">\n\n<div class=\"post-thumbnail-wrap\">\n\t<div class=\"post-thumbnail\">\n\t\t\n\t\t\n\t\t<a href=\"https:\/\/web.escudoweb.com\/index.php\/cual-fue-el-impacto-de-las-pantallas-en-la-vida-familiar-durante-el-confinamiento\/\" class=\"post-thumbnail-rollover layzr-bg\" ><img decoding=\"async\" class=\"preload-me owl-lazy-load aspect\" src=\"data:image\/svg+xml,%3Csvg%20xmlns%3D&#39;http%3A%2F%2Fwww.w3.org%2F2000%2Fsvg&#39;%20viewBox%3D&#39;0%200%20768%20512&#39;%2F%3E\" data-src=\"https:\/\/web.escudoweb.com\/wp-content\/uploads\/2022\/03\/sdfdsffsd-768x512.jpg\" data-srcset=\"https:\/\/web.escudoweb.com\/wp-content\/uploads\/2022\/03\/sdfdsffsd-768x512.jpg 768w, https:\/\/web.escudoweb.com\/wp-content\/uploads\/2022\/03\/sdfdsffsd-1152x768.jpg 1152w\" loading=\"eager\" style=\"--ratio: 768 \/ 512\" sizes=\"(max-width: 768px) 100vw, 768px\" alt=\"\" title=\"sdfdsffsd\" width=\"768\" height=\"512\"  \/><\/a>\t<\/div>\n<\/div>\n\n\n<div class=\"post-entry-content\">\n\t<div class=\"post-entry-wrapper\">\n\t\t\t\t<h3 class=\"entry-title\">\n\t\t\t<a href=\"https:\/\/web.escudoweb.com\/index.php\/cual-fue-el-impacto-de-las-pantallas-en-la-vida-familiar-durante-el-confinamiento\/\" title=\"\u00bfCu\u00e1l fue el impacto de las pantallas en la vida familiar durante el confinamiento?\" rel=\"bookmark\">\u00bfCu\u00e1l fue el impacto de las pantallas en la vida familiar durante el confinamiento?<\/a>\n\t\t<\/h3>\n\n\t\t<div class=\"entry-meta\"><a href=\"https:\/\/web.escudoweb.com\/index.php\/2022\/03\/09\/\" title=\"08:29\" class=\"data-link\" rel=\"bookmark\"><time class=\"entry-date updated\" datetime=\"2022-03-09T08:29:39+02:00\">9 marzo 2022<\/time><\/a><\/div>\n\t\t<div class=\"entry-excerpt\"><p>[vc_row][vc_column][vc_column_text]En alg\u00fan momento de la pandemia se han considerado los dispositivos digitales como man\u00e1 del cielo, permitiendo a los padres&hellip;<\/p>\n<\/div>\n\t\t\n<a href=\"https:\/\/web.escudoweb.com\/index.php\/cual-fue-el-impacto-de-las-pantallas-en-la-vida-familiar-durante-el-confinamiento\/\" class=\"dt-btn-s dt-btn post-details details-type-btn\" aria-label=\"Read more about \u00bfCu\u00e1l fue el impacto de las pantallas en la vida familiar durante el confinamiento?\">Read more<i class=\"dt-icon-the7-arrow-03\" aria-hidden=\"true\"><\/i><\/a>\n\n\t<\/div>\n<\/div><\/article><article class=\"post post-3211 type-post status-publish format-standard has-post-thumbnail hentry category-news category-21\" data-name=\"Speed Summary: Lancet COVID-19 Commission Report on the Mental Health Consequences of the Pandemic\" data-date=\"2022-03-08T08:48:25+02:00\">\n\n<div class=\"post-thumbnail-wrap\">\n\t<div class=\"post-thumbnail\">\n\t\t\n\t\t\n\t\t<a href=\"https:\/\/web.escudoweb.com\/index.php\/speed-summary-lancet-covid-19-commission-report-on-the-mental-health-consequences-of-the-pandemic\/\" class=\"post-thumbnail-rollover layzr-bg\" ><img decoding=\"async\" class=\"preload-me owl-lazy-load aspect\" src=\"data:image\/svg+xml,%3Csvg%20xmlns%3D&#39;http%3A%2F%2Fwww.w3.org%2F2000%2Fsvg&#39;%20viewBox%3D&#39;0%200%20768%20512&#39;%2F%3E\" data-src=\"https:\/\/web.escudoweb.com\/wp-content\/uploads\/2022\/03\/sasddasd-768x512.png\" data-srcset=\"https:\/\/web.escudoweb.com\/wp-content\/uploads\/2022\/03\/sasddasd-768x512.png 768w, https:\/\/web.escudoweb.com\/wp-content\/uploads\/2022\/03\/sasddasd-1152x768.png 1152w\" loading=\"eager\" style=\"--ratio: 768 \/ 512\" sizes=\"(max-width: 768px) 100vw, 768px\" alt=\"\" title=\"sasddasd\" width=\"768\" height=\"512\"  \/><\/a>\t<\/div>\n<\/div>\n\n\n<div class=\"post-entry-content\">\n\t<div class=\"post-entry-wrapper\">\n\t\t\t\t<h3 class=\"entry-title\">\n\t\t\t<a href=\"https:\/\/web.escudoweb.com\/index.php\/speed-summary-lancet-covid-19-commission-report-on-the-mental-health-consequences-of-the-pandemic\/\" title=\"Speed Summary: Lancet COVID-19 Commission Report on the Mental Health Consequences of the Pandemic\" rel=\"bookmark\">Speed Summary: Lancet COVID-19 Commission Report on the Mental Health Consequences of the Pandemic<\/a>\n\t\t<\/h3>\n\n\t\t<div class=\"entry-meta\"><a href=\"https:\/\/web.escudoweb.com\/index.php\/2022\/03\/08\/\" title=\"08:48\" class=\"data-link\" rel=\"bookmark\"><time class=\"entry-date updated\" datetime=\"2022-03-08T08:48:25+02:00\">8 marzo 2022<\/time><\/a><\/div>\n\t\t<div class=\"entry-excerpt\"><p>[vc_row][vc_column][vc_column_text]There have been many articles in the press about the damage that the pandemic has inflicted on children. However, when&hellip;<\/p>\n<\/div>\n\t\t\n<a href=\"https:\/\/web.escudoweb.com\/index.php\/speed-summary-lancet-covid-19-commission-report-on-the-mental-health-consequences-of-the-pandemic\/\" class=\"dt-btn-s dt-btn post-details details-type-btn\" aria-label=\"Read more about Speed Summary: Lancet COVID-19 Commission Report on the Mental Health Consequences of the Pandemic\">Read more<i class=\"dt-icon-the7-arrow-03\" aria-hidden=\"true\"><\/i><\/a>\n\n\t<\/div>\n<\/div><\/article><article class=\"post post-3208 type-post status-publish format-standard has-post-thumbnail hentry category-news category-21\" data-name=\"Expertos abogan por adaptar la educaci\u00f3n espa\u00f1ola a los nuevos retos de la empleabilidad del futuro\" data-date=\"2022-03-03T12:10:48+02:00\">\n\n<div class=\"post-thumbnail-wrap\">\n\t<div class=\"post-thumbnail\">\n\t\t\n\t\t\n\t\t<a href=\"https:\/\/web.escudoweb.com\/index.php\/expertos-abogan-por-adaptar-la-educacion-espanola-a-los-nuevos-retos-de-la-empleabilidad-del-futuro\/\" class=\"post-thumbnail-rollover layzr-bg\" ><img decoding=\"async\" class=\"preload-me owl-lazy-load aspect\" src=\"data:image\/svg+xml,%3Csvg%20xmlns%3D&#39;http%3A%2F%2Fwww.w3.org%2F2000%2Fsvg&#39;%20viewBox%3D&#39;0%200%20523%20349&#39;%2F%3E\" data-src=\"https:\/\/web.escudoweb.com\/wp-content\/uploads\/2022\/03\/ninos-educacion-futuro-U32530031507WcI-620x349@abc-523x349.jpg\" data-srcset=\"https:\/\/web.escudoweb.com\/wp-content\/uploads\/2022\/03\/ninos-educacion-futuro-U32530031507WcI-620x349@abc-523x349.jpg 523w\" loading=\"eager\" style=\"--ratio: 523 \/ 349\" sizes=\"(max-width: 523px) 100vw, 523px\" alt=\"\" title=\"ni\" width=\"523\" height=\"349\"  \/><\/a>\t<\/div>\n<\/div>\n\n\n<div class=\"post-entry-content\">\n\t<div class=\"post-entry-wrapper\">\n\t\t\t\t<h3 class=\"entry-title\">\n\t\t\t<a href=\"https:\/\/web.escudoweb.com\/index.php\/expertos-abogan-por-adaptar-la-educacion-espanola-a-los-nuevos-retos-de-la-empleabilidad-del-futuro\/\" title=\"Expertos abogan por adaptar la educaci\u00f3n espa\u00f1ola a los nuevos retos de la empleabilidad del futuro\" rel=\"bookmark\">Expertos abogan por adaptar la educaci\u00f3n espa\u00f1ola a los nuevos retos de la empleabilidad del futuro<\/a>\n\t\t<\/h3>\n\n\t\t<div class=\"entry-meta\"><a href=\"https:\/\/web.escudoweb.com\/index.php\/2022\/03\/03\/\" title=\"12:10\" class=\"data-link\" rel=\"bookmark\"><time class=\"entry-date updated\" datetime=\"2022-03-03T12:10:48+02:00\">3 marzo 2022<\/time><\/a><\/div>\n\t\t<div class=\"entry-excerpt\"><p>[vc_row][vc_column][vc_column_text]Los sistemas educativos tienen que avanzar y adaptarse a los cambios en tecnolog\u00eda y las tendencias de requerimientos laborales. Seg\u00fan&hellip;<\/p>\n<\/div>\n\t\t\n<a href=\"https:\/\/web.escudoweb.com\/index.php\/expertos-abogan-por-adaptar-la-educacion-espanola-a-los-nuevos-retos-de-la-empleabilidad-del-futuro\/\" class=\"dt-btn-s dt-btn post-details details-type-btn\" aria-label=\"Read more about Expertos abogan por adaptar la educaci\u00f3n espa\u00f1ola a los nuevos retos de la empleabilidad del futuro\">Read more<i class=\"dt-icon-the7-arrow-03\" aria-hidden=\"true\"><\/i><\/a>\n\n\t<\/div>\n<\/div><\/article><article class=\"post post-3205 type-post status-publish format-standard has-post-thumbnail hentry category-news category-21\" data-name=\"Reinventing schools would boost Britain by \u00a3125bn a year, Times Education Commission finds\" data-date=\"2022-02-28T11:34:27+02:00\">\n\n<div class=\"post-thumbnail-wrap\">\n\t<div class=\"post-thumbnail\">\n\t\t\n\t\t\n\t\t<a href=\"https:\/\/web.escudoweb.com\/index.php\/reinventing-schools-would-boost-britain-by-125bn-a-year-times-education-commission-finds\/\" class=\"post-thumbnail-rollover layzr-bg\" ><img decoding=\"async\" class=\"preload-me owl-lazy-load aspect\" src=\"data:image\/svg+xml,%3Csvg%20xmlns%3D&#39;http%3A%2F%2Fwww.w3.org%2F2000%2Fsvg&#39;%20viewBox%3D&#39;0%200%20768%20512&#39;%2F%3E\" data-src=\"https:\/\/web.escudoweb.com\/wp-content\/uploads\/2022\/02\/methode_times_prod_web_bin_5eb03f2c-7d2e-11ec-88b2-379fadbe2490-768x512.jpg\" data-srcset=\"https:\/\/web.escudoweb.com\/wp-content\/uploads\/2022\/02\/methode_times_prod_web_bin_5eb03f2c-7d2e-11ec-88b2-379fadbe2490-768x512.jpg 768w, https:\/\/web.escudoweb.com\/wp-content\/uploads\/2022\/02\/methode_times_prod_web_bin_5eb03f2c-7d2e-11ec-88b2-379fadbe2490-1012x675.jpg 1012w\" loading=\"eager\" style=\"--ratio: 768 \/ 512\" sizes=\"(max-width: 768px) 100vw, 768px\" alt=\"\" title=\"_methode_times_prod_web_bin_5eb03f2c-7d2e-11ec-88b2-379fadbe2490\" width=\"768\" height=\"512\"  \/><\/a>\t<\/div>\n<\/div>\n\n\n<div class=\"post-entry-content\">\n\t<div class=\"post-entry-wrapper\">\n\t\t\t\t<h3 class=\"entry-title\">\n\t\t\t<a href=\"https:\/\/web.escudoweb.com\/index.php\/reinventing-schools-would-boost-britain-by-125bn-a-year-times-education-commission-finds\/\" title=\"Reinventing schools would boost Britain by \u00a3125bn a year, Times Education Commission finds\" rel=\"bookmark\">Reinventing schools would boost Britain by \u00a3125bn a year, Times Education Commission finds<\/a>\n\t\t<\/h3>\n\n\t\t<div class=\"entry-meta\"><a href=\"https:\/\/web.escudoweb.com\/index.php\/2022\/02\/28\/\" title=\"11:34\" class=\"data-link\" rel=\"bookmark\"><time class=\"entry-date updated\" datetime=\"2022-02-28T11:34:27+02:00\">28 febrero 2022<\/time><\/a><\/div>\n\t\t<div class=\"entry-excerpt\"><p>[vc_row][vc_column][vc_column_text]In a post last year we reported on a very positive initiative for education: an investigation by the Times Education&hellip;<\/p>\n<\/div>\n\t\t\n<a href=\"https:\/\/web.escudoweb.com\/index.php\/reinventing-schools-would-boost-britain-by-125bn-a-year-times-education-commission-finds\/\" class=\"dt-btn-s dt-btn post-details details-type-btn\" aria-label=\"Read more about Reinventing schools would boost Britain by \u00a3125bn a year, Times Education Commission finds\">Read more<i class=\"dt-icon-the7-arrow-03\" aria-hidden=\"true\"><\/i><\/a>\n\n\t<\/div>\n<\/div><\/article><article class=\"post post-3202 type-post status-publish format-standard has-post-thumbnail hentry category-news category-21\" data-name=\"COVID-19 and education: An emerging K-shaped recovery\" data-date=\"2022-02-25T11:24:26+02:00\">\n\n<div class=\"post-thumbnail-wrap\">\n\t<div class=\"post-thumbnail\">\n\t\t\n\t\t\n\t\t<a href=\"https:\/\/web.escudoweb.com\/index.php\/covid-19-and-education-an-emerging-k-shaped-recovery\/\" class=\"post-thumbnail-rollover layzr-bg\" ><img decoding=\"async\" class=\"preload-me owl-lazy-load aspect\" src=\"data:image\/svg+xml,%3Csvg%20xmlns%3D&#39;http%3A%2F%2Fwww.w3.org%2F2000%2Fsvg&#39;%20viewBox%3D&#39;0%200%20768%20512&#39;%2F%3E\" data-src=\"https:\/\/web.escudoweb.com\/wp-content\/uploads\/2022\/02\/1645482053273-768x512.jpg\" data-srcset=\"https:\/\/web.escudoweb.com\/wp-content\/uploads\/2022\/02\/1645482053273-768x512.jpg 768w, https:\/\/web.escudoweb.com\/wp-content\/uploads\/2022\/02\/1645482053273-800x533.jpg 800w\" loading=\"eager\" style=\"--ratio: 768 \/ 512\" sizes=\"(max-width: 768px) 100vw, 768px\" alt=\"\" title=\"1645482053273\" width=\"768\" height=\"512\"  \/><\/a>\t<\/div>\n<\/div>\n\n\n<div class=\"post-entry-content\">\n\t<div class=\"post-entry-wrapper\">\n\t\t\t\t<h3 class=\"entry-title\">\n\t\t\t<a href=\"https:\/\/web.escudoweb.com\/index.php\/covid-19-and-education-an-emerging-k-shaped-recovery\/\" title=\"COVID-19 and education: An emerging K-shaped recovery\" rel=\"bookmark\">COVID-19 and education: An emerging K-shaped recovery<\/a>\n\t\t<\/h3>\n\n\t\t<div class=\"entry-meta\"><a href=\"https:\/\/web.escudoweb.com\/index.php\/2022\/02\/25\/\" title=\"11:24\" class=\"data-link\" rel=\"bookmark\"><time class=\"entry-date updated\" datetime=\"2022-02-25T11:24:26+02:00\">25 febrero 2022<\/time><\/a><\/div>\n\t\t<div class=\"entry-excerpt\"><p>[vc_row][vc_column][vc_column_text]Being able to quantify the effects of the Pandemic on education has been quite difficult. This Mckinsey report in the&hellip;<\/p>\n<\/div>\n\t\t\n<a href=\"https:\/\/web.escudoweb.com\/index.php\/covid-19-and-education-an-emerging-k-shaped-recovery\/\" class=\"dt-btn-s dt-btn post-details details-type-btn\" aria-label=\"Read more about COVID-19 and education: An emerging K-shaped recovery\">Read more<i class=\"dt-icon-the7-arrow-03\" aria-hidden=\"true\"><\/i><\/a>\n\n\t<\/div>\n<\/div><\/article><article class=\"post post-3199 type-post status-publish format-standard has-post-thumbnail hentry category-news category-21\" data-name=\"India aumenta un 20% su presupuesto en educaci\u00f3n\" data-date=\"2022-02-23T16:11:09+02:00\">\n\n<div class=\"post-thumbnail-wrap\">\n\t<div class=\"post-thumbnail\">\n\t\t\n\t\t\n\t\t<a href=\"https:\/\/web.escudoweb.com\/index.php\/india-aumenta-un-20-su-presupuesto-en-educacion\/\" class=\"post-thumbnail-rollover layzr-bg\" ><img decoding=\"async\" class=\"preload-me owl-lazy-load aspect\" src=\"data:image\/svg+xml,%3Csvg%20xmlns%3D&#39;http%3A%2F%2Fwww.w3.org%2F2000%2Fsvg&#39;%20viewBox%3D&#39;0%200%20768%20512&#39;%2F%3E\" data-src=\"https:\/\/web.escudoweb.com\/wp-content\/uploads\/2022\/02\/DMKUGLGNEIDY4BIHMGV4QIKYSM-768x512.jpg\" data-srcset=\"https:\/\/web.escudoweb.com\/wp-content\/uploads\/2022\/02\/DMKUGLGNEIDY4BIHMGV4QIKYSM-768x512.jpg 768w, https:\/\/web.escudoweb.com\/wp-content\/uploads\/2022\/02\/DMKUGLGNEIDY4BIHMGV4QIKYSM-1152x768.jpg 1152w\" loading=\"eager\" style=\"--ratio: 768 \/ 512\" sizes=\"(max-width: 768px) 100vw, 768px\" alt=\"\" title=\"DMKUGLGNEIDY4BIHMGV4QIKYSM\" width=\"768\" height=\"512\"  \/><\/a>\t<\/div>\n<\/div>\n\n\n<div class=\"post-entry-content\">\n\t<div class=\"post-entry-wrapper\">\n\t\t\t\t<h3 class=\"entry-title\">\n\t\t\t<a href=\"https:\/\/web.escudoweb.com\/index.php\/india-aumenta-un-20-su-presupuesto-en-educacion\/\" title=\"India aumenta un 20% su presupuesto en educaci\u00f3n\" rel=\"bookmark\">India aumenta un 20% su presupuesto en educaci\u00f3n<\/a>\n\t\t<\/h3>\n\n\t\t<div class=\"entry-meta\"><a href=\"https:\/\/web.escudoweb.com\/index.php\/2022\/02\/23\/\" title=\"16:11\" class=\"data-link\" rel=\"bookmark\"><time class=\"entry-date updated\" datetime=\"2022-02-23T16:11:09+02:00\">23 febrero 2022<\/time><\/a><\/div>\n\t\t<div class=\"entry-excerpt\"><p>[vc_row][vc_column][vc_column_text]Espa\u00f1a, como muchos otros pa\u00edses occidentales, no ha sufrido tanto durante la pandemia como en la India. El sector que&hellip;<\/p>\n<\/div>\n\t\t\n<a href=\"https:\/\/web.escudoweb.com\/index.php\/india-aumenta-un-20-su-presupuesto-en-educacion\/\" class=\"dt-btn-s dt-btn post-details details-type-btn\" aria-label=\"Read more about India aumenta un 20% su presupuesto en educaci\u00f3n\">Read more<i class=\"dt-icon-the7-arrow-03\" aria-hidden=\"true\"><\/i><\/a>\n\n\t<\/div>\n<\/div><\/article><article class=\"post post-3196 type-post status-publish format-standard has-post-thumbnail hentry category-news category-21\" data-name=\"Education and cybersecurity compliance\" data-date=\"2022-02-21T08:31:10+02:00\">\n\n<div class=\"post-thumbnail-wrap\">\n\t<div class=\"post-thumbnail\">\n\t\t\n\t\t\n\t\t<a href=\"https:\/\/web.escudoweb.com\/index.php\/education-and-cybersecurity-compliance\/\" class=\"post-thumbnail-rollover layzr-bg\" ><img decoding=\"async\" class=\"preload-me owl-lazy-load aspect\" src=\"data:image\/svg+xml,%3Csvg%20xmlns%3D&#39;http%3A%2F%2Fwww.w3.org%2F2000%2Fsvg&#39;%20viewBox%3D&#39;0%200%20768%20512&#39;%2F%3E\" data-src=\"https:\/\/web.escudoweb.com\/wp-content\/uploads\/2022\/02\/cybercrime-cyber-security-2021-09-02-07-43-20-utc-768x512.png\" data-srcset=\"https:\/\/web.escudoweb.com\/wp-content\/uploads\/2022\/02\/cybercrime-cyber-security-2021-09-02-07-43-20-utc-768x512.png 768w, https:\/\/web.escudoweb.com\/wp-content\/uploads\/2022\/02\/cybercrime-cyber-security-2021-09-02-07-43-20-utc-928x618.png 928w\" loading=\"eager\" style=\"--ratio: 768 \/ 512\" sizes=\"(max-width: 768px) 100vw, 768px\" alt=\"\" title=\"cybercrime-cyber-security-2021-09-02-07-43-20-utc\" width=\"768\" height=\"512\"  \/><\/a>\t<\/div>\n<\/div>\n\n\n<div class=\"post-entry-content\">\n\t<div class=\"post-entry-wrapper\">\n\t\t\t\t<h3 class=\"entry-title\">\n\t\t\t<a href=\"https:\/\/web.escudoweb.com\/index.php\/education-and-cybersecurity-compliance\/\" title=\"Education and cybersecurity compliance\" rel=\"bookmark\">Education and cybersecurity compliance<\/a>\n\t\t<\/h3>\n\n\t\t<div class=\"entry-meta\"><a href=\"https:\/\/web.escudoweb.com\/index.php\/2022\/02\/21\/\" title=\"08:31\" class=\"data-link\" rel=\"bookmark\"><time class=\"entry-date updated\" datetime=\"2022-02-21T08:31:10+02:00\">21 febrero 2022<\/time><\/a><\/div>\n\t\t<div class=\"entry-excerpt\"><p>[vc_row][vc_column][vc_column_text]Education, like most other sectors, has undergone in many countries a digital transformation in the last two years &#8211; and&hellip;<\/p>\n<\/div>\n\t\t\n<a href=\"https:\/\/web.escudoweb.com\/index.php\/education-and-cybersecurity-compliance\/\" class=\"dt-btn-s dt-btn post-details details-type-btn\" aria-label=\"Read more about Education and cybersecurity compliance\">Read more<i class=\"dt-icon-the7-arrow-03\" aria-hidden=\"true\"><\/i><\/a>\n\n\t<\/div>\n<\/div><\/article><article class=\"post post-3193 type-post status-publish format-standard has-post-thumbnail hentry category-news category-21\" data-name=\"La sencilla y barata medida con la que reducir el acoso escolar y mejorar el rendimiento acad\u00e9mico\" data-date=\"2022-02-16T12:10:49+02:00\">\n\n<div class=\"post-thumbnail-wrap\">\n\t<div class=\"post-thumbnail\">\n\t\t\n\t\t\n\t\t<a href=\"https:\/\/web.escudoweb.com\/index.php\/la-sencilla-y-barata-medida-con-la-que-reducir-el-acoso-escolar-y-mejorar-el-rendimiento-academico\/\" class=\"post-thumbnail-rollover layzr-bg\" ><img decoding=\"async\" class=\"preload-me owl-lazy-load aspect\" src=\"data:image\/svg+xml,%3Csvg%20xmlns%3D&#39;http%3A%2F%2Fwww.w3.org%2F2000%2Fsvg&#39;%20viewBox%3D&#39;0%200%20523%20349&#39;%2F%3E\" data-src=\"https:\/\/web.escudoweb.com\/wp-content\/uploads\/2022\/02\/nina-movil-acoso-U88137486152OZL-620x349@abc-523x349.jpg\" data-srcset=\"https:\/\/web.escudoweb.com\/wp-content\/uploads\/2022\/02\/nina-movil-acoso-U88137486152OZL-620x349@abc-523x349.jpg 523w\" loading=\"eager\" style=\"--ratio: 523 \/ 349\" sizes=\"(max-width: 523px) 100vw, 523px\" alt=\"\" title=\"Happy latin hispanic kid girl school student using smartphone in classroom.\" width=\"523\" height=\"349\"  \/><\/a>\t<\/div>\n<\/div>\n\n\n<div class=\"post-entry-content\">\n\t<div class=\"post-entry-wrapper\">\n\t\t\t\t<h3 class=\"entry-title\">\n\t\t\t<a href=\"https:\/\/web.escudoweb.com\/index.php\/la-sencilla-y-barata-medida-con-la-que-reducir-el-acoso-escolar-y-mejorar-el-rendimiento-academico\/\" title=\"La sencilla y barata medida con la que reducir el acoso escolar y mejorar el rendimiento acad\u00e9mico\" rel=\"bookmark\">La sencilla y barata medida con la que reducir el acoso escolar y mejorar el rendimiento acad\u00e9mico<\/a>\n\t\t<\/h3>\n\n\t\t<div class=\"entry-meta\"><a href=\"https:\/\/web.escudoweb.com\/index.php\/2022\/02\/16\/\" title=\"12:10\" class=\"data-link\" rel=\"bookmark\"><time class=\"entry-date updated\" datetime=\"2022-02-16T12:10:49+02:00\">16 febrero 2022<\/time><\/a><\/div>\n\t\t<div class=\"entry-excerpt\"><p>[vc_row][vc_column][vc_column_text]El tema del acoso escolar y el rendimiento de los ni\u00f1os es algo que todo padre quiere mejorar. Lo que&hellip;<\/p>\n<\/div>\n\t\t\n<a href=\"https:\/\/web.escudoweb.com\/index.php\/la-sencilla-y-barata-medida-con-la-que-reducir-el-acoso-escolar-y-mejorar-el-rendimiento-academico\/\" class=\"dt-btn-s dt-btn post-details details-type-btn\" aria-label=\"Read more about La sencilla y barata medida con la que reducir el acoso escolar y mejorar el rendimiento acad\u00e9mico\">Read more<i class=\"dt-icon-the7-arrow-03\" aria-hidden=\"true\"><\/i><\/a>\n\n\t<\/div>\n<\/div><\/article><article class=\"post post-3190 type-post status-publish format-standard has-post-thumbnail hentry category-news category-21\" data-name=\"\u2018Every move scrutinized\u2019: Facebook\u2019s rocky road to the metaverse\" data-date=\"2022-02-14T08:30:13+02:00\">\n\n<div class=\"post-thumbnail-wrap\">\n\t<div class=\"post-thumbnail\">\n\t\t\n\t\t\n\t\t<a href=\"https:\/\/web.escudoweb.com\/index.php\/every-move-scrutinized-facebooks-rocky-road-to-the-metaverse\/\" class=\"post-thumbnail-rollover layzr-bg\" ><img decoding=\"async\" class=\"preload-me owl-lazy-load aspect\" src=\"data:image\/svg+xml,%3Csvg%20xmlns%3D&#39;http%3A%2F%2Fwww.w3.org%2F2000%2Fsvg&#39;%20viewBox%3D&#39;0%200%20558%20371&#39;%2F%3E\" data-src=\"https:\/\/web.escudoweb.com\/wp-content\/uploads\/2022\/02\/6000-558x371.jpg\" data-srcset=\"https:\/\/web.escudoweb.com\/wp-content\/uploads\/2022\/02\/6000-558x371.jpg 558w, https:\/\/web.escudoweb.com\/wp-content\/uploads\/2022\/02\/6000-558x372.jpg 558w\" loading=\"eager\" style=\"--ratio: 558 \/ 371\" sizes=\"(max-width: 558px) 100vw, 558px\" alt=\"\" title=\"6000\" width=\"558\" height=\"371\"  \/><\/a>\t<\/div>\n<\/div>\n\n\n<div class=\"post-entry-content\">\n\t<div class=\"post-entry-wrapper\">\n\t\t\t\t<h3 class=\"entry-title\">\n\t\t\t<a href=\"https:\/\/web.escudoweb.com\/index.php\/every-move-scrutinized-facebooks-rocky-road-to-the-metaverse\/\" title=\"\u2018Every move scrutinized\u2019: Facebook\u2019s rocky road to the metaverse\" rel=\"bookmark\">\u2018Every move scrutinized\u2019: Facebook\u2019s rocky road to the metaverse<\/a>\n\t\t<\/h3>\n\n\t\t<div class=\"entry-meta\"><a href=\"https:\/\/web.escudoweb.com\/index.php\/2022\/02\/14\/\" title=\"08:30\" class=\"data-link\" rel=\"bookmark\"><time class=\"entry-date updated\" datetime=\"2022-02-14T08:30:13+02:00\">14 febrero 2022<\/time><\/a><\/div>\n\t\t<div class=\"entry-excerpt\"><p>[vc_row][vc_column][vc_column_text]Meta, previously known as Facebook, has been through some tough situations in the last six months. Following Frances Haugen\u00b4s revelations&hellip;<\/p>\n<\/div>\n\t\t\n<a href=\"https:\/\/web.escudoweb.com\/index.php\/every-move-scrutinized-facebooks-rocky-road-to-the-metaverse\/\" class=\"dt-btn-s dt-btn post-details details-type-btn\" aria-label=\"Read more about \u2018Every move scrutinized\u2019: Facebook\u2019s rocky road to the metaverse\">Read more<i class=\"dt-icon-the7-arrow-03\" aria-hidden=\"true\"><\/i><\/a>\n\n\t<\/div>\n<\/div><\/article><article class=\"post post-3187 type-post status-publish format-standard has-post-thumbnail hentry category-news category-21\" data-name=\"Our Kids Are Behind in School. Here\u2019s How to Help Them\" data-date=\"2022-02-11T09:30:37+02:00\">\n\n<div class=\"post-thumbnail-wrap\">\n\t<div class=\"post-thumbnail\">\n\t\t\n\t\t\n\t\t<a href=\"https:\/\/web.escudoweb.com\/index.php\/our-kids-are-behind-in-school-heres-how-to-help-them\/\" class=\"post-thumbnail-rollover layzr-bg\" ><img decoding=\"async\" class=\"preload-me owl-lazy-load aspect\" src=\"data:image\/svg+xml,%3Csvg%20xmlns%3D&#39;http%3A%2F%2Fwww.w3.org%2F2000%2Fsvg&#39;%20viewBox%3D&#39;0%200%20768%20512&#39;%2F%3E\" data-src=\"https:\/\/web.escudoweb.com\/wp-content\/uploads\/2022\/02\/10Kang-image-superJumbo-768x512.jpg\" data-srcset=\"https:\/\/web.escudoweb.com\/wp-content\/uploads\/2022\/02\/10Kang-image-superJumbo-768x512.jpg 768w, https:\/\/web.escudoweb.com\/wp-content\/uploads\/2022\/02\/10Kang-image-superJumbo-1080x720.jpg 1080w\" loading=\"eager\" style=\"--ratio: 768 \/ 512\" sizes=\"(max-width: 768px) 100vw, 768px\" alt=\"\" title=\"10Kang-image-superJumbo\" width=\"768\" height=\"512\"  \/><\/a>\t<\/div>\n<\/div>\n\n\n<div class=\"post-entry-content\">\n\t<div class=\"post-entry-wrapper\">\n\t\t\t\t<h3 class=\"entry-title\">\n\t\t\t<a href=\"https:\/\/web.escudoweb.com\/index.php\/our-kids-are-behind-in-school-heres-how-to-help-them\/\" title=\"Our Kids Are Behind in School. Here\u2019s How to Help Them\" rel=\"bookmark\">Our Kids Are Behind in School. Here\u2019s How to Help Them<\/a>\n\t\t<\/h3>\n\n\t\t<div class=\"entry-meta\"><a href=\"https:\/\/web.escudoweb.com\/index.php\/2022\/02\/11\/\" title=\"09:30\" class=\"data-link\" rel=\"bookmark\"><time class=\"entry-date updated\" datetime=\"2022-02-11T09:30:37+02:00\">11 febrero 2022<\/time><\/a><\/div>\n\t\t<div class=\"entry-excerpt\"><p>[vc_row][vc_column][vc_column_text]There have been times in the past when schools have been closed (Hurricane Katrina in New Orleans in 2005), albeit&hellip;<\/p>\n<\/div>\n\t\t\n<a href=\"https:\/\/web.escudoweb.com\/index.php\/our-kids-are-behind-in-school-heres-how-to-help-them\/\" class=\"dt-btn-s dt-btn post-details details-type-btn\" aria-label=\"Read more about Our Kids Are Behind in School. Here\u2019s How to Help Them\">Read more<i class=\"dt-icon-the7-arrow-03\" aria-hidden=\"true\"><\/i><\/a>\n\n\t<\/div>\n<\/div><\/article><article class=\"post post-3182 type-post status-publish format-standard has-post-thumbnail hentry category-news category-21\" data-name=\"La edad ideal para el primer m\u00f3vil tampoco existe\" data-date=\"2022-02-09T08:37:23+02:00\">\n\n<div class=\"post-thumbnail-wrap\">\n\t<div class=\"post-thumbnail\">\n\t\t\n\t\t\n\t\t<a href=\"https:\/\/web.escudoweb.com\/index.php\/la-edad-ideal-para-el-primer-movil-tampoco-existe\/\" class=\"post-thumbnail-rollover layzr-bg\" ><img decoding=\"async\" class=\"preload-me owl-lazy-load aspect\" src=\"data:image\/svg+xml,%3Csvg%20xmlns%3D&#39;http%3A%2F%2Fwww.w3.org%2F2000%2Fsvg&#39;%20viewBox%3D&#39;0%200%20768%20512&#39;%2F%3E\" data-src=\"https:\/\/web.escudoweb.com\/wp-content\/uploads\/2022\/02\/7HOP3YNVWDPGDVMLJY4OX7LWZE-768x512.jpg\" data-srcset=\"https:\/\/web.escudoweb.com\/wp-content\/uploads\/2022\/02\/7HOP3YNVWDPGDVMLJY4OX7LWZE-768x512.jpg 768w, https:\/\/web.escudoweb.com\/wp-content\/uploads\/2022\/02\/7HOP3YNVWDPGDVMLJY4OX7LWZE-1152x768.jpg 1152w\" loading=\"eager\" style=\"--ratio: 768 \/ 512\" sizes=\"(max-width: 768px) 100vw, 768px\" alt=\"\" title=\"7HOP3YNVWDPGDVMLJY4OX7LWZE\" width=\"768\" height=\"512\"  \/><\/a>\t<\/div>\n<\/div>\n\n\n<div class=\"post-entry-content\">\n\t<div class=\"post-entry-wrapper\">\n\t\t\t\t<h3 class=\"entry-title\">\n\t\t\t<a href=\"https:\/\/web.escudoweb.com\/index.php\/la-edad-ideal-para-el-primer-movil-tampoco-existe\/\" title=\"La edad ideal para el primer m\u00f3vil tampoco existe\" rel=\"bookmark\">La edad ideal para el primer m\u00f3vil tampoco existe<\/a>\n\t\t<\/h3>\n\n\t\t<div class=\"entry-meta\"><a href=\"https:\/\/web.escudoweb.com\/index.php\/2022\/02\/09\/\" title=\"08:37\" class=\"data-link\" rel=\"bookmark\"><time class=\"entry-date updated\" datetime=\"2022-02-09T08:37:23+02:00\">9 febrero 2022<\/time><\/a><\/div>\n\t\t<div class=\"entry-excerpt\"><p>[vc_row][vc_column][vc_column_text]La \u00e9poca de navidades\/reyes suele ser el momento id\u00f3neo para la compra de un tel\u00e9fono m\u00f3vil para un ni\u00f1o, aunque&hellip;<\/p>\n<\/div>\n\t\t\n<a href=\"https:\/\/web.escudoweb.com\/index.php\/la-edad-ideal-para-el-primer-movil-tampoco-existe\/\" class=\"dt-btn-s dt-btn post-details details-type-btn\" aria-label=\"Read more about La edad ideal para el primer m\u00f3vil tampoco existe\">Read more<i class=\"dt-icon-the7-arrow-03\" aria-hidden=\"true\"><\/i><\/a>\n\n\t<\/div>\n<\/div><\/article><article class=\"post post-3179 type-post status-publish format-standard has-post-thumbnail hentry category-news category-21\" data-name=\"What a Brazilian state can teach the world about education\" data-date=\"2022-02-07T08:16:35+02:00\">\n\n<div class=\"post-thumbnail-wrap\">\n\t<div class=\"post-thumbnail\">\n\t\t\n\t\t\n\t\t<a href=\"https:\/\/web.escudoweb.com\/index.php\/what-a-brazilian-state-can-teach-the-world-about-education\/\" class=\"post-thumbnail-rollover layzr-bg\" ><img decoding=\"async\" class=\"preload-me owl-lazy-load aspect\" src=\"data:image\/svg+xml,%3Csvg%20xmlns%3D&#39;http%3A%2F%2Fwww.w3.org%2F2000%2Fsvg&#39;%20viewBox%3D&#39;0%200%20768%20512&#39;%2F%3E\" data-src=\"https:\/\/web.escudoweb.com\/wp-content\/uploads\/2022\/02\/20211218_AMP001_0-768x512.jpg\" data-srcset=\"https:\/\/web.escudoweb.com\/wp-content\/uploads\/2022\/02\/20211218_AMP001_0-768x512.jpg 768w, https:\/\/web.escudoweb.com\/wp-content\/uploads\/2022\/02\/20211218_AMP001_0-844x563.jpg 844w\" loading=\"eager\" style=\"--ratio: 768 \/ 512\" sizes=\"(max-width: 768px) 100vw, 768px\" alt=\"\" title=\"20211218_AMP001_0\" width=\"768\" height=\"512\"  \/><\/a>\t<\/div>\n<\/div>\n\n\n<div class=\"post-entry-content\">\n\t<div class=\"post-entry-wrapper\">\n\t\t\t\t<h3 class=\"entry-title\">\n\t\t\t<a href=\"https:\/\/web.escudoweb.com\/index.php\/what-a-brazilian-state-can-teach-the-world-about-education\/\" title=\"What a Brazilian state can teach the world about education\" rel=\"bookmark\">What a Brazilian state can teach the world about education<\/a>\n\t\t<\/h3>\n\n\t\t<div class=\"entry-meta\"><a href=\"https:\/\/web.escudoweb.com\/index.php\/2022\/02\/07\/\" title=\"08:16\" class=\"data-link\" rel=\"bookmark\"><time class=\"entry-date updated\" datetime=\"2022-02-07T08:16:35+02:00\">7 febrero 2022<\/time><\/a><\/div>\n\t\t<div class=\"entry-excerpt\"><p>[vc_row][vc_column][vc_column_text]Governments and Education systems around the world have all been struggling to find ways forward since the start of the&hellip;<\/p>\n<\/div>\n\t\t\n<a href=\"https:\/\/web.escudoweb.com\/index.php\/what-a-brazilian-state-can-teach-the-world-about-education\/\" class=\"dt-btn-s dt-btn post-details details-type-btn\" aria-label=\"Read more about What a Brazilian state can teach the world about education\">Read more<i class=\"dt-icon-the7-arrow-03\" aria-hidden=\"true\"><\/i><\/a>\n\n\t<\/div>\n<\/div><\/article><article class=\"post post-3175 type-post status-publish format-standard has-post-thumbnail hentry category-news category-21\" data-name=\"\u2018Spilling the Tea,\u2019 the Cyberbullying Tactic Plaguing Schools, Parents and Students\" data-date=\"2022-02-04T08:35:28+02:00\">\n\n<div class=\"post-thumbnail-wrap\">\n\t<div class=\"post-thumbnail\">\n\t\t\n\t\t\n\t\t<a href=\"https:\/\/web.escudoweb.com\/index.php\/spilling-the-tea-the-cyberbullying-tactic-plaguing-schools-parents-and-students\/\" class=\"post-thumbnail-rollover layzr-bg\" ><img decoding=\"async\" class=\"preload-me owl-lazy-load aspect\" src=\"data:image\/svg+xml,%3Csvg%20xmlns%3D&#39;http%3A%2F%2Fwww.w3.org%2F2000%2Fsvg&#39;%20viewBox%3D&#39;0%200%20600%20400&#39;%2F%3E\" data-src=\"https:\/\/web.escudoweb.com\/wp-content\/uploads\/2022\/02\/1643393596935-600x400.jpg\" data-srcset=\"https:\/\/web.escudoweb.com\/wp-content\/uploads\/2022\/02\/1643393596935-600x400.jpg 600w\" loading=\"eager\" style=\"--ratio: 600 \/ 400\" sizes=\"(max-width: 600px) 100vw, 600px\" alt=\"\" title=\"1643393596935\" width=\"600\" height=\"400\"  \/><\/a>\t<\/div>\n<\/div>\n\n\n<div class=\"post-entry-content\">\n\t<div class=\"post-entry-wrapper\">\n\t\t\t\t<h3 class=\"entry-title\">\n\t\t\t<a href=\"https:\/\/web.escudoweb.com\/index.php\/spilling-the-tea-the-cyberbullying-tactic-plaguing-schools-parents-and-students\/\" title=\"\u2018Spilling the Tea,\u2019 the Cyberbullying Tactic Plaguing Schools, Parents and Students\" rel=\"bookmark\">\u2018Spilling the Tea,\u2019 the Cyberbullying Tactic Plaguing Schools, Parents and Students<\/a>\n\t\t<\/h3>\n\n\t\t<div class=\"entry-meta\"><a href=\"https:\/\/web.escudoweb.com\/index.php\/2022\/02\/04\/\" title=\"08:35\" class=\"data-link\" rel=\"bookmark\"><time class=\"entry-date updated\" datetime=\"2022-02-04T08:35:28+02:00\">4 febrero 2022<\/time><\/a><\/div>\n\t\t<div class=\"entry-excerpt\"><p>[vc_row][vc_column][vc_column_text]We have written and commented on many articles in the press on Social Media and about some of the issues&hellip;<\/p>\n<\/div>\n\t\t\n<a href=\"https:\/\/web.escudoweb.com\/index.php\/spilling-the-tea-the-cyberbullying-tactic-plaguing-schools-parents-and-students\/\" class=\"dt-btn-s dt-btn post-details details-type-btn\" aria-label=\"Read more about \u2018Spilling the Tea,\u2019 the Cyberbullying Tactic Plaguing Schools, Parents and Students\">Read more<i class=\"dt-icon-the7-arrow-03\" aria-hidden=\"true\"><\/i><\/a>\n\n\t<\/div>\n<\/div><\/article><article class=\"post post-3172 type-post status-publish format-standard has-post-thumbnail hentry category-news category-21\" data-name=\"Javier Urra: \u00abProporcionar un smartphone a un ni\u00f1o es una decisi\u00f3n que conlleva una gran responsabilidad\u00bb\" data-date=\"2022-02-02T11:32:58+02:00\">\n\n<div class=\"post-thumbnail-wrap\">\n\t<div class=\"post-thumbnail\">\n\t\t\n\t\t\n\t\t<a href=\"https:\/\/web.escudoweb.com\/index.php\/javier-urra-proporcionar-un-smartphone-a-un-nino-es-una-decision-que-conlleva-una-gran-responsabilidad\/\" class=\"post-thumbnail-rollover layzr-bg\" ><img decoding=\"async\" class=\"preload-me owl-lazy-load aspect\" src=\"data:image\/svg+xml,%3Csvg%20xmlns%3D&#39;http%3A%2F%2Fwww.w3.org%2F2000%2Fsvg&#39;%20viewBox%3D&#39;0%200%20523%20349&#39;%2F%3E\" data-src=\"https:\/\/web.escudoweb.com\/wp-content\/uploads\/2022\/02\/smartphone-kmPI-620x349@abc-523x349.jpg\" data-srcset=\"https:\/\/web.escudoweb.com\/wp-content\/uploads\/2022\/02\/smartphone-kmPI-620x349@abc-523x349.jpg 523w\" loading=\"eager\" style=\"--ratio: 523 \/ 349\" sizes=\"(max-width: 523px) 100vw, 523px\" alt=\"\" title=\"smartphone-kmPI&#8211;620&#215;349@abc\" width=\"523\" height=\"349\"  \/><\/a>\t<\/div>\n<\/div>\n\n\n<div class=\"post-entry-content\">\n\t<div class=\"post-entry-wrapper\">\n\t\t\t\t<h3 class=\"entry-title\">\n\t\t\t<a href=\"https:\/\/web.escudoweb.com\/index.php\/javier-urra-proporcionar-un-smartphone-a-un-nino-es-una-decision-que-conlleva-una-gran-responsabilidad\/\" title=\"Javier Urra: \u00abProporcionar un smartphone a un ni\u00f1o es una decisi\u00f3n que conlleva una gran responsabilidad\u00bb\" rel=\"bookmark\">Javier Urra: \u00abProporcionar un smartphone a un ni\u00f1o es una decisi\u00f3n que conlleva una gran responsabilidad\u00bb<\/a>\n\t\t<\/h3>\n\n\t\t<div class=\"entry-meta\"><a href=\"https:\/\/web.escudoweb.com\/index.php\/2022\/02\/02\/\" title=\"11:32\" class=\"data-link\" rel=\"bookmark\"><time class=\"entry-date updated\" datetime=\"2022-02-02T11:32:58+02:00\">2 febrero 2022<\/time><\/a><\/div>\n\t\t<div class=\"entry-excerpt\"><p>[vc_row][vc_column][vc_column_text]En los peri\u00f3dicos se sigue comentando la necesidad de un ni\u00f1o de tener un smartphone y los beneficios de esto.&hellip;<\/p>\n<\/div>\n\t\t\n<a href=\"https:\/\/web.escudoweb.com\/index.php\/javier-urra-proporcionar-un-smartphone-a-un-nino-es-una-decision-que-conlleva-una-gran-responsabilidad\/\" class=\"dt-btn-s dt-btn post-details details-type-btn\" aria-label=\"Read more about Javier Urra: \u00abProporcionar un smartphone a un ni\u00f1o es una decisi\u00f3n que conlleva una gran responsabilidad\u00bb\">Read more<i class=\"dt-icon-the7-arrow-03\" aria-hidden=\"true\"><\/i><\/a>\n\n\t<\/div>\n<\/div><\/article><article class=\"post post-3169 type-post status-publish format-standard has-post-thumbnail hentry category-news category-21\" data-name=\"The Times view on Estonia and education reform: Lessons from Abroad\" data-date=\"2022-01-31T08:21:57+02:00\">\n\n<div class=\"post-thumbnail-wrap\">\n\t<div class=\"post-thumbnail\">\n\t\t\n\t\t\n\t\t<a href=\"https:\/\/web.escudoweb.com\/index.php\/the-times-view-on-estonia-and-education-reform-lessons-from-abroad\/\" class=\"post-thumbnail-rollover layzr-bg\" ><img decoding=\"async\" class=\"preload-me owl-lazy-load aspect\" src=\"data:image\/svg+xml,%3Csvg%20xmlns%3D&#39;http%3A%2F%2Fwww.w3.org%2F2000%2Fsvg&#39;%20viewBox%3D&#39;0%200%20768%20512&#39;%2F%3E\" data-src=\"https:\/\/web.escudoweb.com\/wp-content\/uploads\/2022\/01\/methode_times_prod_web_bin_c588f184-3e6e-11ec-a9ce-48a11f44f00d-768x512.jpg\" data-srcset=\"https:\/\/web.escudoweb.com\/wp-content\/uploads\/2022\/01\/methode_times_prod_web_bin_c588f184-3e6e-11ec-a9ce-48a11f44f00d-768x512.jpg 768w, https:\/\/web.escudoweb.com\/wp-content\/uploads\/2022\/01\/methode_times_prod_web_bin_c588f184-3e6e-11ec-a9ce-48a11f44f00d-1152x768.jpg 1152w\" loading=\"eager\" style=\"--ratio: 768 \/ 512\" sizes=\"(max-width: 768px) 100vw, 768px\" alt=\"\" title=\"_methode_times_prod_web_bin_c588f184-3e6e-11ec-a9ce-48a11f44f00d\" width=\"768\" height=\"512\"  \/><\/a>\t<\/div>\n<\/div>\n\n\n<div class=\"post-entry-content\">\n\t<div class=\"post-entry-wrapper\">\n\t\t\t\t<h3 class=\"entry-title\">\n\t\t\t<a href=\"https:\/\/web.escudoweb.com\/index.php\/the-times-view-on-estonia-and-education-reform-lessons-from-abroad\/\" title=\"The Times view on Estonia and education reform: Lessons from Abroad\" rel=\"bookmark\">The Times view on Estonia and education reform: Lessons from Abroad<\/a>\n\t\t<\/h3>\n\n\t\t<div class=\"entry-meta\"><a href=\"https:\/\/web.escudoweb.com\/index.php\/2022\/01\/31\/\" title=\"08:21\" class=\"data-link\" rel=\"bookmark\"><time class=\"entry-date updated\" datetime=\"2022-01-31T08:21:57+02:00\">31 enero 2022<\/time><\/a><\/div>\n\t\t<div class=\"entry-excerpt\"><p>[vc_row][vc_column][vc_column_text]Each country&#8217;s education system tends to be viewed internally as the best it possibly could be. This article from The&hellip;<\/p>\n<\/div>\n\t\t\n<a href=\"https:\/\/web.escudoweb.com\/index.php\/the-times-view-on-estonia-and-education-reform-lessons-from-abroad\/\" class=\"dt-btn-s dt-btn post-details details-type-btn\" aria-label=\"Read more about The Times view on Estonia and education reform: Lessons from Abroad\">Read more<i class=\"dt-icon-the7-arrow-03\" aria-hidden=\"true\"><\/i><\/a>\n\n\t<\/div>\n<\/div><\/article><article class=\"post post-3165 type-post status-publish format-standard has-post-thumbnail hentry category-news category-21\" data-name=\"Tech-Savvy Kids Defeat Apple\u2019s and Others\u2019 Parental-Control Features\" data-date=\"2022-01-28T08:18:39+02:00\">\n\n<div class=\"post-thumbnail-wrap\">\n\t<div class=\"post-thumbnail\">\n\t\t\n\t\t\n\t\t<a href=\"https:\/\/web.escudoweb.com\/index.php\/tech-savvy-kids-defeat-apples-and-others-parental-control-features\/\" class=\"post-thumbnail-rollover layzr-bg\" ><img decoding=\"async\" class=\"preload-me owl-lazy-load aspect\" src=\"data:image\/svg+xml,%3Csvg%20xmlns%3D&#39;http%3A%2F%2Fwww.w3.org%2F2000%2Fsvg&#39;%20viewBox%3D&#39;0%200%20600%20400&#39;%2F%3E\" data-src=\"https:\/\/web.escudoweb.com\/wp-content\/uploads\/2022\/01\/1643312813564-600x400.jpg\" data-srcset=\"https:\/\/web.escudoweb.com\/wp-content\/uploads\/2022\/01\/1643312813564-600x400.jpg 600w\" loading=\"eager\" style=\"--ratio: 600 \/ 400\" sizes=\"(max-width: 600px) 100vw, 600px\" alt=\"\" title=\"1643312813564\" width=\"600\" height=\"400\"  \/><\/a>\t<\/div>\n<\/div>\n\n\n<div class=\"post-entry-content\">\n\t<div class=\"post-entry-wrapper\">\n\t\t\t\t<h3 class=\"entry-title\">\n\t\t\t<a href=\"https:\/\/web.escudoweb.com\/index.php\/tech-savvy-kids-defeat-apples-and-others-parental-control-features\/\" title=\"Tech-Savvy Kids Defeat Apple\u2019s and Others\u2019 Parental-Control Features\" rel=\"bookmark\">Tech-Savvy Kids Defeat Apple\u2019s and Others\u2019 Parental-Control Features<\/a>\n\t\t<\/h3>\n\n\t\t<div class=\"entry-meta\"><a href=\"https:\/\/web.escudoweb.com\/index.php\/2022\/01\/28\/\" title=\"08:18\" class=\"data-link\" rel=\"bookmark\"><time class=\"entry-date updated\" datetime=\"2022-01-28T08:18:39+02:00\">28 enero 2022<\/time><\/a><\/div>\n\t\t<div class=\"entry-excerpt\"><p>[vc_row][vc_column][vc_column_text]As any parent knows, children are a few steps ahead of them in most things, but especially technology. Sadly as&hellip;<\/p>\n<\/div>\n\t\t\n<a href=\"https:\/\/web.escudoweb.com\/index.php\/tech-savvy-kids-defeat-apples-and-others-parental-control-features\/\" class=\"dt-btn-s dt-btn post-details details-type-btn\" aria-label=\"Read more about Tech-Savvy Kids Defeat Apple\u2019s and Others\u2019 Parental-Control Features\">Read more<i class=\"dt-icon-the7-arrow-03\" aria-hidden=\"true\"><\/i><\/a>\n\n\t<\/div>\n<\/div><\/article><article class=\"post post-3162 type-post status-publish format-standard has-post-thumbnail hentry category-news category-21\" data-name=\"\u00bfCu\u00e1les son los h\u00e1bitos de los ni\u00f1os frente a la pantalla? Este es el tiempo de consumo y las aplicaciones de \u00e9xito\" data-date=\"2022-01-26T09:45:35+02:00\">\n\n<div class=\"post-thumbnail-wrap\">\n\t<div class=\"post-thumbnail\">\n\t\t\n\t\t\n\t\t<a href=\"https:\/\/web.escudoweb.com\/index.php\/cuales-son-los-habitos-de-los-ninos-frente-a-la-pantalla-este-es-el-tiempo-de-consumo-y-las-aplicaciones-de-exito\/\" class=\"post-thumbnail-rollover layzr-bg\" ><img decoding=\"async\" class=\"preload-me owl-lazy-load aspect\" src=\"data:image\/svg+xml,%3Csvg%20xmlns%3D&#39;http%3A%2F%2Fwww.w3.org%2F2000%2Fsvg&#39;%20viewBox%3D&#39;0%200%20697%20465&#39;%2F%3E\" data-src=\"https:\/\/web.escudoweb.com\/wp-content\/uploads\/2022\/01\/5faa6e737efb2-697x465.jpeg\" data-srcset=\"https:\/\/web.escudoweb.com\/wp-content\/uploads\/2022\/01\/5faa6e737efb2-697x465.jpeg 697w\" loading=\"eager\" style=\"--ratio: 697 \/ 465\" sizes=\"(max-width: 697px) 100vw, 697px\" alt=\"\" title=\"5faa6e737efb2\" width=\"697\" height=\"465\"  \/><\/a>\t<\/div>\n<\/div>\n\n\n<div class=\"post-entry-content\">\n\t<div class=\"post-entry-wrapper\">\n\t\t\t\t<h3 class=\"entry-title\">\n\t\t\t<a href=\"https:\/\/web.escudoweb.com\/index.php\/cuales-son-los-habitos-de-los-ninos-frente-a-la-pantalla-este-es-el-tiempo-de-consumo-y-las-aplicaciones-de-exito\/\" title=\"\u00bfCu\u00e1les son los h\u00e1bitos de los ni\u00f1os frente a la pantalla? Este es el tiempo de consumo y las aplicaciones de \u00e9xito\" rel=\"bookmark\">\u00bfCu\u00e1les son los h\u00e1bitos de los ni\u00f1os frente a la pantalla? Este es el tiempo de consumo y las aplicaciones de \u00e9xito<\/a>\n\t\t<\/h3>\n\n\t\t<div class=\"entry-meta\"><a href=\"https:\/\/web.escudoweb.com\/index.php\/2022\/01\/26\/\" title=\"09:45\" class=\"data-link\" rel=\"bookmark\"><time class=\"entry-date updated\" datetime=\"2022-01-26T09:45:35+02:00\">26 enero 2022<\/time><\/a><\/div>\n\t\t<div class=\"entry-excerpt\"><p>[vc_row][vc_column][vc_column_text]La tecnolog\u00eda es una espada de doble filo. Por un lado nos ha facilitado mucho durante toda la pandemia, como&hellip;<\/p>\n<\/div>\n\t\t\n<a href=\"https:\/\/web.escudoweb.com\/index.php\/cuales-son-los-habitos-de-los-ninos-frente-a-la-pantalla-este-es-el-tiempo-de-consumo-y-las-aplicaciones-de-exito\/\" class=\"dt-btn-s dt-btn post-details details-type-btn\" aria-label=\"Read more about \u00bfCu\u00e1les son los h\u00e1bitos de los ni\u00f1os frente a la pantalla? Este es el tiempo de consumo y las aplicaciones de \u00e9xito\">Read more<i class=\"dt-icon-the7-arrow-03\" aria-hidden=\"true\"><\/i><\/a>\n\n\t<\/div>\n<\/div><\/article><article class=\"post post-3159 type-post status-publish format-standard has-post-thumbnail hentry category-news category-21\" data-name=\"The Dangerous Experiment on Teen Girls\" data-date=\"2022-01-24T08:17:08+02:00\">\n\n<div class=\"post-thumbnail-wrap\">\n\t<div class=\"post-thumbnail\">\n\t\t\n\t\t\n\t\t<a href=\"https:\/\/web.escudoweb.com\/index.php\/the-dangerous-experiment-on-teen-girls\/\" class=\"post-thumbnail-rollover layzr-bg\" ><img decoding=\"async\" class=\"preload-me owl-lazy-load aspect\" src=\"data:image\/svg+xml,%3Csvg%20xmlns%3D&#39;http%3A%2F%2Fwww.w3.org%2F2000%2Fsvg&#39;%20viewBox%3D&#39;0%200%20768%20512&#39;%2F%3E\" data-src=\"https:\/\/web.escudoweb.com\/wp-content\/uploads\/2022\/01\/original-768x512.png\" data-srcset=\"https:\/\/web.escudoweb.com\/wp-content\/uploads\/2022\/01\/original-768x512.png 768w, https:\/\/web.escudoweb.com\/wp-content\/uploads\/2022\/01\/original-823x549.png 823w\" loading=\"eager\" style=\"--ratio: 768 \/ 512\" sizes=\"(max-width: 768px) 100vw, 768px\" alt=\"\" title=\"original\" width=\"768\" height=\"512\"  \/><\/a>\t<\/div>\n<\/div>\n\n\n<div class=\"post-entry-content\">\n\t<div class=\"post-entry-wrapper\">\n\t\t\t\t<h3 class=\"entry-title\">\n\t\t\t<a href=\"https:\/\/web.escudoweb.com\/index.php\/the-dangerous-experiment-on-teen-girls\/\" title=\"The Dangerous Experiment on Teen Girls\" rel=\"bookmark\">The Dangerous Experiment on Teen Girls<\/a>\n\t\t<\/h3>\n\n\t\t<div class=\"entry-meta\"><a href=\"https:\/\/web.escudoweb.com\/index.php\/2022\/01\/24\/\" title=\"08:17\" class=\"data-link\" rel=\"bookmark\"><time class=\"entry-date updated\" datetime=\"2022-01-24T08:17:08+02:00\">24 enero 2022<\/time><\/a><\/div>\n\t\t<div class=\"entry-excerpt\"><p>[vc_row][vc_column][vc_column_text]One has to wonder whether after all the unfavourable reports, Frances Haugen\u00b4s revelations and subsequent harsh comments at all levels&hellip;<\/p>\n<\/div>\n\t\t\n<a href=\"https:\/\/web.escudoweb.com\/index.php\/the-dangerous-experiment-on-teen-girls\/\" class=\"dt-btn-s dt-btn post-details details-type-btn\" aria-label=\"Read more about The Dangerous Experiment on Teen Girls\">Read more<i class=\"dt-icon-the7-arrow-03\" aria-hidden=\"true\"><\/i><\/a>\n\n\t<\/div>\n<\/div><\/article><article class=\"post post-3156 type-post status-publish format-standard has-post-thumbnail hentry category-news category-21\" data-name=\"Facebook, Citing Societal Concerns, Plans to Shut Down Facial Recognition System\" data-date=\"2022-01-21T09:58:52+02:00\">\n\n<div class=\"post-thumbnail-wrap\">\n\t<div class=\"post-thumbnail\">\n\t\t\n\t\t\n\t\t<a href=\"https:\/\/web.escudoweb.com\/index.php\/facebook-citing-societal-concerns-plans-to-shut-down-facial-recognition-system\/\" class=\"post-thumbnail-rollover layzr-bg\" ><img decoding=\"async\" class=\"preload-me owl-lazy-load aspect\" src=\"data:image\/svg+xml,%3Csvg%20xmlns%3D&#39;http%3A%2F%2Fwww.w3.org%2F2000%2Fsvg&#39;%20viewBox%3D&#39;0%200%20768%20512&#39;%2F%3E\" data-src=\"https:\/\/web.escudoweb.com\/wp-content\/uploads\/2022\/01\/merlin_196968042_439d9753-232e-4aae-827e-ec100c125d89-superJumbo-768x512.jpg\" data-srcset=\"https:\/\/web.escudoweb.com\/wp-content\/uploads\/2022\/01\/merlin_196968042_439d9753-232e-4aae-827e-ec100c125d89-superJumbo-768x512.jpg 768w, https:\/\/web.escudoweb.com\/wp-content\/uploads\/2022\/01\/merlin_196968042_439d9753-232e-4aae-827e-ec100c125d89-superJumbo-1152x768.jpg 1152w\" loading=\"eager\" style=\"--ratio: 768 \/ 512\" sizes=\"(max-width: 768px) 100vw, 768px\" alt=\"\" title=\"merlin_196968042_439d9753-232e-4aae-827e-ec100c125d89-superJumbo\" width=\"768\" height=\"512\"  \/><\/a>\t<\/div>\n<\/div>\n\n\n<div class=\"post-entry-content\">\n\t<div class=\"post-entry-wrapper\">\n\t\t\t\t<h3 class=\"entry-title\">\n\t\t\t<a href=\"https:\/\/web.escudoweb.com\/index.php\/facebook-citing-societal-concerns-plans-to-shut-down-facial-recognition-system\/\" title=\"Facebook, Citing Societal Concerns, Plans to Shut Down Facial Recognition System\" rel=\"bookmark\">Facebook, Citing Societal Concerns, Plans to Shut Down Facial Recognition System<\/a>\n\t\t<\/h3>\n\n\t\t<div class=\"entry-meta\"><a href=\"https:\/\/web.escudoweb.com\/index.php\/2022\/01\/21\/\" title=\"09:58\" class=\"data-link\" rel=\"bookmark\"><time class=\"entry-date updated\" datetime=\"2022-01-21T09:58:52+02:00\">21 enero 2022<\/time><\/a><\/div>\n\t\t<div class=\"entry-excerpt\"><p>[vc_row][vc_column][vc_column_text]As Facebook &#8211; now Meta &#8211; started to receive some of the backlash of their \u201cprofit first, privacy last\u201d policy,&hellip;<\/p>\n<\/div>\n\t\t\n<a href=\"https:\/\/web.escudoweb.com\/index.php\/facebook-citing-societal-concerns-plans-to-shut-down-facial-recognition-system\/\" class=\"dt-btn-s dt-btn post-details details-type-btn\" aria-label=\"Read more about Facebook, Citing Societal Concerns, Plans to Shut Down Facial Recognition System\">Read more<i class=\"dt-icon-the7-arrow-03\" aria-hidden=\"true\"><\/i><\/a>\n\n\t<\/div>\n<\/div><\/article><article class=\"post post-3151 type-post status-publish format-standard has-post-thumbnail hentry category-news category-21\" data-name=\"Jordan Shapiro: \u201cHay que darle un m\u00f3vil a un ni\u00f1o antes de los 13 a\u00f1os, cuando todav\u00eda se deja aconsejar\u201d\" data-date=\"2022-01-19T11:27:58+02:00\">\n\n<div class=\"post-thumbnail-wrap\">\n\t<div class=\"post-thumbnail\">\n\t\t\n\t\t\n\t\t<a href=\"https:\/\/web.escudoweb.com\/index.php\/jordan-shapiro-hay-que-darle-un-movil-a-un-nino-antes-de-los-13-anos-cuando-todavia-se-deja-aconsejar\/\" class=\"post-thumbnail-rollover layzr-bg\" ><img decoding=\"async\" class=\"preload-me owl-lazy-load aspect\" src=\"data:image\/svg+xml,%3Csvg%20xmlns%3D&#39;http%3A%2F%2Fwww.w3.org%2F2000%2Fsvg&#39;%20viewBox%3D&#39;0%200%20768%20512&#39;%2F%3E\" data-src=\"https:\/\/web.escudoweb.com\/wp-content\/uploads\/2022\/01\/UUHSAZAKPBDIXAIFBMGJ4TGLFQ-768x512.jpg\" data-srcset=\"https:\/\/web.escudoweb.com\/wp-content\/uploads\/2022\/01\/UUHSAZAKPBDIXAIFBMGJ4TGLFQ-768x512.jpg 768w, https:\/\/web.escudoweb.com\/wp-content\/uploads\/2022\/01\/UUHSAZAKPBDIXAIFBMGJ4TGLFQ-1152x768.jpg 1152w\" loading=\"eager\" style=\"--ratio: 768 \/ 512\" sizes=\"(max-width: 768px) 100vw, 768px\" alt=\"\" title=\"UUHSAZAKPBDIXAIFBMGJ4TGLFQ\" width=\"768\" height=\"512\"  \/><\/a>\t<\/div>\n<\/div>\n\n\n<div class=\"post-entry-content\">\n\t<div class=\"post-entry-wrapper\">\n\t\t\t\t<h3 class=\"entry-title\">\n\t\t\t<a href=\"https:\/\/web.escudoweb.com\/index.php\/jordan-shapiro-hay-que-darle-un-movil-a-un-nino-antes-de-los-13-anos-cuando-todavia-se-deja-aconsejar\/\" title=\"Jordan Shapiro: \u201cHay que darle un m\u00f3vil a un ni\u00f1o antes de los 13 a\u00f1os, cuando todav\u00eda se deja aconsejar\u201d\" rel=\"bookmark\">Jordan Shapiro: \u201cHay que darle un m\u00f3vil a un ni\u00f1o antes de los 13 a\u00f1os, cuando todav\u00eda se deja aconsejar\u201d<\/a>\n\t\t<\/h3>\n\n\t\t<div class=\"entry-meta\"><a href=\"https:\/\/web.escudoweb.com\/index.php\/2022\/01\/19\/\" title=\"11:27\" class=\"data-link\" rel=\"bookmark\"><time class=\"entry-date updated\" datetime=\"2022-01-19T11:27:58+02:00\">19 enero 2022<\/time><\/a><\/div>\n\t\t<div class=\"entry-excerpt\"><p>[vc_row][vc_column][vc_column_text]La gran cuesti\u00f3n de cu\u00e1ndo comprar un tel\u00e9fono m\u00f3vil a un ni\u00f1o tiene muchas respuestas y diferentes propuestas. En una&hellip;<\/p>\n<\/div>\n\t\t\n<a href=\"https:\/\/web.escudoweb.com\/index.php\/jordan-shapiro-hay-que-darle-un-movil-a-un-nino-antes-de-los-13-anos-cuando-todavia-se-deja-aconsejar\/\" class=\"dt-btn-s dt-btn post-details details-type-btn\" aria-label=\"Read more about Jordan Shapiro: \u201cHay que darle un m\u00f3vil a un ni\u00f1o antes de los 13 a\u00f1os, cuando todav\u00eda se deja aconsejar\u201d\">Read more<i class=\"dt-icon-the7-arrow-03\" aria-hidden=\"true\"><\/i><\/a>\n\n\t<\/div>\n<\/div><\/article><article class=\"post post-3148 type-post status-publish format-standard has-post-thumbnail hentry category-news category-21\" data-name=\"What the Blitz can teach us about catch-up\" data-date=\"2022-01-17T08:12:41+02:00\">\n\n<div class=\"post-thumbnail-wrap\">\n\t<div class=\"post-thumbnail\">\n\t\t\n\t\t\n\t\t<a href=\"https:\/\/web.escudoweb.com\/index.php\/what-the-blitz-can-teach-us-about-catch-up\/\" class=\"post-thumbnail-rollover layzr-bg\" ><img decoding=\"async\" class=\"preload-me owl-lazy-load aspect\" src=\"data:image\/svg+xml,%3Csvg%20xmlns%3D&#39;http%3A%2F%2Fwww.w3.org%2F2000%2Fsvg&#39;%20viewBox%3D&#39;0%200%20768%20512&#39;%2F%3E\" data-src=\"https:\/\/web.escudoweb.com\/wp-content\/uploads\/2022\/01\/app_f4_evacuation-768x512.jpg\" data-srcset=\"https:\/\/web.escudoweb.com\/wp-content\/uploads\/2022\/01\/app_f4_evacuation-768x512.jpg 768w, https:\/\/web.escudoweb.com\/wp-content\/uploads\/2022\/01\/app_f4_evacuation-916x610.jpg 916w\" loading=\"eager\" style=\"--ratio: 768 \/ 512\" sizes=\"(max-width: 768px) 100vw, 768px\" alt=\"\" title=\"app_f4_evacuation\" width=\"768\" height=\"512\"  \/><\/a>\t<\/div>\n<\/div>\n\n\n<div class=\"post-entry-content\">\n\t<div class=\"post-entry-wrapper\">\n\t\t\t\t<h3 class=\"entry-title\">\n\t\t\t<a href=\"https:\/\/web.escudoweb.com\/index.php\/what-the-blitz-can-teach-us-about-catch-up\/\" title=\"What the Blitz can teach us about catch-up\" rel=\"bookmark\">What the Blitz can teach us about catch-up<\/a>\n\t\t<\/h3>\n\n\t\t<div class=\"entry-meta\"><a href=\"https:\/\/web.escudoweb.com\/index.php\/2022\/01\/17\/\" title=\"08:12\" class=\"data-link\" rel=\"bookmark\"><time class=\"entry-date updated\" datetime=\"2022-01-17T08:12:41+02:00\">17 enero 2022<\/time><\/a><\/div>\n\t\t<div class=\"entry-excerpt\"><p>[vc_row][vc_column][vc_column_text]World War II had a huge impact on education in many countries and major cities, but none more so than&hellip;<\/p>\n<\/div>\n\t\t\n<a href=\"https:\/\/web.escudoweb.com\/index.php\/what-the-blitz-can-teach-us-about-catch-up\/\" class=\"dt-btn-s dt-btn post-details details-type-btn\" aria-label=\"Read more about What the Blitz can teach us about catch-up\">Read more<i class=\"dt-icon-the7-arrow-03\" aria-hidden=\"true\"><\/i><\/a>\n\n\t<\/div>\n<\/div><\/article><article class=\"post post-3145 type-post status-publish format-standard has-post-thumbnail hentry category-news category-21\" data-name=\"School Closures Aren\u2019t Just for Covid Anymore\" data-date=\"2022-01-14T09:31:06+02:00\">\n\n<div class=\"post-thumbnail-wrap\">\n\t<div class=\"post-thumbnail\">\n\t\t\n\t\t\n\t\t<a href=\"https:\/\/web.escudoweb.com\/index.php\/school-closures-arent-just-for-covid-anymore\/\" class=\"post-thumbnail-rollover layzr-bg\" ><img decoding=\"async\" class=\"preload-me owl-lazy-load aspect\" src=\"data:image\/svg+xml,%3Csvg%20xmlns%3D&#39;http%3A%2F%2Fwww.w3.org%2F2000%2Fsvg&#39;%20viewBox%3D&#39;0%200%20600%20400&#39;%2F%3E\" data-src=\"https:\/\/web.escudoweb.com\/wp-content\/uploads\/2022\/01\/1641922520591-600x400.jpg\" data-srcset=\"https:\/\/web.escudoweb.com\/wp-content\/uploads\/2022\/01\/1641922520591-600x400.jpg 600w\" loading=\"eager\" style=\"--ratio: 600 \/ 400\" sizes=\"(max-width: 600px) 100vw, 600px\" alt=\"\" title=\"1641922520591\" width=\"600\" height=\"400\"  \/><\/a>\t<\/div>\n<\/div>\n\n\n<div class=\"post-entry-content\">\n\t<div class=\"post-entry-wrapper\">\n\t\t\t\t<h3 class=\"entry-title\">\n\t\t\t<a href=\"https:\/\/web.escudoweb.com\/index.php\/school-closures-arent-just-for-covid-anymore\/\" title=\"School Closures Aren\u2019t Just for Covid Anymore\" rel=\"bookmark\">School Closures Aren\u2019t Just for Covid Anymore<\/a>\n\t\t<\/h3>\n\n\t\t<div class=\"entry-meta\"><a href=\"https:\/\/web.escudoweb.com\/index.php\/2022\/01\/14\/\" title=\"09:31\" class=\"data-link\" rel=\"bookmark\"><time class=\"entry-date updated\" datetime=\"2022-01-14T09:31:06+02:00\">14 enero 2022<\/time><\/a><\/div>\n\t\t<div class=\"entry-excerpt\"><p>[vc_row][vc_column][vc_column_text]Until now schools across the world have been closed due to health reasons associated with the pandemic. But before Omicron&hellip;<\/p>\n<\/div>\n\t\t\n<a href=\"https:\/\/web.escudoweb.com\/index.php\/school-closures-arent-just-for-covid-anymore\/\" class=\"dt-btn-s dt-btn post-details details-type-btn\" aria-label=\"Read more about School Closures Aren\u2019t Just for Covid Anymore\">Read more<i class=\"dt-icon-the7-arrow-03\" aria-hidden=\"true\"><\/i><\/a>\n\n\t<\/div>\n<\/div><\/article><article class=\"post post-3142 type-post status-publish format-standard has-post-thumbnail hentry category-news category-21\" data-name=\"Andr\u00e9s Contreras: \u00abLos juegos de mesa mejoran la inteligencia de los alumnos\u00bb\" data-date=\"2022-01-12T08:14:07+02:00\">\n\n<div class=\"post-thumbnail-wrap\">\n\t<div class=\"post-thumbnail\">\n\t\t\n\t\t\n\t\t<a href=\"https:\/\/web.escudoweb.com\/index.php\/andres-contreras-los-juegos-de-mesa-mejoran-la-inteligencia-de-los-alumnos\/\" class=\"post-thumbnail-rollover layzr-bg\" ><img decoding=\"async\" class=\"preload-me owl-lazy-load aspect\" src=\"data:image\/svg+xml,%3Csvg%20xmlns%3D&#39;http%3A%2F%2Fwww.w3.org%2F2000%2Fsvg&#39;%20viewBox%3D&#39;0%200%20768%20512&#39;%2F%3E\" data-src=\"https:\/\/web.escudoweb.com\/wp-content\/uploads\/2022\/01\/16408972180153-768x512.jpg\" data-srcset=\"https:\/\/web.escudoweb.com\/wp-content\/uploads\/2022\/01\/16408972180153-768x512.jpg 768w, https:\/\/web.escudoweb.com\/wp-content\/uploads\/2022\/01\/16408972180153.jpg 990w\" loading=\"eager\" style=\"--ratio: 768 \/ 512\" sizes=\"(max-width: 768px) 100vw, 768px\" alt=\"\" title=\"16408972180153\" width=\"768\" height=\"512\"  \/><\/a>\t<\/div>\n<\/div>\n\n\n<div class=\"post-entry-content\">\n\t<div class=\"post-entry-wrapper\">\n\t\t\t\t<h3 class=\"entry-title\">\n\t\t\t<a href=\"https:\/\/web.escudoweb.com\/index.php\/andres-contreras-los-juegos-de-mesa-mejoran-la-inteligencia-de-los-alumnos\/\" title=\"Andr\u00e9s Contreras: \u00abLos juegos de mesa mejoran la inteligencia de los alumnos\u00bb\" rel=\"bookmark\">Andr\u00e9s Contreras: \u00abLos juegos de mesa mejoran la inteligencia de los alumnos\u00bb<\/a>\n\t\t<\/h3>\n\n\t\t<div class=\"entry-meta\"><a href=\"https:\/\/web.escudoweb.com\/index.php\/2022\/01\/12\/\" title=\"08:14\" class=\"data-link\" rel=\"bookmark\"><time class=\"entry-date updated\" datetime=\"2022-01-12T08:14:07+02:00\">12 enero 2022<\/time><\/a><\/div>\n\t\t<div class=\"entry-excerpt\"><p>[vc_row][vc_column][vc_column_text]\u00a1Feliz A\u00f1o Nuevo a todos nuestros seguidores y lectores! Tras casi dos a\u00f1os de pandemia y, en muchos casos, con&hellip;<\/p>\n<\/div>\n\t\t\n<a href=\"https:\/\/web.escudoweb.com\/index.php\/andres-contreras-los-juegos-de-mesa-mejoran-la-inteligencia-de-los-alumnos\/\" class=\"dt-btn-s dt-btn post-details details-type-btn\" aria-label=\"Read more about Andr\u00e9s Contreras: \u00abLos juegos de mesa mejoran la inteligencia de los alumnos\u00bb\">Read more<i class=\"dt-icon-the7-arrow-03\" aria-hidden=\"true\"><\/i><\/a>\n\n\t<\/div>\n<\/div><\/article><article class=\"post post-3139 type-post status-publish format-standard has-post-thumbnail hentry category-news category-21\" data-name=\"Digital education 2.0: From content to connections\" data-date=\"2022-01-10T08:27:51+02:00\">\n\n<div class=\"post-thumbnail-wrap\">\n\t<div class=\"post-thumbnail\">\n\t\t\n\t\t\n\t\t<a href=\"https:\/\/web.escudoweb.com\/index.php\/digital-education-2-0-from-content-to-connections\/\" class=\"post-thumbnail-rollover layzr-bg\" ><img decoding=\"async\" class=\"preload-me owl-lazy-load aspect\" src=\"data:image\/svg+xml,%3Csvg%20xmlns%3D&#39;http%3A%2F%2Fwww.w3.org%2F2000%2Fsvg&#39;%20viewBox%3D&#39;0%200%20768%20512&#39;%2F%3E\" data-src=\"https:\/\/web.escudoweb.com\/wp-content\/uploads\/2022\/01\/Holodome_spot-768x512.jpg\" data-srcset=\"https:\/\/web.escudoweb.com\/wp-content\/uploads\/2022\/01\/Holodome_spot-768x512.jpg 768w, https:\/\/web.escudoweb.com\/wp-content\/uploads\/2022\/01\/Holodome_spot-800x533.jpg 800w\" loading=\"eager\" style=\"--ratio: 768 \/ 512\" sizes=\"(max-width: 768px) 100vw, 768px\" alt=\"\" title=\"Holodome_spot\" width=\"768\" height=\"512\"  \/><\/a>\t<\/div>\n<\/div>\n\n\n<div class=\"post-entry-content\">\n\t<div class=\"post-entry-wrapper\">\n\t\t\t\t<h3 class=\"entry-title\">\n\t\t\t<a href=\"https:\/\/web.escudoweb.com\/index.php\/digital-education-2-0-from-content-to-connections\/\" title=\"Digital education 2.0: From content to connections\" rel=\"bookmark\">Digital education 2.0: From content to connections<\/a>\n\t\t<\/h3>\n\n\t\t<div class=\"entry-meta\"><a href=\"https:\/\/web.escudoweb.com\/index.php\/2022\/01\/10\/\" title=\"08:27\" class=\"data-link\" rel=\"bookmark\"><time class=\"entry-date updated\" datetime=\"2022-01-10T08:27:51+02:00\">10 enero 2022<\/time><\/a><\/div>\n\t\t<div class=\"entry-excerpt\"><p>[vc_row][vc_column][vc_column_text]Happy New Year to all our followers and readers! While the attempts to put in place systems and technology to&hellip;<\/p>\n<\/div>\n\t\t\n<a href=\"https:\/\/web.escudoweb.com\/index.php\/digital-education-2-0-from-content-to-connections\/\" class=\"dt-btn-s dt-btn post-details details-type-btn\" aria-label=\"Read more about Digital education 2.0: From content to connections\">Read more<i class=\"dt-icon-the7-arrow-03\" aria-hidden=\"true\"><\/i><\/a>\n\n\t<\/div>\n<\/div><\/article><article class=\"post post-3136 type-post status-publish format-standard has-post-thumbnail hentry category-news category-21\" data-name=\"Alejandro Villena: \u00abLos ni\u00f1os comienzan a ver pornograf\u00eda entre los nueve y los 11 a\u00f1os\u00bb\" data-date=\"2021-12-22T11:45:58+02:00\">\n\n<div class=\"post-thumbnail-wrap\">\n\t<div class=\"post-thumbnail\">\n\t\t\n\t\t\n\t\t<a href=\"https:\/\/web.escudoweb.com\/index.php\/alejandro-villena-los-ninos-comienzan-a-ver-pornografia-entre-los-nueve-y-los-11-anos\/\" class=\"post-thumbnail-rollover layzr-bg\" ><img decoding=\"async\" class=\"preload-me owl-lazy-load aspect\" src=\"data:image\/svg+xml,%3Csvg%20xmlns%3D&#39;http%3A%2F%2Fwww.w3.org%2F2000%2Fsvg&#39;%20viewBox%3D&#39;0%200%20768%20512&#39;%2F%3E\" data-src=\"https:\/\/web.escudoweb.com\/wp-content\/uploads\/2021\/12\/16391673696083-768x512.webp\" data-srcset=\"https:\/\/web.escudoweb.com\/wp-content\/uploads\/2021\/12\/16391673696083-768x512.webp 768w, https:\/\/web.escudoweb.com\/wp-content\/uploads\/2021\/12\/16391673696083-990x660.webp 990w\" loading=\"eager\" style=\"--ratio: 768 \/ 512\" sizes=\"(max-width: 768px) 100vw, 768px\" alt=\"\" title=\"16391673696083\" width=\"768\" height=\"512\"  \/><\/a>\t<\/div>\n<\/div>\n\n\n<div class=\"post-entry-content\">\n\t<div class=\"post-entry-wrapper\">\n\t\t\t\t<h3 class=\"entry-title\">\n\t\t\t<a href=\"https:\/\/web.escudoweb.com\/index.php\/alejandro-villena-los-ninos-comienzan-a-ver-pornografia-entre-los-nueve-y-los-11-anos\/\" title=\"Alejandro Villena: \u00abLos ni\u00f1os comienzan a ver pornograf\u00eda entre los nueve y los 11 a\u00f1os\u00bb\" rel=\"bookmark\">Alejandro Villena: \u00abLos ni\u00f1os comienzan a ver pornograf\u00eda entre los nueve y los 11 a\u00f1os\u00bb<\/a>\n\t\t<\/h3>\n\n\t\t<div class=\"entry-meta\"><a href=\"https:\/\/web.escudoweb.com\/index.php\/2021\/12\/22\/\" title=\"11:45\" class=\"data-link\" rel=\"bookmark\"><time class=\"entry-date updated\" datetime=\"2021-12-22T11:45:58+02:00\">22 diciembre 2021<\/time><\/a><\/div>\n\t\t<div class=\"entry-excerpt\"><p>[vc_row][vc_column][vc_column_text]El tema del acceso de ni\u00f1os a la pornograf\u00eda sigue dando mucho que hablar. En este art\u00edculo del diario El&hellip;<\/p>\n<\/div>\n\t\t\n<a href=\"https:\/\/web.escudoweb.com\/index.php\/alejandro-villena-los-ninos-comienzan-a-ver-pornografia-entre-los-nueve-y-los-11-anos\/\" class=\"dt-btn-s dt-btn post-details details-type-btn\" aria-label=\"Read more about Alejandro Villena: \u00abLos ni\u00f1os comienzan a ver pornograf\u00eda entre los nueve y los 11 a\u00f1os\u00bb\">Read more<i class=\"dt-icon-the7-arrow-03\" aria-hidden=\"true\"><\/i><\/a>\n\n\t<\/div>\n<\/div><\/article><article class=\"post post-3132 type-post status-publish format-standard has-post-thumbnail hentry category-news category-21\" data-name=\"What\u2019s One of the Most Dangerous Toys for Kids? The Internet.\" data-date=\"2021-12-20T10:44:33+02:00\">\n\n<div class=\"post-thumbnail-wrap\">\n\t<div class=\"post-thumbnail\">\n\t\t\n\t\t\n\t\t<a href=\"https:\/\/web.escudoweb.com\/index.php\/whats-one-of-the-most-dangerous-toys-for-kids-the-internet\/\" class=\"post-thumbnail-rollover layzr-bg\" ><img decoding=\"async\" class=\"preload-me owl-lazy-load aspect\" src=\"data:image\/svg+xml,%3Csvg%20xmlns%3D&#39;http%3A%2F%2Fwww.w3.org%2F2000%2Fsvg&#39;%20viewBox%3D&#39;0%200%20768%20512&#39;%2F%3E\" data-src=\"https:\/\/web.escudoweb.com\/wp-content\/uploads\/2021\/12\/new2-768x512.png\" data-srcset=\"https:\/\/web.escudoweb.com\/wp-content\/uploads\/2021\/12\/new2-768x512.png 768w, https:\/\/web.escudoweb.com\/wp-content\/uploads\/2021\/12\/new2-1152x768.png 1152w\" loading=\"eager\" style=\"--ratio: 768 \/ 512\" sizes=\"(max-width: 768px) 100vw, 768px\" alt=\"\" title=\"new2\" width=\"768\" height=\"512\"  \/><\/a>\t<\/div>\n<\/div>\n\n\n<div class=\"post-entry-content\">\n\t<div class=\"post-entry-wrapper\">\n\t\t\t\t<h3 class=\"entry-title\">\n\t\t\t<a href=\"https:\/\/web.escudoweb.com\/index.php\/whats-one-of-the-most-dangerous-toys-for-kids-the-internet\/\" title=\"What\u2019s One of the Most Dangerous Toys for Kids? The Internet.\" rel=\"bookmark\">What\u2019s One of the Most Dangerous Toys for Kids? The Internet.<\/a>\n\t\t<\/h3>\n\n\t\t<div class=\"entry-meta\"><a href=\"https:\/\/web.escudoweb.com\/index.php\/2021\/12\/20\/\" title=\"10:44\" class=\"data-link\" rel=\"bookmark\"><time class=\"entry-date updated\" datetime=\"2021-12-20T10:44:33+02:00\">20 diciembre 2021<\/time><\/a><\/div>\n\t\t<div class=\"entry-excerpt\"><p>[vc_row][vc_column][vc_column_text]As we approach the Christmas period for some, and holidays for others, most families dedicate time to looking for suitable&hellip;<\/p>\n<\/div>\n\t\t\n<a href=\"https:\/\/web.escudoweb.com\/index.php\/whats-one-of-the-most-dangerous-toys-for-kids-the-internet\/\" class=\"dt-btn-s dt-btn post-details details-type-btn\" aria-label=\"Read more about What\u2019s One of the Most Dangerous Toys for Kids? The Internet.\">Read more<i class=\"dt-icon-the7-arrow-03\" aria-hidden=\"true\"><\/i><\/a>\n\n\t<\/div>\n<\/div><\/article><article class=\"post post-3129 type-post status-publish format-standard has-post-thumbnail hentry category-news category-21\" data-name=\"Casi la mitad de los progenitores no tienen instalado ning\u00fan control parental en sus dispositivos\" data-date=\"2021-12-15T12:44:28+02:00\">\n\n<div class=\"post-thumbnail-wrap\">\n\t<div class=\"post-thumbnail\">\n\t\t\n\t\t\n\t\t<a href=\"https:\/\/web.escudoweb.com\/index.php\/casi-la-mitad-de-los-progenitores-no-tienen-instalado-ningun-control-parental-en-sus-dispositivos\/\" class=\"post-thumbnail-rollover layzr-bg\" ><img decoding=\"async\" class=\"preload-me owl-lazy-load aspect\" src=\"data:image\/svg+xml,%3Csvg%20xmlns%3D&#39;http%3A%2F%2Fwww.w3.org%2F2000%2Fsvg&#39;%20viewBox%3D&#39;0%200%20523%20349&#39;%2F%3E\" data-src=\"https:\/\/web.escudoweb.com\/wp-content\/uploads\/2021\/12\/padres-k3hE-620x349@abc-523x349.jpg\" data-srcset=\"https:\/\/web.escudoweb.com\/wp-content\/uploads\/2021\/12\/padres-k3hE-620x349@abc-523x349.jpg 523w\" loading=\"eager\" style=\"--ratio: 523 \/ 349\" sizes=\"(max-width: 523px) 100vw, 523px\" alt=\"\" title=\"padres-k3hE&#8211;620&#215;349@abc\" width=\"523\" height=\"349\"  \/><\/a>\t<\/div>\n<\/div>\n\n\n<div class=\"post-entry-content\">\n\t<div class=\"post-entry-wrapper\">\n\t\t\t\t<h3 class=\"entry-title\">\n\t\t\t<a href=\"https:\/\/web.escudoweb.com\/index.php\/casi-la-mitad-de-los-progenitores-no-tienen-instalado-ningun-control-parental-en-sus-dispositivos\/\" title=\"Casi la mitad de los progenitores no tienen instalado ning\u00fan control parental en sus dispositivos\" rel=\"bookmark\">Casi la mitad de los progenitores no tienen instalado ning\u00fan control parental en sus dispositivos<\/a>\n\t\t<\/h3>\n\n\t\t<div class=\"entry-meta\"><a href=\"https:\/\/web.escudoweb.com\/index.php\/2021\/12\/15\/\" title=\"12:44\" class=\"data-link\" rel=\"bookmark\"><time class=\"entry-date updated\" datetime=\"2021-12-15T12:44:28+02:00\">15 diciembre 2021<\/time><\/a><\/div>\n\t\t<div class=\"entry-excerpt\"><p>[vc_row][vc_column][vc_column_text]La tecnolog\u00eda avanza r\u00e1pidamente pero esto conlleva que los ni\u00f1os, a edades cada vez m\u00e1s tempranas, tengan acceso a Internet&hellip;<\/p>\n<\/div>\n\t\t\n<a href=\"https:\/\/web.escudoweb.com\/index.php\/casi-la-mitad-de-los-progenitores-no-tienen-instalado-ningun-control-parental-en-sus-dispositivos\/\" class=\"dt-btn-s dt-btn post-details details-type-btn\" aria-label=\"Read more about Casi la mitad de los progenitores no tienen instalado ning\u00fan control parental en sus dispositivos\">Read more<i class=\"dt-icon-the7-arrow-03\" aria-hidden=\"true\"><\/i><\/a>\n\n\t<\/div>\n<\/div><\/article><article class=\"post post-3126 type-post status-publish format-standard has-post-thumbnail hentry category-news category-21\" data-name=\"The Science Behind Social Media&#8217;s Hold on Our Mental Health\" data-date=\"2021-12-13T11:56:04+02:00\">\n\n<div class=\"post-thumbnail-wrap\">\n\t<div class=\"post-thumbnail\">\n\t\t\n\t\t\n\t\t<a href=\"https:\/\/web.escudoweb.com\/index.php\/the-science-behind-social-medias-hold-on-our-mental-health\/\" class=\"post-thumbnail-rollover layzr-bg\" ><img decoding=\"async\" class=\"preload-me owl-lazy-load aspect\" src=\"data:image\/svg+xml,%3Csvg%20xmlns%3D&#39;http%3A%2F%2Fwww.w3.org%2F2000%2Fsvg&#39;%20viewBox%3D&#39;0%200%20768%20512&#39;%2F%3E\" data-src=\"https:\/\/web.escudoweb.com\/wp-content\/uploads\/2021\/12\/GettyImages-1313544455-768x512.jpg\" data-srcset=\"https:\/\/web.escudoweb.com\/wp-content\/uploads\/2021\/12\/GettyImages-1313544455-768x512.jpg 768w, https:\/\/web.escudoweb.com\/wp-content\/uploads\/2021\/12\/GettyImages-1313544455-1152x768.jpg 1152w\" loading=\"eager\" style=\"--ratio: 768 \/ 512\" sizes=\"(max-width: 768px) 100vw, 768px\" alt=\"\" title=\"GettyImages-1313544455\" width=\"768\" height=\"512\"  \/><\/a>\t<\/div>\n<\/div>\n\n\n<div class=\"post-entry-content\">\n\t<div class=\"post-entry-wrapper\">\n\t\t\t\t<h3 class=\"entry-title\">\n\t\t\t<a href=\"https:\/\/web.escudoweb.com\/index.php\/the-science-behind-social-medias-hold-on-our-mental-health\/\" title=\"The Science Behind Social Media&#8217;s Hold on Our Mental Health\" rel=\"bookmark\">The Science Behind Social Media&#8217;s Hold on Our Mental Health<\/a>\n\t\t<\/h3>\n\n\t\t<div class=\"entry-meta\"><a href=\"https:\/\/web.escudoweb.com\/index.php\/2021\/12\/13\/\" title=\"11:56\" class=\"data-link\" rel=\"bookmark\"><time class=\"entry-date updated\" datetime=\"2021-12-13T11:56:04+02:00\">13 diciembre 2021<\/time><\/a><\/div>\n\t\t<div class=\"entry-excerpt\"><p>[vc_row][vc_column][vc_column_text]More and more publications are now weighing in on the issue of social media and its effect on children&#8217;s mental&hellip;<\/p>\n<\/div>\n\t\t\n<a href=\"https:\/\/web.escudoweb.com\/index.php\/the-science-behind-social-medias-hold-on-our-mental-health\/\" class=\"dt-btn-s dt-btn post-details details-type-btn\" aria-label=\"Read more about The Science Behind Social Media&#8217;s Hold on Our Mental Health\">Read more<i class=\"dt-icon-the7-arrow-03\" aria-hidden=\"true\"><\/i><\/a>\n\n\t<\/div>\n<\/div><\/article><article class=\"post post-3120 type-post status-publish format-standard has-post-thumbnail hentry category-news category-21\" data-name=\"Los colegios deber\u00e1n contar a partir del curso que viene con un coordinador contra el acoso y la violencia contra la infancia\" data-date=\"2021-12-09T10:25:30+02:00\">\n\n<div class=\"post-thumbnail-wrap\">\n\t<div class=\"post-thumbnail\">\n\t\t\n\t\t\n\t\t<a href=\"https:\/\/web.escudoweb.com\/index.php\/los-colegios-deberan-contar-a-partir-del-curso-que-viene-con-un-coordinador-contra-el-acoso-y-la-violencia-contra-la-infancia\/\" class=\"post-thumbnail-rollover layzr-bg\" ><img decoding=\"async\" class=\"preload-me owl-lazy-load aspect\" src=\"data:image\/svg+xml,%3Csvg%20xmlns%3D&#39;http%3A%2F%2Fwww.w3.org%2F2000%2Fsvg&#39;%20viewBox%3D&#39;0%200%20768%20512&#39;%2F%3E\" data-src=\"https:\/\/web.escudoweb.com\/wp-content\/uploads\/2021\/12\/SDXLZFOCDRAVZJCAAC73QLSIBM-768x512.jpg\" data-srcset=\"https:\/\/web.escudoweb.com\/wp-content\/uploads\/2021\/12\/SDXLZFOCDRAVZJCAAC73QLSIBM-768x512.jpg 768w, https:\/\/web.escudoweb.com\/wp-content\/uploads\/2021\/12\/SDXLZFOCDRAVZJCAAC73QLSIBM-1152x768.jpg 1152w\" loading=\"eager\" style=\"--ratio: 768 \/ 512\" sizes=\"(max-width: 768px) 100vw, 768px\" alt=\"\" title=\"SDXLZFOCDRAVZJCAAC73QLSIBM\" width=\"768\" height=\"512\"  \/><\/a>\t<\/div>\n<\/div>\n\n\n<div class=\"post-entry-content\">\n\t<div class=\"post-entry-wrapper\">\n\t\t\t\t<h3 class=\"entry-title\">\n\t\t\t<a href=\"https:\/\/web.escudoweb.com\/index.php\/los-colegios-deberan-contar-a-partir-del-curso-que-viene-con-un-coordinador-contra-el-acoso-y-la-violencia-contra-la-infancia\/\" title=\"Los colegios deber\u00e1n contar a partir del curso que viene con un coordinador contra el acoso y la violencia contra la infancia\" rel=\"bookmark\">Los colegios deber\u00e1n contar a partir del curso que viene con un coordinador contra el acoso y la violencia contra la infancia<\/a>\n\t\t<\/h3>\n\n\t\t<div class=\"entry-meta\"><a href=\"https:\/\/web.escudoweb.com\/index.php\/2021\/12\/09\/\" title=\"10:25\" class=\"data-link\" rel=\"bookmark\"><time class=\"entry-date updated\" datetime=\"2021-12-09T10:25:30+02:00\">9 diciembre 2021<\/time><\/a><\/div>\n\t\t<div class=\"entry-excerpt\"><p>[vc_row][vc_column][vc_column_text]Seg\u00fan el peri\u00f3dico El Pa\u00eds, a partir del pr\u00f3ximo curso todos los colegios deber\u00edan contar con \u201cun coordinador contra el&hellip;<\/p>\n<\/div>\n\t\t\n<a href=\"https:\/\/web.escudoweb.com\/index.php\/los-colegios-deberan-contar-a-partir-del-curso-que-viene-con-un-coordinador-contra-el-acoso-y-la-violencia-contra-la-infancia\/\" class=\"dt-btn-s dt-btn post-details details-type-btn\" aria-label=\"Read more about Los colegios deber\u00e1n contar a partir del curso que viene con un coordinador contra el acoso y la violencia contra la infancia\">Read more<i class=\"dt-icon-the7-arrow-03\" aria-hidden=\"true\"><\/i><\/a>\n\n\t<\/div>\n<\/div><\/article><article class=\"post post-3117 type-post status-publish format-standard has-post-thumbnail hentry category-news category-21\" data-name=\"All the ways TikTok tracks you and how to stop it\" data-date=\"2021-12-07T10:58:35+02:00\">\n\n<div class=\"post-thumbnail-wrap\">\n\t<div class=\"post-thumbnail\">\n\t\t\n\t\t\n\t\t<a href=\"https:\/\/web.escudoweb.com\/index.php\/all-the-ways-tiktok-tracks-you-and-how-to-stop-it\/\" class=\"post-thumbnail-rollover layzr-bg\" ><img decoding=\"async\" class=\"preload-me owl-lazy-load aspect\" src=\"data:image\/svg+xml,%3Csvg%20xmlns%3D&#39;http%3A%2F%2Fwww.w3.org%2F2000%2Fsvg&#39;%20viewBox%3D&#39;0%200%20768%20512&#39;%2F%3E\" data-src=\"https:\/\/web.escudoweb.com\/wp-content\/uploads\/2021\/12\/descarga-scaled-768x512.jpg\" data-srcset=\"https:\/\/web.escudoweb.com\/wp-content\/uploads\/2021\/12\/descarga-scaled-768x512.jpg 768w, https:\/\/web.escudoweb.com\/wp-content\/uploads\/2021\/12\/descarga-scaled-1152x768.jpg 1152w\" loading=\"eager\" style=\"--ratio: 768 \/ 512\" sizes=\"(max-width: 768px) 100vw, 768px\" alt=\"\" title=\"descarga\" width=\"768\" height=\"512\"  \/><\/a>\t<\/div>\n<\/div>\n\n\n<div class=\"post-entry-content\">\n\t<div class=\"post-entry-wrapper\">\n\t\t\t\t<h3 class=\"entry-title\">\n\t\t\t<a href=\"https:\/\/web.escudoweb.com\/index.php\/all-the-ways-tiktok-tracks-you-and-how-to-stop-it\/\" title=\"All the ways TikTok tracks you and how to stop it\" rel=\"bookmark\">All the ways TikTok tracks you and how to stop it<\/a>\n\t\t<\/h3>\n\n\t\t<div class=\"entry-meta\"><a href=\"https:\/\/web.escudoweb.com\/index.php\/2021\/12\/07\/\" title=\"10:58\" class=\"data-link\" rel=\"bookmark\"><time class=\"entry-date updated\" datetime=\"2021-12-07T10:58:35+02:00\">7 diciembre 2021<\/time><\/a><\/div>\n\t\t<div class=\"entry-excerpt\"><p>[vc_row][vc_column][vc_column_text]TikTok is the most popular app in the world since it first appeared in 2018, and now has more than&hellip;<\/p>\n<\/div>\n\t\t\n<a href=\"https:\/\/web.escudoweb.com\/index.php\/all-the-ways-tiktok-tracks-you-and-how-to-stop-it\/\" class=\"dt-btn-s dt-btn post-details details-type-btn\" aria-label=\"Read more about All the ways TikTok tracks you and how to stop it\">Read more<i class=\"dt-icon-the7-arrow-03\" aria-hidden=\"true\"><\/i><\/a>\n\n\t<\/div>\n<\/div><\/article><article class=\"post post-3114 type-post status-publish format-standard has-post-thumbnail hentry category-news category-21\" data-name=\"El uso de algunas redes sociales podr\u00eda aumentar los s\u00edntomas depresivos\" data-date=\"2021-12-03T10:51:28+02:00\">\n\n<div class=\"post-thumbnail-wrap\">\n\t<div class=\"post-thumbnail\">\n\t\t\n\t\t\n\t\t<a href=\"https:\/\/web.escudoweb.com\/index.php\/el-uso-de-algunas-redes-sociales-podria-aumentar-los-sintomas-depresivos\/\" class=\"post-thumbnail-rollover layzr-bg\" ><img decoding=\"async\" class=\"preload-me owl-lazy-load aspect\" src=\"data:image\/svg+xml,%3Csvg%20xmlns%3D&#39;http%3A%2F%2Fwww.w3.org%2F2000%2Fsvg&#39;%20viewBox%3D&#39;0%200%20768%20512&#39;%2F%3E\" data-src=\"https:\/\/web.escudoweb.com\/wp-content\/uploads\/2021\/12\/613a38fcd2e5d-768x512.jpeg\" data-srcset=\"https:\/\/web.escudoweb.com\/wp-content\/uploads\/2021\/12\/613a38fcd2e5d-768x512.jpeg 768w, https:\/\/web.escudoweb.com\/wp-content\/uploads\/2021\/12\/613a38fcd2e5d.jpeg 919w\" loading=\"eager\" style=\"--ratio: 768 \/ 512\" sizes=\"(max-width: 768px) 100vw, 768px\" alt=\"\" title=\"613a38fcd2e5d\" width=\"768\" height=\"512\"  \/><\/a>\t<\/div>\n<\/div>\n\n\n<div class=\"post-entry-content\">\n\t<div class=\"post-entry-wrapper\">\n\t\t\t\t<h3 class=\"entry-title\">\n\t\t\t<a href=\"https:\/\/web.escudoweb.com\/index.php\/el-uso-de-algunas-redes-sociales-podria-aumentar-los-sintomas-depresivos\/\" title=\"El uso de algunas redes sociales podr\u00eda aumentar los s\u00edntomas depresivos\" rel=\"bookmark\">El uso de algunas redes sociales podr\u00eda aumentar los s\u00edntomas depresivos<\/a>\n\t\t<\/h3>\n\n\t\t<div class=\"entry-meta\"><a href=\"https:\/\/web.escudoweb.com\/index.php\/2021\/12\/03\/\" title=\"10:51\" class=\"data-link\" rel=\"bookmark\"><time class=\"entry-date updated\" datetime=\"2021-12-03T10:51:28+02:00\">3 diciembre 2021<\/time><\/a><\/div>\n\t\t<div class=\"entry-excerpt\"><p>[vc_row][vc_column][vc_column_text]La informaci\u00f3n que est\u00e1 proliferando ahora sobre las redes sociales y sus efectos est\u00e1 mostr\u00e1ndonos lo malo que pueden ser,&hellip;<\/p>\n<\/div>\n\t\t\n<a href=\"https:\/\/web.escudoweb.com\/index.php\/el-uso-de-algunas-redes-sociales-podria-aumentar-los-sintomas-depresivos\/\" class=\"dt-btn-s dt-btn post-details details-type-btn\" aria-label=\"Read more about El uso de algunas redes sociales podr\u00eda aumentar los s\u00edntomas depresivos\">Read more<i class=\"dt-icon-the7-arrow-03\" aria-hidden=\"true\"><\/i><\/a>\n\n\t<\/div>\n<\/div><\/article><article class=\"post post-3110 type-post status-publish format-standard has-post-thumbnail hentry category-news category-21\" data-name=\"\u2018Stalkerware\u2019 Apps Are Proliferating. Protect Yourself\" data-date=\"2021-11-29T10:47:43+02:00\">\n\n<div class=\"post-thumbnail-wrap\">\n\t<div class=\"post-thumbnail\">\n\t\t\n\t\t\n\t\t<a href=\"https:\/\/web.escudoweb.com\/index.php\/stalkerware-apps-are-proliferating-protect-yourself\/\" class=\"post-thumbnail-rollover layzr-bg\" ><img decoding=\"async\" class=\"preload-me owl-lazy-load aspect\" src=\"data:image\/svg+xml,%3Csvg%20xmlns%3D&#39;http%3A%2F%2Fwww.w3.org%2F2000%2Fsvg&#39;%20viewBox%3D&#39;0%200%20768%20512&#39;%2F%3E\" data-src=\"https:\/\/web.escudoweb.com\/wp-content\/uploads\/2021\/11\/sdaffds-768x512.jpg\" data-srcset=\"https:\/\/web.escudoweb.com\/wp-content\/uploads\/2021\/11\/sdaffds-768x512.jpg 768w, https:\/\/web.escudoweb.com\/wp-content\/uploads\/2021\/11\/sdaffds-864x576.jpg 864w\" loading=\"eager\" style=\"--ratio: 768 \/ 512\" sizes=\"(max-width: 768px) 100vw, 768px\" alt=\"\" title=\"sdaffds\" width=\"768\" height=\"512\"  \/><\/a>\t<\/div>\n<\/div>\n\n\n<div class=\"post-entry-content\">\n\t<div class=\"post-entry-wrapper\">\n\t\t\t\t<h3 class=\"entry-title\">\n\t\t\t<a href=\"https:\/\/web.escudoweb.com\/index.php\/stalkerware-apps-are-proliferating-protect-yourself\/\" title=\"\u2018Stalkerware\u2019 Apps Are Proliferating. Protect Yourself\" rel=\"bookmark\">\u2018Stalkerware\u2019 Apps Are Proliferating. Protect Yourself<\/a>\n\t\t<\/h3>\n\n\t\t<div class=\"entry-meta\"><a href=\"https:\/\/web.escudoweb.com\/index.php\/2021\/11\/29\/\" title=\"10:47\" class=\"data-link\" rel=\"bookmark\"><time class=\"entry-date updated\" datetime=\"2021-11-29T10:47:43+02:00\">29 noviembre 2021<\/time><\/a><\/div>\n\t\t<div class=\"entry-excerpt\"><p>[vc_row][vc_column][vc_column_text]Apps are still big business, with an estimated 218 billion downloads in 2020, and more than 250 million daily app&hellip;<\/p>\n<\/div>\n\t\t\n<a href=\"https:\/\/web.escudoweb.com\/index.php\/stalkerware-apps-are-proliferating-protect-yourself\/\" class=\"dt-btn-s dt-btn post-details details-type-btn\" aria-label=\"Read more about \u2018Stalkerware\u2019 Apps Are Proliferating. Protect Yourself\">Read more<i class=\"dt-icon-the7-arrow-03\" aria-hidden=\"true\"><\/i><\/a>\n\n\t<\/div>\n<\/div><\/article><article class=\"post post-3107 type-post status-publish format-standard has-post-thumbnail hentry category-news category-21\" data-name=\"\u00a378bn wage hit from pandemic lost learning &#8211; study\" data-date=\"2021-11-26T08:47:20+02:00\">\n\n<div class=\"post-thumbnail-wrap\">\n\t<div class=\"post-thumbnail\">\n\t\t\n\t\t\n\t\t<a href=\"https:\/\/web.escudoweb.com\/index.php\/78bn-wage-hit-from-pandemic-lost-learning-study\/\" class=\"post-thumbnail-rollover layzr-bg\" ><img decoding=\"async\" class=\"preload-me owl-lazy-load aspect\" src=\"data:image\/svg+xml,%3Csvg%20xmlns%3D&#39;http%3A%2F%2Fwww.w3.org%2F2000%2Fsvg&#39;%20viewBox%3D&#39;0%200%20768%20512&#39;%2F%3E\" data-src=\"https:\/\/web.escudoweb.com\/wp-content\/uploads\/2021\/11\/121136366_gettyimages-1302325720-1-768x512.jpg\" data-srcset=\"https:\/\/web.escudoweb.com\/wp-content\/uploads\/2021\/11\/121136366_gettyimages-1302325720-1-768x512.jpg 768w, https:\/\/web.escudoweb.com\/wp-content\/uploads\/2021\/11\/121136366_gettyimages-1302325720-1-823x549.jpg 823w\" loading=\"eager\" style=\"--ratio: 768 \/ 512\" sizes=\"(max-width: 768px) 100vw, 768px\" alt=\"\" title=\"_121136366_gettyimages-1302325720-1\" width=\"768\" height=\"512\"  \/><\/a>\t<\/div>\n<\/div>\n\n\n<div class=\"post-entry-content\">\n\t<div class=\"post-entry-wrapper\">\n\t\t\t\t<h3 class=\"entry-title\">\n\t\t\t<a href=\"https:\/\/web.escudoweb.com\/index.php\/78bn-wage-hit-from-pandemic-lost-learning-study\/\" title=\"\u00a378bn wage hit from pandemic lost learning &#8211; study\" rel=\"bookmark\">\u00a378bn wage hit from pandemic lost learning &#8211; study<\/a>\n\t\t<\/h3>\n\n\t\t<div class=\"entry-meta\"><a href=\"https:\/\/web.escudoweb.com\/index.php\/2021\/11\/26\/\" title=\"08:47\" class=\"data-link\" rel=\"bookmark\"><time class=\"entry-date updated\" datetime=\"2021-11-26T08:47:20+02:00\">26 noviembre 2021<\/time><\/a><\/div>\n\t\t<div class=\"entry-excerpt\"><p>[vc_row][vc_column][vc_column_text]The pandemic has left many casualties, both directly and indirectly. Of the indirect casualties, according to the BBC, is learning&hellip;<\/p>\n<\/div>\n\t\t\n<a href=\"https:\/\/web.escudoweb.com\/index.php\/78bn-wage-hit-from-pandemic-lost-learning-study\/\" class=\"dt-btn-s dt-btn post-details details-type-btn\" aria-label=\"Read more about \u00a378bn wage hit from pandemic lost learning &#8211; study\">Read more<i class=\"dt-icon-the7-arrow-03\" aria-hidden=\"true\"><\/i><\/a>\n\n\t<\/div>\n<\/div><\/article><article class=\"post post-3104 type-post status-publish format-standard has-post-thumbnail hentry category-news category-21\" data-name=\"El nivel de ingl\u00e9s en Espa\u00f1a sigue a la cola de Europa\" data-date=\"2021-11-25T15:25:07+02:00\">\n\n<div class=\"post-thumbnail-wrap\">\n\t<div class=\"post-thumbnail\">\n\t\t\n\t\t\n\t\t<a href=\"https:\/\/web.escudoweb.com\/index.php\/el-nivel-de-ingles-en-espana-sigue-a-la-cola-de-europa\/\" class=\"post-thumbnail-rollover layzr-bg\" ><img decoding=\"async\" class=\"preload-me owl-lazy-load aspect\" src=\"data:image\/svg+xml,%3Csvg%20xmlns%3D&#39;http%3A%2F%2Fwww.w3.org%2F2000%2Fsvg&#39;%20viewBox%3D&#39;0%200%20768%20512&#39;%2F%3E\" data-src=\"https:\/\/web.escudoweb.com\/wp-content\/uploads\/2021\/11\/JLTROW25KVGK7CEIEHUKTOOMXE-768x512.jpg\" data-srcset=\"https:\/\/web.escudoweb.com\/wp-content\/uploads\/2021\/11\/JLTROW25KVGK7CEIEHUKTOOMXE-768x512.jpg 768w, https:\/\/web.escudoweb.com\/wp-content\/uploads\/2021\/11\/JLTROW25KVGK7CEIEHUKTOOMXE-1152x768.jpg 1152w\" loading=\"eager\" style=\"--ratio: 768 \/ 512\" sizes=\"(max-width: 768px) 100vw, 768px\" alt=\"\" title=\"JLTROW25KVGK7CEIEHUKTOOMXE\" width=\"768\" height=\"512\"  \/><\/a>\t<\/div>\n<\/div>\n\n\n<div class=\"post-entry-content\">\n\t<div class=\"post-entry-wrapper\">\n\t\t\t\t<h3 class=\"entry-title\">\n\t\t\t<a href=\"https:\/\/web.escudoweb.com\/index.php\/el-nivel-de-ingles-en-espana-sigue-a-la-cola-de-europa\/\" title=\"El nivel de ingl\u00e9s en Espa\u00f1a sigue a la cola de Europa\" rel=\"bookmark\">El nivel de ingl\u00e9s en Espa\u00f1a sigue a la cola de Europa<\/a>\n\t\t<\/h3>\n\n\t\t<div class=\"entry-meta\"><a href=\"https:\/\/web.escudoweb.com\/index.php\/2021\/11\/25\/\" title=\"15:25\" class=\"data-link\" rel=\"bookmark\"><time class=\"entry-date updated\" datetime=\"2021-11-25T15:25:07+02:00\">25 noviembre 2021<\/time><\/a><\/div>\n\t\t<div class=\"entry-excerpt\"><p>[vc_row][vc_column][vc_column_text]A pesar de aparentes avances, seg\u00fan el diario ABC, Espa\u00f1a sigue a la cola de Europa en cuanto a su&hellip;<\/p>\n<\/div>\n\t\t\n<a href=\"https:\/\/web.escudoweb.com\/index.php\/el-nivel-de-ingles-en-espana-sigue-a-la-cola-de-europa\/\" class=\"dt-btn-s dt-btn post-details details-type-btn\" aria-label=\"Read more about El nivel de ingl\u00e9s en Espa\u00f1a sigue a la cola de Europa\">Read more<i class=\"dt-icon-the7-arrow-03\" aria-hidden=\"true\"><\/i><\/a>\n\n\t<\/div>\n<\/div><\/article><article class=\"post post-3101 type-post status-publish format-standard has-post-thumbnail hentry category-news category-21\" data-name=\"Estimates of childhood exposure to online sexual harms and their risk factors\" data-date=\"2021-11-22T11:07:56+02:00\">\n\n<div class=\"post-thumbnail-wrap\">\n\t<div class=\"post-thumbnail\">\n\t\t\n\t\t\n\t\t<a href=\"https:\/\/web.escudoweb.com\/index.php\/estimates-of-childhood-exposure-to-online-sexual-harms-and-their-risk-factors\/\" class=\"post-thumbnail-rollover layzr-bg\" ><img decoding=\"async\" class=\"preload-me owl-lazy-load aspect\" src=\"data:image\/svg+xml,%3Csvg%20xmlns%3D&#39;http%3A%2F%2Fwww.w3.org%2F2000%2Fsvg&#39;%20viewBox%3D&#39;0%200%20555%20370&#39;%2F%3E\" data-src=\"https:\/\/web.escudoweb.com\/wp-content\/uploads\/2021\/11\/dsgfds-555x370.jpg\" data-srcset=\"https:\/\/web.escudoweb.com\/wp-content\/uploads\/2021\/11\/dsgfds-555x370.jpg 555w\" loading=\"eager\" style=\"--ratio: 555 \/ 370\" sizes=\"(max-width: 555px) 100vw, 555px\" alt=\"\" title=\"dsgfds\" width=\"555\" height=\"370\"  \/><\/a>\t<\/div>\n<\/div>\n\n\n<div class=\"post-entry-content\">\n\t<div class=\"post-entry-wrapper\">\n\t\t\t\t<h3 class=\"entry-title\">\n\t\t\t<a href=\"https:\/\/web.escudoweb.com\/index.php\/estimates-of-childhood-exposure-to-online-sexual-harms-and-their-risk-factors\/\" title=\"Estimates of childhood exposure to online sexual harms and their risk factors\" rel=\"bookmark\">Estimates of childhood exposure to online sexual harms and their risk factors<\/a>\n\t\t<\/h3>\n\n\t\t<div class=\"entry-meta\"><a href=\"https:\/\/web.escudoweb.com\/index.php\/2021\/11\/22\/\" title=\"11:07\" class=\"data-link\" rel=\"bookmark\"><time class=\"entry-date updated\" datetime=\"2021-11-22T11:07:56+02:00\">22 noviembre 2021<\/time><\/a><\/div>\n\t\t<div class=\"entry-excerpt\"><p>[vc_row][vc_column][vc_column_text]Economist Impact and WeProtect Global Alliance recently conducted a study of more than 5,000 18 &#8211; 20 year olds in&hellip;<\/p>\n<\/div>\n\t\t\n<a href=\"https:\/\/web.escudoweb.com\/index.php\/estimates-of-childhood-exposure-to-online-sexual-harms-and-their-risk-factors\/\" class=\"dt-btn-s dt-btn post-details details-type-btn\" aria-label=\"Read more about Estimates of childhood exposure to online sexual harms and their risk factors\">Read more<i class=\"dt-icon-the7-arrow-03\" aria-hidden=\"true\"><\/i><\/a>\n\n\t<\/div>\n<\/div><\/article><article class=\"post post-3098 type-post status-publish format-standard has-post-thumbnail hentry category-news category-21\" data-name=\"Facebook Delays Instagram App for Users 13 and Younger\" data-date=\"2021-11-19T15:15:46+02:00\">\n\n<div class=\"post-thumbnail-wrap\">\n\t<div class=\"post-thumbnail\">\n\t\t\n\t\t\n\t\t<a href=\"https:\/\/web.escudoweb.com\/index.php\/facebook-delays-instagram-app-for-users-13-and-younger\/\" class=\"post-thumbnail-rollover layzr-bg\" ><img decoding=\"async\" class=\"preload-me owl-lazy-load aspect\" src=\"data:image\/svg+xml,%3Csvg%20xmlns%3D&#39;http%3A%2F%2Fwww.w3.org%2F2000%2Fsvg&#39;%20viewBox%3D&#39;0%200%20768%20512&#39;%2F%3E\" data-src=\"https:\/\/web.escudoweb.com\/wp-content\/uploads\/2021\/11\/merlin_193097148_79934b74-791c-421b-9404-2c3b8aab3d0f-superJumbo-768x512.jpg\" data-srcset=\"https:\/\/web.escudoweb.com\/wp-content\/uploads\/2021\/11\/merlin_193097148_79934b74-791c-421b-9404-2c3b8aab3d0f-superJumbo-768x512.jpg 768w, https:\/\/web.escudoweb.com\/wp-content\/uploads\/2021\/11\/merlin_193097148_79934b74-791c-421b-9404-2c3b8aab3d0f-superJumbo-1152x768.jpg 1152w\" loading=\"eager\" style=\"--ratio: 768 \/ 512\" sizes=\"(max-width: 768px) 100vw, 768px\" alt=\"\" title=\"merlin_193097148_79934b74-791c-421b-9404-2c3b8aab3d0f-superJumbo\" width=\"768\" height=\"512\"  \/><\/a>\t<\/div>\n<\/div>\n\n\n<div class=\"post-entry-content\">\n\t<div class=\"post-entry-wrapper\">\n\t\t\t\t<h3 class=\"entry-title\">\n\t\t\t<a href=\"https:\/\/web.escudoweb.com\/index.php\/facebook-delays-instagram-app-for-users-13-and-younger\/\" title=\"Facebook Delays Instagram App for Users 13 and Younger\" rel=\"bookmark\">Facebook Delays Instagram App for Users 13 and Younger<\/a>\n\t\t<\/h3>\n\n\t\t<div class=\"entry-meta\"><a href=\"https:\/\/web.escudoweb.com\/index.php\/2021\/11\/19\/\" title=\"15:15\" class=\"data-link\" rel=\"bookmark\"><time class=\"entry-date updated\" datetime=\"2021-11-19T15:15:46+02:00\">19 noviembre 2021<\/time><\/a><\/div>\n\t\t<div class=\"entry-excerpt\"><p>[vc_row][vc_column][vc_column_text]Facebook, now Meta, is probably one of the most scrutinised companies in the world. Perhaps rightly so, as the company&hellip;<\/p>\n<\/div>\n\t\t\n<a href=\"https:\/\/web.escudoweb.com\/index.php\/facebook-delays-instagram-app-for-users-13-and-younger\/\" class=\"dt-btn-s dt-btn post-details details-type-btn\" aria-label=\"Read more about Facebook Delays Instagram App for Users 13 and Younger\">Read more<i class=\"dt-icon-the7-arrow-03\" aria-hidden=\"true\"><\/i><\/a>\n\n\t<\/div>\n<\/div><\/article><article class=\"post post-3095 type-post status-publish format-standard has-post-thumbnail hentry category-news category-21\" data-name=\"\u2018El Juego del Calamar\u2019 no es el \u00fanico: estos contenidos tampoco son para menores\" data-date=\"2021-11-17T11:04:12+02:00\">\n\n<div class=\"post-thumbnail-wrap\">\n\t<div class=\"post-thumbnail\">\n\t\t\n\t\t\n\t\t<a href=\"https:\/\/web.escudoweb.com\/index.php\/el-juego-del-calamar-no-es-el-unico-estos-contenidos-tampoco-son-para-menores\/\" class=\"post-thumbnail-rollover layzr-bg\" ><img decoding=\"async\" class=\"preload-me owl-lazy-load aspect\" src=\"data:image\/svg+xml,%3Csvg%20xmlns%3D&#39;http%3A%2F%2Fwww.w3.org%2F2000%2Fsvg&#39;%20viewBox%3D&#39;0%200%20768%20512&#39;%2F%3E\" data-src=\"https:\/\/web.escudoweb.com\/wp-content\/uploads\/2021\/11\/contenidos-no-aptos-para-ninos-978x652.jpg-768x512.webp\" data-srcset=\"https:\/\/web.escudoweb.com\/wp-content\/uploads\/2021\/11\/contenidos-no-aptos-para-ninos-978x652.jpg-768x512.webp 768w, https:\/\/web.escudoweb.com\/wp-content\/uploads\/2021\/11\/contenidos-no-aptos-para-ninos-978x652.jpg.webp 977w\" loading=\"eager\" style=\"--ratio: 768 \/ 512\" sizes=\"(max-width: 768px) 100vw, 768px\" alt=\"\" title=\"contenidos-no-aptos-para-ninos-978&#215;652.jpg\" width=\"768\" height=\"512\"  \/><\/a>\t<\/div>\n<\/div>\n\n\n<div class=\"post-entry-content\">\n\t<div class=\"post-entry-wrapper\">\n\t\t\t\t<h3 class=\"entry-title\">\n\t\t\t<a href=\"https:\/\/web.escudoweb.com\/index.php\/el-juego-del-calamar-no-es-el-unico-estos-contenidos-tampoco-son-para-menores\/\" title=\"\u2018El Juego del Calamar\u2019 no es el \u00fanico: estos contenidos tampoco son para menores\" rel=\"bookmark\">\u2018El Juego del Calamar\u2019 no es el \u00fanico: estos contenidos tampoco son para menores<\/a>\n\t\t<\/h3>\n\n\t\t<div class=\"entry-meta\"><a href=\"https:\/\/web.escudoweb.com\/index.php\/2021\/11\/17\/\" title=\"11:04\" class=\"data-link\" rel=\"bookmark\"><time class=\"entry-date updated\" datetime=\"2021-11-17T11:04:12+02:00\">17 noviembre 2021<\/time><\/a><\/div>\n\t\t<div class=\"entry-excerpt\"><p>[vc_row][vc_column][vc_column_text]El mundo ha estado obsesionado en los \u00faltimos meses con series como El Juego del Calamar. Sin embargo, seg\u00fan un&hellip;<\/p>\n<\/div>\n\t\t\n<a href=\"https:\/\/web.escudoweb.com\/index.php\/el-juego-del-calamar-no-es-el-unico-estos-contenidos-tampoco-son-para-menores\/\" class=\"dt-btn-s dt-btn post-details details-type-btn\" aria-label=\"Read more about \u2018El Juego del Calamar\u2019 no es el \u00fanico: estos contenidos tampoco son para menores\">Read more<i class=\"dt-icon-the7-arrow-03\" aria-hidden=\"true\"><\/i><\/a>\n\n\t<\/div>\n<\/div><\/article><article class=\"post post-3092 type-post status-publish format-standard has-post-thumbnail hentry category-news category-21\" data-name=\"The link between behaviour and language development\" data-date=\"2021-11-15T11:01:28+02:00\">\n\n<div class=\"post-thumbnail-wrap\">\n\t<div class=\"post-thumbnail\">\n\t\t\n\t\t\n\t\t<a href=\"https:\/\/web.escudoweb.com\/index.php\/the-link-between-behaviour-and-language-development\/\" class=\"post-thumbnail-rollover layzr-bg\" ><img decoding=\"async\" class=\"preload-me owl-lazy-load aspect\" src=\"data:image\/svg+xml,%3Csvg%20xmlns%3D&#39;http%3A%2F%2Fwww.w3.org%2F2000%2Fsvg&#39;%20viewBox%3D&#39;0%200%20768%20512&#39;%2F%3E\" data-src=\"https:\/\/web.escudoweb.com\/wp-content\/uploads\/2021\/11\/APP_F3_dictionary-768x512.jpg\" data-srcset=\"https:\/\/web.escudoweb.com\/wp-content\/uploads\/2021\/11\/APP_F3_dictionary-768x512.jpg 768w, https:\/\/web.escudoweb.com\/wp-content\/uploads\/2021\/11\/APP_F3_dictionary-913x609.jpg 913w\" loading=\"eager\" style=\"--ratio: 768 \/ 512\" sizes=\"(max-width: 768px) 100vw, 768px\" alt=\"\" title=\"APP_F3_dictionary\" width=\"768\" height=\"512\"  \/><\/a>\t<\/div>\n<\/div>\n\n\n<div class=\"post-entry-content\">\n\t<div class=\"post-entry-wrapper\">\n\t\t\t\t<h3 class=\"entry-title\">\n\t\t\t<a href=\"https:\/\/web.escudoweb.com\/index.php\/the-link-between-behaviour-and-language-development\/\" title=\"The link between behaviour and language development\" rel=\"bookmark\">The link between behaviour and language development<\/a>\n\t\t<\/h3>\n\n\t\t<div class=\"entry-meta\"><a href=\"https:\/\/web.escudoweb.com\/index.php\/2021\/11\/15\/\" title=\"11:01\" class=\"data-link\" rel=\"bookmark\"><time class=\"entry-date updated\" datetime=\"2021-11-15T11:01:28+02:00\">15 noviembre 2021<\/time><\/a><\/div>\n\t\t<div class=\"entry-excerpt\"><p>[vc_row][vc_column][vc_column_text]Research carried out over 30 years by the Institute of Education at University College London (UCL), as reported in TES&hellip;<\/p>\n<\/div>\n\t\t\n<a href=\"https:\/\/web.escudoweb.com\/index.php\/the-link-between-behaviour-and-language-development\/\" class=\"dt-btn-s dt-btn post-details details-type-btn\" aria-label=\"Read more about The link between behaviour and language development\">Read more<i class=\"dt-icon-the7-arrow-03\" aria-hidden=\"true\"><\/i><\/a>\n\n\t<\/div>\n<\/div><\/article><article class=\"post post-3089 type-post status-publish format-standard has-post-thumbnail hentry category-news category-21\" data-name=\"Seeking to respin Instagram\u2019s toxicity for teens, Facebook publishes annotated slide decks\" data-date=\"2021-11-05T09:51:10+02:00\">\n\n<div class=\"post-thumbnail-wrap\">\n\t<div class=\"post-thumbnail\">\n\t\t\n\t\t\n\t\t<a href=\"https:\/\/web.escudoweb.com\/index.php\/seeking-to-respin-instagrams-toxicity-for-teens-facebook-publishes-annotated-slide-decks\/\" class=\"post-thumbnail-rollover layzr-bg\" ><img decoding=\"async\" class=\"preload-me owl-lazy-load aspect\" src=\"data:image\/svg+xml,%3Csvg%20xmlns%3D&#39;http%3A%2F%2Fwww.w3.org%2F2000%2Fsvg&#39;%20viewBox%3D&#39;0%200%20768%20512&#39;%2F%3E\" data-src=\"https:\/\/web.escudoweb.com\/wp-content\/uploads\/2021\/11\/instagram-icon-ios-closeup-768x512.jpg\" data-srcset=\"https:\/\/web.escudoweb.com\/wp-content\/uploads\/2021\/11\/instagram-icon-ios-closeup-768x512.jpg 768w, https:\/\/web.escudoweb.com\/wp-content\/uploads\/2021\/11\/instagram-icon-ios-closeup-1152x768.jpg 1152w\" loading=\"eager\" style=\"--ratio: 768 \/ 512\" sizes=\"(max-width: 768px) 100vw, 768px\" alt=\"\" title=\"instagram-icon-ios-closeup\" width=\"768\" height=\"512\"  \/><\/a>\t<\/div>\n<\/div>\n\n\n<div class=\"post-entry-content\">\n\t<div class=\"post-entry-wrapper\">\n\t\t\t\t<h3 class=\"entry-title\">\n\t\t\t<a href=\"https:\/\/web.escudoweb.com\/index.php\/seeking-to-respin-instagrams-toxicity-for-teens-facebook-publishes-annotated-slide-decks\/\" title=\"Seeking to respin Instagram\u2019s toxicity for teens, Facebook publishes annotated slide decks\" rel=\"bookmark\">Seeking to respin Instagram\u2019s toxicity for teens, Facebook publishes annotated slide decks<\/a>\n\t\t<\/h3>\n\n\t\t<div class=\"entry-meta\"><a href=\"https:\/\/web.escudoweb.com\/index.php\/2021\/11\/05\/\" title=\"09:51\" class=\"data-link\" rel=\"bookmark\"><time class=\"entry-date updated\" datetime=\"2021-11-05T09:51:10+02:00\">5 noviembre 2021<\/time><\/a><\/div>\n\t\t<div class=\"entry-excerpt\"><p>[vc_row][vc_column][vc_column_text]The loss of six months worth of education due to the Coronavirus has inevitably taken its toll on students, teachers,&hellip;<\/p>\n<\/div>\n\t\t\n<a href=\"https:\/\/web.escudoweb.com\/index.php\/seeking-to-respin-instagrams-toxicity-for-teens-facebook-publishes-annotated-slide-decks\/\" class=\"dt-btn-s dt-btn post-details details-type-btn\" aria-label=\"Read more about Seeking to respin Instagram\u2019s toxicity for teens, Facebook publishes annotated slide decks\">Read more<i class=\"dt-icon-the7-arrow-03\" aria-hidden=\"true\"><\/i><\/a>\n\n\t<\/div>\n<\/div><\/article><article class=\"post post-3086 type-post status-publish format-standard has-post-thumbnail hentry category-news category-21\" data-name=\"La falta de habilidades digitales de las familias se ceba con los alumnos de los colegios m\u00e1s desfavorecidos y lastra su aprendizaje\" data-date=\"2021-11-03T09:27:23+02:00\">\n\n<div class=\"post-thumbnail-wrap\">\n\t<div class=\"post-thumbnail\">\n\t\t\n\t\t\n\t\t<a href=\"https:\/\/web.escudoweb.com\/index.php\/la-falta-de-habilidades-digitales-de-las-familias-se-ceba-con-los-alumnos-de-los-colegios-mas-desfavorecidos-y-lastra-su-aprendizaje\/\" class=\"post-thumbnail-rollover layzr-bg\" ><img decoding=\"async\" class=\"preload-me owl-lazy-load aspect\" src=\"data:image\/svg+xml,%3Csvg%20xmlns%3D&#39;http%3A%2F%2Fwww.w3.org%2F2000%2Fsvg&#39;%20viewBox%3D&#39;0%200%20768%20512&#39;%2F%3E\" data-src=\"https:\/\/web.escudoweb.com\/wp-content\/uploads\/2021\/11\/U4UKFKTBXZE3BDSQINMFS5VC4Y-768x512.jpg\" data-srcset=\"https:\/\/web.escudoweb.com\/wp-content\/uploads\/2021\/11\/U4UKFKTBXZE3BDSQINMFS5VC4Y-768x512.jpg 768w, https:\/\/web.escudoweb.com\/wp-content\/uploads\/2021\/11\/U4UKFKTBXZE3BDSQINMFS5VC4Y-1152x768.jpg 1152w\" loading=\"eager\" style=\"--ratio: 768 \/ 512\" sizes=\"(max-width: 768px) 100vw, 768px\" alt=\"\" title=\"U4UKFKTBXZE3BDSQINMFS5VC4Y\" width=\"768\" height=\"512\"  \/><\/a>\t<\/div>\n<\/div>\n\n\n<div class=\"post-entry-content\">\n\t<div class=\"post-entry-wrapper\">\n\t\t\t\t<h3 class=\"entry-title\">\n\t\t\t<a href=\"https:\/\/web.escudoweb.com\/index.php\/la-falta-de-habilidades-digitales-de-las-familias-se-ceba-con-los-alumnos-de-los-colegios-mas-desfavorecidos-y-lastra-su-aprendizaje\/\" title=\"La falta de habilidades digitales de las familias se ceba con los alumnos de los colegios m\u00e1s desfavorecidos y lastra su aprendizaje\" rel=\"bookmark\">La falta de habilidades digitales de las familias se ceba con los alumnos de los colegios m\u00e1s desfavorecidos y lastra su aprendizaje<\/a>\n\t\t<\/h3>\n\n\t\t<div class=\"entry-meta\"><a href=\"https:\/\/web.escudoweb.com\/index.php\/2021\/11\/03\/\" title=\"09:27\" class=\"data-link\" rel=\"bookmark\"><time class=\"entry-date updated\" datetime=\"2021-11-03T09:27:23+02:00\">3 noviembre 2021<\/time><\/a><\/div>\n\t\t<div class=\"entry-excerpt\"><p>[vc_row][vc_column][vc_column_text]El tema de la brecha digital es una forma de exclusi\u00f3n social que ha existido desde que la tecnolog\u00eda lleg\u00f3&hellip;<\/p>\n<\/div>\n\t\t\n<a href=\"https:\/\/web.escudoweb.com\/index.php\/la-falta-de-habilidades-digitales-de-las-familias-se-ceba-con-los-alumnos-de-los-colegios-mas-desfavorecidos-y-lastra-su-aprendizaje\/\" class=\"dt-btn-s dt-btn post-details details-type-btn\" aria-label=\"Read more about La falta de habilidades digitales de las familias se ceba con los alumnos de los colegios m\u00e1s desfavorecidos y lastra su aprendizaje\">Read more<i class=\"dt-icon-the7-arrow-03\" aria-hidden=\"true\"><\/i><\/a>\n\n\t<\/div>\n<\/div><\/article><article class=\"post post-3083 type-post status-publish format-standard has-post-thumbnail hentry category-news category-21\" data-name=\"Instagram Struggles With Fears of Losing Its \u2018Pipeline\u2019: Young Users\" data-date=\"2021-11-02T11:33:48+02:00\">\n\n<div class=\"post-thumbnail-wrap\">\n\t<div class=\"post-thumbnail\">\n\t\t\n\t\t\n\t\t<a href=\"https:\/\/web.escudoweb.com\/index.php\/instagram-struggles-with-fears-of-losing-its-pipeline-young-users\/\" class=\"post-thumbnail-rollover layzr-bg\" ><img decoding=\"async\" class=\"preload-me owl-lazy-load aspect\" src=\"data:image\/svg+xml,%3Csvg%20xmlns%3D&#39;http%3A%2F%2Fwww.w3.org%2F2000%2Fsvg&#39;%20viewBox%3D&#39;0%200%20768%20512&#39;%2F%3E\" data-src=\"https:\/\/web.escudoweb.com\/wp-content\/uploads\/2021\/11\/merlin_162775053_a98d4be5-6ca1-43f1-a9de-c2c56783cccf-superJumbo-768x512.jpg\" data-srcset=\"https:\/\/web.escudoweb.com\/wp-content\/uploads\/2021\/11\/merlin_162775053_a98d4be5-6ca1-43f1-a9de-c2c56783cccf-superJumbo-768x512.jpg 768w, https:\/\/web.escudoweb.com\/wp-content\/uploads\/2021\/11\/merlin_162775053_a98d4be5-6ca1-43f1-a9de-c2c56783cccf-superJumbo-1152x768.jpg 1152w\" loading=\"eager\" style=\"--ratio: 768 \/ 512\" sizes=\"(max-width: 768px) 100vw, 768px\" alt=\"\" title=\"merlin_162775053_a98d4be5-6ca1-43f1-a9de-c2c56783cccf-superJumbo\" width=\"768\" height=\"512\"  \/><\/a>\t<\/div>\n<\/div>\n\n\n<div class=\"post-entry-content\">\n\t<div class=\"post-entry-wrapper\">\n\t\t\t\t<h3 class=\"entry-title\">\n\t\t\t<a href=\"https:\/\/web.escudoweb.com\/index.php\/instagram-struggles-with-fears-of-losing-its-pipeline-young-users\/\" title=\"Instagram Struggles With Fears of Losing Its \u2018Pipeline\u2019: Young Users\" rel=\"bookmark\">Instagram Struggles With Fears of Losing Its \u2018Pipeline\u2019: Young Users<\/a>\n\t\t<\/h3>\n\n\t\t<div class=\"entry-meta\"><a href=\"https:\/\/web.escudoweb.com\/index.php\/2021\/11\/02\/\" title=\"11:33\" class=\"data-link\" rel=\"bookmark\"><time class=\"entry-date updated\" datetime=\"2021-11-02T11:33:48+02:00\">2 noviembre 2021<\/time><\/a><\/div>\n\t\t<div class=\"entry-excerpt\"><p>[vc_row][vc_column][vc_column_text]Any and every business, if it wants to be successful, has to have a pipeline of new customers. This is&hellip;<\/p>\n<\/div>\n\t\t\n<a href=\"https:\/\/web.escudoweb.com\/index.php\/instagram-struggles-with-fears-of-losing-its-pipeline-young-users\/\" class=\"dt-btn-s dt-btn post-details details-type-btn\" aria-label=\"Read more about Instagram Struggles With Fears of Losing Its \u2018Pipeline\u2019: Young Users\">Read more<i class=\"dt-icon-the7-arrow-03\" aria-hidden=\"true\"><\/i><\/a>\n\n\t<\/div>\n<\/div><\/article><article class=\"post post-3081 type-post status-publish format-standard has-post-thumbnail hentry category-news category-21\" data-name=\"La educaci\u00f3n del futuro llega a Espa\u00f1a\" data-date=\"2021-10-27T10:45:17+02:00\">\n\n<div class=\"post-thumbnail-wrap\">\n\t<div class=\"post-thumbnail\">\n\t\t\n\t\t\n\t\t<a href=\"https:\/\/web.escudoweb.com\/index.php\/la-educacion-del-futuro-llega-a-espana\/\" class=\"post-thumbnail-rollover layzr-bg\" ><img decoding=\"async\" class=\"preload-me owl-lazy-load aspect\" src=\"data:image\/svg+xml,%3Csvg%20xmlns%3D&#39;http%3A%2F%2Fwww.w3.org%2F2000%2Fsvg&#39;%20viewBox%3D&#39;0%200%20523%20349&#39;%2F%3E\" data-src=\"https:\/\/web.escudoweb.com\/wp-content\/uploads\/2021\/10\/Slide1_Schools_Teach-kpD-620x349@abc-523x349.png\" data-srcset=\"https:\/\/web.escudoweb.com\/wp-content\/uploads\/2021\/10\/Slide1_Schools_Teach-kpD-620x349@abc-523x349.png 523w\" loading=\"eager\" style=\"--ratio: 523 \/ 349\" sizes=\"(max-width: 523px) 100vw, 523px\" alt=\"\" title=\"Slide1_Schools_Teach-kpD&#8211;620&#215;349@abc\" width=\"523\" height=\"349\"  \/><\/a>\t<\/div>\n<\/div>\n\n\n<div class=\"post-entry-content\">\n\t<div class=\"post-entry-wrapper\">\n\t\t\t\t<h3 class=\"entry-title\">\n\t\t\t<a href=\"https:\/\/web.escudoweb.com\/index.php\/la-educacion-del-futuro-llega-a-espana\/\" title=\"La educaci\u00f3n del futuro llega a Espa\u00f1a\" rel=\"bookmark\">La educaci\u00f3n del futuro llega a Espa\u00f1a<\/a>\n\t\t<\/h3>\n\n\t\t<div class=\"entry-meta\"><a href=\"https:\/\/web.escudoweb.com\/index.php\/2021\/10\/27\/\" title=\"10:45\" class=\"data-link\" rel=\"bookmark\"><time class=\"entry-date updated\" datetime=\"2021-10-27T10:45:17+02:00\">27 octubre 2021<\/time><\/a><\/div>\n\t\t<div class=\"entry-excerpt\"><p>[vc_row][vc_column][vc_column_text]Como va siendo moda en los \u00faltimos a\u00f1os &#8211; reconociendo el gran papel de la tecnolog\u00eda en nuestra vidas &#8211;&hellip;<\/p>\n<\/div>\n\t\t\n<a href=\"https:\/\/web.escudoweb.com\/index.php\/la-educacion-del-futuro-llega-a-espana\/\" class=\"dt-btn-s dt-btn post-details details-type-btn\" aria-label=\"Read more about La educaci\u00f3n del futuro llega a Espa\u00f1a\">Read more<i class=\"dt-icon-the7-arrow-03\" aria-hidden=\"true\"><\/i><\/a>\n\n\t<\/div>\n<\/div><\/article><article class=\"post post-3073 type-post status-publish format-standard has-post-thumbnail hentry category-news category-21\" data-name=\"Mental health survey shows girls and older children are most anxious\" data-date=\"2021-10-25T09:53:23+02:00\">\n\n<div class=\"post-thumbnail-wrap\">\n\t<div class=\"post-thumbnail\">\n\t\t\n\t\t\n\t\t<a href=\"https:\/\/web.escudoweb.com\/index.php\/mental-health-survey-shows-girls-and-older-children-are-most-anxious\/\" class=\"post-thumbnail-rollover layzr-bg\" ><img decoding=\"async\" class=\"preload-me owl-lazy-load aspect\" src=\"data:image\/svg+xml,%3Csvg%20xmlns%3D&#39;http%3A%2F%2Fwww.w3.org%2F2000%2Fsvg&#39;%20viewBox%3D&#39;0%200%20768%20512&#39;%2F%3E\" data-src=\"https:\/\/web.escudoweb.com\/wp-content\/uploads\/2021\/10\/methode_times_prod_web_bin_49628816-19f4-11ec-8d6d-67649e90fafa-768x512.jpg\" data-srcset=\"https:\/\/web.escudoweb.com\/wp-content\/uploads\/2021\/10\/methode_times_prod_web_bin_49628816-19f4-11ec-8d6d-67649e90fafa-768x512.jpg 768w, https:\/\/web.escudoweb.com\/wp-content\/uploads\/2021\/10\/methode_times_prod_web_bin_49628816-19f4-11ec-8d6d-67649e90fafa-1012x675.jpg 1012w\" loading=\"eager\" style=\"--ratio: 768 \/ 512\" sizes=\"(max-width: 768px) 100vw, 768px\" alt=\"\" title=\"_methode_times_prod_web_bin_49628816-19f4-11ec-8d6d-67649e90fafa\" width=\"768\" height=\"512\"  \/><\/a>\t<\/div>\n<\/div>\n\n\n<div class=\"post-entry-content\">\n\t<div class=\"post-entry-wrapper\">\n\t\t\t\t<h3 class=\"entry-title\">\n\t\t\t<a href=\"https:\/\/web.escudoweb.com\/index.php\/mental-health-survey-shows-girls-and-older-children-are-most-anxious\/\" title=\"Mental health survey shows girls and older children are most anxious\" rel=\"bookmark\">Mental health survey shows girls and older children are most anxious<\/a>\n\t\t<\/h3>\n\n\t\t<div class=\"entry-meta\"><a href=\"https:\/\/web.escudoweb.com\/index.php\/2021\/10\/25\/\" title=\"09:53\" class=\"data-link\" rel=\"bookmark\"><time class=\"entry-date updated\" datetime=\"2021-10-25T09:53:23+02:00\">25 octubre 2021<\/time><\/a><\/div>\n\t\t<div class=\"entry-excerpt\"><p>[vc_row][vc_column][vc_column_text]A recent study in the UK reported in The Times &#8211; based on more than 500,000 respondents &#8211; found that&hellip;<\/p>\n<\/div>\n\t\t\n<a href=\"https:\/\/web.escudoweb.com\/index.php\/mental-health-survey-shows-girls-and-older-children-are-most-anxious\/\" class=\"dt-btn-s dt-btn post-details details-type-btn\" aria-label=\"Read more about Mental health survey shows girls and older children are most anxious\">Read more<i class=\"dt-icon-the7-arrow-03\" aria-hidden=\"true\"><\/i><\/a>\n\n\t<\/div>\n<\/div><\/article><article class=\"post post-3070 type-post status-publish format-standard has-post-thumbnail hentry category-news category-21\" data-name=\"US schools gave kids laptops during the pandemic. Then they spied on them\" data-date=\"2021-10-22T07:23:21+02:00\">\n\n<div class=\"post-thumbnail-wrap\">\n\t<div class=\"post-thumbnail\">\n\t\t\n\t\t\n\t\t<a href=\"https:\/\/web.escudoweb.com\/index.php\/us-schools-gave-kids-laptops-during-the-pandemic-then-they-spied-on-them\/\" class=\"post-thumbnail-rollover layzr-bg\" ><img decoding=\"async\" class=\"preload-me owl-lazy-load aspect\" src=\"data:image\/svg+xml,%3Csvg%20xmlns%3D&#39;http%3A%2F%2Fwww.w3.org%2F2000%2Fsvg&#39;%20viewBox%3D&#39;0%200%20558%20371&#39;%2F%3E\" data-src=\"https:\/\/web.escudoweb.com\/wp-content\/uploads\/2021\/10\/3500-558x371.jpg\" data-srcset=\"https:\/\/web.escudoweb.com\/wp-content\/uploads\/2021\/10\/3500-558x371.jpg 558w, https:\/\/web.escudoweb.com\/wp-content\/uploads\/2021\/10\/3500-558x372.jpg 558w\" loading=\"eager\" style=\"--ratio: 558 \/ 371\" sizes=\"(max-width: 558px) 100vw, 558px\" alt=\"\" title=\"3500\" width=\"558\" height=\"371\"  \/><\/a>\t<\/div>\n<\/div>\n\n\n<div class=\"post-entry-content\">\n\t<div class=\"post-entry-wrapper\">\n\t\t\t\t<h3 class=\"entry-title\">\n\t\t\t<a href=\"https:\/\/web.escudoweb.com\/index.php\/us-schools-gave-kids-laptops-during-the-pandemic-then-they-spied-on-them\/\" title=\"US schools gave kids laptops during the pandemic. Then they spied on them\" rel=\"bookmark\">US schools gave kids laptops during the pandemic. Then they spied on them<\/a>\n\t\t<\/h3>\n\n\t\t<div class=\"entry-meta\"><a href=\"https:\/\/web.escudoweb.com\/index.php\/2021\/10\/22\/\" title=\"07:23\" class=\"data-link\" rel=\"bookmark\"><time class=\"entry-date updated\" datetime=\"2021-10-22T07:23:21+02:00\">22 octubre 2021<\/time><\/a><\/div>\n\t\t<div class=\"entry-excerpt\"><p>[vc_row][vc_column][vc_column_text]The US, like all privileged countries around the world, found that demand for digital devices at the start of the&hellip;<\/p>\n<\/div>\n\t\t\n<a href=\"https:\/\/web.escudoweb.com\/index.php\/us-schools-gave-kids-laptops-during-the-pandemic-then-they-spied-on-them\/\" class=\"dt-btn-s dt-btn post-details details-type-btn\" aria-label=\"Read more about US schools gave kids laptops during the pandemic. Then they spied on them\">Read more<i class=\"dt-icon-the7-arrow-03\" aria-hidden=\"true\"><\/i><\/a>\n\n\t<\/div>\n<\/div><\/article><article class=\"post post-3067 type-post status-publish format-standard has-post-thumbnail hentry category-news category-21\" data-name=\"La educaci\u00f3n internacional promueve mentes m\u00e1s abiertas y esp\u00edritus inquietos\" data-date=\"2021-10-20T09:00:30+02:00\">\n\n<div class=\"post-thumbnail-wrap\">\n\t<div class=\"post-thumbnail\">\n\t\t\n\t\t\n\t\t<a href=\"https:\/\/web.escudoweb.com\/index.php\/la-educacion-internacional-promueve-mentes-mas-abiertas-y-espiritus-inquietos\/\" class=\"post-thumbnail-rollover layzr-bg\" ><img decoding=\"async\" class=\"preload-me owl-lazy-load aspect\" src=\"data:image\/svg+xml,%3Csvg%20xmlns%3D&#39;http%3A%2F%2Fwww.w3.org%2F2000%2Fsvg&#39;%20viewBox%3D&#39;0%200%20697%20465&#39;%2F%3E\" data-src=\"https:\/\/web.escudoweb.com\/wp-content\/uploads\/2021\/10\/614491a43764b-697x465.jpeg\" data-srcset=\"https:\/\/web.escudoweb.com\/wp-content\/uploads\/2021\/10\/614491a43764b-697x465.jpeg 697w\" loading=\"eager\" style=\"--ratio: 697 \/ 465\" sizes=\"(max-width: 697px) 100vw, 697px\" alt=\"\" title=\"614491a43764b\" width=\"697\" height=\"465\"  \/><\/a>\t<\/div>\n<\/div>\n\n\n<div class=\"post-entry-content\">\n\t<div class=\"post-entry-wrapper\">\n\t\t\t\t<h3 class=\"entry-title\">\n\t\t\t<a href=\"https:\/\/web.escudoweb.com\/index.php\/la-educacion-internacional-promueve-mentes-mas-abiertas-y-espiritus-inquietos\/\" title=\"La educaci\u00f3n internacional promueve mentes m\u00e1s abiertas y esp\u00edritus inquietos\" rel=\"bookmark\">La educaci\u00f3n internacional promueve mentes m\u00e1s abiertas y esp\u00edritus inquietos<\/a>\n\t\t<\/h3>\n\n\t\t<div class=\"entry-meta\"><a href=\"https:\/\/web.escudoweb.com\/index.php\/2021\/10\/20\/\" title=\"09:00\" class=\"data-link\" rel=\"bookmark\"><time class=\"entry-date updated\" datetime=\"2021-10-20T09:00:30+02:00\">20 octubre 2021<\/time><\/a><\/div>\n\t\t<div class=\"entry-excerpt\"><p>[vc_row][vc_column][vc_column_text]El pilar fundamental de la educaci\u00f3n es el aprendizaje y cuanto mejor es la relaci\u00f3n pedag\u00f3gica del alumnado con su&hellip;<\/p>\n<\/div>\n\t\t\n<a href=\"https:\/\/web.escudoweb.com\/index.php\/la-educacion-internacional-promueve-mentes-mas-abiertas-y-espiritus-inquietos\/\" class=\"dt-btn-s dt-btn post-details details-type-btn\" aria-label=\"Read more about La educaci\u00f3n internacional promueve mentes m\u00e1s abiertas y esp\u00edritus inquietos\">Read more<i class=\"dt-icon-the7-arrow-03\" aria-hidden=\"true\"><\/i><\/a>\n\n\t<\/div>\n<\/div><\/article><article class=\"post post-3061 type-post status-publish format-standard has-post-thumbnail hentry category-news category-21\" data-name=\"TikTok\u2019s Latest Craze: Stealing Stuff From School\" data-date=\"2021-10-18T08:45:46+02:00\">\n\n<div class=\"post-thumbnail-wrap\">\n\t<div class=\"post-thumbnail\">\n\t\t\n\t\t\n\t\t<a href=\"https:\/\/web.escudoweb.com\/index.php\/tiktoks-latest-craze-stealing-stuff-from-school\/\" class=\"post-thumbnail-rollover layzr-bg\" ><img decoding=\"async\" class=\"preload-me owl-lazy-load aspect\" src=\"data:image\/svg+xml,%3Csvg%20xmlns%3D&#39;http%3A%2F%2Fwww.w3.org%2F2000%2Fsvg&#39;%20viewBox%3D&#39;0%200%20768%20512&#39;%2F%3E\" data-src=\"https:\/\/web.escudoweb.com\/wp-content\/uploads\/2021\/10\/17EDUCATION-THEFT-1-superJumbo-768x512.jpg\" data-srcset=\"https:\/\/web.escudoweb.com\/wp-content\/uploads\/2021\/10\/17EDUCATION-THEFT-1-superJumbo-768x512.jpg 768w, https:\/\/web.escudoweb.com\/wp-content\/uploads\/2021\/10\/17EDUCATION-THEFT-1-superJumbo-1152x768.jpg 1152w\" loading=\"eager\" style=\"--ratio: 768 \/ 512\" sizes=\"(max-width: 768px) 100vw, 768px\" alt=\"\" title=\"17EDUCATION-THEFT-1-superJumbo\" width=\"768\" height=\"512\"  \/><\/a>\t<\/div>\n<\/div>\n\n\n<div class=\"post-entry-content\">\n\t<div class=\"post-entry-wrapper\">\n\t\t\t\t<h3 class=\"entry-title\">\n\t\t\t<a href=\"https:\/\/web.escudoweb.com\/index.php\/tiktoks-latest-craze-stealing-stuff-from-school\/\" title=\"TikTok\u2019s Latest Craze: Stealing Stuff From School\" rel=\"bookmark\">TikTok\u2019s Latest Craze: Stealing Stuff From School<\/a>\n\t\t<\/h3>\n\n\t\t<div class=\"entry-meta\"><a href=\"https:\/\/web.escudoweb.com\/index.php\/2021\/10\/18\/\" title=\"08:45\" class=\"data-link\" rel=\"bookmark\"><time class=\"entry-date updated\" datetime=\"2021-10-18T08:45:46+02:00\">18 octubre 2021<\/time><\/a><\/div>\n\t\t<div class=\"entry-excerpt\"><p>[vc_row][vc_column][vc_column_text]One of the recent trends, that at least in the US is garnering support from teenagers, is under the hashtag&hellip;<\/p>\n<\/div>\n\t\t\n<a href=\"https:\/\/web.escudoweb.com\/index.php\/tiktoks-latest-craze-stealing-stuff-from-school\/\" class=\"dt-btn-s dt-btn post-details details-type-btn\" aria-label=\"Read more about TikTok\u2019s Latest Craze: Stealing Stuff From School\">Read more<i class=\"dt-icon-the7-arrow-03\" aria-hidden=\"true\"><\/i><\/a>\n\n\t<\/div>\n<\/div><\/article><article class=\"post post-3058 type-post status-publish format-standard has-post-thumbnail hentry category-news category-21\" data-name=\"TikTok faces GDPR probe over children\u2019s data and China transfers\" data-date=\"2021-10-15T07:09:37+02:00\">\n\n<div class=\"post-thumbnail-wrap\">\n\t<div class=\"post-thumbnail\">\n\t\t\n\t\t\n\t\t<a href=\"https:\/\/web.escudoweb.com\/index.php\/tiktok-faces-gdpr-probe-over-childrens-data-and-china-transfers\/\" class=\"post-thumbnail-rollover layzr-bg\" ><img decoding=\"async\" class=\"preload-me owl-lazy-load aspect\" src=\"data:image\/svg+xml,%3Csvg%20xmlns%3D&#39;http%3A%2F%2Fwww.w3.org%2F2000%2Fsvg&#39;%20viewBox%3D&#39;0%200%20759%20506&#39;%2F%3E\" data-src=\"https:\/\/web.escudoweb.com\/wp-content\/uploads\/2021\/10\/https___d1e00ek4ebabms.cloudfront.net_production_4854e8b7-4ef1-46bf-8628-3fb5d5260aa8-759x506.jpg\" data-srcset=\"https:\/\/web.escudoweb.com\/wp-content\/uploads\/2021\/10\/https___d1e00ek4ebabms.cloudfront.net_production_4854e8b7-4ef1-46bf-8628-3fb5d5260aa8-759x506.jpg 759w\" loading=\"eager\" style=\"--ratio: 759 \/ 506\" sizes=\"(max-width: 759px) 100vw, 759px\" alt=\"\" title=\"https___d1e00ek4ebabms.cloudfront.net_production_4854e8b7-4ef1-46bf-8628-3fb5d5260aa8\" width=\"759\" height=\"506\"  \/><\/a>\t<\/div>\n<\/div>\n\n\n<div class=\"post-entry-content\">\n\t<div class=\"post-entry-wrapper\">\n\t\t\t\t<h3 class=\"entry-title\">\n\t\t\t<a href=\"https:\/\/web.escudoweb.com\/index.php\/tiktok-faces-gdpr-probe-over-childrens-data-and-china-transfers\/\" title=\"TikTok faces GDPR probe over children\u2019s data and China transfers\" rel=\"bookmark\">TikTok faces GDPR probe over children\u2019s data and China transfers<\/a>\n\t\t<\/h3>\n\n\t\t<div class=\"entry-meta\"><a href=\"https:\/\/web.escudoweb.com\/index.php\/2021\/10\/15\/\" title=\"07:09\" class=\"data-link\" rel=\"bookmark\"><time class=\"entry-date updated\" datetime=\"2021-10-15T07:09:37+02:00\">15 octubre 2021<\/time><\/a><\/div>\n\t\t<div class=\"entry-excerpt\"><p>[vc_row][vc_column][vc_column_text]In recent weeks the tech giants have come under increased scrutiny for their procedure of capturing the interest of children&hellip;<\/p>\n<\/div>\n\t\t\n<a href=\"https:\/\/web.escudoweb.com\/index.php\/tiktok-faces-gdpr-probe-over-childrens-data-and-china-transfers\/\" class=\"dt-btn-s dt-btn post-details details-type-btn\" aria-label=\"Read more about TikTok faces GDPR probe over children\u2019s data and China transfers\">Read more<i class=\"dt-icon-the7-arrow-03\" aria-hidden=\"true\"><\/i><\/a>\n\n\t<\/div>\n<\/div><\/article><article class=\"post post-3055 type-post status-publish format-standard has-post-thumbnail hentry category-news category-21\" data-name=\"Amazon se \u2018cuela\u2019 en los colegios: \u201cEstimados padres: ayudad al instituto de vuestros hijos comprando en la plataforma\u201d\" data-date=\"2021-10-13T10:11:32+02:00\">\n\n<div class=\"post-thumbnail-wrap\">\n\t<div class=\"post-thumbnail\">\n\t\t\n\t\t\n\t\t<a href=\"https:\/\/web.escudoweb.com\/index.php\/amazon-se-cuela-en-los-colegios-estimados-padres-ayudad-al-instituto-de-vuestros-hijos-comprando-en-la-plataforma\/\" class=\"post-thumbnail-rollover layzr-bg\" ><img decoding=\"async\" class=\"preload-me owl-lazy-load aspect\" src=\"data:image\/svg+xml,%3Csvg%20xmlns%3D&#39;http%3A%2F%2Fwww.w3.org%2F2000%2Fsvg&#39;%20viewBox%3D&#39;0%200%20768%20512&#39;%2F%3E\" data-src=\"https:\/\/web.escudoweb.com\/wp-content\/uploads\/2021\/10\/N67MWIFZJFE7RNQLRNXPFX3LII-768x512.webp\" data-srcset=\"https:\/\/web.escudoweb.com\/wp-content\/uploads\/2021\/10\/N67MWIFZJFE7RNQLRNXPFX3LII-768x512.webp 768w, https:\/\/web.escudoweb.com\/wp-content\/uploads\/2021\/10\/N67MWIFZJFE7RNQLRNXPFX3LII-1152x768.webp 1152w\" loading=\"eager\" style=\"--ratio: 768 \/ 512\" sizes=\"(max-width: 768px) 100vw, 768px\" alt=\"\" title=\"N67MWIFZJFE7RNQLRNXPFX3LII\" width=\"768\" height=\"512\"  \/><\/a>\t<\/div>\n<\/div>\n\n\n<div class=\"post-entry-content\">\n\t<div class=\"post-entry-wrapper\">\n\t\t\t\t<h3 class=\"entry-title\">\n\t\t\t<a href=\"https:\/\/web.escudoweb.com\/index.php\/amazon-se-cuela-en-los-colegios-estimados-padres-ayudad-al-instituto-de-vuestros-hijos-comprando-en-la-plataforma\/\" title=\"Amazon se \u2018cuela\u2019 en los colegios: \u201cEstimados padres: ayudad al instituto de vuestros hijos comprando en la plataforma\u201d\" rel=\"bookmark\">Amazon se \u2018cuela\u2019 en los colegios: \u201cEstimados padres: ayudad al instituto de vuestros hijos comprando en la plataforma\u201d<\/a>\n\t\t<\/h3>\n\n\t\t<div class=\"entry-meta\"><a href=\"https:\/\/web.escudoweb.com\/index.php\/2021\/10\/13\/\" title=\"10:11\" class=\"data-link\" rel=\"bookmark\"><time class=\"entry-date updated\" datetime=\"2021-10-13T10:11:32+02:00\">13 octubre 2021<\/time><\/a><\/div>\n\t\t<div class=\"entry-excerpt\"><p>[vc_row][vc_column][vc_column_text]Seg\u00fan un art\u00edculo reciente en El Pa\u00eds, la multinacional americana Amazon lanz\u00f3 el curso pasado una campa\u00f1a que pretende devolver&hellip;<\/p>\n<\/div>\n\t\t\n<a href=\"https:\/\/web.escudoweb.com\/index.php\/amazon-se-cuela-en-los-colegios-estimados-padres-ayudad-al-instituto-de-vuestros-hijos-comprando-en-la-plataforma\/\" class=\"dt-btn-s dt-btn post-details details-type-btn\" aria-label=\"Read more about Amazon se \u2018cuela\u2019 en los colegios: \u201cEstimados padres: ayudad al instituto de vuestros hijos comprando en la plataforma\u201d\">Read more<i class=\"dt-icon-the7-arrow-03\" aria-hidden=\"true\"><\/i><\/a>\n\n\t<\/div>\n<\/div><\/article><article class=\"post post-3050 type-post status-publish format-standard has-post-thumbnail hentry category-news category-21\" data-name=\"Facebook Knows Instagram Is Toxic for Teen Girls, Company Documents Show\" data-date=\"2021-10-11T07:25:21+02:00\">\n\n<div class=\"post-thumbnail-wrap\">\n\t<div class=\"post-thumbnail\">\n\t\t\n\t\t\n\t\t<a href=\"https:\/\/web.escudoweb.com\/index.php\/facebook-knows-instagram-is-toxic-for-teen-girls-company-documents-show\/\" class=\"post-thumbnail-rollover layzr-bg\" ><img decoding=\"async\" class=\"preload-me owl-lazy-load aspect\" src=\"data:image\/svg+xml,%3Csvg%20xmlns%3D&#39;http%3A%2F%2Fwww.w3.org%2F2000%2Fsvg&#39;%20viewBox%3D&#39;0%200%20768%20512&#39;%2F%3E\" data-src=\"https:\/\/web.escudoweb.com\/wp-content\/uploads\/2021\/10\/im-397208-768x512.jpg\" data-srcset=\"https:\/\/web.escudoweb.com\/wp-content\/uploads\/2021\/10\/im-397208-768x512.jpg 768w, https:\/\/web.escudoweb.com\/wp-content\/uploads\/2021\/10\/im-397208-1152x768.jpg 1152w\" loading=\"eager\" style=\"--ratio: 768 \/ 512\" sizes=\"(max-width: 768px) 100vw, 768px\" alt=\"\" title=\"im-397208\" width=\"768\" height=\"512\"  \/><\/a>\t<\/div>\n<\/div>\n\n\n<div class=\"post-entry-content\">\n\t<div class=\"post-entry-wrapper\">\n\t\t\t\t<h3 class=\"entry-title\">\n\t\t\t<a href=\"https:\/\/web.escudoweb.com\/index.php\/facebook-knows-instagram-is-toxic-for-teen-girls-company-documents-show\/\" title=\"Facebook Knows Instagram Is Toxic for Teen Girls, Company Documents Show\" rel=\"bookmark\">Facebook Knows Instagram Is Toxic for Teen Girls, Company Documents Show<\/a>\n\t\t<\/h3>\n\n\t\t<div class=\"entry-meta\"><a href=\"https:\/\/web.escudoweb.com\/index.php\/2021\/10\/11\/\" title=\"07:25\" class=\"data-link\" rel=\"bookmark\"><time class=\"entry-date updated\" datetime=\"2021-10-11T07:25:21+02:00\">11 octubre 2021<\/time><\/a><\/div>\n\t\t<div class=\"entry-excerpt\"><p>[vc_row][vc_column][vc_column_text]There have been articles &#8211; including documentaries &#8211; about the ills of Social Media. The Wall Street Journal just published&hellip;<\/p>\n<\/div>\n\t\t\n<a href=\"https:\/\/web.escudoweb.com\/index.php\/facebook-knows-instagram-is-toxic-for-teen-girls-company-documents-show\/\" class=\"dt-btn-s dt-btn post-details details-type-btn\" aria-label=\"Read more about Facebook Knows Instagram Is Toxic for Teen Girls, Company Documents Show\">Read more<i class=\"dt-icon-the7-arrow-03\" aria-hidden=\"true\"><\/i><\/a>\n\n\t<\/div>\n<\/div><\/article><article class=\"post post-3045 type-post status-publish format-standard has-post-thumbnail hentry category-news category-21\" data-name=\"Banning phones in schools will cause pupils to misbehave, union claims\" data-date=\"2021-10-08T08:25:59+02:00\">\n\n<div class=\"post-thumbnail-wrap\">\n\t<div class=\"post-thumbnail\">\n\t\t\n\t\t\n\t\t<a href=\"https:\/\/web.escudoweb.com\/index.php\/banning-phones-in-schools-will-cause-pupils-to-misbehave-union-claims\/\" class=\"post-thumbnail-rollover layzr-bg\" ><img decoding=\"async\" class=\"preload-me owl-lazy-load aspect\" src=\"data:image\/svg+xml,%3Csvg%20xmlns%3D&#39;http%3A%2F%2Fwww.w3.org%2F2000%2Fsvg&#39;%20viewBox%3D&#39;0%200%20768%20512&#39;%2F%3E\" data-src=\"https:\/\/web.escudoweb.com\/wp-content\/uploads\/2021\/10\/TELEMMGLPICT000207595569_trans_NvBQzQNjv4BqpVlberWd9EgFPZtcLiMQfy2dmClwgbjjulYfPTELibA-768x512.jpeg\" data-srcset=\"https:\/\/web.escudoweb.com\/wp-content\/uploads\/2021\/10\/TELEMMGLPICT000207595569_trans_NvBQzQNjv4BqpVlberWd9EgFPZtcLiMQfy2dmClwgbjjulYfPTELibA-768x512.jpeg 768w, https:\/\/web.escudoweb.com\/wp-content\/uploads\/2021\/10\/TELEMMGLPICT000207595569_trans_NvBQzQNjv4BqpVlberWd9EgFPZtcLiMQfy2dmClwgbjjulYfPTELibA-900x600.jpeg 900w\" loading=\"eager\" style=\"--ratio: 768 \/ 512\" sizes=\"(max-width: 768px) 100vw, 768px\" alt=\"\" title=\"TELEMMGLPICT000207595569_trans_NvBQzQNjv4BqpVlberWd9EgFPZtcLiMQfy2dmClwgbjjulYfPTELibA\" width=\"768\" height=\"512\"  \/><\/a>\t<\/div>\n<\/div>\n\n\n<div class=\"post-entry-content\">\n\t<div class=\"post-entry-wrapper\">\n\t\t\t\t<h3 class=\"entry-title\">\n\t\t\t<a href=\"https:\/\/web.escudoweb.com\/index.php\/banning-phones-in-schools-will-cause-pupils-to-misbehave-union-claims\/\" title=\"Banning phones in schools will cause pupils to misbehave, union claims\" rel=\"bookmark\">Banning phones in schools will cause pupils to misbehave, union claims<\/a>\n\t\t<\/h3>\n\n\t\t<div class=\"entry-meta\"><a href=\"https:\/\/web.escudoweb.com\/index.php\/2021\/10\/08\/\" title=\"08:25\" class=\"data-link\" rel=\"bookmark\"><time class=\"entry-date updated\" datetime=\"2021-10-08T08:25:59+02:00\">8 octubre 2021<\/time><\/a><\/div>\n\t\t<div class=\"entry-excerpt\"><p>[vc_row][vc_column][vc_column_text]The controversial subject of having phones in school has reared its head once again with divergent views being the norm.&hellip;<\/p>\n<\/div>\n\t\t\n<a href=\"https:\/\/web.escudoweb.com\/index.php\/banning-phones-in-schools-will-cause-pupils-to-misbehave-union-claims\/\" class=\"dt-btn-s dt-btn post-details details-type-btn\" aria-label=\"Read more about Banning phones in schools will cause pupils to misbehave, union claims\">Read more<i class=\"dt-icon-the7-arrow-03\" aria-hidden=\"true\"><\/i><\/a>\n\n\t<\/div>\n<\/div><\/article><article class=\"post post-3040 type-post status-publish format-standard has-post-thumbnail hentry category-news category-21\" data-name=\"Marc Masip: \u00abEl m\u00f3vil es la hero\u00edna del siglo XXI\u00bb\" data-date=\"2021-10-06T08:24:07+02:00\">\n\n<div class=\"post-thumbnail-wrap\">\n\t<div class=\"post-thumbnail\">\n\t\t\n\t\t\n\t\t<a href=\"https:\/\/web.escudoweb.com\/index.php\/marc-masip-el-movil-es-la-heroina-del-siglo-xxi\/\" class=\"post-thumbnail-rollover layzr-bg\" ><img decoding=\"async\" class=\"preload-me owl-lazy-load aspect\" src=\"data:image\/svg+xml,%3Csvg%20xmlns%3D&#39;http%3A%2F%2Fwww.w3.org%2F2000%2Fsvg&#39;%20viewBox%3D&#39;0%200%20768%20512&#39;%2F%3E\" data-src=\"https:\/\/web.escudoweb.com\/wp-content\/uploads\/2021\/10\/16325076675316-768x512.webp\" data-srcset=\"https:\/\/web.escudoweb.com\/wp-content\/uploads\/2021\/10\/16325076675316-768x512.webp 768w, https:\/\/web.escudoweb.com\/wp-content\/uploads\/2021\/10\/16325076675316.webp 990w\" loading=\"eager\" style=\"--ratio: 768 \/ 512\" sizes=\"(max-width: 768px) 100vw, 768px\" alt=\"\" title=\"16325076675316\" width=\"768\" height=\"512\"  \/><\/a>\t<\/div>\n<\/div>\n\n\n<div class=\"post-entry-content\">\n\t<div class=\"post-entry-wrapper\">\n\t\t\t\t<h3 class=\"entry-title\">\n\t\t\t<a href=\"https:\/\/web.escudoweb.com\/index.php\/marc-masip-el-movil-es-la-heroina-del-siglo-xxi\/\" title=\"Marc Masip: \u00abEl m\u00f3vil es la hero\u00edna del siglo XXI\u00bb\" rel=\"bookmark\">Marc Masip: \u00abEl m\u00f3vil es la hero\u00edna del siglo XXI\u00bb<\/a>\n\t\t<\/h3>\n\n\t\t<div class=\"entry-meta\"><a href=\"https:\/\/web.escudoweb.com\/index.php\/2021\/10\/06\/\" title=\"08:24\" class=\"data-link\" rel=\"bookmark\"><time class=\"entry-date updated\" datetime=\"2021-10-06T08:24:07+02:00\">6 octubre 2021<\/time><\/a><\/div>\n\t\t<div class=\"entry-excerpt\"><p>[vc_row][vc_column][vc_column_text]D\u00eda tras d\u00eda &#8211; sobre todo tras el comienzo de la pandemia &#8211; el uso de los dispositivos digitales sigue&hellip;<\/p>\n<\/div>\n\t\t\n<a href=\"https:\/\/web.escudoweb.com\/index.php\/marc-masip-el-movil-es-la-heroina-del-siglo-xxi\/\" class=\"dt-btn-s dt-btn post-details details-type-btn\" aria-label=\"Read more about Marc Masip: \u00abEl m\u00f3vil es la hero\u00edna del siglo XXI\u00bb\">Read more<i class=\"dt-icon-the7-arrow-03\" aria-hidden=\"true\"><\/i><\/a>\n\n\t<\/div>\n<\/div><\/article><article class=\"post post-3034 type-post status-publish format-standard has-post-thumbnail hentry category-news category-21\" data-name=\"Constant craving: how digital media turned us all into dopamine addicts\" data-date=\"2021-10-04T07:35:20+02:00\">\n\n<div class=\"post-thumbnail-wrap\">\n\t<div class=\"post-thumbnail\">\n\t\t\n\t\t\n\t\t<a href=\"https:\/\/web.escudoweb.com\/index.php\/constant-craving-how-digital-media-turned-us-all-into-dopamine-addicts\/\" class=\"post-thumbnail-rollover layzr-bg\" ><img decoding=\"async\" class=\"preload-me owl-lazy-load aspect\" src=\"data:image\/svg+xml,%3Csvg%20xmlns%3D&#39;http%3A%2F%2Fwww.w3.org%2F2000%2Fsvg&#39;%20viewBox%3D&#39;0%200%20768%20512&#39;%2F%3E\" data-src=\"https:\/\/web.escudoweb.com\/wp-content\/uploads\/2021\/10\/5536-768x512.jpg\" data-srcset=\"https:\/\/web.escudoweb.com\/wp-content\/uploads\/2021\/10\/5536-768x512.jpg 768w, https:\/\/web.escudoweb.com\/wp-content\/uploads\/2021\/10\/5536-918x612.jpg 918w\" loading=\"eager\" style=\"--ratio: 768 \/ 512\" sizes=\"(max-width: 768px) 100vw, 768px\" alt=\"\" title=\"5536\" width=\"768\" height=\"512\"  \/><\/a>\t<\/div>\n<\/div>\n\n\n<div class=\"post-entry-content\">\n\t<div class=\"post-entry-wrapper\">\n\t\t\t\t<h3 class=\"entry-title\">\n\t\t\t<a href=\"https:\/\/web.escudoweb.com\/index.php\/constant-craving-how-digital-media-turned-us-all-into-dopamine-addicts\/\" title=\"Constant craving: how digital media turned us all into dopamine addicts\" rel=\"bookmark\">Constant craving: how digital media turned us all into dopamine addicts<\/a>\n\t\t<\/h3>\n\n\t\t<div class=\"entry-meta\"><a href=\"https:\/\/web.escudoweb.com\/index.php\/2021\/10\/04\/\" title=\"07:35\" class=\"data-link\" rel=\"bookmark\"><time class=\"entry-date updated\" datetime=\"2021-10-04T07:35:20+02:00\">4 octubre 2021<\/time><\/a><\/div>\n\t\t<div class=\"entry-excerpt\"><p>[vc_row][vc_column][vc_column_text]The pandemic has made us all into some kind of junky, according to The Guardian newspaper in its interview with&hellip;<\/p>\n<\/div>\n\t\t\n<a href=\"https:\/\/web.escudoweb.com\/index.php\/constant-craving-how-digital-media-turned-us-all-into-dopamine-addicts\/\" class=\"dt-btn-s dt-btn post-details details-type-btn\" aria-label=\"Read more about Constant craving: how digital media turned us all into dopamine addicts\">Read more<i class=\"dt-icon-the7-arrow-03\" aria-hidden=\"true\"><\/i><\/a>\n\n\t<\/div>\n<\/div><\/article><article class=\"post post-3028 type-post status-publish format-standard has-post-thumbnail hentry category-news category-21\" data-name=\"How might the return to classrooms affect covid-19 transmission?\" data-date=\"2021-10-01T07:30:35+02:00\">\n\n<div class=\"post-thumbnail-wrap\">\n\t<div class=\"post-thumbnail\">\n\t\t\n\t\t\n\t\t<a href=\"https:\/\/web.escudoweb.com\/index.php\/how-might-the-return-to-classrooms-affect-covid-19-transmission\/\" class=\"post-thumbnail-rollover layzr-bg\" ><img decoding=\"async\" class=\"preload-me owl-lazy-load aspect\" src=\"data:image\/svg+xml,%3Csvg%20xmlns%3D&#39;http%3A%2F%2Fwww.w3.org%2F2000%2Fsvg&#39;%20viewBox%3D&#39;0%200%20768%20512&#39;%2F%3E\" data-src=\"https:\/\/web.escudoweb.com\/wp-content\/uploads\/2021\/10\/20210821_BLP506-768x512.jpg\" data-srcset=\"https:\/\/web.escudoweb.com\/wp-content\/uploads\/2021\/10\/20210821_BLP506-768x512.jpg 768w, https:\/\/web.escudoweb.com\/wp-content\/uploads\/2021\/10\/20210821_BLP506-1080x720.jpg 1080w\" loading=\"eager\" style=\"--ratio: 768 \/ 512\" sizes=\"(max-width: 768px) 100vw, 768px\" alt=\"\" title=\"20210821_BLP506\" width=\"768\" height=\"512\"  \/><\/a>\t<\/div>\n<\/div>\n\n\n<div class=\"post-entry-content\">\n\t<div class=\"post-entry-wrapper\">\n\t\t\t\t<h3 class=\"entry-title\">\n\t\t\t<a href=\"https:\/\/web.escudoweb.com\/index.php\/how-might-the-return-to-classrooms-affect-covid-19-transmission\/\" title=\"How might the return to classrooms affect covid-19 transmission?\" rel=\"bookmark\">How might the return to classrooms affect covid-19 transmission?<\/a>\n\t\t<\/h3>\n\n\t\t<div class=\"entry-meta\"><a href=\"https:\/\/web.escudoweb.com\/index.php\/2021\/10\/01\/\" title=\"07:30\" class=\"data-link\" rel=\"bookmark\"><time class=\"entry-date updated\" datetime=\"2021-10-01T07:30:35+02:00\">1 octubre 2021<\/time><\/a><\/div>\n\t\t<div class=\"entry-excerpt\"><p>[vc_row][vc_column][vc_column_text]As schools around the world return to classrooms, The Economist wonders whether the advent of new variants and higher rates&hellip;<\/p>\n<\/div>\n\t\t\n<a href=\"https:\/\/web.escudoweb.com\/index.php\/how-might-the-return-to-classrooms-affect-covid-19-transmission\/\" class=\"dt-btn-s dt-btn post-details details-type-btn\" aria-label=\"Read more about How might the return to classrooms affect covid-19 transmission?\">Read more<i class=\"dt-icon-the7-arrow-03\" aria-hidden=\"true\"><\/i><\/a>\n\n\t<\/div>\n<\/div><\/article><article class=\"post post-3025 type-post status-publish format-standard has-post-thumbnail hentry category-news category-21\" data-name=\"M\u00e1s de la mitad de los ni\u00f1os ve adecuado prohibir el m\u00f3vil en colegio para evitar el acoso y las distracciones\" data-date=\"2021-09-29T07:38:14+02:00\">\n\n<div class=\"post-thumbnail-wrap\">\n\t<div class=\"post-thumbnail\">\n\t\t\n\t\t\n\t\t<a href=\"https:\/\/web.escudoweb.com\/index.php\/mas-de-la-mitad-de-los-ninos-ve-adecuado-prohibir-el-movil-en-colegio-para-evitar-el-acoso-y-las-distracciones\/\" class=\"post-thumbnail-rollover layzr-bg\" ><img decoding=\"async\" class=\"preload-me owl-lazy-load aspect\" src=\"data:image\/svg+xml,%3Csvg%20xmlns%3D&#39;http%3A%2F%2Fwww.w3.org%2F2000%2Fsvg&#39;%20viewBox%3D&#39;0%200%20768%20512&#39;%2F%3E\" data-src=\"https:\/\/web.escudoweb.com\/wp-content\/uploads\/2021\/09\/adobestock_206940703-scaled-1-768x512.jpeg\" data-srcset=\"https:\/\/web.escudoweb.com\/wp-content\/uploads\/2021\/09\/adobestock_206940703-scaled-1-768x512.jpeg 768w, https:\/\/web.escudoweb.com\/wp-content\/uploads\/2021\/09\/adobestock_206940703-scaled-1-1152x768.jpeg 1152w\" loading=\"eager\" style=\"--ratio: 768 \/ 512\" sizes=\"(max-width: 768px) 100vw, 768px\" alt=\"\" title=\"adobestock_206940703-scaled\" width=\"768\" height=\"512\"  \/><\/a>\t<\/div>\n<\/div>\n\n\n<div class=\"post-entry-content\">\n\t<div class=\"post-entry-wrapper\">\n\t\t\t\t<h3 class=\"entry-title\">\n\t\t\t<a href=\"https:\/\/web.escudoweb.com\/index.php\/mas-de-la-mitad-de-los-ninos-ve-adecuado-prohibir-el-movil-en-colegio-para-evitar-el-acoso-y-las-distracciones\/\" title=\"M\u00e1s de la mitad de los ni\u00f1os ve adecuado prohibir el m\u00f3vil en colegio para evitar el acoso y las distracciones\" rel=\"bookmark\">M\u00e1s de la mitad de los ni\u00f1os ve adecuado prohibir el m\u00f3vil en colegio para evitar el acoso y las distracciones<\/a>\n\t\t<\/h3>\n\n\t\t<div class=\"entry-meta\"><a href=\"https:\/\/web.escudoweb.com\/index.php\/2021\/09\/29\/\" title=\"07:38\" class=\"data-link\" rel=\"bookmark\"><time class=\"entry-date updated\" datetime=\"2021-09-29T07:38:14+02:00\">29 septiembre 2021<\/time><\/a><\/div>\n\t\t<div class=\"entry-excerpt\"><p>[vc_row][vc_column][vc_column_text]Desgraciadamente el acoso escolar sigue siendo m\u00e1s habitual de lo que nos gustar\u00eda, seg\u00fan el informe \u00abLa opini\u00f3n de los&hellip;<\/p>\n<\/div>\n\t\t\n<a href=\"https:\/\/web.escudoweb.com\/index.php\/mas-de-la-mitad-de-los-ninos-ve-adecuado-prohibir-el-movil-en-colegio-para-evitar-el-acoso-y-las-distracciones\/\" class=\"dt-btn-s dt-btn post-details details-type-btn\" aria-label=\"Read more about M\u00e1s de la mitad de los ni\u00f1os ve adecuado prohibir el m\u00f3vil en colegio para evitar el acoso y las distracciones\">Read more<i class=\"dt-icon-the7-arrow-03\" aria-hidden=\"true\"><\/i><\/a>\n\n\t<\/div>\n<\/div><\/article><article class=\"post post-3014 type-post status-publish format-standard has-post-thumbnail hentry category-news category-21\" data-name=\"Predictions for the future of edtech from industry thought leaders\" data-date=\"2021-09-27T07:14:00+02:00\">\n\n<div class=\"post-thumbnail-wrap\">\n\t<div class=\"post-thumbnail\">\n\t\t\n\t\t\n\t\t<a href=\"https:\/\/web.escudoweb.com\/index.php\/predictions-for-the-future-of-edtech-from-industry-thought-leaders\/\" class=\"post-thumbnail-rollover layzr-bg\" ><img decoding=\"async\" class=\"preload-me owl-lazy-load aspect\" src=\"data:image\/svg+xml,%3Csvg%20xmlns%3D&#39;http%3A%2F%2Fwww.w3.org%2F2000%2Fsvg&#39;%20viewBox%3D&#39;0%200%20768%20512&#39;%2F%3E\" data-src=\"https:\/\/web.escudoweb.com\/wp-content\/uploads\/2021\/09\/businessman-touching-virtual-screen-digital-transformation-wording-icons-business-technology-information-innovation-concept-768x512.jpg\" data-srcset=\"https:\/\/web.escudoweb.com\/wp-content\/uploads\/2021\/09\/businessman-touching-virtual-screen-digital-transformation-wording-icons-business-technology-information-innovation-concept-768x512.jpg 768w, https:\/\/web.escudoweb.com\/wp-content\/uploads\/2021\/09\/businessman-touching-virtual-screen-digital-transformation-wording-icons-business-technology-information-innovation-concept-1152x768.jpg 1152w\" loading=\"eager\" style=\"--ratio: 768 \/ 512\" sizes=\"(max-width: 768px) 100vw, 768px\" alt=\"\" title=\"businessman-touching-virtual-screen-digital-transformation-wording-icons-business-technology-information-innovation-concept\" width=\"768\" height=\"512\"  \/><\/a>\t<\/div>\n<\/div>\n\n\n<div class=\"post-entry-content\">\n\t<div class=\"post-entry-wrapper\">\n\t\t\t\t<h3 class=\"entry-title\">\n\t\t\t<a href=\"https:\/\/web.escudoweb.com\/index.php\/predictions-for-the-future-of-edtech-from-industry-thought-leaders\/\" title=\"Predictions for the future of edtech from industry thought leaders\" rel=\"bookmark\">Predictions for the future of edtech from industry thought leaders<\/a>\n\t\t<\/h3>\n\n\t\t<div class=\"entry-meta\"><a href=\"https:\/\/web.escudoweb.com\/index.php\/2021\/09\/27\/\" title=\"07:14\" class=\"data-link\" rel=\"bookmark\"><time class=\"entry-date updated\" datetime=\"2021-09-27T07:14:00+02:00\">27 septiembre 2021<\/time><\/a><\/div>\n\t\t<div class=\"entry-excerpt\"><p>[vc_row][vc_column][vc_column_text]Edtech has been changing in recent years and will continue to change. The introductions of concepts like gamification, active learning&hellip;<\/p>\n<\/div>\n\t\t\n<a href=\"https:\/\/web.escudoweb.com\/index.php\/predictions-for-the-future-of-edtech-from-industry-thought-leaders\/\" class=\"dt-btn-s dt-btn post-details details-type-btn\" aria-label=\"Read more about Predictions for the future of edtech from industry thought leaders\">Read more<i class=\"dt-icon-the7-arrow-03\" aria-hidden=\"true\"><\/i><\/a>\n\n\t<\/div>\n<\/div><\/article><article class=\"post post-3011 type-post status-publish format-standard has-post-thumbnail hentry category-news category-21\" data-name=\"Actually, Wearing a Mask Can Help Your Child Learn\" data-date=\"2021-09-24T07:29:23+02:00\">\n\n<div class=\"post-thumbnail-wrap\">\n\t<div class=\"post-thumbnail\">\n\t\t\n\t\t\n\t\t<a href=\"https:\/\/web.escudoweb.com\/index.php\/actually-wearing-a-mask-can-help-your-child-learn\/\" class=\"post-thumbnail-rollover layzr-bg\" ><img decoding=\"async\" class=\"preload-me owl-lazy-load aspect\" src=\"data:image\/svg+xml,%3Csvg%20xmlns%3D&#39;http%3A%2F%2Fwww.w3.org%2F2000%2Fsvg&#39;%20viewBox%3D&#39;0%200%20768%20512&#39;%2F%3E\" data-src=\"https:\/\/web.escudoweb.com\/wp-content\/uploads\/2021\/09\/merlin_175890231_64166284-d548-46d0-a252-47be587706f9-superJumbo-768x512.jpg\" data-srcset=\"https:\/\/web.escudoweb.com\/wp-content\/uploads\/2021\/09\/merlin_175890231_64166284-d548-46d0-a252-47be587706f9-superJumbo-768x512.jpg 768w, https:\/\/web.escudoweb.com\/wp-content\/uploads\/2021\/09\/merlin_175890231_64166284-d548-46d0-a252-47be587706f9-superJumbo-1152x768.jpg 1152w\" loading=\"eager\" style=\"--ratio: 768 \/ 512\" sizes=\"(max-width: 768px) 100vw, 768px\" alt=\"\" title=\"merlin_175890231_64166284-d548-46d0-a252-47be587706f9-superJumbo\" width=\"768\" height=\"512\"  \/><\/a>\t<\/div>\n<\/div>\n\n\n<div class=\"post-entry-content\">\n\t<div class=\"post-entry-wrapper\">\n\t\t\t\t<h3 class=\"entry-title\">\n\t\t\t<a href=\"https:\/\/web.escudoweb.com\/index.php\/actually-wearing-a-mask-can-help-your-child-learn\/\" title=\"Actually, Wearing a Mask Can Help Your Child Learn\" rel=\"bookmark\">Actually, Wearing a Mask Can Help Your Child Learn<\/a>\n\t\t<\/h3>\n\n\t\t<div class=\"entry-meta\"><a href=\"https:\/\/web.escudoweb.com\/index.php\/2021\/09\/24\/\" title=\"07:29\" class=\"data-link\" rel=\"bookmark\"><time class=\"entry-date updated\" datetime=\"2021-09-24T07:29:23+02:00\">24 septiembre 2021<\/time><\/a><\/div>\n\t\t<div class=\"entry-excerpt\"><p>[vc_row][vc_column][vc_column_text]There is still a lot of discussion over the usage of masks at school, especially at pre-school and elementary-school level.&hellip;<\/p>\n<\/div>\n\t\t\n<a href=\"https:\/\/web.escudoweb.com\/index.php\/actually-wearing-a-mask-can-help-your-child-learn\/\" class=\"dt-btn-s dt-btn post-details details-type-btn\" aria-label=\"Read more about Actually, Wearing a Mask Can Help Your Child Learn\">Read more<i class=\"dt-icon-the7-arrow-03\" aria-hidden=\"true\"><\/i><\/a>\n\n\t<\/div>\n<\/div><\/article><article class=\"post post-3003 type-post status-publish format-standard has-post-thumbnail hentry category-news category-21\" data-name=\"La brecha de g\u00e9nero en matem\u00e1ticas: \u00bfPor qu\u00e9 a las ni\u00f1as les gusta (de promedio) menos esa materia?\" data-date=\"2021-09-22T09:39:35+02:00\">\n\n<div class=\"post-thumbnail-wrap\">\n\t<div class=\"post-thumbnail\">\n\t\t\n\t\t\n\t\t<a href=\"https:\/\/web.escudoweb.com\/index.php\/la-brecha-de-genero-en-matematicas-por-que-a-las-ninas-les-gusta-de-promedio-menos-esa-materia\/\" class=\"post-thumbnail-rollover layzr-bg\" ><img decoding=\"async\" class=\"preload-me owl-lazy-load aspect\" src=\"data:image\/svg+xml,%3Csvg%20xmlns%3D&#39;http%3A%2F%2Fwww.w3.org%2F2000%2Fsvg&#39;%20viewBox%3D&#39;0%200%20768%20512&#39;%2F%3E\" data-src=\"https:\/\/web.escudoweb.com\/wp-content\/uploads\/2021\/09\/3WV6QNX7MRECDKLWF3Y424NTXI-768x512.jpg\" data-srcset=\"https:\/\/web.escudoweb.com\/wp-content\/uploads\/2021\/09\/3WV6QNX7MRECDKLWF3Y424NTXI-768x512.jpg 768w, https:\/\/web.escudoweb.com\/wp-content\/uploads\/2021\/09\/3WV6QNX7MRECDKLWF3Y424NTXI-1152x768.jpg 1152w\" loading=\"eager\" style=\"--ratio: 768 \/ 512\" sizes=\"(max-width: 768px) 100vw, 768px\" alt=\"\" title=\"3WV6QNX7MRECDKLWF3Y424NTXI\" width=\"768\" height=\"512\"  \/><\/a>\t<\/div>\n<\/div>\n\n\n<div class=\"post-entry-content\">\n\t<div class=\"post-entry-wrapper\">\n\t\t\t\t<h3 class=\"entry-title\">\n\t\t\t<a href=\"https:\/\/web.escudoweb.com\/index.php\/la-brecha-de-genero-en-matematicas-por-que-a-las-ninas-les-gusta-de-promedio-menos-esa-materia\/\" title=\"La brecha de g\u00e9nero en matem\u00e1ticas: \u00bfPor qu\u00e9 a las ni\u00f1as les gusta (de promedio) menos esa materia?\" rel=\"bookmark\">La brecha de g\u00e9nero en matem\u00e1ticas: \u00bfPor qu\u00e9 a las ni\u00f1as les gusta (de promedio) menos esa materia?<\/a>\n\t\t<\/h3>\n\n\t\t<div class=\"entry-meta\"><a href=\"https:\/\/web.escudoweb.com\/index.php\/2021\/09\/22\/\" title=\"09:39\" class=\"data-link\" rel=\"bookmark\"><time class=\"entry-date updated\" datetime=\"2021-09-22T09:39:35+02:00\">22 septiembre 2021<\/time><\/a><\/div>\n\t\t<div class=\"entry-excerpt\"><p>[vc_row][vc_column][vc_column_text]El estudio y \u00e9xito en matem\u00e1ticas en el colegio por parte de ni\u00f1os y ni\u00f1as es algo comentado frecuentemente. Este&hellip;<\/p>\n<\/div>\n\t\t\n<a href=\"https:\/\/web.escudoweb.com\/index.php\/la-brecha-de-genero-en-matematicas-por-que-a-las-ninas-les-gusta-de-promedio-menos-esa-materia\/\" class=\"dt-btn-s dt-btn post-details details-type-btn\" aria-label=\"Read more about La brecha de g\u00e9nero en matem\u00e1ticas: \u00bfPor qu\u00e9 a las ni\u00f1as les gusta (de promedio) menos esa materia?\">Read more<i class=\"dt-icon-the7-arrow-03\" aria-hidden=\"true\"><\/i><\/a>\n\n\t<\/div>\n<\/div><\/article><article class=\"post post-2998 type-post status-publish format-standard has-post-thumbnail hentry category-news category-21\" data-name=\"COVID-19 and education: The lingering effects of unfinished learning\" data-date=\"2021-09-20T09:39:58+02:00\">\n\n<div class=\"post-thumbnail-wrap\">\n\t<div class=\"post-thumbnail\">\n\t\t\n\t\t\n\t\t<a href=\"https:\/\/web.escudoweb.com\/index.php\/covid-19-and-education-the-lingering-effects-of-unfinished-learning\/\" class=\"post-thumbnail-rollover layzr-bg\" ><img decoding=\"async\" class=\"preload-me owl-lazy-load aspect\" src=\"data:image\/svg+xml,%3Csvg%20xmlns%3D&#39;http%3A%2F%2Fwww.w3.org%2F2000%2Fsvg&#39;%20viewBox%3D&#39;0%200%20768%20512&#39;%2F%3E\" data-src=\"https:\/\/web.escudoweb.com\/wp-content\/uploads\/2021\/09\/gettyimages-1257835450-bt-1536x864-1-768x512.jpg\" data-srcset=\"https:\/\/web.escudoweb.com\/wp-content\/uploads\/2021\/09\/gettyimages-1257835450-bt-1536x864-1-768x512.jpg 768w, https:\/\/web.escudoweb.com\/wp-content\/uploads\/2021\/09\/gettyimages-1257835450-bt-1536x864-1-1119x746.jpg 1119w\" loading=\"eager\" style=\"--ratio: 768 \/ 512\" sizes=\"(max-width: 768px) 100vw, 768px\" alt=\"\" title=\"gettyimages-1257835450-bt-1536&#215;864\" width=\"768\" height=\"512\"  \/><\/a>\t<\/div>\n<\/div>\n\n\n<div class=\"post-entry-content\">\n\t<div class=\"post-entry-wrapper\">\n\t\t\t\t<h3 class=\"entry-title\">\n\t\t\t<a href=\"https:\/\/web.escudoweb.com\/index.php\/covid-19-and-education-the-lingering-effects-of-unfinished-learning\/\" title=\"COVID-19 and education: The lingering effects of unfinished learning\" rel=\"bookmark\">COVID-19 and education: The lingering effects of unfinished learning<\/a>\n\t\t<\/h3>\n\n\t\t<div class=\"entry-meta\"><a href=\"https:\/\/web.escudoweb.com\/index.php\/2021\/09\/20\/\" title=\"09:39\" class=\"data-link\" rel=\"bookmark\"><time class=\"entry-date updated\" datetime=\"2021-09-20T09:39:58+02:00\">20 septiembre 2021<\/time><\/a><\/div>\n\t\t<div class=\"entry-excerpt\"><p>[vc_row][vc_column][vc_column_text]An interesting recent report from McKinsey reveals that students\u00b4 learning in the US fell in major subjects: leaving children five&hellip;<\/p>\n<\/div>\n\t\t\n<a href=\"https:\/\/web.escudoweb.com\/index.php\/covid-19-and-education-the-lingering-effects-of-unfinished-learning\/\" class=\"dt-btn-s dt-btn post-details details-type-btn\" aria-label=\"Read more about COVID-19 and education: The lingering effects of unfinished learning\">Read more<i class=\"dt-icon-the7-arrow-03\" aria-hidden=\"true\"><\/i><\/a>\n\n\t<\/div>\n<\/div><\/article><article class=\"post post-2990 type-post status-publish format-standard has-post-thumbnail hentry category-news category-21\" data-name=\"Apple regrets confusion over &#8216;iPhone scanning&#8217;\" data-date=\"2021-09-17T08:44:37+02:00\">\n\n<div class=\"post-thumbnail-wrap\">\n\t<div class=\"post-thumbnail\">\n\t\t\n\t\t\n\t\t<a href=\"https:\/\/web.escudoweb.com\/index.php\/apple-regrets-confusion-over-iphone-scanning\/\" class=\"post-thumbnail-rollover layzr-bg\" ><img decoding=\"async\" class=\"preload-me owl-lazy-load aspect\" src=\"data:image\/svg+xml,%3Csvg%20xmlns%3D&#39;http%3A%2F%2Fwww.w3.org%2F2000%2Fsvg&#39;%20viewBox%3D&#39;0%200%20768%20512&#39;%2F%3E\" data-src=\"https:\/\/web.escudoweb.com\/wp-content\/uploads\/2021\/09\/119928376_mediaitem119928092-768x512.jpeg\" data-srcset=\"https:\/\/web.escudoweb.com\/wp-content\/uploads\/2021\/09\/119928376_mediaitem119928092-768x512.jpeg 768w, https:\/\/web.escudoweb.com\/wp-content\/uploads\/2021\/09\/119928376_mediaitem119928092-823x549.jpeg 823w\" loading=\"eager\" style=\"--ratio: 768 \/ 512\" sizes=\"(max-width: 768px) 100vw, 768px\" alt=\"\" title=\"_119928376_mediaitem119928092\" width=\"768\" height=\"512\"  \/><\/a>\t<\/div>\n<\/div>\n\n\n<div class=\"post-entry-content\">\n\t<div class=\"post-entry-wrapper\">\n\t\t\t\t<h3 class=\"entry-title\">\n\t\t\t<a href=\"https:\/\/web.escudoweb.com\/index.php\/apple-regrets-confusion-over-iphone-scanning\/\" title=\"Apple regrets confusion over &#8216;iPhone scanning&#8217;\" rel=\"bookmark\">Apple regrets confusion over &#8216;iPhone scanning&#8217;<\/a>\n\t\t<\/h3>\n\n\t\t<div class=\"entry-meta\"><a href=\"https:\/\/web.escudoweb.com\/index.php\/2021\/09\/17\/\" title=\"08:44\" class=\"data-link\" rel=\"bookmark\"><time class=\"entry-date updated\" datetime=\"2021-09-17T08:44:37+02:00\">17 septiembre 2021<\/time><\/a><\/div>\n\t\t<div class=\"entry-excerpt\"><p>[vc_row][vc_column][vc_column_text]Usually tactics by tech companies to help reduce child pornography are met with great appreciation. However the announcement by Apple,&hellip;<\/p>\n<\/div>\n\t\t\n<a href=\"https:\/\/web.escudoweb.com\/index.php\/apple-regrets-confusion-over-iphone-scanning\/\" class=\"dt-btn-s dt-btn post-details details-type-btn\" aria-label=\"Read more about Apple regrets confusion over &#8216;iPhone scanning&#8217;\">Read more<i class=\"dt-icon-the7-arrow-03\" aria-hidden=\"true\"><\/i><\/a>\n\n\t<\/div>\n<\/div><\/article><article class=\"post post-2984 type-post status-publish format-standard has-post-thumbnail hentry category-news category-21\" data-name=\"Dise\u00f1ar el colegio del futuro\" data-date=\"2021-09-15T09:06:31+02:00\">\n\n<div class=\"post-thumbnail-wrap\">\n\t<div class=\"post-thumbnail\">\n\t\t\n\t\t\n\t\t<a href=\"https:\/\/web.escudoweb.com\/index.php\/disenar-el-colegio-del-futuro\/\" class=\"post-thumbnail-rollover layzr-bg\" ><img decoding=\"async\" class=\"preload-me owl-lazy-load aspect\" src=\"data:image\/svg+xml,%3Csvg%20xmlns%3D&#39;http%3A%2F%2Fwww.w3.org%2F2000%2Fsvg&#39;%20viewBox%3D&#39;0%200%20768%20512&#39;%2F%3E\" data-src=\"https:\/\/web.escudoweb.com\/wp-content\/uploads\/2021\/09\/Diseno-sin-titulo-2021-09-08T073304.963-1-978x652.png-768x512.jpg\" data-srcset=\"https:\/\/web.escudoweb.com\/wp-content\/uploads\/2021\/09\/Diseno-sin-titulo-2021-09-08T073304.963-1-978x652.png-768x512.jpg 768w, https:\/\/web.escudoweb.com\/wp-content\/uploads\/2021\/09\/Diseno-sin-titulo-2021-09-08T073304.963-1-978x652.png.jpg 977w\" loading=\"eager\" style=\"--ratio: 768 \/ 512\" sizes=\"(max-width: 768px) 100vw, 768px\" alt=\"\" title=\"Diseno-sin-titulo-2021-09-08T073304.963-1-978&#215;652.png\" width=\"768\" height=\"512\"  \/><\/a>\t<\/div>\n<\/div>\n\n\n<div class=\"post-entry-content\">\n\t<div class=\"post-entry-wrapper\">\n\t\t\t\t<h3 class=\"entry-title\">\n\t\t\t<a href=\"https:\/\/web.escudoweb.com\/index.php\/disenar-el-colegio-del-futuro\/\" title=\"Dise\u00f1ar el colegio del futuro\" rel=\"bookmark\">Dise\u00f1ar el colegio del futuro<\/a>\n\t\t<\/h3>\n\n\t\t<div class=\"entry-meta\"><a href=\"https:\/\/web.escudoweb.com\/index.php\/2021\/09\/15\/\" title=\"09:06\" class=\"data-link\" rel=\"bookmark\"><time class=\"entry-date updated\" datetime=\"2021-09-15T09:06:31+02:00\">15 septiembre 2021<\/time><\/a><\/div>\n\t\t<div class=\"entry-excerpt\"><p>[vc_row][vc_column][vc_column_text]En este momento con la vuelta al cole y todav\u00eda la resaca del Covid y las medidas de seguridad presentes&hellip;<\/p>\n<\/div>\n\t\t\n<a href=\"https:\/\/web.escudoweb.com\/index.php\/disenar-el-colegio-del-futuro\/\" class=\"dt-btn-s dt-btn post-details details-type-btn\" aria-label=\"Read more about Dise\u00f1ar el colegio del futuro\">Read more<i class=\"dt-icon-the7-arrow-03\" aria-hidden=\"true\"><\/i><\/a>\n\n\t<\/div>\n<\/div><\/article><article class=\"post post-2979 type-post status-publish format-standard has-post-thumbnail hentry category-news category-21\" data-name=\"Why educating girls is even more important than people realise\" data-date=\"2021-09-13T10:46:39+02:00\">\n\n<div class=\"post-thumbnail-wrap\">\n\t<div class=\"post-thumbnail\">\n\t\t\n\t\t\n\t\t<a href=\"https:\/\/web.escudoweb.com\/index.php\/why-educating-girls-is-even-more-important-than-people-realise\/\" class=\"post-thumbnail-rollover layzr-bg\" ><img decoding=\"async\" class=\"preload-me owl-lazy-load aspect\" src=\"data:image\/svg+xml,%3Csvg%20xmlns%3D&#39;http%3A%2F%2Fwww.w3.org%2F2000%2Fsvg&#39;%20viewBox%3D&#39;0%200%20768%20512&#39;%2F%3E\" data-src=\"https:\/\/web.escudoweb.com\/wp-content\/uploads\/2021\/09\/20210821_BLP512-768x512.jpeg\" data-srcset=\"https:\/\/web.escudoweb.com\/wp-content\/uploads\/2021\/09\/20210821_BLP512-768x512.jpeg 768w, https:\/\/web.escudoweb.com\/wp-content\/uploads\/2021\/09\/20210821_BLP512-1080x720.jpeg 1080w\" loading=\"eager\" style=\"--ratio: 768 \/ 512\" sizes=\"(max-width: 768px) 100vw, 768px\" alt=\"\" title=\"20210821_BLP512\" width=\"768\" height=\"512\"  \/><\/a>\t<\/div>\n<\/div>\n\n\n<div class=\"post-entry-content\">\n\t<div class=\"post-entry-wrapper\">\n\t\t\t\t<h3 class=\"entry-title\">\n\t\t\t<a href=\"https:\/\/web.escudoweb.com\/index.php\/why-educating-girls-is-even-more-important-than-people-realise\/\" title=\"Why educating girls is even more important than people realise\" rel=\"bookmark\">Why educating girls is even more important than people realise<\/a>\n\t\t<\/h3>\n\n\t\t<div class=\"entry-meta\"><a href=\"https:\/\/web.escudoweb.com\/index.php\/2021\/09\/13\/\" title=\"10:46\" class=\"data-link\" rel=\"bookmark\"><time class=\"entry-date updated\" datetime=\"2021-09-13T10:46:39+02:00\">13 septiembre 2021<\/time><\/a><\/div>\n\t\t<div class=\"entry-excerpt\"><p>[vc_row][vc_column][vc_column_text]There is a direct link, according to The Economist, between educating girls and their future welfare, freedom, health and personal&hellip;<\/p>\n<\/div>\n\t\t\n<a href=\"https:\/\/web.escudoweb.com\/index.php\/why-educating-girls-is-even-more-important-than-people-realise\/\" class=\"dt-btn-s dt-btn post-details details-type-btn\" aria-label=\"Read more about Why educating girls is even more important than people realise\">Read more<i class=\"dt-icon-the7-arrow-03\" aria-hidden=\"true\"><\/i><\/a>\n\n\t<\/div>\n<\/div><\/article><article class=\"post post-2975 type-post status-publish format-standard has-post-thumbnail hentry category-news category-21\" data-name=\"The Messy Truth About Kids\u2019 Screen Time\" data-date=\"2021-08-10T06:23:28+02:00\">\n\n<div class=\"post-thumbnail-wrap\">\n\t<div class=\"post-thumbnail\">\n\t\t\n\t\t\n\t\t<a href=\"https:\/\/web.escudoweb.com\/index.php\/the-messy-truth-about-kids-screen-time\/\" class=\"post-thumbnail-rollover layzr-bg\" ><img decoding=\"async\" class=\"preload-me owl-lazy-load aspect\" src=\"data:image\/svg+xml,%3Csvg%20xmlns%3D&#39;http%3A%2F%2Fwww.w3.org%2F2000%2Fsvg&#39;%20viewBox%3D&#39;0%200%20768%20512&#39;%2F%3E\" data-src=\"https:\/\/web.escudoweb.com\/wp-content\/uploads\/2021\/08\/26ontech-techkids-videostill-facebookJumbo-v2-768x512.png\" data-srcset=\"https:\/\/web.escudoweb.com\/wp-content\/uploads\/2021\/08\/26ontech-techkids-videostill-facebookJumbo-v2-768x512.png 768w, https:\/\/web.escudoweb.com\/wp-content\/uploads\/2021\/08\/26ontech-techkids-videostill-facebookJumbo-v2-823x549.png 823w\" loading=\"eager\" style=\"--ratio: 768 \/ 512\" sizes=\"(max-width: 768px) 100vw, 768px\" alt=\"\" title=\"26ontech-techkids-videostill-facebookJumbo-v2\" width=\"768\" height=\"512\"  \/><\/a>\t<\/div>\n<\/div>\n\n\n<div class=\"post-entry-content\">\n\t<div class=\"post-entry-wrapper\">\n\t\t\t\t<h3 class=\"entry-title\">\n\t\t\t<a href=\"https:\/\/web.escudoweb.com\/index.php\/the-messy-truth-about-kids-screen-time\/\" title=\"The Messy Truth About Kids\u2019 Screen Time\" rel=\"bookmark\">The Messy Truth About Kids\u2019 Screen Time<\/a>\n\t\t<\/h3>\n\n\t\t<div class=\"entry-meta\"><a href=\"https:\/\/web.escudoweb.com\/index.php\/2021\/08\/10\/\" title=\"06:23\" class=\"data-link\" rel=\"bookmark\"><time class=\"entry-date updated\" datetime=\"2021-08-10T06:23:28+02:00\">10 agosto 2021<\/time><\/a><\/div>\n\t\t<div class=\"entry-excerpt\"><p>[vc_row][vc_column][vc_column_text]A recent article in the NY Times has raised the issue of screen time and specifically a reflection after this&hellip;<\/p>\n<\/div>\n\t\t\n<a href=\"https:\/\/web.escudoweb.com\/index.php\/the-messy-truth-about-kids-screen-time\/\" class=\"dt-btn-s dt-btn post-details details-type-btn\" aria-label=\"Read more about The Messy Truth About Kids\u2019 Screen Time\">Read more<i class=\"dt-icon-the7-arrow-03\" aria-hidden=\"true\"><\/i><\/a>\n\n\t<\/div>\n<\/div><\/article><article class=\"post post-2972 type-post status-publish format-standard has-post-thumbnail hentry category-news category-21\" data-name=\"We must strive to maintain the love of nature we rediscovered in lockdown\" data-date=\"2021-08-06T09:41:22+02:00\">\n\n<div class=\"post-thumbnail-wrap\">\n\t<div class=\"post-thumbnail\">\n\t\t\n\t\t\n\t\t<a href=\"https:\/\/web.escudoweb.com\/index.php\/we-must-strive-to-maintain-the-love-of-nature-we-rediscovered-in-lockdown\/\" class=\"post-thumbnail-rollover layzr-bg\" ><img decoding=\"async\" class=\"preload-me owl-lazy-load aspect\" src=\"data:image\/svg+xml,%3Csvg%20xmlns%3D&#39;http%3A%2F%2Fwww.w3.org%2F2000%2Fsvg&#39;%20viewBox%3D&#39;0%200%20768%20512&#39;%2F%3E\" data-src=\"https:\/\/web.escudoweb.com\/wp-content\/uploads\/2021\/08\/TELEMMGLPICT000198161767_trans_NvBQzQNjv4BqpVlberWd9EgFPZtcLiMQf0Rf_Wk3V23H2268P_XkPxc-768x512.jpeg\" data-srcset=\"https:\/\/web.escudoweb.com\/wp-content\/uploads\/2021\/08\/TELEMMGLPICT000198161767_trans_NvBQzQNjv4BqpVlberWd9EgFPZtcLiMQf0Rf_Wk3V23H2268P_XkPxc-768x512.jpeg 768w, https:\/\/web.escudoweb.com\/wp-content\/uploads\/2021\/08\/TELEMMGLPICT000198161767_trans_NvBQzQNjv4BqpVlberWd9EgFPZtcLiMQf0Rf_Wk3V23H2268P_XkPxc-1152x768.jpeg 1152w\" loading=\"eager\" style=\"--ratio: 768 \/ 512\" sizes=\"(max-width: 768px) 100vw, 768px\" alt=\"\" title=\"TELEMMGLPICT000198161767_trans_NvBQzQNjv4BqpVlberWd9EgFPZtcLiMQf0Rf_Wk3V23H2268P_XkPxc\" width=\"768\" height=\"512\"  \/><\/a>\t<\/div>\n<\/div>\n\n\n<div class=\"post-entry-content\">\n\t<div class=\"post-entry-wrapper\">\n\t\t\t\t<h3 class=\"entry-title\">\n\t\t\t<a href=\"https:\/\/web.escudoweb.com\/index.php\/we-must-strive-to-maintain-the-love-of-nature-we-rediscovered-in-lockdown\/\" title=\"We must strive to maintain the love of nature we rediscovered in lockdown\" rel=\"bookmark\">We must strive to maintain the love of nature we rediscovered in lockdown<\/a>\n\t\t<\/h3>\n\n\t\t<div class=\"entry-meta\"><a href=\"https:\/\/web.escudoweb.com\/index.php\/2021\/08\/06\/\" title=\"09:41\" class=\"data-link\" rel=\"bookmark\"><time class=\"entry-date updated\" datetime=\"2021-08-06T09:41:22+02:00\">6 agosto 2021<\/time><\/a><\/div>\n\t\t<div class=\"entry-excerpt\"><p>[vc_row][vc_column][vc_column_text]Nature has for a long time in most countries not been part of the curriculum of education. Yet some of&hellip;<\/p>\n<\/div>\n\t\t\n<a href=\"https:\/\/web.escudoweb.com\/index.php\/we-must-strive-to-maintain-the-love-of-nature-we-rediscovered-in-lockdown\/\" class=\"dt-btn-s dt-btn post-details details-type-btn\" aria-label=\"Read more about We must strive to maintain the love of nature we rediscovered in lockdown\">Read more<i class=\"dt-icon-the7-arrow-03\" aria-hidden=\"true\"><\/i><\/a>\n\n\t<\/div>\n<\/div><\/article><article class=\"post post-2969 type-post status-publish format-standard has-post-thumbnail hentry category-news category-21\" data-name=\"Estas son las consecuencias de imponer demasiados l\u00edmites a tus hijos\" data-date=\"2021-08-05T11:51:32+02:00\">\n\n<div class=\"post-thumbnail-wrap\">\n\t<div class=\"post-thumbnail\">\n\t\t\n\t\t\n\t\t<a href=\"https:\/\/web.escudoweb.com\/index.php\/estas-son-las-consecuencias-de-imponer-demasiados-limites-a-tus-hijos\/\" class=\"post-thumbnail-rollover layzr-bg\" ><img decoding=\"async\" class=\"preload-me owl-lazy-load aspect\" src=\"data:image\/svg+xml,%3Csvg%20xmlns%3D&#39;http%3A%2F%2Fwww.w3.org%2F2000%2Fsvg&#39;%20viewBox%3D&#39;0%200%20544%20362&#39;%2F%3E\" data-src=\"https:\/\/web.escudoweb.com\/wp-content\/uploads\/2021\/08\/60059533d1d5f.jpeg\" data-srcset=\"https:\/\/web.escudoweb.com\/wp-content\/uploads\/2021\/08\/60059533d1d5f.jpeg 544w\" loading=\"eager\" style=\"--ratio: 544 \/ 362\" sizes=\"(max-width: 544px) 100vw, 544px\" alt=\"\" title=\"60059533d1d5f\" width=\"544\" height=\"362\"  \/><\/a>\t<\/div>\n<\/div>\n\n\n<div class=\"post-entry-content\">\n\t<div class=\"post-entry-wrapper\">\n\t\t\t\t<h3 class=\"entry-title\">\n\t\t\t<a href=\"https:\/\/web.escudoweb.com\/index.php\/estas-son-las-consecuencias-de-imponer-demasiados-limites-a-tus-hijos\/\" title=\"Estas son las consecuencias de imponer demasiados l\u00edmites a tus hijos\" rel=\"bookmark\">Estas son las consecuencias de imponer demasiados l\u00edmites a tus hijos<\/a>\n\t\t<\/h3>\n\n\t\t<div class=\"entry-meta\"><a href=\"https:\/\/web.escudoweb.com\/index.php\/2021\/08\/05\/\" title=\"11:51\" class=\"data-link\" rel=\"bookmark\"><time class=\"entry-date updated\" datetime=\"2021-08-05T11:51:32+02:00\">5 agosto 2021<\/time><\/a><\/div>\n\t\t<div class=\"entry-excerpt\"><p>[vc_row][vc_column][vc_column_text]Como en muchas cosas en la vida el equilibrio es importante. Seg\u00fan este art\u00edculo de La Vanguardia \u201cun control excesivo&hellip;<\/p>\n<\/div>\n\t\t\n<a href=\"https:\/\/web.escudoweb.com\/index.php\/estas-son-las-consecuencias-de-imponer-demasiados-limites-a-tus-hijos\/\" class=\"dt-btn-s dt-btn post-details details-type-btn\" aria-label=\"Read more about Estas son las consecuencias de imponer demasiados l\u00edmites a tus hijos\">Read more<i class=\"dt-icon-the7-arrow-03\" aria-hidden=\"true\"><\/i><\/a>\n\n\t<\/div>\n<\/div><\/article><article class=\"post post-2963 type-post status-publish format-standard has-post-thumbnail hentry category-news category-21\" data-name=\"A Packed Schedule Doesn\u2019t Really \u2018Enrich\u2019 Your Child\" data-date=\"2021-08-02T11:01:59+02:00\">\n\n<div class=\"post-thumbnail-wrap\">\n\t<div class=\"post-thumbnail\">\n\t\t\n\t\t\n\t\t<a href=\"https:\/\/web.escudoweb.com\/index.php\/a-packed-schedule-doesnt-really-enrich-your-child\/\" class=\"post-thumbnail-rollover layzr-bg\" ><img decoding=\"async\" class=\"preload-me owl-lazy-load aspect\" src=\"data:image\/svg+xml,%3Csvg%20xmlns%3D&#39;http%3A%2F%2Fwww.w3.org%2F2000%2Fsvg&#39;%20viewBox%3D&#39;0%200%20768%20512&#39;%2F%3E\" data-src=\"https:\/\/web.escudoweb.com\/wp-content\/uploads\/2021\/08\/09Shankar-superJumbo-768x512.jpeg\" data-srcset=\"https:\/\/web.escudoweb.com\/wp-content\/uploads\/2021\/08\/09Shankar-superJumbo-768x512.jpeg 768w, https:\/\/web.escudoweb.com\/wp-content\/uploads\/2021\/08\/09Shankar-superJumbo-1152x768.jpeg 1152w\" loading=\"eager\" style=\"--ratio: 768 \/ 512\" sizes=\"(max-width: 768px) 100vw, 768px\" alt=\"\" title=\"09Shankar-superJumbo\" width=\"768\" height=\"512\"  \/><\/a>\t<\/div>\n<\/div>\n\n\n<div class=\"post-entry-content\">\n\t<div class=\"post-entry-wrapper\">\n\t\t\t\t<h3 class=\"entry-title\">\n\t\t\t<a href=\"https:\/\/web.escudoweb.com\/index.php\/a-packed-schedule-doesnt-really-enrich-your-child\/\" title=\"A Packed Schedule Doesn\u2019t Really \u2018Enrich\u2019 Your Child\" rel=\"bookmark\">A Packed Schedule Doesn\u2019t Really \u2018Enrich\u2019 Your Child<\/a>\n\t\t<\/h3>\n\n\t\t<div class=\"entry-meta\"><a href=\"https:\/\/web.escudoweb.com\/index.php\/2021\/08\/02\/\" title=\"11:01\" class=\"data-link\" rel=\"bookmark\"><time class=\"entry-date updated\" datetime=\"2021-08-02T11:01:59+02:00\">2 agosto 2021<\/time><\/a><\/div>\n\t\t<div class=\"entry-excerpt\"><p>[vc_row][vc_column][vc_column_text]For a long time, if one could afford it, parents were hell bent on filling a child&#8217;s \u201cfree time\u201d with&hellip;<\/p>\n<\/div>\n\t\t\n<a href=\"https:\/\/web.escudoweb.com\/index.php\/a-packed-schedule-doesnt-really-enrich-your-child\/\" class=\"dt-btn-s dt-btn post-details details-type-btn\" aria-label=\"Read more about A Packed Schedule Doesn\u2019t Really \u2018Enrich\u2019 Your Child\">Read more<i class=\"dt-icon-the7-arrow-03\" aria-hidden=\"true\"><\/i><\/a>\n\n\t<\/div>\n<\/div><\/article><article class=\"post post-2959 type-post status-publish format-standard has-post-thumbnail hentry category-news category-21\" data-name=\"Los defensores del biling\u00fcismo: \u201cEs un error pensar que los ni\u00f1os hablar\u00e1n el ingl\u00e9s como el espa\u00f1ol\u201d\" data-date=\"2021-07-28T07:33:43+02:00\">\n\n<div class=\"post-thumbnail-wrap\">\n\t<div class=\"post-thumbnail\">\n\t\t\n\t\t\n\t\t<a href=\"https:\/\/web.escudoweb.com\/index.php\/los-defensores-del-bilinguismo-es-un-error-pensar-que-los-ninos-hablaran-el-ingles-como-el-espanol\/\" class=\"post-thumbnail-rollover layzr-bg\" ><img decoding=\"async\" class=\"preload-me owl-lazy-load aspect\" src=\"data:image\/svg+xml,%3Csvg%20xmlns%3D&#39;http%3A%2F%2Fwww.w3.org%2F2000%2Fsvg&#39;%20viewBox%3D&#39;0%200%20768%20512&#39;%2F%3E\" data-src=\"https:\/\/web.escudoweb.com\/wp-content\/uploads\/2021\/07\/RE4WQJSNZVCTJAWIIZCSDFAT6I-768x512.jpeg\" data-srcset=\"https:\/\/web.escudoweb.com\/wp-content\/uploads\/2021\/07\/RE4WQJSNZVCTJAWIIZCSDFAT6I-768x512.jpeg 768w, https:\/\/web.escudoweb.com\/wp-content\/uploads\/2021\/07\/RE4WQJSNZVCTJAWIIZCSDFAT6I-1152x768.jpeg 1152w\" loading=\"eager\" style=\"--ratio: 768 \/ 512\" sizes=\"(max-width: 768px) 100vw, 768px\" alt=\"\" title=\"RE4WQJSNZVCTJAWIIZCSDFAT6I\" width=\"768\" height=\"512\"  \/><\/a>\t<\/div>\n<\/div>\n\n\n<div class=\"post-entry-content\">\n\t<div class=\"post-entry-wrapper\">\n\t\t\t\t<h3 class=\"entry-title\">\n\t\t\t<a href=\"https:\/\/web.escudoweb.com\/index.php\/los-defensores-del-bilinguismo-es-un-error-pensar-que-los-ninos-hablaran-el-ingles-como-el-espanol\/\" title=\"Los defensores del biling\u00fcismo: \u201cEs un error pensar que los ni\u00f1os hablar\u00e1n el ingl\u00e9s como el espa\u00f1ol\u201d\" rel=\"bookmark\">Los defensores del biling\u00fcismo: \u201cEs un error pensar que los ni\u00f1os hablar\u00e1n el ingl\u00e9s como el espa\u00f1ol\u201d<\/a>\n\t\t<\/h3>\n\n\t\t<div class=\"entry-meta\"><a href=\"https:\/\/web.escudoweb.com\/index.php\/2021\/07\/28\/\" title=\"07:33\" class=\"data-link\" rel=\"bookmark\"><time class=\"entry-date updated\" datetime=\"2021-07-28T07:33:43+02:00\">28 julio 2021<\/time><\/a><\/div>\n\t\t<div class=\"entry-excerpt\"><p>[vc_row][vc_column][vc_column_text]Existe mucho debate sobre el nivel de ingl\u00e9s aprendido en el colegio. Hasta ahora, muchos ni\u00f1os terminaban sus estudios de&hellip;<\/p>\n<\/div>\n\t\t\n<a href=\"https:\/\/web.escudoweb.com\/index.php\/los-defensores-del-bilinguismo-es-un-error-pensar-que-los-ninos-hablaran-el-ingles-como-el-espanol\/\" class=\"dt-btn-s dt-btn post-details details-type-btn\" aria-label=\"Read more about Los defensores del biling\u00fcismo: \u201cEs un error pensar que los ni\u00f1os hablar\u00e1n el ingl\u00e9s como el espa\u00f1ol\u201d\">Read more<i class=\"dt-icon-the7-arrow-03\" aria-hidden=\"true\"><\/i><\/a>\n\n\t<\/div>\n<\/div><\/article><article class=\"post post-2954 type-post status-publish format-standard has-post-thumbnail hentry category-news category-21\" data-name=\"American schools teach reading all wrong\" data-date=\"2021-07-26T09:59:11+02:00\">\n\n<div class=\"post-thumbnail-wrap\">\n\t<div class=\"post-thumbnail\">\n\t\t\n\t\t\n\t\t<a href=\"https:\/\/web.escudoweb.com\/index.php\/american-schools-teach-reading-all-wrong\/\" class=\"post-thumbnail-rollover layzr-bg\" ><img decoding=\"async\" class=\"preload-me owl-lazy-load aspect\" src=\"data:image\/svg+xml,%3Csvg%20xmlns%3D&#39;http%3A%2F%2Fwww.w3.org%2F2000%2Fsvg&#39;%20viewBox%3D&#39;0%200%20768%20512&#39;%2F%3E\" data-src=\"https:\/\/web.escudoweb.com\/wp-content\/uploads\/2021\/07\/20210612_USP001_0-768x512.jpeg\" data-srcset=\"https:\/\/web.escudoweb.com\/wp-content\/uploads\/2021\/07\/20210612_USP001_0-768x512.jpeg 768w, https:\/\/web.escudoweb.com\/wp-content\/uploads\/2021\/07\/20210612_USP001_0-844x563.jpeg 844w\" loading=\"eager\" style=\"--ratio: 768 \/ 512\" sizes=\"(max-width: 768px) 100vw, 768px\" alt=\"\" title=\"20210612_USP001_0\" width=\"768\" height=\"512\"  \/><\/a>\t<\/div>\n<\/div>\n\n\n<div class=\"post-entry-content\">\n\t<div class=\"post-entry-wrapper\">\n\t\t\t\t<h3 class=\"entry-title\">\n\t\t\t<a href=\"https:\/\/web.escudoweb.com\/index.php\/american-schools-teach-reading-all-wrong\/\" title=\"American schools teach reading all wrong\" rel=\"bookmark\">American schools teach reading all wrong<\/a>\n\t\t<\/h3>\n\n\t\t<div class=\"entry-meta\"><a href=\"https:\/\/web.escudoweb.com\/index.php\/2021\/07\/26\/\" title=\"09:59\" class=\"data-link\" rel=\"bookmark\"><time class=\"entry-date updated\" datetime=\"2021-07-26T09:59:11+02:00\">26 julio 2021<\/time><\/a><\/div>\n\t\t<div class=\"entry-excerpt\"><p>[vc_row][vc_column][vc_column_text]Reading is probably the most important part of education and one that opens up the world to any child able&hellip;<\/p>\n<\/div>\n\t\t\n<a href=\"https:\/\/web.escudoweb.com\/index.php\/american-schools-teach-reading-all-wrong\/\" class=\"dt-btn-s dt-btn post-details details-type-btn\" aria-label=\"Read more about American schools teach reading all wrong\">Read more<i class=\"dt-icon-the7-arrow-03\" aria-hidden=\"true\"><\/i><\/a>\n\n\t<\/div>\n<\/div><\/article><article class=\"post post-2951 type-post status-publish format-standard has-post-thumbnail hentry category-news category-21\" data-name=\"Our cashless children have no concept of the meaning of money\" data-date=\"2021-07-22T19:56:54+02:00\">\n\n<div class=\"post-thumbnail-wrap\">\n\t<div class=\"post-thumbnail\">\n\t\t\n\t\t\n\t\t<a href=\"https:\/\/web.escudoweb.com\/index.php\/our-cashless-children-have-no-concept-of-the-meaning-of-money\/\" class=\"post-thumbnail-rollover layzr-bg\" ><img decoding=\"async\" class=\"preload-me owl-lazy-load aspect\" src=\"data:image\/svg+xml,%3Csvg%20xmlns%3D&#39;http%3A%2F%2Fwww.w3.org%2F2000%2Fsvg&#39;%20viewBox%3D&#39;0%200%20534%20356&#39;%2F%3E\" data-src=\"https:\/\/web.escudoweb.com\/wp-content\/uploads\/2021\/07\/kAKZ8_a4-534x356.jpeg\" data-srcset=\"https:\/\/web.escudoweb.com\/wp-content\/uploads\/2021\/07\/kAKZ8_a4-534x356.jpeg 534w\" loading=\"eager\" style=\"--ratio: 534 \/ 356\" sizes=\"(max-width: 534px) 100vw, 534px\" alt=\"\" title=\"kAKZ8_a4\" width=\"534\" height=\"356\"  \/><\/a>\t<\/div>\n<\/div>\n\n\n<div class=\"post-entry-content\">\n\t<div class=\"post-entry-wrapper\">\n\t\t\t\t<h3 class=\"entry-title\">\n\t\t\t<a href=\"https:\/\/web.escudoweb.com\/index.php\/our-cashless-children-have-no-concept-of-the-meaning-of-money\/\" title=\"Our cashless children have no concept of the meaning of money\" rel=\"bookmark\">Our cashless children have no concept of the meaning of money<\/a>\n\t\t<\/h3>\n\n\t\t<div class=\"entry-meta\"><a href=\"https:\/\/web.escudoweb.com\/index.php\/2021\/07\/22\/\" title=\"19:56\" class=\"data-link\" rel=\"bookmark\"><time class=\"entry-date updated\" datetime=\"2021-07-22T19:56:54+02:00\">22 julio 2021<\/time><\/a><\/div>\n\t\t<div class=\"entry-excerpt\"><p>[vc_row][vc_column][vc_column_text]While the concept of money (and cash) is a very important one for our society the many changes over the&hellip;<\/p>\n<\/div>\n\t\t\n<a href=\"https:\/\/web.escudoweb.com\/index.php\/our-cashless-children-have-no-concept-of-the-meaning-of-money\/\" class=\"dt-btn-s dt-btn post-details details-type-btn\" aria-label=\"Read more about Our cashless children have no concept of the meaning of money\">Read more<i class=\"dt-icon-the7-arrow-03\" aria-hidden=\"true\"><\/i><\/a>\n\n\t<\/div>\n<\/div><\/article><article class=\"post post-2948 type-post status-publish format-standard has-post-thumbnail hentry category-news category-21\" data-name=\"Los riesgos de la sobreexposici\u00f3n a la tecnolog\u00eda en menores\" data-date=\"2021-07-21T11:54:21+02:00\">\n\n<div class=\"post-thumbnail-wrap\">\n\t<div class=\"post-thumbnail\">\n\t\t\n\t\t\n\t\t<a href=\"https:\/\/web.escudoweb.com\/index.php\/los-riesgos-de-la-sobreexposicion-a-la-tecnologia-en-menores\/\" class=\"post-thumbnail-rollover layzr-bg\" ><img decoding=\"async\" class=\"preload-me owl-lazy-load aspect\" src=\"data:image\/svg+xml,%3Csvg%20xmlns%3D&#39;http%3A%2F%2Fwww.w3.org%2F2000%2Fsvg&#39;%20viewBox%3D&#39;0%200%20768%20512&#39;%2F%3E\" data-src=\"https:\/\/web.escudoweb.com\/wp-content\/uploads\/2021\/07\/pantallas-768x512.jpg\" data-srcset=\"https:\/\/web.escudoweb.com\/wp-content\/uploads\/2021\/07\/pantallas-768x512.jpg 768w, https:\/\/web.escudoweb.com\/wp-content\/uploads\/2021\/07\/pantallas-990x660.jpg 990w\" loading=\"eager\" style=\"--ratio: 768 \/ 512\" sizes=\"(max-width: 768px) 100vw, 768px\" alt=\"\" title=\"pantallas\" width=\"768\" height=\"512\"  \/><\/a>\t<\/div>\n<\/div>\n\n\n<div class=\"post-entry-content\">\n\t<div class=\"post-entry-wrapper\">\n\t\t\t\t<h3 class=\"entry-title\">\n\t\t\t<a href=\"https:\/\/web.escudoweb.com\/index.php\/los-riesgos-de-la-sobreexposicion-a-la-tecnologia-en-menores\/\" title=\"Los riesgos de la sobreexposici\u00f3n a la tecnolog\u00eda en menores\" rel=\"bookmark\">Los riesgos de la sobreexposici\u00f3n a la tecnolog\u00eda en menores<\/a>\n\t\t<\/h3>\n\n\t\t<div class=\"entry-meta\"><a href=\"https:\/\/web.escudoweb.com\/index.php\/2021\/07\/21\/\" title=\"11:54\" class=\"data-link\" rel=\"bookmark\"><time class=\"entry-date updated\" datetime=\"2021-07-21T11:54:21+02:00\">21 julio 2021<\/time><\/a><\/div>\n\t\t<div class=\"entry-excerpt\"><p>[vc_row][vc_column][vc_column_text]Tras dieciocho meses de pandemia, estamos viendo el resultado en los ni\u00f1os de haber tenido completa libertad con los dispositivos&hellip;<\/p>\n<\/div>\n\t\t\n<a href=\"https:\/\/web.escudoweb.com\/index.php\/los-riesgos-de-la-sobreexposicion-a-la-tecnologia-en-menores\/\" class=\"dt-btn-s dt-btn post-details details-type-btn\" aria-label=\"Read more about Los riesgos de la sobreexposici\u00f3n a la tecnolog\u00eda en menores\">Read more<i class=\"dt-icon-the7-arrow-03\" aria-hidden=\"true\"><\/i><\/a>\n\n\t<\/div>\n<\/div><\/article><article class=\"post post-2944 type-post status-publish format-standard has-post-thumbnail hentry category-news category-21\" data-name=\"Is Education No Longer the \u2018Great Equalizer\u2019?\" data-date=\"2021-07-19T07:00:28+02:00\">\n\n<div class=\"post-thumbnail-wrap\">\n\t<div class=\"post-thumbnail\">\n\t\t\n\t\t\n\t\t<a href=\"https:\/\/web.escudoweb.com\/index.php\/is-education-no-longer-the-great-equalizer\/\" class=\"post-thumbnail-rollover layzr-bg\" ><img decoding=\"async\" class=\"preload-me owl-lazy-load aspect\" src=\"data:image\/svg+xml,%3Csvg%20xmlns%3D&#39;http%3A%2F%2Fwww.w3.org%2F2000%2Fsvg&#39;%20viewBox%3D&#39;0%200%20768%20512&#39;%2F%3E\" data-src=\"https:\/\/web.escudoweb.com\/wp-content\/uploads\/2021\/07\/merlin_174339084_85264678-082c-4a8d-95e7-de6b906d4ef5-superJumbo-768x512.jpeg\" data-srcset=\"https:\/\/web.escudoweb.com\/wp-content\/uploads\/2021\/07\/merlin_174339084_85264678-082c-4a8d-95e7-de6b906d4ef5-superJumbo-768x512.jpeg 768w, https:\/\/web.escudoweb.com\/wp-content\/uploads\/2021\/07\/merlin_174339084_85264678-082c-4a8d-95e7-de6b906d4ef5-superJumbo-1152x768.jpeg 1152w\" loading=\"eager\" style=\"--ratio: 768 \/ 512\" sizes=\"(max-width: 768px) 100vw, 768px\" alt=\"\" title=\"merlin_174339084_85264678-082c-4a8d-95e7-de6b906d4ef5-superJumbo\" width=\"768\" height=\"512\"  \/><\/a>\t<\/div>\n<\/div>\n\n\n<div class=\"post-entry-content\">\n\t<div class=\"post-entry-wrapper\">\n\t\t\t\t<h3 class=\"entry-title\">\n\t\t\t<a href=\"https:\/\/web.escudoweb.com\/index.php\/is-education-no-longer-the-great-equalizer\/\" title=\"Is Education No Longer the \u2018Great Equalizer\u2019?\" rel=\"bookmark\">Is Education No Longer the \u2018Great Equalizer\u2019?<\/a>\n\t\t<\/h3>\n\n\t\t<div class=\"entry-meta\"><a href=\"https:\/\/web.escudoweb.com\/index.php\/2021\/07\/19\/\" title=\"07:00\" class=\"data-link\" rel=\"bookmark\"><time class=\"entry-date updated\" datetime=\"2021-07-19T07:00:28+02:00\">19 julio 2021<\/time><\/a><\/div>\n\t\t<div class=\"entry-excerpt\"><p>[vc_row][vc_column][vc_column_text]Back in 1848 Horace Mann, a pioneer of state funded education in the United States claimed that education was the&hellip;<\/p>\n<\/div>\n\t\t\n<a href=\"https:\/\/web.escudoweb.com\/index.php\/is-education-no-longer-the-great-equalizer\/\" class=\"dt-btn-s dt-btn post-details details-type-btn\" aria-label=\"Read more about Is Education No Longer the \u2018Great Equalizer\u2019?\">Read more<i class=\"dt-icon-the7-arrow-03\" aria-hidden=\"true\"><\/i><\/a>\n\n\t<\/div>\n<\/div><\/article><article class=\"post post-2940 type-post status-publish format-standard has-post-thumbnail hentry category-news category-21\" data-name=\"El 90% de los docentes cree que su labor mejora la sociedad, pero solo la mitad se siente reconocido\" data-date=\"2021-07-14T10:58:00+02:00\">\n\n<div class=\"post-thumbnail-wrap\">\n\t<div class=\"post-thumbnail\">\n\t\t\n\t\t\n\t\t<a href=\"https:\/\/web.escudoweb.com\/index.php\/el-90-de-los-docentes-cree-que-su-labor-mejora-la-sociedad-pero-solo-la-mitad-se-siente-reconocido\/\" class=\"post-thumbnail-rollover layzr-bg\" ><img decoding=\"async\" class=\"preload-me owl-lazy-load aspect\" src=\"data:image\/svg+xml,%3Csvg%20xmlns%3D&#39;http%3A%2F%2Fwww.w3.org%2F2000%2Fsvg&#39;%20viewBox%3D&#39;0%200%20768%20512&#39;%2F%3E\" data-src=\"https:\/\/web.escudoweb.com\/wp-content\/uploads\/2021\/07\/profesor-destacada-978x652.png-768x512.jpg\" data-srcset=\"https:\/\/web.escudoweb.com\/wp-content\/uploads\/2021\/07\/profesor-destacada-978x652.png-768x512.jpg 768w, https:\/\/web.escudoweb.com\/wp-content\/uploads\/2021\/07\/profesor-destacada-978x652.png.jpg 977w\" loading=\"eager\" style=\"--ratio: 768 \/ 512\" sizes=\"(max-width: 768px) 100vw, 768px\" alt=\"\" title=\"profesor-destacada-978&#215;652.png\" width=\"768\" height=\"512\"  \/><\/a>\t<\/div>\n<\/div>\n\n\n<div class=\"post-entry-content\">\n\t<div class=\"post-entry-wrapper\">\n\t\t\t\t<h3 class=\"entry-title\">\n\t\t\t<a href=\"https:\/\/web.escudoweb.com\/index.php\/el-90-de-los-docentes-cree-que-su-labor-mejora-la-sociedad-pero-solo-la-mitad-se-siente-reconocido\/\" title=\"El 90% de los docentes cree que su labor mejora la sociedad, pero solo la mitad se siente reconocido\" rel=\"bookmark\">El 90% de los docentes cree que su labor mejora la sociedad, pero solo la mitad se siente reconocido<\/a>\n\t\t<\/h3>\n\n\t\t<div class=\"entry-meta\"><a href=\"https:\/\/web.escudoweb.com\/index.php\/2021\/07\/14\/\" title=\"10:58\" class=\"data-link\" rel=\"bookmark\"><time class=\"entry-date updated\" datetime=\"2021-07-14T10:58:00+02:00\">14 julio 2021<\/time><\/a><\/div>\n\t\t<div class=\"entry-excerpt\"><p>[vc_row][vc_column][vc_column_text]Un estudio reciente (realizado por la plataforma de sostenibilidad Quiero y Samsung) publicado en Educaci\u00f3n 3.0 sobre el papel de&hellip;<\/p>\n<\/div>\n\t\t\n<a href=\"https:\/\/web.escudoweb.com\/index.php\/el-90-de-los-docentes-cree-que-su-labor-mejora-la-sociedad-pero-solo-la-mitad-se-siente-reconocido\/\" class=\"dt-btn-s dt-btn post-details details-type-btn\" aria-label=\"Read more about El 90% de los docentes cree que su labor mejora la sociedad, pero solo la mitad se siente reconocido\">Read more<i class=\"dt-icon-the7-arrow-03\" aria-hidden=\"true\"><\/i><\/a>\n\n\t<\/div>\n<\/div><\/article><article class=\"post post-2936 type-post status-publish format-standard has-post-thumbnail hentry category-news category-21\" data-name=\"Pandemic parenting slang: are you a curling dad or a crunchy mom?\" data-date=\"2021-07-12T13:43:32+02:00\">\n\n<div class=\"post-thumbnail-wrap\">\n\t<div class=\"post-thumbnail\">\n\t\t\n\t\t\n\t\t<a href=\"https:\/\/web.escudoweb.com\/index.php\/pandemic-parenting-slang-are-you-a-curling-dad-or-a-crunchy-mom\/\" class=\"post-thumbnail-rollover layzr-bg\" ><img decoding=\"async\" class=\"preload-me owl-lazy-load aspect\" src=\"data:image\/svg+xml,%3Csvg%20xmlns%3D&#39;http%3A%2F%2Fwww.w3.org%2F2000%2Fsvg&#39;%20viewBox%3D&#39;0%200%20768%20512&#39;%2F%3E\" data-src=\"https:\/\/web.escudoweb.com\/wp-content\/uploads\/2021\/07\/1843_20210607_SLANG_PARENTING_001-768x512.jpeg\" data-srcset=\"https:\/\/web.escudoweb.com\/wp-content\/uploads\/2021\/07\/1843_20210607_SLANG_PARENTING_001-768x512.jpeg 768w, https:\/\/web.escudoweb.com\/wp-content\/uploads\/2021\/07\/1843_20210607_SLANG_PARENTING_001-1080x720.jpeg 1080w\" loading=\"eager\" style=\"--ratio: 768 \/ 512\" sizes=\"(max-width: 768px) 100vw, 768px\" alt=\"\" title=\"1843_20210607_SLANG_PARENTING_001\" width=\"768\" height=\"512\"  \/><\/a>\t<\/div>\n<\/div>\n\n\n<div class=\"post-entry-content\">\n\t<div class=\"post-entry-wrapper\">\n\t\t\t\t<h3 class=\"entry-title\">\n\t\t\t<a href=\"https:\/\/web.escudoweb.com\/index.php\/pandemic-parenting-slang-are-you-a-curling-dad-or-a-crunchy-mom\/\" title=\"Pandemic parenting slang: are you a curling dad or a crunchy mom?\" rel=\"bookmark\">Pandemic parenting slang: are you a curling dad or a crunchy mom?<\/a>\n\t\t<\/h3>\n\n\t\t<div class=\"entry-meta\"><a href=\"https:\/\/web.escudoweb.com\/index.php\/2021\/07\/12\/\" title=\"13:43\" class=\"data-link\" rel=\"bookmark\"><time class=\"entry-date updated\" datetime=\"2021-07-12T13:43:32+02:00\">12 julio 2021<\/time><\/a><\/div>\n\t\t<div class=\"entry-excerpt\"><p>[vc_row][vc_column][vc_column_text]The role of being a parent can be complex one, and with no manual as to how to bring up&hellip;<\/p>\n<\/div>\n\t\t\n<a href=\"https:\/\/web.escudoweb.com\/index.php\/pandemic-parenting-slang-are-you-a-curling-dad-or-a-crunchy-mom\/\" class=\"dt-btn-s dt-btn post-details details-type-btn\" aria-label=\"Read more about Pandemic parenting slang: are you a curling dad or a crunchy mom?\">Read more<i class=\"dt-icon-the7-arrow-03\" aria-hidden=\"true\"><\/i><\/a>\n\n\t<\/div>\n<\/div><\/article><article class=\"post post-2933 type-post status-publish format-standard has-post-thumbnail hentry category-news category-21\" data-name=\"What science really tells us about raising children, from sleep to screen time\" data-date=\"2021-07-09T09:51:05+02:00\">\n\n<div class=\"post-thumbnail-wrap\">\n\t<div class=\"post-thumbnail\">\n\t\t\n\t\t\n\t\t<a href=\"https:\/\/web.escudoweb.com\/index.php\/what-science-really-tells-us-about-raising-children-from-sleep-to-screen-time\/\" class=\"post-thumbnail-rollover layzr-bg\" ><img decoding=\"async\" class=\"preload-me owl-lazy-load aspect\" src=\"data:image\/svg+xml,%3Csvg%20xmlns%3D&#39;http%3A%2F%2Fwww.w3.org%2F2000%2Fsvg&#39;%20viewBox%3D&#39;0%200%20768%20512&#39;%2F%3E\" data-src=\"https:\/\/web.escudoweb.com\/wp-content\/uploads\/2021\/07\/010721_ADB_KIDS-1_trans_NvBQzQNjv4BqqVzuuqpFlyLIwiB6NTmJwfSVWeZ_vEN7c6bHu2jJnT8-768x512.jpeg\" data-srcset=\"https:\/\/web.escudoweb.com\/wp-content\/uploads\/2021\/07\/010721_ADB_KIDS-1_trans_NvBQzQNjv4BqqVzuuqpFlyLIwiB6NTmJwfSVWeZ_vEN7c6bHu2jJnT8-768x512.jpeg 768w, https:\/\/web.escudoweb.com\/wp-content\/uploads\/2021\/07\/010721_ADB_KIDS-1_trans_NvBQzQNjv4BqqVzuuqpFlyLIwiB6NTmJwfSVWeZ_vEN7c6bHu2jJnT8-900x600.jpeg 900w\" loading=\"eager\" style=\"--ratio: 768 \/ 512\" sizes=\"(max-width: 768px) 100vw, 768px\" alt=\"\" title=\"010721_ADB_KIDS-1_trans_NvBQzQNjv4BqqVzuuqpFlyLIwiB6NTmJwfSVWeZ_vEN7c6bHu2jJnT8\" width=\"768\" height=\"512\"  \/><\/a>\t<\/div>\n<\/div>\n\n\n<div class=\"post-entry-content\">\n\t<div class=\"post-entry-wrapper\">\n\t\t\t\t<h3 class=\"entry-title\">\n\t\t\t<a href=\"https:\/\/web.escudoweb.com\/index.php\/what-science-really-tells-us-about-raising-children-from-sleep-to-screen-time\/\" title=\"What science really tells us about raising children, from sleep to screen time\" rel=\"bookmark\">What science really tells us about raising children, from sleep to screen time<\/a>\n\t\t<\/h3>\n\n\t\t<div class=\"entry-meta\"><a href=\"https:\/\/web.escudoweb.com\/index.php\/2021\/07\/09\/\" title=\"09:51\" class=\"data-link\" rel=\"bookmark\"><time class=\"entry-date updated\" datetime=\"2021-07-09T09:51:05+02:00\">9 julio 2021<\/time><\/a><\/div>\n\t\t<div class=\"entry-excerpt\"><p>[vc_row][vc_column][vc_column_text]Being a parent is a very difficult job, where one has to juggle different demands and take notice of what&hellip;<\/p>\n<\/div>\n\t\t\n<a href=\"https:\/\/web.escudoweb.com\/index.php\/what-science-really-tells-us-about-raising-children-from-sleep-to-screen-time\/\" class=\"dt-btn-s dt-btn post-details details-type-btn\" aria-label=\"Read more about What science really tells us about raising children, from sleep to screen time\">Read more<i class=\"dt-icon-the7-arrow-03\" aria-hidden=\"true\"><\/i><\/a>\n\n\t<\/div>\n<\/div><\/article><article class=\"post post-2928 type-post status-publish format-standard has-post-thumbnail hentry category-news category-21\" data-name=\"Una campa\u00f1a motiva a las familias a usar herramientas de control parental en internet\" data-date=\"2021-07-07T09:19:40+02:00\">\n\n<div class=\"post-thumbnail-wrap\">\n\t<div class=\"post-thumbnail\">\n\t\t\n\t\t\n\t\t<a href=\"https:\/\/web.escudoweb.com\/index.php\/una-campana-motiva-a-las-familias-a-usar-herramientas-de-control-parental-en-internet\/\" class=\"post-thumbnail-rollover layzr-bg\" ><img decoding=\"async\" class=\"preload-me owl-lazy-load aspect\" src=\"data:image\/svg+xml,%3Csvg%20xmlns%3D&#39;http%3A%2F%2Fwww.w3.org%2F2000%2Fsvg&#39;%20viewBox%3D&#39;0%200%20523%20349&#39;%2F%3E\" data-src=\"https:\/\/web.escudoweb.com\/wp-content\/uploads\/2021\/07\/ninoordenador-kk4B-620x349@abc-523x349.jpeg\" data-srcset=\"https:\/\/web.escudoweb.com\/wp-content\/uploads\/2021\/07\/ninoordenador-kk4B-620x349@abc-523x349.jpeg 523w\" loading=\"eager\" style=\"--ratio: 523 \/ 349\" sizes=\"(max-width: 523px) 100vw, 523px\" alt=\"\" title=\"ninoordenador-kk4B&#8211;620&#215;349@abc\" width=\"523\" height=\"349\"  \/><\/a>\t<\/div>\n<\/div>\n\n\n<div class=\"post-entry-content\">\n\t<div class=\"post-entry-wrapper\">\n\t\t\t\t<h3 class=\"entry-title\">\n\t\t\t<a href=\"https:\/\/web.escudoweb.com\/index.php\/una-campana-motiva-a-las-familias-a-usar-herramientas-de-control-parental-en-internet\/\" title=\"Una campa\u00f1a motiva a las familias a usar herramientas de control parental en internet\" rel=\"bookmark\">Una campa\u00f1a motiva a las familias a usar herramientas de control parental en internet<\/a>\n\t\t<\/h3>\n\n\t\t<div class=\"entry-meta\"><a href=\"https:\/\/web.escudoweb.com\/index.php\/2021\/07\/07\/\" title=\"09:19\" class=\"data-link\" rel=\"bookmark\"><time class=\"entry-date updated\" datetime=\"2021-07-07T09:19:40+02:00\">7 julio 2021<\/time><\/a><\/div>\n\t\t<div class=\"entry-excerpt\"><p>[vc_row][vc_column][vc_column_text]El control parental vuelve a levantar su cabeza pesada de nuevo. Tras muchos a\u00f1os desde que se declarara &#8211; de&hellip;<\/p>\n<\/div>\n\t\t\n<a href=\"https:\/\/web.escudoweb.com\/index.php\/una-campana-motiva-a-las-familias-a-usar-herramientas-de-control-parental-en-internet\/\" class=\"dt-btn-s dt-btn post-details details-type-btn\" aria-label=\"Read more about Una campa\u00f1a motiva a las familias a usar herramientas de control parental en internet\">Read more<i class=\"dt-icon-the7-arrow-03\" aria-hidden=\"true\"><\/i><\/a>\n\n\t<\/div>\n<\/div><\/article><article class=\"post post-2925 type-post status-publish format-standard has-post-thumbnail hentry category-news category-21\" data-name=\"Connecting learners: Narrowing the educational divide\" data-date=\"2021-07-05T10:01:58+02:00\">\n\n<div class=\"post-thumbnail-wrap\">\n\t<div class=\"post-thumbnail\">\n\t\t\n\t\t\n\t\t<a href=\"https:\/\/web.escudoweb.com\/index.php\/connecting-learners-narrowing-the-educational-divide\/\" class=\"post-thumbnail-rollover layzr-bg\" ><img decoding=\"async\" class=\"preload-me owl-lazy-load aspect\" src=\"data:image\/svg+xml,%3Csvg%20xmlns%3D&#39;http%3A%2F%2Fwww.w3.org%2F2000%2Fsvg&#39;%20viewBox%3D&#39;0%200%20768%20512&#39;%2F%3E\" data-src=\"https:\/\/web.escudoweb.com\/wp-content\/uploads\/2021\/07\/steps-768x512.jpg\" data-srcset=\"https:\/\/web.escudoweb.com\/wp-content\/uploads\/2021\/07\/steps-768x512.jpg 768w, https:\/\/web.escudoweb.com\/wp-content\/uploads\/2021\/07\/steps-769x513.jpg 769w\" loading=\"eager\" style=\"--ratio: 768 \/ 512\" sizes=\"(max-width: 768px) 100vw, 768px\" alt=\"\" title=\"steps\" width=\"768\" height=\"512\"  \/><\/a>\t<\/div>\n<\/div>\n\n\n<div class=\"post-entry-content\">\n\t<div class=\"post-entry-wrapper\">\n\t\t\t\t<h3 class=\"entry-title\">\n\t\t\t<a href=\"https:\/\/web.escudoweb.com\/index.php\/connecting-learners-narrowing-the-educational-divide\/\" title=\"Connecting learners: Narrowing the educational divide\" rel=\"bookmark\">Connecting learners: Narrowing the educational divide<\/a>\n\t\t<\/h3>\n\n\t\t<div class=\"entry-meta\"><a href=\"https:\/\/web.escudoweb.com\/index.php\/2021\/07\/05\/\" title=\"10:01\" class=\"data-link\" rel=\"bookmark\"><time class=\"entry-date updated\" datetime=\"2021-07-05T10:01:58+02:00\">5 julio 2021<\/time><\/a><\/div>\n\t\t<div class=\"entry-excerpt\"><p>[vc_row][vc_column][vc_column_text]The internet &#8211; or access to the internet &#8211; which seems to support global society, appears to be a key&hellip;<\/p>\n<\/div>\n\t\t\n<a href=\"https:\/\/web.escudoweb.com\/index.php\/connecting-learners-narrowing-the-educational-divide\/\" class=\"dt-btn-s dt-btn post-details details-type-btn\" aria-label=\"Read more about Connecting learners: Narrowing the educational divide\">Read more<i class=\"dt-icon-the7-arrow-03\" aria-hidden=\"true\"><\/i><\/a>\n\n\t<\/div>\n<\/div><\/article><article class=\"post post-2920 type-post status-publish format-standard has-post-thumbnail hentry category-news category-21\" data-name=\"Don\u2019t Kill Remote Learning. Black and Brown Families Need It\" data-date=\"2021-07-02T08:01:08+02:00\">\n\n<div class=\"post-thumbnail-wrap\">\n\t<div class=\"post-thumbnail\">\n\t\t\n\t\t\n\t\t<a href=\"https:\/\/web.escudoweb.com\/index.php\/dont-kill-remote-learning-black-and-brown-families-need-it\/\" class=\"post-thumbnail-rollover layzr-bg\" ><img decoding=\"async\" class=\"preload-me owl-lazy-load aspect\" src=\"data:image\/svg+xml,%3Csvg%20xmlns%3D&#39;http%3A%2F%2Fwww.w3.org%2F2000%2Fsvg&#39;%20viewBox%3D&#39;0%200%20768%20512&#39;%2F%3E\" data-src=\"https:\/\/web.escudoweb.com\/wp-content\/uploads\/2021\/07\/07Biddle-superJumbo-768x512.jpeg\" data-srcset=\"https:\/\/web.escudoweb.com\/wp-content\/uploads\/2021\/07\/07Biddle-superJumbo-768x512.jpeg 768w, https:\/\/web.escudoweb.com\/wp-content\/uploads\/2021\/07\/07Biddle-superJumbo-1152x768.jpeg 1152w\" loading=\"eager\" style=\"--ratio: 768 \/ 512\" sizes=\"(max-width: 768px) 100vw, 768px\" alt=\"\" title=\"07Biddle-superJumbo\" width=\"768\" height=\"512\"  \/><\/a>\t<\/div>\n<\/div>\n\n\n<div class=\"post-entry-content\">\n\t<div class=\"post-entry-wrapper\">\n\t\t\t\t<h3 class=\"entry-title\">\n\t\t\t<a href=\"https:\/\/web.escudoweb.com\/index.php\/dont-kill-remote-learning-black-and-brown-families-need-it\/\" title=\"Don\u2019t Kill Remote Learning. Black and Brown Families Need It\" rel=\"bookmark\">Don\u2019t Kill Remote Learning. Black and Brown Families Need It<\/a>\n\t\t<\/h3>\n\n\t\t<div class=\"entry-meta\"><a href=\"https:\/\/web.escudoweb.com\/index.php\/2021\/07\/02\/\" title=\"08:01\" class=\"data-link\" rel=\"bookmark\"><time class=\"entry-date updated\" datetime=\"2021-07-02T08:01:08+02:00\">2 julio 2021<\/time><\/a><\/div>\n\t\t<div class=\"entry-excerpt\"><p>[vc_row][vc_column][vc_column_text]In the last sixteen months children of all ages have depended on remote learning to continue their education. Now that&hellip;<\/p>\n<\/div>\n\t\t\n<a href=\"https:\/\/web.escudoweb.com\/index.php\/dont-kill-remote-learning-black-and-brown-families-need-it\/\" class=\"dt-btn-s dt-btn post-details details-type-btn\" aria-label=\"Read more about Don\u2019t Kill Remote Learning. Black and Brown Families Need It\">Read more<i class=\"dt-icon-the7-arrow-03\" aria-hidden=\"true\"><\/i><\/a>\n\n\t<\/div>\n<\/div><\/article><article class=\"post post-2916 type-post status-publish format-standard has-post-thumbnail hentry category-news category-21\" data-name=\"Escudo Web at the Mobile World Congress 2021 (2)\" data-date=\"2021-06-30T10:37:30+02:00\">\n\n<div class=\"post-thumbnail-wrap\">\n\t<div class=\"post-thumbnail\">\n\t\t\n\t\t\n\t\t<a href=\"https:\/\/web.escudoweb.com\/index.php\/escudo-web-at-the-mobile-world-congress-2021-2\/\" class=\"post-thumbnail-rollover layzr-bg\" ><img decoding=\"async\" class=\"preload-me owl-lazy-load aspect\" src=\"data:image\/svg+xml,%3Csvg%20xmlns%3D&#39;http%3A%2F%2Fwww.w3.org%2F2000%2Fsvg&#39;%20viewBox%3D&#39;0%200%20768%20512&#39;%2F%3E\" data-src=\"https:\/\/web.escudoweb.com\/wp-content\/uploads\/2021\/06\/mwc_collage-768x512.jpeg\" data-srcset=\"https:\/\/web.escudoweb.com\/wp-content\/uploads\/2021\/06\/mwc_collage-768x512.jpeg 768w, https:\/\/web.escudoweb.com\/wp-content\/uploads\/2021\/06\/mwc_collage-1152x768.jpeg 1152w\" loading=\"eager\" style=\"--ratio: 768 \/ 512\" sizes=\"(max-width: 768px) 100vw, 768px\" alt=\"\" title=\"mwc_collage\" width=\"768\" height=\"512\"  \/><\/a>\t<\/div>\n<\/div>\n\n\n<div class=\"post-entry-content\">\n\t<div class=\"post-entry-wrapper\">\n\t\t\t\t<h3 class=\"entry-title\">\n\t\t\t<a href=\"https:\/\/web.escudoweb.com\/index.php\/escudo-web-at-the-mobile-world-congress-2021-2\/\" title=\"Escudo Web at the Mobile World Congress 2021 (2)\" rel=\"bookmark\">Escudo Web at the Mobile World Congress 2021 (2)<\/a>\n\t\t<\/h3>\n\n\t\t<div class=\"entry-meta\"><a href=\"https:\/\/web.escudoweb.com\/index.php\/2021\/06\/30\/\" title=\"10:37\" class=\"data-link\" rel=\"bookmark\"><time class=\"entry-date updated\" datetime=\"2021-06-30T10:37:30+02:00\">30 junio 2021<\/time><\/a><\/div>\n\t\t<div class=\"entry-excerpt\"><p>[vc_row][vc_column][vc_column_text] We are very pleased to be back at the Mobile World Congress (MWC) once again, after a gap of&hellip;<\/p>\n<\/div>\n\t\t\n<a href=\"https:\/\/web.escudoweb.com\/index.php\/escudo-web-at-the-mobile-world-congress-2021-2\/\" class=\"dt-btn-s dt-btn post-details details-type-btn\" aria-label=\"Read more about Escudo Web at the Mobile World Congress 2021 (2)\">Read more<i class=\"dt-icon-the7-arrow-03\" aria-hidden=\"true\"><\/i><\/a>\n\n\t<\/div>\n<\/div><\/article><article class=\"post post-2910 type-post status-publish format-standard has-post-thumbnail hentry category-news category-21\" data-name=\"Escudo Web at the Mobile World Congress 2021\" data-date=\"2021-06-25T09:13:14+02:00\">\n\n<div class=\"post-thumbnail-wrap\">\n\t<div class=\"post-thumbnail\">\n\t\t\n\t\t\n\t\t<a href=\"https:\/\/web.escudoweb.com\/index.php\/escudo-web-at-the-mobile-world-congress-2021\/\" class=\"post-thumbnail-rollover layzr-bg\" ><img decoding=\"async\" class=\"preload-me owl-lazy-load aspect\" src=\"data:image\/svg+xml,%3Csvg%20xmlns%3D&#39;http%3A%2F%2Fwww.w3.org%2F2000%2Fsvg&#39;%20viewBox%3D&#39;0%200%20519%20346&#39;%2F%3E\" data-src=\"https:\/\/web.escudoweb.com\/wp-content\/uploads\/2021\/06\/MWC2021_wp-519x346.jpg\" data-srcset=\"https:\/\/web.escudoweb.com\/wp-content\/uploads\/2021\/06\/MWC2021_wp-519x346.jpg 519w\" loading=\"eager\" style=\"--ratio: 519 \/ 346\" sizes=\"(max-width: 519px) 100vw, 519px\" alt=\"\" title=\"MWC2021_wp\" width=\"519\" height=\"346\"  \/><\/a>\t<\/div>\n<\/div>\n\n\n<div class=\"post-entry-content\">\n\t<div class=\"post-entry-wrapper\">\n\t\t\t\t<h3 class=\"entry-title\">\n\t\t\t<a href=\"https:\/\/web.escudoweb.com\/index.php\/escudo-web-at-the-mobile-world-congress-2021\/\" title=\"Escudo Web at the Mobile World Congress 2021\" rel=\"bookmark\">Escudo Web at the Mobile World Congress 2021<\/a>\n\t\t<\/h3>\n\n\t\t<div class=\"entry-meta\"><a href=\"https:\/\/web.escudoweb.com\/index.php\/2021\/06\/25\/\" title=\"09:13\" class=\"data-link\" rel=\"bookmark\"><time class=\"entry-date updated\" datetime=\"2021-06-25T09:13:14+02:00\">25 junio 2021<\/time><\/a><\/div>\n\t\t<div class=\"entry-excerpt\"><p>[vc_row][vc_column][vc_column_text]Escudo Web is very pleased to announce that we will be participating at the Mobile World Congress 2021 starting Monday&hellip;<\/p>\n<\/div>\n\t\t\n<a href=\"https:\/\/web.escudoweb.com\/index.php\/escudo-web-at-the-mobile-world-congress-2021\/\" class=\"dt-btn-s dt-btn post-details details-type-btn\" aria-label=\"Read more about Escudo Web at the Mobile World Congress 2021\">Read more<i class=\"dt-icon-the7-arrow-03\" aria-hidden=\"true\"><\/i><\/a>\n\n\t<\/div>\n<\/div><\/article><article class=\"post post-2853 type-post status-publish format-standard has-post-thumbnail hentry category-news category-21\" data-name=\"Competencias 2021: aprendizaje para la vida\" data-date=\"2021-06-23T10:10:18+02:00\">\n\n<div class=\"post-thumbnail-wrap\">\n\t<div class=\"post-thumbnail\">\n\t\t\n\t\t\n\t\t<a href=\"https:\/\/web.escudoweb.com\/index.php\/competencias-2021-aprendizaje-para-la-vida\/\" class=\"post-thumbnail-rollover layzr-bg\" ><img decoding=\"async\" class=\"preload-me owl-lazy-load aspect\" src=\"data:image\/svg+xml,%3Csvg%20xmlns%3D&#39;http%3A%2F%2Fwww.w3.org%2F2000%2Fsvg&#39;%20viewBox%3D&#39;0%200%20768%20512&#39;%2F%3E\" data-src=\"https:\/\/web.escudoweb.com\/wp-content\/uploads\/2021\/06\/MRUYNZDJEREM7G5LRSD3OA6P7E-768x512.jpeg\" data-srcset=\"https:\/\/web.escudoweb.com\/wp-content\/uploads\/2021\/06\/MRUYNZDJEREM7G5LRSD3OA6P7E-768x512.jpeg 768w, https:\/\/web.escudoweb.com\/wp-content\/uploads\/2021\/06\/MRUYNZDJEREM7G5LRSD3OA6P7E-1152x768.jpeg 1152w\" loading=\"eager\" style=\"--ratio: 768 \/ 512\" sizes=\"(max-width: 768px) 100vw, 768px\" alt=\"\" title=\"MRUYNZDJEREM7G5LRSD3OA6P7E\" width=\"768\" height=\"512\"  \/><\/a>\t<\/div>\n<\/div>\n\n\n<div class=\"post-entry-content\">\n\t<div class=\"post-entry-wrapper\">\n\t\t\t\t<h3 class=\"entry-title\">\n\t\t\t<a href=\"https:\/\/web.escudoweb.com\/index.php\/competencias-2021-aprendizaje-para-la-vida\/\" title=\"Competencias 2021: aprendizaje para la vida\" rel=\"bookmark\">Competencias 2021: aprendizaje para la vida<\/a>\n\t\t<\/h3>\n\n\t\t<div class=\"entry-meta\"><a href=\"https:\/\/web.escudoweb.com\/index.php\/2021\/06\/23\/\" title=\"10:10\" class=\"data-link\" rel=\"bookmark\"><time class=\"entry-date updated\" datetime=\"2021-06-23T10:10:18+02:00\">23 junio 2021<\/time><\/a><\/div>\n\t\t<div class=\"entry-excerpt\"><p>[vc_row][vc_column][vc_column_text]Se public\u00f3 recientemente el informe de la OCDE llamado Skills Outlook 2021: learning for life (traducido como Competencias 2021: aprendizaje&hellip;<\/p>\n<\/div>\n\t\t\n<a href=\"https:\/\/web.escudoweb.com\/index.php\/competencias-2021-aprendizaje-para-la-vida\/\" class=\"dt-btn-s dt-btn post-details details-type-btn\" aria-label=\"Read more about Competencias 2021: aprendizaje para la vida\">Read more<i class=\"dt-icon-the7-arrow-03\" aria-hidden=\"true\"><\/i><\/a>\n\n\t<\/div>\n<\/div><\/article><article class=\"post post-2842 type-post status-publish format-standard has-post-thumbnail hentry category-news category-21\" data-name=\"Babies crave interaction \u2013 so what has lockdown done to our youngest generation?\" data-date=\"2021-06-21T09:52:42+02:00\">\n\n<div class=\"post-thumbnail-wrap\">\n\t<div class=\"post-thumbnail\">\n\t\t\n\t\t\n\t\t<a href=\"https:\/\/web.escudoweb.com\/index.php\/babies-crave-interaction-so-what-has-lockdown-done-to-our-youngest-generation\/\" class=\"post-thumbnail-rollover layzr-bg\" ><img decoding=\"async\" class=\"preload-me owl-lazy-load aspect\" src=\"data:image\/svg+xml,%3Csvg%20xmlns%3D&#39;http%3A%2F%2Fwww.w3.org%2F2000%2Fsvg&#39;%20viewBox%3D&#39;0%200%20768%20512&#39;%2F%3E\" data-src=\"https:\/\/web.escudoweb.com\/wp-content\/uploads\/2021\/06\/TELEMMGLPICT000260918781_trans_NvBQzQNjv4BqpVlberWd9EgFPZtcLiMQfyf2A9a6I9YchsjMeADBa08-768x512.jpeg\" data-srcset=\"https:\/\/web.escudoweb.com\/wp-content\/uploads\/2021\/06\/TELEMMGLPICT000260918781_trans_NvBQzQNjv4BqpVlberWd9EgFPZtcLiMQfyf2A9a6I9YchsjMeADBa08-768x512.jpeg 768w, https:\/\/web.escudoweb.com\/wp-content\/uploads\/2021\/06\/TELEMMGLPICT000260918781_trans_NvBQzQNjv4BqpVlberWd9EgFPZtcLiMQfyf2A9a6I9YchsjMeADBa08-900x600.jpeg 900w\" loading=\"eager\" style=\"--ratio: 768 \/ 512\" sizes=\"(max-width: 768px) 100vw, 768px\" alt=\"\" title=\"TELEMMGLPICT000260918781_trans_NvBQzQNjv4BqpVlberWd9EgFPZtcLiMQfyf2A9a6I9YchsjMeADBa08\" width=\"768\" height=\"512\"  \/><\/a>\t<\/div>\n<\/div>\n\n\n<div class=\"post-entry-content\">\n\t<div class=\"post-entry-wrapper\">\n\t\t\t\t<h3 class=\"entry-title\">\n\t\t\t<a href=\"https:\/\/web.escudoweb.com\/index.php\/babies-crave-interaction-so-what-has-lockdown-done-to-our-youngest-generation\/\" title=\"Babies crave interaction \u2013 so what has lockdown done to our youngest generation?\" rel=\"bookmark\">Babies crave interaction \u2013 so what has lockdown done to our youngest generation?<\/a>\n\t\t<\/h3>\n\n\t\t<div class=\"entry-meta\"><a href=\"https:\/\/web.escudoweb.com\/index.php\/2021\/06\/21\/\" title=\"09:52\" class=\"data-link\" rel=\"bookmark\"><time class=\"entry-date updated\" datetime=\"2021-06-21T09:52:42+02:00\">21 junio 2021<\/time><\/a><\/div>\n\t\t<div class=\"entry-excerpt\"><p>[vc_row][vc_column][vc_column_text]The newest generation are having a different early childhood compared to others, which might well have a longer term effect&hellip;<\/p>\n<\/div>\n\t\t\n<a href=\"https:\/\/web.escudoweb.com\/index.php\/babies-crave-interaction-so-what-has-lockdown-done-to-our-youngest-generation\/\" class=\"dt-btn-s dt-btn post-details details-type-btn\" aria-label=\"Read more about Babies crave interaction \u2013 so what has lockdown done to our youngest generation?\">Read more<i class=\"dt-icon-the7-arrow-03\" aria-hidden=\"true\"><\/i><\/a>\n\n\t<\/div>\n<\/div><\/article><article class=\"post post-2834 type-post status-publish format-standard has-post-thumbnail hentry category-news category-21\" data-name=\"Lockdown sparked a revival in reading among children\" data-date=\"2021-06-18T06:58:40+02:00\">\n\n<div class=\"post-thumbnail-wrap\">\n\t<div class=\"post-thumbnail\">\n\t\t\n\t\t\n\t\t<a href=\"https:\/\/web.escudoweb.com\/index.php\/lockdown-sparked-a-revival-in-reading-among-children\/\" class=\"post-thumbnail-rollover layzr-bg\" ><img decoding=\"async\" class=\"preload-me owl-lazy-load aspect\" src=\"data:image\/svg+xml,%3Csvg%20xmlns%3D&#39;http%3A%2F%2Fwww.w3.org%2F2000%2Fsvg&#39;%20viewBox%3D&#39;0%200%20768%20512&#39;%2F%3E\" data-src=\"https:\/\/web.escudoweb.com\/wp-content\/uploads\/2021\/06\/TELEMMGLPICT000000671164_trans_NvBQzQNjv4BqqVzuuqpFlyLIwiB6NTmJwes17tEyYaPgWovv33tsf1g-768x512.jpeg\" data-srcset=\"https:\/\/web.escudoweb.com\/wp-content\/uploads\/2021\/06\/TELEMMGLPICT000000671164_trans_NvBQzQNjv4BqqVzuuqpFlyLIwiB6NTmJwes17tEyYaPgWovv33tsf1g-768x512.jpeg 768w, https:\/\/web.escudoweb.com\/wp-content\/uploads\/2021\/06\/TELEMMGLPICT000000671164_trans_NvBQzQNjv4BqqVzuuqpFlyLIwiB6NTmJwes17tEyYaPgWovv33tsf1g-900x600.jpeg 900w\" loading=\"eager\" style=\"--ratio: 768 \/ 512\" sizes=\"(max-width: 768px) 100vw, 768px\" alt=\"\" title=\"TELEMMGLPICT000000671164_trans_NvBQzQNjv4BqqVzuuqpFlyLIwiB6NTmJwes17tEyYaPgWovv33tsf1g\" width=\"768\" height=\"512\"  \/><\/a>\t<\/div>\n<\/div>\n\n\n<div class=\"post-entry-content\">\n\t<div class=\"post-entry-wrapper\">\n\t\t\t\t<h3 class=\"entry-title\">\n\t\t\t<a href=\"https:\/\/web.escudoweb.com\/index.php\/lockdown-sparked-a-revival-in-reading-among-children\/\" title=\"Lockdown sparked a revival in reading among children\" rel=\"bookmark\">Lockdown sparked a revival in reading among children<\/a>\n\t\t<\/h3>\n\n\t\t<div class=\"entry-meta\"><a href=\"https:\/\/web.escudoweb.com\/index.php\/2021\/06\/18\/\" title=\"06:58\" class=\"data-link\" rel=\"bookmark\"><time class=\"entry-date updated\" datetime=\"2021-06-18T06:58:40+02:00\">18 junio 2021<\/time><\/a><\/div>\n\t\t<div class=\"entry-excerpt\"><p>[vc_row][vc_column][vc_column_text]If the pandemic has had any beneficial effect on children&#8217;s education it has been on their reading, with, according to&hellip;<\/p>\n<\/div>\n\t\t\n<a href=\"https:\/\/web.escudoweb.com\/index.php\/lockdown-sparked-a-revival-in-reading-among-children\/\" class=\"dt-btn-s dt-btn post-details details-type-btn\" aria-label=\"Read more about Lockdown sparked a revival in reading among children\">Read more<i class=\"dt-icon-the7-arrow-03\" aria-hidden=\"true\"><\/i><\/a>\n\n\t<\/div>\n<\/div><\/article><article class=\"post post-2808 type-post status-publish format-standard has-post-thumbnail hentry category-news category-21\" data-name=\"Tus vivencias pasadas contaminan la educaci\u00f3n que deseas para tus hijos\" data-date=\"2021-06-16T09:00:56+02:00\">\n\n<div class=\"post-thumbnail-wrap\">\n\t<div class=\"post-thumbnail\">\n\t\t\n\t\t\n\t\t<a href=\"https:\/\/web.escudoweb.com\/index.php\/tus-vivencias-pasadas-contaminan-la-educacion-que-deseas-para-tus-hijos\/\" class=\"post-thumbnail-rollover layzr-bg\" ><img decoding=\"async\" class=\"preload-me owl-lazy-load aspect\" src=\"data:image\/svg+xml,%3Csvg%20xmlns%3D&#39;http%3A%2F%2Fwww.w3.org%2F2000%2Fsvg&#39;%20viewBox%3D&#39;0%200%20391%20261&#39;%2F%3E\" data-src=\"https:\/\/web.escudoweb.com\/wp-content\/uploads\/2021\/06\/safe_image-391x261.jpeg\" data-srcset=\"https:\/\/web.escudoweb.com\/wp-content\/uploads\/2021\/06\/safe_image-391x261.jpeg 391w\" loading=\"eager\" style=\"--ratio: 391 \/ 261\" sizes=\"(max-width: 391px) 100vw, 391px\" alt=\"\" title=\"safe_image\" width=\"391\" height=\"261\"  \/><\/a>\t<\/div>\n<\/div>\n\n\n<div class=\"post-entry-content\">\n\t<div class=\"post-entry-wrapper\">\n\t\t\t\t<h3 class=\"entry-title\">\n\t\t\t<a href=\"https:\/\/web.escudoweb.com\/index.php\/tus-vivencias-pasadas-contaminan-la-educacion-que-deseas-para-tus-hijos\/\" title=\"Tus vivencias pasadas contaminan la educaci\u00f3n que deseas para tus hijos\" rel=\"bookmark\">Tus vivencias pasadas contaminan la educaci\u00f3n que deseas para tus hijos<\/a>\n\t\t<\/h3>\n\n\t\t<div class=\"entry-meta\"><a href=\"https:\/\/web.escudoweb.com\/index.php\/2021\/06\/16\/\" title=\"09:00\" class=\"data-link\" rel=\"bookmark\"><time class=\"entry-date updated\" datetime=\"2021-06-16T09:00:56+02:00\">16 junio 2021<\/time><\/a><\/div>\n\t\t<div class=\"entry-excerpt\"><p>[vc_row][vc_column][vc_column_text]Seg\u00fan este art\u00edculo de ABC la manera como padres, que educamos a nuestros hijos viene heredado, y a pesar de&hellip;<\/p>\n<\/div>\n\t\t\n<a href=\"https:\/\/web.escudoweb.com\/index.php\/tus-vivencias-pasadas-contaminan-la-educacion-que-deseas-para-tus-hijos\/\" class=\"dt-btn-s dt-btn post-details details-type-btn\" aria-label=\"Read more about Tus vivencias pasadas contaminan la educaci\u00f3n que deseas para tus hijos\">Read more<i class=\"dt-icon-the7-arrow-03\" aria-hidden=\"true\"><\/i><\/a>\n\n\t<\/div>\n<\/div><\/article><article class=\"post post-2803 type-post status-publish format-standard has-post-thumbnail hentry category-news category-21\" data-name=\"Covid school closures in poorer countries could &#8216;affect this generation forever&#8217;\" data-date=\"2021-06-14T06:11:44+02:00\">\n\n<div class=\"post-thumbnail-wrap\">\n\t<div class=\"post-thumbnail\">\n\t\t\n\t\t\n\t\t<a href=\"https:\/\/web.escudoweb.com\/index.php\/covid-school-closures-in-poorer-countries-could-affect-this-generation-forever\/\" class=\"post-thumbnail-rollover layzr-bg\" ><img decoding=\"async\" class=\"preload-me owl-lazy-load aspect\" src=\"data:image\/svg+xml,%3Csvg%20xmlns%3D&#39;http%3A%2F%2Fwww.w3.org%2F2000%2Fsvg&#39;%20viewBox%3D&#39;0%200%20768%20512&#39;%2F%3E\" data-src=\"https:\/\/web.escudoweb.com\/wp-content\/uploads\/2021\/06\/TELEMMGLPICT000260648981_trans_NvBQzQNjv4BqpVlberWd9EgFPZtcLiMQfyf2A9a6I9YchsjMeADBa08-768x512.jpeg\" data-srcset=\"https:\/\/web.escudoweb.com\/wp-content\/uploads\/2021\/06\/TELEMMGLPICT000260648981_trans_NvBQzQNjv4BqpVlberWd9EgFPZtcLiMQfyf2A9a6I9YchsjMeADBa08-768x512.jpeg 768w, https:\/\/web.escudoweb.com\/wp-content\/uploads\/2021\/06\/TELEMMGLPICT000260648981_trans_NvBQzQNjv4BqpVlberWd9EgFPZtcLiMQfyf2A9a6I9YchsjMeADBa08-1152x768.jpeg 1152w\" loading=\"eager\" style=\"--ratio: 768 \/ 512\" sizes=\"(max-width: 768px) 100vw, 768px\" alt=\"\" title=\"TELEMMGLPICT000260648981_trans_NvBQzQNjv4BqpVlberWd9EgFPZtcLiMQfyf2A9a6I9YchsjMeADBa08\" width=\"768\" height=\"512\"  \/><\/a>\t<\/div>\n<\/div>\n\n\n<div class=\"post-entry-content\">\n\t<div class=\"post-entry-wrapper\">\n\t\t\t\t<h3 class=\"entry-title\">\n\t\t\t<a href=\"https:\/\/web.escudoweb.com\/index.php\/covid-school-closures-in-poorer-countries-could-affect-this-generation-forever\/\" title=\"Covid school closures in poorer countries could &#8216;affect this generation forever&#8217;\" rel=\"bookmark\">Covid school closures in poorer countries could &#8216;affect this generation forever&#8217;<\/a>\n\t\t<\/h3>\n\n\t\t<div class=\"entry-meta\"><a href=\"https:\/\/web.escudoweb.com\/index.php\/2021\/06\/14\/\" title=\"06:11\" class=\"data-link\" rel=\"bookmark\"><time class=\"entry-date updated\" datetime=\"2021-06-14T06:11:44+02:00\">14 junio 2021<\/time><\/a><\/div>\n\t\t<div class=\"entry-excerpt\"><p>[vc_row][vc_column][vc_column_text]We have written on these posts about some of the challenges and issues from Covid-19 in developing countries. However, according&hellip;<\/p>\n<\/div>\n\t\t\n<a href=\"https:\/\/web.escudoweb.com\/index.php\/covid-school-closures-in-poorer-countries-could-affect-this-generation-forever\/\" class=\"dt-btn-s dt-btn post-details details-type-btn\" aria-label=\"Read more about Covid school closures in poorer countries could &#8216;affect this generation forever&#8217;\">Read more<i class=\"dt-icon-the7-arrow-03\" aria-hidden=\"true\"><\/i><\/a>\n\n\t<\/div>\n<\/div><\/article><article class=\"post post-2800 type-post status-publish format-standard has-post-thumbnail hentry category-news category-21\" data-name=\"The Pandemic Created a Child-Care Crisis. Mothers Bore the Burden\" data-date=\"2021-06-11T05:44:54+02:00\">\n\n<div class=\"post-thumbnail-wrap\">\n\t<div class=\"post-thumbnail\">\n\t\t\n\t\t\n\t\t<a href=\"https:\/\/web.escudoweb.com\/index.php\/the-pandemic-created-a-child-care-crisis-mothers-bore-the-burden\/\" class=\"post-thumbnail-rollover layzr-bg\" ><img decoding=\"async\" class=\"preload-me owl-lazy-load aspect\" src=\"data:image\/svg+xml,%3Csvg%20xmlns%3D&#39;http%3A%2F%2Fwww.w3.org%2F2000%2Fsvg&#39;%20viewBox%3D&#39;0%200%20723%20482&#39;%2F%3E\" data-src=\"https:\/\/web.escudoweb.com\/wp-content\/uploads\/2021\/06\/ny-723x482.jpg\" data-srcset=\"https:\/\/web.escudoweb.com\/wp-content\/uploads\/2021\/06\/ny-723x482.jpg 723w\" loading=\"eager\" style=\"--ratio: 723 \/ 482\" sizes=\"(max-width: 723px) 100vw, 723px\" alt=\"\" title=\"ny\" width=\"723\" height=\"482\"  \/><\/a>\t<\/div>\n<\/div>\n\n\n<div class=\"post-entry-content\">\n\t<div class=\"post-entry-wrapper\">\n\t\t\t\t<h3 class=\"entry-title\">\n\t\t\t<a href=\"https:\/\/web.escudoweb.com\/index.php\/the-pandemic-created-a-child-care-crisis-mothers-bore-the-burden\/\" title=\"The Pandemic Created a Child-Care Crisis. Mothers Bore the Burden\" rel=\"bookmark\">The Pandemic Created a Child-Care Crisis. Mothers Bore the Burden<\/a>\n\t\t<\/h3>\n\n\t\t<div class=\"entry-meta\"><a href=\"https:\/\/web.escudoweb.com\/index.php\/2021\/06\/11\/\" title=\"05:44\" class=\"data-link\" rel=\"bookmark\"><time class=\"entry-date updated\" datetime=\"2021-06-11T05:44:54+02:00\">11 junio 2021<\/time><\/a><\/div>\n\t\t<div class=\"entry-excerpt\"><p>[vc_row][vc_column][vc_column_text]The last 50 years in the US have seen huge strides for women: with their role in society changing and&hellip;<\/p>\n<\/div>\n\t\t\n<a href=\"https:\/\/web.escudoweb.com\/index.php\/the-pandemic-created-a-child-care-crisis-mothers-bore-the-burden\/\" class=\"dt-btn-s dt-btn post-details details-type-btn\" aria-label=\"Read more about The Pandemic Created a Child-Care Crisis. Mothers Bore the Burden\">Read more<i class=\"dt-icon-the7-arrow-03\" aria-hidden=\"true\"><\/i><\/a>\n\n\t<\/div>\n<\/div><\/article><article class=\"post post-2797 type-post status-publish format-standard has-post-thumbnail hentry category-news category-21\" data-name=\"El \u00e9xito del colegio que repesc\u00f3 a sus alumnos para volver a clase\" data-date=\"2021-06-09T06:20:49+02:00\">\n\n<div class=\"post-thumbnail-wrap\">\n\t<div class=\"post-thumbnail\">\n\t\t\n\t\t\n\t\t<a href=\"https:\/\/web.escudoweb.com\/index.php\/el-exito-del-colegio-que-repesco-a-sus-alumnos-para-volver-a-clase\/\" class=\"post-thumbnail-rollover layzr-bg\" ><img decoding=\"async\" class=\"preload-me owl-lazy-load aspect\" src=\"data:image\/svg+xml,%3Csvg%20xmlns%3D&#39;http%3A%2F%2Fwww.w3.org%2F2000%2Fsvg&#39;%20viewBox%3D&#39;0%200%20768%20512&#39;%2F%3E\" data-src=\"https:\/\/web.escudoweb.com\/wp-content\/uploads\/2021\/06\/LLXZ2XTR6FNNRNSQ3B4QHQM2BU-768x512.jpeg\" data-srcset=\"https:\/\/web.escudoweb.com\/wp-content\/uploads\/2021\/06\/LLXZ2XTR6FNNRNSQ3B4QHQM2BU-768x512.jpeg 768w, https:\/\/web.escudoweb.com\/wp-content\/uploads\/2021\/06\/LLXZ2XTR6FNNRNSQ3B4QHQM2BU-1152x768.jpeg 1152w\" loading=\"eager\" style=\"--ratio: 768 \/ 512\" sizes=\"(max-width: 768px) 100vw, 768px\" alt=\"\" title=\"LLXZ2XTR6FNNRNSQ3B4QHQM2BU\" width=\"768\" height=\"512\"  \/><\/a>\t<\/div>\n<\/div>\n\n\n<div class=\"post-entry-content\">\n\t<div class=\"post-entry-wrapper\">\n\t\t\t\t<h3 class=\"entry-title\">\n\t\t\t<a href=\"https:\/\/web.escudoweb.com\/index.php\/el-exito-del-colegio-que-repesco-a-sus-alumnos-para-volver-a-clase\/\" title=\"El \u00e9xito del colegio que repesc\u00f3 a sus alumnos para volver a clase\" rel=\"bookmark\">El \u00e9xito del colegio que repesc\u00f3 a sus alumnos para volver a clase<\/a>\n\t\t<\/h3>\n\n\t\t<div class=\"entry-meta\"><a href=\"https:\/\/web.escudoweb.com\/index.php\/2021\/06\/09\/\" title=\"06:20\" class=\"data-link\" rel=\"bookmark\"><time class=\"entry-date updated\" datetime=\"2021-06-09T06:20:49+02:00\">9 junio 2021<\/time><\/a><\/div>\n\t\t<div class=\"entry-excerpt\"><p>[vc_row][vc_column][vc_column_text]La amenaza del absentismo es un gran problema &#8211; sobre todo en \u00e9poca de pandemia &#8211; para todas las partes&hellip;<\/p>\n<\/div>\n\t\t\n<a href=\"https:\/\/web.escudoweb.com\/index.php\/el-exito-del-colegio-que-repesco-a-sus-alumnos-para-volver-a-clase\/\" class=\"dt-btn-s dt-btn post-details details-type-btn\" aria-label=\"Read more about El \u00e9xito del colegio que repesc\u00f3 a sus alumnos para volver a clase\">Read more<i class=\"dt-icon-the7-arrow-03\" aria-hidden=\"true\"><\/i><\/a>\n\n\t<\/div>\n<\/div><\/article><article class=\"post post-2792 type-post status-publish format-standard has-post-thumbnail hentry category-english category-10\" data-name=\"The Class of Covid-19 &#8211; Lessons of Today and Learning for Tomorrow\" data-date=\"2021-06-07T06:04:38+02:00\">\n\n<div class=\"post-thumbnail-wrap\">\n\t<div class=\"post-thumbnail\">\n\t\t\n\t\t\n\t\t<a href=\"https:\/\/web.escudoweb.com\/index.php\/the-class-of-covid-19-lessons-of-today-and-learning-for-tomorrow\/\" class=\"post-thumbnail-rollover layzr-bg\" ><img decoding=\"async\" class=\"preload-me owl-lazy-load aspect\" src=\"data:image\/svg+xml,%3Csvg%20xmlns%3D&#39;http%3A%2F%2Fwww.w3.org%2F2000%2Fsvg&#39;%20viewBox%3D&#39;0%200%20633%20421&#39;%2F%3E\" data-src=\"https:\/\/web.escudoweb.com\/wp-content\/uploads\/2021\/06\/covid-633x421.jpg\" data-srcset=\"https:\/\/web.escudoweb.com\/wp-content\/uploads\/2021\/06\/covid-633x421.jpg 633w, https:\/\/web.escudoweb.com\/wp-content\/uploads\/2021\/06\/covid-633x422.jpg 633w\" loading=\"eager\" style=\"--ratio: 633 \/ 421\" sizes=\"(max-width: 633px) 100vw, 633px\" alt=\"\" title=\"covid\" width=\"633\" height=\"421\"  \/><\/a>\t<\/div>\n<\/div>\n\n\n<div class=\"post-entry-content\">\n\t<div class=\"post-entry-wrapper\">\n\t\t\t\t<h3 class=\"entry-title\">\n\t\t\t<a href=\"https:\/\/web.escudoweb.com\/index.php\/the-class-of-covid-19-lessons-of-today-and-learning-for-tomorrow\/\" title=\"The Class of Covid-19 &#8211; Lessons of Today and Learning for Tomorrow\" rel=\"bookmark\">The Class of Covid-19 &#8211; Lessons of Today and Learning for Tomorrow<\/a>\n\t\t<\/h3>\n\n\t\t<div class=\"entry-meta\"><a href=\"https:\/\/web.escudoweb.com\/index.php\/2021\/06\/07\/\" title=\"06:04\" class=\"data-link\" rel=\"bookmark\"><time class=\"entry-date updated\" datetime=\"2021-06-07T06:04:38+02:00\">7 junio 2021<\/time><\/a><\/div>\n\t\t<div class=\"entry-excerpt\"><p>[vc_row][vc_column][vc_column_text]This Harvard Business Review whitepaper, sponsored by Microsoft, highlights that a combination of factors, encompassing social, political and economic, have&hellip;<\/p>\n<\/div>\n\t\t\n<a href=\"https:\/\/web.escudoweb.com\/index.php\/the-class-of-covid-19-lessons-of-today-and-learning-for-tomorrow\/\" class=\"dt-btn-s dt-btn post-details details-type-btn\" aria-label=\"Read more about The Class of Covid-19 &#8211; Lessons of Today and Learning for Tomorrow\">Read more<i class=\"dt-icon-the7-arrow-03\" aria-hidden=\"true\"><\/i><\/a>\n\n\t<\/div>\n<\/div><\/article><article class=\"post post-2789 type-post status-publish format-standard has-post-thumbnail hentry category-news category-21\" data-name=\"How international schools can break free of crisis mode\" data-date=\"2021-06-04T05:53:00+02:00\">\n\n<div class=\"post-thumbnail-wrap\">\n\t<div class=\"post-thumbnail\">\n\t\t\n\t\t\n\t\t<a href=\"https:\/\/web.escudoweb.com\/index.php\/how-international-schools-can-break-free-of-crisis-mode\/\" class=\"post-thumbnail-rollover layzr-bg\" ><img decoding=\"async\" class=\"preload-me owl-lazy-load aspect\" src=\"data:image\/svg+xml,%3Csvg%20xmlns%3D&#39;http%3A%2F%2Fwww.w3.org%2F2000%2Fsvg&#39;%20viewBox%3D&#39;0%200%20595%20397&#39;%2F%3E\" data-src=\"https:\/\/web.escudoweb.com\/wp-content\/uploads\/2021\/06\/iStock-513875890-595x397.jpeg\" data-srcset=\"https:\/\/web.escudoweb.com\/wp-content\/uploads\/2021\/06\/iStock-513875890-595x397.jpeg 595w\" loading=\"eager\" style=\"--ratio: 595 \/ 397\" sizes=\"(max-width: 595px) 100vw, 595px\" alt=\"\" title=\"iStock-513875890\" width=\"595\" height=\"397\"  \/><\/a>\t<\/div>\n<\/div>\n\n\n<div class=\"post-entry-content\">\n\t<div class=\"post-entry-wrapper\">\n\t\t\t\t<h3 class=\"entry-title\">\n\t\t\t<a href=\"https:\/\/web.escudoweb.com\/index.php\/how-international-schools-can-break-free-of-crisis-mode\/\" title=\"How international schools can break free of crisis mode\" rel=\"bookmark\">How international schools can break free of crisis mode<\/a>\n\t\t<\/h3>\n\n\t\t<div class=\"entry-meta\"><a href=\"https:\/\/web.escudoweb.com\/index.php\/2021\/06\/04\/\" title=\"05:53\" class=\"data-link\" rel=\"bookmark\"><time class=\"entry-date updated\" datetime=\"2021-06-04T05:53:00+02:00\">4 junio 2021<\/time><\/a><\/div>\n\t\t<div class=\"entry-excerpt\"><p>[vc_row][vc_column][vc_column_text]Covid and our response to this pandemic has resulted in us taking a quite short-term view of education: constantly changing&hellip;<\/p>\n<\/div>\n\t\t\n<a href=\"https:\/\/web.escudoweb.com\/index.php\/how-international-schools-can-break-free-of-crisis-mode\/\" class=\"dt-btn-s dt-btn post-details details-type-btn\" aria-label=\"Read more about How international schools can break free of crisis mode\">Read more<i class=\"dt-icon-the7-arrow-03\" aria-hidden=\"true\"><\/i><\/a>\n\n\t<\/div>\n<\/div><\/article><article class=\"post post-2785 type-post status-publish format-standard has-post-thumbnail hentry category-news category-21\" data-name=\"Si quieres que tu hijo sea m\u00e1s resiliente, ed\u00facalo en la naturaleza\" data-date=\"2021-06-02T05:59:28+02:00\">\n\n<div class=\"post-thumbnail-wrap\">\n\t<div class=\"post-thumbnail\">\n\t\t\n\t\t\n\t\t<a href=\"https:\/\/web.escudoweb.com\/index.php\/si-quieres-que-tu-hijo-sea-mas-resiliente-educalo-en-la-naturaleza\/\" class=\"post-thumbnail-rollover layzr-bg\" ><img decoding=\"async\" class=\"preload-me owl-lazy-load aspect\" src=\"data:image\/svg+xml,%3Csvg%20xmlns%3D&#39;http%3A%2F%2Fwww.w3.org%2F2000%2Fsvg&#39;%20viewBox%3D&#39;0%200%20768%20512&#39;%2F%3E\" data-src=\"https:\/\/web.escudoweb.com\/wp-content\/uploads\/2021\/06\/60afae4724695-scaled-768x512.jpeg\" data-srcset=\"https:\/\/web.escudoweb.com\/wp-content\/uploads\/2021\/06\/60afae4724695-scaled-768x512.jpeg 768w, https:\/\/web.escudoweb.com\/wp-content\/uploads\/2021\/06\/60afae4724695-scaled-1152x768.jpeg 1152w\" loading=\"eager\" style=\"--ratio: 768 \/ 512\" sizes=\"(max-width: 768px) 100vw, 768px\" alt=\"\" title=\"Young Business Girl with Rocket Pack\" width=\"768\" height=\"512\"  \/><\/a>\t<\/div>\n<\/div>\n\n\n<div class=\"post-entry-content\">\n\t<div class=\"post-entry-wrapper\">\n\t\t\t\t<h3 class=\"entry-title\">\n\t\t\t<a href=\"https:\/\/web.escudoweb.com\/index.php\/si-quieres-que-tu-hijo-sea-mas-resiliente-educalo-en-la-naturaleza\/\" title=\"Si quieres que tu hijo sea m\u00e1s resiliente, ed\u00facalo en la naturaleza\" rel=\"bookmark\">Si quieres que tu hijo sea m\u00e1s resiliente, ed\u00facalo en la naturaleza<\/a>\n\t\t<\/h3>\n\n\t\t<div class=\"entry-meta\"><a href=\"https:\/\/web.escudoweb.com\/index.php\/2021\/06\/02\/\" title=\"05:59\" class=\"data-link\" rel=\"bookmark\"><time class=\"entry-date updated\" datetime=\"2021-06-02T05:59:28+02:00\">2 junio 2021<\/time><\/a><\/div>\n\t\t<div class=\"entry-excerpt\"><p>[vc_row][vc_column][vc_column_text]Tras tanto tiempo inmerso en la pandemia ya es hora de cambiar nuestro rumbo hacia algo m\u00e1s positivo pero a&hellip;<\/p>\n<\/div>\n\t\t\n<a href=\"https:\/\/web.escudoweb.com\/index.php\/si-quieres-que-tu-hijo-sea-mas-resiliente-educalo-en-la-naturaleza\/\" class=\"dt-btn-s dt-btn post-details details-type-btn\" aria-label=\"Read more about Si quieres que tu hijo sea m\u00e1s resiliente, ed\u00facalo en la naturaleza\">Read more<i class=\"dt-icon-the7-arrow-03\" aria-hidden=\"true\"><\/i><\/a>\n\n\t<\/div>\n<\/div><\/article><article class=\"post post-2782 type-post status-publish format-standard has-post-thumbnail hentry category-news category-21\" data-name=\"Learn for our planet: What you need to know\" data-date=\"2021-06-01T05:47:54+02:00\">\n\n<div class=\"post-thumbnail-wrap\">\n\t<div class=\"post-thumbnail\">\n\t\t\n\t\t\n\t\t<a href=\"https:\/\/web.escudoweb.com\/index.php\/learn-for-our-planet-what-you-need-to-know\/\" class=\"post-thumbnail-rollover layzr-bg\" ><img decoding=\"async\" class=\"preload-me owl-lazy-load aspect\" src=\"data:image\/svg+xml,%3Csvg%20xmlns%3D&#39;http%3A%2F%2Fwww.w3.org%2F2000%2Fsvg&#39;%20viewBox%3D&#39;0%200%20552%20368&#39;%2F%3E\" data-src=\"https:\/\/web.escudoweb.com\/wp-content\/uploads\/2021\/06\/what-you-need-to-know-esd-c-umb-o-shutterstock-552x368.jpeg\" data-srcset=\"https:\/\/web.escudoweb.com\/wp-content\/uploads\/2021\/06\/what-you-need-to-know-esd-c-umb-o-shutterstock-552x368.jpeg 552w\" loading=\"eager\" style=\"--ratio: 552 \/ 368\" sizes=\"(max-width: 552px) 100vw, 552px\" alt=\"\" title=\"what-you-need-to-know-esd-c-umb-o-shutterstock\" width=\"552\" height=\"368\"  \/><\/a>\t<\/div>\n<\/div>\n\n\n<div class=\"post-entry-content\">\n\t<div class=\"post-entry-wrapper\">\n\t\t\t\t<h3 class=\"entry-title\">\n\t\t\t<a href=\"https:\/\/web.escudoweb.com\/index.php\/learn-for-our-planet-what-you-need-to-know\/\" title=\"Learn for our planet: What you need to know\" rel=\"bookmark\">Learn for our planet: What you need to know<\/a>\n\t\t<\/h3>\n\n\t\t<div class=\"entry-meta\"><a href=\"https:\/\/web.escudoweb.com\/index.php\/2021\/06\/01\/\" title=\"05:47\" class=\"data-link\" rel=\"bookmark\"><time class=\"entry-date updated\" datetime=\"2021-06-01T05:47:54+02:00\">1 junio 2021<\/time><\/a><\/div>\n\t\t<div class=\"entry-excerpt\"><p>[vc_row][vc_column][vc_column_text]We are living in a moment of heightened awareness about climate change but with still so few measures in place&hellip;<\/p>\n<\/div>\n\t\t\n<a href=\"https:\/\/web.escudoweb.com\/index.php\/learn-for-our-planet-what-you-need-to-know\/\" class=\"dt-btn-s dt-btn post-details details-type-btn\" aria-label=\"Read more about Learn for our planet: What you need to know\">Read more<i class=\"dt-icon-the7-arrow-03\" aria-hidden=\"true\"><\/i><\/a>\n\n\t<\/div>\n<\/div><\/article><article class=\"post post-2778 type-post status-publish format-standard has-post-thumbnail hentry category-news category-21\" data-name=\"Aged 10, he was found on Fortnite and groomed on Snapchat, and he\u2019s not alone\" data-date=\"2021-05-28T12:48:17+02:00\">\n\n<div class=\"post-thumbnail-wrap\">\n\t<div class=\"post-thumbnail\">\n\t\t\n\t\t\n\t\t<a href=\"https:\/\/web.escudoweb.com\/index.php\/aged-10-he-was-found-on-fortnite-and-groomed-on-snapchat-and-hes-not-alone\/\" class=\"post-thumbnail-rollover layzr-bg\" ><img decoding=\"async\" class=\"preload-me owl-lazy-load aspect\" src=\"data:image\/svg+xml,%3Csvg%20xmlns%3D&#39;http%3A%2F%2Fwww.w3.org%2F2000%2Fsvg&#39;%20viewBox%3D&#39;0%200%20768%20512&#39;%2F%3E\" data-src=\"https:\/\/web.escudoweb.com\/wp-content\/uploads\/2021\/05\/b656485d2bc79389991aa9224e881cc83107a2ad-768x512.jpeg\" data-srcset=\"https:\/\/web.escudoweb.com\/wp-content\/uploads\/2021\/05\/b656485d2bc79389991aa9224e881cc83107a2ad-768x512.jpeg 768w, https:\/\/web.escudoweb.com\/wp-content\/uploads\/2021\/05\/b656485d2bc79389991aa9224e881cc83107a2ad.jpeg 1024w\" loading=\"eager\" style=\"--ratio: 768 \/ 512\" sizes=\"(max-width: 768px) 100vw, 768px\" alt=\"\" title=\"b656485d2bc79389991aa9224e881cc83107a2ad\" width=\"768\" height=\"512\"  \/><\/a>\t<\/div>\n<\/div>\n\n\n<div class=\"post-entry-content\">\n\t<div class=\"post-entry-wrapper\">\n\t\t\t\t<h3 class=\"entry-title\">\n\t\t\t<a href=\"https:\/\/web.escudoweb.com\/index.php\/aged-10-he-was-found-on-fortnite-and-groomed-on-snapchat-and-hes-not-alone\/\" title=\"Aged 10, he was found on Fortnite and groomed on Snapchat, and he\u2019s not alone\" rel=\"bookmark\">Aged 10, he was found on Fortnite and groomed on Snapchat, and he\u2019s not alone<\/a>\n\t\t<\/h3>\n\n\t\t<div class=\"entry-meta\"><a href=\"https:\/\/web.escudoweb.com\/index.php\/2021\/05\/28\/\" title=\"12:48\" class=\"data-link\" rel=\"bookmark\"><time class=\"entry-date updated\" datetime=\"2021-05-28T12:48:17+02:00\">28 mayo 2021<\/time><\/a><\/div>\n\t\t<div class=\"entry-excerpt\"><p>[vc_row][vc_column][vc_column_text]Being aware of the dangers of social media sadly does not always allow parents to prevent bad things happening. This&hellip;<\/p>\n<\/div>\n\t\t\n<a href=\"https:\/\/web.escudoweb.com\/index.php\/aged-10-he-was-found-on-fortnite-and-groomed-on-snapchat-and-hes-not-alone\/\" class=\"dt-btn-s dt-btn post-details details-type-btn\" aria-label=\"Read more about Aged 10, he was found on Fortnite and groomed on Snapchat, and he\u2019s not alone\">Read more<i class=\"dt-icon-the7-arrow-03\" aria-hidden=\"true\"><\/i><\/a>\n\n\t<\/div>\n<\/div><\/article><article class=\"post post-2775 type-post status-publish format-standard has-post-thumbnail hentry category-news category-21\" data-name=\"Digital literacy for children &#8211; 10 things to know\" data-date=\"2021-05-27T05:46:19+02:00\">\n\n<div class=\"post-thumbnail-wrap\">\n\t<div class=\"post-thumbnail\">\n\t\t\n\t\t\n\t\t<a href=\"https:\/\/web.escudoweb.com\/index.php\/digital-literacy-for-children-10-things-to-know\/\" class=\"post-thumbnail-rollover layzr-bg\" ><img decoding=\"async\" class=\"preload-me owl-lazy-load aspect\" src=\"data:image\/svg+xml,%3Csvg%20xmlns%3D&#39;http%3A%2F%2Fwww.w3.org%2F2000%2Fsvg&#39;%20viewBox%3D&#39;0%200%20768%20512&#39;%2F%3E\" data-src=\"https:\/\/web.escudoweb.com\/wp-content\/uploads\/2021\/05\/UN063143-768x512.jpeg\" data-srcset=\"https:\/\/web.escudoweb.com\/wp-content\/uploads\/2021\/05\/UN063143-768x512.jpeg 768w, https:\/\/web.escudoweb.com\/wp-content\/uploads\/2021\/05\/UN063143-1152x768.jpeg 1152w\" loading=\"eager\" style=\"--ratio: 768 \/ 512\" sizes=\"(max-width: 768px) 100vw, 768px\" alt=\"\" title=\"UN063143\" width=\"768\" height=\"512\"  \/><\/a>\t<\/div>\n<\/div>\n\n\n<div class=\"post-entry-content\">\n\t<div class=\"post-entry-wrapper\">\n\t\t\t\t<h3 class=\"entry-title\">\n\t\t\t<a href=\"https:\/\/web.escudoweb.com\/index.php\/digital-literacy-for-children-10-things-to-know\/\" title=\"Digital literacy for children &#8211; 10 things to know\" rel=\"bookmark\">Digital literacy for children &#8211; 10 things to know<\/a>\n\t\t<\/h3>\n\n\t\t<div class=\"entry-meta\"><a href=\"https:\/\/web.escudoweb.com\/index.php\/2021\/05\/27\/\" title=\"05:46\" class=\"data-link\" rel=\"bookmark\"><time class=\"entry-date updated\" datetime=\"2021-05-27T05:46:19+02:00\">27 mayo 2021<\/time><\/a><\/div>\n\t\t<div class=\"entry-excerpt\"><p>[vc_row][vc_column][vc_column_text]This article from UNICEF explains 10 of the most crucial elements of digital literacy for children, which are critical elements&hellip;<\/p>\n<\/div>\n\t\t\n<a href=\"https:\/\/web.escudoweb.com\/index.php\/digital-literacy-for-children-10-things-to-know\/\" class=\"dt-btn-s dt-btn post-details details-type-btn\" aria-label=\"Read more about Digital literacy for children &#8211; 10 things to know\">Read more<i class=\"dt-icon-the7-arrow-03\" aria-hidden=\"true\"><\/i><\/a>\n\n\t<\/div>\n<\/div><\/article><article class=\"post post-2769 type-post status-publish format-standard has-post-thumbnail hentry category-news category-21\" data-name=\"El \u00faltimo &#8216;boom&#8217; de los campamentos en las urbanizaciones\" data-date=\"2021-05-26T06:04:26+02:00\">\n\n<div class=\"post-thumbnail-wrap\">\n\t<div class=\"post-thumbnail\">\n\t\t\n\t\t\n\t\t<a href=\"https:\/\/web.escudoweb.com\/index.php\/el-ultimo-boom-de-los-campamentos-en-las-urbanizaciones\/\" class=\"post-thumbnail-rollover layzr-bg\" ><img decoding=\"async\" class=\"preload-me owl-lazy-load aspect\" src=\"data:image\/svg+xml,%3Csvg%20xmlns%3D&#39;http%3A%2F%2Fwww.w3.org%2F2000%2Fsvg&#39;%20viewBox%3D&#39;0%200%20472%20315&#39;%2F%3E\" data-src=\"https:\/\/web.escudoweb.com\/wp-content\/uploads\/2021\/05\/16215090767314.jpeg\" data-srcset=\"https:\/\/web.escudoweb.com\/wp-content\/uploads\/2021\/05\/16215090767314.jpeg 472w\" loading=\"eager\" style=\"--ratio: 472 \/ 315\" sizes=\"(max-width: 472px) 100vw, 472px\" alt=\"\" title=\"16215090767314\" width=\"472\" height=\"315\"  \/><\/a>\t<\/div>\n<\/div>\n\n\n<div class=\"post-entry-content\">\n\t<div class=\"post-entry-wrapper\">\n\t\t\t\t<h3 class=\"entry-title\">\n\t\t\t<a href=\"https:\/\/web.escudoweb.com\/index.php\/el-ultimo-boom-de-los-campamentos-en-las-urbanizaciones\/\" title=\"El \u00faltimo &#8216;boom&#8217; de los campamentos en las urbanizaciones\" rel=\"bookmark\">El \u00faltimo &#8216;boom&#8217; de los campamentos en las urbanizaciones<\/a>\n\t\t<\/h3>\n\n\t\t<div class=\"entry-meta\"><a href=\"https:\/\/web.escudoweb.com\/index.php\/2021\/05\/26\/\" title=\"06:04\" class=\"data-link\" rel=\"bookmark\"><time class=\"entry-date updated\" datetime=\"2021-05-26T06:04:26+02:00\">26 mayo 2021<\/time><\/a><\/div>\n\t\t<div class=\"entry-excerpt\"><p>[vc_row][vc_column][vc_column_text]Tras un a\u00f1o de teletrabajo y parte del a\u00f1o pasado escolar en casa, toca un fen\u00f3meno que hasta ahora no&hellip;<\/p>\n<\/div>\n\t\t\n<a href=\"https:\/\/web.escudoweb.com\/index.php\/el-ultimo-boom-de-los-campamentos-en-las-urbanizaciones\/\" class=\"dt-btn-s dt-btn post-details details-type-btn\" aria-label=\"Read more about El \u00faltimo &#8216;boom&#8217; de los campamentos en las urbanizaciones\">Read more<i class=\"dt-icon-the7-arrow-03\" aria-hidden=\"true\"><\/i><\/a>\n\n\t<\/div>\n<\/div><\/article><article class=\"post post-2766 type-post status-publish format-standard has-post-thumbnail hentry category-news category-21\" data-name=\"Instagram for kids may be coming, but public health experts want to press the pause button\" data-date=\"2021-05-25T07:12:54+02:00\">\n\n<div class=\"post-thumbnail-wrap\">\n\t<div class=\"post-thumbnail\">\n\t\t\n\t\t\n\t\t<a href=\"https:\/\/web.escudoweb.com\/index.php\/instagram-for-kids-may-be-coming-but-public-health-experts-want-to-press-the-pause-button\/\" class=\"post-thumbnail-rollover layzr-bg\" ><img decoding=\"async\" class=\"preload-me owl-lazy-load aspect\" src=\"data:image\/svg+xml,%3Csvg%20xmlns%3D&#39;http%3A%2F%2Fwww.w3.org%2F2000%2Fsvg&#39;%20viewBox%3D&#39;0%200%20727%20485&#39;%2F%3E\" data-src=\"https:\/\/web.escudoweb.com\/wp-content\/uploads\/2021\/05\/7cac03a7644b7695b5c12b15d28f2690-727x485.jpeg\" data-srcset=\"https:\/\/web.escudoweb.com\/wp-content\/uploads\/2021\/05\/7cac03a7644b7695b5c12b15d28f2690-727x485.jpeg 727w\" loading=\"eager\" style=\"--ratio: 727 \/ 485\" sizes=\"(max-width: 727px) 100vw, 727px\" alt=\"\" title=\"7cac03a7644b7695b5c12b15d28f2690\" width=\"727\" height=\"485\"  \/><\/a>\t<\/div>\n<\/div>\n\n\n<div class=\"post-entry-content\">\n\t<div class=\"post-entry-wrapper\">\n\t\t\t\t<h3 class=\"entry-title\">\n\t\t\t<a href=\"https:\/\/web.escudoweb.com\/index.php\/instagram-for-kids-may-be-coming-but-public-health-experts-want-to-press-the-pause-button\/\" title=\"Instagram for kids may be coming, but public health experts want to press the pause button\" rel=\"bookmark\">Instagram for kids may be coming, but public health experts want to press the pause button<\/a>\n\t\t<\/h3>\n\n\t\t<div class=\"entry-meta\"><a href=\"https:\/\/web.escudoweb.com\/index.php\/2021\/05\/25\/\" title=\"07:12\" class=\"data-link\" rel=\"bookmark\"><time class=\"entry-date updated\" datetime=\"2021-05-25T07:12:54+02:00\">25 mayo 2021<\/time><\/a><\/div>\n\t\t<div class=\"entry-excerpt\"><p>[vc_row][vc_column][vc_column_text]Giving way to children over screen time was a battle that vanished when the first pandemic lockdown happened, and parents&hellip;<\/p>\n<\/div>\n\t\t\n<a href=\"https:\/\/web.escudoweb.com\/index.php\/instagram-for-kids-may-be-coming-but-public-health-experts-want-to-press-the-pause-button\/\" class=\"dt-btn-s dt-btn post-details details-type-btn\" aria-label=\"Read more about Instagram for kids may be coming, but public health experts want to press the pause button\">Read more<i class=\"dt-icon-the7-arrow-03\" aria-hidden=\"true\"><\/i><\/a>\n\n\t<\/div>\n<\/div><\/article><article class=\"post post-2763 type-post status-publish format-standard has-post-thumbnail hentry category-news category-21\" data-name=\"Lessons From Remote School, Captured by Twin Sisters Who Pulled Through\" data-date=\"2021-05-24T07:48:30+02:00\">\n\n<div class=\"post-thumbnail-wrap\">\n\t<div class=\"post-thumbnail\">\n\t\t\n\t\t\n\t\t<a href=\"https:\/\/web.escudoweb.com\/index.php\/lessons-from-remote-school-captured-by-twin-sisters-who-pulled-through\/\" class=\"post-thumbnail-rollover layzr-bg\" ><img decoding=\"async\" class=\"preload-me owl-lazy-load aspect\" src=\"data:image\/svg+xml,%3Csvg%20xmlns%3D&#39;http%3A%2F%2Fwww.w3.org%2F2000%2Fsvg&#39;%20viewBox%3D&#39;0%200%20768%20512&#39;%2F%3E\" data-src=\"https:\/\/web.escudoweb.com\/wp-content\/uploads\/2021\/05\/im-337649-768x512.jpeg\" data-srcset=\"https:\/\/web.escudoweb.com\/wp-content\/uploads\/2021\/05\/im-337649-768x512.jpeg 768w, https:\/\/web.escudoweb.com\/wp-content\/uploads\/2021\/05\/im-337649-1152x768.jpeg 1152w\" loading=\"eager\" style=\"--ratio: 768 \/ 512\" sizes=\"(max-width: 768px) 100vw, 768px\" alt=\"\" title=\"im-337649\" width=\"768\" height=\"512\"  \/><\/a>\t<\/div>\n<\/div>\n\n\n<div class=\"post-entry-content\">\n\t<div class=\"post-entry-wrapper\">\n\t\t\t\t<h3 class=\"entry-title\">\n\t\t\t<a href=\"https:\/\/web.escudoweb.com\/index.php\/lessons-from-remote-school-captured-by-twin-sisters-who-pulled-through\/\" title=\"Lessons From Remote School, Captured by Twin Sisters Who Pulled Through\" rel=\"bookmark\">Lessons From Remote School, Captured by Twin Sisters Who Pulled Through<\/a>\n\t\t<\/h3>\n\n\t\t<div class=\"entry-meta\"><a href=\"https:\/\/web.escudoweb.com\/index.php\/2021\/05\/24\/\" title=\"07:48\" class=\"data-link\" rel=\"bookmark\"><time class=\"entry-date updated\" datetime=\"2021-05-24T07:48:30+02:00\">24 mayo 2021<\/time><\/a><\/div>\n\t\t<div class=\"entry-excerpt\"><p>[vc_row][vc_column][vc_column_text]The academic achievements, let alone the motivation of students, has declined over the past year. This Wall Street Journal article&hellip;<\/p>\n<\/div>\n\t\t\n<a href=\"https:\/\/web.escudoweb.com\/index.php\/lessons-from-remote-school-captured-by-twin-sisters-who-pulled-through\/\" class=\"dt-btn-s dt-btn post-details details-type-btn\" aria-label=\"Read more about Lessons From Remote School, Captured by Twin Sisters Who Pulled Through\">Read more<i class=\"dt-icon-the7-arrow-03\" aria-hidden=\"true\"><\/i><\/a>\n\n\t<\/div>\n<\/div><\/article><article class=\"post post-2759 type-post status-publish format-standard has-post-thumbnail hentry category-news category-21\" data-name=\"UNESCO urges making environmental education a core curriculum component in all countries by 2025\" data-date=\"2021-05-21T05:55:47+02:00\">\n\n<div class=\"post-thumbnail-wrap\">\n\t<div class=\"post-thumbnail\">\n\t\t\n\t\t\n\t\t<a href=\"https:\/\/web.escudoweb.com\/index.php\/unesco-urges-making-environmental-education-a-core-curriculum-component-in-all-countries-by-2025\/\" class=\"post-thumbnail-rollover layzr-bg\" ><img decoding=\"async\" class=\"preload-me owl-lazy-load aspect\" src=\"data:image\/svg+xml,%3Csvg%20xmlns%3D&#39;http%3A%2F%2Fwww.w3.org%2F2000%2Fsvg&#39;%20viewBox%3D&#39;0%200%20600%20400&#39;%2F%3E\" data-src=\"https:\/\/web.escudoweb.com\/wp-content\/uploads\/2021\/05\/esd_conf_berlin-600x400.jpeg\" data-srcset=\"https:\/\/web.escudoweb.com\/wp-content\/uploads\/2021\/05\/esd_conf_berlin-600x400.jpeg 600w\" loading=\"eager\" style=\"--ratio: 600 \/ 400\" sizes=\"(max-width: 600px) 100vw, 600px\" alt=\"\" title=\"esd_conf_berlin\" width=\"600\" height=\"400\"  \/><\/a>\t<\/div>\n<\/div>\n\n\n<div class=\"post-entry-content\">\n\t<div class=\"post-entry-wrapper\">\n\t\t\t\t<h3 class=\"entry-title\">\n\t\t\t<a href=\"https:\/\/web.escudoweb.com\/index.php\/unesco-urges-making-environmental-education-a-core-curriculum-component-in-all-countries-by-2025\/\" title=\"UNESCO urges making environmental education a core curriculum component in all countries by 2025\" rel=\"bookmark\">UNESCO urges making environmental education a core curriculum component in all countries by 2025<\/a>\n\t\t<\/h3>\n\n\t\t<div class=\"entry-meta\"><a href=\"https:\/\/web.escudoweb.com\/index.php\/2021\/05\/21\/\" title=\"05:55\" class=\"data-link\" rel=\"bookmark\"><time class=\"entry-date updated\" datetime=\"2021-05-21T05:55:47+02:00\">21 mayo 2021<\/time><\/a><\/div>\n\t\t<div class=\"entry-excerpt\"><p>[vc_row][vc_column][vc_column_text]A recent report by UNESCO has concluded what we have all known for some time: that our education systems do&hellip;<\/p>\n<\/div>\n\t\t\n<a href=\"https:\/\/web.escudoweb.com\/index.php\/unesco-urges-making-environmental-education-a-core-curriculum-component-in-all-countries-by-2025\/\" class=\"dt-btn-s dt-btn post-details details-type-btn\" aria-label=\"Read more about UNESCO urges making environmental education a core curriculum component in all countries by 2025\">Read more<i class=\"dt-icon-the7-arrow-03\" aria-hidden=\"true\"><\/i><\/a>\n\n\t<\/div>\n<\/div><\/article><article class=\"post post-2756 type-post status-publish format-standard has-post-thumbnail hentry category-news category-21\" data-name=\"What does real-world, non-exam-based learning look like? Like the future\" data-date=\"2021-05-20T06:18:26+02:00\">\n\n<div class=\"post-thumbnail-wrap\">\n\t<div class=\"post-thumbnail\">\n\t\t\n\t\t\n\t\t<a href=\"https:\/\/web.escudoweb.com\/index.php\/what-does-real-world-non-exam-based-learning-look-like-like-the-future\/\" class=\"post-thumbnail-rollover layzr-bg\" ><img decoding=\"async\" class=\"preload-me owl-lazy-load aspect\" src=\"data:image\/svg+xml,%3Csvg%20xmlns%3D&#39;http%3A%2F%2Fwww.w3.org%2F2000%2Fsvg&#39;%20viewBox%3D&#39;0%200%20768%20512&#39;%2F%3E\" data-src=\"https:\/\/web.escudoweb.com\/wp-content\/uploads\/2021\/05\/TELEMMGLPICT000004381493_trans_NvBQzQNjv4BqpVlberWd9EgFPZtcLiMQfyf2A9a6I9YchsjMeADBa08-768x512.jpeg\" data-srcset=\"https:\/\/web.escudoweb.com\/wp-content\/uploads\/2021\/05\/TELEMMGLPICT000004381493_trans_NvBQzQNjv4BqpVlberWd9EgFPZtcLiMQfyf2A9a6I9YchsjMeADBa08-768x512.jpeg 768w, https:\/\/web.escudoweb.com\/wp-content\/uploads\/2021\/05\/TELEMMGLPICT000004381493_trans_NvBQzQNjv4BqpVlberWd9EgFPZtcLiMQfyf2A9a6I9YchsjMeADBa08-900x600.jpeg 900w\" loading=\"eager\" style=\"--ratio: 768 \/ 512\" sizes=\"(max-width: 768px) 100vw, 768px\" alt=\"\" title=\"TELEMMGLPICT000004381493_trans_NvBQzQNjv4BqpVlberWd9EgFPZtcLiMQfyf2A9a6I9YchsjMeADBa08\" width=\"768\" height=\"512\"  \/><\/a>\t<\/div>\n<\/div>\n\n\n<div class=\"post-entry-content\">\n\t<div class=\"post-entry-wrapper\">\n\t\t\t\t<h3 class=\"entry-title\">\n\t\t\t<a href=\"https:\/\/web.escudoweb.com\/index.php\/what-does-real-world-non-exam-based-learning-look-like-like-the-future\/\" title=\"What does real-world, non-exam-based learning look like? Like the future\" rel=\"bookmark\">What does real-world, non-exam-based learning look like? Like the future<\/a>\n\t\t<\/h3>\n\n\t\t<div class=\"entry-meta\"><a href=\"https:\/\/web.escudoweb.com\/index.php\/2021\/05\/20\/\" title=\"06:18\" class=\"data-link\" rel=\"bookmark\"><time class=\"entry-date updated\" datetime=\"2021-05-20T06:18:26+02:00\">20 mayo 2021<\/time><\/a><\/div>\n\t\t<div class=\"entry-excerpt\"><p>[vc_row][vc_column][vc_column_text]In many countries examinations are currently being suspended to reflect the difficult state of the education system and the disruption&hellip;<\/p>\n<\/div>\n\t\t\n<a href=\"https:\/\/web.escudoweb.com\/index.php\/what-does-real-world-non-exam-based-learning-look-like-like-the-future\/\" class=\"dt-btn-s dt-btn post-details details-type-btn\" aria-label=\"Read more about What does real-world, non-exam-based learning look like? Like the future\">Read more<i class=\"dt-icon-the7-arrow-03\" aria-hidden=\"true\"><\/i><\/a>\n\n\t<\/div>\n<\/div><\/article><article class=\"post post-2752 type-post status-publish format-standard has-post-thumbnail hentry category-news category-21\" data-name=\"La falsa dicotom\u00eda entre papel y pantalla\" data-date=\"2021-05-19T06:04:47+02:00\">\n\n<div class=\"post-thumbnail-wrap\">\n\t<div class=\"post-thumbnail\">\n\t\t\n\t\t\n\t\t<a href=\"https:\/\/web.escudoweb.com\/index.php\/la-falsa-dicotomia-entre-papel-y-pantalla\/\" class=\"post-thumbnail-rollover layzr-bg\" ><img decoding=\"async\" class=\"preload-me owl-lazy-load aspect\" src=\"data:image\/svg+xml,%3Csvg%20xmlns%3D&#39;http%3A%2F%2Fwww.w3.org%2F2000%2Fsvg&#39;%20viewBox%3D&#39;0%200%20768%20512&#39;%2F%3E\" data-src=\"https:\/\/web.escudoweb.com\/wp-content\/uploads\/2021\/05\/WL5ONHOCVFLIIDGVM2SPC4HIHA-768x512.jpeg\" data-srcset=\"https:\/\/web.escudoweb.com\/wp-content\/uploads\/2021\/05\/WL5ONHOCVFLIIDGVM2SPC4HIHA-768x512.jpeg 768w, https:\/\/web.escudoweb.com\/wp-content\/uploads\/2021\/05\/WL5ONHOCVFLIIDGVM2SPC4HIHA.jpeg 828w\" loading=\"eager\" style=\"--ratio: 768 \/ 512\" sizes=\"(max-width: 768px) 100vw, 768px\" alt=\"\" title=\"WL5ONHOCVFLIIDGVM2SPC4HIHA\" width=\"768\" height=\"512\"  \/><\/a>\t<\/div>\n<\/div>\n\n\n<div class=\"post-entry-content\">\n\t<div class=\"post-entry-wrapper\">\n\t\t\t\t<h3 class=\"entry-title\">\n\t\t\t<a href=\"https:\/\/web.escudoweb.com\/index.php\/la-falsa-dicotomia-entre-papel-y-pantalla\/\" title=\"La falsa dicotom\u00eda entre papel y pantalla\" rel=\"bookmark\">La falsa dicotom\u00eda entre papel y pantalla<\/a>\n\t\t<\/h3>\n\n\t\t<div class=\"entry-meta\"><a href=\"https:\/\/web.escudoweb.com\/index.php\/2021\/05\/19\/\" title=\"06:04\" class=\"data-link\" rel=\"bookmark\"><time class=\"entry-date updated\" datetime=\"2021-05-19T06:04:47+02:00\">19 mayo 2021<\/time><\/a><\/div>\n\t\t<div class=\"entry-excerpt\"><p>[vc_row][vc_column][vc_column_text]Desde hace a\u00f1os vivimos en un mundo que compagina el uso de pantallas y papel. Este art\u00edculo en El Pa\u00eds&hellip;<\/p>\n<\/div>\n\t\t\n<a href=\"https:\/\/web.escudoweb.com\/index.php\/la-falsa-dicotomia-entre-papel-y-pantalla\/\" class=\"dt-btn-s dt-btn post-details details-type-btn\" aria-label=\"Read more about La falsa dicotom\u00eda entre papel y pantalla\">Read more<i class=\"dt-icon-the7-arrow-03\" aria-hidden=\"true\"><\/i><\/a>\n\n\t<\/div>\n<\/div><\/article><article class=\"post post-2749 type-post status-publish format-standard has-post-thumbnail hentry category-news category-21\" data-name=\"The state of school education &#8211; one year into the COVID pandemic\" data-date=\"2021-05-18T06:05:23+02:00\">\n\n<div class=\"post-thumbnail-wrap\">\n\t<div class=\"post-thumbnail\">\n\t\t\n\t\t\n\t\t<a href=\"https:\/\/web.escudoweb.com\/index.php\/the-state-of-school-education-one-year-into-the-covid-pandemic\/\" class=\"post-thumbnail-rollover layzr-bg\" ><img decoding=\"async\" class=\"preload-me owl-lazy-load aspect\" src=\"data:image\/svg+xml,%3Csvg%20xmlns%3D&#39;http%3A%2F%2Fwww.w3.org%2F2000%2Fsvg&#39;%20viewBox%3D&#39;0%200%20768%20512&#39;%2F%3E\" data-src=\"https:\/\/web.escudoweb.com\/wp-content\/uploads\/2021\/05\/ceod-768x512.jpg\" data-srcset=\"https:\/\/web.escudoweb.com\/wp-content\/uploads\/2021\/05\/ceod-768x512.jpg 768w, https:\/\/web.escudoweb.com\/wp-content\/uploads\/2021\/05\/ceod-1152x768.jpg 1152w\" loading=\"eager\" style=\"--ratio: 768 \/ 512\" sizes=\"(max-width: 768px) 100vw, 768px\" alt=\"\" title=\"oecd\" width=\"768\" height=\"512\"  \/><\/a>\t<\/div>\n<\/div>\n\n\n<div class=\"post-entry-content\">\n\t<div class=\"post-entry-wrapper\">\n\t\t\t\t<h3 class=\"entry-title\">\n\t\t\t<a href=\"https:\/\/web.escudoweb.com\/index.php\/the-state-of-school-education-one-year-into-the-covid-pandemic\/\" title=\"The state of school education &#8211; one year into the COVID pandemic\" rel=\"bookmark\">The state of school education &#8211; one year into the COVID pandemic<\/a>\n\t\t<\/h3>\n\n\t\t<div class=\"entry-meta\"><a href=\"https:\/\/web.escudoweb.com\/index.php\/2021\/05\/18\/\" title=\"06:05\" class=\"data-link\" rel=\"bookmark\"><time class=\"entry-date updated\" datetime=\"2021-05-18T06:05:23+02:00\">18 mayo 2021<\/time><\/a><\/div>\n\t\t<div class=\"entry-excerpt\"><p>[vc_row][vc_column][vc_column_text]This OECD report (in collaboration with UNESCO, UNICEF and The World Bank) gives a cross section how countries responded to&hellip;<\/p>\n<\/div>\n\t\t\n<a href=\"https:\/\/web.escudoweb.com\/index.php\/the-state-of-school-education-one-year-into-the-covid-pandemic\/\" class=\"dt-btn-s dt-btn post-details details-type-btn\" aria-label=\"Read more about The state of school education &#8211; one year into the COVID pandemic\">Read more<i class=\"dt-icon-the7-arrow-03\" aria-hidden=\"true\"><\/i><\/a>\n\n\t<\/div>\n<\/div><\/article><article class=\"post post-2745 type-post status-publish format-standard has-post-thumbnail hentry category-news category-21\" data-name=\"Italy\u2019s Problem With School Dropouts Goes From Bad to Worse in Pandemic\" data-date=\"2021-05-17T06:11:21+02:00\">\n\n<div class=\"post-thumbnail-wrap\">\n\t<div class=\"post-thumbnail\">\n\t\t\n\t\t\n\t\t<a href=\"https:\/\/web.escudoweb.com\/index.php\/italys-problem-with-school-dropouts-goes-from-bad-to-worse-in-pandemic\/\" class=\"post-thumbnail-rollover layzr-bg\" ><img decoding=\"async\" class=\"preload-me owl-lazy-load aspect\" src=\"data:image\/svg+xml,%3Csvg%20xmlns%3D&#39;http%3A%2F%2Fwww.w3.org%2F2000%2Fsvg&#39;%20viewBox%3D&#39;0%200%20768%20512&#39;%2F%3E\" data-src=\"https:\/\/web.escudoweb.com\/wp-content\/uploads\/2021\/05\/merlin_186580911_c6c61d91-ec59-49e7-a2fa-6f0bba8a7837-superJumbo-768x512.jpeg\" data-srcset=\"https:\/\/web.escudoweb.com\/wp-content\/uploads\/2021\/05\/merlin_186580911_c6c61d91-ec59-49e7-a2fa-6f0bba8a7837-superJumbo-768x512.jpeg 768w, https:\/\/web.escudoweb.com\/wp-content\/uploads\/2021\/05\/merlin_186580911_c6c61d91-ec59-49e7-a2fa-6f0bba8a7837-superJumbo-1152x768.jpeg 1152w\" loading=\"eager\" style=\"--ratio: 768 \/ 512\" sizes=\"(max-width: 768px) 100vw, 768px\" alt=\"\" title=\"merlin_186580911_c6c61d91-ec59-49e7-a2fa-6f0bba8a7837-superJumbo\" width=\"768\" height=\"512\"  \/><\/a>\t<\/div>\n<\/div>\n\n\n<div class=\"post-entry-content\">\n\t<div class=\"post-entry-wrapper\">\n\t\t\t\t<h3 class=\"entry-title\">\n\t\t\t<a href=\"https:\/\/web.escudoweb.com\/index.php\/italys-problem-with-school-dropouts-goes-from-bad-to-worse-in-pandemic\/\" title=\"Italy\u2019s Problem With School Dropouts Goes From Bad to Worse in Pandemic\" rel=\"bookmark\">Italy\u2019s Problem With School Dropouts Goes From Bad to Worse in Pandemic<\/a>\n\t\t<\/h3>\n\n\t\t<div class=\"entry-meta\"><a href=\"https:\/\/web.escudoweb.com\/index.php\/2021\/05\/17\/\" title=\"06:11\" class=\"data-link\" rel=\"bookmark\"><time class=\"entry-date updated\" datetime=\"2021-05-17T06:11:21+02:00\">17 mayo 2021<\/time><\/a><\/div>\n\t\t<div class=\"entry-excerpt\"><p>[vc_row][vc_column][vc_column_text] In the EU Italy has been the country most affected by Covid, especially its education system, having remained closed&hellip;<\/p>\n<\/div>\n\t\t\n<a href=\"https:\/\/web.escudoweb.com\/index.php\/italys-problem-with-school-dropouts-goes-from-bad-to-worse-in-pandemic\/\" class=\"dt-btn-s dt-btn post-details details-type-btn\" aria-label=\"Read more about Italy\u2019s Problem With School Dropouts Goes From Bad to Worse in Pandemic\">Read more<i class=\"dt-icon-the7-arrow-03\" aria-hidden=\"true\"><\/i><\/a>\n\n\t<\/div>\n<\/div><\/article><article class=\"post post-2742 type-post status-publish format-standard has-post-thumbnail hentry category-news category-21\" data-name=\"Covid: Poor pupils fall further behind in maths\" data-date=\"2021-05-14T09:32:37+02:00\">\n\n<div class=\"post-thumbnail-wrap\">\n\t<div class=\"post-thumbnail\">\n\t\t\n\t\t\n\t\t<a href=\"https:\/\/web.escudoweb.com\/index.php\/covid-poor-pupils-fall-further-behind-in-maths\/\" class=\"post-thumbnail-rollover layzr-bg\" ><img decoding=\"async\" class=\"preload-me owl-lazy-load aspect\" src=\"data:image\/svg+xml,%3Csvg%20xmlns%3D&#39;http%3A%2F%2Fwww.w3.org%2F2000%2Fsvg&#39;%20viewBox%3D&#39;0%200%20768%20512&#39;%2F%3E\" data-src=\"https:\/\/web.escudoweb.com\/wp-content\/uploads\/2021\/05\/118394553_primary.pressassociation-768x512.jpeg\" data-srcset=\"https:\/\/web.escudoweb.com\/wp-content\/uploads\/2021\/05\/118394553_primary.pressassociation-768x512.jpeg 768w, https:\/\/web.escudoweb.com\/wp-content\/uploads\/2021\/05\/118394553_primary.pressassociation-823x549.jpeg 823w\" loading=\"eager\" style=\"--ratio: 768 \/ 512\" sizes=\"(max-width: 768px) 100vw, 768px\" alt=\"\" title=\"_118394553_primary.pressassociation\" width=\"768\" height=\"512\"  \/><\/a>\t<\/div>\n<\/div>\n\n\n<div class=\"post-entry-content\">\n\t<div class=\"post-entry-wrapper\">\n\t\t\t\t<h3 class=\"entry-title\">\n\t\t\t<a href=\"https:\/\/web.escudoweb.com\/index.php\/covid-poor-pupils-fall-further-behind-in-maths\/\" title=\"Covid: Poor pupils fall further behind in maths\" rel=\"bookmark\">Covid: Poor pupils fall further behind in maths<\/a>\n\t\t<\/h3>\n\n\t\t<div class=\"entry-meta\"><a href=\"https:\/\/web.escudoweb.com\/index.php\/2021\/05\/14\/\" title=\"09:32\" class=\"data-link\" rel=\"bookmark\"><time class=\"entry-date updated\" datetime=\"2021-05-14T09:32:37+02:00\">14 mayo 2021<\/time><\/a><\/div>\n\t\t<div class=\"entry-excerpt\"><p>[vc_row][vc_column][vc_column_text]A recent study by the Education Endowment Foundation (EEF) and reported by the BBC, suggests that those primary-school children who&hellip;<\/p>\n<\/div>\n\t\t\n<a href=\"https:\/\/web.escudoweb.com\/index.php\/covid-poor-pupils-fall-further-behind-in-maths\/\" class=\"dt-btn-s dt-btn post-details details-type-btn\" aria-label=\"Read more about Covid: Poor pupils fall further behind in maths\">Read more<i class=\"dt-icon-the7-arrow-03\" aria-hidden=\"true\"><\/i><\/a>\n\n\t<\/div>\n<\/div><\/article><article class=\"post post-2738 type-post status-publish format-standard has-post-thumbnail hentry category-news category-21\" data-name=\"Are all young people digital whiz-kids?\" data-date=\"2021-05-13T05:58:38+02:00\">\n\n<div class=\"post-thumbnail-wrap\">\n\t<div class=\"post-thumbnail\">\n\t\t\n\t\t\n\t\t<a href=\"https:\/\/web.escudoweb.com\/index.php\/are-all-young-people-digital-whiz-kids\/\" class=\"post-thumbnail-rollover layzr-bg\" ><img decoding=\"async\" class=\"preload-me owl-lazy-load aspect\" src=\"data:image\/svg+xml,%3Csvg%20xmlns%3D&#39;http%3A%2F%2Fwww.w3.org%2F2000%2Fsvg&#39;%20viewBox%3D&#39;0%200%20537%20358&#39;%2F%3E\" data-src=\"https:\/\/web.escudoweb.com\/wp-content\/uploads\/2021\/05\/cou_02_21_wide_angle_bennett_website-537x358.jpeg\" data-srcset=\"https:\/\/web.escudoweb.com\/wp-content\/uploads\/2021\/05\/cou_02_21_wide_angle_bennett_website-537x358.jpeg 537w\" loading=\"eager\" style=\"--ratio: 537 \/ 358\" sizes=\"(max-width: 537px) 100vw, 537px\" alt=\"\" title=\"cou_02_21_wide_angle_bennett_website\" width=\"537\" height=\"358\"  \/><\/a>\t<\/div>\n<\/div>\n\n\n<div class=\"post-entry-content\">\n\t<div class=\"post-entry-wrapper\">\n\t\t\t\t<h3 class=\"entry-title\">\n\t\t\t<a href=\"https:\/\/web.escudoweb.com\/index.php\/are-all-young-people-digital-whiz-kids\/\" title=\"Are all young people digital whiz-kids?\" rel=\"bookmark\">Are all young people digital whiz-kids?<\/a>\n\t\t<\/h3>\n\n\t\t<div class=\"entry-meta\"><a href=\"https:\/\/web.escudoweb.com\/index.php\/2021\/05\/13\/\" title=\"05:58\" class=\"data-link\" rel=\"bookmark\"><time class=\"entry-date updated\" datetime=\"2021-05-13T05:58:38+02:00\">13 mayo 2021<\/time><\/a><\/div>\n\t\t<div class=\"entry-excerpt\"><p>[vc_row][vc_column][vc_column_text]When we read about young people they are frequently defined with terms such as \u201cdigital natives\u201d. As discussed in this&hellip;<\/p>\n<\/div>\n\t\t\n<a href=\"https:\/\/web.escudoweb.com\/index.php\/are-all-young-people-digital-whiz-kids\/\" class=\"dt-btn-s dt-btn post-details details-type-btn\" aria-label=\"Read more about Are all young people digital whiz-kids?\">Read more<i class=\"dt-icon-the7-arrow-03\" aria-hidden=\"true\"><\/i><\/a>\n\n\t<\/div>\n<\/div><\/article><article class=\"post post-2735 type-post status-publish format-standard has-post-thumbnail hentry category-news category-21\" data-name=\"Acoso escolar: un problema que persiste a pesar de la pandemia\" data-date=\"2021-05-12T05:57:37+02:00\">\n\n<div class=\"post-thumbnail-wrap\">\n\t<div class=\"post-thumbnail\">\n\t\t\n\t\t\n\t\t<a href=\"https:\/\/web.escudoweb.com\/index.php\/acoso-escolar-un-problema-que-persiste-a-pesar-de-la-pandemia\/\" class=\"post-thumbnail-rollover layzr-bg\" ><img decoding=\"async\" class=\"preload-me owl-lazy-load aspect\" src=\"data:image\/svg+xml,%3Csvg%20xmlns%3D&#39;http%3A%2F%2Fwww.w3.org%2F2000%2Fsvg&#39;%20viewBox%3D&#39;0%200%20768%20512&#39;%2F%3E\" data-src=\"https:\/\/web.escudoweb.com\/wp-content\/uploads\/2021\/05\/acoso-escolar-Macmillan-978x652-768x512.jpg\" data-srcset=\"https:\/\/web.escudoweb.com\/wp-content\/uploads\/2021\/05\/acoso-escolar-Macmillan-978x652-768x512.jpg 768w, https:\/\/web.escudoweb.com\/wp-content\/uploads\/2021\/05\/acoso-escolar-Macmillan-978x652.jpg.jpg 977w\" loading=\"eager\" style=\"--ratio: 768 \/ 512\" sizes=\"(max-width: 768px) 100vw, 768px\" alt=\"\" title=\"acoso-escolar-Macmillan-978&#215;652.jpg\" width=\"768\" height=\"512\"  \/><\/a>\t<\/div>\n<\/div>\n\n\n<div class=\"post-entry-content\">\n\t<div class=\"post-entry-wrapper\">\n\t\t\t\t<h3 class=\"entry-title\">\n\t\t\t<a href=\"https:\/\/web.escudoweb.com\/index.php\/acoso-escolar-un-problema-que-persiste-a-pesar-de-la-pandemia\/\" title=\"Acoso escolar: un problema que persiste a pesar de la pandemia\" rel=\"bookmark\">Acoso escolar: un problema que persiste a pesar de la pandemia<\/a>\n\t\t<\/h3>\n\n\t\t<div class=\"entry-meta\"><a href=\"https:\/\/web.escudoweb.com\/index.php\/2021\/05\/12\/\" title=\"05:57\" class=\"data-link\" rel=\"bookmark\"><time class=\"entry-date updated\" datetime=\"2021-05-12T05:57:37+02:00\">12 mayo 2021<\/time><\/a><\/div>\n\t\t<div class=\"entry-excerpt\"><p>[vc_row][vc_column][vc_column_text]A pesar de que los \u00faltimos catorce meses hemos estado sufriendo la pandemia con colegios cerrados durante mucho tiempo, pero&hellip;<\/p>\n<\/div>\n\t\t\n<a href=\"https:\/\/web.escudoweb.com\/index.php\/acoso-escolar-un-problema-que-persiste-a-pesar-de-la-pandemia\/\" class=\"dt-btn-s dt-btn post-details details-type-btn\" aria-label=\"Read more about Acoso escolar: un problema que persiste a pesar de la pandemia\">Read more<i class=\"dt-icon-the7-arrow-03\" aria-hidden=\"true\"><\/i><\/a>\n\n\t<\/div>\n<\/div><\/article><article class=\"post post-2732 type-post status-publish format-standard has-post-thumbnail hentry category-news category-21\" data-name=\"Lockdowns hurt child speech and language skills &#8211; report\" data-date=\"2021-05-11T06:04:32+02:00\">\n\n<div class=\"post-thumbnail-wrap\">\n\t<div class=\"post-thumbnail\">\n\t\t\n\t\t\n\t\t<a href=\"https:\/\/web.escudoweb.com\/index.php\/lockdowns-hurt-child-speech-and-language-skills-report\/\" class=\"post-thumbnail-rollover layzr-bg\" ><img decoding=\"async\" class=\"preload-me owl-lazy-load aspect\" src=\"data:image\/svg+xml,%3Csvg%20xmlns%3D&#39;http%3A%2F%2Fwww.w3.org%2F2000%2Fsvg&#39;%20viewBox%3D&#39;0%200%20768%20512&#39;%2F%3E\" data-src=\"https:\/\/web.escudoweb.com\/wp-content\/uploads\/2021\/05\/118219043_mediaitem118212480-768x512.jpeg\" data-srcset=\"https:\/\/web.escudoweb.com\/wp-content\/uploads\/2021\/05\/118219043_mediaitem118212480-768x512.jpeg 768w, https:\/\/web.escudoweb.com\/wp-content\/uploads\/2021\/05\/118219043_mediaitem118212480-823x549.jpeg 823w\" loading=\"eager\" style=\"--ratio: 768 \/ 512\" sizes=\"(max-width: 768px) 100vw, 768px\" alt=\"\" title=\"_118219043_mediaitem118212480\" width=\"768\" height=\"512\"  \/><\/a>\t<\/div>\n<\/div>\n\n\n<div class=\"post-entry-content\">\n\t<div class=\"post-entry-wrapper\">\n\t\t\t\t<h3 class=\"entry-title\">\n\t\t\t<a href=\"https:\/\/web.escudoweb.com\/index.php\/lockdowns-hurt-child-speech-and-language-skills-report\/\" title=\"Lockdowns hurt child speech and language skills &#8211; report\" rel=\"bookmark\">Lockdowns hurt child speech and language skills &#8211; report<\/a>\n\t\t<\/h3>\n\n\t\t<div class=\"entry-meta\"><a href=\"https:\/\/web.escudoweb.com\/index.php\/2021\/05\/11\/\" title=\"06:04\" class=\"data-link\" rel=\"bookmark\"><time class=\"entry-date updated\" datetime=\"2021-05-11T06:04:32+02:00\">11 mayo 2021<\/time><\/a><\/div>\n\t\t<div class=\"entry-excerpt\"><p>[vc_row][vc_column][vc_column_text]New research carried out in England and reported on the BBC shows that the last year of lockdown has affected&hellip;<\/p>\n<\/div>\n\t\t\n<a href=\"https:\/\/web.escudoweb.com\/index.php\/lockdowns-hurt-child-speech-and-language-skills-report\/\" class=\"dt-btn-s dt-btn post-details details-type-btn\" aria-label=\"Read more about Lockdowns hurt child speech and language skills &#8211; report\">Read more<i class=\"dt-icon-the7-arrow-03\" aria-hidden=\"true\"><\/i><\/a>\n\n\t<\/div>\n<\/div><\/article><article class=\"post post-2729 type-post status-publish format-standard has-post-thumbnail hentry category-news category-21\" data-name=\"How to Help Your Adolescent Think About the Last Year\" data-date=\"2021-05-10T05:47:08+02:00\">\n\n<div class=\"post-thumbnail-wrap\">\n\t<div class=\"post-thumbnail\">\n\t\t\n\t\t\n\t\t<a href=\"https:\/\/web.escudoweb.com\/index.php\/how-to-help-your-adolescent-think-about-the-last-year\/\" class=\"post-thumbnail-rollover layzr-bg\" ><img decoding=\"async\" class=\"preload-me owl-lazy-load aspect\" src=\"data:image\/svg+xml,%3Csvg%20xmlns%3D&#39;http%3A%2F%2Fwww.w3.org%2F2000%2Fsvg&#39;%20viewBox%3D&#39;0%200%20768%20512&#39;%2F%3E\" data-src=\"https:\/\/web.escudoweb.com\/wp-content\/uploads\/2021\/05\/12SCI-LOSTYEAR1-superJumbo-768x512.jpeg\" data-srcset=\"https:\/\/web.escudoweb.com\/wp-content\/uploads\/2021\/05\/12SCI-LOSTYEAR1-superJumbo-768x512.jpeg 768w, https:\/\/web.escudoweb.com\/wp-content\/uploads\/2021\/05\/12SCI-LOSTYEAR1-superJumbo-1152x768.jpeg 1152w\" loading=\"eager\" style=\"--ratio: 768 \/ 512\" sizes=\"(max-width: 768px) 100vw, 768px\" alt=\"\" title=\"12SCI-LOSTYEAR1-superJumbo\" width=\"768\" height=\"512\"  \/><\/a>\t<\/div>\n<\/div>\n\n\n<div class=\"post-entry-content\">\n\t<div class=\"post-entry-wrapper\">\n\t\t\t\t<h3 class=\"entry-title\">\n\t\t\t<a href=\"https:\/\/web.escudoweb.com\/index.php\/how-to-help-your-adolescent-think-about-the-last-year\/\" title=\"How to Help Your Adolescent Think About the Last Year\" rel=\"bookmark\">How to Help Your Adolescent Think About the Last Year<\/a>\n\t\t<\/h3>\n\n\t\t<div class=\"entry-meta\"><a href=\"https:\/\/web.escudoweb.com\/index.php\/2021\/05\/10\/\" title=\"05:47\" class=\"data-link\" rel=\"bookmark\"><time class=\"entry-date updated\" datetime=\"2021-05-10T05:47:08+02:00\">10 mayo 2021<\/time><\/a><\/div>\n\t\t<div class=\"entry-excerpt\"><p>[vc_row][vc_column][vc_column_text]Many schools in the US are calling it a \u201clost year\u201d. As students spent the year learning from home those&hellip;<\/p>\n<\/div>\n\t\t\n<a href=\"https:\/\/web.escudoweb.com\/index.php\/how-to-help-your-adolescent-think-about-the-last-year\/\" class=\"dt-btn-s dt-btn post-details details-type-btn\" aria-label=\"Read more about How to Help Your Adolescent Think About the Last Year\">Read more<i class=\"dt-icon-the7-arrow-03\" aria-hidden=\"true\"><\/i><\/a>\n\n\t<\/div>\n<\/div><\/article><article class=\"post post-2726 type-post status-publish format-standard has-post-thumbnail hentry category-news category-21\" data-name=\"UK schools speak out against rules on European language teaching\" data-date=\"2021-05-07T06:12:35+02:00\">\n\n<div class=\"post-thumbnail-wrap\">\n\t<div class=\"post-thumbnail\">\n\t\t\n\t\t\n\t\t<a href=\"https:\/\/web.escudoweb.com\/index.php\/uk-schools-speak-out-against-rules-on-european-language-teaching\/\" class=\"post-thumbnail-rollover layzr-bg\" ><img decoding=\"async\" class=\"preload-me owl-lazy-load aspect\" src=\"data:image\/svg+xml,%3Csvg%20xmlns%3D&#39;http%3A%2F%2Fwww.w3.org%2F2000%2Fsvg&#39;%20viewBox%3D&#39;0%200%20768%20512&#39;%2F%3E\" data-src=\"https:\/\/web.escudoweb.com\/wp-content\/uploads\/2021\/05\/www.ft_.com582af8a3637-e389-4f97-b203-07b45063668e-768x512.jpg\" data-srcset=\"https:\/\/web.escudoweb.com\/wp-content\/uploads\/2021\/05\/www.ft_.com582af8a3637-e389-4f97-b203-07b45063668e-768x512.jpg 768w, https:\/\/web.escudoweb.com\/wp-content\/uploads\/2021\/05\/www.ft_.com582af8a3637-e389-4f97-b203-07b45063668e-1152x768.jpg 1152w\" loading=\"eager\" style=\"--ratio: 768 \/ 512\" sizes=\"(max-width: 768px) 100vw, 768px\" alt=\"\" title=\"[www.ft.com][582]af8a3637-e389-4f97-b203-07b45063668e\" width=\"768\" height=\"512\"  \/><\/a>\t<\/div>\n<\/div>\n\n\n<div class=\"post-entry-content\">\n\t<div class=\"post-entry-wrapper\">\n\t\t\t\t<h3 class=\"entry-title\">\n\t\t\t<a href=\"https:\/\/web.escudoweb.com\/index.php\/uk-schools-speak-out-against-rules-on-european-language-teaching\/\" title=\"UK schools speak out against rules on European language teaching\" rel=\"bookmark\">UK schools speak out against rules on European language teaching<\/a>\n\t\t<\/h3>\n\n\t\t<div class=\"entry-meta\"><a href=\"https:\/\/web.escudoweb.com\/index.php\/2021\/05\/07\/\" title=\"06:12\" class=\"data-link\" rel=\"bookmark\"><time class=\"entry-date updated\" datetime=\"2021-05-07T06:12:35+02:00\">7 mayo 2021<\/time><\/a><\/div>\n\t\t<div class=\"entry-excerpt\"><p>[vc_row][vc_column][vc_column_text]The Brexit immigration policy is starting to affect the ability to attract &#8211; and pay for &#8211; language assistants. According&hellip;<\/p>\n<\/div>\n\t\t\n<a href=\"https:\/\/web.escudoweb.com\/index.php\/uk-schools-speak-out-against-rules-on-european-language-teaching\/\" class=\"dt-btn-s dt-btn post-details details-type-btn\" aria-label=\"Read more about UK schools speak out against rules on European language teaching\">Read more<i class=\"dt-icon-the7-arrow-03\" aria-hidden=\"true\"><\/i><\/a>\n\n\t<\/div>\n<\/div><\/article><article class=\"post post-2722 type-post status-publish format-standard has-post-thumbnail hentry category-news category-21\" data-name=\"Los alumnos espa\u00f1oles, peor preparados para detectar textos sesgados y evaluar las fuentes que la media de la OCDE\" data-date=\"2021-05-06T06:17:42+02:00\">\n\n<div class=\"post-thumbnail-wrap\">\n\t<div class=\"post-thumbnail\">\n\t\t\n\t\t\n\t\t<a href=\"https:\/\/web.escudoweb.com\/index.php\/los-alumnos-espanoles-peor-preparados-para-detectar-textos-sesgados-y-evaluar-las-fuentes-que-la-media-de-la-ocde\/\" class=\"post-thumbnail-rollover layzr-bg\" ><img decoding=\"async\" class=\"preload-me owl-lazy-load aspect\" src=\"data:image\/svg+xml,%3Csvg%20xmlns%3D&#39;http%3A%2F%2Fwww.w3.org%2F2000%2Fsvg&#39;%20viewBox%3D&#39;0%200%20768%20512&#39;%2F%3E\" data-src=\"https:\/\/web.escudoweb.com\/wp-content\/uploads\/2021\/05\/QPVFFG2UIRFXNB3MFUAHAAC6XU-768x512.jpeg\" data-srcset=\"https:\/\/web.escudoweb.com\/wp-content\/uploads\/2021\/05\/QPVFFG2UIRFXNB3MFUAHAAC6XU-768x512.jpeg 768w, https:\/\/web.escudoweb.com\/wp-content\/uploads\/2021\/05\/QPVFFG2UIRFXNB3MFUAHAAC6XU-822x548.jpeg 822w\" loading=\"eager\" style=\"--ratio: 768 \/ 512\" sizes=\"(max-width: 768px) 100vw, 768px\" alt=\"\" title=\"QPVFFG2UIRFXNB3MFUAHAAC6XU\" width=\"768\" height=\"512\"  \/><\/a>\t<\/div>\n<\/div>\n\n\n<div class=\"post-entry-content\">\n\t<div class=\"post-entry-wrapper\">\n\t\t\t\t<h3 class=\"entry-title\">\n\t\t\t<a href=\"https:\/\/web.escudoweb.com\/index.php\/los-alumnos-espanoles-peor-preparados-para-detectar-textos-sesgados-y-evaluar-las-fuentes-que-la-media-de-la-ocde\/\" title=\"Los alumnos espa\u00f1oles, peor preparados para detectar textos sesgados y evaluar las fuentes que la media de la OCDE\" rel=\"bookmark\">Los alumnos espa\u00f1oles, peor preparados para detectar textos sesgados y evaluar las fuentes que la media de la OCDE<\/a>\n\t\t<\/h3>\n\n\t\t<div class=\"entry-meta\"><a href=\"https:\/\/web.escudoweb.com\/index.php\/2021\/05\/06\/\" title=\"06:17\" class=\"data-link\" rel=\"bookmark\"><time class=\"entry-date updated\" datetime=\"2021-05-06T06:17:42+02:00\">6 mayo 2021<\/time><\/a><\/div>\n\t\t<div class=\"entry-excerpt\"><p>[vc_row][vc_column][vc_column_text]Los informes PISA (Programme for International Student Assessment) son el bar\u00f3metro de pa\u00edses OCDE de ni\u00f1os de 15 a\u00f1os, a&hellip;<\/p>\n<\/div>\n\t\t\n<a href=\"https:\/\/web.escudoweb.com\/index.php\/los-alumnos-espanoles-peor-preparados-para-detectar-textos-sesgados-y-evaluar-las-fuentes-que-la-media-de-la-ocde\/\" class=\"dt-btn-s dt-btn post-details details-type-btn\" aria-label=\"Read more about Los alumnos espa\u00f1oles, peor preparados para detectar textos sesgados y evaluar las fuentes que la media de la OCDE\">Read more<i class=\"dt-icon-the7-arrow-03\" aria-hidden=\"true\"><\/i><\/a>\n\n\t<\/div>\n<\/div><\/article><article class=\"post post-2719 type-post status-publish format-standard has-post-thumbnail hentry category-news category-21\" data-name=\"Call for more play time amid \u2018schoolification\u2019 of UK childhood\" data-date=\"2021-05-05T06:15:01+02:00\">\n\n<div class=\"post-thumbnail-wrap\">\n\t<div class=\"post-thumbnail\">\n\t\t\n\t\t\n\t\t<a href=\"https:\/\/web.escudoweb.com\/index.php\/call-for-more-play-time-amid-schoolification-of-uk-childhood\/\" class=\"post-thumbnail-rollover layzr-bg\" ><img decoding=\"async\" class=\"preload-me owl-lazy-load aspect\" src=\"data:image\/svg+xml,%3Csvg%20xmlns%3D&#39;http%3A%2F%2Fwww.w3.org%2F2000%2Fsvg&#39;%20viewBox%3D&#39;0%200%20768%20512&#39;%2F%3E\" data-src=\"https:\/\/web.escudoweb.com\/wp-content\/uploads\/2021\/05\/5391-768x512.jpeg\" data-srcset=\"https:\/\/web.escudoweb.com\/wp-content\/uploads\/2021\/05\/5391-768x512.jpeg 768w, https:\/\/web.escudoweb.com\/wp-content\/uploads\/2021\/05\/5391-1152x768.jpeg 1152w\" loading=\"eager\" style=\"--ratio: 768 \/ 512\" sizes=\"(max-width: 768px) 100vw, 768px\" alt=\"\" title=\"5391\" width=\"768\" height=\"512\"  \/><\/a>\t<\/div>\n<\/div>\n\n\n<div class=\"post-entry-content\">\n\t<div class=\"post-entry-wrapper\">\n\t\t\t\t<h3 class=\"entry-title\">\n\t\t\t<a href=\"https:\/\/web.escudoweb.com\/index.php\/call-for-more-play-time-amid-schoolification-of-uk-childhood\/\" title=\"Call for more play time amid \u2018schoolification\u2019 of UK childhood\" rel=\"bookmark\">Call for more play time amid \u2018schoolification\u2019 of UK childhood<\/a>\n\t\t<\/h3>\n\n\t\t<div class=\"entry-meta\"><a href=\"https:\/\/web.escudoweb.com\/index.php\/2021\/05\/05\/\" title=\"06:15\" class=\"data-link\" rel=\"bookmark\"><time class=\"entry-date updated\" datetime=\"2021-05-05T06:15:01+02:00\">5 mayo 2021<\/time><\/a><\/div>\n\t\t<div class=\"entry-excerpt\"><p>[vc_row][vc_column][vc_column_text]Childhood is changing for the young. Covid has played its part in this, but there are also other factors. This&hellip;<\/p>\n<\/div>\n\t\t\n<a href=\"https:\/\/web.escudoweb.com\/index.php\/call-for-more-play-time-amid-schoolification-of-uk-childhood\/\" class=\"dt-btn-s dt-btn post-details details-type-btn\" aria-label=\"Read more about Call for more play time amid \u2018schoolification\u2019 of UK childhood\">Read more<i class=\"dt-icon-the7-arrow-03\" aria-hidden=\"true\"><\/i><\/a>\n\n\t<\/div>\n<\/div><\/article><article class=\"post post-2716 type-post status-publish format-standard has-post-thumbnail hentry category-news category-21\" data-name=\"Covid-19 creates a window for school reform in Africa\" data-date=\"2021-05-04T06:02:16+02:00\">\n\n<div class=\"post-thumbnail-wrap\">\n\t<div class=\"post-thumbnail\">\n\t\t\n\t\t\n\t\t<a href=\"https:\/\/web.escudoweb.com\/index.php\/covid-19-creates-a-window-for-school-reform-in-africa\/\" class=\"post-thumbnail-rollover layzr-bg\" ><img decoding=\"async\" class=\"preload-me owl-lazy-load aspect\" src=\"data:image\/svg+xml,%3Csvg%20xmlns%3D&#39;http%3A%2F%2Fwww.w3.org%2F2000%2Fsvg&#39;%20viewBox%3D&#39;0%200%20768%20512&#39;%2F%3E\" data-src=\"https:\/\/web.escudoweb.com\/wp-content\/uploads\/2021\/05\/20210410_map503-768x512.jpeg\" data-srcset=\"https:\/\/web.escudoweb.com\/wp-content\/uploads\/2021\/05\/20210410_map503-768x512.jpeg 768w, https:\/\/web.escudoweb.com\/wp-content\/uploads\/2021\/05\/20210410_map503-844x563.jpeg 844w\" loading=\"eager\" style=\"--ratio: 768 \/ 512\" sizes=\"(max-width: 768px) 100vw, 768px\" alt=\"\" title=\"20210410_map503\" width=\"768\" height=\"512\"  \/><\/a>\t<\/div>\n<\/div>\n\n\n<div class=\"post-entry-content\">\n\t<div class=\"post-entry-wrapper\">\n\t\t\t\t<h3 class=\"entry-title\">\n\t\t\t<a href=\"https:\/\/web.escudoweb.com\/index.php\/covid-19-creates-a-window-for-school-reform-in-africa\/\" title=\"Covid-19 creates a window for school reform in Africa\" rel=\"bookmark\">Covid-19 creates a window for school reform in Africa<\/a>\n\t\t<\/h3>\n\n\t\t<div class=\"entry-meta\"><a href=\"https:\/\/web.escudoweb.com\/index.php\/2021\/05\/04\/\" title=\"06:02\" class=\"data-link\" rel=\"bookmark\"><time class=\"entry-date updated\" datetime=\"2021-05-04T06:02:16+02:00\">4 mayo 2021<\/time><\/a><\/div>\n\t\t<div class=\"entry-excerpt\"><p>[vc_row][vc_column][vc_column_text]In recent posts we have highlighted some of the discussion in government and the media around the concept of \u201ccatch-up\u201d.&hellip;<\/p>\n<\/div>\n\t\t\n<a href=\"https:\/\/web.escudoweb.com\/index.php\/covid-19-creates-a-window-for-school-reform-in-africa\/\" class=\"dt-btn-s dt-btn post-details details-type-btn\" aria-label=\"Read more about Covid-19 creates a window for school reform in Africa\">Read more<i class=\"dt-icon-the7-arrow-03\" aria-hidden=\"true\"><\/i><\/a>\n\n\t<\/div>\n<\/div><\/article><article class=\"post post-2714 type-post status-publish format-standard has-post-thumbnail hentry category-news category-21\" data-name=\"Stanford researchers identify four causes for \u2018Zoom fatigue\u2019 and their simple fixes\" data-date=\"2021-05-03T06:10:59+02:00\">\n\n<div class=\"post-thumbnail-wrap\">\n\t<div class=\"post-thumbnail\">\n\t\t\n\t\t\n\t\t<a href=\"https:\/\/web.escudoweb.com\/index.php\/stanford-researchers-identify-four-causes-for-zoom-fatigue-and-their-simple-fixes\/\" class=\"post-thumbnail-rollover layzr-bg\" ><img decoding=\"async\" class=\"preload-me owl-lazy-load aspect\" src=\"data:image\/svg+xml,%3Csvg%20xmlns%3D&#39;http%3A%2F%2Fwww.w3.org%2F2000%2Fsvg&#39;%20viewBox%3D&#39;0%200%20555%20370&#39;%2F%3E\" data-src=\"https:\/\/web.escudoweb.com\/wp-content\/uploads\/2021\/05\/GettyImages-1221478602-555x370.jpeg\" data-srcset=\"https:\/\/web.escudoweb.com\/wp-content\/uploads\/2021\/05\/GettyImages-1221478602-555x370.jpeg 555w\" loading=\"eager\" style=\"--ratio: 555 \/ 370\" sizes=\"(max-width: 555px) 100vw, 555px\" alt=\"\" title=\"Sick woman drinking hot drink while working at home office\" width=\"555\" height=\"370\"  \/><\/a>\t<\/div>\n<\/div>\n\n\n<div class=\"post-entry-content\">\n\t<div class=\"post-entry-wrapper\">\n\t\t\t\t<h3 class=\"entry-title\">\n\t\t\t<a href=\"https:\/\/web.escudoweb.com\/index.php\/stanford-researchers-identify-four-causes-for-zoom-fatigue-and-their-simple-fixes\/\" title=\"Stanford researchers identify four causes for \u2018Zoom fatigue\u2019 and their simple fixes\" rel=\"bookmark\">Stanford researchers identify four causes for \u2018Zoom fatigue\u2019 and their simple fixes<\/a>\n\t\t<\/h3>\n\n\t\t<div class=\"entry-meta\"><a href=\"https:\/\/web.escudoweb.com\/index.php\/2021\/05\/03\/\" title=\"06:10\" class=\"data-link\" rel=\"bookmark\"><time class=\"entry-date updated\" datetime=\"2021-05-03T06:10:59+02:00\">3 mayo 2021<\/time><\/a><\/div>\n\t\t<div class=\"entry-excerpt\"><p>[vc_row][vc_column][vc_column_text]While we have all learned to depend on Zoom and other video conferencing platforms in order to continue both working&hellip;<\/p>\n<\/div>\n\t\t\n<a href=\"https:\/\/web.escudoweb.com\/index.php\/stanford-researchers-identify-four-causes-for-zoom-fatigue-and-their-simple-fixes\/\" class=\"dt-btn-s dt-btn post-details details-type-btn\" aria-label=\"Read more about Stanford researchers identify four causes for \u2018Zoom fatigue\u2019 and their simple fixes\">Read more<i class=\"dt-icon-the7-arrow-03\" aria-hidden=\"true\"><\/i><\/a>\n\n\t<\/div>\n<\/div><\/article><article class=\"post post-2708 type-post status-publish format-standard has-post-thumbnail hentry category-news category-21\" data-name=\"TikTok sued for billions over use of children&#8217;s data\" data-date=\"2021-04-30T05:56:00+02:00\">\n\n<div class=\"post-thumbnail-wrap\">\n\t<div class=\"post-thumbnail\">\n\t\t\n\t\t\n\t\t<a href=\"https:\/\/web.escudoweb.com\/index.php\/tiktok-sued-for-billions-over-use-of-childrens-data\/\" class=\"post-thumbnail-rollover layzr-bg\" ><img decoding=\"async\" class=\"preload-me owl-lazy-load aspect\" src=\"data:image\/svg+xml,%3Csvg%20xmlns%3D&#39;http%3A%2F%2Fwww.w3.org%2F2000%2Fsvg&#39;%20viewBox%3D&#39;0%200%20768%20512&#39;%2F%3E\" data-src=\"https:\/\/web.escudoweb.com\/wp-content\/uploads\/2021\/04\/118124810_tt-girl-768x512.jpeg\" data-srcset=\"https:\/\/web.escudoweb.com\/wp-content\/uploads\/2021\/04\/118124810_tt-girl-768x512.jpeg 768w, https:\/\/web.escudoweb.com\/wp-content\/uploads\/2021\/04\/118124810_tt-girl-823x549.jpeg 823w\" loading=\"eager\" style=\"--ratio: 768 \/ 512\" sizes=\"(max-width: 768px) 100vw, 768px\" alt=\"\" title=\"_118124810_tt-girl\" width=\"768\" height=\"512\"  \/><\/a>\t<\/div>\n<\/div>\n\n\n<div class=\"post-entry-content\">\n\t<div class=\"post-entry-wrapper\">\n\t\t\t\t<h3 class=\"entry-title\">\n\t\t\t<a href=\"https:\/\/web.escudoweb.com\/index.php\/tiktok-sued-for-billions-over-use-of-childrens-data\/\" title=\"TikTok sued for billions over use of children&#8217;s data\" rel=\"bookmark\">TikTok sued for billions over use of children&#8217;s data<\/a>\n\t\t<\/h3>\n\n\t\t<div class=\"entry-meta\"><a href=\"https:\/\/web.escudoweb.com\/index.php\/2021\/04\/30\/\" title=\"05:56\" class=\"data-link\" rel=\"bookmark\"><time class=\"entry-date updated\" datetime=\"2021-04-30T05:56:00+02:00\">30 abril 2021<\/time><\/a><\/div>\n\t\t<div class=\"entry-excerpt\"><p>[vc_row][vc_column][vc_column_text]The usage, or even abuse of customer data, is a long-raging argument that led to the GDPR regulation in 2016.&hellip;<\/p>\n<\/div>\n\t\t\n<a href=\"https:\/\/web.escudoweb.com\/index.php\/tiktok-sued-for-billions-over-use-of-childrens-data\/\" class=\"dt-btn-s dt-btn post-details details-type-btn\" aria-label=\"Read more about TikTok sued for billions over use of children&#8217;s data\">Read more<i class=\"dt-icon-the7-arrow-03\" aria-hidden=\"true\"><\/i><\/a>\n\n\t<\/div>\n<\/div><\/article><article class=\"post post-2705 type-post status-publish format-standard has-post-thumbnail hentry category-news category-21\" data-name=\"&#8216;A Big Asterisk on the Future.&#8217; High School Counselors on Challenges Facing the Class of 2021\" data-date=\"2021-04-29T06:13:16+02:00\">\n\n<div class=\"post-thumbnail-wrap\">\n\t<div class=\"post-thumbnail\">\n\t\t\n\t\t\n\t\t<a href=\"https:\/\/web.escudoweb.com\/index.php\/a-big-asterisk-on-the-future-high-school-counselors-on-challenges-facing-the-class-of-2021\/\" class=\"post-thumbnail-rollover layzr-bg\" ><img decoding=\"async\" class=\"preload-me owl-lazy-load aspect\" src=\"data:image\/svg+xml,%3Csvg%20xmlns%3D&#39;http%3A%2F%2Fwww.w3.org%2F2000%2Fsvg&#39;%20viewBox%3D&#39;0%200%20768%20512&#39;%2F%3E\" data-src=\"https:\/\/web.escudoweb.com\/wp-content\/uploads\/2021\/04\/high-school-counselors-768x512.jpeg\" data-srcset=\"https:\/\/web.escudoweb.com\/wp-content\/uploads\/2021\/04\/high-school-counselors-768x512.jpeg 768w, https:\/\/web.escudoweb.com\/wp-content\/uploads\/2021\/04\/high-school-counselors.jpeg 799w\" loading=\"eager\" style=\"--ratio: 768 \/ 512\" sizes=\"(max-width: 768px) 100vw, 768px\" alt=\"\" title=\"high-school-counselors\" width=\"768\" height=\"512\"  \/><\/a>\t<\/div>\n<\/div>\n\n\n<div class=\"post-entry-content\">\n\t<div class=\"post-entry-wrapper\">\n\t\t\t\t<h3 class=\"entry-title\">\n\t\t\t<a href=\"https:\/\/web.escudoweb.com\/index.php\/a-big-asterisk-on-the-future-high-school-counselors-on-challenges-facing-the-class-of-2021\/\" title=\"&#8216;A Big Asterisk on the Future.&#8217; High School Counselors on Challenges Facing the Class of 2021\" rel=\"bookmark\">&#8216;A Big Asterisk on the Future.&#8217; High School Counselors on Challenges Facing the Class of 2021<\/a>\n\t\t<\/h3>\n\n\t\t<div class=\"entry-meta\"><a href=\"https:\/\/web.escudoweb.com\/index.php\/2021\/04\/29\/\" title=\"06:13\" class=\"data-link\" rel=\"bookmark\"><time class=\"entry-date updated\" datetime=\"2021-04-29T06:13:16+02:00\">29 abril 2021<\/time><\/a><\/div>\n\t\t<div class=\"entry-excerpt\"><p>[vc_row][vc_column][vc_column_text]While the pandemic has affected every level of student classes, the situation for those finishing school and applying for university&hellip;<\/p>\n<\/div>\n\t\t\n<a href=\"https:\/\/web.escudoweb.com\/index.php\/a-big-asterisk-on-the-future-high-school-counselors-on-challenges-facing-the-class-of-2021\/\" class=\"dt-btn-s dt-btn post-details details-type-btn\" aria-label=\"Read more about &#8216;A Big Asterisk on the Future.&#8217; High School Counselors on Challenges Facing the Class of 2021\">Read more<i class=\"dt-icon-the7-arrow-03\" aria-hidden=\"true\"><\/i><\/a>\n\n\t<\/div>\n<\/div><\/article><article class=\"post post-2701 type-post status-publish format-standard has-post-thumbnail hentry category-news category-21\" data-name=\"Large numbers of pupils are no longer enrolled in America\u2019s schools\" data-date=\"2021-04-28T06:04:42+02:00\">\n\n<div class=\"post-thumbnail-wrap\">\n\t<div class=\"post-thumbnail\">\n\t\t\n\t\t\n\t\t<a href=\"https:\/\/web.escudoweb.com\/index.php\/large-numbers-of-pupils-are-no-longer-enrolled-in-americas-schools\/\" class=\"post-thumbnail-rollover layzr-bg\" ><img decoding=\"async\" class=\"preload-me owl-lazy-load aspect\" src=\"data:image\/svg+xml,%3Csvg%20xmlns%3D&#39;http%3A%2F%2Fwww.w3.org%2F2000%2Fsvg&#39;%20viewBox%3D&#39;0%200%20768%20512&#39;%2F%3E\" data-src=\"https:\/\/web.escudoweb.com\/wp-content\/uploads\/2021\/04\/20210206_usp501-768x512.jpeg\" data-srcset=\"https:\/\/web.escudoweb.com\/wp-content\/uploads\/2021\/04\/20210206_usp501-768x512.jpeg 768w, https:\/\/web.escudoweb.com\/wp-content\/uploads\/2021\/04\/20210206_usp501-844x563.jpeg 844w\" loading=\"eager\" style=\"--ratio: 768 \/ 512\" sizes=\"(max-width: 768px) 100vw, 768px\" alt=\"\" title=\"20210206_usp501\" width=\"768\" height=\"512\"  \/><\/a>\t<\/div>\n<\/div>\n\n\n<div class=\"post-entry-content\">\n\t<div class=\"post-entry-wrapper\">\n\t\t\t\t<h3 class=\"entry-title\">\n\t\t\t<a href=\"https:\/\/web.escudoweb.com\/index.php\/large-numbers-of-pupils-are-no-longer-enrolled-in-americas-schools\/\" title=\"Large numbers of pupils are no longer enrolled in America\u2019s schools\" rel=\"bookmark\">Large numbers of pupils are no longer enrolled in America\u2019s schools<\/a>\n\t\t<\/h3>\n\n\t\t<div class=\"entry-meta\"><a href=\"https:\/\/web.escudoweb.com\/index.php\/2021\/04\/28\/\" title=\"06:04\" class=\"data-link\" rel=\"bookmark\"><time class=\"entry-date updated\" datetime=\"2021-04-28T06:04:42+02:00\">28 abril 2021<\/time><\/a><\/div>\n\t\t<div class=\"entry-excerpt\"><p>[vc_row][vc_column][vc_column_text]One strange impact from the last thirteen months in the US is that children are dropping off the registers of&hellip;<\/p>\n<\/div>\n\t\t\n<a href=\"https:\/\/web.escudoweb.com\/index.php\/large-numbers-of-pupils-are-no-longer-enrolled-in-americas-schools\/\" class=\"dt-btn-s dt-btn post-details details-type-btn\" aria-label=\"Read more about Large numbers of pupils are no longer enrolled in America\u2019s schools\">Read more<i class=\"dt-icon-the7-arrow-03\" aria-hidden=\"true\"><\/i><\/a>\n\n\t<\/div>\n<\/div><\/article><article class=\"post post-2698 type-post status-publish format-standard has-post-thumbnail hentry category-news category-21\" data-name=\"Big Ask: Children in England asked their hopes for post-Covid future\" data-date=\"2021-04-27T06:15:04+02:00\">\n\n<div class=\"post-thumbnail-wrap\">\n\t<div class=\"post-thumbnail\">\n\t\t\n\t\t\n\t\t<a href=\"https:\/\/web.escudoweb.com\/index.php\/big-ask-children-in-england-asked-their-hopes-for-post-covid-future\/\" class=\"post-thumbnail-rollover layzr-bg\" ><img decoding=\"async\" class=\"preload-me owl-lazy-load aspect\" src=\"data:image\/svg+xml,%3Csvg%20xmlns%3D&#39;http%3A%2F%2Fwww.w3.org%2F2000%2Fsvg&#39;%20viewBox%3D&#39;0%200%20768%20512&#39;%2F%3E\" data-src=\"https:\/\/web.escudoweb.com\/wp-content\/uploads\/2021\/04\/118104536_pa-52158064-768x512.jpeg\" data-srcset=\"https:\/\/web.escudoweb.com\/wp-content\/uploads\/2021\/04\/118104536_pa-52158064-768x512.jpeg 768w, https:\/\/web.escudoweb.com\/wp-content\/uploads\/2021\/04\/118104536_pa-52158064-823x549.jpeg 823w\" loading=\"eager\" style=\"--ratio: 768 \/ 512\" sizes=\"(max-width: 768px) 100vw, 768px\" alt=\"\" title=\"_118104536_pa-52158064\" width=\"768\" height=\"512\"  \/><\/a>\t<\/div>\n<\/div>\n\n\n<div class=\"post-entry-content\">\n\t<div class=\"post-entry-wrapper\">\n\t\t\t\t<h3 class=\"entry-title\">\n\t\t\t<a href=\"https:\/\/web.escudoweb.com\/index.php\/big-ask-children-in-england-asked-their-hopes-for-post-covid-future\/\" title=\"Big Ask: Children in England asked their hopes for post-Covid future\" rel=\"bookmark\">Big Ask: Children in England asked their hopes for post-Covid future<\/a>\n\t\t<\/h3>\n\n\t\t<div class=\"entry-meta\"><a href=\"https:\/\/web.escudoweb.com\/index.php\/2021\/04\/27\/\" title=\"06:15\" class=\"data-link\" rel=\"bookmark\"><time class=\"entry-date updated\" datetime=\"2021-04-27T06:15:04+02:00\">27 abril 2021<\/time><\/a><\/div>\n\t\t<div class=\"entry-excerpt\"><p>[vc_row][vc_column][vc_column_text]In a rather unusual overtly democratic move, as reported by the BBC millions of children in England are going to&hellip;<\/p>\n<\/div>\n\t\t\n<a href=\"https:\/\/web.escudoweb.com\/index.php\/big-ask-children-in-england-asked-their-hopes-for-post-covid-future\/\" class=\"dt-btn-s dt-btn post-details details-type-btn\" aria-label=\"Read more about Big Ask: Children in England asked their hopes for post-Covid future\">Read more<i class=\"dt-icon-the7-arrow-03\" aria-hidden=\"true\"><\/i><\/a>\n\n\t<\/div>\n<\/div><\/article><article class=\"post post-2695 type-post status-publish format-standard has-post-thumbnail hentry category-news category-21\" data-name=\"Facebook isn\u2019t getting the message on child abuse, says Priti Patel\" data-date=\"2021-04-26T06:15:07+02:00\">\n\n<div class=\"post-thumbnail-wrap\">\n\t<div class=\"post-thumbnail\">\n\t\t\n\t\t\n\t\t<a href=\"https:\/\/web.escudoweb.com\/index.php\/facebook-isnt-getting-the-message-on-child-abuse-says-priti-patel\/\" class=\"post-thumbnail-rollover layzr-bg\" ><img decoding=\"async\" class=\"preload-me owl-lazy-load aspect\" src=\"data:image\/svg+xml,%3Csvg%20xmlns%3D&#39;http%3A%2F%2Fwww.w3.org%2F2000%2Fsvg&#39;%20viewBox%3D&#39;0%200%20768%20512&#39;%2F%3E\" data-src=\"https:\/\/web.escudoweb.com\/wp-content\/uploads\/2021\/04\/methode_times_prod_web_bin_fea79cfc-a091-11eb-949b-ab1b919d4f89-768x512.jpeg\" data-srcset=\"https:\/\/web.escudoweb.com\/wp-content\/uploads\/2021\/04\/methode_times_prod_web_bin_fea79cfc-a091-11eb-949b-ab1b919d4f89-768x512.jpeg 768w, https:\/\/web.escudoweb.com\/wp-content\/uploads\/2021\/04\/methode_times_prod_web_bin_fea79cfc-a091-11eb-949b-ab1b919d4f89-994x662.jpeg 994w\" loading=\"eager\" style=\"--ratio: 768 \/ 512\" sizes=\"(max-width: 768px) 100vw, 768px\" alt=\"\" title=\"_methode_times_prod_web_bin_fea79cfc-a091-11eb-949b-ab1b919d4f89\" width=\"768\" height=\"512\"  \/><\/a>\t<\/div>\n<\/div>\n\n\n<div class=\"post-entry-content\">\n\t<div class=\"post-entry-wrapper\">\n\t\t\t\t<h3 class=\"entry-title\">\n\t\t\t<a href=\"https:\/\/web.escudoweb.com\/index.php\/facebook-isnt-getting-the-message-on-child-abuse-says-priti-patel\/\" title=\"Facebook isn\u2019t getting the message on child abuse, says Priti Patel\" rel=\"bookmark\">Facebook isn\u2019t getting the message on child abuse, says Priti Patel<\/a>\n\t\t<\/h3>\n\n\t\t<div class=\"entry-meta\"><a href=\"https:\/\/web.escudoweb.com\/index.php\/2021\/04\/26\/\" title=\"06:15\" class=\"data-link\" rel=\"bookmark\"><time class=\"entry-date updated\" datetime=\"2021-04-26T06:15:07+02:00\">26 abril 2021<\/time><\/a><\/div>\n\t\t<div class=\"entry-excerpt\"><p>[vc_row][vc_column][vc_column_text]Facebook once again has been in the spotlight of the media. Their plan for encryption of all their messaging services&hellip;<\/p>\n<\/div>\n\t\t\n<a href=\"https:\/\/web.escudoweb.com\/index.php\/facebook-isnt-getting-the-message-on-child-abuse-says-priti-patel\/\" class=\"dt-btn-s dt-btn post-details details-type-btn\" aria-label=\"Read more about Facebook isn\u2019t getting the message on child abuse, says Priti Patel\">Read more<i class=\"dt-icon-the7-arrow-03\" aria-hidden=\"true\"><\/i><\/a>\n\n\t<\/div>\n<\/div><\/article><article class=\"post post-2692 type-post status-publish format-standard has-post-thumbnail hentry category-news category-21\" data-name=\"Roblox Struggles With Sexual Content\" data-date=\"2021-04-23T06:07:57+02:00\">\n\n<div class=\"post-thumbnail-wrap\">\n\t<div class=\"post-thumbnail\">\n\t\t\n\t\t\n\t\t<a href=\"https:\/\/web.escudoweb.com\/index.php\/roblox-struggles-with-sexual-content\/\" class=\"post-thumbnail-rollover layzr-bg\" ><img decoding=\"async\" class=\"preload-me owl-lazy-load aspect\" src=\"data:image\/svg+xml,%3Csvg%20xmlns%3D&#39;http%3A%2F%2Fwww.w3.org%2F2000%2Fsvg&#39;%20viewBox%3D&#39;0%200%20768%20512&#39;%2F%3E\" data-src=\"https:\/\/web.escudoweb.com\/wp-content\/uploads\/2021\/04\/im-326522-768x512.jpeg\" data-srcset=\"https:\/\/web.escudoweb.com\/wp-content\/uploads\/2021\/04\/im-326522-768x512.jpeg 768w, https:\/\/web.escudoweb.com\/wp-content\/uploads\/2021\/04\/im-326522-1152x768.jpeg 1152w\" loading=\"eager\" style=\"--ratio: 768 \/ 512\" sizes=\"(max-width: 768px) 100vw, 768px\" alt=\"\" title=\"im-326522\" width=\"768\" height=\"512\"  \/><\/a>\t<\/div>\n<\/div>\n\n\n<div class=\"post-entry-content\">\n\t<div class=\"post-entry-wrapper\">\n\t\t\t\t<h3 class=\"entry-title\">\n\t\t\t<a href=\"https:\/\/web.escudoweb.com\/index.php\/roblox-struggles-with-sexual-content\/\" title=\"Roblox Struggles With Sexual Content\" rel=\"bookmark\">Roblox Struggles With Sexual Content<\/a>\n\t\t<\/h3>\n\n\t\t<div class=\"entry-meta\"><a href=\"https:\/\/web.escudoweb.com\/index.php\/2021\/04\/23\/\" title=\"06:07\" class=\"data-link\" rel=\"bookmark\"><time class=\"entry-date updated\" datetime=\"2021-04-23T06:07:57+02:00\">23 abril 2021<\/time><\/a><\/div>\n\t\t<div class=\"entry-excerpt\"><p>[vc_row][vc_column][vc_column_text]Covid-29 has forced children to spend all day online, and many have sought out online games for entertainment. Sadly there&hellip;<\/p>\n<\/div>\n\t\t\n<a href=\"https:\/\/web.escudoweb.com\/index.php\/roblox-struggles-with-sexual-content\/\" class=\"dt-btn-s dt-btn post-details details-type-btn\" aria-label=\"Read more about Roblox Struggles With Sexual Content\">Read more<i class=\"dt-icon-the7-arrow-03\" aria-hidden=\"true\"><\/i><\/a>\n\n\t<\/div>\n<\/div><\/article><article class=\"post post-2688 type-post status-publish format-standard has-post-thumbnail hentry category-news category-21\" data-name=\"Reimagining education, together\" data-date=\"2021-04-22T06:27:28+02:00\">\n\n<div class=\"post-thumbnail-wrap\">\n\t<div class=\"post-thumbnail\">\n\t\t\n\t\t\n\t\t<a href=\"https:\/\/web.escudoweb.com\/index.php\/reimagining-education-together\/\" class=\"post-thumbnail-rollover layzr-bg\" ><img decoding=\"async\" class=\"preload-me owl-lazy-load aspect\" src=\"data:image\/svg+xml,%3Csvg%20xmlns%3D&#39;http%3A%2F%2Fwww.w3.org%2F2000%2Fsvg&#39;%20viewBox%3D&#39;0%200%20768%20512&#39;%2F%3E\" data-src=\"https:\/\/web.escudoweb.com\/wp-content\/uploads\/2021\/04\/UNI355731-768x512.jpeg\" data-srcset=\"https:\/\/web.escudoweb.com\/wp-content\/uploads\/2021\/04\/UNI355731-768x512.jpeg 768w, https:\/\/web.escudoweb.com\/wp-content\/uploads\/2021\/04\/UNI355731-1152x768.jpeg 1152w\" loading=\"eager\" style=\"--ratio: 768 \/ 512\" sizes=\"(max-width: 768px) 100vw, 768px\" alt=\"\" title=\"DSC_6845\" width=\"768\" height=\"512\"  \/><\/a>\t<\/div>\n<\/div>\n\n\n<div class=\"post-entry-content\">\n\t<div class=\"post-entry-wrapper\">\n\t\t\t\t<h3 class=\"entry-title\">\n\t\t\t<a href=\"https:\/\/web.escudoweb.com\/index.php\/reimagining-education-together\/\" title=\"Reimagining education, together\" rel=\"bookmark\">Reimagining education, together<\/a>\n\t\t<\/h3>\n\n\t\t<div class=\"entry-meta\"><a href=\"https:\/\/web.escudoweb.com\/index.php\/2021\/04\/22\/\" title=\"06:27\" class=\"data-link\" rel=\"bookmark\"><time class=\"entry-date updated\" datetime=\"2021-04-22T06:27:28+02:00\">22 abril 2021<\/time><\/a><\/div>\n\t\t<div class=\"entry-excerpt\"><p>[vc_row][vc_column][vc_column_text]While the last thirteen months have been hard on the poor and disadvantaged in terms of accessing methods of learning&hellip;<\/p>\n<\/div>\n\t\t\n<a href=\"https:\/\/web.escudoweb.com\/index.php\/reimagining-education-together\/\" class=\"dt-btn-s dt-btn post-details details-type-btn\" aria-label=\"Read more about Reimagining education, together\">Read more<i class=\"dt-icon-the7-arrow-03\" aria-hidden=\"true\"><\/i><\/a>\n\n\t<\/div>\n<\/div><\/article><article class=\"post post-2685 type-post status-publish format-standard has-post-thumbnail hentry category-news category-21\" data-name=\"Does It Hurt Children to Measure Pandemic Learning Loss?\" data-date=\"2021-04-21T06:17:30+02:00\">\n\n<div class=\"post-thumbnail-wrap\">\n\t<div class=\"post-thumbnail\">\n\t\t\n\t\t\n\t\t<a href=\"https:\/\/web.escudoweb.com\/index.php\/does-it-hurt-children-to-measure-pandemic-learning-loss\/\" class=\"post-thumbnail-rollover layzr-bg\" ><img decoding=\"async\" class=\"preload-me owl-lazy-load aspect\" src=\"data:image\/svg+xml,%3Csvg%20xmlns%3D&#39;http%3A%2F%2Fwww.w3.org%2F2000%2Fsvg&#39;%20viewBox%3D&#39;0%200%20600%20400&#39;%2F%3E\" data-src=\"https:\/\/web.escudoweb.com\/wp-content\/uploads\/2021\/04\/merlin_185707134_dd2ed835-df1d-424c-b9c4-916943996c25-articleLarge.jpeg\" data-srcset=\"https:\/\/web.escudoweb.com\/wp-content\/uploads\/2021\/04\/merlin_185707134_dd2ed835-df1d-424c-b9c4-916943996c25-articleLarge.jpeg 600w\" loading=\"eager\" style=\"--ratio: 600 \/ 400\" sizes=\"(max-width: 600px) 100vw, 600px\" alt=\"\" title=\"merlin_185707134_dd2ed835-df1d-424c-b9c4-916943996c25-articleLarge\" width=\"600\" height=\"400\"  \/><\/a>\t<\/div>\n<\/div>\n\n\n<div class=\"post-entry-content\">\n\t<div class=\"post-entry-wrapper\">\n\t\t\t\t<h3 class=\"entry-title\">\n\t\t\t<a href=\"https:\/\/web.escudoweb.com\/index.php\/does-it-hurt-children-to-measure-pandemic-learning-loss\/\" title=\"Does It Hurt Children to Measure Pandemic Learning Loss?\" rel=\"bookmark\">Does It Hurt Children to Measure Pandemic Learning Loss?<\/a>\n\t\t<\/h3>\n\n\t\t<div class=\"entry-meta\"><a href=\"https:\/\/web.escudoweb.com\/index.php\/2021\/04\/21\/\" title=\"06:17\" class=\"data-link\" rel=\"bookmark\"><time class=\"entry-date updated\" datetime=\"2021-04-21T06:17:30+02:00\">21 abril 2021<\/time><\/a><\/div>\n\t\t<div class=\"entry-excerpt\"><p>[vc_row][vc_column][vc_column_text]A recent article in the NYTimes has highlighted an issue that is affecting children all over the world and needs&hellip;<\/p>\n<\/div>\n\t\t\n<a href=\"https:\/\/web.escudoweb.com\/index.php\/does-it-hurt-children-to-measure-pandemic-learning-loss\/\" class=\"dt-btn-s dt-btn post-details details-type-btn\" aria-label=\"Read more about Does It Hurt Children to Measure Pandemic Learning Loss?\">Read more<i class=\"dt-icon-the7-arrow-03\" aria-hidden=\"true\"><\/i><\/a>\n\n\t<\/div>\n<\/div><\/article><article class=\"post post-2681 type-post status-publish format-standard has-post-thumbnail hentry category-news category-21\" data-name=\"Facebook urged to scrap Instagram for children plans\" data-date=\"2021-04-20T06:20:39+02:00\">\n\n<div class=\"post-thumbnail-wrap\">\n\t<div class=\"post-thumbnail\">\n\t\t\n\t\t\n\t\t<a href=\"https:\/\/web.escudoweb.com\/index.php\/facebook-urged-to-scrap-instagram-for-children-plans\/\" class=\"post-thumbnail-rollover layzr-bg\" ><img decoding=\"async\" class=\"preload-me owl-lazy-load aspect\" src=\"data:image\/svg+xml,%3Csvg%20xmlns%3D&#39;http%3A%2F%2Fwww.w3.org%2F2000%2Fsvg&#39;%20viewBox%3D&#39;0%200%20768%20512&#39;%2F%3E\" data-src=\"https:\/\/web.escudoweb.com\/wp-content\/uploads\/2021\/04\/118064696_instagram-768x512.jpeg\" data-srcset=\"https:\/\/web.escudoweb.com\/wp-content\/uploads\/2021\/04\/118064696_instagram-768x512.jpeg 768w, https:\/\/web.escudoweb.com\/wp-content\/uploads\/2021\/04\/118064696_instagram-823x549.jpeg 823w\" loading=\"eager\" style=\"--ratio: 768 \/ 512\" sizes=\"(max-width: 768px) 100vw, 768px\" alt=\"\" title=\"_118064696_instagram\" width=\"768\" height=\"512\"  \/><\/a>\t<\/div>\n<\/div>\n\n\n<div class=\"post-entry-content\">\n\t<div class=\"post-entry-wrapper\">\n\t\t\t\t<h3 class=\"entry-title\">\n\t\t\t<a href=\"https:\/\/web.escudoweb.com\/index.php\/facebook-urged-to-scrap-instagram-for-children-plans\/\" title=\"Facebook urged to scrap Instagram for children plans\" rel=\"bookmark\">Facebook urged to scrap Instagram for children plans<\/a>\n\t\t<\/h3>\n\n\t\t<div class=\"entry-meta\"><a href=\"https:\/\/web.escudoweb.com\/index.php\/2021\/04\/20\/\" title=\"06:20\" class=\"data-link\" rel=\"bookmark\"><time class=\"entry-date updated\" datetime=\"2021-04-20T06:20:39+02:00\">20 abril 2021<\/time><\/a><\/div>\n\t\t<div class=\"entry-excerpt\"><p>[vc_row][vc_column][vc_column_text]Facebook has, until recently, had plans to launch a version of Instagram for children. The original plan behind this was&hellip;<\/p>\n<\/div>\n\t\t\n<a href=\"https:\/\/web.escudoweb.com\/index.php\/facebook-urged-to-scrap-instagram-for-children-plans\/\" class=\"dt-btn-s dt-btn post-details details-type-btn\" aria-label=\"Read more about Facebook urged to scrap Instagram for children plans\">Read more<i class=\"dt-icon-the7-arrow-03\" aria-hidden=\"true\"><\/i><\/a>\n\n\t<\/div>\n<\/div><\/article><article class=\"post post-2676 type-post status-publish format-standard has-post-thumbnail hentry category-news category-21\" data-name=\"Libraries need to rethink the role of technology\" data-date=\"2021-04-19T05:59:36+02:00\">\n\n<div class=\"post-thumbnail-wrap\">\n\t<div class=\"post-thumbnail\">\n\t\t\n\t\t\n\t\t<a href=\"https:\/\/web.escudoweb.com\/index.php\/libraries-need-to-rethink-the-role-of-technology\/\" class=\"post-thumbnail-rollover layzr-bg\" ><img decoding=\"async\" class=\"preload-me owl-lazy-load aspect\" src=\"data:image\/svg+xml,%3Csvg%20xmlns%3D&#39;http%3A%2F%2Fwww.w3.org%2F2000%2Fsvg&#39;%20viewBox%3D&#39;0%200%20768%20512&#39;%2F%3E\" data-src=\"https:\/\/web.escudoweb.com\/wp-content\/uploads\/2021\/04\/979-768x512.jpeg\" data-srcset=\"https:\/\/web.escudoweb.com\/wp-content\/uploads\/2021\/04\/979-768x512.jpeg 768w, https:\/\/web.escudoweb.com\/wp-content\/uploads\/2021\/04\/979-1152x768.jpeg 1152w\" loading=\"eager\" style=\"--ratio: 768 \/ 512\" sizes=\"(max-width: 768px) 100vw, 768px\" alt=\"\" title=\"979\" width=\"768\" height=\"512\"  \/><\/a>\t<\/div>\n<\/div>\n\n\n<div class=\"post-entry-content\">\n\t<div class=\"post-entry-wrapper\">\n\t\t\t\t<h3 class=\"entry-title\">\n\t\t\t<a href=\"https:\/\/web.escudoweb.com\/index.php\/libraries-need-to-rethink-the-role-of-technology\/\" title=\"Libraries need to rethink the role of technology\" rel=\"bookmark\">Libraries need to rethink the role of technology<\/a>\n\t\t<\/h3>\n\n\t\t<div class=\"entry-meta\"><a href=\"https:\/\/web.escudoweb.com\/index.php\/2021\/04\/19\/\" title=\"05:59\" class=\"data-link\" rel=\"bookmark\"><time class=\"entry-date updated\" datetime=\"2021-04-19T05:59:36+02:00\">19 abril 2021<\/time><\/a><\/div>\n\t\t<div class=\"entry-excerpt\"><p>[vc_row][vc_column][vc_column_text]While AI is often misunderstood, due to erroneous portrayal in Hollywood movies the reality is that for libraries and in&hellip;<\/p>\n<\/div>\n\t\t\n<a href=\"https:\/\/web.escudoweb.com\/index.php\/libraries-need-to-rethink-the-role-of-technology\/\" class=\"dt-btn-s dt-btn post-details details-type-btn\" aria-label=\"Read more about Libraries need to rethink the role of technology\">Read more<i class=\"dt-icon-the7-arrow-03\" aria-hidden=\"true\"><\/i><\/a>\n\n\t<\/div>\n<\/div><\/article><article class=\"post post-2673 type-post status-publish format-standard has-post-thumbnail hentry category-news category-21\" data-name=\"Mobile phones should be banned in schools &#8211; Gavin Williamson\" data-date=\"2021-04-16T05:57:27+02:00\">\n\n<div class=\"post-thumbnail-wrap\">\n\t<div class=\"post-thumbnail\">\n\t\t\n\t\t\n\t\t<a href=\"https:\/\/web.escudoweb.com\/index.php\/mobile-phones-should-be-banned-in-schools-gavin-williamson\/\" class=\"post-thumbnail-rollover layzr-bg\" ><img decoding=\"async\" class=\"preload-me owl-lazy-load aspect\" src=\"data:image\/svg+xml,%3Csvg%20xmlns%3D&#39;http%3A%2F%2Fwww.w3.org%2F2000%2Fsvg&#39;%20viewBox%3D&#39;0%200%20768%20512&#39;%2F%3E\" data-src=\"https:\/\/web.escudoweb.com\/wp-content\/uploads\/2021\/04\/102130975_gettyimages-648946116-768x512.jpeg\" data-srcset=\"https:\/\/web.escudoweb.com\/wp-content\/uploads\/2021\/04\/102130975_gettyimages-648946116-768x512.jpeg 768w, https:\/\/web.escudoweb.com\/wp-content\/uploads\/2021\/04\/102130975_gettyimages-648946116-823x549.jpeg 823w\" loading=\"eager\" style=\"--ratio: 768 \/ 512\" sizes=\"(max-width: 768px) 100vw, 768px\" alt=\"\" title=\"_102130975_gettyimages-648946116\" width=\"768\" height=\"512\"  \/><\/a>\t<\/div>\n<\/div>\n\n\n<div class=\"post-entry-content\">\n\t<div class=\"post-entry-wrapper\">\n\t\t\t\t<h3 class=\"entry-title\">\n\t\t\t<a href=\"https:\/\/web.escudoweb.com\/index.php\/mobile-phones-should-be-banned-in-schools-gavin-williamson\/\" title=\"Mobile phones should be banned in schools &#8211; Gavin Williamson\" rel=\"bookmark\">Mobile phones should be banned in schools &#8211; Gavin Williamson<\/a>\n\t\t<\/h3>\n\n\t\t<div class=\"entry-meta\"><a href=\"https:\/\/web.escudoweb.com\/index.php\/2021\/04\/16\/\" title=\"05:57\" class=\"data-link\" rel=\"bookmark\"><time class=\"entry-date updated\" datetime=\"2021-04-16T05:57:27+02:00\">16 abril 2021<\/time><\/a><\/div>\n\t\t<div class=\"entry-excerpt\"><p>[vc_row][vc_column][vc_column_text]The UK has just taken the unusual step, previously imposed in France and more recently China, to ban mobile phones&hellip;<\/p>\n<\/div>\n\t\t\n<a href=\"https:\/\/web.escudoweb.com\/index.php\/mobile-phones-should-be-banned-in-schools-gavin-williamson\/\" class=\"dt-btn-s dt-btn post-details details-type-btn\" aria-label=\"Read more about Mobile phones should be banned in schools &#8211; Gavin Williamson\">Read more<i class=\"dt-icon-the7-arrow-03\" aria-hidden=\"true\"><\/i><\/a>\n\n\t<\/div>\n<\/div><\/article><article class=\"post post-2670 type-post status-publish format-standard has-post-thumbnail hentry category-news category-21\" data-name=\"What you need to know about school violence and bullying\" data-date=\"2021-04-15T05:58:45+02:00\">\n\n<div class=\"post-thumbnail-wrap\">\n\t<div class=\"post-thumbnail\">\n\t\t\n\t\t\n\t\t<a href=\"https:\/\/web.escudoweb.com\/index.php\/what-you-need-to-know-about-school-violence-and-bullying\/\" class=\"post-thumbnail-rollover layzr-bg\" ><img decoding=\"async\" class=\"preload-me owl-lazy-load aspect\" src=\"data:image\/svg+xml,%3Csvg%20xmlns%3D&#39;http%3A%2F%2Fwww.w3.org%2F2000%2Fsvg&#39;%20viewBox%3D&#39;0%200%20552%20368&#39;%2F%3E\" data-src=\"https:\/\/web.escudoweb.com\/wp-content\/uploads\/2021\/04\/what-you-need-to-know-school-violence-bullying-c-eakachai_leesin-shutterstock-552x368.jpeg\" data-srcset=\"https:\/\/web.escudoweb.com\/wp-content\/uploads\/2021\/04\/what-you-need-to-know-school-violence-bullying-c-eakachai_leesin-shutterstock-552x368.jpeg 552w\" loading=\"eager\" style=\"--ratio: 552 \/ 368\" sizes=\"(max-width: 552px) 100vw, 552px\" alt=\"\" title=\"what-you-need-to-know-school-violence-bullying-c-eakachai_leesin-shutterstock\" width=\"552\" height=\"368\"  \/><\/a>\t<\/div>\n<\/div>\n\n\n<div class=\"post-entry-content\">\n\t<div class=\"post-entry-wrapper\">\n\t\t\t\t<h3 class=\"entry-title\">\n\t\t\t<a href=\"https:\/\/web.escudoweb.com\/index.php\/what-you-need-to-know-about-school-violence-and-bullying\/\" title=\"What you need to know about school violence and bullying\" rel=\"bookmark\">What you need to know about school violence and bullying<\/a>\n\t\t<\/h3>\n\n\t\t<div class=\"entry-meta\"><a href=\"https:\/\/web.escudoweb.com\/index.php\/2021\/04\/15\/\" title=\"05:58\" class=\"data-link\" rel=\"bookmark\"><time class=\"entry-date updated\" datetime=\"2021-04-15T05:58:45+02:00\">15 abril 2021<\/time><\/a><\/div>\n\t\t<div class=\"entry-excerpt\"><p>[vc_row][vc_column][vc_column_text]One inescapable fact that happens inside and outside of school is bullying. While the past twelve months have possibly hidden&hellip;<\/p>\n<\/div>\n\t\t\n<a href=\"https:\/\/web.escudoweb.com\/index.php\/what-you-need-to-know-about-school-violence-and-bullying\/\" class=\"dt-btn-s dt-btn post-details details-type-btn\" aria-label=\"Read more about What you need to know about school violence and bullying\">Read more<i class=\"dt-icon-the7-arrow-03\" aria-hidden=\"true\"><\/i><\/a>\n\n\t<\/div>\n<\/div><\/article><article class=\"post post-2665 type-post status-publish format-standard has-post-thumbnail hentry category-news category-21\" data-name=\"School: It\u2019s Not Just for Kids Anymore\" data-date=\"2021-04-14T06:07:40+02:00\">\n\n<div class=\"post-thumbnail-wrap\">\n\t<div class=\"post-thumbnail\">\n\t\t\n\t\t\n\t\t<a href=\"https:\/\/web.escudoweb.com\/index.php\/school-its-not-just-for-kids-anymore\/\" class=\"post-thumbnail-rollover layzr-bg\" ><img decoding=\"async\" class=\"preload-me owl-lazy-load aspect\" src=\"data:image\/svg+xml,%3Csvg%20xmlns%3D&#39;http%3A%2F%2Fwww.w3.org%2F2000%2Fsvg&#39;%20viewBox%3D&#39;0%200%20768%20512&#39;%2F%3E\" data-src=\"https:\/\/web.escudoweb.com\/wp-content\/uploads\/2021\/04\/02fixes-williams-sub-superJumbo-768x512.jpeg\" data-srcset=\"https:\/\/web.escudoweb.com\/wp-content\/uploads\/2021\/04\/02fixes-williams-sub-superJumbo-768x512.jpeg 768w, https:\/\/web.escudoweb.com\/wp-content\/uploads\/2021\/04\/02fixes-williams-sub-superJumbo-1152x768.jpeg 1152w\" loading=\"eager\" style=\"--ratio: 768 \/ 512\" sizes=\"(max-width: 768px) 100vw, 768px\" alt=\"\" title=\"02fixes-williams-sub-superJumbo\" width=\"768\" height=\"512\"  \/><\/a>\t<\/div>\n<\/div>\n\n\n<div class=\"post-entry-content\">\n\t<div class=\"post-entry-wrapper\">\n\t\t\t\t<h3 class=\"entry-title\">\n\t\t\t<a href=\"https:\/\/web.escudoweb.com\/index.php\/school-its-not-just-for-kids-anymore\/\" title=\"School: It\u2019s Not Just for Kids Anymore\" rel=\"bookmark\">School: It\u2019s Not Just for Kids Anymore<\/a>\n\t\t<\/h3>\n\n\t\t<div class=\"entry-meta\"><a href=\"https:\/\/web.escudoweb.com\/index.php\/2021\/04\/14\/\" title=\"06:07\" class=\"data-link\" rel=\"bookmark\"><time class=\"entry-date updated\" datetime=\"2021-04-14T06:07:40+02:00\">14 abril 2021<\/time><\/a><\/div>\n\t\t<div class=\"entry-excerpt\"><p>[vc_row][vc_column][vc_column_text]A very novel approach to education used in the US at the four Briya Public Charter Schools is that of&hellip;<\/p>\n<\/div>\n\t\t\n<a href=\"https:\/\/web.escudoweb.com\/index.php\/school-its-not-just-for-kids-anymore\/\" class=\"dt-btn-s dt-btn post-details details-type-btn\" aria-label=\"Read more about School: It\u2019s Not Just for Kids Anymore\">Read more<i class=\"dt-icon-the7-arrow-03\" aria-hidden=\"true\"><\/i><\/a>\n\n\t<\/div>\n<\/div><\/article><article class=\"post post-2662 type-post status-publish format-standard has-post-thumbnail hentry category-news category-21\" data-name=\"The role of school heads and why they matter during the COVID pandemic\" data-date=\"2021-04-13T06:10:27+02:00\">\n\n<div class=\"post-thumbnail-wrap\">\n\t<div class=\"post-thumbnail\">\n\t\t\n\t\t\n\t\t<a href=\"https:\/\/web.escudoweb.com\/index.php\/the-role-of-school-heads-and-why-they-matter-during-the-covid-pandemic\/\" class=\"post-thumbnail-rollover layzr-bg\" ><img decoding=\"async\" class=\"preload-me owl-lazy-load aspect\" src=\"data:image\/svg+xml,%3Csvg%20xmlns%3D&#39;http%3A%2F%2Fwww.w3.org%2F2000%2Fsvg&#39;%20viewBox%3D&#39;0%200%20768%20512&#39;%2F%3E\" data-src=\"https:\/\/web.escudoweb.com\/wp-content\/uploads\/2021\/04\/Role-of-school-heads-covid-768x512.jpeg\" data-srcset=\"https:\/\/web.escudoweb.com\/wp-content\/uploads\/2021\/04\/Role-of-school-heads-covid-768x512.jpeg 768w, https:\/\/web.escudoweb.com\/wp-content\/uploads\/2021\/04\/Role-of-school-heads-covid-1012x675.jpeg 1012w\" loading=\"eager\" style=\"--ratio: 768 \/ 512\" sizes=\"(max-width: 768px) 100vw, 768px\" alt=\"\" title=\"Role-of-school-heads-covid\" width=\"768\" height=\"512\"  \/><\/a>\t<\/div>\n<\/div>\n\n\n<div class=\"post-entry-content\">\n\t<div class=\"post-entry-wrapper\">\n\t\t\t\t<h3 class=\"entry-title\">\n\t\t\t<a href=\"https:\/\/web.escudoweb.com\/index.php\/the-role-of-school-heads-and-why-they-matter-during-the-covid-pandemic\/\" title=\"The role of school heads and why they matter during the COVID pandemic\" rel=\"bookmark\">The role of school heads and why they matter during the COVID pandemic<\/a>\n\t\t<\/h3>\n\n\t\t<div class=\"entry-meta\"><a href=\"https:\/\/web.escudoweb.com\/index.php\/2021\/04\/13\/\" title=\"06:10\" class=\"data-link\" rel=\"bookmark\"><time class=\"entry-date updated\" datetime=\"2021-04-13T06:10:27+02:00\">13 abril 2021<\/time><\/a><\/div>\n\t\t<div class=\"entry-excerpt\"><p>[vc_row][vc_column][vc_column_text]The role of the school head has grown in visibility and also responsibility during the pandemic. They have had to&hellip;<\/p>\n<\/div>\n\t\t\n<a href=\"https:\/\/web.escudoweb.com\/index.php\/the-role-of-school-heads-and-why-they-matter-during-the-covid-pandemic\/\" class=\"dt-btn-s dt-btn post-details details-type-btn\" aria-label=\"Read more about The role of school heads and why they matter during the COVID pandemic\">Read more<i class=\"dt-icon-the7-arrow-03\" aria-hidden=\"true\"><\/i><\/a>\n\n\t<\/div>\n<\/div><\/article><article class=\"post post-2657 type-post status-publish format-standard has-post-thumbnail hentry category-news category-21\" data-name=\"Home-schooling around the world: How have we coped?\" data-date=\"2021-04-12T05:32:45+02:00\">\n\n<div class=\"post-thumbnail-wrap\">\n\t<div class=\"post-thumbnail\">\n\t\t\n\t\t\n\t\t<a href=\"https:\/\/web.escudoweb.com\/index.php\/home-schooling-around-the-world-how-have-we-coped\/\" class=\"post-thumbnail-rollover layzr-bg\" ><img decoding=\"async\" class=\"preload-me owl-lazy-load aspect\" src=\"data:image\/svg+xml,%3Csvg%20xmlns%3D&#39;http%3A%2F%2Fwww.w3.org%2F2000%2Fsvg&#39;%20viewBox%3D&#39;0%200%20768%20512&#39;%2F%3E\" data-src=\"https:\/\/web.escudoweb.com\/wp-content\/uploads\/2021\/04\/117595160_un0364072-768x512.jpeg\" data-srcset=\"https:\/\/web.escudoweb.com\/wp-content\/uploads\/2021\/04\/117595160_un0364072-768x512.jpeg 768w, https:\/\/web.escudoweb.com\/wp-content\/uploads\/2021\/04\/117595160_un0364072-823x549.jpeg 823w\" loading=\"eager\" style=\"--ratio: 768 \/ 512\" sizes=\"(max-width: 768px) 100vw, 768px\" alt=\"\" title=\"_117595160_un0364072\" width=\"768\" height=\"512\"  \/><\/a>\t<\/div>\n<\/div>\n\n\n<div class=\"post-entry-content\">\n\t<div class=\"post-entry-wrapper\">\n\t\t\t\t<h3 class=\"entry-title\">\n\t\t\t<a href=\"https:\/\/web.escudoweb.com\/index.php\/home-schooling-around-the-world-how-have-we-coped\/\" title=\"Home-schooling around the world: How have we coped?\" rel=\"bookmark\">Home-schooling around the world: How have we coped?<\/a>\n\t\t<\/h3>\n\n\t\t<div class=\"entry-meta\"><a href=\"https:\/\/web.escudoweb.com\/index.php\/2021\/04\/12\/\" title=\"05:32\" class=\"data-link\" rel=\"bookmark\"><time class=\"entry-date updated\" datetime=\"2021-04-12T05:32:45+02:00\">12 abril 2021<\/time><\/a><\/div>\n\t\t<div class=\"entry-excerpt\"><p>[vc_row][vc_column][vc_column_text]Home schooling was, in many countries, seen as a very short-term solution to the Pandemic. Sadly, this is now a&hellip;<\/p>\n<\/div>\n\t\t\n<a href=\"https:\/\/web.escudoweb.com\/index.php\/home-schooling-around-the-world-how-have-we-coped\/\" class=\"dt-btn-s dt-btn post-details details-type-btn\" aria-label=\"Read more about Home-schooling around the world: How have we coped?\">Read more<i class=\"dt-icon-the7-arrow-03\" aria-hidden=\"true\"><\/i><\/a>\n\n\t<\/div>\n<\/div><\/article><article class=\"post post-2654 type-post status-publish format-standard has-post-thumbnail hentry category-news category-21\" data-name=\"As Pandemic Upends Teaching, Fewer Students Want to Pursue It\" data-date=\"2021-04-09T06:18:55+02:00\">\n\n<div class=\"post-thumbnail-wrap\">\n\t<div class=\"post-thumbnail\">\n\t\t\n\t\t\n\t\t<a href=\"https:\/\/web.escudoweb.com\/index.php\/as-pandemic-upends-teaching-fewer-students-want-to-pursue-it\/\" class=\"post-thumbnail-rollover layzr-bg\" ><img decoding=\"async\" class=\"preload-me owl-lazy-load aspect\" src=\"data:image\/svg+xml,%3Csvg%20xmlns%3D&#39;http%3A%2F%2Fwww.w3.org%2F2000%2Fsvg&#39;%20viewBox%3D&#39;0%200%20768%20512&#39;%2F%3E\" data-src=\"https:\/\/web.escudoweb.com\/wp-content\/uploads\/2021\/04\/merlin_177200973_4fdb8d06-fa13-4988-85cb-82c70db5c569-superJumbo-768x512.jpeg\" data-srcset=\"https:\/\/web.escudoweb.com\/wp-content\/uploads\/2021\/04\/merlin_177200973_4fdb8d06-fa13-4988-85cb-82c70db5c569-superJumbo-768x512.jpeg 768w, https:\/\/web.escudoweb.com\/wp-content\/uploads\/2021\/04\/merlin_177200973_4fdb8d06-fa13-4988-85cb-82c70db5c569-superJumbo-1152x768.jpeg 1152w\" loading=\"eager\" style=\"--ratio: 768 \/ 512\" sizes=\"(max-width: 768px) 100vw, 768px\" alt=\"\" title=\"merlin_177200973_4fdb8d06-fa13-4988-85cb-82c70db5c569-superJumbo\" width=\"768\" height=\"512\"  \/><\/a>\t<\/div>\n<\/div>\n\n\n<div class=\"post-entry-content\">\n\t<div class=\"post-entry-wrapper\">\n\t\t\t\t<h3 class=\"entry-title\">\n\t\t\t<a href=\"https:\/\/web.escudoweb.com\/index.php\/as-pandemic-upends-teaching-fewer-students-want-to-pursue-it\/\" title=\"As Pandemic Upends Teaching, Fewer Students Want to Pursue It\" rel=\"bookmark\">As Pandemic Upends Teaching, Fewer Students Want to Pursue It<\/a>\n\t\t<\/h3>\n\n\t\t<div class=\"entry-meta\"><a href=\"https:\/\/web.escudoweb.com\/index.php\/2021\/04\/09\/\" title=\"06:18\" class=\"data-link\" rel=\"bookmark\"><time class=\"entry-date updated\" datetime=\"2021-04-09T06:18:55+02:00\">9 abril 2021<\/time><\/a><\/div>\n\t\t<div class=\"entry-excerpt\"><p>[vc_row][vc_column][vc_column_text]While the teaching profession is not a high payer there are many other aspects of the job that have attracted&hellip;<\/p>\n<\/div>\n\t\t\n<a href=\"https:\/\/web.escudoweb.com\/index.php\/as-pandemic-upends-teaching-fewer-students-want-to-pursue-it\/\" class=\"dt-btn-s dt-btn post-details details-type-btn\" aria-label=\"Read more about As Pandemic Upends Teaching, Fewer Students Want to Pursue It\">Read more<i class=\"dt-icon-the7-arrow-03\" aria-hidden=\"true\"><\/i><\/a>\n\n\t<\/div>\n<\/div><\/article><article class=\"post post-2649 type-post status-publish format-standard has-post-thumbnail hentry category-news category-21\" data-name=\"Blended learning \u2018worse than studying exclusively at home\u2019, says Lindsay Paterson\" data-date=\"2021-04-08T06:12:42+02:00\">\n\n<div class=\"post-thumbnail-wrap\">\n\t<div class=\"post-thumbnail\">\n\t\t\n\t\t\n\t\t<a href=\"https:\/\/web.escudoweb.com\/index.php\/blended-learning-worse-than-studying-exclusively-at-home-says-lindsay-paterson\/\" class=\"post-thumbnail-rollover layzr-bg\" ><img decoding=\"async\" class=\"preload-me owl-lazy-load aspect\" src=\"data:image\/svg+xml,%3Csvg%20xmlns%3D&#39;http%3A%2F%2Fwww.w3.org%2F2000%2Fsvg&#39;%20viewBox%3D&#39;0%200%20768%20512&#39;%2F%3E\" data-src=\"https:\/\/web.escudoweb.com\/wp-content\/uploads\/2021\/04\/methode_sundaytimes_prod_web_bin_5d952f4a-7ec3-11eb-8de9-4ee21426ea3f-768x512.jpeg\" data-srcset=\"https:\/\/web.escudoweb.com\/wp-content\/uploads\/2021\/04\/methode_sundaytimes_prod_web_bin_5d952f4a-7ec3-11eb-8de9-4ee21426ea3f-768x512.jpeg 768w, https:\/\/web.escudoweb.com\/wp-content\/uploads\/2021\/04\/methode_sundaytimes_prod_web_bin_5d952f4a-7ec3-11eb-8de9-4ee21426ea3f-994x662.jpeg 994w\" loading=\"eager\" style=\"--ratio: 768 \/ 512\" sizes=\"(max-width: 768px) 100vw, 768px\" alt=\"\" title=\"_methode_sundaytimes_prod_web_bin_5d952f4a-7ec3-11eb-8de9-4ee21426ea3f\" width=\"768\" height=\"512\"  \/><\/a>\t<\/div>\n<\/div>\n\n\n<div class=\"post-entry-content\">\n\t<div class=\"post-entry-wrapper\">\n\t\t\t\t<h3 class=\"entry-title\">\n\t\t\t<a href=\"https:\/\/web.escudoweb.com\/index.php\/blended-learning-worse-than-studying-exclusively-at-home-says-lindsay-paterson\/\" title=\"Blended learning \u2018worse than studying exclusively at home\u2019, says Lindsay Paterson\" rel=\"bookmark\">Blended learning \u2018worse than studying exclusively at home\u2019, says Lindsay Paterson<\/a>\n\t\t<\/h3>\n\n\t\t<div class=\"entry-meta\"><a href=\"https:\/\/web.escudoweb.com\/index.php\/2021\/04\/08\/\" title=\"06:12\" class=\"data-link\" rel=\"bookmark\"><time class=\"entry-date updated\" datetime=\"2021-04-08T06:12:42+02:00\">8 abril 2021<\/time><\/a><\/div>\n\t\t<div class=\"entry-excerpt\"><p>[vc_row][vc_column][vc_column_text]While Hybrid Learning is set to become &#8211; and has been in some countries &#8211; the new normal a recent&hellip;<\/p>\n<\/div>\n\t\t\n<a href=\"https:\/\/web.escudoweb.com\/index.php\/blended-learning-worse-than-studying-exclusively-at-home-says-lindsay-paterson\/\" class=\"dt-btn-s dt-btn post-details details-type-btn\" aria-label=\"Read more about Blended learning \u2018worse than studying exclusively at home\u2019, says Lindsay Paterson\">Read more<i class=\"dt-icon-the7-arrow-03\" aria-hidden=\"true\"><\/i><\/a>\n\n\t<\/div>\n<\/div><\/article><article class=\"post post-2646 type-post status-publish format-standard has-post-thumbnail hentry category-news category-21\" data-name=\"Covid: Schools warned against overloading pupils\" data-date=\"2021-04-07T05:45:40+02:00\">\n\n<div class=\"post-thumbnail-wrap\">\n\t<div class=\"post-thumbnail\">\n\t\t\n\t\t\n\t\t<a href=\"https:\/\/web.escudoweb.com\/index.php\/covid-schools-warned-against-overloading-pupils\/\" class=\"post-thumbnail-rollover layzr-bg\" ><img decoding=\"async\" class=\"preload-me owl-lazy-load aspect\" src=\"data:image\/svg+xml,%3Csvg%20xmlns%3D&#39;http%3A%2F%2Fwww.w3.org%2F2000%2Fsvg&#39;%20viewBox%3D&#39;0%200%20768%20512&#39;%2F%3E\" data-src=\"https:\/\/web.escudoweb.com\/wp-content\/uploads\/2021\/04\/117369557_gettyimages-1231489604-1-768x512.jpeg\" data-srcset=\"https:\/\/web.escudoweb.com\/wp-content\/uploads\/2021\/04\/117369557_gettyimages-1231489604-1-768x512.jpeg 768w, https:\/\/web.escudoweb.com\/wp-content\/uploads\/2021\/04\/117369557_gettyimages-1231489604-1-823x549.jpeg 823w\" loading=\"eager\" style=\"--ratio: 768 \/ 512\" sizes=\"(max-width: 768px) 100vw, 768px\" alt=\"\" title=\"_117369557_gettyimages-1231489604-1\" width=\"768\" height=\"512\"  \/><\/a>\t<\/div>\n<\/div>\n\n\n<div class=\"post-entry-content\">\n\t<div class=\"post-entry-wrapper\">\n\t\t\t\t<h3 class=\"entry-title\">\n\t\t\t<a href=\"https:\/\/web.escudoweb.com\/index.php\/covid-schools-warned-against-overloading-pupils\/\" title=\"Covid: Schools warned against overloading pupils\" rel=\"bookmark\">Covid: Schools warned against overloading pupils<\/a>\n\t\t<\/h3>\n\n\t\t<div class=\"entry-meta\"><a href=\"https:\/\/web.escudoweb.com\/index.php\/2021\/04\/07\/\" title=\"05:45\" class=\"data-link\" rel=\"bookmark\"><time class=\"entry-date updated\" datetime=\"2021-04-07T05:45:40+02:00\">7 abril 2021<\/time><\/a><\/div>\n\t\t<div class=\"entry-excerpt\"><p>[vc_row][vc_column][vc_column_text]As governments and schools reflect in order to decide on how to plan the catch up on lost learning over&hellip;<\/p>\n<\/div>\n\t\t\n<a href=\"https:\/\/web.escudoweb.com\/index.php\/covid-schools-warned-against-overloading-pupils\/\" class=\"dt-btn-s dt-btn post-details details-type-btn\" aria-label=\"Read more about Covid: Schools warned against overloading pupils\">Read more<i class=\"dt-icon-the7-arrow-03\" aria-hidden=\"true\"><\/i><\/a>\n\n\t<\/div>\n<\/div><\/article><article class=\"post post-2643 type-post status-publish format-standard has-post-thumbnail hentry category-news category-21\" data-name=\"Remote learning gets an \u201cF\u201d in poorer schools\" data-date=\"2021-04-06T11:45:49+02:00\">\n\n<div class=\"post-thumbnail-wrap\">\n\t<div class=\"post-thumbnail\">\n\t\t\n\t\t\n\t\t<a href=\"https:\/\/web.escudoweb.com\/index.php\/remote-learning-gets-an-f-in-poorer-schools\/\" class=\"post-thumbnail-rollover layzr-bg\" ><img decoding=\"async\" class=\"preload-me owl-lazy-load aspect\" src=\"data:image\/svg+xml,%3Csvg%20xmlns%3D&#39;http%3A%2F%2Fwww.w3.org%2F2000%2Fsvg&#39;%20viewBox%3D&#39;0%200%20768%20512&#39;%2F%3E\" data-src=\"https:\/\/web.escudoweb.com\/wp-content\/uploads\/2021\/04\/SVGZ-TeacherSurveys-Ex3-768x512.jpeg\" data-srcset=\"https:\/\/web.escudoweb.com\/wp-content\/uploads\/2021\/04\/SVGZ-TeacherSurveys-Ex3-768x512.jpeg 768w, https:\/\/web.escudoweb.com\/wp-content\/uploads\/2021\/04\/SVGZ-TeacherSurveys-Ex3-1152x768.jpeg 1152w\" loading=\"eager\" style=\"--ratio: 768 \/ 512\" sizes=\"(max-width: 768px) 100vw, 768px\" alt=\"\" title=\"SVGZ-TeacherSurveys-Ex3\" width=\"768\" height=\"512\"  \/><\/a>\t<\/div>\n<\/div>\n\n\n<div class=\"post-entry-content\">\n\t<div class=\"post-entry-wrapper\">\n\t\t\t\t<h3 class=\"entry-title\">\n\t\t\t<a href=\"https:\/\/web.escudoweb.com\/index.php\/remote-learning-gets-an-f-in-poorer-schools\/\" title=\"Remote learning gets an \u201cF\u201d in poorer schools\" rel=\"bookmark\">Remote learning gets an \u201cF\u201d in poorer schools<\/a>\n\t\t<\/h3>\n\n\t\t<div class=\"entry-meta\"><a href=\"https:\/\/web.escudoweb.com\/index.php\/2021\/04\/06\/\" title=\"11:45\" class=\"data-link\" rel=\"bookmark\"><time class=\"entry-date updated\" datetime=\"2021-04-06T11:45:49+02:00\">6 abril 2021<\/time><\/a><\/div>\n\t\t<div class=\"entry-excerpt\"><p>[vc_row][vc_column][vc_column_text]Aunque la teor\u00eda del aprendizaje a distancia es que deber\u00eda ser igual para todos, lo cierto es que, seg\u00fan informa&hellip;<\/p>\n<\/div>\n\t\t\n<a href=\"https:\/\/web.escudoweb.com\/index.php\/remote-learning-gets-an-f-in-poorer-schools\/\" class=\"dt-btn-s dt-btn post-details details-type-btn\" aria-label=\"Read more about Remote learning gets an \u201cF\u201d in poorer schools\">Read more<i class=\"dt-icon-the7-arrow-03\" aria-hidden=\"true\"><\/i><\/a>\n\n\t<\/div>\n<\/div><\/article><article class=\"post post-2635 type-post status-publish format-standard has-post-thumbnail hentry category-news category-21\" data-name=\"How will countries make up for lost learning during the pandemic?\" data-date=\"2021-04-05T05:48:54+02:00\">\n\n<div class=\"post-thumbnail-wrap\">\n\t<div class=\"post-thumbnail\">\n\t\t\n\t\t\n\t\t<a href=\"https:\/\/web.escudoweb.com\/index.php\/how-will-countries-make-up-for-lost-learning-during-the-pandemic\/\" class=\"post-thumbnail-rollover layzr-bg\" ><img decoding=\"async\" class=\"preload-me owl-lazy-load aspect\" src=\"data:image\/svg+xml,%3Csvg%20xmlns%3D&#39;http%3A%2F%2Fwww.w3.org%2F2000%2Fsvg&#39;%20viewBox%3D&#39;0%200%20768%20512&#39;%2F%3E\" data-src=\"https:\/\/web.escudoweb.com\/wp-content\/uploads\/2021\/04\/16295374425_dc703d4446_k-768x512.jpeg\" data-srcset=\"https:\/\/web.escudoweb.com\/wp-content\/uploads\/2021\/04\/16295374425_dc703d4446_k-768x512.jpeg 768w, https:\/\/web.escudoweb.com\/wp-content\/uploads\/2021\/04\/16295374425_dc703d4446_k-864x576.jpeg 864w\" loading=\"eager\" style=\"--ratio: 768 \/ 512\" sizes=\"(max-width: 768px) 100vw, 768px\" alt=\"\" title=\"16295374425_dc703d4446_k\" width=\"768\" height=\"512\"  \/><\/a>\t<\/div>\n<\/div>\n\n\n<div class=\"post-entry-content\">\n\t<div class=\"post-entry-wrapper\">\n\t\t\t\t<h3 class=\"entry-title\">\n\t\t\t<a href=\"https:\/\/web.escudoweb.com\/index.php\/how-will-countries-make-up-for-lost-learning-during-the-pandemic\/\" title=\"How will countries make up for lost learning during the pandemic?\" rel=\"bookmark\">How will countries make up for lost learning during the pandemic?<\/a>\n\t\t<\/h3>\n\n\t\t<div class=\"entry-meta\"><a href=\"https:\/\/web.escudoweb.com\/index.php\/2021\/04\/05\/\" title=\"05:48\" class=\"data-link\" rel=\"bookmark\"><time class=\"entry-date updated\" datetime=\"2021-04-05T05:48:54+02:00\">5 abril 2021<\/time><\/a><\/div>\n\t\t<div class=\"entry-excerpt\"><p>[vc_row][vc_column][vc_column_text]According to UNESCO nearly two-thirds of the academic year has been lost worldwide due to school closures caused by the&hellip;<\/p>\n<\/div>\n\t\t\n<a href=\"https:\/\/web.escudoweb.com\/index.php\/how-will-countries-make-up-for-lost-learning-during-the-pandemic\/\" class=\"dt-btn-s dt-btn post-details details-type-btn\" aria-label=\"Read more about How will countries make up for lost learning during the pandemic?\">Read more<i class=\"dt-icon-the7-arrow-03\" aria-hidden=\"true\"><\/i><\/a>\n\n\t<\/div>\n<\/div><\/article><article class=\"post post-2631 type-post status-publish format-standard has-post-thumbnail hentry category-news category-21\" data-name=\"The Times Education Commission: Push to give children a better start\" data-date=\"2021-03-31T06:43:37+02:00\">\n\n<div class=\"post-thumbnail-wrap\">\n\t<div class=\"post-thumbnail\">\n\t\t\n\t\t\n\t\t<a href=\"https:\/\/web.escudoweb.com\/index.php\/the-times-education-commission-push-to-give-children-a-better-start\/\" class=\"post-thumbnail-rollover layzr-bg\" ><img decoding=\"async\" class=\"preload-me owl-lazy-load aspect\" src=\"data:image\/svg+xml,%3Csvg%20xmlns%3D&#39;http%3A%2F%2Fwww.w3.org%2F2000%2Fsvg&#39;%20viewBox%3D&#39;0%200%20768%20512&#39;%2F%3E\" data-src=\"https:\/\/web.escudoweb.com\/wp-content\/uploads\/2021\/03\/methode_times_prod_web_bin_c38a11f4-8c0f-11eb-a1a3-928d43a3bbc1-768x512.jpeg\" data-srcset=\"https:\/\/web.escudoweb.com\/wp-content\/uploads\/2021\/03\/methode_times_prod_web_bin_c38a11f4-8c0f-11eb-a1a3-928d43a3bbc1-768x512.jpeg 768w, https:\/\/web.escudoweb.com\/wp-content\/uploads\/2021\/03\/methode_times_prod_web_bin_c38a11f4-8c0f-11eb-a1a3-928d43a3bbc1-994x662.jpeg 994w\" loading=\"eager\" style=\"--ratio: 768 \/ 512\" sizes=\"(max-width: 768px) 100vw, 768px\" alt=\"\" title=\"_methode_times_prod_web_bin_c38a11f4-8c0f-11eb-a1a3-928d43a3bbc1\" width=\"768\" height=\"512\"  \/><\/a>\t<\/div>\n<\/div>\n\n\n<div class=\"post-entry-content\">\n\t<div class=\"post-entry-wrapper\">\n\t\t\t\t<h3 class=\"entry-title\">\n\t\t\t<a href=\"https:\/\/web.escudoweb.com\/index.php\/the-times-education-commission-push-to-give-children-a-better-start\/\" title=\"The Times Education Commission: Push to give children a better start\" rel=\"bookmark\">The Times Education Commission: Push to give children a better start<\/a>\n\t\t<\/h3>\n\n\t\t<div class=\"entry-meta\"><a href=\"https:\/\/web.escudoweb.com\/index.php\/2021\/03\/31\/\" title=\"06:43\" class=\"data-link\" rel=\"bookmark\"><time class=\"entry-date updated\" datetime=\"2021-03-31T06:43:37+02:00\">31 marzo 2021<\/time><\/a><\/div>\n\t\t<div class=\"entry-excerpt\"><p>[vc_row][vc_column][vc_column_text]Until recently suggestions that the pandemic could allow for a re-think on education in schools were put forward and swiftly&hellip;<\/p>\n<\/div>\n\t\t\n<a href=\"https:\/\/web.escudoweb.com\/index.php\/the-times-education-commission-push-to-give-children-a-better-start\/\" class=\"dt-btn-s dt-btn post-details details-type-btn\" aria-label=\"Read more about The Times Education Commission: Push to give children a better start\">Read more<i class=\"dt-icon-the7-arrow-03\" aria-hidden=\"true\"><\/i><\/a>\n\n\t<\/div>\n<\/div><\/article><article class=\"post post-2628 type-post status-publish format-standard has-post-thumbnail hentry category-news category-21\" data-name=\"How could children make up for lost school time?\" data-date=\"2021-03-30T06:42:02+02:00\">\n\n<div class=\"post-thumbnail-wrap\">\n\t<div class=\"post-thumbnail\">\n\t\t\n\t\t\n\t\t<a href=\"https:\/\/web.escudoweb.com\/index.php\/how-could-children-make-up-for-lost-school-time\/\" class=\"post-thumbnail-rollover layzr-bg\" ><img decoding=\"async\" class=\"preload-me owl-lazy-load aspect\" src=\"data:image\/svg+xml,%3Csvg%20xmlns%3D&#39;http%3A%2F%2Fwww.w3.org%2F2000%2Fsvg&#39;%20viewBox%3D&#39;0%200%20768%20512&#39;%2F%3E\" data-src=\"https:\/\/web.escudoweb.com\/wp-content\/uploads\/2021\/03\/116822006_numbers-768x512.jpeg\" data-srcset=\"https:\/\/web.escudoweb.com\/wp-content\/uploads\/2021\/03\/116822006_numbers-768x512.jpeg 768w, https:\/\/web.escudoweb.com\/wp-content\/uploads\/2021\/03\/116822006_numbers-823x549.jpeg 823w\" loading=\"eager\" style=\"--ratio: 768 \/ 512\" sizes=\"(max-width: 768px) 100vw, 768px\" alt=\"\" title=\"_116822006_numbers\" width=\"768\" height=\"512\"  \/><\/a>\t<\/div>\n<\/div>\n\n\n<div class=\"post-entry-content\">\n\t<div class=\"post-entry-wrapper\">\n\t\t\t\t<h3 class=\"entry-title\">\n\t\t\t<a href=\"https:\/\/web.escudoweb.com\/index.php\/how-could-children-make-up-for-lost-school-time\/\" title=\"How could children make up for lost school time?\" rel=\"bookmark\">How could children make up for lost school time?<\/a>\n\t\t<\/h3>\n\n\t\t<div class=\"entry-meta\"><a href=\"https:\/\/web.escudoweb.com\/index.php\/2021\/03\/30\/\" title=\"06:42\" class=\"data-link\" rel=\"bookmark\"><time class=\"entry-date updated\" datetime=\"2021-03-30T06:42:02+02:00\">30 marzo 2021<\/time><\/a><\/div>\n\t\t<div class=\"entry-excerpt\"><p>[vc_row][vc_column][vc_column_text]As we get into the Easter holidays and Governments and school Head Teachers take stock of where their pupils are&hellip;<\/p>\n<\/div>\n\t\t\n<a href=\"https:\/\/web.escudoweb.com\/index.php\/how-could-children-make-up-for-lost-school-time\/\" class=\"dt-btn-s dt-btn post-details details-type-btn\" aria-label=\"Read more about How could children make up for lost school time?\">Read more<i class=\"dt-icon-the7-arrow-03\" aria-hidden=\"true\"><\/i><\/a>\n\n\t<\/div>\n<\/div><\/article><article class=\"post post-2625 type-post status-publish format-standard has-post-thumbnail hentry category-news category-21\" data-name=\"MS EDUDAY &#8211; The Role of Interaction in Safeguarding and Education\" data-date=\"2021-03-29T12:09:11+02:00\">\n\n<div class=\"post-thumbnail-wrap\">\n\t<div class=\"post-thumbnail\">\n\t\t\n\t\t\n\t\t<a href=\"https:\/\/web.escudoweb.com\/index.php\/ms-eduday-the-role-of-interaction-in-safeguarding-and-education\/\" class=\"post-thumbnail-rollover layzr-bg\" ><img decoding=\"async\" class=\"preload-me owl-lazy-load aspect\" src=\"data:image\/svg+xml,%3Csvg%20xmlns%3D&#39;http%3A%2F%2Fwww.w3.org%2F2000%2Fsvg&#39;%20viewBox%3D&#39;0%200%20675%20450&#39;%2F%3E\" data-src=\"https:\/\/web.escudoweb.com\/wp-content\/uploads\/2021\/03\/1616781834398-675x450.jpeg\" data-srcset=\"https:\/\/web.escudoweb.com\/wp-content\/uploads\/2021\/03\/1616781834398-675x450.jpeg 675w, https:\/\/web.escudoweb.com\/wp-content\/uploads\/2021\/03\/1616781834398-675x449.jpeg 675w\" loading=\"eager\" style=\"--ratio: 675 \/ 450\" sizes=\"(max-width: 675px) 100vw, 675px\" alt=\"\" title=\"1616781834398\" width=\"675\" height=\"450\"  \/><\/a>\t<\/div>\n<\/div>\n\n\n<div class=\"post-entry-content\">\n\t<div class=\"post-entry-wrapper\">\n\t\t\t\t<h3 class=\"entry-title\">\n\t\t\t<a href=\"https:\/\/web.escudoweb.com\/index.php\/ms-eduday-the-role-of-interaction-in-safeguarding-and-education\/\" title=\"MS EDUDAY &#8211; The Role of Interaction in Safeguarding and Education\" rel=\"bookmark\">MS EDUDAY &#8211; The Role of Interaction in Safeguarding and Education<\/a>\n\t\t<\/h3>\n\n\t\t<div class=\"entry-meta\"><a href=\"https:\/\/web.escudoweb.com\/index.php\/2021\/03\/29\/\" title=\"12:09\" class=\"data-link\" rel=\"bookmark\"><time class=\"entry-date updated\" datetime=\"2021-03-29T12:09:11+02:00\">29 marzo 2021<\/time><\/a><\/div>\n\t\t<div class=\"entry-excerpt\"><p>[vc_row][vc_column][vc_column_text]It was great for us to have had the opportunity to participate in the Microsoft Malaysia EDUDAY event last week.&hellip;<\/p>\n<\/div>\n\t\t\n<a href=\"https:\/\/web.escudoweb.com\/index.php\/ms-eduday-the-role-of-interaction-in-safeguarding-and-education\/\" class=\"dt-btn-s dt-btn post-details details-type-btn\" aria-label=\"Read more about MS EDUDAY &#8211; The Role of Interaction in Safeguarding and Education\">Read more<i class=\"dt-icon-the7-arrow-03\" aria-hidden=\"true\"><\/i><\/a>\n\n\t<\/div>\n<\/div><\/article><article class=\"post post-2621 type-post status-publish format-standard has-post-thumbnail hentry category-news category-21\" data-name=\"South Asia: Sharp rise in child and maternal deaths due to COVID-19\" data-date=\"2021-03-26T14:32:36+02:00\">\n\n<div class=\"post-thumbnail-wrap\">\n\t<div class=\"post-thumbnail\">\n\t\t\n\t\t\n\t\t<a href=\"https:\/\/web.escudoweb.com\/index.php\/south-asia-sharp-rise-in-child-and-maternal-deaths-due-to-covid-19\/\" class=\"post-thumbnail-rollover layzr-bg\" ><img decoding=\"async\" class=\"preload-me owl-lazy-load aspect\" src=\"data:image\/svg+xml,%3Csvg%20xmlns%3D&#39;http%3A%2F%2Fwww.w3.org%2F2000%2Fsvg&#39;%20viewBox%3D&#39;0%200%20768%20512&#39;%2F%3E\" data-src=\"https:\/\/web.escudoweb.com\/wp-content\/uploads\/2021\/03\/image1170x530cropped-768x512.jpeg\" data-srcset=\"https:\/\/web.escudoweb.com\/wp-content\/uploads\/2021\/03\/image1170x530cropped-768x512.jpeg 768w, https:\/\/web.escudoweb.com\/wp-content\/uploads\/2021\/03\/image1170x530cropped-795x530.jpeg 795w\" loading=\"eager\" style=\"--ratio: 768 \/ 512\" sizes=\"(max-width: 768px) 100vw, 768px\" alt=\"\" title=\"image1170x530cropped\" width=\"768\" height=\"512\"  \/><\/a>\t<\/div>\n<\/div>\n\n\n<div class=\"post-entry-content\">\n\t<div class=\"post-entry-wrapper\">\n\t\t\t\t<h3 class=\"entry-title\">\n\t\t\t<a href=\"https:\/\/web.escudoweb.com\/index.php\/south-asia-sharp-rise-in-child-and-maternal-deaths-due-to-covid-19\/\" title=\"South Asia: Sharp rise in child and maternal deaths due to COVID-19\" rel=\"bookmark\">South Asia: Sharp rise in child and maternal deaths due to COVID-19<\/a>\n\t\t<\/h3>\n\n\t\t<div class=\"entry-meta\"><a href=\"https:\/\/web.escudoweb.com\/index.php\/2021\/03\/26\/\" title=\"14:32\" class=\"data-link\" rel=\"bookmark\"><time class=\"entry-date updated\" datetime=\"2021-03-26T14:32:36+02:00\">26 marzo 2021<\/time><\/a><\/div>\n\t\t<div class=\"entry-excerpt\"><p>[vc_row][vc_column][vc_column_text]In a recent United Nations communications on the sheer scale of the impact of Covid-19 in South Asia, it has&hellip;<\/p>\n<\/div>\n\t\t\n<a href=\"https:\/\/web.escudoweb.com\/index.php\/south-asia-sharp-rise-in-child-and-maternal-deaths-due-to-covid-19\/\" class=\"dt-btn-s dt-btn post-details details-type-btn\" aria-label=\"Read more about South Asia: Sharp rise in child and maternal deaths due to COVID-19\">Read more<i class=\"dt-icon-the7-arrow-03\" aria-hidden=\"true\"><\/i><\/a>\n\n\t<\/div>\n<\/div><\/article><article class=\"post post-2618 type-post status-publish format-standard has-post-thumbnail hentry category-news category-21\" data-name=\"Mobile phones: a force for good?\" data-date=\"2021-03-25T16:59:39+02:00\">\n\n<div class=\"post-thumbnail-wrap\">\n\t<div class=\"post-thumbnail\">\n\t\t\n\t\t\n\t\t<a href=\"https:\/\/web.escudoweb.com\/index.php\/mobile-phones-a-force-for-good\/\" class=\"post-thumbnail-rollover layzr-bg\" ><img decoding=\"async\" class=\"preload-me owl-lazy-load aspect\" src=\"data:image\/svg+xml,%3Csvg%20xmlns%3D&#39;http%3A%2F%2Fwww.w3.org%2F2000%2Fsvg&#39;%20viewBox%3D&#39;0%200%20768%20512&#39;%2F%3E\" data-src=\"https:\/\/web.escudoweb.com\/wp-content\/uploads\/2021\/03\/rahul-chakraborty-xsGxhtAsfSA-unsplash-768x512.jpeg\" data-srcset=\"https:\/\/web.escudoweb.com\/wp-content\/uploads\/2021\/03\/rahul-chakraborty-xsGxhtAsfSA-unsplash-768x512.jpeg 768w, https:\/\/web.escudoweb.com\/wp-content\/uploads\/2021\/03\/rahul-chakraborty-xsGxhtAsfSA-unsplash-1152x768.jpeg 1152w\" loading=\"eager\" style=\"--ratio: 768 \/ 512\" sizes=\"(max-width: 768px) 100vw, 768px\" alt=\"\" title=\"rahul-chakraborty-xsGxhtAsfSA-unsplash\" width=\"768\" height=\"512\"  \/><\/a>\t<\/div>\n<\/div>\n\n\n<div class=\"post-entry-content\">\n\t<div class=\"post-entry-wrapper\">\n\t\t\t\t<h3 class=\"entry-title\">\n\t\t\t<a href=\"https:\/\/web.escudoweb.com\/index.php\/mobile-phones-a-force-for-good\/\" title=\"Mobile phones: a force for good?\" rel=\"bookmark\">Mobile phones: a force for good?<\/a>\n\t\t<\/h3>\n\n\t\t<div class=\"entry-meta\"><a href=\"https:\/\/web.escudoweb.com\/index.php\/2021\/03\/25\/\" title=\"16:59\" class=\"data-link\" rel=\"bookmark\"><time class=\"entry-date updated\" datetime=\"2021-03-25T16:59:39+02:00\">25 marzo 2021<\/time><\/a><\/div>\n\t\t<div class=\"entry-excerpt\"><p>[vc_row][vc_column][vc_column_text]There are increasing calls for the use of mobile technology to become part of a national curriculum. Dragging some attitudes&hellip;<\/p>\n<\/div>\n\t\t\n<a href=\"https:\/\/web.escudoweb.com\/index.php\/mobile-phones-a-force-for-good\/\" class=\"dt-btn-s dt-btn post-details details-type-btn\" aria-label=\"Read more about Mobile phones: a force for good?\">Read more<i class=\"dt-icon-the7-arrow-03\" aria-hidden=\"true\"><\/i><\/a>\n\n\t<\/div>\n<\/div><\/article><article class=\"post post-2613 type-post status-publish format-standard has-post-thumbnail hentry category-news category-21\" data-name=\"You&#8217;ve lost control of a class. Can you recover it?\" data-date=\"2021-03-24T07:15:43+02:00\">\n\n<div class=\"post-thumbnail-wrap\">\n\t<div class=\"post-thumbnail\">\n\t\t\n\t\t\n\t\t<a href=\"https:\/\/web.escudoweb.com\/index.php\/youve-lost-control-of-a-class-can-you-recover-it\/\" class=\"post-thumbnail-rollover layzr-bg\" ><img decoding=\"async\" class=\"preload-me owl-lazy-load aspect\" src=\"data:image\/svg+xml,%3Csvg%20xmlns%3D&#39;http%3A%2F%2Fwww.w3.org%2F2000%2Fsvg&#39;%20viewBox%3D&#39;0%200%20595%20397&#39;%2F%3E\" data-src=\"https:\/\/web.escudoweb.com\/wp-content\/uploads\/2021\/03\/Classroom-chaos-595x397.jpeg\" data-srcset=\"https:\/\/web.escudoweb.com\/wp-content\/uploads\/2021\/03\/Classroom-chaos-595x397.jpeg 595w\" loading=\"eager\" style=\"--ratio: 595 \/ 397\" sizes=\"(max-width: 595px) 100vw, 595px\" alt=\"\" title=\"Classroom chaos\" width=\"595\" height=\"397\"  \/><\/a>\t<\/div>\n<\/div>\n\n\n<div class=\"post-entry-content\">\n\t<div class=\"post-entry-wrapper\">\n\t\t\t\t<h3 class=\"entry-title\">\n\t\t\t<a href=\"https:\/\/web.escudoweb.com\/index.php\/youve-lost-control-of-a-class-can-you-recover-it\/\" title=\"You&#8217;ve lost control of a class. Can you recover it?\" rel=\"bookmark\">You&#8217;ve lost control of a class. Can you recover it?<\/a>\n\t\t<\/h3>\n\n\t\t<div class=\"entry-meta\"><a href=\"https:\/\/web.escudoweb.com\/index.php\/2021\/03\/24\/\" title=\"07:15\" class=\"data-link\" rel=\"bookmark\"><time class=\"entry-date updated\" datetime=\"2021-03-24T07:15:43+02:00\">24 marzo 2021<\/time><\/a><\/div>\n\t\t<div class=\"entry-excerpt\"><p>[vc_row][vc_column][vc_column_text]There are occasionally moments for teachers when they feel that they are losing a class, and things go from bad&hellip;<\/p>\n<\/div>\n\t\t\n<a href=\"https:\/\/web.escudoweb.com\/index.php\/youve-lost-control-of-a-class-can-you-recover-it\/\" class=\"dt-btn-s dt-btn post-details details-type-btn\" aria-label=\"Read more about You&#8217;ve lost control of a class. Can you recover it?\">Read more<i class=\"dt-icon-the7-arrow-03\" aria-hidden=\"true\"><\/i><\/a>\n\n\t<\/div>\n<\/div><\/article><article class=\"post post-2610 type-post status-publish format-standard has-post-thumbnail hentry category-news category-21\" data-name=\"A new study suggests 3 feet, not 6 feet, is sufficient distance for school students, with mask-wearing and other safety measures kept in place\" data-date=\"2021-03-23T06:43:53+02:00\">\n\n<div class=\"post-thumbnail-wrap\">\n\t<div class=\"post-thumbnail\">\n\t\t\n\t\t\n\t\t<a href=\"https:\/\/web.escudoweb.com\/index.php\/a-new-study-suggests-3-feet-not-6-feet-is-sufficient-distance-for-school-students-with-mask-wearing-and-other-safety-measures-kept-in-place\/\" class=\"post-thumbnail-rollover layzr-bg\" ><img decoding=\"async\" class=\"preload-me owl-lazy-load aspect\" src=\"data:image\/svg+xml,%3Csvg%20xmlns%3D&#39;http%3A%2F%2Fwww.w3.org%2F2000%2Fsvg&#39;%20viewBox%3D&#39;0%200%20768%20512&#39;%2F%3E\" data-src=\"https:\/\/web.escudoweb.com\/wp-content\/uploads\/2021\/03\/merlin_184253052_bfb2b3ea-32de-4497-ad26-d3869f2f7b9e-superJumbo-768x512.jpeg\" data-srcset=\"https:\/\/web.escudoweb.com\/wp-content\/uploads\/2021\/03\/merlin_184253052_bfb2b3ea-32de-4497-ad26-d3869f2f7b9e-superJumbo-768x512.jpeg 768w, https:\/\/web.escudoweb.com\/wp-content\/uploads\/2021\/03\/merlin_184253052_bfb2b3ea-32de-4497-ad26-d3869f2f7b9e-superJumbo-1152x768.jpeg 1152w\" loading=\"eager\" style=\"--ratio: 768 \/ 512\" sizes=\"(max-width: 768px) 100vw, 768px\" alt=\"\" title=\"merlin_184253052_bfb2b3ea-32de-4497-ad26-d3869f2f7b9e-superJumbo\" width=\"768\" height=\"512\"  \/><\/a>\t<\/div>\n<\/div>\n\n\n<div class=\"post-entry-content\">\n\t<div class=\"post-entry-wrapper\">\n\t\t\t\t<h3 class=\"entry-title\">\n\t\t\t<a href=\"https:\/\/web.escudoweb.com\/index.php\/a-new-study-suggests-3-feet-not-6-feet-is-sufficient-distance-for-school-students-with-mask-wearing-and-other-safety-measures-kept-in-place\/\" title=\"A new study suggests 3 feet, not 6 feet, is sufficient distance for school students, with mask-wearing and other safety measures kept in place\" rel=\"bookmark\">A new study suggests 3 feet, not 6 feet, is sufficient distance for school students, with mask-wearing and other safety measures kept in place<\/a>\n\t\t<\/h3>\n\n\t\t<div class=\"entry-meta\"><a href=\"https:\/\/web.escudoweb.com\/index.php\/2021\/03\/23\/\" title=\"06:43\" class=\"data-link\" rel=\"bookmark\"><time class=\"entry-date updated\" datetime=\"2021-03-23T06:43:53+02:00\">23 marzo 2021<\/time><\/a><\/div>\n\t\t<div class=\"entry-excerpt\"><p>[vc_row][vc_column][vc_column_text]The safety measures in place in order to ensure a secure environment have included the need for social distancing of&hellip;<\/p>\n<\/div>\n\t\t\n<a href=\"https:\/\/web.escudoweb.com\/index.php\/a-new-study-suggests-3-feet-not-6-feet-is-sufficient-distance-for-school-students-with-mask-wearing-and-other-safety-measures-kept-in-place\/\" class=\"dt-btn-s dt-btn post-details details-type-btn\" aria-label=\"Read more about A new study suggests 3 feet, not 6 feet, is sufficient distance for school students, with mask-wearing and other safety measures kept in place\">Read more<i class=\"dt-icon-the7-arrow-03\" aria-hidden=\"true\"><\/i><\/a>\n\n\t<\/div>\n<\/div><\/article><article class=\"post post-2607 type-post status-publish format-standard has-post-thumbnail hentry category-news category-21\" data-name=\"As classrooms reopen, a new survey reveals the profound impact of the pandemic on teachers\" data-date=\"2021-03-22T07:00:04+02:00\">\n\n<div class=\"post-thumbnail-wrap\">\n\t<div class=\"post-thumbnail\">\n\t\t\n\t\t\n\t\t<a href=\"https:\/\/web.escudoweb.com\/index.php\/as-classrooms-reopen-a-new-survey-reveals-the-profound-impact-of-the-pandemic-on-teachers\/\" class=\"post-thumbnail-rollover layzr-bg\" ><img decoding=\"async\" class=\"preload-me owl-lazy-load aspect\" src=\"data:image\/svg+xml,%3Csvg%20xmlns%3D&#39;http%3A%2F%2Fwww.w3.org%2F2000%2Fsvg&#39;%20viewBox%3D&#39;0%200%20768%20512&#39;%2F%3E\" data-src=\"https:\/\/web.escudoweb.com\/wp-content\/uploads\/2021\/03\/As-classrooms-reopen-a-new-survey-reveals-the-profound-impact-of-the-pandemic-on-teachers-scaled-768x512.jpeg\" data-srcset=\"https:\/\/web.escudoweb.com\/wp-content\/uploads\/2021\/03\/As-classrooms-reopen-a-new-survey-reveals-the-profound-impact-of-the-pandemic-on-teachers-scaled-768x512.jpeg 768w, https:\/\/web.escudoweb.com\/wp-content\/uploads\/2021\/03\/As-classrooms-reopen-a-new-survey-reveals-the-profound-impact-of-the-pandemic-on-teachers-scaled-1152x768.jpeg 1152w\" loading=\"eager\" style=\"--ratio: 768 \/ 512\" sizes=\"(max-width: 768px) 100vw, 768px\" alt=\"\" title=\"As-classrooms-reopen-a-new-survey-reveals-the-profound-impact-of-the-pandemic-on-teachers-scaled\" width=\"768\" height=\"512\"  \/><\/a>\t<\/div>\n<\/div>\n\n\n<div class=\"post-entry-content\">\n\t<div class=\"post-entry-wrapper\">\n\t\t\t\t<h3 class=\"entry-title\">\n\t\t\t<a href=\"https:\/\/web.escudoweb.com\/index.php\/as-classrooms-reopen-a-new-survey-reveals-the-profound-impact-of-the-pandemic-on-teachers\/\" title=\"As classrooms reopen, a new survey reveals the profound impact of the pandemic on teachers\" rel=\"bookmark\">As classrooms reopen, a new survey reveals the profound impact of the pandemic on teachers<\/a>\n\t\t<\/h3>\n\n\t\t<div class=\"entry-meta\"><a href=\"https:\/\/web.escudoweb.com\/index.php\/2021\/03\/22\/\" title=\"07:00\" class=\"data-link\" rel=\"bookmark\"><time class=\"entry-date updated\" datetime=\"2021-03-22T07:00:04+02:00\">22 marzo 2021<\/time><\/a><\/div>\n\t\t<div class=\"entry-excerpt\"><p>[vc_row][vc_column][vc_column_text]Much has been written in the press about the effect of the pandemic on children (and occasionally their parents) but&hellip;<\/p>\n<\/div>\n\t\t\n<a href=\"https:\/\/web.escudoweb.com\/index.php\/as-classrooms-reopen-a-new-survey-reveals-the-profound-impact-of-the-pandemic-on-teachers\/\" class=\"dt-btn-s dt-btn post-details details-type-btn\" aria-label=\"Read more about As classrooms reopen, a new survey reveals the profound impact of the pandemic on teachers\">Read more<i class=\"dt-icon-the7-arrow-03\" aria-hidden=\"true\"><\/i><\/a>\n\n\t<\/div>\n<\/div><\/article><article class=\"post post-2602 type-post status-publish format-standard has-post-thumbnail hentry category-news category-21\" data-name=\"Vaccine vindication: Teachers \u2018at no greater risk\u2019 of Covid than other workers of their age\" data-date=\"2021-03-19T10:19:28+02:00\">\n\n<div class=\"post-thumbnail-wrap\">\n\t<div class=\"post-thumbnail\">\n\t\t\n\t\t\n\t\t<a href=\"https:\/\/web.escudoweb.com\/index.php\/vaccine-vindication-teachers-at-no-greater-risk-of-covid-than-other-workers-of-their-age\/\" class=\"post-thumbnail-rollover layzr-bg\" ><img decoding=\"async\" class=\"preload-me owl-lazy-load aspect\" src=\"data:image\/svg+xml,%3Csvg%20xmlns%3D&#39;http%3A%2F%2Fwww.w3.org%2F2000%2Fsvg&#39;%20viewBox%3D&#39;0%200%20768%20512&#39;%2F%3E\" data-src=\"https:\/\/web.escudoweb.com\/wp-content\/uploads\/2021\/03\/methode_times_prod_web_bin_de456e26-7a80-11eb-823e-250f70612dc4-768x512.jpeg\" data-srcset=\"https:\/\/web.escudoweb.com\/wp-content\/uploads\/2021\/03\/methode_times_prod_web_bin_de456e26-7a80-11eb-823e-250f70612dc4-768x512.jpeg 768w, https:\/\/web.escudoweb.com\/wp-content\/uploads\/2021\/03\/methode_times_prod_web_bin_de456e26-7a80-11eb-823e-250f70612dc4-994x662.jpeg 994w\" loading=\"eager\" style=\"--ratio: 768 \/ 512\" sizes=\"(max-width: 768px) 100vw, 768px\" alt=\"\" title=\"_methode_times_prod_web_bin_de456e26-7a80-11eb-823e-250f70612dc4\" width=\"768\" height=\"512\"  \/><\/a>\t<\/div>\n<\/div>\n\n\n<div class=\"post-entry-content\">\n\t<div class=\"post-entry-wrapper\">\n\t\t\t\t<h3 class=\"entry-title\">\n\t\t\t<a href=\"https:\/\/web.escudoweb.com\/index.php\/vaccine-vindication-teachers-at-no-greater-risk-of-covid-than-other-workers-of-their-age\/\" title=\"Vaccine vindication: Teachers \u2018at no greater risk\u2019 of Covid than other workers of their age\" rel=\"bookmark\">Vaccine vindication: Teachers \u2018at no greater risk\u2019 of Covid than other workers of their age<\/a>\n\t\t<\/h3>\n\n\t\t<div class=\"entry-meta\"><a href=\"https:\/\/web.escudoweb.com\/index.php\/2021\/03\/19\/\" title=\"10:19\" class=\"data-link\" rel=\"bookmark\"><time class=\"entry-date updated\" datetime=\"2021-03-19T10:19:28+02:00\">19 marzo 2021<\/time><\/a><\/div>\n\t\t<div class=\"entry-excerpt\"><p>[vc_row][vc_column][vc_column_text]Schools have not reported a high incidence of transmission of the coronavirus disease. In this article from The Times it&hellip;<\/p>\n<\/div>\n\t\t\n<a href=\"https:\/\/web.escudoweb.com\/index.php\/vaccine-vindication-teachers-at-no-greater-risk-of-covid-than-other-workers-of-their-age\/\" class=\"dt-btn-s dt-btn post-details details-type-btn\" aria-label=\"Read more about Vaccine vindication: Teachers \u2018at no greater risk\u2019 of Covid than other workers of their age\">Read more<i class=\"dt-icon-the7-arrow-03\" aria-hidden=\"true\"><\/i><\/a>\n\n\t<\/div>\n<\/div><\/article><article class=\"post post-2599 type-post status-publish format-standard has-post-thumbnail hentry category-news category-21\" data-name=\"what is the point of schools?\" data-date=\"2021-03-18T06:49:33+02:00\">\n\n<div class=\"post-thumbnail-wrap\">\n\t<div class=\"post-thumbnail\">\n\t\t\n\t\t\n\t\t<a href=\"https:\/\/web.escudoweb.com\/index.php\/what-is-the-point-of-schools\/\" class=\"post-thumbnail-rollover layzr-bg\" ><img decoding=\"async\" class=\"preload-me owl-lazy-load aspect\" src=\"data:image\/svg+xml,%3Csvg%20xmlns%3D&#39;http%3A%2F%2Fwww.w3.org%2F2000%2Fsvg&#39;%20viewBox%3D&#39;0%200%20768%20512&#39;%2F%3E\" data-src=\"https:\/\/web.escudoweb.com\/wp-content\/uploads\/2021\/03\/99cc2b6d-a0d6-4496-816b-2498035a7d61-768x512.jpeg\" data-srcset=\"https:\/\/web.escudoweb.com\/wp-content\/uploads\/2021\/03\/99cc2b6d-a0d6-4496-816b-2498035a7d61-768x512.jpeg 768w, https:\/\/web.escudoweb.com\/wp-content\/uploads\/2021\/03\/99cc2b6d-a0d6-4496-816b-2498035a7d61-900x600.jpeg 900w\" loading=\"eager\" style=\"--ratio: 768 \/ 512\" sizes=\"(max-width: 768px) 100vw, 768px\" alt=\"\" title=\"99cc2b6d-a0d6-4496-816b-2498035a7d61\" width=\"768\" height=\"512\"  \/><\/a>\t<\/div>\n<\/div>\n\n\n<div class=\"post-entry-content\">\n\t<div class=\"post-entry-wrapper\">\n\t\t\t\t<h3 class=\"entry-title\">\n\t\t\t<a href=\"https:\/\/web.escudoweb.com\/index.php\/what-is-the-point-of-schools\/\" title=\"what is the point of schools?\" rel=\"bookmark\">what is the point of schools?<\/a>\n\t\t<\/h3>\n\n\t\t<div class=\"entry-meta\"><a href=\"https:\/\/web.escudoweb.com\/index.php\/2021\/03\/18\/\" title=\"06:49\" class=\"data-link\" rel=\"bookmark\"><time class=\"entry-date updated\" datetime=\"2021-03-18T06:49:33+02:00\">18 marzo 2021<\/time><\/a><\/div>\n\t\t<div class=\"entry-excerpt\"><p>[vc_row][vc_column][vc_column_text]Much has been written about the benefits of reopening schools on children, parents and teachers. The effects of what has&hellip;<\/p>\n<\/div>\n\t\t\n<a href=\"https:\/\/web.escudoweb.com\/index.php\/what-is-the-point-of-schools\/\" class=\"dt-btn-s dt-btn post-details details-type-btn\" aria-label=\"Read more about what is the point of schools?\">Read more<i class=\"dt-icon-the7-arrow-03\" aria-hidden=\"true\"><\/i><\/a>\n\n\t<\/div>\n<\/div><\/article><article class=\"post post-2596 type-post status-publish format-standard has-post-thumbnail hentry category-news category-21\" data-name=\"New survey reveals how children\u2019s lives have been impacted by remote learning\" data-date=\"2021-03-17T07:02:30+02:00\">\n\n<div class=\"post-thumbnail-wrap\">\n\t<div class=\"post-thumbnail\">\n\t\t\n\t\t\n\t\t<a href=\"https:\/\/web.escudoweb.com\/index.php\/new-survey-reveals-how-childrens-lives-have-been-impacted-by-remote-learning\/\" class=\"post-thumbnail-rollover layzr-bg\" ><img decoding=\"async\" class=\"preload-me owl-lazy-load aspect\" src=\"data:image\/svg+xml,%3Csvg%20xmlns%3D&#39;http%3A%2F%2Fwww.w3.org%2F2000%2Fsvg&#39;%20viewBox%3D&#39;0%200%20768%20512&#39;%2F%3E\" data-src=\"https:\/\/web.escudoweb.com\/wp-content\/uploads\/2021\/03\/New-survey-reveals-how-children\u2019s-lives-have-been-impacted-by-remote-learning-768x512.jpeg\" data-srcset=\"https:\/\/web.escudoweb.com\/wp-content\/uploads\/2021\/03\/New-survey-reveals-how-children\u2019s-lives-have-been-impacted-by-remote-learning-768x512.jpeg 768w\" loading=\"eager\" style=\"--ratio: 768 \/ 512\" sizes=\"(max-width: 768px) 100vw, 768px\" alt=\"\" title=\"New-survey-reveals-how-children\u2019s-lives-have-been-impacted-by-remote-learning\" width=\"768\" height=\"512\"  \/><\/a>\t<\/div>\n<\/div>\n\n\n<div class=\"post-entry-content\">\n\t<div class=\"post-entry-wrapper\">\n\t\t\t\t<h3 class=\"entry-title\">\n\t\t\t<a href=\"https:\/\/web.escudoweb.com\/index.php\/new-survey-reveals-how-childrens-lives-have-been-impacted-by-remote-learning\/\" title=\"New survey reveals how children\u2019s lives have been impacted by remote learning\" rel=\"bookmark\">New survey reveals how children\u2019s lives have been impacted by remote learning<\/a>\n\t\t<\/h3>\n\n\t\t<div class=\"entry-meta\"><a href=\"https:\/\/web.escudoweb.com\/index.php\/2021\/03\/17\/\" title=\"07:02\" class=\"data-link\" rel=\"bookmark\"><time class=\"entry-date updated\" datetime=\"2021-03-17T07:02:30+02:00\">17 marzo 2021<\/time><\/a><\/div>\n\t\t<div class=\"entry-excerpt\"><p>[vc_row][vc_column][vc_column_text]For the last year remote learning has become a daily reality for children all over the world, albeit in many&hellip;<\/p>\n<\/div>\n\t\t\n<a href=\"https:\/\/web.escudoweb.com\/index.php\/new-survey-reveals-how-childrens-lives-have-been-impacted-by-remote-learning\/\" class=\"dt-btn-s dt-btn post-details details-type-btn\" aria-label=\"Read more about New survey reveals how children\u2019s lives have been impacted by remote learning\">Read more<i class=\"dt-icon-the7-arrow-03\" aria-hidden=\"true\"><\/i><\/a>\n\n\t<\/div>\n<\/div><\/article><article class=\"post post-2592 type-post status-publish format-standard has-post-thumbnail hentry category-news category-21\" data-name=\"Why teenage sleep is so important for mental health\" data-date=\"2021-03-16T07:00:42+02:00\">\n\n<div class=\"post-thumbnail-wrap\">\n\t<div class=\"post-thumbnail\">\n\t\t\n\t\t\n\t\t<a href=\"https:\/\/web.escudoweb.com\/index.php\/why-teenage-sleep-is-so-important-for-mental-health\/\" class=\"post-thumbnail-rollover layzr-bg\" ><img decoding=\"async\" class=\"preload-me owl-lazy-load aspect\" src=\"data:image\/svg+xml,%3Csvg%20xmlns%3D&#39;http%3A%2F%2Fwww.w3.org%2F2000%2Fsvg&#39;%20viewBox%3D&#39;0%200%20768%20512&#39;%2F%3E\" data-src=\"https:\/\/web.escudoweb.com\/wp-content\/uploads\/2021\/03\/p098pzpj-768x512.jpeg\" data-srcset=\"https:\/\/web.escudoweb.com\/wp-content\/uploads\/2021\/03\/p098pzpj-768x512.jpeg 768w, https:\/\/web.escudoweb.com\/wp-content\/uploads\/2021\/03\/p098pzpj-1152x768.jpeg 1152w\" loading=\"eager\" style=\"--ratio: 768 \/ 512\" sizes=\"(max-width: 768px) 100vw, 768px\" alt=\"\" title=\"p098pzpj\" width=\"768\" height=\"512\"  \/><\/a>\t<\/div>\n<\/div>\n\n\n<div class=\"post-entry-content\">\n\t<div class=\"post-entry-wrapper\">\n\t\t\t\t<h3 class=\"entry-title\">\n\t\t\t<a href=\"https:\/\/web.escudoweb.com\/index.php\/why-teenage-sleep-is-so-important-for-mental-health\/\" title=\"Why teenage sleep is so important for mental health\" rel=\"bookmark\">Why teenage sleep is so important for mental health<\/a>\n\t\t<\/h3>\n\n\t\t<div class=\"entry-meta\"><a href=\"https:\/\/web.escudoweb.com\/index.php\/2021\/03\/16\/\" title=\"07:00\" class=\"data-link\" rel=\"bookmark\"><time class=\"entry-date updated\" datetime=\"2021-03-16T07:00:42+02:00\">16 marzo 2021<\/time><\/a><\/div>\n\t\t<div class=\"entry-excerpt\"><p>[vc_row][vc_column][vc_column_text]The last twelve months have left their indelible mark on youngsters, with many of them suffering mental health as a&hellip;<\/p>\n<\/div>\n\t\t\n<a href=\"https:\/\/web.escudoweb.com\/index.php\/why-teenage-sleep-is-so-important-for-mental-health\/\" class=\"dt-btn-s dt-btn post-details details-type-btn\" aria-label=\"Read more about Why teenage sleep is so important for mental health\">Read more<i class=\"dt-icon-the7-arrow-03\" aria-hidden=\"true\"><\/i><\/a>\n\n\t<\/div>\n<\/div><\/article><article class=\"post post-2589 type-post status-publish format-standard has-post-thumbnail hentry category-news category-21\" data-name=\"Teacher survey: Learning loss is global and significant\" data-date=\"2021-03-15T07:17:29+02:00\">\n\n<div class=\"post-thumbnail-wrap\">\n\t<div class=\"post-thumbnail\">\n\t\t\n\t\t\n\t\t<a href=\"https:\/\/web.escudoweb.com\/index.php\/teacher-survey-learning-loss-is-global-and-significant\/\" class=\"post-thumbnail-rollover layzr-bg\" ><img decoding=\"async\" class=\"preload-me owl-lazy-load aspect\" src=\"data:image\/svg+xml,%3Csvg%20xmlns%3D&#39;http%3A%2F%2Fwww.w3.org%2F2000%2Fsvg&#39;%20viewBox%3D&#39;0%200%20768%20512&#39;%2F%3E\" data-src=\"https:\/\/web.escudoweb.com\/wp-content\/uploads\/2021\/03\/www.mckinsey.com1721271958256-HERO-1536x864-768x512.jpg\" data-srcset=\"https:\/\/web.escudoweb.com\/wp-content\/uploads\/2021\/03\/www.mckinsey.com1721271958256-HERO-1536x864-768x512.jpg 768w, https:\/\/web.escudoweb.com\/wp-content\/uploads\/2021\/03\/www.mckinsey.com1721271958256-HERO-1536x864-1119x746.jpg 1119w\" loading=\"eager\" style=\"--ratio: 768 \/ 512\" sizes=\"(max-width: 768px) 100vw, 768px\" alt=\"\" title=\"[www.mckinsey.com][172]1271958256-HERO-1536&#215;864\" width=\"768\" height=\"512\"  \/><\/a>\t<\/div>\n<\/div>\n\n\n<div class=\"post-entry-content\">\n\t<div class=\"post-entry-wrapper\">\n\t\t\t\t<h3 class=\"entry-title\">\n\t\t\t<a href=\"https:\/\/web.escudoweb.com\/index.php\/teacher-survey-learning-loss-is-global-and-significant\/\" title=\"Teacher survey: Learning loss is global and significant\" rel=\"bookmark\">Teacher survey: Learning loss is global and significant<\/a>\n\t\t<\/h3>\n\n\t\t<div class=\"entry-meta\"><a href=\"https:\/\/web.escudoweb.com\/index.php\/2021\/03\/15\/\" title=\"07:17\" class=\"data-link\" rel=\"bookmark\"><time class=\"entry-date updated\" datetime=\"2021-03-15T07:17:29+02:00\">15 marzo 2021<\/time><\/a><\/div>\n\t\t<div class=\"entry-excerpt\"><p>[vc_row][vc_column][vc_column_text]McKinsey have recently carried out a survey to try and assess how the remote learning experience has been in eight&hellip;<\/p>\n<\/div>\n\t\t\n<a href=\"https:\/\/web.escudoweb.com\/index.php\/teacher-survey-learning-loss-is-global-and-significant\/\" class=\"dt-btn-s dt-btn post-details details-type-btn\" aria-label=\"Read more about Teacher survey: Learning loss is global and significant\">Read more<i class=\"dt-icon-the7-arrow-03\" aria-hidden=\"true\"><\/i><\/a>\n\n\t<\/div>\n<\/div><\/article><article class=\"post post-2586 type-post status-publish format-standard has-post-thumbnail hentry category-news category-21\" data-name=\"Disadvantaged children now seven months&#8217; behind better-off peers due to first lockdown, study finds\" data-date=\"2021-03-12T07:08:17+02:00\">\n\n<div class=\"post-thumbnail-wrap\">\n\t<div class=\"post-thumbnail\">\n\t\t\n\t\t\n\t\t<a href=\"https:\/\/web.escudoweb.com\/index.php\/disadvantaged-children-now-seven-months-behind-better-off-peers-due-to-first-lockdown-study-finds\/\" class=\"post-thumbnail-rollover layzr-bg\" ><img decoding=\"async\" class=\"preload-me owl-lazy-load aspect\" src=\"data:image\/svg+xml,%3Csvg%20xmlns%3D&#39;http%3A%2F%2Fwww.w3.org%2F2000%2Fsvg&#39;%20viewBox%3D&#39;0%200%20768%20512&#39;%2F%3E\" data-src=\"https:\/\/web.escudoweb.com\/wp-content\/uploads\/2021\/03\/TELEMMGLPICT000231417883_trans_NvBQzQNjv4BqpVlberWd9EgFPZtcLiMQfyf2A9a6I9YchsjMeADBa08-768x512.jpeg\" data-srcset=\"https:\/\/web.escudoweb.com\/wp-content\/uploads\/2021\/03\/TELEMMGLPICT000231417883_trans_NvBQzQNjv4BqpVlberWd9EgFPZtcLiMQfyf2A9a6I9YchsjMeADBa08-768x512.jpeg 768w, https:\/\/web.escudoweb.com\/wp-content\/uploads\/2021\/03\/TELEMMGLPICT000231417883_trans_NvBQzQNjv4BqpVlberWd9EgFPZtcLiMQfyf2A9a6I9YchsjMeADBa08-900x600.jpeg 900w\" loading=\"eager\" style=\"--ratio: 768 \/ 512\" sizes=\"(max-width: 768px) 100vw, 768px\" alt=\"\" title=\"TELEMMGLPICT000231417883_trans_NvBQzQNjv4BqpVlberWd9EgFPZtcLiMQfyf2A9a6I9YchsjMeADBa08\" width=\"768\" height=\"512\"  \/><\/a>\t<\/div>\n<\/div>\n\n\n<div class=\"post-entry-content\">\n\t<div class=\"post-entry-wrapper\">\n\t\t\t\t<h3 class=\"entry-title\">\n\t\t\t<a href=\"https:\/\/web.escudoweb.com\/index.php\/disadvantaged-children-now-seven-months-behind-better-off-peers-due-to-first-lockdown-study-finds\/\" title=\"Disadvantaged children now seven months&#8217; behind better-off peers due to first lockdown, study finds\" rel=\"bookmark\">Disadvantaged children now seven months&#8217; behind better-off peers due to first lockdown, study finds<\/a>\n\t\t<\/h3>\n\n\t\t<div class=\"entry-meta\"><a href=\"https:\/\/web.escudoweb.com\/index.php\/2021\/03\/12\/\" title=\"07:08\" class=\"data-link\" rel=\"bookmark\"><time class=\"entry-date updated\" datetime=\"2021-03-12T07:08:17+02:00\">12 marzo 2021<\/time><\/a><\/div>\n\t\t<div class=\"entry-excerpt\"><p>[vc_row][vc_column][vc_column_text]According to recent research by the Education Endowment Foundation (EEF) reported in the Daily Telegraph, there is a gap which&hellip;<\/p>\n<\/div>\n\t\t\n<a href=\"https:\/\/web.escudoweb.com\/index.php\/disadvantaged-children-now-seven-months-behind-better-off-peers-due-to-first-lockdown-study-finds\/\" class=\"dt-btn-s dt-btn post-details details-type-btn\" aria-label=\"Read more about Disadvantaged children now seven months&#8217; behind better-off peers due to first lockdown, study finds\">Read more<i class=\"dt-icon-the7-arrow-03\" aria-hidden=\"true\"><\/i><\/a>\n\n\t<\/div>\n<\/div><\/article><article class=\"post post-2583 type-post status-publish format-standard has-post-thumbnail hentry category-news category-21\" data-name=\"COVID-19: Two-thirds of poorer countries are cutting their education budgets\" data-date=\"2021-03-11T06:58:59+02:00\">\n\n<div class=\"post-thumbnail-wrap\">\n\t<div class=\"post-thumbnail\">\n\t\t\n\t\t\n\t\t<a href=\"https:\/\/web.escudoweb.com\/index.php\/covid-19-two-thirds-of-poorer-countries-are-cutting-their-education-budgets\/\" class=\"post-thumbnail-rollover layzr-bg\" ><img decoding=\"async\" class=\"preload-me owl-lazy-load aspect\" src=\"data:image\/svg+xml,%3Csvg%20xmlns%3D&#39;http%3A%2F%2Fwww.w3.org%2F2000%2Fsvg&#39;%20viewBox%3D&#39;0%200%20537%20358&#39;%2F%3E\" data-src=\"https:\/\/web.escudoweb.com\/wp-content\/uploads\/2021\/03\/infocus_pr_cut_in_ed_budget_05_0-537x358.jpeg\" data-srcset=\"https:\/\/web.escudoweb.com\/wp-content\/uploads\/2021\/03\/infocus_pr_cut_in_ed_budget_05_0-537x358.jpeg 537w\" loading=\"eager\" style=\"--ratio: 537 \/ 358\" sizes=\"(max-width: 537px) 100vw, 537px\" alt=\"\" title=\"infocus_pr_cut_in_ed_budget_05_0\" width=\"537\" height=\"358\"  \/><\/a>\t<\/div>\n<\/div>\n\n\n<div class=\"post-entry-content\">\n\t<div class=\"post-entry-wrapper\">\n\t\t\t\t<h3 class=\"entry-title\">\n\t\t\t<a href=\"https:\/\/web.escudoweb.com\/index.php\/covid-19-two-thirds-of-poorer-countries-are-cutting-their-education-budgets\/\" title=\"COVID-19: Two-thirds of poorer countries are cutting their education budgets\" rel=\"bookmark\">COVID-19: Two-thirds of poorer countries are cutting their education budgets<\/a>\n\t\t<\/h3>\n\n\t\t<div class=\"entry-meta\"><a href=\"https:\/\/web.escudoweb.com\/index.php\/2021\/03\/11\/\" title=\"06:58\" class=\"data-link\" rel=\"bookmark\"><time class=\"entry-date updated\" datetime=\"2021-03-11T06:58:59+02:00\">11 marzo 2021<\/time><\/a><\/div>\n\t\t<div class=\"entry-excerpt\"><p>[vc_row][vc_column][vc_column_text]The secretary General of the UN, Antonio Guterres recently made a call for governments to increase spending on education. The&hellip;<\/p>\n<\/div>\n\t\t\n<a href=\"https:\/\/web.escudoweb.com\/index.php\/covid-19-two-thirds-of-poorer-countries-are-cutting-their-education-budgets\/\" class=\"dt-btn-s dt-btn post-details details-type-btn\" aria-label=\"Read more about COVID-19: Two-thirds of poorer countries are cutting their education budgets\">Read more<i class=\"dt-icon-the7-arrow-03\" aria-hidden=\"true\"><\/i><\/a>\n\n\t<\/div>\n<\/div><\/article><article class=\"post post-2580 type-post status-publish format-standard has-post-thumbnail hentry category-english category-10\" data-name=\"&#8216;Explosion&#8217; of children with tics and Tourette&#8217;s from lockdown\" data-date=\"2021-03-10T07:10:58+02:00\">\n\n<div class=\"post-thumbnail-wrap\">\n\t<div class=\"post-thumbnail\">\n\t\t\n\t\t\n\t\t<a href=\"https:\/\/web.escudoweb.com\/index.php\/explosion-of-children-with-tics-and-tourettes-from-lockdown\/\" class=\"post-thumbnail-rollover layzr-bg\" ><img decoding=\"async\" class=\"preload-me owl-lazy-load aspect\" src=\"data:image\/svg+xml,%3Csvg%20xmlns%3D&#39;http%3A%2F%2Fwww.w3.org%2F2000%2Fsvg&#39;%20viewBox%3D&#39;0%200%20768%20512&#39;%2F%3E\" data-src=\"https:\/\/web.escudoweb.com\/wp-content\/uploads\/2021\/03\/TELEMMGLPICT000234742181_trans_NvBQzQNjv4BqpVlberWd9EgFPZtcLiMQfyf2A9a6I9YchsjMeADBa08-768x512.jpeg\" data-srcset=\"https:\/\/web.escudoweb.com\/wp-content\/uploads\/2021\/03\/TELEMMGLPICT000234742181_trans_NvBQzQNjv4BqpVlberWd9EgFPZtcLiMQfyf2A9a6I9YchsjMeADBa08-768x512.jpeg 768w, https:\/\/web.escudoweb.com\/wp-content\/uploads\/2021\/03\/TELEMMGLPICT000234742181_trans_NvBQzQNjv4BqpVlberWd9EgFPZtcLiMQfyf2A9a6I9YchsjMeADBa08-900x600.jpeg 900w\" loading=\"eager\" style=\"--ratio: 768 \/ 512\" sizes=\"(max-width: 768px) 100vw, 768px\" alt=\"\" title=\"TELEMMGLPICT000234742181_trans_NvBQzQNjv4BqpVlberWd9EgFPZtcLiMQfyf2A9a6I9YchsjMeADBa08\" width=\"768\" height=\"512\"  \/><\/a>\t<\/div>\n<\/div>\n\n\n<div class=\"post-entry-content\">\n\t<div class=\"post-entry-wrapper\">\n\t\t\t\t<h3 class=\"entry-title\">\n\t\t\t<a href=\"https:\/\/web.escudoweb.com\/index.php\/explosion-of-children-with-tics-and-tourettes-from-lockdown\/\" title=\"&#8216;Explosion&#8217; of children with tics and Tourette&#8217;s from lockdown\" rel=\"bookmark\">&#8216;Explosion&#8217; of children with tics and Tourette&#8217;s from lockdown<\/a>\n\t\t<\/h3>\n\n\t\t<div class=\"entry-meta\"><a href=\"https:\/\/web.escudoweb.com\/index.php\/2021\/03\/10\/\" title=\"07:10\" class=\"data-link\" rel=\"bookmark\"><time class=\"entry-date updated\" datetime=\"2021-03-10T07:10:58+02:00\">10 marzo 2021<\/time><\/a><\/div>\n\t\t<div class=\"entry-excerpt\"><p>[vc_row][vc_column][vc_column_text]Stress and anxiety in children due to the pandemic has manifested itself in different ways. But following some new research,&hellip;<\/p>\n<\/div>\n\t\t\n<a href=\"https:\/\/web.escudoweb.com\/index.php\/explosion-of-children-with-tics-and-tourettes-from-lockdown\/\" class=\"dt-btn-s dt-btn post-details details-type-btn\" aria-label=\"Read more about &#8216;Explosion&#8217; of children with tics and Tourette&#8217;s from lockdown\">Read more<i class=\"dt-icon-the7-arrow-03\" aria-hidden=\"true\"><\/i><\/a>\n\n\t<\/div>\n<\/div><\/article><article class=\"post post-2577 type-post status-publish format-standard has-post-thumbnail hentry category-news category-21\" data-name=\"Covid: Make children priority after pandemic, Anne Longfield says\" data-date=\"2021-03-09T07:25:39+02:00\">\n\n<div class=\"post-thumbnail-wrap\">\n\t<div class=\"post-thumbnail\">\n\t\t\n\t\t\n\t\t<a href=\"https:\/\/web.escudoweb.com\/index.php\/covid-make-children-priority-after-pandemic-anne-longfield-says\/\" class=\"post-thumbnail-rollover layzr-bg\" ><img decoding=\"async\" class=\"preload-me owl-lazy-load aspect\" src=\"data:image\/svg+xml,%3Csvg%20xmlns%3D&#39;http%3A%2F%2Fwww.w3.org%2F2000%2Fsvg&#39;%20viewBox%3D&#39;0%200%20768%20512&#39;%2F%3E\" data-src=\"https:\/\/web.escudoweb.com\/wp-content\/uploads\/2021\/03\/117004828_2e61a3de-ec30-4415-bff2-1c4eee7ca80e-768x512.jpeg\" data-srcset=\"https:\/\/web.escudoweb.com\/wp-content\/uploads\/2021\/03\/117004828_2e61a3de-ec30-4415-bff2-1c4eee7ca80e-768x512.jpeg 768w, https:\/\/web.escudoweb.com\/wp-content\/uploads\/2021\/03\/117004828_2e61a3de-ec30-4415-bff2-1c4eee7ca80e-823x549.jpeg 823w\" loading=\"eager\" style=\"--ratio: 768 \/ 512\" sizes=\"(max-width: 768px) 100vw, 768px\" alt=\"\" title=\"_117004828_2e61a3de-ec30-4415-bff2-1c4eee7ca80e\" width=\"768\" height=\"512\"  \/><\/a>\t<\/div>\n<\/div>\n\n\n<div class=\"post-entry-content\">\n\t<div class=\"post-entry-wrapper\">\n\t\t\t\t<h3 class=\"entry-title\">\n\t\t\t<a href=\"https:\/\/web.escudoweb.com\/index.php\/covid-make-children-priority-after-pandemic-anne-longfield-says\/\" title=\"Covid: Make children priority after pandemic, Anne Longfield says\" rel=\"bookmark\">Covid: Make children priority after pandemic, Anne Longfield says<\/a>\n\t\t<\/h3>\n\n\t\t<div class=\"entry-meta\"><a href=\"https:\/\/web.escudoweb.com\/index.php\/2021\/03\/09\/\" title=\"07:25\" class=\"data-link\" rel=\"bookmark\"><time class=\"entry-date updated\" datetime=\"2021-03-09T07:25:39+02:00\">9 marzo 2021<\/time><\/a><\/div>\n\t\t<div class=\"entry-excerpt\"><p>[vc_row][vc_column][vc_column_text]As we start to plan for a world post-Covid, many countries are turning to actions and policies to protect vulnerable&hellip;<\/p>\n<\/div>\n\t\t\n<a href=\"https:\/\/web.escudoweb.com\/index.php\/covid-make-children-priority-after-pandemic-anne-longfield-says\/\" class=\"dt-btn-s dt-btn post-details details-type-btn\" aria-label=\"Read more about Covid: Make children priority after pandemic, Anne Longfield says\">Read more<i class=\"dt-icon-the7-arrow-03\" aria-hidden=\"true\"><\/i><\/a>\n\n\t<\/div>\n<\/div><\/article><article class=\"post post-2573 type-post status-publish format-standard has-post-thumbnail hentry category-news category-21\" data-name=\"Time to make amends to a lost generation\" data-date=\"2021-03-08T07:21:15+02:00\">\n\n<div class=\"post-thumbnail-wrap\">\n\t<div class=\"post-thumbnail\">\n\t\t\n\t\t\n\t\t<a href=\"https:\/\/web.escudoweb.com\/index.php\/time-to-make-amends-to-a-lost-generation\/\" class=\"post-thumbnail-rollover layzr-bg\" ><img decoding=\"async\" class=\"preload-me owl-lazy-load aspect\" src=\"data:image\/svg+xml,%3Csvg%20xmlns%3D&#39;http%3A%2F%2Fwww.w3.org%2F2000%2Fsvg&#39;%20viewBox%3D&#39;0%200%20768%20512&#39;%2F%3E\" data-src=\"https:\/\/web.escudoweb.com\/wp-content\/uploads\/2021\/03\/TELEMMGLPICT000154201585-768x512.jpeg\" data-srcset=\"https:\/\/web.escudoweb.com\/wp-content\/uploads\/2021\/03\/TELEMMGLPICT000154201585-768x512.jpeg 768w, https:\/\/web.escudoweb.com\/wp-content\/uploads\/2021\/03\/TELEMMGLPICT000154201585-1152x768.jpeg 1152w\" loading=\"eager\" style=\"--ratio: 768 \/ 512\" sizes=\"(max-width: 768px) 100vw, 768px\" alt=\"\" title=\"TELEMMGLPICT000154201585\" width=\"768\" height=\"512\"  \/><\/a>\t<\/div>\n<\/div>\n\n\n<div class=\"post-entry-content\">\n\t<div class=\"post-entry-wrapper\">\n\t\t\t\t<h3 class=\"entry-title\">\n\t\t\t<a href=\"https:\/\/web.escudoweb.com\/index.php\/time-to-make-amends-to-a-lost-generation\/\" title=\"Time to make amends to a lost generation\" rel=\"bookmark\">Time to make amends to a lost generation<\/a>\n\t\t<\/h3>\n\n\t\t<div class=\"entry-meta\"><a href=\"https:\/\/web.escudoweb.com\/index.php\/2021\/03\/08\/\" title=\"07:21\" class=\"data-link\" rel=\"bookmark\"><time class=\"entry-date updated\" datetime=\"2021-03-08T07:21:15+02:00\">8 marzo 2021<\/time><\/a><\/div>\n\t\t<div class=\"entry-excerpt\"><p>[vc_row][vc_column][vc_column_text]With nearly a whole year\u00b4s education lost in many parts of the world there needs to be much more done&hellip;<\/p>\n<\/div>\n\t\t\n<a href=\"https:\/\/web.escudoweb.com\/index.php\/time-to-make-amends-to-a-lost-generation\/\" class=\"dt-btn-s dt-btn post-details details-type-btn\" aria-label=\"Read more about Time to make amends to a lost generation\">Read more<i class=\"dt-icon-the7-arrow-03\" aria-hidden=\"true\"><\/i><\/a>\n\n\t<\/div>\n<\/div><\/article><article class=\"post post-2570 type-post status-publish format-standard has-post-thumbnail hentry category-news category-21\" data-name=\"Call for &#8216;summer of play&#8217; to help English pupils recover from Covid-19 stress\" data-date=\"2021-03-05T10:25:49+02:00\">\n\n<div class=\"post-thumbnail-wrap\">\n\t<div class=\"post-thumbnail\">\n\t\t\n\t\t\n\t\t<a href=\"https:\/\/web.escudoweb.com\/index.php\/call-for-summer-of-play-to-help-english-pupils-recover-from-covid-19-stress\/\" class=\"post-thumbnail-rollover layzr-bg\" ><img decoding=\"async\" class=\"preload-me owl-lazy-load aspect\" src=\"data:image\/svg+xml,%3Csvg%20xmlns%3D&#39;http%3A%2F%2Fwww.w3.org%2F2000%2Fsvg&#39;%20viewBox%3D&#39;0%200%20768%20512&#39;%2F%3E\" data-src=\"https:\/\/web.escudoweb.com\/wp-content\/uploads\/2021\/03\/4742-768x512.jpeg\" data-srcset=\"https:\/\/web.escudoweb.com\/wp-content\/uploads\/2021\/03\/4742-768x512.jpeg 768w, https:\/\/web.escudoweb.com\/wp-content\/uploads\/2021\/03\/4742-1152x768.jpeg 1152w\" loading=\"eager\" style=\"--ratio: 768 \/ 512\" sizes=\"(max-width: 768px) 100vw, 768px\" alt=\"\" title=\"4742\" width=\"768\" height=\"512\"  \/><\/a>\t<\/div>\n<\/div>\n\n\n<div class=\"post-entry-content\">\n\t<div class=\"post-entry-wrapper\">\n\t\t\t\t<h3 class=\"entry-title\">\n\t\t\t<a href=\"https:\/\/web.escudoweb.com\/index.php\/call-for-summer-of-play-to-help-english-pupils-recover-from-covid-19-stress\/\" title=\"Call for &#8216;summer of play&#8217; to help English pupils recover from Covid-19 stress\" rel=\"bookmark\">Call for &#8216;summer of play&#8217; to help English pupils recover from Covid-19 stress<\/a>\n\t\t<\/h3>\n\n\t\t<div class=\"entry-meta\"><a href=\"https:\/\/web.escudoweb.com\/index.php\/2021\/03\/05\/\" title=\"10:25\" class=\"data-link\" rel=\"bookmark\"><time class=\"entry-date updated\" datetime=\"2021-03-05T10:25:49+02:00\">5 marzo 2021<\/time><\/a><\/div>\n\t\t<div class=\"entry-excerpt\"><p>[vc_row][vc_column][vc_column_text]There have been calls by experts for a different approach to extending school time into the summer. In the UK&hellip;<\/p>\n<\/div>\n\t\t\n<a href=\"https:\/\/web.escudoweb.com\/index.php\/call-for-summer-of-play-to-help-english-pupils-recover-from-covid-19-stress\/\" class=\"dt-btn-s dt-btn post-details details-type-btn\" aria-label=\"Read more about Call for &#8216;summer of play&#8217; to help English pupils recover from Covid-19 stress\">Read more<i class=\"dt-icon-the7-arrow-03\" aria-hidden=\"true\"><\/i><\/a>\n\n\t<\/div>\n<\/div><\/article><article class=\"post post-2567 type-post status-publish format-standard has-post-thumbnail hentry category-news category-21\" data-name=\"Covid-19 has boosted the campaign against exams in American schools\" data-date=\"2021-03-04T07:16:38+02:00\">\n\n<div class=\"post-thumbnail-wrap\">\n\t<div class=\"post-thumbnail\">\n\t\t\n\t\t\n\t\t<a href=\"https:\/\/web.escudoweb.com\/index.php\/covid-19-has-boosted-the-campaign-against-exams-in-american-schools\/\" class=\"post-thumbnail-rollover layzr-bg\" ><img decoding=\"async\" class=\"preload-me owl-lazy-load aspect\" src=\"data:image\/svg+xml,%3Csvg%20xmlns%3D&#39;http%3A%2F%2Fwww.w3.org%2F2000%2Fsvg&#39;%20viewBox%3D&#39;0%200%20768%20512&#39;%2F%3E\" data-src=\"https:\/\/web.escudoweb.com\/wp-content\/uploads\/2021\/03\/20210227_usp510-768x512.jpg\" data-srcset=\"https:\/\/web.escudoweb.com\/wp-content\/uploads\/2021\/03\/20210227_usp510-768x512.jpg 768w, https:\/\/web.escudoweb.com\/wp-content\/uploads\/2021\/03\/20210227_usp510-844x563.jpg 844w\" loading=\"eager\" style=\"--ratio: 768 \/ 512\" sizes=\"(max-width: 768px) 100vw, 768px\" alt=\"\" title=\"20210227_usp510\" width=\"768\" height=\"512\"  \/><\/a>\t<\/div>\n<\/div>\n\n\n<div class=\"post-entry-content\">\n\t<div class=\"post-entry-wrapper\">\n\t\t\t\t<h3 class=\"entry-title\">\n\t\t\t<a href=\"https:\/\/web.escudoweb.com\/index.php\/covid-19-has-boosted-the-campaign-against-exams-in-american-schools\/\" title=\"Covid-19 has boosted the campaign against exams in American schools\" rel=\"bookmark\">Covid-19 has boosted the campaign against exams in American schools<\/a>\n\t\t<\/h3>\n\n\t\t<div class=\"entry-meta\"><a href=\"https:\/\/web.escudoweb.com\/index.php\/2021\/03\/04\/\" title=\"07:16\" class=\"data-link\" rel=\"bookmark\"><time class=\"entry-date updated\" datetime=\"2021-03-04T07:16:38+02:00\">4 marzo 2021<\/time><\/a><\/div>\n\t\t<div class=\"entry-excerpt\"><p>[vc_row][vc_column][vc_column_text]Examinations have been used as a method of testing comprehension and the application of theories ever since 2357 B.C. when&hellip;<\/p>\n<\/div>\n\t\t\n<a href=\"https:\/\/web.escudoweb.com\/index.php\/covid-19-has-boosted-the-campaign-against-exams-in-american-schools\/\" class=\"dt-btn-s dt-btn post-details details-type-btn\" aria-label=\"Read more about Covid-19 has boosted the campaign against exams in American schools\">Read more<i class=\"dt-icon-the7-arrow-03\" aria-hidden=\"true\"><\/i><\/a>\n\n\t<\/div>\n<\/div><\/article><article class=\"post post-2564 type-post status-publish format-standard has-post-thumbnail hentry category-news category-21\" data-name=\"Vulnerable children most at risk from online harm, report finds\" data-date=\"2021-03-03T07:15:09+02:00\">\n\n<div class=\"post-thumbnail-wrap\">\n\t<div class=\"post-thumbnail\">\n\t\t\n\t\t\n\t\t<a href=\"https:\/\/web.escudoweb.com\/index.php\/vulnerable-children-most-at-risk-from-online-harm-report-finds\/\" class=\"post-thumbnail-rollover layzr-bg\" ><img decoding=\"async\" class=\"preload-me owl-lazy-load aspect\" src=\"data:image\/svg+xml,%3Csvg%20xmlns%3D&#39;http%3A%2F%2Fwww.w3.org%2F2000%2Fsvg&#39;%20viewBox%3D&#39;0%200%20558%20371&#39;%2F%3E\" data-src=\"https:\/\/web.escudoweb.com\/wp-content\/uploads\/2021\/03\/4288-558x371.jpg\" data-srcset=\"https:\/\/web.escudoweb.com\/wp-content\/uploads\/2021\/03\/4288-558x371.jpg 558w, https:\/\/web.escudoweb.com\/wp-content\/uploads\/2021\/03\/4288-558x372.jpg 558w\" loading=\"eager\" style=\"--ratio: 558 \/ 371\" sizes=\"(max-width: 558px) 100vw, 558px\" alt=\"\" title=\"4288\" width=\"558\" height=\"371\"  \/><\/a>\t<\/div>\n<\/div>\n\n\n<div class=\"post-entry-content\">\n\t<div class=\"post-entry-wrapper\">\n\t\t\t\t<h3 class=\"entry-title\">\n\t\t\t<a href=\"https:\/\/web.escudoweb.com\/index.php\/vulnerable-children-most-at-risk-from-online-harm-report-finds\/\" title=\"Vulnerable children most at risk from online harm, report finds\" rel=\"bookmark\">Vulnerable children most at risk from online harm, report finds<\/a>\n\t\t<\/h3>\n\n\t\t<div class=\"entry-meta\"><a href=\"https:\/\/web.escudoweb.com\/index.php\/2021\/03\/03\/\" title=\"07:15\" class=\"data-link\" rel=\"bookmark\"><time class=\"entry-date updated\" datetime=\"2021-03-03T07:15:09+02:00\">3 marzo 2021<\/time><\/a><\/div>\n\t\t<div class=\"entry-excerpt\"><p>[vc_row][vc_column][vc_column_text]Internet access is a double-edged sword. It is a source of information, entertainment and a vehicle for communication. However, as&hellip;<\/p>\n<\/div>\n\t\t\n<a href=\"https:\/\/web.escudoweb.com\/index.php\/vulnerable-children-most-at-risk-from-online-harm-report-finds\/\" class=\"dt-btn-s dt-btn post-details details-type-btn\" aria-label=\"Read more about Vulnerable children most at risk from online harm, report finds\">Read more<i class=\"dt-icon-the7-arrow-03\" aria-hidden=\"true\"><\/i><\/a>\n\n\t<\/div>\n<\/div><\/article><article class=\"post post-2561 type-post status-publish format-standard has-post-thumbnail hentry category-news category-21\" data-name=\"Summer School Is a Hot Idea Right Now. Could It Work?\" data-date=\"2021-03-02T06:55:20+02:00\">\n\n<div class=\"post-thumbnail-wrap\">\n\t<div class=\"post-thumbnail\">\n\t\t\n\t\t\n\t\t<a href=\"https:\/\/web.escudoweb.com\/index.php\/summer-school-is-a-hot-idea-right-now-could-it-work\/\" class=\"post-thumbnail-rollover layzr-bg\" ><img decoding=\"async\" class=\"preload-me owl-lazy-load aspect\" src=\"data:image\/svg+xml,%3Csvg%20xmlns%3D&#39;http%3A%2F%2Fwww.w3.org%2F2000%2Fsvg&#39;%20viewBox%3D&#39;0%200%20768%20512&#39;%2F%3E\" data-src=\"https:\/\/web.escudoweb.com\/wp-content\/uploads\/2021\/03\/merlin_180816747_4948f1e0-b26b-40e1-9d52-0d051308e5e4-superJumbo-768x512.jpg\" data-srcset=\"https:\/\/web.escudoweb.com\/wp-content\/uploads\/2021\/03\/merlin_180816747_4948f1e0-b26b-40e1-9d52-0d051308e5e4-superJumbo-768x512.jpg 768w, https:\/\/web.escudoweb.com\/wp-content\/uploads\/2021\/03\/merlin_180816747_4948f1e0-b26b-40e1-9d52-0d051308e5e4-superJumbo-1152x768.jpg 1152w\" loading=\"eager\" style=\"--ratio: 768 \/ 512\" sizes=\"(max-width: 768px) 100vw, 768px\" alt=\"\" title=\"merlin_180816747_4948f1e0-b26b-40e1-9d52-0d051308e5e4-superJumbo\" width=\"768\" height=\"512\"  \/><\/a>\t<\/div>\n<\/div>\n\n\n<div class=\"post-entry-content\">\n\t<div class=\"post-entry-wrapper\">\n\t\t\t\t<h3 class=\"entry-title\">\n\t\t\t<a href=\"https:\/\/web.escudoweb.com\/index.php\/summer-school-is-a-hot-idea-right-now-could-it-work\/\" title=\"Summer School Is a Hot Idea Right Now. Could It Work?\" rel=\"bookmark\">Summer School Is a Hot Idea Right Now. Could It Work?<\/a>\n\t\t<\/h3>\n\n\t\t<div class=\"entry-meta\"><a href=\"https:\/\/web.escudoweb.com\/index.php\/2021\/03\/02\/\" title=\"06:55\" class=\"data-link\" rel=\"bookmark\"><time class=\"entry-date updated\" datetime=\"2021-03-02T06:55:20+02:00\">2 marzo 2021<\/time><\/a><\/div>\n\t\t<div class=\"entry-excerpt\"><p>[vc_row][vc_column][vc_column_text]There have been numerous proposals the world-over for ways to try and recuperate some of the lost time over the&hellip;<\/p>\n<\/div>\n\t\t\n<a href=\"https:\/\/web.escudoweb.com\/index.php\/summer-school-is-a-hot-idea-right-now-could-it-work\/\" class=\"dt-btn-s dt-btn post-details details-type-btn\" aria-label=\"Read more about Summer School Is a Hot Idea Right Now. Could It Work?\">Read more<i class=\"dt-icon-the7-arrow-03\" aria-hidden=\"true\"><\/i><\/a>\n\n\t<\/div>\n<\/div><\/article><article class=\"post post-2558 type-post status-publish format-standard has-post-thumbnail hentry category-news category-21\" data-name=\"Follow the Science, Not the Teachers Unions\" data-date=\"2021-03-01T07:14:19+02:00\">\n\n<div class=\"post-thumbnail-wrap\">\n\t<div class=\"post-thumbnail\">\n\t\t\n\t\t\n\t\t<a href=\"https:\/\/web.escudoweb.com\/index.php\/follow-the-science-not-the-teachers-unions\/\" class=\"post-thumbnail-rollover layzr-bg\" ><img decoding=\"async\" class=\"preload-me owl-lazy-load aspect\" src=\"data:image\/svg+xml,%3Csvg%20xmlns%3D&#39;http%3A%2F%2Fwww.w3.org%2F2000%2Fsvg&#39;%20viewBox%3D&#39;0%200%20768%20512&#39;%2F%3E\" data-src=\"https:\/\/web.escudoweb.com\/wp-content\/uploads\/2021\/03\/020321opvidwl_960x540-768x512.jpg\" data-srcset=\"https:\/\/web.escudoweb.com\/wp-content\/uploads\/2021\/03\/020321opvidwl_960x540-768x512.jpg 768w, https:\/\/web.escudoweb.com\/wp-content\/uploads\/2021\/03\/020321opvidwl_960x540-810x540.jpg 810w\" loading=\"eager\" style=\"--ratio: 768 \/ 512\" sizes=\"(max-width: 768px) 100vw, 768px\" alt=\"\" title=\"020321opvidwl_960x540\" width=\"768\" height=\"512\"  \/><\/a>\t<\/div>\n<\/div>\n\n\n<div class=\"post-entry-content\">\n\t<div class=\"post-entry-wrapper\">\n\t\t\t\t<h3 class=\"entry-title\">\n\t\t\t<a href=\"https:\/\/web.escudoweb.com\/index.php\/follow-the-science-not-the-teachers-unions\/\" title=\"Follow the Science, Not the Teachers Unions\" rel=\"bookmark\">Follow the Science, Not the Teachers Unions<\/a>\n\t\t<\/h3>\n\n\t\t<div class=\"entry-meta\"><a href=\"https:\/\/web.escudoweb.com\/index.php\/2021\/03\/01\/\" title=\"07:14\" class=\"data-link\" rel=\"bookmark\"><time class=\"entry-date updated\" datetime=\"2021-03-01T07:14:19+02:00\">1 marzo 2021<\/time><\/a><\/div>\n\t\t<div class=\"entry-excerpt\"><p>[vc_row][vc_column][vc_column_text]In many parts of the world schools have been closed since March 2020. Teachers have had a lot of extra&hellip;<\/p>\n<\/div>\n\t\t\n<a href=\"https:\/\/web.escudoweb.com\/index.php\/follow-the-science-not-the-teachers-unions\/\" class=\"dt-btn-s dt-btn post-details details-type-btn\" aria-label=\"Read more about Follow the Science, Not the Teachers Unions\">Read more<i class=\"dt-icon-the7-arrow-03\" aria-hidden=\"true\"><\/i><\/a>\n\n\t<\/div>\n<\/div><\/article><article class=\"post post-2554 type-post status-publish format-standard has-post-thumbnail hentry category-news category-21\" data-name=\"China bans children from using mobile phones at school\" data-date=\"2021-02-26T07:15:46+02:00\">\n\n<div class=\"post-thumbnail-wrap\">\n\t<div class=\"post-thumbnail\">\n\t\t\n\t\t\n\t\t<a href=\"https:\/\/web.escudoweb.com\/index.php\/china-bans-children-from-using-mobile-phones-at-school\/\" class=\"post-thumbnail-rollover layzr-bg\" ><img decoding=\"async\" class=\"preload-me owl-lazy-load aspect\" src=\"data:image\/svg+xml,%3Csvg%20xmlns%3D&#39;http%3A%2F%2Fwww.w3.org%2F2000%2Fsvg&#39;%20viewBox%3D&#39;0%200%20768%20512&#39;%2F%3E\" data-src=\"https:\/\/web.escudoweb.com\/wp-content\/uploads\/2021\/02\/116774538_chinesechildrenphone-768x512.jpg\" data-srcset=\"https:\/\/web.escudoweb.com\/wp-content\/uploads\/2021\/02\/116774538_chinesechildrenphone-768x512.jpg 768w, https:\/\/web.escudoweb.com\/wp-content\/uploads\/2021\/02\/116774538_chinesechildrenphone-823x549.jpg 823w\" loading=\"eager\" style=\"--ratio: 768 \/ 512\" sizes=\"(max-width: 768px) 100vw, 768px\" alt=\"\" title=\"_116774538_chinesechildrenphone\" width=\"768\" height=\"512\"  \/><\/a>\t<\/div>\n<\/div>\n\n\n<div class=\"post-entry-content\">\n\t<div class=\"post-entry-wrapper\">\n\t\t\t\t<h3 class=\"entry-title\">\n\t\t\t<a href=\"https:\/\/web.escudoweb.com\/index.php\/china-bans-children-from-using-mobile-phones-at-school\/\" title=\"China bans children from using mobile phones at school\" rel=\"bookmark\">China bans children from using mobile phones at school<\/a>\n\t\t<\/h3>\n\n\t\t<div class=\"entry-meta\"><a href=\"https:\/\/web.escudoweb.com\/index.php\/2021\/02\/26\/\" title=\"07:15\" class=\"data-link\" rel=\"bookmark\"><time class=\"entry-date updated\" datetime=\"2021-02-26T07:15:46+02:00\">26 febrero 2021<\/time><\/a><\/div>\n\t\t<div class=\"entry-excerpt\"><p>[vc_row][vc_column][vc_column_text]In an apparent knee-jerk reaction to rising health in children concerns, the Ministry of Education of the Chinese government has&hellip;<\/p>\n<\/div>\n\t\t\n<a href=\"https:\/\/web.escudoweb.com\/index.php\/china-bans-children-from-using-mobile-phones-at-school\/\" class=\"dt-btn-s dt-btn post-details details-type-btn\" aria-label=\"Read more about China bans children from using mobile phones at school\">Read more<i class=\"dt-icon-the7-arrow-03\" aria-hidden=\"true\"><\/i><\/a>\n\n\t<\/div>\n<\/div><\/article><article class=\"post post-2550 type-post status-publish format-standard has-post-thumbnail hentry category-news category-21\" data-name=\"Four ways screens are harming our children&#8217;s minds \u2013 and what we can do to help\" data-date=\"2021-02-25T06:36:57+02:00\">\n\n<div class=\"post-thumbnail-wrap\">\n\t<div class=\"post-thumbnail\">\n\t\t\n\t\t\n\t\t<a href=\"https:\/\/web.escudoweb.com\/index.php\/four-ways-screens-are-harming-our-childrens-minds-and-what-we-can-do-to-help\/\" class=\"post-thumbnail-rollover layzr-bg\" ><img decoding=\"async\" class=\"preload-me owl-lazy-load aspect\" src=\"data:image\/svg+xml,%3Csvg%20xmlns%3D&#39;http%3A%2F%2Fwww.w3.org%2F2000%2Fsvg&#39;%20viewBox%3D&#39;0%200%20768%20512&#39;%2F%3E\" data-src=\"https:\/\/web.escudoweb.com\/wp-content\/uploads\/2021\/02\/KidsScreen_trans_NvBQzQNjv4BqqVzuuqpFlyLIwiB6NTmJwfSVWeZ_vEN7c6bHu2jJnT8-768x512.jpg\" data-srcset=\"https:\/\/web.escudoweb.com\/wp-content\/uploads\/2021\/02\/KidsScreen_trans_NvBQzQNjv4BqqVzuuqpFlyLIwiB6NTmJwfSVWeZ_vEN7c6bHu2jJnT8-768x512.jpg 768w, https:\/\/web.escudoweb.com\/wp-content\/uploads\/2021\/02\/KidsScreen_trans_NvBQzQNjv4BqqVzuuqpFlyLIwiB6NTmJwfSVWeZ_vEN7c6bHu2jJnT8-804x536.jpg 804w\" loading=\"eager\" style=\"--ratio: 768 \/ 512\" sizes=\"(max-width: 768px) 100vw, 768px\" alt=\"\" title=\"KidsScreen_trans_NvBQzQNjv4BqqVzuuqpFlyLIwiB6NTmJwfSVWeZ_vEN7c6bHu2jJnT8\" width=\"768\" height=\"512\"  \/><\/a>\t<\/div>\n<\/div>\n\n\n<div class=\"post-entry-content\">\n\t<div class=\"post-entry-wrapper\">\n\t\t\t\t<h3 class=\"entry-title\">\n\t\t\t<a href=\"https:\/\/web.escudoweb.com\/index.php\/four-ways-screens-are-harming-our-childrens-minds-and-what-we-can-do-to-help\/\" title=\"Four ways screens are harming our children&#8217;s minds \u2013 and what we can do to help\" rel=\"bookmark\">Four ways screens are harming our children&#8217;s minds \u2013 and what we can do to help<\/a>\n\t\t<\/h3>\n\n\t\t<div class=\"entry-meta\"><a href=\"https:\/\/web.escudoweb.com\/index.php\/2021\/02\/25\/\" title=\"06:36\" class=\"data-link\" rel=\"bookmark\"><time class=\"entry-date updated\" datetime=\"2021-02-25T06:36:57+02:00\">25 febrero 2021<\/time><\/a><\/div>\n\t\t<div class=\"entry-excerpt\"><p>[vc_row][vc_column][vc_column_text]The enforced greater usage of technology in the day to day learning process is starting to show some downsides. As&hellip;<\/p>\n<\/div>\n\t\t\n<a href=\"https:\/\/web.escudoweb.com\/index.php\/four-ways-screens-are-harming-our-childrens-minds-and-what-we-can-do-to-help\/\" class=\"dt-btn-s dt-btn post-details details-type-btn\" aria-label=\"Read more about Four ways screens are harming our children&#8217;s minds \u2013 and what we can do to help\">Read more<i class=\"dt-icon-the7-arrow-03\" aria-hidden=\"true\"><\/i><\/a>\n\n\t<\/div>\n<\/div><\/article><article class=\"post post-2547 type-post status-publish format-standard has-post-thumbnail hentry category-news category-21\" data-name=\"Children Need to Be Back in School Tomorrow\" data-date=\"2021-02-24T10:32:32+02:00\">\n\n<div class=\"post-thumbnail-wrap\">\n\t<div class=\"post-thumbnail\">\n\t\t\n\t\t\n\t\t<a href=\"https:\/\/web.escudoweb.com\/index.php\/children-need-to-be-back-in-school-tomorrow\/\" class=\"post-thumbnail-rollover layzr-bg\" ><img decoding=\"async\" class=\"preload-me owl-lazy-load aspect\" src=\"data:image\/svg+xml,%3Csvg%20xmlns%3D&#39;http%3A%2F%2Fwww.w3.org%2F2000%2Fsvg&#39;%20viewBox%3D&#39;0%200%20768%20512&#39;%2F%3E\" data-src=\"https:\/\/web.escudoweb.com\/wp-content\/uploads\/2021\/02\/merlin_177818019_51839ef6-712d-4d1d-800c-7ec026dd4cd4-superJumbo-768x512.jpg\" data-srcset=\"https:\/\/web.escudoweb.com\/wp-content\/uploads\/2021\/02\/merlin_177818019_51839ef6-712d-4d1d-800c-7ec026dd4cd4-superJumbo-768x512.jpg 768w, https:\/\/web.escudoweb.com\/wp-content\/uploads\/2021\/02\/merlin_177818019_51839ef6-712d-4d1d-800c-7ec026dd4cd4-superJumbo-1152x768.jpg 1152w\" loading=\"eager\" style=\"--ratio: 768 \/ 512\" sizes=\"(max-width: 768px) 100vw, 768px\" alt=\"\" title=\"merlin_177818019_51839ef6-712d-4d1d-800c-7ec026dd4cd4-superJumbo\" width=\"768\" height=\"512\"  \/><\/a>\t<\/div>\n<\/div>\n\n\n<div class=\"post-entry-content\">\n\t<div class=\"post-entry-wrapper\">\n\t\t\t\t<h3 class=\"entry-title\">\n\t\t\t<a href=\"https:\/\/web.escudoweb.com\/index.php\/children-need-to-be-back-in-school-tomorrow\/\" title=\"Children Need to Be Back in School Tomorrow\" rel=\"bookmark\">Children Need to Be Back in School Tomorrow<\/a>\n\t\t<\/h3>\n\n\t\t<div class=\"entry-meta\"><a href=\"https:\/\/web.escudoweb.com\/index.php\/2021\/02\/24\/\" title=\"10:32\" class=\"data-link\" rel=\"bookmark\"><time class=\"entry-date updated\" datetime=\"2021-02-24T10:32:32+02:00\">24 febrero 2021<\/time><\/a><\/div>\n\t\t<div class=\"entry-excerpt\"><p>[vc_row][vc_column][vc_column_text]The US has recently been showing a rather uglier side to its image of the bastion of democracy and home&hellip;<\/p>\n<\/div>\n\t\t\n<a href=\"https:\/\/web.escudoweb.com\/index.php\/children-need-to-be-back-in-school-tomorrow\/\" class=\"dt-btn-s dt-btn post-details details-type-btn\" aria-label=\"Read more about Children Need to Be Back in School Tomorrow\">Read more<i class=\"dt-icon-the7-arrow-03\" aria-hidden=\"true\"><\/i><\/a>\n\n\t<\/div>\n<\/div><\/article><article class=\"post post-2544 type-post status-publish format-standard has-post-thumbnail hentry category-news category-21\" data-name=\"Improving schools: Reflections from education leaders in South Australia\" data-date=\"2021-02-23T08:07:14+02:00\">\n\n<div class=\"post-thumbnail-wrap\">\n\t<div class=\"post-thumbnail\">\n\t\t\n\t\t\n\t\t<a href=\"https:\/\/web.escudoweb.com\/index.php\/improving-schools-reflections-from-education-leaders-in-south-australia\/\" class=\"post-thumbnail-rollover layzr-bg\" ><img decoding=\"async\" class=\"preload-me owl-lazy-load aspect\" src=\"data:image\/svg+xml,%3Csvg%20xmlns%3D&#39;http%3A%2F%2Fwww.w3.org%2F2000%2Fsvg&#39;%20viewBox%3D&#39;0%200%20768%20512&#39;%2F%3E\" data-src=\"https:\/\/web.escudoweb.com\/wp-content\/uploads\/2021\/02\/Improving-schools-HERO-1536x864-768x512.jpg\" data-srcset=\"https:\/\/web.escudoweb.com\/wp-content\/uploads\/2021\/02\/Improving-schools-HERO-1536x864-768x512.jpg 768w, https:\/\/web.escudoweb.com\/wp-content\/uploads\/2021\/02\/Improving-schools-HERO-1536x864-1119x746.jpg 1119w\" loading=\"eager\" style=\"--ratio: 768 \/ 512\" sizes=\"(max-width: 768px) 100vw, 768px\" alt=\"\" title=\"Improving-schools-HERO-1536&#215;864\" width=\"768\" height=\"512\"  \/><\/a>\t<\/div>\n<\/div>\n\n\n<div class=\"post-entry-content\">\n\t<div class=\"post-entry-wrapper\">\n\t\t\t\t<h3 class=\"entry-title\">\n\t\t\t<a href=\"https:\/\/web.escudoweb.com\/index.php\/improving-schools-reflections-from-education-leaders-in-south-australia\/\" title=\"Improving schools: Reflections from education leaders in South Australia\" rel=\"bookmark\">Improving schools: Reflections from education leaders in South Australia<\/a>\n\t\t<\/h3>\n\n\t\t<div class=\"entry-meta\"><a href=\"https:\/\/web.escudoweb.com\/index.php\/2021\/02\/23\/\" title=\"08:07\" class=\"data-link\" rel=\"bookmark\"><time class=\"entry-date updated\" datetime=\"2021-02-23T08:07:14+02:00\">23 febrero 2021<\/time><\/a><\/div>\n\t\t<div class=\"entry-excerpt\"><p>[vc_row][vc_column][vc_column_text]In a change from the usual comments about Education and Covid, we are sharing this McKinsey article on how Australia&hellip;<\/p>\n<\/div>\n\t\t\n<a href=\"https:\/\/web.escudoweb.com\/index.php\/improving-schools-reflections-from-education-leaders-in-south-australia\/\" class=\"dt-btn-s dt-btn post-details details-type-btn\" aria-label=\"Read more about Improving schools: Reflections from education leaders in South Australia\">Read more<i class=\"dt-icon-the7-arrow-03\" aria-hidden=\"true\"><\/i><\/a>\n\n\t<\/div>\n<\/div><\/article><article class=\"post post-2541 type-post status-publish format-standard has-post-thumbnail hentry category-news category-21\" data-name=\"Only a quarter of working-class children doing five hours of schoolwork a day in lockdown\" data-date=\"2021-02-22T07:18:26+02:00\">\n\n<div class=\"post-thumbnail-wrap\">\n\t<div class=\"post-thumbnail\">\n\t\t\n\t\t\n\t\t<a href=\"https:\/\/web.escudoweb.com\/index.php\/only-a-quarter-of-working-class-children-doing-five-hours-of-schoolwork-a-day-in-lockdown\/\" class=\"post-thumbnail-rollover layzr-bg\" ><img decoding=\"async\" class=\"preload-me owl-lazy-load aspect\" src=\"data:image\/svg+xml,%3Csvg%20xmlns%3D&#39;http%3A%2F%2Fwww.w3.org%2F2000%2Fsvg&#39;%20viewBox%3D&#39;0%200%20768%20512&#39;%2F%3E\" data-src=\"https:\/\/web.escudoweb.com\/wp-content\/uploads\/2021\/02\/TELEMMGLPICT000228161411_trans_NvBQzQNjv4Bq3XmyF3YIL3K1caQxZsZv2TRFdHvBv6VV4sm_w5b7xiQ-768x512.jpg\" data-srcset=\"https:\/\/web.escudoweb.com\/wp-content\/uploads\/2021\/02\/TELEMMGLPICT000228161411_trans_NvBQzQNjv4Bq3XmyF3YIL3K1caQxZsZv2TRFdHvBv6VV4sm_w5b7xiQ-768x512.jpg 768w, https:\/\/web.escudoweb.com\/wp-content\/uploads\/2021\/02\/TELEMMGLPICT000228161411_trans_NvBQzQNjv4Bq3XmyF3YIL3K1caQxZsZv2TRFdHvBv6VV4sm_w5b7xiQ-900x600.jpg 900w\" loading=\"eager\" style=\"--ratio: 768 \/ 512\" sizes=\"(max-width: 768px) 100vw, 768px\" alt=\"\" title=\"TELEMMGLPICT000228161411_trans_NvBQzQNjv4Bq3XmyF3YIL3K1caQxZsZv2TRFdHvBv6VV4sm_w5b7xiQ\" width=\"768\" height=\"512\"  \/><\/a>\t<\/div>\n<\/div>\n\n\n<div class=\"post-entry-content\">\n\t<div class=\"post-entry-wrapper\">\n\t\t\t\t<h3 class=\"entry-title\">\n\t\t\t<a href=\"https:\/\/web.escudoweb.com\/index.php\/only-a-quarter-of-working-class-children-doing-five-hours-of-schoolwork-a-day-in-lockdown\/\" title=\"Only a quarter of working-class children doing five hours of schoolwork a day in lockdown\" rel=\"bookmark\">Only a quarter of working-class children doing five hours of schoolwork a day in lockdown<\/a>\n\t\t<\/h3>\n\n\t\t<div class=\"entry-meta\"><a href=\"https:\/\/web.escudoweb.com\/index.php\/2021\/02\/22\/\" title=\"07:18\" class=\"data-link\" rel=\"bookmark\"><time class=\"entry-date updated\" datetime=\"2021-02-22T07:18:26+02:00\">22 febrero 2021<\/time><\/a><\/div>\n\t\t<div class=\"entry-excerpt\"><p>[vc_row][vc_column][vc_column_text]In the UK (although the figure in other countries is likely to be similar) according to an article in the&hellip;<\/p>\n<\/div>\n\t\t\n<a href=\"https:\/\/web.escudoweb.com\/index.php\/only-a-quarter-of-working-class-children-doing-five-hours-of-schoolwork-a-day-in-lockdown\/\" class=\"dt-btn-s dt-btn post-details details-type-btn\" aria-label=\"Read more about Only a quarter of working-class children doing five hours of schoolwork a day in lockdown\">Read more<i class=\"dt-icon-the7-arrow-03\" aria-hidden=\"true\"><\/i><\/a>\n\n\t<\/div>\n<\/div><\/article><article class=\"post post-2538 type-post status-publish format-standard has-post-thumbnail hentry category-news category-21\" data-name=\"Parents of Remote Learners Have Smaller Roles in U.S. Workforce\" data-date=\"2021-02-19T07:26:02+02:00\">\n\n<div class=\"post-thumbnail-wrap\">\n\t<div class=\"post-thumbnail\">\n\t\t\n\t\t\n\t\t<a href=\"https:\/\/web.escudoweb.com\/index.php\/parents-of-remote-learners-have-smaller-roles-in-u-s-workforce\/\" class=\"post-thumbnail-rollover layzr-bg\" ><img decoding=\"async\" class=\"preload-me owl-lazy-load aspect\" src=\"data:image\/svg+xml,%3Csvg%20xmlns%3D&#39;http%3A%2F%2Fwww.w3.org%2F2000%2Fsvg&#39;%20viewBox%3D&#39;0%200%20768%20512&#39;%2F%3E\" data-src=\"https:\/\/web.escudoweb.com\/wp-content\/uploads\/2021\/02\/famtech1229virtual2020_960x540-768x512.jpg\" data-srcset=\"https:\/\/web.escudoweb.com\/wp-content\/uploads\/2021\/02\/famtech1229virtual2020_960x540-768x512.jpg 768w, https:\/\/web.escudoweb.com\/wp-content\/uploads\/2021\/02\/famtech1229virtual2020_960x540-810x540.jpg 810w\" loading=\"eager\" style=\"--ratio: 768 \/ 512\" sizes=\"(max-width: 768px) 100vw, 768px\" alt=\"\" title=\"famtech1229virtual2020_960x540\" width=\"768\" height=\"512\"  \/><\/a>\t<\/div>\n<\/div>\n\n\n<div class=\"post-entry-content\">\n\t<div class=\"post-entry-wrapper\">\n\t\t\t\t<h3 class=\"entry-title\">\n\t\t\t<a href=\"https:\/\/web.escudoweb.com\/index.php\/parents-of-remote-learners-have-smaller-roles-in-u-s-workforce\/\" title=\"Parents of Remote Learners Have Smaller Roles in U.S. Workforce\" rel=\"bookmark\">Parents of Remote Learners Have Smaller Roles in U.S. Workforce<\/a>\n\t\t<\/h3>\n\n\t\t<div class=\"entry-meta\"><a href=\"https:\/\/web.escudoweb.com\/index.php\/2021\/02\/19\/\" title=\"07:26\" class=\"data-link\" rel=\"bookmark\"><time class=\"entry-date updated\" datetime=\"2021-02-19T07:26:02+02:00\">19 febrero 2021<\/time><\/a><\/div>\n\t\t<div class=\"entry-excerpt\"><p>[vc_row][vc_column][vc_column_text]A curious article from the Wall Street Journal about effects of the pandemic on working parents. Some numbers have been&hellip;<\/p>\n<\/div>\n\t\t\n<a href=\"https:\/\/web.escudoweb.com\/index.php\/parents-of-remote-learners-have-smaller-roles-in-u-s-workforce\/\" class=\"dt-btn-s dt-btn post-details details-type-btn\" aria-label=\"Read more about Parents of Remote Learners Have Smaller Roles in U.S. Workforce\">Read more<i class=\"dt-icon-the7-arrow-03\" aria-hidden=\"true\"><\/i><\/a>\n\n\t<\/div>\n<\/div><\/article><article class=\"post post-2534 type-post status-publish format-standard has-post-thumbnail hentry category-news category-21\" data-name=\"Social media use doubles number of girls unhappy with their appearance by the age of 14\" data-date=\"2021-02-18T08:17:05+02:00\">\n\n<div class=\"post-thumbnail-wrap\">\n\t<div class=\"post-thumbnail\">\n\t\t\n\t\t\n\t\t<a href=\"https:\/\/web.escudoweb.com\/index.php\/social-media-use-doubles-number-of-girls-unhappy-with-their-appearance-by-the-age-of-14\/\" class=\"post-thumbnail-rollover layzr-bg\" ><img decoding=\"async\" class=\"preload-me owl-lazy-load aspect\" src=\"data:image\/svg+xml,%3Csvg%20xmlns%3D&#39;http%3A%2F%2Fwww.w3.org%2F2000%2Fsvg&#39;%20viewBox%3D&#39;0%200%20768%20512&#39;%2F%3E\" data-src=\"https:\/\/web.escudoweb.com\/wp-content\/uploads\/2021\/02\/TELEMMGLPICT000152045535_trans_NvBQzQNjv4BqQDfO_Li8BnuRdRCVfSGXuQvhzdjcZien2ya59CfVOfk-768x512.jpeg\" data-srcset=\"https:\/\/web.escudoweb.com\/wp-content\/uploads\/2021\/02\/TELEMMGLPICT000152045535_trans_NvBQzQNjv4BqQDfO_Li8BnuRdRCVfSGXuQvhzdjcZien2ya59CfVOfk-768x512.jpeg 768w, https:\/\/web.escudoweb.com\/wp-content\/uploads\/2021\/02\/TELEMMGLPICT000152045535_trans_NvBQzQNjv4BqQDfO_Li8BnuRdRCVfSGXuQvhzdjcZien2ya59CfVOfk-1152x768.jpeg 1152w\" loading=\"eager\" style=\"--ratio: 768 \/ 512\" sizes=\"(max-width: 768px) 100vw, 768px\" alt=\"\" title=\"TELEMMGLPICT000152045535_trans_NvBQzQNjv4BqQDfO_Li8BnuRdRCVfSGXuQvhzdjcZien2ya59CfVOfk\" width=\"768\" height=\"512\"  \/><\/a>\t<\/div>\n<\/div>\n\n\n<div class=\"post-entry-content\">\n\t<div class=\"post-entry-wrapper\">\n\t\t\t\t<h3 class=\"entry-title\">\n\t\t\t<a href=\"https:\/\/web.escudoweb.com\/index.php\/social-media-use-doubles-number-of-girls-unhappy-with-their-appearance-by-the-age-of-14\/\" title=\"Social media use doubles number of girls unhappy with their appearance by the age of 14\" rel=\"bookmark\">Social media use doubles number of girls unhappy with their appearance by the age of 14<\/a>\n\t\t<\/h3>\n\n\t\t<div class=\"entry-meta\"><a href=\"https:\/\/web.escudoweb.com\/index.php\/2021\/02\/18\/\" title=\"08:17\" class=\"data-link\" rel=\"bookmark\"><time class=\"entry-date updated\" datetime=\"2021-02-18T08:17:05+02:00\">18 febrero 2021<\/time><\/a><\/div>\n\t\t<div class=\"entry-excerpt\"><p>[vc_row][vc_column][vc_column_text]We have written articles about the effects of Social Media in previous posts, and this article from the Telegraph bears&hellip;<\/p>\n<\/div>\n\t\t\n<a href=\"https:\/\/web.escudoweb.com\/index.php\/social-media-use-doubles-number-of-girls-unhappy-with-their-appearance-by-the-age-of-14\/\" class=\"dt-btn-s dt-btn post-details details-type-btn\" aria-label=\"Read more about Social media use doubles number of girls unhappy with their appearance by the age of 14\">Read more<i class=\"dt-icon-the7-arrow-03\" aria-hidden=\"true\"><\/i><\/a>\n\n\t<\/div>\n<\/div><\/article><article class=\"post post-2531 type-post status-publish format-standard has-post-thumbnail hentry category-news category-21\" data-name=\"I Can\u2019t Believe I Need to Say This, but We Need Schools More Than Bars\" data-date=\"2021-02-17T06:41:37+02:00\">\n\n<div class=\"post-thumbnail-wrap\">\n\t<div class=\"post-thumbnail\">\n\t\t\n\t\t\n\t\t<a href=\"https:\/\/web.escudoweb.com\/index.php\/i-cant-believe-i-need-to-say-this-but-we-need-schools-more-than-bars\/\" class=\"post-thumbnail-rollover layzr-bg\" ><img decoding=\"async\" class=\"preload-me owl-lazy-load aspect\" src=\"data:image\/svg+xml,%3Csvg%20xmlns%3D&#39;http%3A%2F%2Fwww.w3.org%2F2000%2Fsvg&#39;%20viewBox%3D&#39;0%200%20768%20512&#39;%2F%3E\" data-src=\"https:\/\/web.escudoweb.com\/wp-content\/uploads\/2021\/02\/25Barbara1-superJumbo-768x512.jpg\" data-srcset=\"https:\/\/web.escudoweb.com\/wp-content\/uploads\/2021\/02\/25Barbara1-superJumbo-768x512.jpg 768w, https:\/\/web.escudoweb.com\/wp-content\/uploads\/2021\/02\/25Barbara1-superJumbo-1152x768.jpg 1152w\" loading=\"eager\" style=\"--ratio: 768 \/ 512\" sizes=\"(max-width: 768px) 100vw, 768px\" alt=\"\" title=\"25Barbara1-superJumbo\" width=\"768\" height=\"512\"  \/><\/a>\t<\/div>\n<\/div>\n\n\n<div class=\"post-entry-content\">\n\t<div class=\"post-entry-wrapper\">\n\t\t\t\t<h3 class=\"entry-title\">\n\t\t\t<a href=\"https:\/\/web.escudoweb.com\/index.php\/i-cant-believe-i-need-to-say-this-but-we-need-schools-more-than-bars\/\" title=\"I Can\u2019t Believe I Need to Say This, but We Need Schools More Than Bars\" rel=\"bookmark\">I Can\u2019t Believe I Need to Say This, but We Need Schools More Than Bars<\/a>\n\t\t<\/h3>\n\n\t\t<div class=\"entry-meta\"><a href=\"https:\/\/web.escudoweb.com\/index.php\/2021\/02\/17\/\" title=\"06:41\" class=\"data-link\" rel=\"bookmark\"><time class=\"entry-date updated\" datetime=\"2021-02-17T06:41:37+02:00\">17 febrero 2021<\/time><\/a><\/div>\n\t\t<div class=\"entry-excerpt\"><p>[vc_row][vc_column][vc_column_text]In Brazil 35 million children have been left without school for more than ten months. In the local politics of&hellip;<\/p>\n<\/div>\n\t\t\n<a href=\"https:\/\/web.escudoweb.com\/index.php\/i-cant-believe-i-need-to-say-this-but-we-need-schools-more-than-bars\/\" class=\"dt-btn-s dt-btn post-details details-type-btn\" aria-label=\"Read more about I Can\u2019t Believe I Need to Say This, but We Need Schools More Than Bars\">Read more<i class=\"dt-icon-the7-arrow-03\" aria-hidden=\"true\"><\/i><\/a>\n\n\t<\/div>\n<\/div><\/article><article class=\"post post-2528 type-post status-publish format-standard has-post-thumbnail hentry category-english category-10\" data-name=\"Covid-19 Spread Appears Limited in Schools When Precautions Followed, CDC Says\" data-date=\"2021-02-16T06:53:32+02:00\">\n\n<div class=\"post-thumbnail-wrap\">\n\t<div class=\"post-thumbnail\">\n\t\t\n\t\t\n\t\t<a href=\"https:\/\/web.escudoweb.com\/index.php\/covid-19-spread-appears-limited-in-schools-when-precautions-followed-cdc-says\/\" class=\"post-thumbnail-rollover layzr-bg\" ><img decoding=\"async\" class=\"preload-me owl-lazy-load aspect\" src=\"data:image\/svg+xml,%3Csvg%20xmlns%3D&#39;http%3A%2F%2Fwww.w3.org%2F2000%2Fsvg&#39;%20viewBox%3D&#39;0%200%20768%20512&#39;%2F%3E\" data-src=\"https:\/\/web.escudoweb.com\/wp-content\/uploads\/2021\/02\/012121inaugurationcovidvid2_960x540-768x512.jpg\" data-srcset=\"https:\/\/web.escudoweb.com\/wp-content\/uploads\/2021\/02\/012121inaugurationcovidvid2_960x540-768x512.jpg 768w, https:\/\/web.escudoweb.com\/wp-content\/uploads\/2021\/02\/012121inaugurationcovidvid2_960x540-810x540.jpg 810w\" loading=\"eager\" style=\"--ratio: 768 \/ 512\" sizes=\"(max-width: 768px) 100vw, 768px\" alt=\"\" title=\"012121inaugurationcovidvid2_960x540\" width=\"768\" height=\"512\"  \/><\/a>\t<\/div>\n<\/div>\n\n\n<div class=\"post-entry-content\">\n\t<div class=\"post-entry-wrapper\">\n\t\t\t\t<h3 class=\"entry-title\">\n\t\t\t<a href=\"https:\/\/web.escudoweb.com\/index.php\/covid-19-spread-appears-limited-in-schools-when-precautions-followed-cdc-says\/\" title=\"Covid-19 Spread Appears Limited in Schools When Precautions Followed, CDC Says\" rel=\"bookmark\">Covid-19 Spread Appears Limited in Schools When Precautions Followed, CDC Says<\/a>\n\t\t<\/h3>\n\n\t\t<div class=\"entry-meta\"><a href=\"https:\/\/web.escudoweb.com\/index.php\/2021\/02\/16\/\" title=\"06:53\" class=\"data-link\" rel=\"bookmark\"><time class=\"entry-date updated\" datetime=\"2021-02-16T06:53:32+02:00\">16 febrero 2021<\/time><\/a><\/div>\n\t\t<div class=\"entry-excerpt\"><p>[vc_row][vc_column][vc_column_text]Another article that should help support the idea of keeping schools open. According to a report from the Centers for&hellip;<\/p>\n<\/div>\n\t\t\n<a href=\"https:\/\/web.escudoweb.com\/index.php\/covid-19-spread-appears-limited-in-schools-when-precautions-followed-cdc-says\/\" class=\"dt-btn-s dt-btn post-details details-type-btn\" aria-label=\"Read more about Covid-19 Spread Appears Limited in Schools When Precautions Followed, CDC Says\">Read more<i class=\"dt-icon-the7-arrow-03\" aria-hidden=\"true\"><\/i><\/a>\n\n\t<\/div>\n<\/div><\/article><article class=\"post post-2525 type-post status-publish format-standard has-post-thumbnail hentry category-news category-21\" data-name=\"Making digital schooling work for all children\" data-date=\"2021-02-15T07:42:24+02:00\">\n\n<div class=\"post-thumbnail-wrap\">\n\t<div class=\"post-thumbnail\">\n\t\t\n\t\t\n\t\t<a href=\"https:\/\/web.escudoweb.com\/index.php\/making-digital-schooling-work-for-all-children\/\" class=\"post-thumbnail-rollover layzr-bg\" ><img decoding=\"async\" class=\"preload-me owl-lazy-load aspect\" src=\"data:image\/svg+xml,%3Csvg%20xmlns%3D&#39;http%3A%2F%2Fwww.w3.org%2F2000%2Fsvg&#39;%20viewBox%3D&#39;0%200%20768%20512&#39;%2F%3E\" data-src=\"https:\/\/web.escudoweb.com\/wp-content\/uploads\/2021\/02\/DT2_p3_1-768x512.jpg\" data-srcset=\"https:\/\/web.escudoweb.com\/wp-content\/uploads\/2021\/02\/DT2_p3_1-768x512.jpg 768w, https:\/\/web.escudoweb.com\/wp-content\/uploads\/2021\/02\/DT2_p3_1-1011x674.jpg 1011w\" loading=\"eager\" style=\"--ratio: 768 \/ 512\" sizes=\"(max-width: 768px) 100vw, 768px\" alt=\"\" title=\"DT2_p3_1\" width=\"768\" height=\"512\"  \/><\/a>\t<\/div>\n<\/div>\n\n\n<div class=\"post-entry-content\">\n\t<div class=\"post-entry-wrapper\">\n\t\t\t\t<h3 class=\"entry-title\">\n\t\t\t<a href=\"https:\/\/web.escudoweb.com\/index.php\/making-digital-schooling-work-for-all-children\/\" title=\"Making digital schooling work for all children\" rel=\"bookmark\">Making digital schooling work for all children<\/a>\n\t\t<\/h3>\n\n\t\t<div class=\"entry-meta\"><a href=\"https:\/\/web.escudoweb.com\/index.php\/2021\/02\/15\/\" title=\"07:42\" class=\"data-link\" rel=\"bookmark\"><time class=\"entry-date updated\" datetime=\"2021-02-15T07:42:24+02:00\">15 febrero 2021<\/time><\/a><\/div>\n\t\t<div class=\"entry-excerpt\"><p>[vc_row][vc_column][vc_column_text]Digital transformation was, until 12 months ago, a buzzword that IT consultancies bandied about in a bid to sell high&hellip;<\/p>\n<\/div>\n\t\t\n<a href=\"https:\/\/web.escudoweb.com\/index.php\/making-digital-schooling-work-for-all-children\/\" class=\"dt-btn-s dt-btn post-details details-type-btn\" aria-label=\"Read more about Making digital schooling work for all children\">Read more<i class=\"dt-icon-the7-arrow-03\" aria-hidden=\"true\"><\/i><\/a>\n\n\t<\/div>\n<\/div><\/article><article class=\"post post-2520 type-post status-publish format-standard has-post-thumbnail hentry category-news category-21\" data-name=\"There\u2019s No Easy Fix for Children\u2019s Weight Gain\" data-date=\"2021-02-12T06:45:28+02:00\">\n\n<div class=\"post-thumbnail-wrap\">\n\t<div class=\"post-thumbnail\">\n\t\t\n\t\t\n\t\t<a href=\"https:\/\/web.escudoweb.com\/index.php\/theres-no-easy-fix-for-childrens-weight-gain\/\" class=\"post-thumbnail-rollover layzr-bg\" ><img decoding=\"async\" class=\"preload-me owl-lazy-load aspect\" src=\"data:image\/svg+xml,%3Csvg%20xmlns%3D&#39;http%3A%2F%2Fwww.w3.org%2F2000%2Fsvg&#39;%20viewBox%3D&#39;0%200%20768%20512&#39;%2F%3E\" data-src=\"https:\/\/web.escudoweb.com\/wp-content\/uploads\/2021\/02\/00well-klaus-children-weight-superJumbo-768x512.jpg\" data-srcset=\"https:\/\/web.escudoweb.com\/wp-content\/uploads\/2021\/02\/00well-klaus-children-weight-superJumbo-768x512.jpg 768w, https:\/\/web.escudoweb.com\/wp-content\/uploads\/2021\/02\/00well-klaus-children-weight-superJumbo-1152x768.jpg 1152w\" loading=\"eager\" style=\"--ratio: 768 \/ 512\" sizes=\"(max-width: 768px) 100vw, 768px\" alt=\"\" title=\"00well-klaus-children-weight-superJumbo\" width=\"768\" height=\"512\"  \/><\/a>\t<\/div>\n<\/div>\n\n\n<div class=\"post-entry-content\">\n\t<div class=\"post-entry-wrapper\">\n\t\t\t\t<h3 class=\"entry-title\">\n\t\t\t<a href=\"https:\/\/web.escudoweb.com\/index.php\/theres-no-easy-fix-for-childrens-weight-gain\/\" title=\"There\u2019s No Easy Fix for Children\u2019s Weight Gain\" rel=\"bookmark\">There\u2019s No Easy Fix for Children\u2019s Weight Gain<\/a>\n\t\t<\/h3>\n\n\t\t<div class=\"entry-meta\"><a href=\"https:\/\/web.escudoweb.com\/index.php\/2021\/02\/12\/\" title=\"06:45\" class=\"data-link\" rel=\"bookmark\"><time class=\"entry-date updated\" datetime=\"2021-02-12T06:45:28+02:00\">12 febrero 2021<\/time><\/a><\/div>\n\t\t<div class=\"entry-excerpt\"><p>[vc_row][vc_column][vc_column_text]Yet another fallout from the pandemic &#8211; associated with a lack of physical activity for children &#8211; is weight gain.&hellip;<\/p>\n<\/div>\n\t\t\n<a href=\"https:\/\/web.escudoweb.com\/index.php\/theres-no-easy-fix-for-childrens-weight-gain\/\" class=\"dt-btn-s dt-btn post-details details-type-btn\" aria-label=\"Read more about There\u2019s No Easy Fix for Children\u2019s Weight Gain\">Read more<i class=\"dt-icon-the7-arrow-03\" aria-hidden=\"true\"><\/i><\/a>\n\n\t<\/div>\n<\/div><\/article><article class=\"post post-2515 type-post status-publish format-standard has-post-thumbnail hentry category-news category-21\" data-name=\"Covid: The devastating toll of the pandemic on children\" data-date=\"2021-02-11T07:18:56+02:00\">\n\n<div class=\"post-thumbnail-wrap\">\n\t<div class=\"post-thumbnail\">\n\t\t\n\t\t\n\t\t<a href=\"https:\/\/web.escudoweb.com\/index.php\/covid-the-devastating-toll-of-the-pandemic-on-children\/\" class=\"post-thumbnail-rollover layzr-bg\" ><img decoding=\"async\" class=\"preload-me owl-lazy-load aspect\" src=\"data:image\/svg+xml,%3Csvg%20xmlns%3D&#39;http%3A%2F%2Fwww.w3.org%2F2000%2Fsvg&#39;%20viewBox%3D&#39;0%200%20768%20512&#39;%2F%3E\" data-src=\"https:\/\/web.escudoweb.com\/wp-content\/uploads\/2021\/02\/116663317_girllookingoutwindow-768x512.jpg\" data-srcset=\"https:\/\/web.escudoweb.com\/wp-content\/uploads\/2021\/02\/116663317_girllookingoutwindow-768x512.jpg 768w, https:\/\/web.escudoweb.com\/wp-content\/uploads\/2021\/02\/116663317_girllookingoutwindow-823x549.jpg 823w\" loading=\"eager\" style=\"--ratio: 768 \/ 512\" sizes=\"(max-width: 768px) 100vw, 768px\" alt=\"\" title=\"_116663317_girllookingoutwindow\" width=\"768\" height=\"512\"  \/><\/a>\t<\/div>\n<\/div>\n\n\n<div class=\"post-entry-content\">\n\t<div class=\"post-entry-wrapper\">\n\t\t\t\t<h3 class=\"entry-title\">\n\t\t\t<a href=\"https:\/\/web.escudoweb.com\/index.php\/covid-the-devastating-toll-of-the-pandemic-on-children\/\" title=\"Covid: The devastating toll of the pandemic on children\" rel=\"bookmark\">Covid: The devastating toll of the pandemic on children<\/a>\n\t\t<\/h3>\n\n\t\t<div class=\"entry-meta\"><a href=\"https:\/\/web.escudoweb.com\/index.php\/2021\/02\/11\/\" title=\"07:18\" class=\"data-link\" rel=\"bookmark\"><time class=\"entry-date updated\" datetime=\"2021-02-11T07:18:56+02:00\">11 febrero 2021<\/time><\/a><\/div>\n\t\t<div class=\"entry-excerpt\"><p>[vc_row][vc_column][vc_column_text]One of the major victims of the pandemic has been children. While as a part of society there have not&hellip;<\/p>\n<\/div>\n\t\t\n<a href=\"https:\/\/web.escudoweb.com\/index.php\/covid-the-devastating-toll-of-the-pandemic-on-children\/\" class=\"dt-btn-s dt-btn post-details details-type-btn\" aria-label=\"Read more about Covid: The devastating toll of the pandemic on children\">Read more<i class=\"dt-icon-the7-arrow-03\" aria-hidden=\"true\"><\/i><\/a>\n\n\t<\/div>\n<\/div><\/article><article class=\"post post-2512 type-post status-publish format-standard has-post-thumbnail hentry category-news category-21\" data-name=\"UNESCO figures show two thirds of an academic year lost on average worldwide due to Covid-19 school closures\" data-date=\"2021-02-10T07:13:15+02:00\">\n\n<div class=\"post-thumbnail-wrap\">\n\t<div class=\"post-thumbnail\">\n\t\t\n\t\t\n\t\t<a href=\"https:\/\/web.escudoweb.com\/index.php\/unesco-figures-show-two-thirds-of-an-academic-year-lost-on-average-worldwide-due-to-covid-19-school-closures\/\" class=\"post-thumbnail-rollover layzr-bg\" ><img decoding=\"async\" class=\"preload-me owl-lazy-load aspect\" src=\"data:image\/svg+xml,%3Csvg%20xmlns%3D&#39;http%3A%2F%2Fwww.w3.org%2F2000%2Fsvg&#39;%20viewBox%3D&#39;0%200%20537%20358&#39;%2F%3E\" data-src=\"https:\/\/web.escudoweb.com\/wp-content\/uploads\/2021\/02\/covid_school_closure_07-537x358.jpg\" data-srcset=\"https:\/\/web.escudoweb.com\/wp-content\/uploads\/2021\/02\/covid_school_closure_07-537x358.jpg 537w\" loading=\"eager\" style=\"--ratio: 537 \/ 358\" sizes=\"(max-width: 537px) 100vw, 537px\" alt=\"\" title=\"covid_school_closure_07\" width=\"537\" height=\"358\"  \/><\/a>\t<\/div>\n<\/div>\n\n\n<div class=\"post-entry-content\">\n\t<div class=\"post-entry-wrapper\">\n\t\t\t\t<h3 class=\"entry-title\">\n\t\t\t<a href=\"https:\/\/web.escudoweb.com\/index.php\/unesco-figures-show-two-thirds-of-an-academic-year-lost-on-average-worldwide-due-to-covid-19-school-closures\/\" title=\"UNESCO figures show two thirds of an academic year lost on average worldwide due to Covid-19 school closures\" rel=\"bookmark\">UNESCO figures show two thirds of an academic year lost on average worldwide due to Covid-19 school closures<\/a>\n\t\t<\/h3>\n\n\t\t<div class=\"entry-meta\"><a href=\"https:\/\/web.escudoweb.com\/index.php\/2021\/02\/10\/\" title=\"07:13\" class=\"data-link\" rel=\"bookmark\"><time class=\"entry-date updated\" datetime=\"2021-02-10T07:13:15+02:00\">10 febrero 2021<\/time><\/a><\/div>\n\t\t<div class=\"entry-excerpt\"><p>[vc_row][vc_column][vc_column_text]In the last twelve months schools have been closed across the world for 46% of this period. Over half of&hellip;<\/p>\n<\/div>\n\t\t\n<a href=\"https:\/\/web.escudoweb.com\/index.php\/unesco-figures-show-two-thirds-of-an-academic-year-lost-on-average-worldwide-due-to-covid-19-school-closures\/\" class=\"dt-btn-s dt-btn post-details details-type-btn\" aria-label=\"Read more about UNESCO figures show two thirds of an academic year lost on average worldwide due to Covid-19 school closures\">Read more<i class=\"dt-icon-the7-arrow-03\" aria-hidden=\"true\"><\/i><\/a>\n\n\t<\/div>\n<\/div><\/article><article class=\"post post-2509 type-post status-publish format-standard has-post-thumbnail hentry category-news category-21\" data-name=\"Young people \u00abunable to cope with life\u00bb since pandemic, warns Prince\u2019s Trust\" data-date=\"2021-02-09T07:34:52+02:00\">\n\n<div class=\"post-thumbnail-wrap\">\n\t<div class=\"post-thumbnail\">\n\t\t\n\t\t\n\t\t<a href=\"https:\/\/web.escudoweb.com\/index.php\/young-people-unable-to-cope-with-life-since-pandemic-warns-princes-trust\/\" class=\"post-thumbnail-rollover layzr-bg\" ><img decoding=\"async\" class=\"preload-me owl-lazy-load aspect\" src=\"data:image\/svg+xml,%3Csvg%20xmlns%3D&#39;http%3A%2F%2Fwww.w3.org%2F2000%2Fsvg&#39;%20viewBox%3D&#39;0%200%20768%20512&#39;%2F%3E\" data-src=\"https:\/\/web.escudoweb.com\/wp-content\/uploads\/2021\/02\/1430866062766-768x512.png\" data-srcset=\"https:\/\/web.escudoweb.com\/wp-content\/uploads\/2021\/02\/1430866062766-768x512.png 768w\" loading=\"eager\" style=\"--ratio: 768 \/ 512\" sizes=\"(max-width: 768px) 100vw, 768px\" alt=\"\" title=\"1430866062766\" width=\"768\" height=\"512\"  \/><\/a>\t<\/div>\n<\/div>\n\n\n<div class=\"post-entry-content\">\n\t<div class=\"post-entry-wrapper\">\n\t\t\t\t<h3 class=\"entry-title\">\n\t\t\t<a href=\"https:\/\/web.escudoweb.com\/index.php\/young-people-unable-to-cope-with-life-since-pandemic-warns-princes-trust\/\" title=\"Young people \u00abunable to cope with life\u00bb since pandemic, warns Prince\u2019s Trust\" rel=\"bookmark\">Young people \u00abunable to cope with life\u00bb since pandemic, warns Prince\u2019s Trust<\/a>\n\t\t<\/h3>\n\n\t\t<div class=\"entry-meta\"><a href=\"https:\/\/web.escudoweb.com\/index.php\/2021\/02\/09\/\" title=\"07:34\" class=\"data-link\" rel=\"bookmark\"><time class=\"entry-date updated\" datetime=\"2021-02-09T07:34:52+02:00\">9 febrero 2021<\/time><\/a><\/div>\n\t\t<div class=\"entry-excerpt\"><p>[vc_row][vc_column][vc_column_text]A common theme in our recent posts &#8211; reflective of articles in the main press &#8211; is that of mental&hellip;<\/p>\n<\/div>\n\t\t\n<a href=\"https:\/\/web.escudoweb.com\/index.php\/young-people-unable-to-cope-with-life-since-pandemic-warns-princes-trust\/\" class=\"dt-btn-s dt-btn post-details details-type-btn\" aria-label=\"Read more about Young people \u00abunable to cope with life\u00bb since pandemic, warns Prince\u2019s Trust\">Read more<i class=\"dt-icon-the7-arrow-03\" aria-hidden=\"true\"><\/i><\/a>\n\n\t<\/div>\n<\/div><\/article><article class=\"post post-2506 type-post status-publish format-standard has-post-thumbnail hentry category-news category-21\" data-name=\"60% of teens concerned about school work due to COVID-19\" data-date=\"2021-02-08T07:30:18+02:00\">\n\n<div class=\"post-thumbnail-wrap\">\n\t<div class=\"post-thumbnail\">\n\t\t\n\t\t\n\t\t<a href=\"https:\/\/web.escudoweb.com\/index.php\/60-of-teens-concerned-about-school-work-due-to-covid-19\/\" class=\"post-thumbnail-rollover layzr-bg\" ><img decoding=\"async\" class=\"preload-me owl-lazy-load aspect\" src=\"data:image\/svg+xml,%3Csvg%20xmlns%3D&#39;http%3A%2F%2Fwww.w3.org%2F2000%2Fsvg&#39;%20viewBox%3D&#39;0%200%20768%20512&#39;%2F%3E\" data-src=\"https:\/\/web.escudoweb.com\/wp-content\/uploads\/2021\/02\/preteen-tween-boy-covering-ears-with-his-hands-bed-adhd-autism-sleep-disorder-mental-health-children-want-hear-wake-up-kid-school-concept-768x512.jpg\" data-srcset=\"https:\/\/web.escudoweb.com\/wp-content\/uploads\/2021\/02\/preteen-tween-boy-covering-ears-with-his-hands-bed-adhd-autism-sleep-disorder-mental-health-children-want-hear-wake-up-kid-school-concept-768x512.jpg 768w, https:\/\/web.escudoweb.com\/wp-content\/uploads\/2021\/02\/preteen-tween-boy-covering-ears-with-his-hands-bed-adhd-autism-sleep-disorder-mental-health-children-want-hear-wake-up-kid-school-concept-1152x768.jpg 1152w\" loading=\"eager\" style=\"--ratio: 768 \/ 512\" sizes=\"(max-width: 768px) 100vw, 768px\" alt=\"\" title=\"preteen-tween-boy-covering-ears-with-his-hands-bed-adhd-autism-sleep-disorder-mental-health-children-want-hear-wake-up-kid-school-concept\" width=\"768\" height=\"512\"  \/><\/a>\t<\/div>\n<\/div>\n\n\n<div class=\"post-entry-content\">\n\t<div class=\"post-entry-wrapper\">\n\t\t\t\t<h3 class=\"entry-title\">\n\t\t\t<a href=\"https:\/\/web.escudoweb.com\/index.php\/60-of-teens-concerned-about-school-work-due-to-covid-19\/\" title=\"60% of teens concerned about school work due to COVID-19\" rel=\"bookmark\">60% of teens concerned about school work due to COVID-19<\/a>\n\t\t<\/h3>\n\n\t\t<div class=\"entry-meta\"><a href=\"https:\/\/web.escudoweb.com\/index.php\/2021\/02\/08\/\" title=\"07:30\" class=\"data-link\" rel=\"bookmark\"><time class=\"entry-date updated\" datetime=\"2021-02-08T07:30:18+02:00\">8 febrero 2021<\/time><\/a><\/div>\n\t\t<div class=\"entry-excerpt\"><p>[vc_row][vc_column][vc_column_text]A recent study by financial institution Lowell, published by Education Technology, has concluded that 60% of teenagers in the UK&hellip;<\/p>\n<\/div>\n\t\t\n<a href=\"https:\/\/web.escudoweb.com\/index.php\/60-of-teens-concerned-about-school-work-due-to-covid-19\/\" class=\"dt-btn-s dt-btn post-details details-type-btn\" aria-label=\"Read more about 60% of teens concerned about school work due to COVID-19\">Read more<i class=\"dt-icon-the7-arrow-03\" aria-hidden=\"true\"><\/i><\/a>\n\n\t<\/div>\n<\/div><\/article><article class=\"post post-2503 type-post status-publish format-standard has-post-thumbnail hentry category-news category-21\" data-name=\"Teaching in the Pandemic: \u2018This Is Not Sustainable\u2019\" data-date=\"2021-02-05T06:54:51+02:00\">\n\n<div class=\"post-thumbnail-wrap\">\n\t<div class=\"post-thumbnail\">\n\t\t\n\t\t\n\t\t<a href=\"https:\/\/web.escudoweb.com\/index.php\/teaching-in-the-pandemic-this-is-not-sustainable\/\" class=\"post-thumbnail-rollover layzr-bg\" ><img decoding=\"async\" class=\"preload-me owl-lazy-load aspect\" src=\"data:image\/svg+xml,%3Csvg%20xmlns%3D&#39;http%3A%2F%2Fwww.w3.org%2F2000%2Fsvg&#39;%20viewBox%3D&#39;0%200%20768%20512&#39;%2F%3E\" data-src=\"https:\/\/web.escudoweb.com\/wp-content\/uploads\/2021\/02\/00exhausted-teachers-superJumbo-768x512.jpg\" data-srcset=\"https:\/\/web.escudoweb.com\/wp-content\/uploads\/2021\/02\/00exhausted-teachers-superJumbo-768x512.jpg 768w, https:\/\/web.escudoweb.com\/wp-content\/uploads\/2021\/02\/00exhausted-teachers-superJumbo-1152x768.jpg 1152w\" loading=\"eager\" style=\"--ratio: 768 \/ 512\" sizes=\"(max-width: 768px) 100vw, 768px\" alt=\"\" title=\"00exhausted-teachers-superJumbo\" width=\"768\" height=\"512\"  \/><\/a>\t<\/div>\n<\/div>\n\n\n<div class=\"post-entry-content\">\n\t<div class=\"post-entry-wrapper\">\n\t\t\t\t<h3 class=\"entry-title\">\n\t\t\t<a href=\"https:\/\/web.escudoweb.com\/index.php\/teaching-in-the-pandemic-this-is-not-sustainable\/\" title=\"Teaching in the Pandemic: \u2018This Is Not Sustainable\u2019\" rel=\"bookmark\">Teaching in the Pandemic: \u2018This Is Not Sustainable\u2019<\/a>\n\t\t<\/h3>\n\n\t\t<div class=\"entry-meta\"><a href=\"https:\/\/web.escudoweb.com\/index.php\/2021\/02\/05\/\" title=\"06:54\" class=\"data-link\" rel=\"bookmark\"><time class=\"entry-date updated\" datetime=\"2021-02-05T06:54:51+02:00\">5 febrero 2021<\/time><\/a><\/div>\n\t\t<div class=\"entry-excerpt\"><p>[vc_row][vc_column][vc_column_text]The new life of a teacher coping with hybrid form of teaching is spent juggling between managing a group in&hellip;<\/p>\n<\/div>\n\t\t\n<a href=\"https:\/\/web.escudoweb.com\/index.php\/teaching-in-the-pandemic-this-is-not-sustainable\/\" class=\"dt-btn-s dt-btn post-details details-type-btn\" aria-label=\"Read more about Teaching in the Pandemic: \u2018This Is Not Sustainable\u2019\">Read more<i class=\"dt-icon-the7-arrow-03\" aria-hidden=\"true\"><\/i><\/a>\n\n\t<\/div>\n<\/div><\/article><article class=\"post post-2500 type-post status-publish format-standard has-post-thumbnail hentry category-news category-21\" data-name=\"More children admitted to hospital for mental health than medical reasons, leading pediatrician says\" data-date=\"2021-02-04T07:46:28+02:00\">\n\n<div class=\"post-thumbnail-wrap\">\n\t<div class=\"post-thumbnail\">\n\t\t\n\t\t\n\t\t<a href=\"https:\/\/web.escudoweb.com\/index.php\/more-children-admitted-to-hospital-for-mental-health-than-medical-reasons-leading-pediatrician-says\/\" class=\"post-thumbnail-rollover layzr-bg\" ><img decoding=\"async\" class=\"preload-me owl-lazy-load aspect\" src=\"data:image\/svg+xml,%3Csvg%20xmlns%3D&#39;http%3A%2F%2Fwww.w3.org%2F2000%2Fsvg&#39;%20viewBox%3D&#39;0%200%20768%20512&#39;%2F%3E\" data-src=\"https:\/\/web.escudoweb.com\/wp-content\/uploads\/2021\/02\/TELEMMGLPICT000240742983_trans_NvBQzQNjv4BqaRL1kC4G7DT9ZsZm6Pe3PehAFAI_f6ud569StXyOKH0-768x512.jpg\" data-srcset=\"https:\/\/web.escudoweb.com\/wp-content\/uploads\/2021\/02\/TELEMMGLPICT000240742983_trans_NvBQzQNjv4BqaRL1kC4G7DT9ZsZm6Pe3PehAFAI_f6ud569StXyOKH0-768x512.jpg 768w, https:\/\/web.escudoweb.com\/wp-content\/uploads\/2021\/02\/TELEMMGLPICT000240742983_trans_NvBQzQNjv4BqaRL1kC4G7DT9ZsZm6Pe3PehAFAI_f6ud569StXyOKH0-900x600.jpg 900w\" loading=\"eager\" style=\"--ratio: 768 \/ 512\" sizes=\"(max-width: 768px) 100vw, 768px\" alt=\"\" title=\"TELEMMGLPICT000240742983_trans_NvBQzQNjv4BqaRL1kC4G7DT9ZsZm6Pe3PehAFAI_f6ud569StXyOKH0\" width=\"768\" height=\"512\"  \/><\/a>\t<\/div>\n<\/div>\n\n\n<div class=\"post-entry-content\">\n\t<div class=\"post-entry-wrapper\">\n\t\t\t\t<h3 class=\"entry-title\">\n\t\t\t<a href=\"https:\/\/web.escudoweb.com\/index.php\/more-children-admitted-to-hospital-for-mental-health-than-medical-reasons-leading-pediatrician-says\/\" title=\"More children admitted to hospital for mental health than medical reasons, leading pediatrician says\" rel=\"bookmark\">More children admitted to hospital for mental health than medical reasons, leading pediatrician says<\/a>\n\t\t<\/h3>\n\n\t\t<div class=\"entry-meta\"><a href=\"https:\/\/web.escudoweb.com\/index.php\/2021\/02\/04\/\" title=\"07:46\" class=\"data-link\" rel=\"bookmark\"><time class=\"entry-date updated\" datetime=\"2021-02-04T07:46:28+02:00\">4 febrero 2021<\/time><\/a><\/div>\n\t\t<div class=\"entry-excerpt\"><p>[vc_row][vc_column][vc_column_text]School closures are yet another ongoing victim of the pandemic. However, despite the political rhetoric it appears that the facts&hellip;<\/p>\n<\/div>\n\t\t\n<a href=\"https:\/\/web.escudoweb.com\/index.php\/more-children-admitted-to-hospital-for-mental-health-than-medical-reasons-leading-pediatrician-says\/\" class=\"dt-btn-s dt-btn post-details details-type-btn\" aria-label=\"Read more about More children admitted to hospital for mental health than medical reasons, leading pediatrician says\">Read more<i class=\"dt-icon-the7-arrow-03\" aria-hidden=\"true\"><\/i><\/a>\n\n\t<\/div>\n<\/div><\/article><article class=\"post post-2496 type-post status-publish format-standard has-post-thumbnail hentry category-news category-21\" data-name=\"Parents&#8217; stress and depression &#8216;rise during lockdowns&#8217;\" data-date=\"2021-02-03T08:13:13+02:00\">\n\n<div class=\"post-thumbnail-wrap\">\n\t<div class=\"post-thumbnail\">\n\t\t\n\t\t\n\t\t<a href=\"https:\/\/web.escudoweb.com\/index.php\/parents-stress-and-depression-rise-during-lockdowns\/\" class=\"post-thumbnail-rollover layzr-bg\" ><img decoding=\"async\" class=\"preload-me owl-lazy-load aspect\" src=\"data:image\/svg+xml,%3Csvg%20xmlns%3D&#39;http%3A%2F%2Fwww.w3.org%2F2000%2Fsvg&#39;%20viewBox%3D&#39;0%200%20768%20512&#39;%2F%3E\" data-src=\"https:\/\/web.escudoweb.com\/wp-content\/uploads\/2021\/02\/116364324_gettyimages-1217358350-768x512.jpg\" data-srcset=\"https:\/\/web.escudoweb.com\/wp-content\/uploads\/2021\/02\/116364324_gettyimages-1217358350-768x512.jpg 768w, https:\/\/web.escudoweb.com\/wp-content\/uploads\/2021\/02\/116364324_gettyimages-1217358350-823x549.jpg 823w\" loading=\"eager\" style=\"--ratio: 768 \/ 512\" sizes=\"(max-width: 768px) 100vw, 768px\" alt=\"\" title=\"_116364324_gettyimages-1217358350\" width=\"768\" height=\"512\"  \/><\/a>\t<\/div>\n<\/div>\n\n\n<div class=\"post-entry-content\">\n\t<div class=\"post-entry-wrapper\">\n\t\t\t\t<h3 class=\"entry-title\">\n\t\t\t<a href=\"https:\/\/web.escudoweb.com\/index.php\/parents-stress-and-depression-rise-during-lockdowns\/\" title=\"Parents&#8217; stress and depression &#8216;rise during lockdowns&#8217;\" rel=\"bookmark\">Parents&#8217; stress and depression &#8216;rise during lockdowns&#8217;<\/a>\n\t\t<\/h3>\n\n\t\t<div class=\"entry-meta\"><a href=\"https:\/\/web.escudoweb.com\/index.php\/2021\/02\/03\/\" title=\"08:13\" class=\"data-link\" rel=\"bookmark\"><time class=\"entry-date updated\" datetime=\"2021-02-03T08:13:13+02:00\">3 febrero 2021<\/time><\/a><\/div>\n\t\t<div class=\"entry-excerpt\"><p>[vc_row][vc_column][vc_column_text]A recent report carried out by the University of Oxford has suggested that as well as the obvious stresses and&hellip;<\/p>\n<\/div>\n\t\t\n<a href=\"https:\/\/web.escudoweb.com\/index.php\/parents-stress-and-depression-rise-during-lockdowns\/\" class=\"dt-btn-s dt-btn post-details details-type-btn\" aria-label=\"Read more about Parents&#8217; stress and depression &#8216;rise during lockdowns&#8217;\">Read more<i class=\"dt-icon-the7-arrow-03\" aria-hidden=\"true\"><\/i><\/a>\n\n\t<\/div>\n<\/div><\/article><article class=\"post post-2492 type-post status-publish format-standard has-post-thumbnail hentry category-news category-21\" data-name=\"Why America has done such a poor job of keeping schools open\" data-date=\"2021-02-02T07:54:39+02:00\">\n\n<div class=\"post-thumbnail-wrap\">\n\t<div class=\"post-thumbnail\">\n\t\t\n\t\t\n\t\t<a href=\"https:\/\/web.escudoweb.com\/index.php\/why-america-has-done-such-a-poor-job-of-keeping-schools-open\/\" class=\"post-thumbnail-rollover layzr-bg\" ><img decoding=\"async\" class=\"preload-me owl-lazy-load aspect\" src=\"data:image\/svg+xml,%3Csvg%20xmlns%3D&#39;http%3A%2F%2Fwww.w3.org%2F2000%2Fsvg&#39;%20viewBox%3D&#39;0%200%20768%20512&#39;%2F%3E\" data-src=\"https:\/\/web.escudoweb.com\/wp-content\/uploads\/2021\/02\/20210123_usp010-768x512.jpg\" data-srcset=\"https:\/\/web.escudoweb.com\/wp-content\/uploads\/2021\/02\/20210123_usp010-768x512.jpg 768w, https:\/\/web.escudoweb.com\/wp-content\/uploads\/2021\/02\/20210123_usp010-844x563.jpg 844w\" loading=\"eager\" style=\"--ratio: 768 \/ 512\" sizes=\"(max-width: 768px) 100vw, 768px\" alt=\"\" title=\"20210123_usp010\" width=\"768\" height=\"512\"  \/><\/a>\t<\/div>\n<\/div>\n\n\n<div class=\"post-entry-content\">\n\t<div class=\"post-entry-wrapper\">\n\t\t\t\t<h3 class=\"entry-title\">\n\t\t\t<a href=\"https:\/\/web.escudoweb.com\/index.php\/why-america-has-done-such-a-poor-job-of-keeping-schools-open\/\" title=\"Why America has done such a poor job of keeping schools open\" rel=\"bookmark\">Why America has done such a poor job of keeping schools open<\/a>\n\t\t<\/h3>\n\n\t\t<div class=\"entry-meta\"><a href=\"https:\/\/web.escudoweb.com\/index.php\/2021\/02\/02\/\" title=\"07:54\" class=\"data-link\" rel=\"bookmark\"><time class=\"entry-date updated\" datetime=\"2021-02-02T07:54:39+02:00\">2 febrero 2021<\/time><\/a><\/div>\n\t\t<div class=\"entry-excerpt\"><p>[vc_row][vc_column][vc_column_text]Despite being the most advanced nation on earth the US has performed badly in the stakes of keeping schools open.&hellip;<\/p>\n<\/div>\n\t\t\n<a href=\"https:\/\/web.escudoweb.com\/index.php\/why-america-has-done-such-a-poor-job-of-keeping-schools-open\/\" class=\"dt-btn-s dt-btn post-details details-type-btn\" aria-label=\"Read more about Why America has done such a poor job of keeping schools open\">Read more<i class=\"dt-icon-the7-arrow-03\" aria-hidden=\"true\"><\/i><\/a>\n\n\t<\/div>\n<\/div><\/article><article class=\"post post-2488 type-post status-publish format-standard has-post-thumbnail hentry category-news category-21\" data-name=\"Children cannot afford another year of school disruption\" data-date=\"2021-02-01T08:39:45+02:00\">\n\n<div class=\"post-thumbnail-wrap\">\n\t<div class=\"post-thumbnail\">\n\t\t\n\t\t\n\t\t<a href=\"https:\/\/web.escudoweb.com\/index.php\/children-cannot-afford-another-year-of-school-disruption\/\" class=\"post-thumbnail-rollover layzr-bg\" ><img decoding=\"async\" class=\"preload-me owl-lazy-load aspect\" src=\"data:image\/svg+xml,%3Csvg%20xmlns%3D&#39;http%3A%2F%2Fwww.w3.org%2F2000%2Fsvg&#39;%20viewBox%3D&#39;0%200%20765%20510&#39;%2F%3E\" data-src=\"https:\/\/web.escudoweb.com\/wp-content\/uploads\/2021\/02\/UNI362245.jpg\" data-srcset=\"https:\/\/web.escudoweb.com\/wp-content\/uploads\/2021\/02\/UNI362245.jpg 765w\" loading=\"eager\" style=\"--ratio: 765 \/ 510\" sizes=\"(max-width: 765px) 100vw, 765px\" alt=\"\" title=\"UNI362245\" width=\"765\" height=\"510\"  \/><\/a>\t<\/div>\n<\/div>\n\n\n<div class=\"post-entry-content\">\n\t<div class=\"post-entry-wrapper\">\n\t\t\t\t<h3 class=\"entry-title\">\n\t\t\t<a href=\"https:\/\/web.escudoweb.com\/index.php\/children-cannot-afford-another-year-of-school-disruption\/\" title=\"Children cannot afford another year of school disruption\" rel=\"bookmark\">Children cannot afford another year of school disruption<\/a>\n\t\t<\/h3>\n\n\t\t<div class=\"entry-meta\"><a href=\"https:\/\/web.escudoweb.com\/index.php\/2021\/02\/01\/\" title=\"08:39\" class=\"data-link\" rel=\"bookmark\"><time class=\"entry-date updated\" datetime=\"2021-02-01T08:39:45+02:00\">1 febrero 2021<\/time><\/a><\/div>\n\t\t<div class=\"entry-excerpt\"><p>[vc_row][vc_column][vc_column_text]It seems incredible that we are now into our second year of Covid. It has affected so many parts of&hellip;<\/p>\n<\/div>\n\t\t\n<a href=\"https:\/\/web.escudoweb.com\/index.php\/children-cannot-afford-another-year-of-school-disruption\/\" class=\"dt-btn-s dt-btn post-details details-type-btn\" aria-label=\"Read more about Children cannot afford another year of school disruption\">Read more<i class=\"dt-icon-the7-arrow-03\" aria-hidden=\"true\"><\/i><\/a>\n\n\t<\/div>\n<\/div><\/article><article class=\"post post-2485 type-post status-publish format-standard has-post-thumbnail hentry category-news category-21\" data-name=\"Boris Johnson says girls&#8217; education key to ending poverty\" data-date=\"2021-01-29T15:38:39+02:00\">\n\n<div class=\"post-thumbnail-wrap\">\n\t<div class=\"post-thumbnail\">\n\t\t\n\t\t\n\t\t<a href=\"https:\/\/web.escudoweb.com\/index.php\/boris-johnson-says-girls-education-key-to-ending-poverty\/\" class=\"post-thumbnail-rollover layzr-bg\" ><img decoding=\"async\" class=\"preload-me owl-lazy-load aspect\" src=\"data:image\/svg+xml,%3Csvg%20xmlns%3D&#39;http%3A%2F%2Fwww.w3.org%2F2000%2Fsvg&#39;%20viewBox%3D&#39;0%200%20768%20512&#39;%2F%3E\" data-src=\"https:\/\/web.escudoweb.com\/wp-content\/uploads\/2021\/01\/98008837_readingworld1-768x512.jpg\" data-srcset=\"https:\/\/web.escudoweb.com\/wp-content\/uploads\/2021\/01\/98008837_readingworld1-768x512.jpg 768w, https:\/\/web.escudoweb.com\/wp-content\/uploads\/2021\/01\/98008837_readingworld1-823x549.jpg 823w\" loading=\"eager\" style=\"--ratio: 768 \/ 512\" sizes=\"(max-width: 768px) 100vw, 768px\" alt=\"\" title=\"_98008837_readingworld1\" width=\"768\" height=\"512\"  \/><\/a>\t<\/div>\n<\/div>\n\n\n<div class=\"post-entry-content\">\n\t<div class=\"post-entry-wrapper\">\n\t\t\t\t<h3 class=\"entry-title\">\n\t\t\t<a href=\"https:\/\/web.escudoweb.com\/index.php\/boris-johnson-says-girls-education-key-to-ending-poverty\/\" title=\"Boris Johnson says girls&#8217; education key to ending poverty\" rel=\"bookmark\">Boris Johnson says girls&#8217; education key to ending poverty<\/a>\n\t\t<\/h3>\n\n\t\t<div class=\"entry-meta\"><a href=\"https:\/\/web.escudoweb.com\/index.php\/2021\/01\/29\/\" title=\"15:38\" class=\"data-link\" rel=\"bookmark\"><time class=\"entry-date updated\" datetime=\"2021-01-29T15:38:39+02:00\">29 enero 2021<\/time><\/a><\/div>\n\t\t<div class=\"entry-excerpt\"><p>[vc_row][vc_column][vc_column_text]While Unicef and UNESCO have made many similar affirmations, it is unusual for a leader of a Western democracy to&hellip;<\/p>\n<\/div>\n\t\t\n<a href=\"https:\/\/web.escudoweb.com\/index.php\/boris-johnson-says-girls-education-key-to-ending-poverty\/\" class=\"dt-btn-s dt-btn post-details details-type-btn\" aria-label=\"Read more about Boris Johnson says girls&#8217; education key to ending poverty\">Read more<i class=\"dt-icon-the7-arrow-03\" aria-hidden=\"true\"><\/i><\/a>\n\n\t<\/div>\n<\/div><\/article><article class=\"post post-2482 type-post status-publish format-standard has-post-thumbnail hentry category-news category-21\" data-name=\"Teachers could be prioritised for vaccine\" data-date=\"2021-01-28T08:52:13+02:00\">\n\n<div class=\"post-thumbnail-wrap\">\n\t<div class=\"post-thumbnail\">\n\t\t\n\t\t\n\t\t<a href=\"https:\/\/web.escudoweb.com\/index.php\/teachers-could-be-prioritised-for-vaccine\/\" class=\"post-thumbnail-rollover layzr-bg\" ><img decoding=\"async\" class=\"preload-me owl-lazy-load aspect\" src=\"data:image\/svg+xml,%3Csvg%20xmlns%3D&#39;http%3A%2F%2Fwww.w3.org%2F2000%2Fsvg&#39;%20viewBox%3D&#39;0%200%20768%20512&#39;%2F%3E\" data-src=\"https:\/\/web.escudoweb.com\/wp-content\/uploads\/2021\/01\/TELEMMGLPICT000248169392_trans_NvBQzQNjv4Bq4lB4GFcd2ffyksCJoOxtkU3FLar9-NbgRNEoFPugGC0-768x512.jpg\" data-srcset=\"https:\/\/web.escudoweb.com\/wp-content\/uploads\/2021\/01\/TELEMMGLPICT000248169392_trans_NvBQzQNjv4Bq4lB4GFcd2ffyksCJoOxtkU3FLar9-NbgRNEoFPugGC0-768x512.jpg 768w, https:\/\/web.escudoweb.com\/wp-content\/uploads\/2021\/01\/TELEMMGLPICT000248169392_trans_NvBQzQNjv4Bq4lB4GFcd2ffyksCJoOxtkU3FLar9-NbgRNEoFPugGC0-900x600.jpg 900w\" loading=\"eager\" style=\"--ratio: 768 \/ 512\" sizes=\"(max-width: 768px) 100vw, 768px\" alt=\"\" title=\"TELEMMGLPICT000248169392_trans_NvBQzQNjv4Bq4lB4GFcd2ffyksCJoOxtkU3FLar9-NbgRNEoFPugGC0\" width=\"768\" height=\"512\"  \/><\/a>\t<\/div>\n<\/div>\n\n\n<div class=\"post-entry-content\">\n\t<div class=\"post-entry-wrapper\">\n\t\t\t\t<h3 class=\"entry-title\">\n\t\t\t<a href=\"https:\/\/web.escudoweb.com\/index.php\/teachers-could-be-prioritised-for-vaccine\/\" title=\"Teachers could be prioritised for vaccine\" rel=\"bookmark\">Teachers could be prioritised for vaccine<\/a>\n\t\t<\/h3>\n\n\t\t<div class=\"entry-meta\"><a href=\"https:\/\/web.escudoweb.com\/index.php\/2021\/01\/28\/\" title=\"08:52\" class=\"data-link\" rel=\"bookmark\"><time class=\"entry-date updated\" datetime=\"2021-01-28T08:52:13+02:00\">28 enero 2021<\/time><\/a><\/div>\n\t\t<div class=\"entry-excerpt\"><p>[vc_row][vc_column][vc_column_text]As the possibility and proximity of vaccinations draws nearer we should perhaps take a step back and reassess the priority&hellip;<\/p>\n<\/div>\n\t\t\n<a href=\"https:\/\/web.escudoweb.com\/index.php\/teachers-could-be-prioritised-for-vaccine\/\" class=\"dt-btn-s dt-btn post-details details-type-btn\" aria-label=\"Read more about Teachers could be prioritised for vaccine\">Read more<i class=\"dt-icon-the7-arrow-03\" aria-hidden=\"true\"><\/i><\/a>\n\n\t<\/div>\n<\/div><\/article><article class=\"post post-2479 type-post status-publish format-standard has-post-thumbnail hentry category-news category-21\" data-name=\"I Mesa de Empresa y Cooperaci\u00f3n en Educaci\u00f3n Digital\" data-date=\"2021-01-27T10:55:22+02:00\">\n\n<div class=\"post-thumbnail-wrap\">\n\t<div class=\"post-thumbnail\">\n\t\t\n\t\t\n\t\t<a href=\"https:\/\/web.escudoweb.com\/index.php\/i-mesa-de-empresa-y-cooperacion-en-educacion-digital\/\" class=\"post-thumbnail-rollover layzr-bg\" ><img decoding=\"async\" class=\"preload-me owl-lazy-load aspect\" src=\"data:image\/svg+xml,%3Csvg%20xmlns%3D&#39;http%3A%2F%2Fwww.w3.org%2F2000%2Fsvg&#39;%20viewBox%3D&#39;0%200%20768%20512&#39;%2F%3E\" data-src=\"https:\/\/web.escudoweb.com\/wp-content\/uploads\/2021\/01\/i-mesa-768x512.jpg\" data-srcset=\"https:\/\/web.escudoweb.com\/wp-content\/uploads\/2021\/01\/i-mesa-768x512.jpg 768w, https:\/\/web.escudoweb.com\/wp-content\/uploads\/2021\/01\/i-mesa-1152x768.jpg 1152w\" loading=\"eager\" style=\"--ratio: 768 \/ 512\" sizes=\"(max-width: 768px) 100vw, 768px\" alt=\"\" title=\"i-mesa\" width=\"768\" height=\"512\"  \/><\/a>\t<\/div>\n<\/div>\n\n\n<div class=\"post-entry-content\">\n\t<div class=\"post-entry-wrapper\">\n\t\t\t\t<h3 class=\"entry-title\">\n\t\t\t<a href=\"https:\/\/web.escudoweb.com\/index.php\/i-mesa-de-empresa-y-cooperacion-en-educacion-digital\/\" title=\"I Mesa de Empresa y Cooperaci\u00f3n en Educaci\u00f3n Digital\" rel=\"bookmark\">I Mesa de Empresa y Cooperaci\u00f3n en Educaci\u00f3n Digital<\/a>\n\t\t<\/h3>\n\n\t\t<div class=\"entry-meta\"><a href=\"https:\/\/web.escudoweb.com\/index.php\/2021\/01\/27\/\" title=\"10:55\" class=\"data-link\" rel=\"bookmark\"><time class=\"entry-date updated\" datetime=\"2021-01-27T10:55:22+02:00\">27 enero 2021<\/time><\/a><\/div>\n\t\t<div class=\"entry-excerpt\"><p>[vc_row][vc_column][vc_column_text] On Monday 25th of January, Escudo Web Software participated in the \u00abI Mesa de Empresa y Cooperaci\u00f3n en Educaci\u00f3n&hellip;<\/p>\n<\/div>\n\t\t\n<a href=\"https:\/\/web.escudoweb.com\/index.php\/i-mesa-de-empresa-y-cooperacion-en-educacion-digital\/\" class=\"dt-btn-s dt-btn post-details details-type-btn\" aria-label=\"Read more about I Mesa de Empresa y Cooperaci\u00f3n en Educaci\u00f3n Digital\">Read more<i class=\"dt-icon-the7-arrow-03\" aria-hidden=\"true\"><\/i><\/a>\n\n\t<\/div>\n<\/div><\/article><article class=\"post post-2476 type-post status-publish format-standard has-post-thumbnail hentry category-news category-21\" data-name=\"As California Eases Vaccine Rules, Many Complain of Chaos\" data-date=\"2021-01-26T16:38:33+02:00\">\n\n<div class=\"post-thumbnail-wrap\">\n\t<div class=\"post-thumbnail\">\n\t\t\n\t\t\n\t\t<a href=\"https:\/\/web.escudoweb.com\/index.php\/as-california-eases-vaccine-rules-many-complain-of-chaos\/\" class=\"post-thumbnail-rollover layzr-bg\" ><img decoding=\"async\" class=\"preload-me owl-lazy-load aspect\" src=\"data:image\/svg+xml,%3Csvg%20xmlns%3D&#39;http%3A%2F%2Fwww.w3.org%2F2000%2Fsvg&#39;%20viewBox%3D&#39;0%200%20768%20512&#39;%2F%3E\" data-src=\"https:\/\/web.escudoweb.com\/wp-content\/uploads\/2021\/01\/merlin_181351374_cb81eba3-cf4f-459e-a5fa-f0da81caa41c-superJumbo-768x512.jpg\" data-srcset=\"https:\/\/web.escudoweb.com\/wp-content\/uploads\/2021\/01\/merlin_181351374_cb81eba3-cf4f-459e-a5fa-f0da81caa41c-superJumbo-768x512.jpg 768w, https:\/\/web.escudoweb.com\/wp-content\/uploads\/2021\/01\/merlin_181351374_cb81eba3-cf4f-459e-a5fa-f0da81caa41c-superJumbo-1152x768.jpg 1152w\" loading=\"eager\" style=\"--ratio: 768 \/ 512\" sizes=\"(max-width: 768px) 100vw, 768px\" alt=\"\" title=\"merlin_181351374_cb81eba3-cf4f-459e-a5fa-f0da81caa41c-superJumbo\" width=\"768\" height=\"512\"  \/><\/a>\t<\/div>\n<\/div>\n\n\n<div class=\"post-entry-content\">\n\t<div class=\"post-entry-wrapper\">\n\t\t\t\t<h3 class=\"entry-title\">\n\t\t\t<a href=\"https:\/\/web.escudoweb.com\/index.php\/as-california-eases-vaccine-rules-many-complain-of-chaos\/\" title=\"As California Eases Vaccine Rules, Many Complain of Chaos\" rel=\"bookmark\">As California Eases Vaccine Rules, Many Complain of Chaos<\/a>\n\t\t<\/h3>\n\n\t\t<div class=\"entry-meta\"><a href=\"https:\/\/web.escudoweb.com\/index.php\/2021\/01\/26\/\" title=\"16:38\" class=\"data-link\" rel=\"bookmark\"><time class=\"entry-date updated\" datetime=\"2021-01-26T16:38:33+02:00\">26 enero 2021<\/time><\/a><\/div>\n\t\t<div class=\"entry-excerpt\"><p>[vc_row][vc_column][vc_column_text]The jury is still out &#8211; and some of the evidence missing &#8211; regarding the relative immunity to the Covid&hellip;<\/p>\n<\/div>\n\t\t\n<a href=\"https:\/\/web.escudoweb.com\/index.php\/as-california-eases-vaccine-rules-many-complain-of-chaos\/\" class=\"dt-btn-s dt-btn post-details details-type-btn\" aria-label=\"Read more about As California Eases Vaccine Rules, Many Complain of Chaos\">Read more<i class=\"dt-icon-the7-arrow-03\" aria-hidden=\"true\"><\/i><\/a>\n\n\t<\/div>\n<\/div><\/article><article class=\"post post-2472 type-post status-publish format-standard has-post-thumbnail hentry category-news category-21\" data-name=\"Searches for online education terms increased over 100% in 2020\" data-date=\"2021-01-25T08:31:32+02:00\">\n\n<div class=\"post-thumbnail-wrap\">\n\t<div class=\"post-thumbnail\">\n\t\t\n\t\t\n\t\t<a href=\"https:\/\/web.escudoweb.com\/index.php\/searches-for-online-education-terms-increased-over-100-in-2020\/\" class=\"post-thumbnail-rollover layzr-bg\" ><img decoding=\"async\" class=\"preload-me owl-lazy-load aspect\" src=\"data:image\/svg+xml,%3Csvg%20xmlns%3D&#39;http%3A%2F%2Fwww.w3.org%2F2000%2Fsvg&#39;%20viewBox%3D&#39;0%200%20768%20512&#39;%2F%3E\" data-src=\"https:\/\/web.escudoweb.com\/wp-content\/uploads\/2021\/01\/young-beautiful-brunette-headphones-cozy-sweater-looks-laptop-screen-768x512.jpg\" data-srcset=\"https:\/\/web.escudoweb.com\/wp-content\/uploads\/2021\/01\/young-beautiful-brunette-headphones-cozy-sweater-looks-laptop-screen-768x512.jpg 768w, https:\/\/web.escudoweb.com\/wp-content\/uploads\/2021\/01\/young-beautiful-brunette-headphones-cozy-sweater-looks-laptop-screen-1152x768.jpg 1152w\" loading=\"eager\" style=\"--ratio: 768 \/ 512\" sizes=\"(max-width: 768px) 100vw, 768px\" alt=\"\" title=\"young-beautiful-brunette-headphones-cozy-sweater-looks-laptop-screen\" width=\"768\" height=\"512\"  \/><\/a>\t<\/div>\n<\/div>\n\n\n<div class=\"post-entry-content\">\n\t<div class=\"post-entry-wrapper\">\n\t\t\t\t<h3 class=\"entry-title\">\n\t\t\t<a href=\"https:\/\/web.escudoweb.com\/index.php\/searches-for-online-education-terms-increased-over-100-in-2020\/\" title=\"Searches for online education terms increased over 100% in 2020\" rel=\"bookmark\">Searches for online education terms increased over 100% in 2020<\/a>\n\t\t<\/h3>\n\n\t\t<div class=\"entry-meta\"><a href=\"https:\/\/web.escudoweb.com\/index.php\/2021\/01\/25\/\" title=\"08:31\" class=\"data-link\" rel=\"bookmark\"><time class=\"entry-date updated\" datetime=\"2021-01-25T08:31:32+02:00\">25 enero 2021<\/time><\/a><\/div>\n\t\t<div class=\"entry-excerpt\"><p>[vc_row][vc_column][vc_column_text]Inevitably as online learning becomes the norm so too do searches for online learning on search engines like Google. Searches&hellip;<\/p>\n<\/div>\n\t\t\n<a href=\"https:\/\/web.escudoweb.com\/index.php\/searches-for-online-education-terms-increased-over-100-in-2020\/\" class=\"dt-btn-s dt-btn post-details details-type-btn\" aria-label=\"Read more about Searches for online education terms increased over 100% in 2020\">Read more<i class=\"dt-icon-the7-arrow-03\" aria-hidden=\"true\"><\/i><\/a>\n\n\t<\/div>\n<\/div><\/article><article class=\"post post-2469 type-post status-publish format-standard has-post-thumbnail hentry category-news category-21\" data-name=\"Judgy parents intrude on teachers&#8217; online lessons\" data-date=\"2021-01-22T12:18:44+02:00\">\n\n<div class=\"post-thumbnail-wrap\">\n\t<div class=\"post-thumbnail\">\n\t\t\n\t\t\n\t\t<a href=\"https:\/\/web.escudoweb.com\/index.php\/judgy-parents-intrude-on-teachers-online-lessons\/\" class=\"post-thumbnail-rollover layzr-bg\" ><img decoding=\"async\" class=\"preload-me owl-lazy-load aspect\" src=\"data:image\/svg+xml,%3Csvg%20xmlns%3D&#39;http%3A%2F%2Fwww.w3.org%2F2000%2Fsvg&#39;%20viewBox%3D&#39;0%200%20595%20397&#39;%2F%3E\" data-src=\"https:\/\/web.escudoweb.com\/wp-content\/uploads\/2021\/01\/parents-in-online-lessons-595x397.jpg\" data-srcset=\"https:\/\/web.escudoweb.com\/wp-content\/uploads\/2021\/01\/parents-in-online-lessons-595x397.jpg 595w\" loading=\"eager\" style=\"--ratio: 595 \/ 397\" sizes=\"(max-width: 595px) 100vw, 595px\" alt=\"\" title=\"parents in online lessons\" width=\"595\" height=\"397\"  \/><\/a>\t<\/div>\n<\/div>\n\n\n<div class=\"post-entry-content\">\n\t<div class=\"post-entry-wrapper\">\n\t\t\t\t<h3 class=\"entry-title\">\n\t\t\t<a href=\"https:\/\/web.escudoweb.com\/index.php\/judgy-parents-intrude-on-teachers-online-lessons\/\" title=\"Judgy parents intrude on teachers&#8217; online lessons\" rel=\"bookmark\">Judgy parents intrude on teachers&#8217; online lessons<\/a>\n\t\t<\/h3>\n\n\t\t<div class=\"entry-meta\"><a href=\"https:\/\/web.escudoweb.com\/index.php\/2021\/01\/22\/\" title=\"12:18\" class=\"data-link\" rel=\"bookmark\"><time class=\"entry-date updated\" datetime=\"2021-01-22T12:18:44+02:00\">22 enero 2021<\/time><\/a><\/div>\n\t\t<div class=\"entry-excerpt\"><p>[vc_row][vc_column][vc_column_text]A major problem for parents, who for the past ten months have been forced to get involved in the education&hellip;<\/p>\n<\/div>\n\t\t\n<a href=\"https:\/\/web.escudoweb.com\/index.php\/judgy-parents-intrude-on-teachers-online-lessons\/\" class=\"dt-btn-s dt-btn post-details details-type-btn\" aria-label=\"Read more about Judgy parents intrude on teachers&#8217; online lessons\">Read more<i class=\"dt-icon-the7-arrow-03\" aria-hidden=\"true\"><\/i><\/a>\n\n\t<\/div>\n<\/div><\/article><article class=\"post post-2463 type-post status-publish format-standard has-post-thumbnail hentry category-news category-21\" data-name=\"Do Children Really Need to Learn to Code?\" data-date=\"2021-01-21T08:09:04+02:00\">\n\n<div class=\"post-thumbnail-wrap\">\n\t<div class=\"post-thumbnail\">\n\t\t\n\t\t\n\t\t<a href=\"https:\/\/web.escudoweb.com\/index.php\/do-children-really-need-to-learn-to-code\/\" class=\"post-thumbnail-rollover layzr-bg\" ><img decoding=\"async\" class=\"preload-me owl-lazy-load aspect\" src=\"data:image\/svg+xml,%3Csvg%20xmlns%3D&#39;http%3A%2F%2Fwww.w3.org%2F2000%2Fsvg&#39;%20viewBox%3D&#39;0%200%20768%20512&#39;%2F%3E\" data-src=\"https:\/\/web.escudoweb.com\/wp-content\/uploads\/2021\/01\/22misra-01-superJumbo-768x512.jpg\" data-srcset=\"https:\/\/web.escudoweb.com\/wp-content\/uploads\/2021\/01\/22misra-01-superJumbo-768x512.jpg 768w, https:\/\/web.escudoweb.com\/wp-content\/uploads\/2021\/01\/22misra-01-superJumbo-1152x768.jpg 1152w\" loading=\"eager\" style=\"--ratio: 768 \/ 512\" sizes=\"(max-width: 768px) 100vw, 768px\" alt=\"\" title=\"22misra-01-superJumbo\" width=\"768\" height=\"512\"  \/><\/a>\t<\/div>\n<\/div>\n\n\n<div class=\"post-entry-content\">\n\t<div class=\"post-entry-wrapper\">\n\t\t\t\t<h3 class=\"entry-title\">\n\t\t\t<a href=\"https:\/\/web.escudoweb.com\/index.php\/do-children-really-need-to-learn-to-code\/\" title=\"Do Children Really Need to Learn to Code?\" rel=\"bookmark\">Do Children Really Need to Learn to Code?<\/a>\n\t\t<\/h3>\n\n\t\t<div class=\"entry-meta\"><a href=\"https:\/\/web.escudoweb.com\/index.php\/2021\/01\/21\/\" title=\"08:09\" class=\"data-link\" rel=\"bookmark\"><time class=\"entry-date updated\" datetime=\"2021-01-21T08:09:04+02:00\">21 enero 2021<\/time><\/a><\/div>\n\t\t<div class=\"entry-excerpt\"><p>[vc_row][vc_column][vc_column_text]As parents we are always concerned about whether our children will learn the necessary skills at school which will help&hellip;<\/p>\n<\/div>\n\t\t\n<a href=\"https:\/\/web.escudoweb.com\/index.php\/do-children-really-need-to-learn-to-code\/\" class=\"dt-btn-s dt-btn post-details details-type-btn\" aria-label=\"Read more about Do Children Really Need to Learn to Code?\">Read more<i class=\"dt-icon-the7-arrow-03\" aria-hidden=\"true\"><\/i><\/a>\n\n\t<\/div>\n<\/div><\/article><article class=\"post post-2460 type-post status-publish format-standard has-post-thumbnail hentry category-news category-21\" data-name=\"School Choice: Better Than Prozac\" data-date=\"2021-01-20T08:38:09+02:00\">\n\n<div class=\"post-thumbnail-wrap\">\n\t<div class=\"post-thumbnail\">\n\t\t\n\t\t\n\t\t<a href=\"https:\/\/web.escudoweb.com\/index.php\/school-choice-better-than-prozac\/\" class=\"post-thumbnail-rollover layzr-bg\" ><img decoding=\"async\" class=\"preload-me owl-lazy-load aspect\" src=\"data:image\/svg+xml,%3Csvg%20xmlns%3D&#39;http%3A%2F%2Fwww.w3.org%2F2000%2Fsvg&#39;%20viewBox%3D&#39;0%200%20391%20261&#39;%2F%3E\" data-src=\"https:\/\/web.escudoweb.com\/wp-content\/uploads\/2021\/01\/safe_image-391x261.jpeg\" data-srcset=\"https:\/\/web.escudoweb.com\/wp-content\/uploads\/2021\/01\/safe_image-391x261.jpeg 391w\" loading=\"eager\" style=\"--ratio: 391 \/ 261\" sizes=\"(max-width: 391px) 100vw, 391px\" alt=\"\" title=\"safe_image\" width=\"391\" height=\"261\"  \/><\/a>\t<\/div>\n<\/div>\n\n\n<div class=\"post-entry-content\">\n\t<div class=\"post-entry-wrapper\">\n\t\t\t\t<h3 class=\"entry-title\">\n\t\t\t<a href=\"https:\/\/web.escudoweb.com\/index.php\/school-choice-better-than-prozac\/\" title=\"School Choice: Better Than Prozac\" rel=\"bookmark\">School Choice: Better Than Prozac<\/a>\n\t\t<\/h3>\n\n\t\t<div class=\"entry-meta\"><a href=\"https:\/\/web.escudoweb.com\/index.php\/2021\/01\/20\/\" title=\"08:38\" class=\"data-link\" rel=\"bookmark\"><time class=\"entry-date updated\" datetime=\"2021-01-20T08:38:09+02:00\">20 enero 2021<\/time><\/a><\/div>\n\t\t<div class=\"entry-excerpt\"><p>[vc_row][vc_column][vc_column_text]While the US prepares itself for a new President a lot of questions are being asked about what education in&hellip;<\/p>\n<\/div>\n\t\t\n<a href=\"https:\/\/web.escudoweb.com\/index.php\/school-choice-better-than-prozac\/\" class=\"dt-btn-s dt-btn post-details details-type-btn\" aria-label=\"Read more about School Choice: Better Than Prozac\">Read more<i class=\"dt-icon-the7-arrow-03\" aria-hidden=\"true\"><\/i><\/a>\n\n\t<\/div>\n<\/div><\/article><article class=\"post post-2457 type-post status-publish format-standard has-post-thumbnail hentry category-news category-21\" data-name=\"What&#8217;s the best way to engage learners online?\" data-date=\"2021-01-19T07:49:28+02:00\">\n\n<div class=\"post-thumbnail-wrap\">\n\t<div class=\"post-thumbnail\">\n\t\t\n\t\t\n\t\t<a href=\"https:\/\/web.escudoweb.com\/index.php\/whats-the-best-way-to-engage-learners-online\/\" class=\"post-thumbnail-rollover layzr-bg\" ><img decoding=\"async\" class=\"preload-me owl-lazy-load aspect\" src=\"data:image\/svg+xml,%3Csvg%20xmlns%3D&#39;http%3A%2F%2Fwww.w3.org%2F2000%2Fsvg&#39;%20viewBox%3D&#39;0%200%20595%20397&#39;%2F%3E\" data-src=\"https:\/\/web.escudoweb.com\/wp-content\/uploads\/2021\/01\/confused-595x397.jpg\" data-srcset=\"https:\/\/web.escudoweb.com\/wp-content\/uploads\/2021\/01\/confused-595x397.jpg 595w\" loading=\"eager\" style=\"--ratio: 595 \/ 397\" sizes=\"(max-width: 595px) 100vw, 595px\" alt=\"\" title=\"confused\" width=\"595\" height=\"397\"  \/><\/a>\t<\/div>\n<\/div>\n\n\n<div class=\"post-entry-content\">\n\t<div class=\"post-entry-wrapper\">\n\t\t\t\t<h3 class=\"entry-title\">\n\t\t\t<a href=\"https:\/\/web.escudoweb.com\/index.php\/whats-the-best-way-to-engage-learners-online\/\" title=\"What&#8217;s the best way to engage learners online?\" rel=\"bookmark\">What&#8217;s the best way to engage learners online?<\/a>\n\t\t<\/h3>\n\n\t\t<div class=\"entry-meta\"><a href=\"https:\/\/web.escudoweb.com\/index.php\/2021\/01\/19\/\" title=\"07:49\" class=\"data-link\" rel=\"bookmark\"><time class=\"entry-date updated\" datetime=\"2021-01-19T07:49:28+02:00\">19 enero 2021<\/time><\/a><\/div>\n\t\t<div class=\"entry-excerpt\"><p>[vc_row][vc_column][vc_column_text]Teaching online is a big challenge, even for the most seasoned of teachers. But maintaining this format for many months&hellip;<\/p>\n<\/div>\n\t\t\n<a href=\"https:\/\/web.escudoweb.com\/index.php\/whats-the-best-way-to-engage-learners-online\/\" class=\"dt-btn-s dt-btn post-details details-type-btn\" aria-label=\"Read more about What&#8217;s the best way to engage learners online?\">Read more<i class=\"dt-icon-the7-arrow-03\" aria-hidden=\"true\"><\/i><\/a>\n\n\t<\/div>\n<\/div><\/article><article class=\"post post-2453 type-post status-publish format-standard has-post-thumbnail hentry category-news category-21\" data-name=\"Private schools that educate 50% of Indian children are folding\" data-date=\"2021-01-18T09:47:00+02:00\">\n\n<div class=\"post-thumbnail-wrap\">\n\t<div class=\"post-thumbnail\">\n\t\t\n\t\t\n\t\t<a href=\"https:\/\/web.escudoweb.com\/index.php\/private-schools-that-educate-50-of-indian-children-are-folding\/\" class=\"post-thumbnail-rollover layzr-bg\" ><img decoding=\"async\" class=\"preload-me owl-lazy-load aspect\" src=\"data:image\/svg+xml,%3Csvg%20xmlns%3D&#39;http%3A%2F%2Fwww.w3.org%2F2000%2Fsvg&#39;%20viewBox%3D&#39;0%200%20768%20512&#39;%2F%3E\" data-src=\"https:\/\/web.escudoweb.com\/wp-content\/uploads\/2021\/01\/20210109_asp002-768x512.jpg\" data-srcset=\"https:\/\/web.escudoweb.com\/wp-content\/uploads\/2021\/01\/20210109_asp002-768x512.jpg 768w, https:\/\/web.escudoweb.com\/wp-content\/uploads\/2021\/01\/20210109_asp002-844x563.jpg 844w\" loading=\"eager\" style=\"--ratio: 768 \/ 512\" sizes=\"(max-width: 768px) 100vw, 768px\" alt=\"\" title=\"20210109_asp002\" width=\"768\" height=\"512\"  \/><\/a>\t<\/div>\n<\/div>\n\n\n<div class=\"post-entry-content\">\n\t<div class=\"post-entry-wrapper\">\n\t\t\t\t<h3 class=\"entry-title\">\n\t\t\t<a href=\"https:\/\/web.escudoweb.com\/index.php\/private-schools-that-educate-50-of-indian-children-are-folding\/\" title=\"Private schools that educate 50% of Indian children are folding\" rel=\"bookmark\">Private schools that educate 50% of Indian children are folding<\/a>\n\t\t<\/h3>\n\n\t\t<div class=\"entry-meta\"><a href=\"https:\/\/web.escudoweb.com\/index.php\/2021\/01\/18\/\" title=\"09:47\" class=\"data-link\" rel=\"bookmark\"><time class=\"entry-date updated\" datetime=\"2021-01-18T09:47:00+02:00\">18 enero 2021<\/time><\/a><\/div>\n\t\t<div class=\"entry-excerpt\"><p>[vc_row][vc_column][vc_column_text]A little known fact is that nearly half of the child population in India attend private schools, one of the&hellip;<\/p>\n<\/div>\n\t\t\n<a href=\"https:\/\/web.escudoweb.com\/index.php\/private-schools-that-educate-50-of-indian-children-are-folding\/\" class=\"dt-btn-s dt-btn post-details details-type-btn\" aria-label=\"Read more about Private schools that educate 50% of Indian children are folding\">Read more<i class=\"dt-icon-the7-arrow-03\" aria-hidden=\"true\"><\/i><\/a>\n\n\t<\/div>\n<\/div><\/article><article class=\"post post-2449 type-post status-publish format-standard has-post-thumbnail hentry category-news category-21\" data-name=\"COVID-19, higher education and shifting the learning experience\" data-date=\"2021-01-15T07:48:28+02:00\">\n\n<div class=\"post-thumbnail-wrap\">\n\t<div class=\"post-thumbnail\">\n\t\t\n\t\t\n\t\t<a href=\"https:\/\/web.escudoweb.com\/index.php\/covid-19-higher-education-and-shifting-the-learning-experience\/\" class=\"post-thumbnail-rollover layzr-bg\" ><img decoding=\"async\" class=\"preload-me owl-lazy-load aspect\" src=\"data:image\/svg+xml,%3Csvg%20xmlns%3D&#39;http%3A%2F%2Fwww.w3.org%2F2000%2Fsvg&#39;%20viewBox%3D&#39;0%200%20768%20512&#39;%2F%3E\" data-src=\"https:\/\/web.escudoweb.com\/wp-content\/uploads\/2021\/01\/buildings-milan-italy-768x512.jpg\" data-srcset=\"https:\/\/web.escudoweb.com\/wp-content\/uploads\/2021\/01\/buildings-milan-italy-768x512.jpg 768w, https:\/\/web.escudoweb.com\/wp-content\/uploads\/2021\/01\/buildings-milan-italy-1152x768.jpg 1152w\" loading=\"eager\" style=\"--ratio: 768 \/ 512\" sizes=\"(max-width: 768px) 100vw, 768px\" alt=\"\" title=\"buildings-milan-italy\" width=\"768\" height=\"512\"  \/><\/a>\t<\/div>\n<\/div>\n\n\n<div class=\"post-entry-content\">\n\t<div class=\"post-entry-wrapper\">\n\t\t\t\t<h3 class=\"entry-title\">\n\t\t\t<a href=\"https:\/\/web.escudoweb.com\/index.php\/covid-19-higher-education-and-shifting-the-learning-experience\/\" title=\"COVID-19, higher education and shifting the learning experience\" rel=\"bookmark\">COVID-19, higher education and shifting the learning experience<\/a>\n\t\t<\/h3>\n\n\t\t<div class=\"entry-meta\"><a href=\"https:\/\/web.escudoweb.com\/index.php\/2021\/01\/15\/\" title=\"07:48\" class=\"data-link\" rel=\"bookmark\"><time class=\"entry-date updated\" datetime=\"2021-01-15T07:48:28+02:00\">15 enero 2021<\/time><\/a><\/div>\n\t\t<div class=\"entry-excerpt\"><p>[vc_row][vc_column][vc_column_text]The focus and importance being given to education over the last ten months is changing in many parts of the&hellip;<\/p>\n<\/div>\n\t\t\n<a href=\"https:\/\/web.escudoweb.com\/index.php\/covid-19-higher-education-and-shifting-the-learning-experience\/\" class=\"dt-btn-s dt-btn post-details details-type-btn\" aria-label=\"Read more about COVID-19, higher education and shifting the learning experience\">Read more<i class=\"dt-icon-the7-arrow-03\" aria-hidden=\"true\"><\/i><\/a>\n\n\t<\/div>\n<\/div><\/article><article class=\"post post-2446 type-post status-publish format-standard has-post-thumbnail hentry category-news category-21\" data-name=\"Teachers on TV? Schools Try Creative Strategy to Narrow Digital Divide\" data-date=\"2021-01-14T18:22:02+02:00\">\n\n<div class=\"post-thumbnail-wrap\">\n\t<div class=\"post-thumbnail\">\n\t\t\n\t\t\n\t\t<a href=\"https:\/\/web.escudoweb.com\/index.php\/teachers-on-tv-schools-try-creative-strategy-to-narrow-digital-divide\/\" class=\"post-thumbnail-rollover layzr-bg\" ><img decoding=\"async\" class=\"preload-me owl-lazy-load aspect\" src=\"data:image\/svg+xml,%3Csvg%20xmlns%3D&#39;http%3A%2F%2Fwww.w3.org%2F2000%2Fsvg&#39;%20viewBox%3D&#39;0%200%20768%20512&#39;%2F%3E\" data-src=\"https:\/\/web.escudoweb.com\/wp-content\/uploads\/2021\/01\/merlin_180335685_f8ab3761-c45e-4344-8a35-43ad158ca26d-superJumbo-768x512.jpg\" data-srcset=\"https:\/\/web.escudoweb.com\/wp-content\/uploads\/2021\/01\/merlin_180335685_f8ab3761-c45e-4344-8a35-43ad158ca26d-superJumbo-768x512.jpg 768w, https:\/\/web.escudoweb.com\/wp-content\/uploads\/2021\/01\/merlin_180335685_f8ab3761-c45e-4344-8a35-43ad158ca26d-superJumbo-1152x768.jpg 1152w\" loading=\"eager\" style=\"--ratio: 768 \/ 512\" sizes=\"(max-width: 768px) 100vw, 768px\" alt=\"\" title=\"merlin_180335685_f8ab3761-c45e-4344-8a35-43ad158ca26d-superJumbo\" width=\"768\" height=\"512\"  \/><\/a>\t<\/div>\n<\/div>\n\n\n<div class=\"post-entry-content\">\n\t<div class=\"post-entry-wrapper\">\n\t\t\t\t<h3 class=\"entry-title\">\n\t\t\t<a href=\"https:\/\/web.escudoweb.com\/index.php\/teachers-on-tv-schools-try-creative-strategy-to-narrow-digital-divide\/\" title=\"Teachers on TV? Schools Try Creative Strategy to Narrow Digital Divide\" rel=\"bookmark\">Teachers on TV? Schools Try Creative Strategy to Narrow Digital Divide<\/a>\n\t\t<\/h3>\n\n\t\t<div class=\"entry-meta\"><a href=\"https:\/\/web.escudoweb.com\/index.php\/2021\/01\/14\/\" title=\"18:22\" class=\"data-link\" rel=\"bookmark\"><time class=\"entry-date updated\" datetime=\"2021-01-14T18:22:02+02:00\">14 enero 2021<\/time><\/a><\/div>\n\t\t<div class=\"entry-excerpt\"><p>[vc_row][vc_column][vc_column_text]In one of the most advanced high tech economies, the US, schools have been resorting to low tech to be&hellip;<\/p>\n<\/div>\n\t\t\n<a href=\"https:\/\/web.escudoweb.com\/index.php\/teachers-on-tv-schools-try-creative-strategy-to-narrow-digital-divide\/\" class=\"dt-btn-s dt-btn post-details details-type-btn\" aria-label=\"Read more about Teachers on TV? Schools Try Creative Strategy to Narrow Digital Divide\">Read more<i class=\"dt-icon-the7-arrow-03\" aria-hidden=\"true\"><\/i><\/a>\n\n\t<\/div>\n<\/div><\/article><article class=\"post post-2443 type-post status-publish format-standard has-post-thumbnail hentry category-news category-21\" data-name=\"Covid school closures put children&#8217;s lives on hold, says Ofsted chief\" data-date=\"2021-01-13T16:29:17+02:00\">\n\n<div class=\"post-thumbnail-wrap\">\n\t<div class=\"post-thumbnail\">\n\t\t\n\t\t\n\t\t<a href=\"https:\/\/web.escudoweb.com\/index.php\/covid-school-closures-put-childrens-lives-on-hold-says-ofsted-chief\/\" class=\"post-thumbnail-rollover layzr-bg\" ><img decoding=\"async\" class=\"preload-me owl-lazy-load aspect\" src=\"data:image\/svg+xml,%3Csvg%20xmlns%3D&#39;http%3A%2F%2Fwww.w3.org%2F2000%2Fsvg&#39;%20viewBox%3D&#39;0%200%20768%20512&#39;%2F%3E\" data-src=\"https:\/\/web.escudoweb.com\/wp-content\/uploads\/2021\/01\/116332407_hi063117329-768x512.jpg\" data-srcset=\"https:\/\/web.escudoweb.com\/wp-content\/uploads\/2021\/01\/116332407_hi063117329-768x512.jpg 768w, https:\/\/web.escudoweb.com\/wp-content\/uploads\/2021\/01\/116332407_hi063117329-823x549.jpg 823w\" loading=\"eager\" style=\"--ratio: 768 \/ 512\" sizes=\"(max-width: 768px) 100vw, 768px\" alt=\"\" title=\"_116332407_hi063117329\" width=\"768\" height=\"512\"  \/><\/a>\t<\/div>\n<\/div>\n\n\n<div class=\"post-entry-content\">\n\t<div class=\"post-entry-wrapper\">\n\t\t\t\t<h3 class=\"entry-title\">\n\t\t\t<a href=\"https:\/\/web.escudoweb.com\/index.php\/covid-school-closures-put-childrens-lives-on-hold-says-ofsted-chief\/\" title=\"Covid school closures put children&#8217;s lives on hold, says Ofsted chief\" rel=\"bookmark\">Covid school closures put children&#8217;s lives on hold, says Ofsted chief<\/a>\n\t\t<\/h3>\n\n\t\t<div class=\"entry-meta\"><a href=\"https:\/\/web.escudoweb.com\/index.php\/2021\/01\/13\/\" title=\"16:29\" class=\"data-link\" rel=\"bookmark\"><time class=\"entry-date updated\" datetime=\"2021-01-13T16:29:17+02:00\">13 enero 2021<\/time><\/a><\/div>\n\t\t<div class=\"entry-excerpt\"><p>[vc_row][vc_column][vc_column_text]With rising cases of Covid in many countries around the world education is again being used as a political punch&hellip;<\/p>\n<\/div>\n\t\t\n<a href=\"https:\/\/web.escudoweb.com\/index.php\/covid-school-closures-put-childrens-lives-on-hold-says-ofsted-chief\/\" class=\"dt-btn-s dt-btn post-details details-type-btn\" aria-label=\"Read more about Covid school closures put children&#8217;s lives on hold, says Ofsted chief\">Read more<i class=\"dt-icon-the7-arrow-03\" aria-hidden=\"true\"><\/i><\/a>\n\n\t<\/div>\n<\/div><\/article><article class=\"post post-2440 type-post status-publish format-standard has-post-thumbnail hentry category-news category-21\" data-name=\"Childrens activity levels could fall level first lockdown schools\" data-date=\"2021-01-12T08:25:35+02:00\">\n\n<div class=\"post-thumbnail-wrap\">\n\t<div class=\"post-thumbnail\">\n\t\t\n\t\t\n\t\t<a href=\"https:\/\/web.escudoweb.com\/index.php\/childrens-activity-levels-could-fall-level-first-lockdown-schools\/\" class=\"post-thumbnail-rollover layzr-bg\" ><img decoding=\"async\" class=\"preload-me owl-lazy-load aspect\" src=\"data:image\/svg+xml,%3Csvg%20xmlns%3D&#39;http%3A%2F%2Fwww.w3.org%2F2000%2Fsvg&#39;%20viewBox%3D&#39;0%200%20768%20512&#39;%2F%3E\" data-src=\"https:\/\/web.escudoweb.com\/wp-content\/uploads\/2021\/01\/TELEMMGLPICT000244442362_trans_NvBQzQNjv4BqpVlberWd9EgFPZtcLiMQfyf2A9a6I9YchsjMeADBa08-768x512.jpeg\" data-srcset=\"https:\/\/web.escudoweb.com\/wp-content\/uploads\/2021\/01\/TELEMMGLPICT000244442362_trans_NvBQzQNjv4BqpVlberWd9EgFPZtcLiMQfyf2A9a6I9YchsjMeADBa08-768x512.jpeg 768w, https:\/\/web.escudoweb.com\/wp-content\/uploads\/2021\/01\/TELEMMGLPICT000244442362_trans_NvBQzQNjv4BqpVlberWd9EgFPZtcLiMQfyf2A9a6I9YchsjMeADBa08-1152x768.jpeg 1152w\" loading=\"eager\" style=\"--ratio: 768 \/ 512\" sizes=\"(max-width: 768px) 100vw, 768px\" alt=\"\" title=\"TELEMMGLPICT000244442362_trans_NvBQzQNjv4BqpVlberWd9EgFPZtcLiMQfyf2A9a6I9YchsjMeADBa08\" width=\"768\" height=\"512\"  \/><\/a>\t<\/div>\n<\/div>\n\n\n<div class=\"post-entry-content\">\n\t<div class=\"post-entry-wrapper\">\n\t\t\t\t<h3 class=\"entry-title\">\n\t\t\t<a href=\"https:\/\/web.escudoweb.com\/index.php\/childrens-activity-levels-could-fall-level-first-lockdown-schools\/\" title=\"Childrens activity levels could fall level first lockdown schools\" rel=\"bookmark\">Childrens activity levels could fall level first lockdown schools<\/a>\n\t\t<\/h3>\n\n\t\t<div class=\"entry-meta\"><a href=\"https:\/\/web.escudoweb.com\/index.php\/2021\/01\/12\/\" title=\"08:25\" class=\"data-link\" rel=\"bookmark\"><time class=\"entry-date updated\" datetime=\"2021-01-12T08:25:35+02:00\">12 enero 2021<\/time><\/a><\/div>\n\t\t<div class=\"entry-excerpt\"><p>[vc_row][vc_column][vc_column_text]One of the issues associated with the first lockdown around the world was not only the closing of schools and&hellip;<\/p>\n<\/div>\n\t\t\n<a href=\"https:\/\/web.escudoweb.com\/index.php\/childrens-activity-levels-could-fall-level-first-lockdown-schools\/\" class=\"dt-btn-s dt-btn post-details details-type-btn\" aria-label=\"Read more about Childrens activity levels could fall level first lockdown schools\">Read more<i class=\"dt-icon-the7-arrow-03\" aria-hidden=\"true\"><\/i><\/a>\n\n\t<\/div>\n<\/div><\/article><article class=\"post post-2437 type-post status-publish format-standard has-post-thumbnail hentry category-news category-21\" data-name=\"Learning Pods Show Their Cracks\" data-date=\"2021-01-11T07:48:51+02:00\">\n\n<div class=\"post-thumbnail-wrap\">\n\t<div class=\"post-thumbnail\">\n\t\t\n\t\t\n\t\t<a href=\"https:\/\/web.escudoweb.com\/index.php\/learning-pods-show-their-cracks\/\" class=\"post-thumbnail-rollover layzr-bg\" ><img decoding=\"async\" class=\"preload-me owl-lazy-load aspect\" src=\"data:image\/svg+xml,%3Csvg%20xmlns%3D&#39;http%3A%2F%2Fwww.w3.org%2F2000%2Fsvg&#39;%20viewBox%3D&#39;0%200%20768%20512&#39;%2F%3E\" data-src=\"https:\/\/web.escudoweb.com\/wp-content\/uploads\/2021\/01\/00PODPROBLEMS-superJumbo-768x512.jpg\" data-srcset=\"https:\/\/web.escudoweb.com\/wp-content\/uploads\/2021\/01\/00PODPROBLEMS-superJumbo-768x512.jpg 768w, https:\/\/web.escudoweb.com\/wp-content\/uploads\/2021\/01\/00PODPROBLEMS-superJumbo-1152x768.jpg 1152w\" loading=\"eager\" style=\"--ratio: 768 \/ 512\" sizes=\"(max-width: 768px) 100vw, 768px\" alt=\"\" title=\"00PODPROBLEMS-superJumbo\" width=\"768\" height=\"512\"  \/><\/a>\t<\/div>\n<\/div>\n\n\n<div class=\"post-entry-content\">\n\t<div class=\"post-entry-wrapper\">\n\t\t\t\t<h3 class=\"entry-title\">\n\t\t\t<a href=\"https:\/\/web.escudoweb.com\/index.php\/learning-pods-show-their-cracks\/\" title=\"Learning Pods Show Their Cracks\" rel=\"bookmark\">Learning Pods Show Their Cracks<\/a>\n\t\t<\/h3>\n\n\t\t<div class=\"entry-meta\"><a href=\"https:\/\/web.escudoweb.com\/index.php\/2021\/01\/11\/\" title=\"07:48\" class=\"data-link\" rel=\"bookmark\"><time class=\"entry-date updated\" datetime=\"2021-01-11T07:48:51+02:00\">11 enero 2021<\/time><\/a><\/div>\n\t\t<div class=\"entry-excerpt\"><p>[vc_row][vc_column][vc_column_text]Firstly Happy New Year to our friends, followers, customers and partners. Parents in many parts of the world tried various&hellip;<\/p>\n<\/div>\n\t\t\n<a href=\"https:\/\/web.escudoweb.com\/index.php\/learning-pods-show-their-cracks\/\" class=\"dt-btn-s dt-btn post-details details-type-btn\" aria-label=\"Read more about Learning Pods Show Their Cracks\">Read more<i class=\"dt-icon-the7-arrow-03\" aria-hidden=\"true\"><\/i><\/a>\n\n\t<\/div>\n<\/div><\/article><article class=\"post post-2433 type-post status-publish format-standard has-post-thumbnail hentry category-english category-10\" data-name=\"Teachers at risk of \u2018burnout\u2019 following increased online harassment from pupils\" data-date=\"2020-12-22T12:29:06+02:00\">\n\n<div class=\"post-thumbnail-wrap\">\n\t<div class=\"post-thumbnail\">\n\t\t\n\t\t\n\t\t<a href=\"https:\/\/web.escudoweb.com\/index.php\/teachers-at-risk-of-burnout-following-increased-online-harassment-from-pupils\/\" class=\"post-thumbnail-rollover layzr-bg\" ><img decoding=\"async\" class=\"preload-me owl-lazy-load aspect\" src=\"data:image\/svg+xml,%3Csvg%20xmlns%3D&#39;http%3A%2F%2Fwww.w3.org%2F2000%2Fsvg&#39;%20viewBox%3D&#39;0%200%20768%20512&#39;%2F%3E\" data-src=\"https:\/\/web.escudoweb.com\/wp-content\/uploads\/2020\/12\/pexels-energepiccom-313690-768x512.jpg\" data-srcset=\"https:\/\/web.escudoweb.com\/wp-content\/uploads\/2020\/12\/pexels-energepiccom-313690-768x512.jpg 768w, https:\/\/web.escudoweb.com\/wp-content\/uploads\/2020\/12\/pexels-energepiccom-313690-1152x768.jpg 1152w\" loading=\"eager\" style=\"--ratio: 768 \/ 512\" sizes=\"(max-width: 768px) 100vw, 768px\" alt=\"\" title=\"pexels-energepiccom-313690\" width=\"768\" height=\"512\"  \/><\/a>\t<\/div>\n<\/div>\n\n\n<div class=\"post-entry-content\">\n\t<div class=\"post-entry-wrapper\">\n\t\t\t\t<h3 class=\"entry-title\">\n\t\t\t<a href=\"https:\/\/web.escudoweb.com\/index.php\/teachers-at-risk-of-burnout-following-increased-online-harassment-from-pupils\/\" title=\"Teachers at risk of \u2018burnout\u2019 following increased online harassment from pupils\" rel=\"bookmark\">Teachers at risk of \u2018burnout\u2019 following increased online harassment from pupils<\/a>\n\t\t<\/h3>\n\n\t\t<div class=\"entry-meta\"><a href=\"https:\/\/web.escudoweb.com\/index.php\/2020\/12\/22\/\" title=\"12:29\" class=\"data-link\" rel=\"bookmark\"><time class=\"entry-date updated\" datetime=\"2020-12-22T12:29:06+02:00\">22 diciembre 2020<\/time><\/a><\/div>\n\t\t<div class=\"entry-excerpt\"><p>[vc_row][vc_column][vc_column_text]During the pandemic teachers have been very focused on supporting children in their classes to ensure that they are healthy&hellip;<\/p>\n<\/div>\n\t\t\n<a href=\"https:\/\/web.escudoweb.com\/index.php\/teachers-at-risk-of-burnout-following-increased-online-harassment-from-pupils\/\" class=\"dt-btn-s dt-btn post-details details-type-btn\" aria-label=\"Read more about Teachers at risk of \u2018burnout\u2019 following increased online harassment from pupils\">Read more<i class=\"dt-icon-the7-arrow-03\" aria-hidden=\"true\"><\/i><\/a>\n\n\t<\/div>\n<\/div><\/article><article class=\"post post-2430 type-post status-publish format-standard has-post-thumbnail hentry category-news category-21\" data-name=\"Remote School as the Gateway Drug to Social Media\" data-date=\"2020-12-21T13:04:41+02:00\">\n\n<div class=\"post-thumbnail-wrap\">\n\t<div class=\"post-thumbnail\">\n\t\t\n\t\t\n\t\t<a href=\"https:\/\/web.escudoweb.com\/index.php\/remote-school-as-the-gateway-drug-to-social-media\/\" class=\"post-thumbnail-rollover layzr-bg\" ><img decoding=\"async\" class=\"preload-me owl-lazy-load aspect\" src=\"data:image\/svg+xml,%3Csvg%20xmlns%3D&#39;http%3A%2F%2Fwww.w3.org%2F2000%2Fsvg&#39;%20viewBox%3D&#39;0%200%20768%20512&#39;%2F%3E\" data-src=\"https:\/\/web.escudoweb.com\/wp-content\/uploads\/2020\/12\/00well-social-media-kids-superJumbo-768x512.jpg\" data-srcset=\"https:\/\/web.escudoweb.com\/wp-content\/uploads\/2020\/12\/00well-social-media-kids-superJumbo-768x512.jpg 768w, https:\/\/web.escudoweb.com\/wp-content\/uploads\/2020\/12\/00well-social-media-kids-superJumbo-1152x768.jpg 1152w\" loading=\"eager\" style=\"--ratio: 768 \/ 512\" sizes=\"(max-width: 768px) 100vw, 768px\" alt=\"\" title=\"00well-social-media-kids-superJumbo\" width=\"768\" height=\"512\"  \/><\/a>\t<\/div>\n<\/div>\n\n\n<div class=\"post-entry-content\">\n\t<div class=\"post-entry-wrapper\">\n\t\t\t\t<h3 class=\"entry-title\">\n\t\t\t<a href=\"https:\/\/web.escudoweb.com\/index.php\/remote-school-as-the-gateway-drug-to-social-media\/\" title=\"Remote School as the Gateway Drug to Social Media\" rel=\"bookmark\">Remote School as the Gateway Drug to Social Media<\/a>\n\t\t<\/h3>\n\n\t\t<div class=\"entry-meta\"><a href=\"https:\/\/web.escudoweb.com\/index.php\/2020\/12\/21\/\" title=\"13:04\" class=\"data-link\" rel=\"bookmark\"><time class=\"entry-date updated\" datetime=\"2020-12-21T13:04:41+02:00\">21 diciembre 2020<\/time><\/a><\/div>\n\t\t<div class=\"entry-excerpt\"><p>[vc_row][vc_column][vc_column_text]Many parents did not realise the full ramifications of their children having digital devices that were supposed to be for&hellip;<\/p>\n<\/div>\n\t\t\n<a href=\"https:\/\/web.escudoweb.com\/index.php\/remote-school-as-the-gateway-drug-to-social-media\/\" class=\"dt-btn-s dt-btn post-details details-type-btn\" aria-label=\"Read more about Remote School as the Gateway Drug to Social Media\">Read more<i class=\"dt-icon-the7-arrow-03\" aria-hidden=\"true\"><\/i><\/a>\n\n\t<\/div>\n<\/div><\/article><article class=\"post post-2427 type-post status-publish format-standard has-post-thumbnail hentry category-news category-21\" data-name=\"A \u2018digital canyon\u2019: 1.3 billion school-aged children can\u2019t log on to internet at home\" data-date=\"2020-12-18T11:30:00+02:00\">\n\n<div class=\"post-thumbnail-wrap\">\n\t<div class=\"post-thumbnail\">\n\t\t\n\t\t\n\t\t<a href=\"https:\/\/web.escudoweb.com\/index.php\/a-digital-canyon-1-3-billion-school-aged-children-cant-log-on-to-internet-at-home\/\" class=\"post-thumbnail-rollover layzr-bg\" ><img decoding=\"async\" class=\"preload-me owl-lazy-load aspect\" src=\"data:image\/svg+xml,%3Csvg%20xmlns%3D&#39;http%3A%2F%2Fwww.w3.org%2F2000%2Fsvg&#39;%20viewBox%3D&#39;0%200%20768%20512&#39;%2F%3E\" data-src=\"https:\/\/web.escudoweb.com\/wp-content\/uploads\/2020\/12\/image1170x530cropped-1-768x512.jpg\" data-srcset=\"https:\/\/web.escudoweb.com\/wp-content\/uploads\/2020\/12\/image1170x530cropped-1-768x512.jpg 768w, https:\/\/web.escudoweb.com\/wp-content\/uploads\/2020\/12\/image1170x530cropped-1-795x530.jpg 795w\" loading=\"eager\" style=\"--ratio: 768 \/ 512\" sizes=\"(max-width: 768px) 100vw, 768px\" alt=\"\" title=\"image1170x530cropped (1)\" width=\"768\" height=\"512\"  \/><\/a>\t<\/div>\n<\/div>\n\n\n<div class=\"post-entry-content\">\n\t<div class=\"post-entry-wrapper\">\n\t\t\t\t<h3 class=\"entry-title\">\n\t\t\t<a href=\"https:\/\/web.escudoweb.com\/index.php\/a-digital-canyon-1-3-billion-school-aged-children-cant-log-on-to-internet-at-home\/\" title=\"A \u2018digital canyon\u2019: 1.3 billion school-aged children can\u2019t log on to internet at home\" rel=\"bookmark\">A \u2018digital canyon\u2019: 1.3 billion school-aged children can\u2019t log on to internet at home<\/a>\n\t\t<\/h3>\n\n\t\t<div class=\"entry-meta\"><a href=\"https:\/\/web.escudoweb.com\/index.php\/2020\/12\/18\/\" title=\"11:30\" class=\"data-link\" rel=\"bookmark\"><time class=\"entry-date updated\" datetime=\"2020-12-18T11:30:00+02:00\">18 diciembre 2020<\/time><\/a><\/div>\n\t\t<div class=\"entry-excerpt\"><p>[vc_row][vc_column][vc_column_text]In the developed world we have become used to the benefits that internet access provides and the relative ease of&hellip;<\/p>\n<\/div>\n\t\t\n<a href=\"https:\/\/web.escudoweb.com\/index.php\/a-digital-canyon-1-3-billion-school-aged-children-cant-log-on-to-internet-at-home\/\" class=\"dt-btn-s dt-btn post-details details-type-btn\" aria-label=\"Read more about A \u2018digital canyon\u2019: 1.3 billion school-aged children can\u2019t log on to internet at home\">Read more<i class=\"dt-icon-the7-arrow-03\" aria-hidden=\"true\"><\/i><\/a>\n\n\t<\/div>\n<\/div><\/article><article class=\"post post-2423 type-post status-publish format-standard has-post-thumbnail hentry category-news category-21\" data-name=\"Covid and home schooling: Children &#8216;flourishing&#8217; as numbers rise\" data-date=\"2020-12-17T11:39:50+02:00\">\n\n<div class=\"post-thumbnail-wrap\">\n\t<div class=\"post-thumbnail\">\n\t\t\n\t\t\n\t\t<a href=\"https:\/\/web.escudoweb.com\/index.php\/covid-and-home-schooling-children-flourishing-as-numbers-rise\/\" class=\"post-thumbnail-rollover layzr-bg\" ><img decoding=\"async\" class=\"preload-me owl-lazy-load aspect\" src=\"data:image\/svg+xml,%3Csvg%20xmlns%3D&#39;http%3A%2F%2Fwww.w3.org%2F2000%2Fsvg&#39;%20viewBox%3D&#39;0%200%20768%20512&#39;%2F%3E\" data-src=\"https:\/\/web.escudoweb.com\/wp-content\/uploads\/2020\/12\/115631731_emptyclassroom_gettyimages-1140101108-768x512.jpg\" data-srcset=\"https:\/\/web.escudoweb.com\/wp-content\/uploads\/2020\/12\/115631731_emptyclassroom_gettyimages-1140101108-768x512.jpg 768w, https:\/\/web.escudoweb.com\/wp-content\/uploads\/2020\/12\/115631731_emptyclassroom_gettyimages-1140101108-823x549.jpg 823w\" loading=\"eager\" style=\"--ratio: 768 \/ 512\" sizes=\"(max-width: 768px) 100vw, 768px\" alt=\"\" title=\"_115631731_emptyclassroom_gettyimages-1140101108\" width=\"768\" height=\"512\"  \/><\/a>\t<\/div>\n<\/div>\n\n\n<div class=\"post-entry-content\">\n\t<div class=\"post-entry-wrapper\">\n\t\t\t\t<h3 class=\"entry-title\">\n\t\t\t<a href=\"https:\/\/web.escudoweb.com\/index.php\/covid-and-home-schooling-children-flourishing-as-numbers-rise\/\" title=\"Covid and home schooling: Children &#8216;flourishing&#8217; as numbers rise\" rel=\"bookmark\">Covid and home schooling: Children &#8216;flourishing&#8217; as numbers rise<\/a>\n\t\t<\/h3>\n\n\t\t<div class=\"entry-meta\"><a href=\"https:\/\/web.escudoweb.com\/index.php\/2020\/12\/17\/\" title=\"11:39\" class=\"data-link\" rel=\"bookmark\"><time class=\"entry-date updated\" datetime=\"2020-12-17T11:39:50+02:00\">17 diciembre 2020<\/time><\/a><\/div>\n\t\t<div class=\"entry-excerpt\"><p>[vc_row][vc_column][vc_column_text]Home schooling for many has been difficult, and certainly added much more pressure on parents to support their children as&hellip;<\/p>\n<\/div>\n\t\t\n<a href=\"https:\/\/web.escudoweb.com\/index.php\/covid-and-home-schooling-children-flourishing-as-numbers-rise\/\" class=\"dt-btn-s dt-btn post-details details-type-btn\" aria-label=\"Read more about Covid and home schooling: Children &#8216;flourishing&#8217; as numbers rise\">Read more<i class=\"dt-icon-the7-arrow-03\" aria-hidden=\"true\"><\/i><\/a>\n\n\t<\/div>\n<\/div><\/article><article class=\"post post-2420 type-post status-publish format-standard has-post-thumbnail hentry category-news category-21\" data-name=\"Is the edtech revolution sustainable?\" data-date=\"2020-12-16T15:15:29+02:00\">\n\n<div class=\"post-thumbnail-wrap\">\n\t<div class=\"post-thumbnail\">\n\t\t\n\t\t\n\t\t<a href=\"https:\/\/web.escudoweb.com\/index.php\/is-the-edtech-revolution-sustainable\/\" class=\"post-thumbnail-rollover layzr-bg\" ><img decoding=\"async\" class=\"preload-me owl-lazy-load aspect\" src=\"data:image\/svg+xml,%3Csvg%20xmlns%3D&#39;http%3A%2F%2Fwww.w3.org%2F2000%2Fsvg&#39;%20viewBox%3D&#39;0%200%20571%20381&#39;%2F%3E\" data-src=\"https:\/\/web.escudoweb.com\/wp-content\/uploads\/2020\/12\/iStock-1059510610-678x381-571x381.jpg\" data-srcset=\"https:\/\/web.escudoweb.com\/wp-content\/uploads\/2020\/12\/iStock-1059510610-678x381-571x381.jpg 571w\" loading=\"eager\" style=\"--ratio: 571 \/ 381\" sizes=\"(max-width: 571px) 100vw, 571px\" alt=\"\" title=\"iStock-1059510610-678&#215;381\" width=\"571\" height=\"381\"  \/><\/a>\t<\/div>\n<\/div>\n\n\n<div class=\"post-entry-content\">\n\t<div class=\"post-entry-wrapper\">\n\t\t\t\t<h3 class=\"entry-title\">\n\t\t\t<a href=\"https:\/\/web.escudoweb.com\/index.php\/is-the-edtech-revolution-sustainable\/\" title=\"Is the edtech revolution sustainable?\" rel=\"bookmark\">Is the edtech revolution sustainable?<\/a>\n\t\t<\/h3>\n\n\t\t<div class=\"entry-meta\"><a href=\"https:\/\/web.escudoweb.com\/index.php\/2020\/12\/16\/\" title=\"15:15\" class=\"data-link\" rel=\"bookmark\"><time class=\"entry-date updated\" datetime=\"2020-12-16T15:15:29+02:00\">16 diciembre 2020<\/time><\/a><\/div>\n\t\t<div class=\"entry-excerpt\"><p>[vc_row][vc_column][vc_column_text]Edtech has revolutionised teaching as well as learning for the last two decades, with huge advances made in the last&hellip;<\/p>\n<\/div>\n\t\t\n<a href=\"https:\/\/web.escudoweb.com\/index.php\/is-the-edtech-revolution-sustainable\/\" class=\"dt-btn-s dt-btn post-details details-type-btn\" aria-label=\"Read more about Is the edtech revolution sustainable?\">Read more<i class=\"dt-icon-the7-arrow-03\" aria-hidden=\"true\"><\/i><\/a>\n\n\t<\/div>\n<\/div><\/article><article class=\"post post-2417 type-post status-publish format-standard has-post-thumbnail hentry category-news category-21\" data-name=\"9 ways schools can ease teacher pressure in 2021\" data-date=\"2020-12-15T12:42:06+02:00\">\n\n<div class=\"post-thumbnail-wrap\">\n\t<div class=\"post-thumbnail\">\n\t\t\n\t\t\n\t\t<a href=\"https:\/\/web.escudoweb.com\/index.php\/9-ways-schools-can-ease-teacher-pressure-in-2021\/\" class=\"post-thumbnail-rollover layzr-bg\" ><img decoding=\"async\" class=\"preload-me owl-lazy-load aspect\" src=\"data:image\/svg+xml,%3Csvg%20xmlns%3D&#39;http%3A%2F%2Fwww.w3.org%2F2000%2Fsvg&#39;%20viewBox%3D&#39;0%200%20595%20397&#39;%2F%3E\" data-src=\"https:\/\/web.escudoweb.com\/wp-content\/uploads\/2020\/12\/Woman-exhausted-on-sofa-595x397.jpg\" data-srcset=\"https:\/\/web.escudoweb.com\/wp-content\/uploads\/2020\/12\/Woman-exhausted-on-sofa-595x397.jpg 595w\" loading=\"eager\" style=\"--ratio: 595 \/ 397\" sizes=\"(max-width: 595px) 100vw, 595px\" alt=\"\" title=\"Woman, exhausted on sofa\" width=\"595\" height=\"397\"  \/><\/a>\t<\/div>\n<\/div>\n\n\n<div class=\"post-entry-content\">\n\t<div class=\"post-entry-wrapper\">\n\t\t\t\t<h3 class=\"entry-title\">\n\t\t\t<a href=\"https:\/\/web.escudoweb.com\/index.php\/9-ways-schools-can-ease-teacher-pressure-in-2021\/\" title=\"9 ways schools can ease teacher pressure in 2021\" rel=\"bookmark\">9 ways schools can ease teacher pressure in 2021<\/a>\n\t\t<\/h3>\n\n\t\t<div class=\"entry-meta\"><a href=\"https:\/\/web.escudoweb.com\/index.php\/2020\/12\/15\/\" title=\"12:42\" class=\"data-link\" rel=\"bookmark\"><time class=\"entry-date updated\" datetime=\"2020-12-15T12:42:06+02:00\">15 diciembre 2020<\/time><\/a><\/div>\n\t\t<div class=\"entry-excerpt\"><p>[vc_row][vc_column][vc_column_text]On these regular posts we have highlighted many of the obvious problems caused by Covid, effects on children, and a&hellip;<\/p>\n<\/div>\n\t\t\n<a href=\"https:\/\/web.escudoweb.com\/index.php\/9-ways-schools-can-ease-teacher-pressure-in-2021\/\" class=\"dt-btn-s dt-btn post-details details-type-btn\" aria-label=\"Read more about 9 ways schools can ease teacher pressure in 2021\">Read more<i class=\"dt-icon-the7-arrow-03\" aria-hidden=\"true\"><\/i><\/a>\n\n\t<\/div>\n<\/div><\/article><article class=\"post post-2414 type-post status-publish format-standard has-post-thumbnail hentry category-news category-21\" data-name=\"COVID-19 and learning loss-disparities grow and students need help\" data-date=\"2020-12-14T13:04:17+02:00\">\n\n<div class=\"post-thumbnail-wrap\">\n\t<div class=\"post-thumbnail\">\n\t\t\n\t\t\n\t\t<a href=\"https:\/\/web.escudoweb.com\/index.php\/covid-19-and-learning-loss-disparities-grow-and-students-need-help\/\" class=\"post-thumbnail-rollover layzr-bg\" ><img decoding=\"async\" class=\"preload-me owl-lazy-load aspect\" src=\"data:image\/svg+xml,%3Csvg%20xmlns%3D&#39;http%3A%2F%2Fwww.w3.org%2F2000%2Fsvg&#39;%20viewBox%3D&#39;0%200%20768%20512&#39;%2F%3E\" data-src=\"https:\/\/web.escudoweb.com\/wp-content\/uploads\/2020\/12\/1273907588-HERO-1536x864-768x512.jpg\" data-srcset=\"https:\/\/web.escudoweb.com\/wp-content\/uploads\/2020\/12\/1273907588-HERO-1536x864-768x512.jpg 768w, https:\/\/web.escudoweb.com\/wp-content\/uploads\/2020\/12\/1273907588-HERO-1536x864-1119x746.jpg 1119w\" loading=\"eager\" style=\"--ratio: 768 \/ 512\" sizes=\"(max-width: 768px) 100vw, 768px\" alt=\"\" title=\"1273907588-HERO-1536&#215;864\" width=\"768\" height=\"512\"  \/><\/a>\t<\/div>\n<\/div>\n\n\n<div class=\"post-entry-content\">\n\t<div class=\"post-entry-wrapper\">\n\t\t\t\t<h3 class=\"entry-title\">\n\t\t\t<a href=\"https:\/\/web.escudoweb.com\/index.php\/covid-19-and-learning-loss-disparities-grow-and-students-need-help\/\" title=\"COVID-19 and learning loss-disparities grow and students need help\" rel=\"bookmark\">COVID-19 and learning loss-disparities grow and students need help<\/a>\n\t\t<\/h3>\n\n\t\t<div class=\"entry-meta\"><a href=\"https:\/\/web.escudoweb.com\/index.php\/2020\/12\/14\/\" title=\"13:04\" class=\"data-link\" rel=\"bookmark\"><time class=\"entry-date updated\" datetime=\"2020-12-14T13:04:17+02:00\">14 diciembre 2020<\/time><\/a><\/div>\n\t\t<div class=\"entry-excerpt\"><p>[vc_row][vc_column][vc_column_text]Sadly, the pandemic has taken a great toll health-wise on minorities. This has also been reflected on the educational front.&hellip;<\/p>\n<\/div>\n\t\t\n<a href=\"https:\/\/web.escudoweb.com\/index.php\/covid-19-and-learning-loss-disparities-grow-and-students-need-help\/\" class=\"dt-btn-s dt-btn post-details details-type-btn\" aria-label=\"Read more about COVID-19 and learning loss-disparities grow and students need help\">Read more<i class=\"dt-icon-the7-arrow-03\" aria-hidden=\"true\"><\/i><\/a>\n\n\t<\/div>\n<\/div><\/article><article class=\"post post-2410 type-post status-publish format-standard has-post-thumbnail hentry category-news category-21\" data-name=\"Online learning: the foundation of an enduring digital transformation\" data-date=\"2020-12-11T12:35:18+02:00\">\n\n<div class=\"post-thumbnail-wrap\">\n\t<div class=\"post-thumbnail\">\n\t\t\n\t\t\n\t\t<a href=\"https:\/\/web.escudoweb.com\/index.php\/online-learning-the-foundation-of-an-enduring-digital-transformation\/\" class=\"post-thumbnail-rollover layzr-bg\" ><img decoding=\"async\" class=\"preload-me owl-lazy-load aspect\" src=\"data:image\/svg+xml,%3Csvg%20xmlns%3D&#39;http%3A%2F%2Fwww.w3.org%2F2000%2Fsvg&#39;%20viewBox%3D&#39;0%200%20768%20512&#39;%2F%3E\" data-src=\"https:\/\/web.escudoweb.com\/wp-content\/uploads\/2020\/12\/80910-768x512.jpg\" data-srcset=\"https:\/\/web.escudoweb.com\/wp-content\/uploads\/2020\/12\/80910-768x512.jpg 768w, https:\/\/web.escudoweb.com\/wp-content\/uploads\/2020\/12\/80910-1152x768.jpg 1152w\" loading=\"eager\" style=\"--ratio: 768 \/ 512\" sizes=\"(max-width: 768px) 100vw, 768px\" alt=\"\" title=\"80910\" width=\"768\" height=\"512\"  \/><\/a>\t<\/div>\n<\/div>\n\n\n<div class=\"post-entry-content\">\n\t<div class=\"post-entry-wrapper\">\n\t\t\t\t<h3 class=\"entry-title\">\n\t\t\t<a href=\"https:\/\/web.escudoweb.com\/index.php\/online-learning-the-foundation-of-an-enduring-digital-transformation\/\" title=\"Online learning: the foundation of an enduring digital transformation\" rel=\"bookmark\">Online learning: the foundation of an enduring digital transformation<\/a>\n\t\t<\/h3>\n\n\t\t<div class=\"entry-meta\"><a href=\"https:\/\/web.escudoweb.com\/index.php\/2020\/12\/11\/\" title=\"12:35\" class=\"data-link\" rel=\"bookmark\"><time class=\"entry-date updated\" datetime=\"2020-12-11T12:35:18+02:00\">11 diciembre 2020<\/time><\/a><\/div>\n\t\t<div class=\"entry-excerpt\"><p>[vc_row][vc_column][vc_column_text]The only benefit from the pandemic is that education has truly taken on a digital transformation. The EC&#8217;s Digital Education&hellip;<\/p>\n<\/div>\n\t\t\n<a href=\"https:\/\/web.escudoweb.com\/index.php\/online-learning-the-foundation-of-an-enduring-digital-transformation\/\" class=\"dt-btn-s dt-btn post-details details-type-btn\" aria-label=\"Read more about Online learning: the foundation of an enduring digital transformation\">Read more<i class=\"dt-icon-the7-arrow-03\" aria-hidden=\"true\"><\/i><\/a>\n\n\t<\/div>\n<\/div><\/article><article class=\"post post-2407 type-post status-publish format-standard has-post-thumbnail hentry category-news category-21\" data-name=\"Google and the Rise of &#8216;Digital Well-Being&#8217;\" data-date=\"2020-12-10T15:46:02+02:00\">\n\n<div class=\"post-thumbnail-wrap\">\n\t<div class=\"post-thumbnail\">\n\t\t\n\t\t\n\t\t<a href=\"https:\/\/web.escudoweb.com\/index.php\/google-and-the-rise-of-digital-well-being\/\" class=\"post-thumbnail-rollover layzr-bg\" ><img decoding=\"async\" class=\"preload-me owl-lazy-load aspect\" src=\"data:image\/svg+xml,%3Csvg%20xmlns%3D&#39;http%3A%2F%2Fwww.w3.org%2F2000%2Fsvg&#39;%20viewBox%3D&#39;0%200%20768%20512&#39;%2F%3E\" data-src=\"https:\/\/web.escudoweb.com\/wp-content\/uploads\/2020\/12\/health-01-768x512.jpg\" data-srcset=\"https:\/\/web.escudoweb.com\/wp-content\/uploads\/2020\/12\/health-01-768x512.jpg 768w, https:\/\/web.escudoweb.com\/wp-content\/uploads\/2020\/12\/health-01-1152x768.jpg 1152w\" loading=\"eager\" style=\"--ratio: 768 \/ 512\" sizes=\"(max-width: 768px) 100vw, 768px\" alt=\"\" title=\"health-01\" width=\"768\" height=\"512\"  \/><\/a>\t<\/div>\n<\/div>\n\n\n<div class=\"post-entry-content\">\n\t<div class=\"post-entry-wrapper\">\n\t\t\t\t<h3 class=\"entry-title\">\n\t\t\t<a href=\"https:\/\/web.escudoweb.com\/index.php\/google-and-the-rise-of-digital-well-being\/\" title=\"Google and the Rise of &#8216;Digital Well-Being&#8217;\" rel=\"bookmark\">Google and the Rise of &#8216;Digital Well-Being&#8217;<\/a>\n\t\t<\/h3>\n\n\t\t<div class=\"entry-meta\"><a href=\"https:\/\/web.escudoweb.com\/index.php\/2020\/12\/10\/\" title=\"15:46\" class=\"data-link\" rel=\"bookmark\"><time class=\"entry-date updated\" datetime=\"2020-12-10T15:46:02+02:00\">10 diciembre 2020<\/time><\/a><\/div>\n\t\t<div class=\"entry-excerpt\"><p>[vc_row][vc_column][vc_column_text]We have unearthed an article from Wired 2 years ago, as the context now is even more compelling. Google had&hellip;<\/p>\n<\/div>\n\t\t\n<a href=\"https:\/\/web.escudoweb.com\/index.php\/google-and-the-rise-of-digital-well-being\/\" class=\"dt-btn-s dt-btn post-details details-type-btn\" aria-label=\"Read more about Google and the Rise of &#8216;Digital Well-Being&#8217;\">Read more<i class=\"dt-icon-the7-arrow-03\" aria-hidden=\"true\"><\/i><\/a>\n\n\t<\/div>\n<\/div><\/article><article class=\"post post-2403 type-post status-publish format-standard has-post-thumbnail hentry category-news category-21\" data-name=\"Spike in F grades across the US as online learning gap emerges amid pandemic school closures\" data-date=\"2020-12-09T10:25:34+02:00\">\n\n<div class=\"post-thumbnail-wrap\">\n\t<div class=\"post-thumbnail\">\n\t\t\n\t\t\n\t\t<a href=\"https:\/\/web.escudoweb.com\/index.php\/spike-in-f-grades-across-the-us-as-online-learning-gap-emerges-amid-pandemic-school-closures\/\" class=\"post-thumbnail-rollover layzr-bg\" ><img decoding=\"async\" class=\"preload-me owl-lazy-load aspect\" src=\"data:image\/svg+xml,%3Csvg%20xmlns%3D&#39;http%3A%2F%2Fwww.w3.org%2F2000%2Fsvg&#39;%20viewBox%3D&#39;0%200%20768%20512&#39;%2F%3E\" data-src=\"https:\/\/web.escudoweb.com\/wp-content\/uploads\/2020\/12\/TELEMMGLPICT000244864795_trans_NvBQzQNjv4BqeoMPseA8rXxS7fV2a1a45aHyM6nv2oAAiNuWpQaAT3M-768x512.jpg\" data-srcset=\"https:\/\/web.escudoweb.com\/wp-content\/uploads\/2020\/12\/TELEMMGLPICT000244864795_trans_NvBQzQNjv4BqeoMPseA8rXxS7fV2a1a45aHyM6nv2oAAiNuWpQaAT3M-768x512.jpg 768w, https:\/\/web.escudoweb.com\/wp-content\/uploads\/2020\/12\/TELEMMGLPICT000244864795_trans_NvBQzQNjv4BqeoMPseA8rXxS7fV2a1a45aHyM6nv2oAAiNuWpQaAT3M-901x601.jpg 901w\" loading=\"eager\" style=\"--ratio: 768 \/ 512\" sizes=\"(max-width: 768px) 100vw, 768px\" alt=\"\" title=\"TELEMMGLPICT000244864795_trans_NvBQzQNjv4BqeoMPseA8rXxS7fV2a1a45aHyM6nv2oAAiNuWpQaAT3M\" width=\"768\" height=\"512\"  \/><\/a>\t<\/div>\n<\/div>\n\n\n<div class=\"post-entry-content\">\n\t<div class=\"post-entry-wrapper\">\n\t\t\t\t<h3 class=\"entry-title\">\n\t\t\t<a href=\"https:\/\/web.escudoweb.com\/index.php\/spike-in-f-grades-across-the-us-as-online-learning-gap-emerges-amid-pandemic-school-closures\/\" title=\"Spike in F grades across the US as online learning gap emerges amid pandemic school closures\" rel=\"bookmark\">Spike in F grades across the US as online learning gap emerges amid pandemic school closures<\/a>\n\t\t<\/h3>\n\n\t\t<div class=\"entry-meta\"><a href=\"https:\/\/web.escudoweb.com\/index.php\/2020\/12\/09\/\" title=\"10:25\" class=\"data-link\" rel=\"bookmark\"><time class=\"entry-date updated\" datetime=\"2020-12-09T10:25:34+02:00\">9 diciembre 2020<\/time><\/a><\/div>\n\t\t<div class=\"entry-excerpt\"><p>[vc_row][vc_column][vc_column_text]An inevitability of the pandemic is that no, or few classes, in an academic year leads to lower grades. The&hellip;<\/p>\n<\/div>\n\t\t\n<a href=\"https:\/\/web.escudoweb.com\/index.php\/spike-in-f-grades-across-the-us-as-online-learning-gap-emerges-amid-pandemic-school-closures\/\" class=\"dt-btn-s dt-btn post-details details-type-btn\" aria-label=\"Read more about Spike in F grades across the US as online learning gap emerges amid pandemic school closures\">Read more<i class=\"dt-icon-the7-arrow-03\" aria-hidden=\"true\"><\/i><\/a>\n\n\t<\/div>\n<\/div><\/article><article class=\"post post-2400 type-post status-publish format-standard has-post-thumbnail hentry category-news category-21\" data-name=\"Charter-school networks are outperforming traditional public schools\" data-date=\"2020-12-07T12:48:12+02:00\">\n\n<div class=\"post-thumbnail-wrap\">\n\t<div class=\"post-thumbnail\">\n\t\t\n\t\t\n\t\t<a href=\"https:\/\/web.escudoweb.com\/index.php\/charter-school-networks-are-outperforming-traditional-public-schools\/\" class=\"post-thumbnail-rollover layzr-bg\" ><img decoding=\"async\" class=\"preload-me owl-lazy-load aspect\" src=\"data:image\/svg+xml,%3Csvg%20xmlns%3D&#39;http%3A%2F%2Fwww.w3.org%2F2000%2Fsvg&#39;%20viewBox%3D&#39;0%200%20768%20512&#39;%2F%3E\" data-src=\"https:\/\/web.escudoweb.com\/wp-content\/uploads\/2020\/12\/20201121_USP503-768x512.jpg\" data-srcset=\"https:\/\/web.escudoweb.com\/wp-content\/uploads\/2020\/12\/20201121_USP503-768x512.jpg 768w, https:\/\/web.escudoweb.com\/wp-content\/uploads\/2020\/12\/20201121_USP503-844x563.jpg 844w\" loading=\"eager\" style=\"--ratio: 768 \/ 512\" sizes=\"(max-width: 768px) 100vw, 768px\" alt=\"\" title=\"20201121_USP503\" width=\"768\" height=\"512\"  \/><\/a>\t<\/div>\n<\/div>\n\n\n<div class=\"post-entry-content\">\n\t<div class=\"post-entry-wrapper\">\n\t\t\t\t<h3 class=\"entry-title\">\n\t\t\t<a href=\"https:\/\/web.escudoweb.com\/index.php\/charter-school-networks-are-outperforming-traditional-public-schools\/\" title=\"Charter-school networks are outperforming traditional public schools\" rel=\"bookmark\">Charter-school networks are outperforming traditional public schools<\/a>\n\t\t<\/h3>\n\n\t\t<div class=\"entry-meta\"><a href=\"https:\/\/web.escudoweb.com\/index.php\/2020\/12\/07\/\" title=\"12:48\" class=\"data-link\" rel=\"bookmark\"><time class=\"entry-date updated\" datetime=\"2020-12-07T12:48:12+02:00\">7 diciembre 2020<\/time><\/a><\/div>\n\t\t<div class=\"entry-excerpt\"><p>[vc_row][vc_column][vc_column_text]As an alternative to state schools &#8211; many of which are still closed due to high levels of infections with&hellip;<\/p>\n<\/div>\n\t\t\n<a href=\"https:\/\/web.escudoweb.com\/index.php\/charter-school-networks-are-outperforming-traditional-public-schools\/\" class=\"dt-btn-s dt-btn post-details details-type-btn\" aria-label=\"Read more about Charter-school networks are outperforming traditional public schools\">Read more<i class=\"dt-icon-the7-arrow-03\" aria-hidden=\"true\"><\/i><\/a>\n\n\t<\/div>\n<\/div><\/article><article class=\"post post-2397 type-post status-publish format-standard has-post-thumbnail hentry category-news category-21\" data-name=\"Positive Test Rate of 11 Percent? France\u2019s Schools Remain Open\" data-date=\"2020-12-04T11:39:53+02:00\">\n\n<div class=\"post-thumbnail-wrap\">\n\t<div class=\"post-thumbnail\">\n\t\t\n\t\t\n\t\t<a href=\"https:\/\/web.escudoweb.com\/index.php\/positive-test-rate-of-11-percent-frances-schools-remain-open\/\" class=\"post-thumbnail-rollover layzr-bg\" ><img decoding=\"async\" class=\"preload-me owl-lazy-load aspect\" src=\"data:image\/svg+xml,%3Csvg%20xmlns%3D&#39;http%3A%2F%2Fwww.w3.org%2F2000%2Fsvg&#39;%20viewBox%3D&#39;0%200%20768%20512&#39;%2F%3E\" data-src=\"https:\/\/web.escudoweb.com\/wp-content\/uploads\/2020\/12\/merlin_180426999_8e79660e-a6cf-42db-9fdd-8c7b83f336df-superJumbo-768x512.jpg\" data-srcset=\"https:\/\/web.escudoweb.com\/wp-content\/uploads\/2020\/12\/merlin_180426999_8e79660e-a6cf-42db-9fdd-8c7b83f336df-superJumbo-768x512.jpg 768w, https:\/\/web.escudoweb.com\/wp-content\/uploads\/2020\/12\/merlin_180426999_8e79660e-a6cf-42db-9fdd-8c7b83f336df-superJumbo-1152x768.jpg 1152w\" loading=\"eager\" style=\"--ratio: 768 \/ 512\" sizes=\"(max-width: 768px) 100vw, 768px\" alt=\"\" title=\"merlin_180426999_8e79660e-a6cf-42db-9fdd-8c7b83f336df-superJumbo\" width=\"768\" height=\"512\"  \/><\/a>\t<\/div>\n<\/div>\n\n\n<div class=\"post-entry-content\">\n\t<div class=\"post-entry-wrapper\">\n\t\t\t\t<h3 class=\"entry-title\">\n\t\t\t<a href=\"https:\/\/web.escudoweb.com\/index.php\/positive-test-rate-of-11-percent-frances-schools-remain-open\/\" title=\"Positive Test Rate of 11 Percent? France\u2019s Schools Remain Open\" rel=\"bookmark\">Positive Test Rate of 11 Percent? France\u2019s Schools Remain Open<\/a>\n\t\t<\/h3>\n\n\t\t<div class=\"entry-meta\"><a href=\"https:\/\/web.escudoweb.com\/index.php\/2020\/12\/04\/\" title=\"11:39\" class=\"data-link\" rel=\"bookmark\"><time class=\"entry-date updated\" datetime=\"2020-12-04T11:39:53+02:00\">4 diciembre 2020<\/time><\/a><\/div>\n\t\t<div class=\"entry-excerpt\"><p>[vc_row][vc_column][vc_column_text]In the US there has been a rule of thumb governing whether schools open or close: \u201cAll schools are required&hellip;<\/p>\n<\/div>\n\t\t\n<a href=\"https:\/\/web.escudoweb.com\/index.php\/positive-test-rate-of-11-percent-frances-schools-remain-open\/\" class=\"dt-btn-s dt-btn post-details details-type-btn\" aria-label=\"Read more about Positive Test Rate of 11 Percent? France\u2019s Schools Remain Open\">Read more<i class=\"dt-icon-the7-arrow-03\" aria-hidden=\"true\"><\/i><\/a>\n\n\t<\/div>\n<\/div><\/article><article class=\"post post-2394 type-post status-publish format-standard has-post-thumbnail hentry category-news category-21\" data-name=\"Phone addiction not driven by notifications, study finds\" data-date=\"2020-12-03T11:28:30+02:00\">\n\n<div class=\"post-thumbnail-wrap\">\n\t<div class=\"post-thumbnail\">\n\t\t\n\t\t\n\t\t<a href=\"https:\/\/web.escudoweb.com\/index.php\/phone-addiction-not-driven-by-notifications-study-finds\/\" class=\"post-thumbnail-rollover layzr-bg\" ><img decoding=\"async\" class=\"preload-me owl-lazy-load aspect\" src=\"data:image\/svg+xml,%3Csvg%20xmlns%3D&#39;http%3A%2F%2Fwww.w3.org%2F2000%2Fsvg&#39;%20viewBox%3D&#39;0%200%20675%20450&#39;%2F%3E\" data-src=\"https:\/\/web.escudoweb.com\/wp-content\/uploads\/2020\/12\/115640446_tv054185546-675x450.jpg\" data-srcset=\"https:\/\/web.escudoweb.com\/wp-content\/uploads\/2020\/12\/115640446_tv054185546-675x450.jpg 675w, https:\/\/web.escudoweb.com\/wp-content\/uploads\/2020\/12\/115640446_tv054185546-675x449.jpg 675w\" loading=\"eager\" style=\"--ratio: 675 \/ 450\" sizes=\"(max-width: 675px) 100vw, 675px\" alt=\"\" title=\"_115640446_tv054185546\" width=\"675\" height=\"450\"  \/><\/a>\t<\/div>\n<\/div>\n\n\n<div class=\"post-entry-content\">\n\t<div class=\"post-entry-wrapper\">\n\t\t\t\t<h3 class=\"entry-title\">\n\t\t\t<a href=\"https:\/\/web.escudoweb.com\/index.php\/phone-addiction-not-driven-by-notifications-study-finds\/\" title=\"Phone addiction not driven by notifications, study finds\" rel=\"bookmark\">Phone addiction not driven by notifications, study finds<\/a>\n\t\t<\/h3>\n\n\t\t<div class=\"entry-meta\"><a href=\"https:\/\/web.escudoweb.com\/index.php\/2020\/12\/03\/\" title=\"11:28\" class=\"data-link\" rel=\"bookmark\"><time class=\"entry-date updated\" datetime=\"2020-12-03T11:28:30+02:00\">3 diciembre 2020<\/time><\/a><\/div>\n\t\t<div class=\"entry-excerpt\"><p>[vc_row][vc_column][vc_column_text]A recent BBC article, on a London School of Economics (LSE) study showed that \u201c89% of interactions with phones were&hellip;<\/p>\n<\/div>\n\t\t\n<a href=\"https:\/\/web.escudoweb.com\/index.php\/phone-addiction-not-driven-by-notifications-study-finds\/\" class=\"dt-btn-s dt-btn post-details details-type-btn\" aria-label=\"Read more about Phone addiction not driven by notifications, study finds\">Read more<i class=\"dt-icon-the7-arrow-03\" aria-hidden=\"true\"><\/i><\/a>\n\n\t<\/div>\n<\/div><\/article><article class=\"post post-2391 type-post status-publish format-standard has-post-thumbnail hentry category-news category-21\" data-name=\"Why the world must urgently strengthen learning and protect finance for education\" data-date=\"2020-12-02T11:13:57+02:00\">\n\n<div class=\"post-thumbnail-wrap\">\n\t<div class=\"post-thumbnail\">\n\t\t\n\t\t\n\t\t<a href=\"https:\/\/web.escudoweb.com\/index.php\/why-the-world-must-urgently-strengthen-learning-and-protect-finance-for-education\/\" class=\"post-thumbnail-rollover layzr-bg\" ><img decoding=\"async\" class=\"preload-me owl-lazy-load aspect\" src=\"data:image\/svg+xml,%3Csvg%20xmlns%3D&#39;http%3A%2F%2Fwww.w3.org%2F2000%2Fsvg&#39;%20viewBox%3D&#39;0%200%20552%20368&#39;%2F%3E\" data-src=\"https:\/\/web.escudoweb.com\/wp-content\/uploads\/2020\/12\/global-education-meeting-2020-c-kwame_amo-shutterstock-552x368.jpg\" data-srcset=\"https:\/\/web.escudoweb.com\/wp-content\/uploads\/2020\/12\/global-education-meeting-2020-c-kwame_amo-shutterstock-552x368.jpg 552w\" loading=\"eager\" style=\"--ratio: 552 \/ 368\" sizes=\"(max-width: 552px) 100vw, 552px\" alt=\"\" title=\"global-education-meeting-2020-c-kwame_amo-shutterstock\" width=\"552\" height=\"368\"  \/><\/a>\t<\/div>\n<\/div>\n\n\n<div class=\"post-entry-content\">\n\t<div class=\"post-entry-wrapper\">\n\t\t\t\t<h3 class=\"entry-title\">\n\t\t\t<a href=\"https:\/\/web.escudoweb.com\/index.php\/why-the-world-must-urgently-strengthen-learning-and-protect-finance-for-education\/\" title=\"Why the world must urgently strengthen learning and protect finance for education\" rel=\"bookmark\">Why the world must urgently strengthen learning and protect finance for education<\/a>\n\t\t<\/h3>\n\n\t\t<div class=\"entry-meta\"><a href=\"https:\/\/web.escudoweb.com\/index.php\/2020\/12\/02\/\" title=\"11:13\" class=\"data-link\" rel=\"bookmark\"><time class=\"entry-date updated\" datetime=\"2020-12-02T11:13:57+02:00\">2 diciembre 2020<\/time><\/a><\/div>\n\t\t<div class=\"entry-excerpt\"><p>[vc_row][vc_column][vc_column_text]We are on the brink of a \u201cgenerational catastrophe\u201d is how the UN Secretary-General, Ant\u00f3nio Guterres, described the education crisis&hellip;<\/p>\n<\/div>\n\t\t\n<a href=\"https:\/\/web.escudoweb.com\/index.php\/why-the-world-must-urgently-strengthen-learning-and-protect-finance-for-education\/\" class=\"dt-btn-s dt-btn post-details details-type-btn\" aria-label=\"Read more about Why the world must urgently strengthen learning and protect finance for education\">Read more<i class=\"dt-icon-the7-arrow-03\" aria-hidden=\"true\"><\/i><\/a>\n\n\t<\/div>\n<\/div><\/article><article class=\"post post-2386 type-post status-publish format-standard has-post-thumbnail hentry category-news category-21\" data-name=\"Benefits of using technology in the classroom\" data-date=\"2020-12-01T08:10:01+02:00\">\n\n<div class=\"post-thumbnail-wrap\">\n\t<div class=\"post-thumbnail\">\n\t\t\n\t\t\n\t\t<a href=\"https:\/\/web.escudoweb.com\/index.php\/benefits-of-using-technology-in-the-classroom\/\" class=\"post-thumbnail-rollover layzr-bg\" ><img decoding=\"async\" class=\"preload-me owl-lazy-load aspect\" src=\"data:image\/svg+xml,%3Csvg%20xmlns%3D&#39;http%3A%2F%2Fwww.w3.org%2F2000%2Fsvg&#39;%20viewBox%3D&#39;0%200%20658%20439&#39;%2F%3E\" data-src=\"https:\/\/web.escudoweb.com\/wp-content\/uploads\/2020\/12\/shutterstock348916574-658x439.jpg\" data-srcset=\"https:\/\/web.escudoweb.com\/wp-content\/uploads\/2020\/12\/shutterstock348916574-658x439.jpg 658w\" loading=\"eager\" style=\"--ratio: 658 \/ 439\" sizes=\"(max-width: 658px) 100vw, 658px\" alt=\"\" title=\"shutterstock348916574\" width=\"658\" height=\"439\"  \/><\/a>\t<\/div>\n<\/div>\n\n\n<div class=\"post-entry-content\">\n\t<div class=\"post-entry-wrapper\">\n\t\t\t\t<h3 class=\"entry-title\">\n\t\t\t<a href=\"https:\/\/web.escudoweb.com\/index.php\/benefits-of-using-technology-in-the-classroom\/\" title=\"Benefits of using technology in the classroom\" rel=\"bookmark\">Benefits of using technology in the classroom<\/a>\n\t\t<\/h3>\n\n\t\t<div class=\"entry-meta\"><a href=\"https:\/\/web.escudoweb.com\/index.php\/2020\/12\/01\/\" title=\"08:10\" class=\"data-link\" rel=\"bookmark\"><time class=\"entry-date updated\" datetime=\"2020-12-01T08:10:01+02:00\">1 diciembre 2020<\/time><\/a><\/div>\n\t\t<div class=\"entry-excerpt\"><p>[vc_row][vc_column][vc_column_text]For the last nine months teachers have been forced to use technology in order to continue some semblance of delivering&hellip;<\/p>\n<\/div>\n\t\t\n<a href=\"https:\/\/web.escudoweb.com\/index.php\/benefits-of-using-technology-in-the-classroom\/\" class=\"dt-btn-s dt-btn post-details details-type-btn\" aria-label=\"Read more about Benefits of using technology in the classroom\">Read more<i class=\"dt-icon-the7-arrow-03\" aria-hidden=\"true\"><\/i><\/a>\n\n\t<\/div>\n<\/div><\/article><article class=\"post post-2383 type-post status-publish format-standard has-post-thumbnail hentry category-news category-21\" data-name=\"Student Test Scores Drop in Math Since Covid-19 Pandemic\" data-date=\"2020-11-30T09:41:12+02:00\">\n\n<div class=\"post-thumbnail-wrap\">\n\t<div class=\"post-thumbnail\">\n\t\t\n\t\t\n\t\t<a href=\"https:\/\/web.escudoweb.com\/index.php\/student-test-scores-drop-in-math-since-covid-19-pandemic\/\" class=\"post-thumbnail-rollover layzr-bg\" ><img decoding=\"async\" class=\"preload-me owl-lazy-load aspect\" src=\"data:image\/svg+xml,%3Csvg%20xmlns%3D&#39;http%3A%2F%2Fwww.w3.org%2F2000%2Fsvg&#39;%20viewBox%3D&#39;0%200%20768%20512&#39;%2F%3E\" data-src=\"https:\/\/web.escudoweb.com\/wp-content\/uploads\/2020\/11\/im-263187-768x512.jpeg\" data-srcset=\"https:\/\/web.escudoweb.com\/wp-content\/uploads\/2020\/11\/im-263187-768x512.jpeg 768w, https:\/\/web.escudoweb.com\/wp-content\/uploads\/2020\/11\/im-263187-1152x768.jpeg 1152w\" loading=\"eager\" style=\"--ratio: 768 \/ 512\" sizes=\"(max-width: 768px) 100vw, 768px\" alt=\"\" title=\"im-263187\" width=\"768\" height=\"512\"  \/><\/a>\t<\/div>\n<\/div>\n\n\n<div class=\"post-entry-content\">\n\t<div class=\"post-entry-wrapper\">\n\t\t\t\t<h3 class=\"entry-title\">\n\t\t\t<a href=\"https:\/\/web.escudoweb.com\/index.php\/student-test-scores-drop-in-math-since-covid-19-pandemic\/\" title=\"Student Test Scores Drop in Math Since Covid-19 Pandemic\" rel=\"bookmark\">Student Test Scores Drop in Math Since Covid-19 Pandemic<\/a>\n\t\t<\/h3>\n\n\t\t<div class=\"entry-meta\"><a href=\"https:\/\/web.escudoweb.com\/index.php\/2020\/11\/30\/\" title=\"09:41\" class=\"data-link\" rel=\"bookmark\"><time class=\"entry-date updated\" datetime=\"2020-11-30T09:41:12+02:00\">30 noviembre 2020<\/time><\/a><\/div>\n\t\t<div class=\"entry-excerpt\"><p>[vc_row][vc_column][vc_column_text]From recent evidence, it appears that the pandemic has taken more of a hit on some subjects versus others. Inevitably,&hellip;<\/p>\n<\/div>\n\t\t\n<a href=\"https:\/\/web.escudoweb.com\/index.php\/student-test-scores-drop-in-math-since-covid-19-pandemic\/\" class=\"dt-btn-s dt-btn post-details details-type-btn\" aria-label=\"Read more about Student Test Scores Drop in Math Since Covid-19 Pandemic\">Read more<i class=\"dt-icon-the7-arrow-03\" aria-hidden=\"true\"><\/i><\/a>\n\n\t<\/div>\n<\/div><\/article><article class=\"post post-2380 type-post status-publish format-standard has-post-thumbnail hentry category-news category-21\" data-name=\"Women take on the bulk of responsibility for remote learning across the globe, survey reveals\" data-date=\"2020-11-27T09:56:01+02:00\">\n\n<div class=\"post-thumbnail-wrap\">\n\t<div class=\"post-thumbnail\">\n\t\t\n\t\t\n\t\t<a href=\"https:\/\/web.escudoweb.com\/index.php\/women-take-on-the-bulk-of-responsibility-for-remote-learning-across-the-globe-survey-reveals\/\" class=\"post-thumbnail-rollover layzr-bg\" ><img decoding=\"async\" class=\"preload-me owl-lazy-load aspect\" src=\"data:image\/svg+xml,%3Csvg%20xmlns%3D&#39;http%3A%2F%2Fwww.w3.org%2F2000%2Fsvg&#39;%20viewBox%3D&#39;0%200%20768%20512&#39;%2F%3E\" data-src=\"https:\/\/web.escudoweb.com\/wp-content\/uploads\/2020\/11\/pexels-august-de-richelieu-4260325-768x512.jpg\" data-srcset=\"https:\/\/web.escudoweb.com\/wp-content\/uploads\/2020\/11\/pexels-august-de-richelieu-4260325-768x512.jpg 768w, https:\/\/web.escudoweb.com\/wp-content\/uploads\/2020\/11\/pexels-august-de-richelieu-4260325-1152x768.jpg 1152w\" loading=\"eager\" style=\"--ratio: 768 \/ 512\" sizes=\"(max-width: 768px) 100vw, 768px\" alt=\"\" title=\"pexels-august-de-richelieu-4260325\" width=\"768\" height=\"512\"  \/><\/a>\t<\/div>\n<\/div>\n\n\n<div class=\"post-entry-content\">\n\t<div class=\"post-entry-wrapper\">\n\t\t\t\t<h3 class=\"entry-title\">\n\t\t\t<a href=\"https:\/\/web.escudoweb.com\/index.php\/women-take-on-the-bulk-of-responsibility-for-remote-learning-across-the-globe-survey-reveals\/\" title=\"Women take on the bulk of responsibility for remote learning across the globe, survey reveals\" rel=\"bookmark\">Women take on the bulk of responsibility for remote learning across the globe, survey reveals<\/a>\n\t\t<\/h3>\n\n\t\t<div class=\"entry-meta\"><a href=\"https:\/\/web.escudoweb.com\/index.php\/2020\/11\/27\/\" title=\"09:56\" class=\"data-link\" rel=\"bookmark\"><time class=\"entry-date updated\" datetime=\"2020-11-27T09:56:01+02:00\">27 noviembre 2020<\/time><\/a><\/div>\n\t\t<div class=\"entry-excerpt\"><p>[vc_row][vc_column][vc_column_text]In a report that will come as no surprise to many people, the Dynata\u2019s Global Consumer Trends: Economy Edition report,&hellip;<\/p>\n<\/div>\n\t\t\n<a href=\"https:\/\/web.escudoweb.com\/index.php\/women-take-on-the-bulk-of-responsibility-for-remote-learning-across-the-globe-survey-reveals\/\" class=\"dt-btn-s dt-btn post-details details-type-btn\" aria-label=\"Read more about Women take on the bulk of responsibility for remote learning across the globe, survey reveals\">Read more<i class=\"dt-icon-the7-arrow-03\" aria-hidden=\"true\"><\/i><\/a>\n\n\t<\/div>\n<\/div><\/article><article class=\"post post-2375 type-post status-publish format-standard has-post-thumbnail hentry category-news category-21\" data-name=\"Sunrise launches children-safe smartphone\" data-date=\"2020-11-26T11:23:15+02:00\">\n\n<div class=\"post-thumbnail-wrap\">\n\t<div class=\"post-thumbnail\">\n\t\t\n\t\t\n\t\t<a href=\"https:\/\/web.escudoweb.com\/index.php\/sunrise-launches-children-safe-smartphone\/\" class=\"post-thumbnail-rollover layzr-bg\" ><img decoding=\"async\" class=\"preload-me owl-lazy-load aspect\" src=\"data:image\/svg+xml,%3Csvg%20xmlns%3D&#39;http%3A%2F%2Fwww.w3.org%2F2000%2Fsvg&#39;%20viewBox%3D&#39;0%200%20495%20330&#39;%2F%3E\" data-src=\"https:\/\/web.escudoweb.com\/wp-content\/uploads\/2020\/11\/handsets-for-children-495x330.jpg\" data-srcset=\"https:\/\/web.escudoweb.com\/wp-content\/uploads\/2020\/11\/handsets-for-children-495x330.jpg 495w\" loading=\"eager\" style=\"--ratio: 495 \/ 330\" sizes=\"(max-width: 495px) 100vw, 495px\" alt=\"\" title=\"handsets-for-children\" width=\"495\" height=\"330\"  \/><\/a>\t<\/div>\n<\/div>\n\n\n<div class=\"post-entry-content\">\n\t<div class=\"post-entry-wrapper\">\n\t\t\t\t<h3 class=\"entry-title\">\n\t\t\t<a href=\"https:\/\/web.escudoweb.com\/index.php\/sunrise-launches-children-safe-smartphone\/\" title=\"Sunrise launches children-safe smartphone\" rel=\"bookmark\">Sunrise launches children-safe smartphone<\/a>\n\t\t<\/h3>\n\n\t\t<div class=\"entry-meta\"><a href=\"https:\/\/web.escudoweb.com\/index.php\/2020\/11\/26\/\" title=\"11:23\" class=\"data-link\" rel=\"bookmark\"><time class=\"entry-date updated\" datetime=\"2020-11-26T11:23:15+02:00\">26 noviembre 2020<\/time><\/a><\/div>\n\t\t<div class=\"entry-excerpt\"><p>[vc_row][vc_column][vc_column_text]We are pleased to announce that our go-to-market partner, Blabloo, has just signed an agreement with Swiss mobile operator Sunrise&hellip;<\/p>\n<\/div>\n\t\t\n<a href=\"https:\/\/web.escudoweb.com\/index.php\/sunrise-launches-children-safe-smartphone\/\" class=\"dt-btn-s dt-btn post-details details-type-btn\" aria-label=\"Read more about Sunrise launches children-safe smartphone\">Read more<i class=\"dt-icon-the7-arrow-03\" aria-hidden=\"true\"><\/i><\/a>\n\n\t<\/div>\n<\/div><\/article><article class=\"post post-2372 type-post status-publish format-standard has-post-thumbnail hentry category-news category-21\" data-name=\"Bots Grade Your Kids\u2019 Schoolwork and They\u2019re Often Wrong\" data-date=\"2020-11-25T06:45:45+02:00\">\n\n<div class=\"post-thumbnail-wrap\">\n\t<div class=\"post-thumbnail\">\n\t\t\n\t\t\n\t\t<a href=\"https:\/\/web.escudoweb.com\/index.php\/bots-grade-your-kids-schoolwork-and-theyre-often-wrong\/\" class=\"post-thumbnail-rollover layzr-bg\" ><img decoding=\"async\" class=\"preload-me owl-lazy-load aspect\" src=\"data:image\/svg+xml,%3Csvg%20xmlns%3D&#39;http%3A%2F%2Fwww.w3.org%2F2000%2Fsvg&#39;%20viewBox%3D&#39;0%200%20768%20512&#39;%2F%3E\" data-src=\"https:\/\/web.escudoweb.com\/wp-content\/uploads\/2020\/11\/im-259409-768x512.jpeg\" data-srcset=\"https:\/\/web.escudoweb.com\/wp-content\/uploads\/2020\/11\/im-259409-768x512.jpeg 768w, https:\/\/web.escudoweb.com\/wp-content\/uploads\/2020\/11\/im-259409-1152x768.jpeg 1152w\" loading=\"eager\" style=\"--ratio: 768 \/ 512\" sizes=\"(max-width: 768px) 100vw, 768px\" alt=\"\" title=\"im-259409\" width=\"768\" height=\"512\"  \/><\/a>\t<\/div>\n<\/div>\n\n\n<div class=\"post-entry-content\">\n\t<div class=\"post-entry-wrapper\">\n\t\t\t\t<h3 class=\"entry-title\">\n\t\t\t<a href=\"https:\/\/web.escudoweb.com\/index.php\/bots-grade-your-kids-schoolwork-and-theyre-often-wrong\/\" title=\"Bots Grade Your Kids\u2019 Schoolwork and They\u2019re Often Wrong\" rel=\"bookmark\">Bots Grade Your Kids\u2019 Schoolwork and They\u2019re Often Wrong<\/a>\n\t\t<\/h3>\n\n\t\t<div class=\"entry-meta\"><a href=\"https:\/\/web.escudoweb.com\/index.php\/2020\/11\/25\/\" title=\"06:45\" class=\"data-link\" rel=\"bookmark\"><time class=\"entry-date updated\" datetime=\"2020-11-25T06:45:45+02:00\">25 noviembre 2020<\/time><\/a><\/div>\n\t\t<div class=\"entry-excerpt\"><p>[vc_row][vc_column][vc_column_text]Using technology to try and make the role of the teacher less taxing can create other problems. Automated systems to&hellip;<\/p>\n<\/div>\n\t\t\n<a href=\"https:\/\/web.escudoweb.com\/index.php\/bots-grade-your-kids-schoolwork-and-theyre-often-wrong\/\" class=\"dt-btn-s dt-btn post-details details-type-btn\" aria-label=\"Read more about Bots Grade Your Kids\u2019 Schoolwork and They\u2019re Often Wrong\">Read more<i class=\"dt-icon-the7-arrow-03\" aria-hidden=\"true\"><\/i><\/a>\n\n\t<\/div>\n<\/div><\/article><article class=\"post post-2369 type-post status-publish format-standard has-post-thumbnail hentry category-news category-21\" data-name=\"Children at greater risk of online abuse unless UK matches EU funding, say experts\" data-date=\"2020-11-24T12:15:22+02:00\">\n\n<div class=\"post-thumbnail-wrap\">\n\t<div class=\"post-thumbnail\">\n\t\t\n\t\t\n\t\t<a href=\"https:\/\/web.escudoweb.com\/index.php\/children-at-greater-risk-of-online-abuse-unless-uk-matches-eu-funding-say-experts\/\" class=\"post-thumbnail-rollover layzr-bg\" ><img decoding=\"async\" class=\"preload-me owl-lazy-load aspect\" src=\"data:image\/svg+xml,%3Csvg%20xmlns%3D&#39;http%3A%2F%2Fwww.w3.org%2F2000%2Fsvg&#39;%20viewBox%3D&#39;0%200%20768%20512&#39;%2F%3E\" data-src=\"https:\/\/web.escudoweb.com\/wp-content\/uploads\/2020\/11\/GettyImages-1208026475-768x512.jpg\" data-srcset=\"https:\/\/web.escudoweb.com\/wp-content\/uploads\/2020\/11\/GettyImages-1208026475-768x512.jpg 768w, https:\/\/web.escudoweb.com\/wp-content\/uploads\/2020\/11\/GettyImages-1208026475-988x659.jpg 988w\" loading=\"eager\" style=\"--ratio: 768 \/ 512\" sizes=\"(max-width: 768px) 100vw, 768px\" alt=\"\" title=\"GettyImages-1208026475\" width=\"768\" height=\"512\"  \/><\/a>\t<\/div>\n<\/div>\n\n\n<div class=\"post-entry-content\">\n\t<div class=\"post-entry-wrapper\">\n\t\t\t\t<h3 class=\"entry-title\">\n\t\t\t<a href=\"https:\/\/web.escudoweb.com\/index.php\/children-at-greater-risk-of-online-abuse-unless-uk-matches-eu-funding-say-experts\/\" title=\"Children at greater risk of online abuse unless UK matches EU funding, say experts\" rel=\"bookmark\">Children at greater risk of online abuse unless UK matches EU funding, say experts<\/a>\n\t\t<\/h3>\n\n\t\t<div class=\"entry-meta\"><a href=\"https:\/\/web.escudoweb.com\/index.php\/2020\/11\/24\/\" title=\"12:15\" class=\"data-link\" rel=\"bookmark\"><time class=\"entry-date updated\" datetime=\"2020-11-24T12:15:22+02:00\">24 noviembre 2020<\/time><\/a><\/div>\n\t\t<div class=\"entry-excerpt\"><p>[vc_row][vc_column][vc_column_text]Brexit will affect business and logistics between the UK and the EU, but the impact will go beyond this. Lockdown&hellip;<\/p>\n<\/div>\n\t\t\n<a href=\"https:\/\/web.escudoweb.com\/index.php\/children-at-greater-risk-of-online-abuse-unless-uk-matches-eu-funding-say-experts\/\" class=\"dt-btn-s dt-btn post-details details-type-btn\" aria-label=\"Read more about Children at greater risk of online abuse unless UK matches EU funding, say experts\">Read more<i class=\"dt-icon-the7-arrow-03\" aria-hidden=\"true\"><\/i><\/a>\n\n\t<\/div>\n<\/div><\/article><article class=\"post post-2366 type-post status-publish format-standard has-post-thumbnail hentry category-news category-21\" data-name=\"Children\u2019s mental health improved after return to school, Oxford University study finds\" data-date=\"2020-11-23T12:20:14+02:00\">\n\n<div class=\"post-thumbnail-wrap\">\n\t<div class=\"post-thumbnail\">\n\t\t\n\t\t\n\t\t<a href=\"https:\/\/web.escudoweb.com\/index.php\/childrens-mental-health-improved-after-return-to-school-oxford-university-study-finds\/\" class=\"post-thumbnail-rollover layzr-bg\" ><img decoding=\"async\" class=\"preload-me owl-lazy-load aspect\" src=\"data:image\/svg+xml,%3Csvg%20xmlns%3D&#39;http%3A%2F%2Fwww.w3.org%2F2000%2Fsvg&#39;%20viewBox%3D&#39;0%200%20768%20512&#39;%2F%3E\" data-src=\"https:\/\/web.escudoweb.com\/wp-content\/uploads\/2020\/11\/TELEMMGLPICT000231417883_trans_NvBQzQNjv4BqpVlberWd9EgFPZtcLiMQfyf2A9a6I9YchsjMeADBa08-768x512.jpeg\" data-srcset=\"https:\/\/web.escudoweb.com\/wp-content\/uploads\/2020\/11\/TELEMMGLPICT000231417883_trans_NvBQzQNjv4BqpVlberWd9EgFPZtcLiMQfyf2A9a6I9YchsjMeADBa08-768x512.jpeg 768w, https:\/\/web.escudoweb.com\/wp-content\/uploads\/2020\/11\/TELEMMGLPICT000231417883_trans_NvBQzQNjv4BqpVlberWd9EgFPZtcLiMQfyf2A9a6I9YchsjMeADBa08-1152x768.jpeg 1152w\" loading=\"eager\" style=\"--ratio: 768 \/ 512\" sizes=\"(max-width: 768px) 100vw, 768px\" alt=\"\" title=\"TELEMMGLPICT000231417883_trans_NvBQzQNjv4BqpVlberWd9EgFPZtcLiMQfyf2A9a6I9YchsjMeADBa08\" width=\"768\" height=\"512\"  \/><\/a>\t<\/div>\n<\/div>\n\n\n<div class=\"post-entry-content\">\n\t<div class=\"post-entry-wrapper\">\n\t\t\t\t<h3 class=\"entry-title\">\n\t\t\t<a href=\"https:\/\/web.escudoweb.com\/index.php\/childrens-mental-health-improved-after-return-to-school-oxford-university-study-finds\/\" title=\"Children\u2019s mental health improved after return to school, Oxford University study finds\" rel=\"bookmark\">Children\u2019s mental health improved after return to school, Oxford University study finds<\/a>\n\t\t<\/h3>\n\n\t\t<div class=\"entry-meta\"><a href=\"https:\/\/web.escudoweb.com\/index.php\/2020\/11\/23\/\" title=\"12:20\" class=\"data-link\" rel=\"bookmark\"><time class=\"entry-date updated\" datetime=\"2020-11-23T12:20:14+02:00\">23 noviembre 2020<\/time><\/a><\/div>\n\t\t<div class=\"entry-excerpt\"><p>[vc_row][vc_column][vc_column_text]Lockdown across the world has hit people in different ways, depending on their age, and many other social factors. However,&hellip;<\/p>\n<\/div>\n\t\t\n<a href=\"https:\/\/web.escudoweb.com\/index.php\/childrens-mental-health-improved-after-return-to-school-oxford-university-study-finds\/\" class=\"dt-btn-s dt-btn post-details details-type-btn\" aria-label=\"Read more about Children\u2019s mental health improved after return to school, Oxford University study finds\">Read more<i class=\"dt-icon-the7-arrow-03\" aria-hidden=\"true\"><\/i><\/a>\n\n\t<\/div>\n<\/div><\/article><article class=\"post post-2355 type-post status-publish format-standard has-post-thumbnail hentry category-news category-21\" data-name=\"Shutting schools increases Covid-19 deaths, study finds\" data-date=\"2020-11-20T08:42:12+02:00\">\n\n<div class=\"post-thumbnail-wrap\">\n\t<div class=\"post-thumbnail\">\n\t\t\n\t\t\n\t\t<a href=\"https:\/\/web.escudoweb.com\/index.php\/shutting-schools-increases-covid-19-deaths-study-finds\/\" class=\"post-thumbnail-rollover layzr-bg\" ><img decoding=\"async\" class=\"preload-me owl-lazy-load aspect\" src=\"data:image\/svg+xml,%3Csvg%20xmlns%3D&#39;http%3A%2F%2Fwww.w3.org%2F2000%2Fsvg&#39;%20viewBox%3D&#39;0%200%20480%20320&#39;%2F%3E\" data-src=\"https:\/\/web.escudoweb.com\/wp-content\/uploads\/2020\/11\/school_closure-getty_images-credit_ayman_haykal-480x320.jpg\" data-srcset=\"https:\/\/web.escudoweb.com\/wp-content\/uploads\/2020\/11\/school_closure-getty_images-credit_ayman_haykal-480x320.jpg 480w\" loading=\"eager\" style=\"--ratio: 480 \/ 320\" sizes=\"(max-width: 480px) 100vw, 480px\" alt=\"\" title=\"school_closure-getty_images-credit_ayman_haykal\" width=\"480\" height=\"320\"  \/><\/a>\t<\/div>\n<\/div>\n\n\n<div class=\"post-entry-content\">\n\t<div class=\"post-entry-wrapper\">\n\t\t\t\t<h3 class=\"entry-title\">\n\t\t\t<a href=\"https:\/\/web.escudoweb.com\/index.php\/shutting-schools-increases-covid-19-deaths-study-finds\/\" title=\"Shutting schools increases Covid-19 deaths, study finds\" rel=\"bookmark\">Shutting schools increases Covid-19 deaths, study finds<\/a>\n\t\t<\/h3>\n\n\t\t<div class=\"entry-meta\"><a href=\"https:\/\/web.escudoweb.com\/index.php\/2020\/11\/20\/\" title=\"08:42\" class=\"data-link\" rel=\"bookmark\"><time class=\"entry-date updated\" datetime=\"2020-11-20T08:42:12+02:00\">20 noviembre 2020<\/time><\/a><\/div>\n\t\t<div class=\"entry-excerpt\"><p>[vc_row][vc_column][vc_column_text]Despite mounting evidence supporting the case, there are still many countries and governments that believe that with increasing Covid infections&hellip;<\/p>\n<\/div>\n\t\t\n<a href=\"https:\/\/web.escudoweb.com\/index.php\/shutting-schools-increases-covid-19-deaths-study-finds\/\" class=\"dt-btn-s dt-btn post-details details-type-btn\" aria-label=\"Read more about Shutting schools increases Covid-19 deaths, study finds\">Read more<i class=\"dt-icon-the7-arrow-03\" aria-hidden=\"true\"><\/i><\/a>\n\n\t<\/div>\n<\/div><\/article><article class=\"post post-2351 type-post status-publish format-standard has-post-thumbnail hentry category-news category-21\" data-name=\"The importance of investing in the wellbeing of children to avert the learning crisis\" data-date=\"2020-11-19T16:02:21+02:00\">\n\n<div class=\"post-thumbnail-wrap\">\n\t<div class=\"post-thumbnail\">\n\t\t\n\t\t\n\t\t<a href=\"https:\/\/web.escudoweb.com\/index.php\/the-importance-of-investing-in-the-wellbeing-of-children-to-avert-the-learning-crisis\/\" class=\"post-thumbnail-rollover layzr-bg\" ><img decoding=\"async\" class=\"preload-me owl-lazy-load aspect\" src=\"data:image\/svg+xml,%3Csvg%20xmlns%3D&#39;http%3A%2F%2Fwww.w3.org%2F2000%2Fsvg&#39;%20viewBox%3D&#39;0%200%20552%20368&#39;%2F%3E\" data-src=\"https:\/\/web.escudoweb.com\/wp-content\/uploads\/2020\/11\/un_calls_for_greater_support_for_school_health_and_nutrition-c-wfp-jessica_lawson-552x368.jpg\" data-srcset=\"https:\/\/web.escudoweb.com\/wp-content\/uploads\/2020\/11\/un_calls_for_greater_support_for_school_health_and_nutrition-c-wfp-jessica_lawson-552x368.jpg 552w\" loading=\"eager\" style=\"--ratio: 552 \/ 368\" sizes=\"(max-width: 552px) 100vw, 552px\" alt=\"\" title=\"un_calls_for_greater_support_for_school_health_and_nutrition-c-wfp-jessica_lawson\" width=\"552\" height=\"368\"  \/><\/a>\t<\/div>\n<\/div>\n\n\n<div class=\"post-entry-content\">\n\t<div class=\"post-entry-wrapper\">\n\t\t\t\t<h3 class=\"entry-title\">\n\t\t\t<a href=\"https:\/\/web.escudoweb.com\/index.php\/the-importance-of-investing-in-the-wellbeing-of-children-to-avert-the-learning-crisis\/\" title=\"The importance of investing in the wellbeing of children to avert the learning crisis\" rel=\"bookmark\">The importance of investing in the wellbeing of children to avert the learning crisis<\/a>\n\t\t<\/h3>\n\n\t\t<div class=\"entry-meta\"><a href=\"https:\/\/web.escudoweb.com\/index.php\/2020\/11\/19\/\" title=\"16:02\" class=\"data-link\" rel=\"bookmark\"><time class=\"entry-date updated\" datetime=\"2020-11-19T16:02:21+02:00\">19 noviembre 2020<\/time><\/a><\/div>\n\t\t<div class=\"entry-excerpt\"><p>[vc_row][vc_column][vc_column_text]A recent position paper by UNESCO, UNICEF, WHO and WFP was published focusing on the importance of investing in the&hellip;<\/p>\n<\/div>\n\t\t\n<a href=\"https:\/\/web.escudoweb.com\/index.php\/the-importance-of-investing-in-the-wellbeing-of-children-to-avert-the-learning-crisis\/\" class=\"dt-btn-s dt-btn post-details details-type-btn\" aria-label=\"Read more about The importance of investing in the wellbeing of children to avert the learning crisis\">Read more<i class=\"dt-icon-the7-arrow-03\" aria-hidden=\"true\"><\/i><\/a>\n\n\t<\/div>\n<\/div><\/article><article class=\"post post-2348 type-post status-publish format-standard has-post-thumbnail hentry category-news category-21\" data-name=\"Tech me as I am\" data-date=\"2020-11-18T14:19:08+02:00\">\n\n<div class=\"post-thumbnail-wrap\">\n\t<div class=\"post-thumbnail\">\n\t\t\n\t\t\n\t\t<a href=\"https:\/\/web.escudoweb.com\/index.php\/tech-me-as-i-am\/\" class=\"post-thumbnail-rollover layzr-bg\" ><img decoding=\"async\" class=\"preload-me owl-lazy-load aspect\" src=\"data:image\/svg+xml,%3Csvg%20xmlns%3D&#39;http%3A%2F%2Fwww.w3.org%2F2000%2Fsvg&#39;%20viewBox%3D&#39;0%200%20768%20512&#39;%2F%3E\" data-src=\"https:\/\/web.escudoweb.com\/wp-content\/uploads\/2020\/11\/174-scaled-768x512.jpg\" data-srcset=\"https:\/\/web.escudoweb.com\/wp-content\/uploads\/2020\/11\/174-scaled-768x512.jpg 768w, https:\/\/web.escudoweb.com\/wp-content\/uploads\/2020\/11\/174-scaled-1152x768.jpg 1152w\" loading=\"eager\" style=\"--ratio: 768 \/ 512\" sizes=\"(max-width: 768px) 100vw, 768px\" alt=\"\" title=\"174-scaled\" width=\"768\" height=\"512\"  \/><\/a>\t<\/div>\n<\/div>\n\n\n<div class=\"post-entry-content\">\n\t<div class=\"post-entry-wrapper\">\n\t\t\t\t<h3 class=\"entry-title\">\n\t\t\t<a href=\"https:\/\/web.escudoweb.com\/index.php\/tech-me-as-i-am\/\" title=\"Tech me as I am\" rel=\"bookmark\">Tech me as I am<\/a>\n\t\t<\/h3>\n\n\t\t<div class=\"entry-meta\"><a href=\"https:\/\/web.escudoweb.com\/index.php\/2020\/11\/18\/\" title=\"14:19\" class=\"data-link\" rel=\"bookmark\"><time class=\"entry-date updated\" datetime=\"2020-11-18T14:19:08+02:00\">18 noviembre 2020<\/time><\/a><\/div>\n\t\t<div class=\"entry-excerpt\"><p>[vc_row][vc_column][vc_column_text]It is fair to conclude that without technology the last six months\u00b4 worth of school would have been very difficult,&hellip;<\/p>\n<\/div>\n\t\t\n<a href=\"https:\/\/web.escudoweb.com\/index.php\/tech-me-as-i-am\/\" class=\"dt-btn-s dt-btn post-details details-type-btn\" aria-label=\"Read more about Tech me as I am\">Read more<i class=\"dt-icon-the7-arrow-03\" aria-hidden=\"true\"><\/i><\/a>\n\n\t<\/div>\n<\/div><\/article><article class=\"post post-2345 type-post status-publish format-standard has-post-thumbnail hentry category-news category-21\" data-name=\"The Impact of Artificial Intelligence on Education\" data-date=\"2020-11-17T15:54:20+02:00\">\n\n<div class=\"post-thumbnail-wrap\">\n\t<div class=\"post-thumbnail\">\n\t\t\n\t\t\n\t\t<a href=\"https:\/\/web.escudoweb.com\/index.php\/the-impact-of-artificial-intelligence-on-education\/\" class=\"post-thumbnail-rollover layzr-bg\" ><img decoding=\"async\" class=\"preload-me owl-lazy-load aspect\" src=\"data:image\/svg+xml,%3Csvg%20xmlns%3D&#39;http%3A%2F%2Fwww.w3.org%2F2000%2Fsvg&#39;%20viewBox%3D&#39;0%200%20768%20512&#39;%2F%3E\" data-src=\"https:\/\/web.escudoweb.com\/wp-content\/uploads\/2020\/11\/960x0-1-768x512.jpg\" data-srcset=\"https:\/\/web.escudoweb.com\/wp-content\/uploads\/2020\/11\/960x0-1-768x512.jpg 768w, https:\/\/web.escudoweb.com\/wp-content\/uploads\/2020\/11\/960x0-1.jpg 960w\" loading=\"eager\" style=\"--ratio: 768 \/ 512\" sizes=\"(max-width: 768px) 100vw, 768px\" alt=\"\" title=\"960&#215;0 (1)\" width=\"768\" height=\"512\"  \/><\/a>\t<\/div>\n<\/div>\n\n\n<div class=\"post-entry-content\">\n\t<div class=\"post-entry-wrapper\">\n\t\t\t\t<h3 class=\"entry-title\">\n\t\t\t<a href=\"https:\/\/web.escudoweb.com\/index.php\/the-impact-of-artificial-intelligence-on-education\/\" title=\"The Impact of Artificial Intelligence on Education\" rel=\"bookmark\">The Impact of Artificial Intelligence on Education<\/a>\n\t\t<\/h3>\n\n\t\t<div class=\"entry-meta\"><a href=\"https:\/\/web.escudoweb.com\/index.php\/2020\/11\/17\/\" title=\"15:54\" class=\"data-link\" rel=\"bookmark\"><time class=\"entry-date updated\" datetime=\"2020-11-17T15:54:20+02:00\">17 noviembre 2020<\/time><\/a><\/div>\n\t\t<div class=\"entry-excerpt\"><p>[vc_row][vc_column][vc_column_text]While Artificial Intelligence (AI) has been gaining ground in our vocabulary and understanding &#8211; it is in everything from our&hellip;<\/p>\n<\/div>\n\t\t\n<a href=\"https:\/\/web.escudoweb.com\/index.php\/the-impact-of-artificial-intelligence-on-education\/\" class=\"dt-btn-s dt-btn post-details details-type-btn\" aria-label=\"Read more about The Impact of Artificial Intelligence on Education\">Read more<i class=\"dt-icon-the7-arrow-03\" aria-hidden=\"true\"><\/i><\/a>\n\n\t<\/div>\n<\/div><\/article><article class=\"post post-2342 type-post status-publish format-standard has-post-thumbnail hentry category-news category-21\" data-name=\"\u00bfCrees que tu hijo est\u00e1 \u2018enganchado\u2019 al m\u00f3vil? \u00a1Responde al cuestionario!\" data-date=\"2020-11-16T13:28:21+02:00\">\n\n<div class=\"post-thumbnail-wrap\">\n\t<div class=\"post-thumbnail\">\n\t\t\n\t\t\n\t\t<a href=\"https:\/\/web.escudoweb.com\/index.php\/crees-que-tu-hijo-esta-enganchado-al-movil-responde-al-cuestionario\/\" class=\"post-thumbnail-rollover layzr-bg\" ><img decoding=\"async\" class=\"preload-me owl-lazy-load aspect\" src=\"data:image\/svg+xml,%3Csvg%20xmlns%3D&#39;http%3A%2F%2Fwww.w3.org%2F2000%2Fsvg&#39;%20viewBox%3D&#39;0%200%20696%20464&#39;%2F%3E\" data-src=\"https:\/\/web.escudoweb.com\/wp-content\/uploads\/2020\/11\/adiccion-movil-696x595-696x464.jpg\" data-srcset=\"https:\/\/web.escudoweb.com\/wp-content\/uploads\/2020\/11\/adiccion-movil-696x595-696x464.jpg 696w\" loading=\"eager\" style=\"--ratio: 696 \/ 464\" sizes=\"(max-width: 696px) 100vw, 696px\" alt=\"\" title=\"adiccion-movil-696&#215;595\" width=\"696\" height=\"464\"  \/><\/a>\t<\/div>\n<\/div>\n\n\n<div class=\"post-entry-content\">\n\t<div class=\"post-entry-wrapper\">\n\t\t\t\t<h3 class=\"entry-title\">\n\t\t\t<a href=\"https:\/\/web.escudoweb.com\/index.php\/crees-que-tu-hijo-esta-enganchado-al-movil-responde-al-cuestionario\/\" title=\"\u00bfCrees que tu hijo est\u00e1 \u2018enganchado\u2019 al m\u00f3vil? \u00a1Responde al cuestionario!\" rel=\"bookmark\">\u00bfCrees que tu hijo est\u00e1 \u2018enganchado\u2019 al m\u00f3vil? \u00a1Responde al cuestionario!<\/a>\n\t\t<\/h3>\n\n\t\t<div class=\"entry-meta\"><a href=\"https:\/\/web.escudoweb.com\/index.php\/2020\/11\/16\/\" title=\"13:28\" class=\"data-link\" rel=\"bookmark\"><time class=\"entry-date updated\" datetime=\"2020-11-16T13:28:21+02:00\">16 noviembre 2020<\/time><\/a><\/div>\n\t\t<div class=\"entry-excerpt\"><p>[vc_row][vc_column][vc_column_text]Seg\u00fan el informe digital 2020 de \u2018Hootsuite\u2019 y \u2018We are digital\u2019, pasamos una media de 6 horas y 43 minutos&hellip;<\/p>\n<\/div>\n\t\t\n<a href=\"https:\/\/web.escudoweb.com\/index.php\/crees-que-tu-hijo-esta-enganchado-al-movil-responde-al-cuestionario\/\" class=\"dt-btn-s dt-btn post-details details-type-btn\" aria-label=\"Read more about \u00bfCrees que tu hijo est\u00e1 \u2018enganchado\u2019 al m\u00f3vil? \u00a1Responde al cuestionario!\">Read more<i class=\"dt-icon-the7-arrow-03\" aria-hidden=\"true\"><\/i><\/a>\n\n\t<\/div>\n<\/div><\/article><article class=\"post post-2339 type-post status-publish format-standard has-post-thumbnail hentry category-news category-21\" data-name=\"How teachers can harness the power of positivity\" data-date=\"2020-11-13T12:59:49+02:00\">\n\n<div class=\"post-thumbnail-wrap\">\n\t<div class=\"post-thumbnail\">\n\t\t\n\t\t\n\t\t<a href=\"https:\/\/web.escudoweb.com\/index.php\/how-teachers-can-harness-the-power-of-positivity\/\" class=\"post-thumbnail-rollover layzr-bg\" ><img decoding=\"async\" class=\"preload-me owl-lazy-load aspect\" src=\"data:image\/svg+xml,%3Csvg%20xmlns%3D&#39;http%3A%2F%2Fwww.w3.org%2F2000%2Fsvg&#39;%20viewBox%3D&#39;0%200%20595%20397&#39;%2F%3E\" data-src=\"https:\/\/web.escudoweb.com\/wp-content\/uploads\/2020\/11\/smile-595x397.png\" data-srcset=\"https:\/\/web.escudoweb.com\/wp-content\/uploads\/2020\/11\/smile-595x397.png 595w\" loading=\"eager\" style=\"--ratio: 595 \/ 397\" sizes=\"(max-width: 595px) 100vw, 595px\" alt=\"\" title=\"smile\" width=\"595\" height=\"397\"  \/><\/a>\t<\/div>\n<\/div>\n\n\n<div class=\"post-entry-content\">\n\t<div class=\"post-entry-wrapper\">\n\t\t\t\t<h3 class=\"entry-title\">\n\t\t\t<a href=\"https:\/\/web.escudoweb.com\/index.php\/how-teachers-can-harness-the-power-of-positivity\/\" title=\"How teachers can harness the power of positivity\" rel=\"bookmark\">How teachers can harness the power of positivity<\/a>\n\t\t<\/h3>\n\n\t\t<div class=\"entry-meta\"><a href=\"https:\/\/web.escudoweb.com\/index.php\/2020\/11\/13\/\" title=\"12:59\" class=\"data-link\" rel=\"bookmark\"><time class=\"entry-date updated\" datetime=\"2020-11-13T12:59:49+02:00\">13 noviembre 2020<\/time><\/a><\/div>\n\t\t<div class=\"entry-excerpt\"><p>[vc_row][vc_column][vc_column_text]There is a very interesting ongoing debate (propounded by @Dr Tomas Chamorro-Premuzic in his book) about competence vs confidence. In&hellip;<\/p>\n<\/div>\n\t\t\n<a href=\"https:\/\/web.escudoweb.com\/index.php\/how-teachers-can-harness-the-power-of-positivity\/\" class=\"dt-btn-s dt-btn post-details details-type-btn\" aria-label=\"Read more about How teachers can harness the power of positivity\">Read more<i class=\"dt-icon-the7-arrow-03\" aria-hidden=\"true\"><\/i><\/a>\n\n\t<\/div>\n<\/div><\/article><article class=\"post post-2335 type-post status-publish format-standard has-post-thumbnail hentry category-news category-21\" data-name=\"Children in poorest countries lost nearly four months of schooling since start of pandemic\" data-date=\"2020-11-12T10:50:44+02:00\">\n\n<div class=\"post-thumbnail-wrap\">\n\t<div class=\"post-thumbnail\">\n\t\t\n\t\t\n\t\t<a href=\"https:\/\/web.escudoweb.com\/index.php\/children-in-poorest-countries-lost-nearly-four-months-of-schooling-since-start-of-pandemic\/\" class=\"post-thumbnail-rollover layzr-bg\" ><img decoding=\"async\" class=\"preload-me owl-lazy-load aspect\" src=\"data:image\/svg+xml,%3Csvg%20xmlns%3D&#39;http%3A%2F%2Fwww.w3.org%2F2000%2Fsvg&#39;%20viewBox%3D&#39;0%200%20537%20358&#39;%2F%3E\" data-src=\"https:\/\/web.escudoweb.com\/wp-content\/uploads\/2020\/11\/infocus_pandemic_schooling_mask02-537x358.jpg\" data-srcset=\"https:\/\/web.escudoweb.com\/wp-content\/uploads\/2020\/11\/infocus_pandemic_schooling_mask02-537x358.jpg 537w\" loading=\"eager\" style=\"--ratio: 537 \/ 358\" sizes=\"(max-width: 537px) 100vw, 537px\" alt=\"\" title=\"infocus_pandemic_schooling_mask02\" width=\"537\" height=\"358\"  \/><\/a>\t<\/div>\n<\/div>\n\n\n<div class=\"post-entry-content\">\n\t<div class=\"post-entry-wrapper\">\n\t\t\t\t<h3 class=\"entry-title\">\n\t\t\t<a href=\"https:\/\/web.escudoweb.com\/index.php\/children-in-poorest-countries-lost-nearly-four-months-of-schooling-since-start-of-pandemic\/\" title=\"Children in poorest countries lost nearly four months of schooling since start of pandemic\" rel=\"bookmark\">Children in poorest countries lost nearly four months of schooling since start of pandemic<\/a>\n\t\t<\/h3>\n\n\t\t<div class=\"entry-meta\"><a href=\"https:\/\/web.escudoweb.com\/index.php\/2020\/11\/12\/\" title=\"10:50\" class=\"data-link\" rel=\"bookmark\"><time class=\"entry-date updated\" datetime=\"2020-11-12T10:50:44+02:00\">12 noviembre 2020<\/time><\/a><\/div>\n\t\t<div class=\"entry-excerpt\"><p>[vc_row][vc_column][vc_column_text]The losses in terms of education equivalence vary depending on whether countries are poor or rich. According to a new&hellip;<\/p>\n<\/div>\n\t\t\n<a href=\"https:\/\/web.escudoweb.com\/index.php\/children-in-poorest-countries-lost-nearly-four-months-of-schooling-since-start-of-pandemic\/\" class=\"dt-btn-s dt-btn post-details details-type-btn\" aria-label=\"Read more about Children in poorest countries lost nearly four months of schooling since start of pandemic\">Read more<i class=\"dt-icon-the7-arrow-03\" aria-hidden=\"true\"><\/i><\/a>\n\n\t<\/div>\n<\/div><\/article><article class=\"post post-2329 type-post status-publish format-standard has-post-thumbnail hentry category-news category-21\" data-name=\"Escudo Web Software featured in the latest newsletter of The Safeguarding Alliance\" data-date=\"2020-11-11T09:42:26+02:00\">\n\n<div class=\"post-thumbnail-wrap\">\n\t<div class=\"post-thumbnail\">\n\t\t\n\t\t\n\t\t<a href=\"https:\/\/web.escudoweb.com\/index.php\/escudo-web-software-featured-in-the-latest-newsletter-of-the-safeguarding-alliance\/\" class=\"post-thumbnail-rollover layzr-bg\" ><img decoding=\"async\" class=\"preload-me owl-lazy-load aspect\" src=\"data:image\/svg+xml,%3Csvg%20xmlns%3D&#39;http%3A%2F%2Fwww.w3.org%2F2000%2Fsvg&#39;%20viewBox%3D&#39;0%200%20700%20466&#39;%2F%3E\" data-src=\"https:\/\/web.escudoweb.com\/wp-content\/uploads\/2020\/11\/image-1-700x466.jpg\" data-srcset=\"https:\/\/web.escudoweb.com\/wp-content\/uploads\/2020\/11\/image-1-700x466.jpg 700w\" loading=\"eager\" style=\"--ratio: 700 \/ 466\" sizes=\"(max-width: 700px) 100vw, 700px\" alt=\"\" title=\"image (1)\" width=\"700\" height=\"466\"  \/><\/a>\t<\/div>\n<\/div>\n\n\n<div class=\"post-entry-content\">\n\t<div class=\"post-entry-wrapper\">\n\t\t\t\t<h3 class=\"entry-title\">\n\t\t\t<a href=\"https:\/\/web.escudoweb.com\/index.php\/escudo-web-software-featured-in-the-latest-newsletter-of-the-safeguarding-alliance\/\" title=\"Escudo Web Software featured in the latest newsletter of The Safeguarding Alliance\" rel=\"bookmark\">Escudo Web Software featured in the latest newsletter of The Safeguarding Alliance<\/a>\n\t\t<\/h3>\n\n\t\t<div class=\"entry-meta\"><a href=\"https:\/\/web.escudoweb.com\/index.php\/2020\/11\/11\/\" title=\"09:42\" class=\"data-link\" rel=\"bookmark\"><time class=\"entry-date updated\" datetime=\"2020-11-11T09:42:26+02:00\">11 noviembre 2020<\/time><\/a><\/div>\n\t\t<div class=\"entry-excerpt\"><p>[vc_row][vc_column][vc_column_text]As a keen supporter of organisations who have the same goal as us &#8211; safeguarding children in all aspects &#8211;&hellip;<\/p>\n<\/div>\n\t\t\n<a href=\"https:\/\/web.escudoweb.com\/index.php\/escudo-web-software-featured-in-the-latest-newsletter-of-the-safeguarding-alliance\/\" class=\"dt-btn-s dt-btn post-details details-type-btn\" aria-label=\"Read more about Escudo Web Software featured in the latest newsletter of The Safeguarding Alliance\">Read more<i class=\"dt-icon-the7-arrow-03\" aria-hidden=\"true\"><\/i><\/a>\n\n\t<\/div>\n<\/div><\/article><article class=\"post post-2326 type-post status-publish format-standard has-post-thumbnail hentry category-news category-21\" data-name=\"The Guardian view on keeping schools open: not an open and shut case\" data-date=\"2020-11-10T07:28:10+02:00\">\n\n<div class=\"post-thumbnail-wrap\">\n\t<div class=\"post-thumbnail\">\n\t\t\n\t\t\n\t\t<a href=\"https:\/\/web.escudoweb.com\/index.php\/the-guardian-view-on-keeping-schools-open-not-an-open-and-shut-case\/\" class=\"post-thumbnail-rollover layzr-bg\" ><img decoding=\"async\" class=\"preload-me owl-lazy-load aspect\" src=\"data:image\/svg+xml,%3Csvg%20xmlns%3D&#39;http%3A%2F%2Fwww.w3.org%2F2000%2Fsvg&#39;%20viewBox%3D&#39;0%200%20768%20512&#39;%2F%3E\" data-src=\"https:\/\/web.escudoweb.com\/wp-content\/uploads\/2020\/11\/6720-768x512.jpg\" data-srcset=\"https:\/\/web.escudoweb.com\/wp-content\/uploads\/2020\/11\/6720-768x512.jpg 768w, https:\/\/web.escudoweb.com\/wp-content\/uploads\/2020\/11\/6720-1152x768.jpg 1152w\" loading=\"eager\" style=\"--ratio: 768 \/ 512\" sizes=\"(max-width: 768px) 100vw, 768px\" alt=\"\" title=\"6720\" width=\"768\" height=\"512\"  \/><\/a>\t<\/div>\n<\/div>\n\n\n<div class=\"post-entry-content\">\n\t<div class=\"post-entry-wrapper\">\n\t\t\t\t<h3 class=\"entry-title\">\n\t\t\t<a href=\"https:\/\/web.escudoweb.com\/index.php\/the-guardian-view-on-keeping-schools-open-not-an-open-and-shut-case\/\" title=\"The Guardian view on keeping schools open: not an open and shut case\" rel=\"bookmark\">The Guardian view on keeping schools open: not an open and shut case<\/a>\n\t\t<\/h3>\n\n\t\t<div class=\"entry-meta\"><a href=\"https:\/\/web.escudoweb.com\/index.php\/2020\/11\/10\/\" title=\"07:28\" class=\"data-link\" rel=\"bookmark\"><time class=\"entry-date updated\" datetime=\"2020-11-10T07:28:10+02:00\">10 noviembre 2020<\/time><\/a><\/div>\n\t\t<div class=\"entry-excerpt\"><p>[vc_row][vc_column][vc_column_text]New concerns arise every day in our continually changing new normal that we have to learn to live with. One&hellip;<\/p>\n<\/div>\n\t\t\n<a href=\"https:\/\/web.escudoweb.com\/index.php\/the-guardian-view-on-keeping-schools-open-not-an-open-and-shut-case\/\" class=\"dt-btn-s dt-btn post-details details-type-btn\" aria-label=\"Read more about The Guardian view on keeping schools open: not an open and shut case\">Read more<i class=\"dt-icon-the7-arrow-03\" aria-hidden=\"true\"><\/i><\/a>\n\n\t<\/div>\n<\/div><\/article><article class=\"post post-2323 type-post status-publish format-standard has-post-thumbnail hentry category-news category-21\" data-name=\"Could you cope teaching a class full of masked pupils?\" data-date=\"2020-11-09T11:59:16+02:00\">\n\n<div class=\"post-thumbnail-wrap\">\n\t<div class=\"post-thumbnail\">\n\t\t\n\t\t\n\t\t<a href=\"https:\/\/web.escudoweb.com\/index.php\/could-you-cope-teaching-a-class-full-of-masked-pupils\/\" class=\"post-thumbnail-rollover layzr-bg\" ><img decoding=\"async\" class=\"preload-me owl-lazy-load aspect\" src=\"data:image\/svg+xml,%3Csvg%20xmlns%3D&#39;http%3A%2F%2Fwww.w3.org%2F2000%2Fsvg&#39;%20viewBox%3D&#39;0%200%20595%20397&#39;%2F%3E\" data-src=\"https:\/\/web.escudoweb.com\/wp-content\/uploads\/2020\/11\/iStock-1224920711-595x397.jpg\" data-srcset=\"https:\/\/web.escudoweb.com\/wp-content\/uploads\/2020\/11\/iStock-1224920711-595x397.jpg 595w\" loading=\"eager\" style=\"--ratio: 595 \/ 397\" sizes=\"(max-width: 595px) 100vw, 595px\" alt=\"\" title=\"iStock-1224920711\" width=\"595\" height=\"397\"  \/><\/a>\t<\/div>\n<\/div>\n\n\n<div class=\"post-entry-content\">\n\t<div class=\"post-entry-wrapper\">\n\t\t\t\t<h3 class=\"entry-title\">\n\t\t\t<a href=\"https:\/\/web.escudoweb.com\/index.php\/could-you-cope-teaching-a-class-full-of-masked-pupils\/\" title=\"Could you cope teaching a class full of masked pupils?\" rel=\"bookmark\">Could you cope teaching a class full of masked pupils?<\/a>\n\t\t<\/h3>\n\n\t\t<div class=\"entry-meta\"><a href=\"https:\/\/web.escudoweb.com\/index.php\/2020\/11\/09\/\" title=\"11:59\" class=\"data-link\" rel=\"bookmark\"><time class=\"entry-date updated\" datetime=\"2020-11-09T11:59:16+02:00\">9 noviembre 2020<\/time><\/a><\/div>\n\t\t<div class=\"entry-excerpt\"><p>[vc_row][vc_column][vc_column_text]As each day passes and the pandemic situation gets worse, schools have, in many countries, been given a reprieve from&hellip;<\/p>\n<\/div>\n\t\t\n<a href=\"https:\/\/web.escudoweb.com\/index.php\/could-you-cope-teaching-a-class-full-of-masked-pupils\/\" class=\"dt-btn-s dt-btn post-details details-type-btn\" aria-label=\"Read more about Could you cope teaching a class full of masked pupils?\">Read more<i class=\"dt-icon-the7-arrow-03\" aria-hidden=\"true\"><\/i><\/a>\n\n\t<\/div>\n<\/div><\/article><article class=\"post post-2320 type-post status-publish format-standard has-post-thumbnail hentry category-news category-21\" data-name=\"IV Premio Pyme del A\u00f1o 2020\" data-date=\"2020-11-06T08:03:04+02:00\">\n\n<div class=\"post-thumbnail-wrap\">\n\t<div class=\"post-thumbnail\">\n\t\t\n\t\t\n\t\t<a href=\"https:\/\/web.escudoweb.com\/index.php\/iv-premio-pyme-del-ano-2020\/\" class=\"post-thumbnail-rollover layzr-bg\" ><img decoding=\"async\" class=\"preload-me owl-lazy-load aspect\" src=\"data:image\/svg+xml,%3Csvg%20xmlns%3D&#39;http%3A%2F%2Fwww.w3.org%2F2000%2Fsvg&#39;%20viewBox%3D&#39;0%200%20630%20419&#39;%2F%3E\" data-src=\"https:\/\/web.escudoweb.com\/wp-content\/uploads\/2020\/11\/toledo_banner_cce_mesa_de_trabajo_1-630x419.jpg\" data-srcset=\"https:\/\/web.escudoweb.com\/wp-content\/uploads\/2020\/11\/toledo_banner_cce_mesa_de_trabajo_1-630x419.jpg 630w, https:\/\/web.escudoweb.com\/wp-content\/uploads\/2020\/11\/toledo_banner_cce_mesa_de_trabajo_1-630x420.jpg 630w\" loading=\"eager\" style=\"--ratio: 630 \/ 419\" sizes=\"(max-width: 630px) 100vw, 630px\" alt=\"\" title=\"toledo_banner_cce_mesa_de_trabajo_1\" width=\"630\" height=\"419\"  \/><\/a>\t<\/div>\n<\/div>\n\n\n<div class=\"post-entry-content\">\n\t<div class=\"post-entry-wrapper\">\n\t\t\t\t<h3 class=\"entry-title\">\n\t\t\t<a href=\"https:\/\/web.escudoweb.com\/index.php\/iv-premio-pyme-del-ano-2020\/\" title=\"IV Premio Pyme del A\u00f1o 2020\" rel=\"bookmark\">IV Premio Pyme del A\u00f1o 2020<\/a>\n\t\t<\/h3>\n\n\t\t<div class=\"entry-meta\"><a href=\"https:\/\/web.escudoweb.com\/index.php\/2020\/11\/06\/\" title=\"08:03\" class=\"data-link\" rel=\"bookmark\"><time class=\"entry-date updated\" datetime=\"2020-11-06T08:03:04+02:00\">6 noviembre 2020<\/time><\/a><\/div>\n\t\t<div class=\"entry-excerpt\"><p>[vc_row][vc_column][vc_column_text]Escudo Web Software has again been recognised as a winning company, this time for the SME (PYME) of the year&hellip;<\/p>\n<\/div>\n\t\t\n<a href=\"https:\/\/web.escudoweb.com\/index.php\/iv-premio-pyme-del-ano-2020\/\" class=\"dt-btn-s dt-btn post-details details-type-btn\" aria-label=\"Read more about IV Premio Pyme del A\u00f1o 2020\">Read more<i class=\"dt-icon-the7-arrow-03\" aria-hidden=\"true\"><\/i><\/a>\n\n\t<\/div>\n<\/div><\/article><article class=\"post post-2316 type-post status-publish format-standard has-post-thumbnail hentry category-news category-21\" data-name=\"Schools plan for remote learning rotas as Covid disruption spreads\" data-date=\"2020-11-04T07:18:47+02:00\">\n\n<div class=\"post-thumbnail-wrap\">\n\t<div class=\"post-thumbnail\">\n\t\t\n\t\t\n\t\t<a href=\"https:\/\/web.escudoweb.com\/index.php\/schools-plan-for-remote-learning-rotas-as-covid-disruption-spreads\/\" class=\"post-thumbnail-rollover layzr-bg\" ><img decoding=\"async\" class=\"preload-me owl-lazy-load aspect\" src=\"data:image\/svg+xml,%3Csvg%20xmlns%3D&#39;http%3A%2F%2Fwww.w3.org%2F2000%2Fsvg&#39;%20viewBox%3D&#39;0%200%20768%20512&#39;%2F%3E\" data-src=\"https:\/\/web.escudoweb.com\/wp-content\/uploads\/2020\/11\/8a4c818f-d809-4170-8fb0-7d384cb3e91e-768x512.jpg\" data-srcset=\"https:\/\/web.escudoweb.com\/wp-content\/uploads\/2020\/11\/8a4c818f-d809-4170-8fb0-7d384cb3e91e-768x512.jpg 768w, https:\/\/web.escudoweb.com\/wp-content\/uploads\/2020\/11\/8a4c818f-d809-4170-8fb0-7d384cb3e91e-1152x768.jpg 1152w\" loading=\"eager\" style=\"--ratio: 768 \/ 512\" sizes=\"(max-width: 768px) 100vw, 768px\" alt=\"\" title=\"8a4c818f-d809-4170-8fb0-7d384cb3e91e\" width=\"768\" height=\"512\"  \/><\/a>\t<\/div>\n<\/div>\n\n\n<div class=\"post-entry-content\">\n\t<div class=\"post-entry-wrapper\">\n\t\t\t\t<h3 class=\"entry-title\">\n\t\t\t<a href=\"https:\/\/web.escudoweb.com\/index.php\/schools-plan-for-remote-learning-rotas-as-covid-disruption-spreads\/\" title=\"Schools plan for remote learning rotas as Covid disruption spreads\" rel=\"bookmark\">Schools plan for remote learning rotas as Covid disruption spreads<\/a>\n\t\t<\/h3>\n\n\t\t<div class=\"entry-meta\"><a href=\"https:\/\/web.escudoweb.com\/index.php\/2020\/11\/04\/\" title=\"07:18\" class=\"data-link\" rel=\"bookmark\"><time class=\"entry-date updated\" datetime=\"2020-11-04T07:18:47+02:00\">4 noviembre 2020<\/time><\/a><\/div>\n\t\t<div class=\"entry-excerpt\"><p>[vc_row][vc_column][vc_column_text]One of the major conclusions that we have from the last eight months of schooling is that there is a&hellip;<\/p>\n<\/div>\n\t\t\n<a href=\"https:\/\/web.escudoweb.com\/index.php\/schools-plan-for-remote-learning-rotas-as-covid-disruption-spreads\/\" class=\"dt-btn-s dt-btn post-details details-type-btn\" aria-label=\"Read more about Schools plan for remote learning rotas as Covid disruption spreads\">Read more<i class=\"dt-icon-the7-arrow-03\" aria-hidden=\"true\"><\/i><\/a>\n\n\t<\/div>\n<\/div><\/article><article class=\"post post-2313 type-post status-publish format-standard has-post-thumbnail hentry category-news category-21\" data-name=\"Teachers spend holiday tracking and tracing\" data-date=\"2020-11-03T06:40:58+02:00\">\n\n<div class=\"post-thumbnail-wrap\">\n\t<div class=\"post-thumbnail\">\n\t\t\n\t\t\n\t\t<a href=\"https:\/\/web.escudoweb.com\/index.php\/teachers-spend-holiday-tracking-and-tracing\/\" class=\"post-thumbnail-rollover layzr-bg\" ><img decoding=\"async\" class=\"preload-me owl-lazy-load aspect\" src=\"data:image\/svg+xml,%3Csvg%20xmlns%3D&#39;http%3A%2F%2Fwww.w3.org%2F2000%2Fsvg&#39;%20viewBox%3D&#39;0%200%20595%20397&#39;%2F%3E\" data-src=\"https:\/\/web.escudoweb.com\/wp-content\/uploads\/2020\/11\/iStock-1260383705-595x397.jpg\" data-srcset=\"https:\/\/web.escudoweb.com\/wp-content\/uploads\/2020\/11\/iStock-1260383705-595x397.jpg 595w\" loading=\"eager\" style=\"--ratio: 595 \/ 397\" sizes=\"(max-width: 595px) 100vw, 595px\" alt=\"\" title=\"iStock-1260383705\" width=\"595\" height=\"397\"  \/><\/a>\t<\/div>\n<\/div>\n\n\n<div class=\"post-entry-content\">\n\t<div class=\"post-entry-wrapper\">\n\t\t\t\t<h3 class=\"entry-title\">\n\t\t\t<a href=\"https:\/\/web.escudoweb.com\/index.php\/teachers-spend-holiday-tracking-and-tracing\/\" title=\"Teachers spend holiday tracking and tracing\" rel=\"bookmark\">Teachers spend holiday tracking and tracing<\/a>\n\t\t<\/h3>\n\n\t\t<div class=\"entry-meta\"><a href=\"https:\/\/web.escudoweb.com\/index.php\/2020\/11\/03\/\" title=\"06:40\" class=\"data-link\" rel=\"bookmark\"><time class=\"entry-date updated\" datetime=\"2020-11-03T06:40:58+02:00\">3 noviembre 2020<\/time><\/a><\/div>\n\t\t<div class=\"entry-excerpt\"><p>[vc_row][vc_column][vc_column_text]As parents our roles have changed from taxi driver to and from school for most of us, to chief of&hellip;<\/p>\n<\/div>\n\t\t\n<a href=\"https:\/\/web.escudoweb.com\/index.php\/teachers-spend-holiday-tracking-and-tracing\/\" class=\"dt-btn-s dt-btn post-details details-type-btn\" aria-label=\"Read more about Teachers spend holiday tracking and tracing\">Read more<i class=\"dt-icon-the7-arrow-03\" aria-hidden=\"true\"><\/i><\/a>\n\n\t<\/div>\n<\/div><\/article><article class=\"post post-2310 type-post status-publish format-standard has-post-thumbnail hentry category-news category-21\" data-name=\"Some Parents Are Demanding In-Person Schooling as the Pandemic Stretches On\" data-date=\"2020-11-02T13:50:44+02:00\">\n\n<div class=\"post-thumbnail-wrap\">\n\t<div class=\"post-thumbnail\">\n\t\t\n\t\t\n\t\t<a href=\"https:\/\/web.escudoweb.com\/index.php\/some-parents-are-demanding-in-person-schooling-as-the-pandemic-stretches-on\/\" class=\"post-thumbnail-rollover layzr-bg\" ><img decoding=\"async\" class=\"preload-me owl-lazy-load aspect\" src=\"data:image\/svg+xml,%3Csvg%20xmlns%3D&#39;http%3A%2F%2Fwww.w3.org%2F2000%2Fsvg&#39;%20viewBox%3D&#39;0%200%20768%20512&#39;%2F%3E\" data-src=\"https:\/\/web.escudoweb.com\/wp-content\/uploads\/2020\/11\/parent-protest-remote-learning-768x512.jpg\" data-srcset=\"https:\/\/web.escudoweb.com\/wp-content\/uploads\/2020\/11\/parent-protest-remote-learning-768x512.jpg 768w, https:\/\/web.escudoweb.com\/wp-content\/uploads\/2020\/11\/parent-protest-remote-learning-800x533.jpg 800w\" loading=\"eager\" style=\"--ratio: 768 \/ 512\" sizes=\"(max-width: 768px) 100vw, 768px\" alt=\"\" title=\"California parents call for schools to reopen\" width=\"768\" height=\"512\"  \/><\/a>\t<\/div>\n<\/div>\n\n\n<div class=\"post-entry-content\">\n\t<div class=\"post-entry-wrapper\">\n\t\t\t\t<h3 class=\"entry-title\">\n\t\t\t<a href=\"https:\/\/web.escudoweb.com\/index.php\/some-parents-are-demanding-in-person-schooling-as-the-pandemic-stretches-on\/\" title=\"Some Parents Are Demanding In-Person Schooling as the Pandemic Stretches On\" rel=\"bookmark\">Some Parents Are Demanding In-Person Schooling as the Pandemic Stretches On<\/a>\n\t\t<\/h3>\n\n\t\t<div class=\"entry-meta\"><a href=\"https:\/\/web.escudoweb.com\/index.php\/2020\/11\/02\/\" title=\"13:50\" class=\"data-link\" rel=\"bookmark\"><time class=\"entry-date updated\" datetime=\"2020-11-02T13:50:44+02:00\">2 noviembre 2020<\/time><\/a><\/div>\n\t\t<div class=\"entry-excerpt\"><p>[vc_row][vc_column][vc_column_text]While many countries in the world have, in spite of increasing numbers of infections with Covid-19, allowed schools to remain&hellip;<\/p>\n<\/div>\n\t\t\n<a href=\"https:\/\/web.escudoweb.com\/index.php\/some-parents-are-demanding-in-person-schooling-as-the-pandemic-stretches-on\/\" class=\"dt-btn-s dt-btn post-details details-type-btn\" aria-label=\"Read more about Some Parents Are Demanding In-Person Schooling as the Pandemic Stretches On\">Read more<i class=\"dt-icon-the7-arrow-03\" aria-hidden=\"true\"><\/i><\/a>\n\n\t<\/div>\n<\/div><\/article><article class=\"post post-2307 type-post status-publish format-standard has-post-thumbnail hentry category-news category-21\" data-name=\"Education in the Digital Age\" data-date=\"2020-10-30T09:23:35+02:00\">\n\n<div class=\"post-thumbnail-wrap\">\n\t<div class=\"post-thumbnail\">\n\t\t\n\t\t\n\t\t<a href=\"https:\/\/web.escudoweb.com\/index.php\/education-in-the-digital-age\/\" class=\"post-thumbnail-rollover layzr-bg\" ><img decoding=\"async\" class=\"preload-me owl-lazy-load aspect\" src=\"data:image\/svg+xml,%3Csvg%20xmlns%3D&#39;http%3A%2F%2Fwww.w3.org%2F2000%2Fsvg&#39;%20viewBox%3D&#39;0%200%20679%20453&#39;%2F%3E\" data-src=\"https:\/\/web.escudoweb.com\/wp-content\/uploads\/2020\/10\/ocde-679x453.jpg\" data-srcset=\"https:\/\/web.escudoweb.com\/wp-content\/uploads\/2020\/10\/ocde-679x453.jpg 679w\" loading=\"eager\" style=\"--ratio: 679 \/ 453\" sizes=\"(max-width: 679px) 100vw, 679px\" alt=\"\" title=\"ocde\" width=\"679\" height=\"453\"  \/><\/a>\t<\/div>\n<\/div>\n\n\n<div class=\"post-entry-content\">\n\t<div class=\"post-entry-wrapper\">\n\t\t\t\t<h3 class=\"entry-title\">\n\t\t\t<a href=\"https:\/\/web.escudoweb.com\/index.php\/education-in-the-digital-age\/\" title=\"Education in the Digital Age\" rel=\"bookmark\">Education in the Digital Age<\/a>\n\t\t<\/h3>\n\n\t\t<div class=\"entry-meta\"><a href=\"https:\/\/web.escudoweb.com\/index.php\/2020\/10\/30\/\" title=\"09:23\" class=\"data-link\" rel=\"bookmark\"><time class=\"entry-date updated\" datetime=\"2020-10-30T09:23:35+02:00\">30 octubre 2020<\/time><\/a><\/div>\n\t\t<div class=\"entry-excerpt\"><p>[vc_row][vc_column][vc_column_text]Keeping children safe has to be one of the highest goals for families, society and governments. According to UNESCO \u201ca&hellip;<\/p>\n<\/div>\n\t\t\n<a href=\"https:\/\/web.escudoweb.com\/index.php\/education-in-the-digital-age\/\" class=\"dt-btn-s dt-btn post-details details-type-btn\" aria-label=\"Read more about Education in the Digital Age\">Read more<i class=\"dt-icon-the7-arrow-03\" aria-hidden=\"true\"><\/i><\/a>\n\n\t<\/div>\n<\/div><\/article><article class=\"post post-2303 type-post status-publish format-standard has-post-thumbnail hentry category-news category-21\" data-name=\"The shadows of the coronavirus education crisis\" data-date=\"2020-10-29T10:16:05+02:00\">\n\n<div class=\"post-thumbnail-wrap\">\n\t<div class=\"post-thumbnail\">\n\t\t\n\t\t\n\t\t<a href=\"https:\/\/web.escudoweb.com\/index.php\/the-shadows-of-the-coronavirus-education-crisis\/\" class=\"post-thumbnail-rollover layzr-bg\" ><img decoding=\"async\" class=\"preload-me owl-lazy-load aspect\" src=\"data:image\/svg+xml,%3Csvg%20xmlns%3D&#39;http%3A%2F%2Fwww.w3.org%2F2000%2Fsvg&#39;%20viewBox%3D&#39;0%200%20768%20512&#39;%2F%3E\" data-src=\"https:\/\/web.escudoweb.com\/wp-content\/uploads\/2020\/10\/COVID-economic-learning-losses-768x512.jpg\" data-srcset=\"https:\/\/web.escudoweb.com\/wp-content\/uploads\/2020\/10\/COVID-economic-learning-losses-768x512.jpg 768w, https:\/\/web.escudoweb.com\/wp-content\/uploads\/2020\/10\/COVID-economic-learning-losses-1012x675.jpg 1012w\" loading=\"eager\" style=\"--ratio: 768 \/ 512\" sizes=\"(max-width: 768px) 100vw, 768px\" alt=\"\" title=\"COVID-economic-learning-losses\" width=\"768\" height=\"512\"  \/><\/a>\t<\/div>\n<\/div>\n\n\n<div class=\"post-entry-content\">\n\t<div class=\"post-entry-wrapper\">\n\t\t\t\t<h3 class=\"entry-title\">\n\t\t\t<a href=\"https:\/\/web.escudoweb.com\/index.php\/the-shadows-of-the-coronavirus-education-crisis\/\" title=\"The shadows of the coronavirus education crisis\" rel=\"bookmark\">The shadows of the coronavirus education crisis<\/a>\n\t\t<\/h3>\n\n\t\t<div class=\"entry-meta\"><a href=\"https:\/\/web.escudoweb.com\/index.php\/2020\/10\/29\/\" title=\"10:16\" class=\"data-link\" rel=\"bookmark\"><time class=\"entry-date updated\" datetime=\"2020-10-29T10:16:05+02:00\">29 octubre 2020<\/time><\/a><\/div>\n\t\t<div class=\"entry-excerpt\"><p>[vc_row][vc_column][vc_column_text]One thing coming out of the pandemic is that we are suffering greater austerity as governments struggle to balance the&hellip;<\/p>\n<\/div>\n\t\t\n<a href=\"https:\/\/web.escudoweb.com\/index.php\/the-shadows-of-the-coronavirus-education-crisis\/\" class=\"dt-btn-s dt-btn post-details details-type-btn\" aria-label=\"Read more about The shadows of the coronavirus education crisis\">Read more<i class=\"dt-icon-the7-arrow-03\" aria-hidden=\"true\"><\/i><\/a>\n\n\t<\/div>\n<\/div><\/article><article class=\"post post-2300 type-post status-publish format-standard has-post-thumbnail hentry category-news category-21\" data-name=\"EU investigates Instagram over handling of children&#8217;s data\" data-date=\"2020-10-28T13:39:52+02:00\">\n\n<div class=\"post-thumbnail-wrap\">\n\t<div class=\"post-thumbnail\">\n\t\t\n\t\t\n\t\t<a href=\"https:\/\/web.escudoweb.com\/index.php\/eu-investigates-instagram-over-handling-of-childrens-data\/\" class=\"post-thumbnail-rollover layzr-bg\" ><img decoding=\"async\" class=\"preload-me owl-lazy-load aspect\" src=\"data:image\/svg+xml,%3Csvg%20xmlns%3D&#39;http%3A%2F%2Fwww.w3.org%2F2000%2Fsvg&#39;%20viewBox%3D&#39;0%200%20675%20450&#39;%2F%3E\" data-src=\"https:\/\/web.escudoweb.com\/wp-content\/uploads\/2020\/10\/114961228_13-675x450.jpg\" data-srcset=\"https:\/\/web.escudoweb.com\/wp-content\/uploads\/2020\/10\/114961228_13-675x450.jpg 675w, https:\/\/web.escudoweb.com\/wp-content\/uploads\/2020\/10\/114961228_13-675x449.jpg 675w\" loading=\"eager\" style=\"--ratio: 675 \/ 450\" sizes=\"(max-width: 675px) 100vw, 675px\" alt=\"\" title=\"_114961228_13\" width=\"675\" height=\"450\"  \/><\/a>\t<\/div>\n<\/div>\n\n\n<div class=\"post-entry-content\">\n\t<div class=\"post-entry-wrapper\">\n\t\t\t\t<h3 class=\"entry-title\">\n\t\t\t<a href=\"https:\/\/web.escudoweb.com\/index.php\/eu-investigates-instagram-over-handling-of-childrens-data\/\" title=\"EU investigates Instagram over handling of children&#8217;s data\" rel=\"bookmark\">EU investigates Instagram over handling of children&#8217;s data<\/a>\n\t\t<\/h3>\n\n\t\t<div class=\"entry-meta\"><a href=\"https:\/\/web.escudoweb.com\/index.php\/2020\/10\/28\/\" title=\"13:39\" class=\"data-link\" rel=\"bookmark\"><time class=\"entry-date updated\" datetime=\"2020-10-28T13:39:52+02:00\">28 octubre 2020<\/time><\/a><\/div>\n\t\t<div class=\"entry-excerpt\"><p>[vc_row][vc_column][vc_column_text]Data privacy is a key tenet that we seem to have advanced with in some areas and not in others,&hellip;<\/p>\n<\/div>\n\t\t\n<a href=\"https:\/\/web.escudoweb.com\/index.php\/eu-investigates-instagram-over-handling-of-childrens-data\/\" class=\"dt-btn-s dt-btn post-details details-type-btn\" aria-label=\"Read more about EU investigates Instagram over handling of children&#8217;s data\">Read more<i class=\"dt-icon-the7-arrow-03\" aria-hidden=\"true\"><\/i><\/a>\n\n\t<\/div>\n<\/div><\/article><article class=\"post post-2296 type-post status-publish format-standard has-post-thumbnail hentry category-news category-21\" data-name=\"The new rules for our children&#8217;s lockdown screen time\" data-date=\"2020-10-27T11:37:46+02:00\">\n\n<div class=\"post-thumbnail-wrap\">\n\t<div class=\"post-thumbnail\">\n\t\t\n\t\t\n\t\t<a href=\"https:\/\/web.escudoweb.com\/index.php\/the-new-rules-for-our-childrens-lockdown-screen-time\/\" class=\"post-thumbnail-rollover layzr-bg\" ><img decoding=\"async\" class=\"preload-me owl-lazy-load aspect\" src=\"data:image\/svg+xml,%3Csvg%20xmlns%3D&#39;http%3A%2F%2Fwww.w3.org%2F2000%2Fsvg&#39;%20viewBox%3D&#39;0%200%20768%20512&#39;%2F%3E\" data-src=\"https:\/\/web.escudoweb.com\/wp-content\/uploads\/2020\/10\/TELEMMGLPICT000242554876_trans_NvBQzQNjv4Bqek9vKm18v_rkIPH9w2GMNoGXySPv9M1Jbe0Fc3Bi1Fk-768x512.jpeg\" data-srcset=\"https:\/\/web.escudoweb.com\/wp-content\/uploads\/2020\/10\/TELEMMGLPICT000242554876_trans_NvBQzQNjv4Bqek9vKm18v_rkIPH9w2GMNoGXySPv9M1Jbe0Fc3Bi1Fk-768x512.jpeg 768w, https:\/\/web.escudoweb.com\/wp-content\/uploads\/2020\/10\/TELEMMGLPICT000242554876_trans_NvBQzQNjv4Bqek9vKm18v_rkIPH9w2GMNoGXySPv9M1Jbe0Fc3Bi1Fk-900x600.jpeg 900w\" loading=\"eager\" style=\"--ratio: 768 \/ 512\" sizes=\"(max-width: 768px) 100vw, 768px\" alt=\"\" title=\"TELEMMGLPICT000242554876_trans_NvBQzQNjv4Bqek9vKm18v_rkIPH9w2GMNoGXySPv9M1Jbe0Fc3Bi1Fk\" width=\"768\" height=\"512\"  \/><\/a>\t<\/div>\n<\/div>\n\n\n<div class=\"post-entry-content\">\n\t<div class=\"post-entry-wrapper\">\n\t\t\t\t<h3 class=\"entry-title\">\n\t\t\t<a href=\"https:\/\/web.escudoweb.com\/index.php\/the-new-rules-for-our-childrens-lockdown-screen-time\/\" title=\"The new rules for our children&#8217;s lockdown screen time\" rel=\"bookmark\">The new rules for our children&#8217;s lockdown screen time<\/a>\n\t\t<\/h3>\n\n\t\t<div class=\"entry-meta\"><a href=\"https:\/\/web.escudoweb.com\/index.php\/2020\/10\/27\/\" title=\"11:37\" class=\"data-link\" rel=\"bookmark\"><time class=\"entry-date updated\" datetime=\"2020-10-27T11:37:46+02:00\">27 octubre 2020<\/time><\/a><\/div>\n\t\t<div class=\"entry-excerpt\"><p>[vc_row][vc_column][vc_column_text]Children have become more reliant on technology since the start of the pandemic. As parents, we have supported this since&hellip;<\/p>\n<\/div>\n\t\t\n<a href=\"https:\/\/web.escudoweb.com\/index.php\/the-new-rules-for-our-childrens-lockdown-screen-time\/\" class=\"dt-btn-s dt-btn post-details details-type-btn\" aria-label=\"Read more about The new rules for our children&#8217;s lockdown screen time\">Read more<i class=\"dt-icon-the7-arrow-03\" aria-hidden=\"true\"><\/i><\/a>\n\n\t<\/div>\n<\/div><\/article><article class=\"post post-2293 type-post status-publish format-standard has-post-thumbnail hentry category-news category-21\" data-name=\"YouGov and Microsoft study highlights teachers\u2019 concerns around hybrid learning\" data-date=\"2020-10-26T12:14:01+02:00\">\n\n<div class=\"post-thumbnail-wrap\">\n\t<div class=\"post-thumbnail\">\n\t\t\n\t\t\n\t\t<a href=\"https:\/\/web.escudoweb.com\/index.php\/yougov-and-microsoft-study-highlights-teachers-concerns-around-hybrid-learning\/\" class=\"post-thumbnail-rollover layzr-bg\" ><img decoding=\"async\" class=\"preload-me owl-lazy-load aspect\" src=\"data:image\/svg+xml,%3Csvg%20xmlns%3D&#39;http%3A%2F%2Fwww.w3.org%2F2000%2Fsvg&#39;%20viewBox%3D&#39;0%200%20768%20512&#39;%2F%3E\" data-src=\"https:\/\/web.escudoweb.com\/wp-content\/uploads\/2020\/10\/kelly-sikkema-37Gug7AWjoo-unsplash-768x512.jpg\" data-srcset=\"https:\/\/web.escudoweb.com\/wp-content\/uploads\/2020\/10\/kelly-sikkema-37Gug7AWjoo-unsplash-768x512.jpg 768w, https:\/\/web.escudoweb.com\/wp-content\/uploads\/2020\/10\/kelly-sikkema-37Gug7AWjoo-unsplash-1152x768.jpg 1152w\" loading=\"eager\" style=\"--ratio: 768 \/ 512\" sizes=\"(max-width: 768px) 100vw, 768px\" alt=\"\" title=\"kelly-sikkema-37Gug7AWjoo-unsplash\" width=\"768\" height=\"512\"  \/><\/a>\t<\/div>\n<\/div>\n\n\n<div class=\"post-entry-content\">\n\t<div class=\"post-entry-wrapper\">\n\t\t\t\t<h3 class=\"entry-title\">\n\t\t\t<a href=\"https:\/\/web.escudoweb.com\/index.php\/yougov-and-microsoft-study-highlights-teachers-concerns-around-hybrid-learning\/\" title=\"YouGov and Microsoft study highlights teachers\u2019 concerns around hybrid learning\" rel=\"bookmark\">YouGov and Microsoft study highlights teachers\u2019 concerns around hybrid learning<\/a>\n\t\t<\/h3>\n\n\t\t<div class=\"entry-meta\"><a href=\"https:\/\/web.escudoweb.com\/index.php\/2020\/10\/26\/\" title=\"12:14\" class=\"data-link\" rel=\"bookmark\"><time class=\"entry-date updated\" datetime=\"2020-10-26T12:14:01+02:00\">26 octubre 2020<\/time><\/a><\/div>\n\t\t<div class=\"entry-excerpt\"><p>[vc_row][vc_column][vc_column_text]While many teachers have been challenged by the need to deliver both classroom and online lessons, sometimes simultaneously, there has&hellip;<\/p>\n<\/div>\n\t\t\n<a href=\"https:\/\/web.escudoweb.com\/index.php\/yougov-and-microsoft-study-highlights-teachers-concerns-around-hybrid-learning\/\" class=\"dt-btn-s dt-btn post-details details-type-btn\" aria-label=\"Read more about YouGov and Microsoft study highlights teachers\u2019 concerns around hybrid learning\">Read more<i class=\"dt-icon-the7-arrow-03\" aria-hidden=\"true\"><\/i><\/a>\n\n\t<\/div>\n<\/div><\/article><article class=\"post post-2290 type-post status-publish format-standard has-post-thumbnail hentry category-news category-21\" data-name=\"Schools play limited role in spread of Covid-19, studies signal\" data-date=\"2020-10-23T11:52:04+02:00\">\n\n<div class=\"post-thumbnail-wrap\">\n\t<div class=\"post-thumbnail\">\n\t\t\n\t\t\n\t\t<a href=\"https:\/\/web.escudoweb.com\/index.php\/schools-play-limited-role-in-spread-of-covid-19-studies-signal\/\" class=\"post-thumbnail-rollover layzr-bg\" ><img decoding=\"async\" class=\"preload-me owl-lazy-load aspect\" src=\"data:image\/svg+xml,%3Csvg%20xmlns%3D&#39;http%3A%2F%2Fwww.w3.org%2F2000%2Fsvg&#39;%20viewBox%3D&#39;0%200%20768%20512&#39;%2F%3E\" data-src=\"https:\/\/web.escudoweb.com\/wp-content\/uploads\/2020\/10\/2f03156d-cb12-4abb-87fd-68abc2e8e1e2-768x512.jpg\" data-srcset=\"https:\/\/web.escudoweb.com\/wp-content\/uploads\/2020\/10\/2f03156d-cb12-4abb-87fd-68abc2e8e1e2-768x512.jpg 768w, https:\/\/web.escudoweb.com\/wp-content\/uploads\/2020\/10\/2f03156d-cb12-4abb-87fd-68abc2e8e1e2-1152x768.jpg 1152w\" loading=\"eager\" style=\"--ratio: 768 \/ 512\" sizes=\"(max-width: 768px) 100vw, 768px\" alt=\"\" title=\"2f03156d-cb12-4abb-87fd-68abc2e8e1e2\" width=\"768\" height=\"512\"  \/><\/a>\t<\/div>\n<\/div>\n\n\n<div class=\"post-entry-content\">\n\t<div class=\"post-entry-wrapper\">\n\t\t\t\t<h3 class=\"entry-title\">\n\t\t\t<a href=\"https:\/\/web.escudoweb.com\/index.php\/schools-play-limited-role-in-spread-of-covid-19-studies-signal\/\" title=\"Schools play limited role in spread of Covid-19, studies signal\" rel=\"bookmark\">Schools play limited role in spread of Covid-19, studies signal<\/a>\n\t\t<\/h3>\n\n\t\t<div class=\"entry-meta\"><a href=\"https:\/\/web.escudoweb.com\/index.php\/2020\/10\/23\/\" title=\"11:52\" class=\"data-link\" rel=\"bookmark\"><time class=\"entry-date updated\" datetime=\"2020-10-23T11:52:04+02:00\">23 octubre 2020<\/time><\/a><\/div>\n\t\t<div class=\"entry-excerpt\"><p>[vc_row][vc_column][vc_column_text]Parents and policy makers will be relieved to know that schools have had a very limited role in spreading coronavirus.&hellip;<\/p>\n<\/div>\n\t\t\n<a href=\"https:\/\/web.escudoweb.com\/index.php\/schools-play-limited-role-in-spread-of-covid-19-studies-signal\/\" class=\"dt-btn-s dt-btn post-details details-type-btn\" aria-label=\"Read more about Schools play limited role in spread of Covid-19, studies signal\">Read more<i class=\"dt-icon-the7-arrow-03\" aria-hidden=\"true\"><\/i><\/a>\n\n\t<\/div>\n<\/div><\/article><article class=\"post post-2287 type-post status-publish format-standard has-post-thumbnail hentry category-news category-21\" data-name=\"Screens &#038; Quarantine: Digital Parenting in a Pandemic\" data-date=\"2020-10-22T12:23:45+02:00\">\n\n<div class=\"post-thumbnail-wrap\">\n\t<div class=\"post-thumbnail\">\n\t\t\n\t\t\n\t\t<a href=\"https:\/\/web.escudoweb.com\/index.php\/screens-quarantine-digital-parenting-in-a-pandemic\/\" class=\"post-thumbnail-rollover layzr-bg\" ><img decoding=\"async\" class=\"preload-me owl-lazy-load aspect\" src=\"data:image\/svg+xml,%3Csvg%20xmlns%3D&#39;http%3A%2F%2Fwww.w3.org%2F2000%2Fsvg&#39;%20viewBox%3D&#39;0%200%20768%20512&#39;%2F%3E\" data-src=\"https:\/\/web.escudoweb.com\/wp-content\/uploads\/2020\/10\/Stats_Static_Screen_Time_2400x1080-768x512.jpg\" data-srcset=\"https:\/\/web.escudoweb.com\/wp-content\/uploads\/2020\/10\/Stats_Static_Screen_Time_2400x1080-768x512.jpg 768w, https:\/\/web.escudoweb.com\/wp-content\/uploads\/2020\/10\/Stats_Static_Screen_Time_2400x1080-1080x720.jpg 1080w\" loading=\"eager\" style=\"--ratio: 768 \/ 512\" sizes=\"(max-width: 768px) 100vw, 768px\" alt=\"\" title=\"Stats_Static_Screen_Time_2400x1080\" width=\"768\" height=\"512\"  \/><\/a>\t<\/div>\n<\/div>\n\n\n<div class=\"post-entry-content\">\n\t<div class=\"post-entry-wrapper\">\n\t\t\t\t<h3 class=\"entry-title\">\n\t\t\t<a href=\"https:\/\/web.escudoweb.com\/index.php\/screens-quarantine-digital-parenting-in-a-pandemic\/\" title=\"Screens &#038; Quarantine: Digital Parenting in a Pandemic\" rel=\"bookmark\">Screens &#038; Quarantine: Digital Parenting in a Pandemic<\/a>\n\t\t<\/h3>\n\n\t\t<div class=\"entry-meta\"><a href=\"https:\/\/web.escudoweb.com\/index.php\/2020\/10\/22\/\" title=\"12:23\" class=\"data-link\" rel=\"bookmark\"><time class=\"entry-date updated\" datetime=\"2020-10-22T12:23:45+02:00\">22 octubre 2020<\/time><\/a><\/div>\n\t\t<div class=\"entry-excerpt\"><p>[vc_row][vc_column][vc_column_text]A recent study (US) by NortonLifeLock, \u2018Screens &amp; Quarantine: Digital Parenting in a Pandemic,\u2019 revealed the impact of the pandemic&hellip;<\/p>\n<\/div>\n\t\t\n<a href=\"https:\/\/web.escudoweb.com\/index.php\/screens-quarantine-digital-parenting-in-a-pandemic\/\" class=\"dt-btn-s dt-btn post-details details-type-btn\" aria-label=\"Read more about Screens &#038; Quarantine: Digital Parenting in a Pandemic\">Read more<i class=\"dt-icon-the7-arrow-03\" aria-hidden=\"true\"><\/i><\/a>\n\n\t<\/div>\n<\/div><\/article><article class=\"post post-2284 type-post status-publish format-standard has-post-thumbnail hentry category-news category-21\" data-name=\"Kids and Covid-19: Should I send my child to school with a cold?\" data-date=\"2020-10-21T07:31:39+02:00\">\n\n<div class=\"post-thumbnail-wrap\">\n\t<div class=\"post-thumbnail\">\n\t\t\n\t\t\n\t\t<a href=\"https:\/\/web.escudoweb.com\/index.php\/kids-and-covid-19-should-i-send-my-child-to-school-with-a-cold\/\" class=\"post-thumbnail-rollover layzr-bg\" ><img decoding=\"async\" class=\"preload-me owl-lazy-load aspect\" src=\"data:image\/svg+xml,%3Csvg%20xmlns%3D&#39;http%3A%2F%2Fwww.w3.org%2F2000%2Fsvg&#39;%20viewBox%3D&#39;0%200%20768%20512&#39;%2F%3E\" data-src=\"https:\/\/web.escudoweb.com\/wp-content\/uploads\/2020\/10\/Covid-ring_trans_NvBQzQNjv4BqqVzuuqpFlyLIwiB6NTmJwfSVWeZ_vEN7c6bHu2jJnT8-768x512.jpeg\" data-srcset=\"https:\/\/web.escudoweb.com\/wp-content\/uploads\/2020\/10\/Covid-ring_trans_NvBQzQNjv4BqqVzuuqpFlyLIwiB6NTmJwfSVWeZ_vEN7c6bHu2jJnT8-768x512.jpeg 768w, https:\/\/web.escudoweb.com\/wp-content\/uploads\/2020\/10\/Covid-ring_trans_NvBQzQNjv4BqqVzuuqpFlyLIwiB6NTmJwfSVWeZ_vEN7c6bHu2jJnT8-804x536.jpeg 804w\" loading=\"eager\" style=\"--ratio: 768 \/ 512\" sizes=\"(max-width: 768px) 100vw, 768px\" alt=\"\" title=\"Covid-ring_trans_NvBQzQNjv4BqqVzuuqpFlyLIwiB6NTmJwfSVWeZ_vEN7c6bHu2jJnT8\" width=\"768\" height=\"512\"  \/><\/a>\t<\/div>\n<\/div>\n\n\n<div class=\"post-entry-content\">\n\t<div class=\"post-entry-wrapper\">\n\t\t\t\t<h3 class=\"entry-title\">\n\t\t\t<a href=\"https:\/\/web.escudoweb.com\/index.php\/kids-and-covid-19-should-i-send-my-child-to-school-with-a-cold\/\" title=\"Kids and Covid-19: Should I send my child to school with a cold?\" rel=\"bookmark\">Kids and Covid-19: Should I send my child to school with a cold?<\/a>\n\t\t<\/h3>\n\n\t\t<div class=\"entry-meta\"><a href=\"https:\/\/web.escudoweb.com\/index.php\/2020\/10\/21\/\" title=\"07:31\" class=\"data-link\" rel=\"bookmark\"><time class=\"entry-date updated\" datetime=\"2020-10-21T07:31:39+02:00\">21 octubre 2020<\/time><\/a><\/div>\n\t\t<div class=\"entry-excerpt\"><p>[vc_row][vc_column][vc_column_text]Every parent now wonders whether it is safer to send their child to school when they have a cold or&hellip;<\/p>\n<\/div>\n\t\t\n<a href=\"https:\/\/web.escudoweb.com\/index.php\/kids-and-covid-19-should-i-send-my-child-to-school-with-a-cold\/\" class=\"dt-btn-s dt-btn post-details details-type-btn\" aria-label=\"Read more about Kids and Covid-19: Should I send my child to school with a cold?\">Read more<i class=\"dt-icon-the7-arrow-03\" aria-hidden=\"true\"><\/i><\/a>\n\n\t<\/div>\n<\/div><\/article><article class=\"post post-2281 type-post status-publish format-standard has-post-thumbnail hentry category-news category-21\" data-name=\"The Social Dilemma\" data-date=\"2020-10-20T12:54:22+02:00\">\n\n<div class=\"post-thumbnail-wrap\">\n\t<div class=\"post-thumbnail\">\n\t\t\n\t\t\n\t\t<a href=\"https:\/\/web.escudoweb.com\/index.php\/the-social-dilemma\/\" class=\"post-thumbnail-rollover layzr-bg\" ><img decoding=\"async\" class=\"preload-me owl-lazy-load aspect\" src=\"data:image\/svg+xml,%3Csvg%20xmlns%3D&#39;http%3A%2F%2Fwww.w3.org%2F2000%2Fsvg&#39;%20viewBox%3D&#39;0%200%20768%20512&#39;%2F%3E\" data-src=\"https:\/\/web.escudoweb.com\/wp-content\/uploads\/2020\/10\/AAAABYOeOX5-4_SROTnrKaBaPVOGRFMGUV74HtleOqjpY4SyAlTxOXhyryQuiGh0iBq6ImqRLL3Om__rCfDyX9aaaOASgaP4-768x512.jpg\" data-srcset=\"https:\/\/web.escudoweb.com\/wp-content\/uploads\/2020\/10\/AAAABYOeOX5-4_SROTnrKaBaPVOGRFMGUV74HtleOqjpY4SyAlTxOXhyryQuiGh0iBq6ImqRLL3Om__rCfDyX9aaaOASgaP4-768x512.jpg 768w, https:\/\/web.escudoweb.com\/wp-content\/uploads\/2020\/10\/AAAABYOeOX5-4_SROTnrKaBaPVOGRFMGUV74HtleOqjpY4SyAlTxOXhyryQuiGh0iBq6ImqRLL3Om__rCfDyX9aaaOASgaP4-1152x768.jpg 1152w\" loading=\"eager\" style=\"--ratio: 768 \/ 512\" sizes=\"(max-width: 768px) 100vw, 768px\" alt=\"\" title=\"AAAABYOeOX5-4_SROTnrKaBaPVOGRFMGUV74HtleOqjpY4SyAlTxOXhyryQuiGh0iBq6ImqRLL3Om__rCfDyX9aaaOASgaP4\" width=\"768\" height=\"512\"  \/><\/a>\t<\/div>\n<\/div>\n\n\n<div class=\"post-entry-content\">\n\t<div class=\"post-entry-wrapper\">\n\t\t\t\t<h3 class=\"entry-title\">\n\t\t\t<a href=\"https:\/\/web.escudoweb.com\/index.php\/the-social-dilemma\/\" title=\"The Social Dilemma\" rel=\"bookmark\">The Social Dilemma<\/a>\n\t\t<\/h3>\n\n\t\t<div class=\"entry-meta\"><a href=\"https:\/\/web.escudoweb.com\/index.php\/2020\/10\/20\/\" title=\"12:54\" class=\"data-link\" rel=\"bookmark\"><time class=\"entry-date updated\" datetime=\"2020-10-20T12:54:22+02:00\">20 octubre 2020<\/time><\/a><\/div>\n\t\t<div class=\"entry-excerpt\"><p>[vc_row][vc_column][vc_column_text]The Netflix film, The Social Dilemma, should be obligatory viewing for every parent. Innocently, perhaps, most of us allow our&hellip;<\/p>\n<\/div>\n\t\t\n<a href=\"https:\/\/web.escudoweb.com\/index.php\/the-social-dilemma\/\" class=\"dt-btn-s dt-btn post-details details-type-btn\" aria-label=\"Read more about The Social Dilemma\">Read more<i class=\"dt-icon-the7-arrow-03\" aria-hidden=\"true\"><\/i><\/a>\n\n\t<\/div>\n<\/div><\/article><article class=\"post post-2277 type-post status-publish format-standard has-post-thumbnail hentry category-news category-21\" data-name=\"An Open \u2018Thank You\u2019 Letter To Teachers In A Covid-19 World\" data-date=\"2020-10-19T08:17:40+02:00\">\n\n<div class=\"post-thumbnail-wrap\">\n\t<div class=\"post-thumbnail\">\n\t\t\n\t\t\n\t\t<a href=\"https:\/\/web.escudoweb.com\/index.php\/an-open-thank-you-letter-to-teachers-in-a-covid-19-world\/\" class=\"post-thumbnail-rollover layzr-bg\" ><img decoding=\"async\" class=\"preload-me owl-lazy-load aspect\" src=\"data:image\/svg+xml,%3Csvg%20xmlns%3D&#39;http%3A%2F%2Fwww.w3.org%2F2000%2Fsvg&#39;%20viewBox%3D&#39;0%200%20768%20512&#39;%2F%3E\" data-src=\"https:\/\/web.escudoweb.com\/wp-content\/uploads\/2020\/10\/960x0-768x512.jpg\" data-srcset=\"https:\/\/web.escudoweb.com\/wp-content\/uploads\/2020\/10\/960x0-768x512.jpg 768w, https:\/\/web.escudoweb.com\/wp-content\/uploads\/2020\/10\/960x0-958x639.jpg 958w\" loading=\"eager\" style=\"--ratio: 768 \/ 512\" sizes=\"(max-width: 768px) 100vw, 768px\" alt=\"\" title=\"960&#215;0\" width=\"768\" height=\"512\"  \/><\/a>\t<\/div>\n<\/div>\n\n\n<div class=\"post-entry-content\">\n\t<div class=\"post-entry-wrapper\">\n\t\t\t\t<h3 class=\"entry-title\">\n\t\t\t<a href=\"https:\/\/web.escudoweb.com\/index.php\/an-open-thank-you-letter-to-teachers-in-a-covid-19-world\/\" title=\"An Open \u2018Thank You\u2019 Letter To Teachers In A Covid-19 World\" rel=\"bookmark\">An Open \u2018Thank You\u2019 Letter To Teachers In A Covid-19 World<\/a>\n\t\t<\/h3>\n\n\t\t<div class=\"entry-meta\"><a href=\"https:\/\/web.escudoweb.com\/index.php\/2020\/10\/19\/\" title=\"08:17\" class=\"data-link\" rel=\"bookmark\"><time class=\"entry-date updated\" datetime=\"2020-10-19T08:17:40+02:00\">19 octubre 2020<\/time><\/a><\/div>\n\t\t<div class=\"entry-excerpt\"><p>[vc_row][vc_column][vc_column_text]A recent Forbes article celebrating World Teachers\u00b4Day highlighted the exceptional work done by teachers in this most difficult of times&hellip;<\/p>\n<\/div>\n\t\t\n<a href=\"https:\/\/web.escudoweb.com\/index.php\/an-open-thank-you-letter-to-teachers-in-a-covid-19-world\/\" class=\"dt-btn-s dt-btn post-details details-type-btn\" aria-label=\"Read more about An Open \u2018Thank You\u2019 Letter To Teachers In A Covid-19 World\">Read more<i class=\"dt-icon-the7-arrow-03\" aria-hidden=\"true\"><\/i><\/a>\n\n\t<\/div>\n<\/div><\/article><article class=\"post post-2274 type-post status-publish format-standard has-post-thumbnail hentry category-news category-21\" data-name=\"Emergency powers adopted to require schools to teach online\" data-date=\"2020-10-16T10:37:38+02:00\">\n\n<div class=\"post-thumbnail-wrap\">\n\t<div class=\"post-thumbnail\">\n\t\t\n\t\t\n\t\t<a href=\"https:\/\/web.escudoweb.com\/index.php\/emergency-powers-adopted-to-require-schools-to-teach-online\/\" class=\"post-thumbnail-rollover layzr-bg\" ><img decoding=\"async\" class=\"preload-me owl-lazy-load aspect\" src=\"data:image\/svg+xml,%3Csvg%20xmlns%3D&#39;http%3A%2F%2Fwww.w3.org%2F2000%2Fsvg&#39;%20viewBox%3D&#39;0%200%20675%20450&#39;%2F%3E\" data-src=\"https:\/\/web.escudoweb.com\/wp-content\/uploads\/2020\/10\/112406457_ec-class-nc-675x450.jpg\" data-srcset=\"https:\/\/web.escudoweb.com\/wp-content\/uploads\/2020\/10\/112406457_ec-class-nc-675x450.jpg 675w, https:\/\/web.escudoweb.com\/wp-content\/uploads\/2020\/10\/112406457_ec-class-nc-675x449.jpg 675w\" loading=\"eager\" style=\"--ratio: 675 \/ 450\" sizes=\"(max-width: 675px) 100vw, 675px\" alt=\"\" title=\"_112406457_ec-class-nc\" width=\"675\" height=\"450\"  \/><\/a>\t<\/div>\n<\/div>\n\n\n<div class=\"post-entry-content\">\n\t<div class=\"post-entry-wrapper\">\n\t\t\t\t<h3 class=\"entry-title\">\n\t\t\t<a href=\"https:\/\/web.escudoweb.com\/index.php\/emergency-powers-adopted-to-require-schools-to-teach-online\/\" title=\"Emergency powers adopted to require schools to teach online\" rel=\"bookmark\">Emergency powers adopted to require schools to teach online<\/a>\n\t\t<\/h3>\n\n\t\t<div class=\"entry-meta\"><a href=\"https:\/\/web.escudoweb.com\/index.php\/2020\/10\/16\/\" title=\"10:37\" class=\"data-link\" rel=\"bookmark\"><time class=\"entry-date updated\" datetime=\"2020-10-16T10:37:38+02:00\">16 octubre 2020<\/time><\/a><\/div>\n\t\t<div class=\"entry-excerpt\"><p>[vc_row][vc_column][vc_column_text]The Coronavirus Act in the UK has given Ministers new powers to ensure schools offer pupils who are not in&hellip;<\/p>\n<\/div>\n\t\t\n<a href=\"https:\/\/web.escudoweb.com\/index.php\/emergency-powers-adopted-to-require-schools-to-teach-online\/\" class=\"dt-btn-s dt-btn post-details details-type-btn\" aria-label=\"Read more about Emergency powers adopted to require schools to teach online\">Read more<i class=\"dt-icon-the7-arrow-03\" aria-hidden=\"true\"><\/i><\/a>\n\n\t<\/div>\n<\/div><\/article><article class=\"post post-2271 type-post status-publish format-standard has-post-thumbnail hentry category-news category-21\" data-name=\"What comes first \u2013 technology or pedagogy?\" data-date=\"2020-10-15T11:33:30+02:00\">\n\n<div class=\"post-thumbnail-wrap\">\n\t<div class=\"post-thumbnail\">\n\t\t\n\t\t\n\t\t<a href=\"https:\/\/web.escudoweb.com\/index.php\/what-comes-first-technology-or-pedagogy\/\" class=\"post-thumbnail-rollover layzr-bg\" ><img decoding=\"async\" class=\"preload-me owl-lazy-load aspect\" src=\"data:image\/svg+xml,%3Csvg%20xmlns%3D&#39;http%3A%2F%2Fwww.w3.org%2F2000%2Fsvg&#39;%20viewBox%3D&#39;0%200%20600%20400&#39;%2F%3E\" data-src=\"https:\/\/web.escudoweb.com\/wp-content\/uploads\/2020\/10\/1601888938-600x400.jpg\" data-srcset=\"https:\/\/web.escudoweb.com\/wp-content\/uploads\/2020\/10\/1601888938-600x400.jpg 600w\" loading=\"eager\" style=\"--ratio: 600 \/ 400\" sizes=\"(max-width: 600px) 100vw, 600px\" alt=\"\" title=\"1601888938\" width=\"600\" height=\"400\"  \/><\/a>\t<\/div>\n<\/div>\n\n\n<div class=\"post-entry-content\">\n\t<div class=\"post-entry-wrapper\">\n\t\t\t\t<h3 class=\"entry-title\">\n\t\t\t<a href=\"https:\/\/web.escudoweb.com\/index.php\/what-comes-first-technology-or-pedagogy\/\" title=\"What comes first \u2013 technology or pedagogy?\" rel=\"bookmark\">What comes first \u2013 technology or pedagogy?<\/a>\n\t\t<\/h3>\n\n\t\t<div class=\"entry-meta\"><a href=\"https:\/\/web.escudoweb.com\/index.php\/2020\/10\/15\/\" title=\"11:33\" class=\"data-link\" rel=\"bookmark\"><time class=\"entry-date updated\" datetime=\"2020-10-15T11:33:30+02:00\">15 octubre 2020<\/time><\/a><\/div>\n\t\t<div class=\"entry-excerpt\"><p>[vc_row][vc_column][vc_column_text]The question of whether Pedagogy comes before Technology has been swept aside in the last six months as the latter&hellip;<\/p>\n<\/div>\n\t\t\n<a href=\"https:\/\/web.escudoweb.com\/index.php\/what-comes-first-technology-or-pedagogy\/\" class=\"dt-btn-s dt-btn post-details details-type-btn\" aria-label=\"Read more about What comes first \u2013 technology or pedagogy?\">Read more<i class=\"dt-icon-the7-arrow-03\" aria-hidden=\"true\"><\/i><\/a>\n\n\t<\/div>\n<\/div><\/article><article class=\"post post-2268 type-post status-publish format-standard has-post-thumbnail hentry category-news category-21\" data-name=\"Abuse and harassment driving girls off Facebook, Instagram and Twitter\" data-date=\"2020-10-14T14:31:05+02:00\">\n\n<div class=\"post-thumbnail-wrap\">\n\t<div class=\"post-thumbnail\">\n\t\t\n\t\t\n\t\t<a href=\"https:\/\/web.escudoweb.com\/index.php\/abuse-and-harassment-driving-girls-off-facebook-instagram-and-twitter\/\" class=\"post-thumbnail-rollover layzr-bg\" ><img decoding=\"async\" class=\"preload-me owl-lazy-load aspect\" src=\"data:image\/svg+xml,%3Csvg%20xmlns%3D&#39;http%3A%2F%2Fwww.w3.org%2F2000%2Fsvg&#39;%20viewBox%3D&#39;0%200%20768%20512&#39;%2F%3E\" data-src=\"https:\/\/web.escudoweb.com\/wp-content\/uploads\/2020\/10\/ecu-mob-768x512.jpg\" data-srcset=\"https:\/\/web.escudoweb.com\/wp-content\/uploads\/2020\/10\/ecu-mob-768x512.jpg 768w, https:\/\/web.escudoweb.com\/wp-content\/uploads\/2020\/10\/ecu-mob-961x641.jpg 961w\" loading=\"eager\" style=\"--ratio: 768 \/ 512\" sizes=\"(max-width: 768px) 100vw, 768px\" alt=\"\" title=\"ecu-mob\" width=\"768\" height=\"512\"  \/><\/a>\t<\/div>\n<\/div>\n\n\n<div class=\"post-entry-content\">\n\t<div class=\"post-entry-wrapper\">\n\t\t\t\t<h3 class=\"entry-title\">\n\t\t\t<a href=\"https:\/\/web.escudoweb.com\/index.php\/abuse-and-harassment-driving-girls-off-facebook-instagram-and-twitter\/\" title=\"Abuse and harassment driving girls off Facebook, Instagram and Twitter\" rel=\"bookmark\">Abuse and harassment driving girls off Facebook, Instagram and Twitter<\/a>\n\t\t<\/h3>\n\n\t\t<div class=\"entry-meta\"><a href=\"https:\/\/web.escudoweb.com\/index.php\/2020\/10\/14\/\" title=\"14:31\" class=\"data-link\" rel=\"bookmark\"><time class=\"entry-date updated\" datetime=\"2020-10-14T14:31:05+02:00\">14 octubre 2020<\/time><\/a><\/div>\n\t\t<div class=\"entry-excerpt\"><p>[vc_row][vc_column][vc_column_text]There has been a lot of negative discussion around social media, in particular following the documentary, The Social Dilemma. A&hellip;<\/p>\n<\/div>\n\t\t\n<a href=\"https:\/\/web.escudoweb.com\/index.php\/abuse-and-harassment-driving-girls-off-facebook-instagram-and-twitter\/\" class=\"dt-btn-s dt-btn post-details details-type-btn\" aria-label=\"Read more about Abuse and harassment driving girls off Facebook, Instagram and Twitter\">Read more<i class=\"dt-icon-the7-arrow-03\" aria-hidden=\"true\"><\/i><\/a>\n\n\t<\/div>\n<\/div><\/article><article class=\"post post-2262 type-post status-publish format-standard has-post-thumbnail hentry category-news category-21\" data-name=\"El impacto de las pantallas en los hogares espa\u00f1oles durante el confinamiento\" data-date=\"2020-10-13T07:28:04+02:00\">\n\n<div class=\"post-thumbnail-wrap\">\n\t<div class=\"post-thumbnail\">\n\t\t\n\t\t\n\t\t<a href=\"https:\/\/web.escudoweb.com\/index.php\/el-impacto-de-las-pantallas-en-los-hogares-espanoles-durante-el-confinamiento\/\" class=\"post-thumbnail-rollover layzr-bg\" ><img decoding=\"async\" class=\"preload-me owl-lazy-load aspect\" src=\"data:image\/svg+xml,%3Csvg%20xmlns%3D&#39;http%3A%2F%2Fwww.w3.org%2F2000%2Fsvg&#39;%20viewBox%3D&#39;0%200%20523%20349&#39;%2F%3E\" data-src=\"https:\/\/web.escudoweb.com\/wp-content\/uploads\/2020\/10\/a9c228_91ccd8a25ec04edbb11af6b11d84748c_mv2-523x349.jpg\" data-srcset=\"https:\/\/web.escudoweb.com\/wp-content\/uploads\/2020\/10\/a9c228_91ccd8a25ec04edbb11af6b11d84748c_mv2-523x349.jpg 523w\" loading=\"eager\" style=\"--ratio: 523 \/ 349\" sizes=\"(max-width: 523px) 100vw, 523px\" alt=\"\" title=\"a9c228_91ccd8a25ec04edbb11af6b11d84748c_mv2\" width=\"523\" height=\"349\"  \/><\/a>\t<\/div>\n<\/div>\n\n\n<div class=\"post-entry-content\">\n\t<div class=\"post-entry-wrapper\">\n\t\t\t\t<h3 class=\"entry-title\">\n\t\t\t<a href=\"https:\/\/web.escudoweb.com\/index.php\/el-impacto-de-las-pantallas-en-los-hogares-espanoles-durante-el-confinamiento\/\" title=\"El impacto de las pantallas en los hogares espa\u00f1oles durante el confinamiento\" rel=\"bookmark\">El impacto de las pantallas en los hogares espa\u00f1oles durante el confinamiento<\/a>\n\t\t<\/h3>\n\n\t\t<div class=\"entry-meta\"><a href=\"https:\/\/web.escudoweb.com\/index.php\/2020\/10\/13\/\" title=\"07:28\" class=\"data-link\" rel=\"bookmark\"><time class=\"entry-date updated\" datetime=\"2020-10-13T07:28:04+02:00\">13 octubre 2020<\/time><\/a><\/div>\n\t\t<div class=\"entry-excerpt\"><p>[vc_row][vc_column][vc_column_text]A recent study &#8211; \u201cThe impact of screens on daily life during confinement\u201d &#8211; backed by the EU, carried out&hellip;<\/p>\n<\/div>\n\t\t\n<a href=\"https:\/\/web.escudoweb.com\/index.php\/el-impacto-de-las-pantallas-en-los-hogares-espanoles-durante-el-confinamiento\/\" class=\"dt-btn-s dt-btn post-details details-type-btn\" aria-label=\"Read more about El impacto de las pantallas en los hogares espa\u00f1oles durante el confinamiento\">Read more<i class=\"dt-icon-the7-arrow-03\" aria-hidden=\"true\"><\/i><\/a>\n\n\t<\/div>\n<\/div><\/article><article class=\"post post-2258 type-post status-publish format-standard has-post-thumbnail hentry category-news category-21\" data-name=\"Exhausted teachers warn they have no additional funding to handle Covid-19\" data-date=\"2020-10-09T07:53:57+02:00\">\n\n<div class=\"post-thumbnail-wrap\">\n\t<div class=\"post-thumbnail\">\n\t\t\n\t\t\n\t\t<a href=\"https:\/\/web.escudoweb.com\/index.php\/exhausted-teachers-warn-they-have-no-additional-funding-to-handle-covid-19\/\" class=\"post-thumbnail-rollover layzr-bg\" ><img decoding=\"async\" class=\"preload-me owl-lazy-load aspect\" src=\"data:image\/svg+xml,%3Csvg%20xmlns%3D&#39;http%3A%2F%2Fwww.w3.org%2F2000%2Fsvg&#39;%20viewBox%3D&#39;0%200%20768%20512&#39;%2F%3E\" data-src=\"https:\/\/web.escudoweb.com\/wp-content\/uploads\/2020\/10\/3315-768x512.jpg\" data-srcset=\"https:\/\/web.escudoweb.com\/wp-content\/uploads\/2020\/10\/3315-768x512.jpg 768w, https:\/\/web.escudoweb.com\/wp-content\/uploads\/2020\/10\/3315-1152x768.jpg 1152w\" loading=\"eager\" style=\"--ratio: 768 \/ 512\" sizes=\"(max-width: 768px) 100vw, 768px\" alt=\"\" title=\"3315\" width=\"768\" height=\"512\"  \/><\/a>\t<\/div>\n<\/div>\n\n\n<div class=\"post-entry-content\">\n\t<div class=\"post-entry-wrapper\">\n\t\t\t\t<h3 class=\"entry-title\">\n\t\t\t<a href=\"https:\/\/web.escudoweb.com\/index.php\/exhausted-teachers-warn-they-have-no-additional-funding-to-handle-covid-19\/\" title=\"Exhausted teachers warn they have no additional funding to handle Covid-19\" rel=\"bookmark\">Exhausted teachers warn they have no additional funding to handle Covid-19<\/a>\n\t\t<\/h3>\n\n\t\t<div class=\"entry-meta\"><a href=\"https:\/\/web.escudoweb.com\/index.php\/2020\/10\/09\/\" title=\"07:53\" class=\"data-link\" rel=\"bookmark\"><time class=\"entry-date updated\" datetime=\"2020-10-09T07:53:57+02:00\">9 octubre 2020<\/time><\/a><\/div>\n\t\t<div class=\"entry-excerpt\"><p>[vc_row][vc_column][vc_column_text]The costs associated with maintaining a Covid-free environment were never budgeted for schools in 2020. Yet they are having to&hellip;<\/p>\n<\/div>\n\t\t\n<a href=\"https:\/\/web.escudoweb.com\/index.php\/exhausted-teachers-warn-they-have-no-additional-funding-to-handle-covid-19\/\" class=\"dt-btn-s dt-btn post-details details-type-btn\" aria-label=\"Read more about Exhausted teachers warn they have no additional funding to handle Covid-19\">Read more<i class=\"dt-icon-the7-arrow-03\" aria-hidden=\"true\"><\/i><\/a>\n\n\t<\/div>\n<\/div><\/article><article class=\"post post-2255 type-post status-publish format-standard has-post-thumbnail hentry category-news category-21\" data-name=\"Confidential information released after school district refused to pay hackers&#8217; ransom demand, report says\" data-date=\"2020-10-08T12:29:17+02:00\">\n\n<div class=\"post-thumbnail-wrap\">\n\t<div class=\"post-thumbnail\">\n\t\t\n\t\t\n\t\t<a href=\"https:\/\/web.escudoweb.com\/index.php\/confidential-information-released-after-school-district-refused-to-pay-hackers-ransom-demand-report-says\/\" class=\"post-thumbnail-rollover layzr-bg\" ><img decoding=\"async\" class=\"preload-me owl-lazy-load aspect\" src=\"data:image\/svg+xml,%3Csvg%20xmlns%3D&#39;http%3A%2F%2Fwww.w3.org%2F2000%2Fsvg&#39;%20viewBox%3D&#39;0%200%20657%20438&#39;%2F%3E\" data-src=\"https:\/\/web.escudoweb.com\/wp-content\/uploads\/2020\/10\/181003175321-hacking-business-video-card-exlarge-169-657x438.jpg\" data-srcset=\"https:\/\/web.escudoweb.com\/wp-content\/uploads\/2020\/10\/181003175321-hacking-business-video-card-exlarge-169-657x438.jpg 657w\" loading=\"eager\" style=\"--ratio: 657 \/ 438\" sizes=\"(max-width: 657px) 100vw, 657px\" alt=\"\" title=\"181003175321-hacking-business-video-card-exlarge-169\" width=\"657\" height=\"438\"  \/><\/a>\t<\/div>\n<\/div>\n\n\n<div class=\"post-entry-content\">\n\t<div class=\"post-entry-wrapper\">\n\t\t\t\t<h3 class=\"entry-title\">\n\t\t\t<a href=\"https:\/\/web.escudoweb.com\/index.php\/confidential-information-released-after-school-district-refused-to-pay-hackers-ransom-demand-report-says\/\" title=\"Confidential information released after school district refused to pay hackers&#8217; ransom demand, report says\" rel=\"bookmark\">Confidential information released after school district refused to pay hackers&#8217; ransom demand, report says<\/a>\n\t\t<\/h3>\n\n\t\t<div class=\"entry-meta\"><a href=\"https:\/\/web.escudoweb.com\/index.php\/2020\/10\/08\/\" title=\"12:29\" class=\"data-link\" rel=\"bookmark\"><time class=\"entry-date updated\" datetime=\"2020-10-08T12:29:17+02:00\">8 octubre 2020<\/time><\/a><\/div>\n\t\t<div class=\"entry-excerpt\"><p>[vc_row][vc_column][vc_column_text]Hackers have no scruples. A few weeks ago we reported that hackers were now targeting the education sector. Just over&hellip;<\/p>\n<\/div>\n\t\t\n<a href=\"https:\/\/web.escudoweb.com\/index.php\/confidential-information-released-after-school-district-refused-to-pay-hackers-ransom-demand-report-says\/\" class=\"dt-btn-s dt-btn post-details details-type-btn\" aria-label=\"Read more about Confidential information released after school district refused to pay hackers&#8217; ransom demand, report says\">Read more<i class=\"dt-icon-the7-arrow-03\" aria-hidden=\"true\"><\/i><\/a>\n\n\t<\/div>\n<\/div><\/article><article class=\"post post-2252 type-post status-publish format-standard has-post-thumbnail hentry category-news category-21\" data-name=\"Child abuse: Schools warned over internet safety lessons\" data-date=\"2020-10-07T13:30:59+02:00\">\n\n<div class=\"post-thumbnail-wrap\">\n\t<div class=\"post-thumbnail\">\n\t\t\n\t\t\n\t\t<a href=\"https:\/\/web.escudoweb.com\/index.php\/child-abuse-schools-warned-over-internet-safety-lessons\/\" class=\"post-thumbnail-rollover layzr-bg\" ><img decoding=\"async\" class=\"preload-me owl-lazy-load aspect\" src=\"data:image\/svg+xml,%3Csvg%20xmlns%3D&#39;http%3A%2F%2Fwww.w3.org%2F2000%2Fsvg&#39;%20viewBox%3D&#39;0%200%20675%20450&#39;%2F%3E\" data-src=\"https:\/\/web.escudoweb.com\/wp-content\/uploads\/2020\/10\/114696538_152602014-675x450.jpg\" data-srcset=\"https:\/\/web.escudoweb.com\/wp-content\/uploads\/2020\/10\/114696538_152602014-675x450.jpg 675w, https:\/\/web.escudoweb.com\/wp-content\/uploads\/2020\/10\/114696538_152602014-675x449.jpg 675w\" loading=\"eager\" style=\"--ratio: 675 \/ 450\" sizes=\"(max-width: 675px) 100vw, 675px\" alt=\"\" title=\"_114696538_152602014\" width=\"675\" height=\"450\"  \/><\/a>\t<\/div>\n<\/div>\n\n\n<div class=\"post-entry-content\">\n\t<div class=\"post-entry-wrapper\">\n\t\t\t\t<h3 class=\"entry-title\">\n\t\t\t<a href=\"https:\/\/web.escudoweb.com\/index.php\/child-abuse-schools-warned-over-internet-safety-lessons\/\" title=\"Child abuse: Schools warned over internet safety lessons\" rel=\"bookmark\">Child abuse: Schools warned over internet safety lessons<\/a>\n\t\t<\/h3>\n\n\t\t<div class=\"entry-meta\"><a href=\"https:\/\/web.escudoweb.com\/index.php\/2020\/10\/07\/\" title=\"13:30\" class=\"data-link\" rel=\"bookmark\"><time class=\"entry-date updated\" datetime=\"2020-10-07T13:30:59+02:00\">7 octubre 2020<\/time><\/a><\/div>\n\t\t<div class=\"entry-excerpt\"><p>[vc_row][vc_column][vc_column_text]A recent article from the BBC on research completed for the UK Safer Internet Centre identified that \u201cchildren are at&hellip;<\/p>\n<\/div>\n\t\t\n<a href=\"https:\/\/web.escudoweb.com\/index.php\/child-abuse-schools-warned-over-internet-safety-lessons\/\" class=\"dt-btn-s dt-btn post-details details-type-btn\" aria-label=\"Read more about Child abuse: Schools warned over internet safety lessons\">Read more<i class=\"dt-icon-the7-arrow-03\" aria-hidden=\"true\"><\/i><\/a>\n\n\t<\/div>\n<\/div><\/article><article class=\"post post-2249 type-post status-publish format-standard has-post-thumbnail hentry category-news category-21\" data-name=\"UNESCO urges increased investment in teachers for Learning Recovery\" data-date=\"2020-10-06T09:37:37+02:00\">\n\n<div class=\"post-thumbnail-wrap\">\n\t<div class=\"post-thumbnail\">\n\t\t\n\t\t\n\t\t<a href=\"https:\/\/web.escudoweb.com\/index.php\/unesco-urges-increased-investment-in-teachers-for-learning-recovery\/\" class=\"post-thumbnail-rollover layzr-bg\" ><img decoding=\"async\" class=\"preload-me owl-lazy-load aspect\" src=\"data:image\/svg+xml,%3Csvg%20xmlns%3D&#39;http%3A%2F%2Fwww.w3.org%2F2000%2Fsvg&#39;%20viewBox%3D&#39;0%200%20600%20400&#39;%2F%3E\" data-src=\"https:\/\/web.escudoweb.com\/wp-content\/uploads\/2020\/10\/worldteacherday2020_2-600x400.jpg\" data-srcset=\"https:\/\/web.escudoweb.com\/wp-content\/uploads\/2020\/10\/worldteacherday2020_2-600x400.jpg 600w\" loading=\"eager\" style=\"--ratio: 600 \/ 400\" sizes=\"(max-width: 600px) 100vw, 600px\" alt=\"\" title=\"worldteacherday2020_2\" width=\"600\" height=\"400\"  \/><\/a>\t<\/div>\n<\/div>\n\n\n<div class=\"post-entry-content\">\n\t<div class=\"post-entry-wrapper\">\n\t\t\t\t<h3 class=\"entry-title\">\n\t\t\t<a href=\"https:\/\/web.escudoweb.com\/index.php\/unesco-urges-increased-investment-in-teachers-for-learning-recovery\/\" title=\"UNESCO urges increased investment in teachers for Learning Recovery\" rel=\"bookmark\">UNESCO urges increased investment in teachers for Learning Recovery<\/a>\n\t\t<\/h3>\n\n\t\t<div class=\"entry-meta\"><a href=\"https:\/\/web.escudoweb.com\/index.php\/2020\/10\/06\/\" title=\"09:37\" class=\"data-link\" rel=\"bookmark\"><time class=\"entry-date updated\" datetime=\"2020-10-06T09:37:37+02:00\">6 octubre 2020<\/time><\/a><\/div>\n\t\t<div class=\"entry-excerpt\"><p>[vc_row][vc_column][vc_column_text]Yesterday, Monday 5th October, was a special day: Teachers Day. After health workers, teachers have been at the forefront of&hellip;<\/p>\n<\/div>\n\t\t\n<a href=\"https:\/\/web.escudoweb.com\/index.php\/unesco-urges-increased-investment-in-teachers-for-learning-recovery\/\" class=\"dt-btn-s dt-btn post-details details-type-btn\" aria-label=\"Read more about UNESCO urges increased investment in teachers for Learning Recovery\">Read more<i class=\"dt-icon-the7-arrow-03\" aria-hidden=\"true\"><\/i><\/a>\n\n\t<\/div>\n<\/div><\/article><article class=\"post post-2245 type-post status-publish format-standard has-post-thumbnail hentry category-news category-21\" data-name=\"Muddy knees and climbing trees: how a summer playing outdoors can help children recharge\" data-date=\"2020-10-05T07:25:52+02:00\">\n\n<div class=\"post-thumbnail-wrap\">\n\t<div class=\"post-thumbnail\">\n\t\t\n\t\t\n\t\t<a href=\"https:\/\/web.escudoweb.com\/index.php\/muddy-knees-and-climbing-trees-how-a-summer-playing-outdoors-can-help-children-recharge\/\" class=\"post-thumbnail-rollover layzr-bg\" ><img decoding=\"async\" class=\"preload-me owl-lazy-load aspect\" src=\"data:image\/svg+xml,%3Csvg%20xmlns%3D&#39;http%3A%2F%2Fwww.w3.org%2F2000%2Fsvg&#39;%20viewBox%3D&#39;0%200%20768%20512&#39;%2F%3E\" data-src=\"https:\/\/web.escudoweb.com\/wp-content\/uploads\/2020\/10\/muddy-768x512.jpg\" data-srcset=\"https:\/\/web.escudoweb.com\/wp-content\/uploads\/2020\/10\/muddy-768x512.jpg 768w, https:\/\/web.escudoweb.com\/wp-content\/uploads\/2020\/10\/muddy-996x664.jpg 996w\" loading=\"eager\" style=\"--ratio: 768 \/ 512\" sizes=\"(max-width: 768px) 100vw, 768px\" alt=\"\" title=\"muddy\" width=\"768\" height=\"512\"  \/><\/a>\t<\/div>\n<\/div>\n\n\n<div class=\"post-entry-content\">\n\t<div class=\"post-entry-wrapper\">\n\t\t\t\t<h3 class=\"entry-title\">\n\t\t\t<a href=\"https:\/\/web.escudoweb.com\/index.php\/muddy-knees-and-climbing-trees-how-a-summer-playing-outdoors-can-help-children-recharge\/\" title=\"Muddy knees and climbing trees: how a summer playing outdoors can help children recharge\" rel=\"bookmark\">Muddy knees and climbing trees: how a summer playing outdoors can help children recharge<\/a>\n\t\t<\/h3>\n\n\t\t<div class=\"entry-meta\"><a href=\"https:\/\/web.escudoweb.com\/index.php\/2020\/10\/05\/\" title=\"07:25\" class=\"data-link\" rel=\"bookmark\"><time class=\"entry-date updated\" datetime=\"2020-10-05T07:25:52+02:00\">5 octubre 2020<\/time><\/a><\/div>\n\t\t<div class=\"entry-excerpt\"><p>[vc_row][vc_column][vc_column_text]There is a trend of engaging less with nature, amplified by quarantine over many months. This is due to \u201cfears&hellip;<\/p>\n<\/div>\n\t\t\n<a href=\"https:\/\/web.escudoweb.com\/index.php\/muddy-knees-and-climbing-trees-how-a-summer-playing-outdoors-can-help-children-recharge\/\" class=\"dt-btn-s dt-btn post-details details-type-btn\" aria-label=\"Read more about Muddy knees and climbing trees: how a summer playing outdoors can help children recharge\">Read more<i class=\"dt-icon-the7-arrow-03\" aria-hidden=\"true\"><\/i><\/a>\n\n\t<\/div>\n<\/div><\/article><article class=\"post post-2242 type-post status-publish format-standard has-post-thumbnail hentry category-news category-21\" data-name=\"Why the way our children watch screens matters\" data-date=\"2020-10-02T11:20:02+02:00\">\n\n<div class=\"post-thumbnail-wrap\">\n\t<div class=\"post-thumbnail\">\n\t\t\n\t\t\n\t\t<a href=\"https:\/\/web.escudoweb.com\/index.php\/why-the-way-our-children-watch-screens-matters\/\" class=\"post-thumbnail-rollover layzr-bg\" ><img decoding=\"async\" class=\"preload-me owl-lazy-load aspect\" src=\"data:image\/svg+xml,%3Csvg%20xmlns%3D&#39;http%3A%2F%2Fwww.w3.org%2F2000%2Fsvg&#39;%20viewBox%3D&#39;0%200%20768%20512&#39;%2F%3E\" data-src=\"https:\/\/web.escudoweb.com\/wp-content\/uploads\/2020\/10\/bbc-768x512.jpg\" data-srcset=\"https:\/\/web.escudoweb.com\/wp-content\/uploads\/2020\/10\/bbc-768x512.jpg 768w, https:\/\/web.escudoweb.com\/wp-content\/uploads\/2020\/10\/bbc-1152x768.jpg 1152w\" loading=\"eager\" style=\"--ratio: 768 \/ 512\" sizes=\"(max-width: 768px) 100vw, 768px\" alt=\"\" title=\"bbc\" width=\"768\" height=\"512\"  \/><\/a>\t<\/div>\n<\/div>\n\n\n<div class=\"post-entry-content\">\n\t<div class=\"post-entry-wrapper\">\n\t\t\t\t<h3 class=\"entry-title\">\n\t\t\t<a href=\"https:\/\/web.escudoweb.com\/index.php\/why-the-way-our-children-watch-screens-matters\/\" title=\"Why the way our children watch screens matters\" rel=\"bookmark\">Why the way our children watch screens matters<\/a>\n\t\t<\/h3>\n\n\t\t<div class=\"entry-meta\"><a href=\"https:\/\/web.escudoweb.com\/index.php\/2020\/10\/02\/\" title=\"11:20\" class=\"data-link\" rel=\"bookmark\"><time class=\"entry-date updated\" datetime=\"2020-10-02T11:20:02+02:00\">2 octubre 2020<\/time><\/a><\/div>\n\t\t<div class=\"entry-excerpt\"><p>[vc_row][vc_column][vc_column_text]Due to the pandemic children have been forced into a new relationship with technology. From March, in many countries of&hellip;<\/p>\n<\/div>\n\t\t\n<a href=\"https:\/\/web.escudoweb.com\/index.php\/why-the-way-our-children-watch-screens-matters\/\" class=\"dt-btn-s dt-btn post-details details-type-btn\" aria-label=\"Read more about Why the way our children watch screens matters\">Read more<i class=\"dt-icon-the7-arrow-03\" aria-hidden=\"true\"><\/i><\/a>\n\n\t<\/div>\n<\/div><\/article><article class=\"post post-2237 type-post status-publish format-standard has-post-thumbnail hentry category-news category-21\" data-name=\"Almost 7 out of 10 teenagers consume pornography\" data-date=\"2020-10-01T11:32:04+02:00\">\n\n<div class=\"post-thumbnail-wrap\">\n\t<div class=\"post-thumbnail\">\n\t\t\n\t\t\n\t\t<a href=\"https:\/\/web.escudoweb.com\/index.php\/almost-7-out-of-10-teenagers-consume-pornography\/\" class=\"post-thumbnail-rollover layzr-bg\" ><img decoding=\"async\" class=\"preload-me owl-lazy-load aspect\" src=\"data:image\/svg+xml,%3Csvg%20xmlns%3D&#39;http%3A%2F%2Fwww.w3.org%2F2000%2Fsvg&#39;%20viewBox%3D&#39;0%200%20768%20512&#39;%2F%3E\" data-src=\"https:\/\/web.escudoweb.com\/wp-content\/uploads\/2020\/10\/hero_publicacio\u0301n_informe-desinformacio\u0301n-sexual_V2-768x512.jpg\" data-srcset=\"https:\/\/web.escudoweb.com\/wp-content\/uploads\/2020\/10\/hero_publicacio\u0301n_informe-desinformacio\u0301n-sexual_V2-768x512.jpg 768w, https:\/\/web.escudoweb.com\/wp-content\/uploads\/2020\/10\/hero_publicacio\u0301n_informe-desinformacio\u0301n-sexual_V2-1152x768.jpg 1152w\" loading=\"eager\" style=\"--ratio: 768 \/ 512\" sizes=\"(max-width: 768px) 100vw, 768px\" alt=\"\" title=\"hero_publicacio\u0301n_informe-desinformacio\u0301n-sexual_V2\" width=\"768\" height=\"512\"  \/><\/a>\t<\/div>\n<\/div>\n\n\n<div class=\"post-entry-content\">\n\t<div class=\"post-entry-wrapper\">\n\t\t\t\t<h3 class=\"entry-title\">\n\t\t\t<a href=\"https:\/\/web.escudoweb.com\/index.php\/almost-7-out-of-10-teenagers-consume-pornography\/\" title=\"Almost 7 out of 10 teenagers consume pornography\" rel=\"bookmark\">Almost 7 out of 10 teenagers consume pornography<\/a>\n\t\t<\/h3>\n\n\t\t<div class=\"entry-meta\"><a href=\"https:\/\/web.escudoweb.com\/index.php\/2020\/10\/01\/\" title=\"11:32\" class=\"data-link\" rel=\"bookmark\"><time class=\"entry-date updated\" datetime=\"2020-10-01T11:32:04+02:00\">1 octubre 2020<\/time><\/a><\/div>\n\t\t<div class=\"entry-excerpt\"><p>[vc_row][vc_column][vc_column_text]Covid-19 has increased the importance &#8211; even necessity &#8211;\u00a0 of having technology in education. However, this does come at some&hellip;<\/p>\n<\/div>\n\t\t\n<a href=\"https:\/\/web.escudoweb.com\/index.php\/almost-7-out-of-10-teenagers-consume-pornography\/\" class=\"dt-btn-s dt-btn post-details details-type-btn\" aria-label=\"Read more about Almost 7 out of 10 teenagers consume pornography\">Read more<i class=\"dt-icon-the7-arrow-03\" aria-hidden=\"true\"><\/i><\/a>\n\n\t<\/div>\n<\/div><\/article><article class=\"post post-2234 type-post status-publish format-standard has-post-thumbnail hentry category-news category-21\" data-name=\"In England, reopening has not been the disaster many feared\" data-date=\"2020-09-30T10:47:20+02:00\">\n\n<div class=\"post-thumbnail-wrap\">\n\t<div class=\"post-thumbnail\">\n\t\t\n\t\t\n\t\t<a href=\"https:\/\/web.escudoweb.com\/index.php\/in-england-reopening-has-not-been-the-disaster-many-feared\/\" class=\"post-thumbnail-rollover layzr-bg\" ><img decoding=\"async\" class=\"preload-me owl-lazy-load aspect\" src=\"data:image\/svg+xml,%3Csvg%20xmlns%3D&#39;http%3A%2F%2Fwww.w3.org%2F2000%2Fsvg&#39;%20viewBox%3D&#39;0%200%20768%20512&#39;%2F%3E\" data-src=\"https:\/\/web.escudoweb.com\/wp-content\/uploads\/2020\/09\/20200905_BRP504-768x512.jpg\" data-srcset=\"https:\/\/web.escudoweb.com\/wp-content\/uploads\/2020\/09\/20200905_BRP504-768x512.jpg 768w, https:\/\/web.escudoweb.com\/wp-content\/uploads\/2020\/09\/20200905_BRP504-844x563.jpg 844w\" loading=\"eager\" style=\"--ratio: 768 \/ 512\" sizes=\"(max-width: 768px) 100vw, 768px\" alt=\"\" title=\"20200905_BRP504\" width=\"768\" height=\"512\"  \/><\/a>\t<\/div>\n<\/div>\n\n\n<div class=\"post-entry-content\">\n\t<div class=\"post-entry-wrapper\">\n\t\t\t\t<h3 class=\"entry-title\">\n\t\t\t<a href=\"https:\/\/web.escudoweb.com\/index.php\/in-england-reopening-has-not-been-the-disaster-many-feared\/\" title=\"In England, reopening has not been the disaster many feared\" rel=\"bookmark\">In England, reopening has not been the disaster many feared<\/a>\n\t\t<\/h3>\n\n\t\t<div class=\"entry-meta\"><a href=\"https:\/\/web.escudoweb.com\/index.php\/2020\/09\/30\/\" title=\"10:47\" class=\"data-link\" rel=\"bookmark\"><time class=\"entry-date updated\" datetime=\"2020-09-30T10:47:20+02:00\">30 septiembre 2020<\/time><\/a><\/div>\n\t\t<div class=\"entry-excerpt\"><p>[vc_row][vc_column][vc_column_text]After a lot of criticism and much uncertainty around the move to reopen schools, the UK experience appears to have&hellip;<\/p>\n<\/div>\n\t\t\n<a href=\"https:\/\/web.escudoweb.com\/index.php\/in-england-reopening-has-not-been-the-disaster-many-feared\/\" class=\"dt-btn-s dt-btn post-details details-type-btn\" aria-label=\"Read more about In England, reopening has not been the disaster many feared\">Read more<i class=\"dt-icon-the7-arrow-03\" aria-hidden=\"true\"><\/i><\/a>\n\n\t<\/div>\n<\/div><\/article><article class=\"post post-2231 type-post status-publish format-standard has-post-thumbnail hentry category-news category-21\" data-name=\"The Apple Event 2020 announce Family Setup\" data-date=\"2020-09-28T10:03:57+02:00\">\n\n<div class=\"post-thumbnail-wrap\">\n\t<div class=\"post-thumbnail\">\n\t\t\n\t\t\n\t\t<a href=\"https:\/\/web.escudoweb.com\/index.php\/the-apple-event-2020-announce-family-setup\/\" class=\"post-thumbnail-rollover layzr-bg\" ><img decoding=\"async\" class=\"preload-me owl-lazy-load aspect\" src=\"data:image\/svg+xml,%3Csvg%20xmlns%3D&#39;http%3A%2F%2Fwww.w3.org%2F2000%2Fsvg&#39;%20viewBox%3D&#39;0%200%20734%20489&#39;%2F%3E\" data-src=\"https:\/\/web.escudoweb.com\/wp-content\/uploads\/2020\/09\/hipertextual-apple-watch-family-setup-2020719200-740x490-734x489.jpg\" data-srcset=\"https:\/\/web.escudoweb.com\/wp-content\/uploads\/2020\/09\/hipertextual-apple-watch-family-setup-2020719200-740x490-734x489.jpg 734w, https:\/\/web.escudoweb.com\/wp-content\/uploads\/2020\/09\/hipertextual-apple-watch-family-setup-2020719200-740x490-735x490.jpg 735w\" loading=\"eager\" style=\"--ratio: 734 \/ 489\" sizes=\"(max-width: 734px) 100vw, 734px\" alt=\"\" title=\"hipertextual-apple-watch-family-setup-2020719200-740&#215;490\" width=\"734\" height=\"489\"  \/><\/a>\t<\/div>\n<\/div>\n\n\n<div class=\"post-entry-content\">\n\t<div class=\"post-entry-wrapper\">\n\t\t\t\t<h3 class=\"entry-title\">\n\t\t\t<a href=\"https:\/\/web.escudoweb.com\/index.php\/the-apple-event-2020-announce-family-setup\/\" title=\"The Apple Event 2020 announce Family Setup\" rel=\"bookmark\">The Apple Event 2020 announce Family Setup<\/a>\n\t\t<\/h3>\n\n\t\t<div class=\"entry-meta\"><a href=\"https:\/\/web.escudoweb.com\/index.php\/2020\/09\/28\/\" title=\"10:03\" class=\"data-link\" rel=\"bookmark\"><time class=\"entry-date updated\" datetime=\"2020-09-28T10:03:57+02:00\">28 septiembre 2020<\/time><\/a><\/div>\n\t\t<div class=\"entry-excerpt\"><p>[vc_row][vc_column][vc_column_text]We were very pleased to see the Apple Event 2020 announce a new feature, Family Setup, which enables a parent&hellip;<\/p>\n<\/div>\n\t\t\n<a href=\"https:\/\/web.escudoweb.com\/index.php\/the-apple-event-2020-announce-family-setup\/\" class=\"dt-btn-s dt-btn post-details details-type-btn\" aria-label=\"Read more about The Apple Event 2020 announce Family Setup\">Read more<i class=\"dt-icon-the7-arrow-03\" aria-hidden=\"true\"><\/i><\/a>\n\n\t<\/div>\n<\/div><\/article><article class=\"post post-2224 type-post status-publish format-standard has-post-thumbnail hentry category-news category-21\" data-name=\"11 million girls may never return to school after the coronavirus pandemic, the UN warns\" data-date=\"2020-09-25T09:37:31+02:00\">\n\n<div class=\"post-thumbnail-wrap\">\n\t<div class=\"post-thumbnail\">\n\t\t\n\t\t\n\t\t<a href=\"https:\/\/web.escudoweb.com\/index.php\/11-million-girls-may-never-return-to-school-after-the-coronavirus-pandemic-the-un-warns\/\" class=\"post-thumbnail-rollover layzr-bg\" ><img decoding=\"async\" class=\"preload-me owl-lazy-load aspect\" src=\"data:image\/svg+xml,%3Csvg%20xmlns%3D&#39;http%3A%2F%2Fwww.w3.org%2F2000%2Fsvg&#39;%20viewBox%3D&#39;0%200%20768%20512&#39;%2F%3E\" data-src=\"https:\/\/web.escudoweb.com\/wp-content\/uploads\/2020\/09\/5f314f10de1e967f5a0cd702-768x512.jpeg\" data-srcset=\"https:\/\/web.escudoweb.com\/wp-content\/uploads\/2020\/09\/5f314f10de1e967f5a0cd702-768x512.jpeg 768w, https:\/\/web.escudoweb.com\/wp-content\/uploads\/2020\/09\/5f314f10de1e967f5a0cd702-894x596.jpeg 894w\" loading=\"eager\" style=\"--ratio: 768 \/ 512\" sizes=\"(max-width: 768px) 100vw, 768px\" alt=\"\" title=\"5f314f10de1e967f5a0cd702\" width=\"768\" height=\"512\"  \/><\/a>\t<\/div>\n<\/div>\n\n\n<div class=\"post-entry-content\">\n\t<div class=\"post-entry-wrapper\">\n\t\t\t\t<h3 class=\"entry-title\">\n\t\t\t<a href=\"https:\/\/web.escudoweb.com\/index.php\/11-million-girls-may-never-return-to-school-after-the-coronavirus-pandemic-the-un-warns\/\" title=\"11 million girls may never return to school after the coronavirus pandemic, the UN warns\" rel=\"bookmark\">11 million girls may never return to school after the coronavirus pandemic, the UN warns<\/a>\n\t\t<\/h3>\n\n\t\t<div class=\"entry-meta\"><a href=\"https:\/\/web.escudoweb.com\/index.php\/2020\/09\/25\/\" title=\"09:37\" class=\"data-link\" rel=\"bookmark\"><time class=\"entry-date updated\" datetime=\"2020-09-25T09:37:31+02:00\">25 septiembre 2020<\/time><\/a><\/div>\n\t\t<div class=\"entry-excerpt\"><p>[vc_row][vc_column][vc_column_text]Much analysis has been done as to the effects of the pandemic on Education. Inevitably the conclusions are not good&hellip;<\/p>\n<\/div>\n\t\t\n<a href=\"https:\/\/web.escudoweb.com\/index.php\/11-million-girls-may-never-return-to-school-after-the-coronavirus-pandemic-the-un-warns\/\" class=\"dt-btn-s dt-btn post-details details-type-btn\" aria-label=\"Read more about 11 million girls may never return to school after the coronavirus pandemic, the UN warns\">Read more<i class=\"dt-icon-the7-arrow-03\" aria-hidden=\"true\"><\/i><\/a>\n\n\t<\/div>\n<\/div><\/article><article class=\"post post-2220 type-post status-publish format-standard has-post-thumbnail hentry category-news category-21\" data-name=\"Getting kids back to school was easy compared with what will come next\" data-date=\"2020-09-24T08:00:57+02:00\">\n\n<div class=\"post-thumbnail-wrap\">\n\t<div class=\"post-thumbnail\">\n\t\t\n\t\t\n\t\t<a href=\"https:\/\/web.escudoweb.com\/index.php\/getting-kids-back-to-school-was-easy-compared-with-what-will-come-next\/\" class=\"post-thumbnail-rollover layzr-bg\" ><img decoding=\"async\" class=\"preload-me owl-lazy-load aspect\" src=\"data:image\/svg+xml,%3Csvg%20xmlns%3D&#39;http%3A%2F%2Fwww.w3.org%2F2000%2Fsvg&#39;%20viewBox%3D&#39;0%200%20768%20512&#39;%2F%3E\" data-src=\"https:\/\/web.escudoweb.com\/wp-content\/uploads\/2020\/09\/F3.large_-768x512.jpg\" data-srcset=\"https:\/\/web.escudoweb.com\/wp-content\/uploads\/2020\/09\/F3.large_-768x512.jpg 768w, https:\/\/web.escudoweb.com\/wp-content\/uploads\/2020\/09\/F3.large_-1152x768.jpg 1152w\" loading=\"eager\" style=\"--ratio: 768 \/ 512\" sizes=\"(max-width: 768px) 100vw, 768px\" alt=\"\" title=\"F3.large\" width=\"768\" height=\"512\"  \/><\/a>\t<\/div>\n<\/div>\n\n\n<div class=\"post-entry-content\">\n\t<div class=\"post-entry-wrapper\">\n\t\t\t\t<h3 class=\"entry-title\">\n\t\t\t<a href=\"https:\/\/web.escudoweb.com\/index.php\/getting-kids-back-to-school-was-easy-compared-with-what-will-come-next\/\" title=\"Getting kids back to school was easy compared with what will come next\" rel=\"bookmark\">Getting kids back to school was easy compared with what will come next<\/a>\n\t\t<\/h3>\n\n\t\t<div class=\"entry-meta\"><a href=\"https:\/\/web.escudoweb.com\/index.php\/2020\/09\/24\/\" title=\"08:00\" class=\"data-link\" rel=\"bookmark\"><time class=\"entry-date updated\" datetime=\"2020-09-24T08:00:57+02:00\">24 septiembre 2020<\/time><\/a><\/div>\n\t\t<div class=\"entry-excerpt\"><p>[vc_row][vc_column][vc_column_text]While all governments have placed a lot of emphasis on children returning to school &#8211; sometimes even using bullying tactics&hellip;<\/p>\n<\/div>\n\t\t\n<a href=\"https:\/\/web.escudoweb.com\/index.php\/getting-kids-back-to-school-was-easy-compared-with-what-will-come-next\/\" class=\"dt-btn-s dt-btn post-details details-type-btn\" aria-label=\"Read more about Getting kids back to school was easy compared with what will come next\">Read more<i class=\"dt-icon-the7-arrow-03\" aria-hidden=\"true\"><\/i><\/a>\n\n\t<\/div>\n<\/div><\/article><article class=\"post post-2213 type-post status-publish format-standard has-post-thumbnail hentry category-news category-21\" data-name=\"Education critical to build a more resilient society\" data-date=\"2020-09-23T10:50:59+02:00\">\n\n<div class=\"post-thumbnail-wrap\">\n\t<div class=\"post-thumbnail\">\n\t\t\n\t\t\n\t\t<a href=\"https:\/\/web.escudoweb.com\/index.php\/education-critical-to-build-a-more-resilient-society\/\" class=\"post-thumbnail-rollover layzr-bg\" ><img decoding=\"async\" class=\"preload-me owl-lazy-load aspect\" src=\"data:image\/svg+xml,%3Csvg%20xmlns%3D&#39;http%3A%2F%2Fwww.w3.org%2F2000%2Fsvg&#39;%20viewBox%3D&#39;0%200%20768%20512&#39;%2F%3E\" data-src=\"https:\/\/web.escudoweb.com\/wp-content\/uploads\/2020\/09\/0-768x512.jpg\" data-srcset=\"https:\/\/web.escudoweb.com\/wp-content\/uploads\/2020\/09\/0-768x512.jpg 768w, https:\/\/web.escudoweb.com\/wp-content\/uploads\/2020\/09\/0-1024x682.jpg 1024w\" loading=\"eager\" style=\"--ratio: 768 \/ 512\" sizes=\"(max-width: 768px) 100vw, 768px\" alt=\"\"  width=\"768\" height=\"512\"  \/><\/a>\t<\/div>\n<\/div>\n\n\n<div class=\"post-entry-content\">\n\t<div class=\"post-entry-wrapper\">\n\t\t\t\t<h3 class=\"entry-title\">\n\t\t\t<a href=\"https:\/\/web.escudoweb.com\/index.php\/education-critical-to-build-a-more-resilient-society\/\" title=\"Education critical to build a more resilient society\" rel=\"bookmark\">Education critical to build a more resilient society<\/a>\n\t\t<\/h3>\n\n\t\t<div class=\"entry-meta\"><a href=\"https:\/\/web.escudoweb.com\/index.php\/2020\/09\/23\/\" title=\"10:50\" class=\"data-link\" rel=\"bookmark\"><time class=\"entry-date updated\" datetime=\"2020-09-23T10:50:59+02:00\">23 septiembre 2020<\/time><\/a><\/div>\n\t\t<div class=\"entry-excerpt\"><p>[vc_row][vc_column][vc_column_text]The OECD just published a report, The Impact of COVID-19 on Education: Insights from Education at a Glance, analysing the&hellip;<\/p>\n<\/div>\n\t\t\n<a href=\"https:\/\/web.escudoweb.com\/index.php\/education-critical-to-build-a-more-resilient-society\/\" class=\"dt-btn-s dt-btn post-details details-type-btn\" aria-label=\"Read more about Education critical to build a more resilient society\">Read more<i class=\"dt-icon-the7-arrow-03\" aria-hidden=\"true\"><\/i><\/a>\n\n\t<\/div>\n<\/div><\/article><article class=\"post post-2209 type-post status-publish format-standard has-post-thumbnail hentry category-news category-21\" data-name=\"Reimagining a more equitable and resilient K\u201312 education system\" data-date=\"2020-09-22T08:02:35+02:00\">\n\n<div class=\"post-thumbnail-wrap\">\n\t<div class=\"post-thumbnail\">\n\t\t\n\t\t\n\t\t<a href=\"https:\/\/web.escudoweb.com\/index.php\/reimagining-a-more-equitable-and-resilient-k-12-education-system\/\" class=\"post-thumbnail-rollover layzr-bg\" ><img decoding=\"async\" class=\"preload-me owl-lazy-load aspect\" src=\"data:image\/svg+xml,%3Csvg%20xmlns%3D&#39;http%3A%2F%2Fwww.w3.org%2F2000%2Fsvg&#39;%20viewBox%3D&#39;0%200%20768%20512&#39;%2F%3E\" data-src=\"https:\/\/web.escudoweb.com\/wp-content\/uploads\/2020\/09\/reimagining-768x512.jpg\" data-srcset=\"https:\/\/web.escudoweb.com\/wp-content\/uploads\/2020\/09\/reimagining-768x512.jpg 768w, https:\/\/web.escudoweb.com\/wp-content\/uploads\/2020\/09\/reimagining-1063x708.jpg 1063w\" loading=\"eager\" style=\"--ratio: 768 \/ 512\" sizes=\"(max-width: 768px) 100vw, 768px\" alt=\"\" title=\"reimagining\" width=\"768\" height=\"512\"  \/><\/a>\t<\/div>\n<\/div>\n\n\n<div class=\"post-entry-content\">\n\t<div class=\"post-entry-wrapper\">\n\t\t\t\t<h3 class=\"entry-title\">\n\t\t\t<a href=\"https:\/\/web.escudoweb.com\/index.php\/reimagining-a-more-equitable-and-resilient-k-12-education-system\/\" title=\"Reimagining a more equitable and resilient K\u201312 education system\" rel=\"bookmark\">Reimagining a more equitable and resilient K\u201312 education system<\/a>\n\t\t<\/h3>\n\n\t\t<div class=\"entry-meta\"><a href=\"https:\/\/web.escudoweb.com\/index.php\/2020\/09\/22\/\" title=\"08:02\" class=\"data-link\" rel=\"bookmark\"><time class=\"entry-date updated\" datetime=\"2020-09-22T08:02:35+02:00\">22 septiembre 2020<\/time><\/a><\/div>\n\t\t<div class=\"entry-excerpt\"><p>[vc_row][vc_column][vc_column_text]A few articles have started to question whether the pandemic might be good in one respect for education: that it&hellip;<\/p>\n<\/div>\n\t\t\n<a href=\"https:\/\/web.escudoweb.com\/index.php\/reimagining-a-more-equitable-and-resilient-k-12-education-system\/\" class=\"dt-btn-s dt-btn post-details details-type-btn\" aria-label=\"Read more about Reimagining a more equitable and resilient K\u201312 education system\">Read more<i class=\"dt-icon-the7-arrow-03\" aria-hidden=\"true\"><\/i><\/a>\n\n\t<\/div>\n<\/div><\/article><article class=\"post post-2206 type-post status-publish format-standard has-post-thumbnail hentry category-news category-21\" data-name=\"69% of parents concerned smartphones are impacting children\u2019s cognitive development\" data-date=\"2020-09-18T07:21:49+02:00\">\n\n<div class=\"post-thumbnail-wrap\">\n\t<div class=\"post-thumbnail\">\n\t\t\n\t\t\n\t\t<a href=\"https:\/\/web.escudoweb.com\/index.php\/69-of-parents-concerned-smartphones-are-impacting-childrens-cognitive-development\/\" class=\"post-thumbnail-rollover layzr-bg\" ><img decoding=\"async\" class=\"preload-me owl-lazy-load aspect\" src=\"data:image\/svg+xml,%3Csvg%20xmlns%3D&#39;http%3A%2F%2Fwww.w3.org%2F2000%2Fsvg&#39;%20viewBox%3D&#39;0%200%20768%20512&#39;%2F%3E\" data-src=\"https:\/\/web.escudoweb.com\/wp-content\/uploads\/2020\/09\/gaelle-marcel-FLdK5N-YGf4-unsplash-768x512.jpg\" data-srcset=\"https:\/\/web.escudoweb.com\/wp-content\/uploads\/2020\/09\/gaelle-marcel-FLdK5N-YGf4-unsplash-768x512.jpg 768w, https:\/\/web.escudoweb.com\/wp-content\/uploads\/2020\/09\/gaelle-marcel-FLdK5N-YGf4-unsplash-1152x768.jpg 1152w\" loading=\"eager\" style=\"--ratio: 768 \/ 512\" sizes=\"(max-width: 768px) 100vw, 768px\" alt=\"\" title=\"gaelle-marcel-FLdK5N-YGf4-unsplash\" width=\"768\" height=\"512\"  \/><\/a>\t<\/div>\n<\/div>\n\n\n<div class=\"post-entry-content\">\n\t<div class=\"post-entry-wrapper\">\n\t\t\t\t<h3 class=\"entry-title\">\n\t\t\t<a href=\"https:\/\/web.escudoweb.com\/index.php\/69-of-parents-concerned-smartphones-are-impacting-childrens-cognitive-development\/\" title=\"69% of parents concerned smartphones are impacting children\u2019s cognitive development\" rel=\"bookmark\">69% of parents concerned smartphones are impacting children\u2019s cognitive development<\/a>\n\t\t<\/h3>\n\n\t\t<div class=\"entry-meta\"><a href=\"https:\/\/web.escudoweb.com\/index.php\/2020\/09\/18\/\" title=\"07:21\" class=\"data-link\" rel=\"bookmark\"><time class=\"entry-date updated\" datetime=\"2020-09-18T07:21:49+02:00\">18 septiembre 2020<\/time><\/a><\/div>\n\t\t<div class=\"entry-excerpt\"><p>[vc_row][vc_column][vc_column_text]Young children are being gifted a smartphone at an increasingly young age. In the UK, following a similar worldwide trend,&hellip;<\/p>\n<\/div>\n\t\t\n<a href=\"https:\/\/web.escudoweb.com\/index.php\/69-of-parents-concerned-smartphones-are-impacting-childrens-cognitive-development\/\" class=\"dt-btn-s dt-btn post-details details-type-btn\" aria-label=\"Read more about 69% of parents concerned smartphones are impacting children\u2019s cognitive development\">Read more<i class=\"dt-icon-the7-arrow-03\" aria-hidden=\"true\"><\/i><\/a>\n\n\t<\/div>\n<\/div><\/article><article class=\"post post-2203 type-post status-publish format-standard has-post-thumbnail hentry category-news category-21\" data-name=\"2020 Deloitte back-to-school survey\" data-date=\"2020-09-17T09:09:59+02:00\">\n\n<div class=\"post-thumbnail-wrap\">\n\t<div class=\"post-thumbnail\">\n\t\t\n\t\t\n\t\t<a href=\"https:\/\/web.escudoweb.com\/index.php\/2020-deloitte-back-to-school-survey\/\" class=\"post-thumbnail-rollover layzr-bg\" ><img decoding=\"async\" class=\"preload-me owl-lazy-load aspect\" src=\"data:image\/svg+xml,%3Csvg%20xmlns%3D&#39;http%3A%2F%2Fwww.w3.org%2F2000%2Fsvg&#39;%20viewBox%3D&#39;0%200%20768%20512&#39;%2F%3E\" data-src=\"https:\/\/web.escudoweb.com\/wp-content\/uploads\/2020\/09\/backtoschool-768x512.jpg\" data-srcset=\"https:\/\/web.escudoweb.com\/wp-content\/uploads\/2020\/09\/backtoschool-768x512.jpg 768w, https:\/\/web.escudoweb.com\/wp-content\/uploads\/2020\/09\/backtoschool-1152x768.jpg 1152w\" loading=\"eager\" style=\"--ratio: 768 \/ 512\" sizes=\"(max-width: 768px) 100vw, 768px\" alt=\"\" title=\"backtoschool\" width=\"768\" height=\"512\"  \/><\/a>\t<\/div>\n<\/div>\n\n\n<div class=\"post-entry-content\">\n\t<div class=\"post-entry-wrapper\">\n\t\t\t\t<h3 class=\"entry-title\">\n\t\t\t<a href=\"https:\/\/web.escudoweb.com\/index.php\/2020-deloitte-back-to-school-survey\/\" title=\"2020 Deloitte back-to-school survey\" rel=\"bookmark\">2020 Deloitte back-to-school survey<\/a>\n\t\t<\/h3>\n\n\t\t<div class=\"entry-meta\"><a href=\"https:\/\/web.escudoweb.com\/index.php\/2020\/09\/17\/\" title=\"09:09\" class=\"data-link\" rel=\"bookmark\"><time class=\"entry-date updated\" datetime=\"2020-09-17T09:09:59+02:00\">17 septiembre 2020<\/time><\/a><\/div>\n\t\t<div class=\"entry-excerpt\"><p>[vc_row][vc_column][vc_column_text]Deloitte\u00b4s annual back-to-school survey looking at consumers\u2019 spending patterns (in the US) for 2020 is quite different from previous ones.&hellip;<\/p>\n<\/div>\n\t\t\n<a href=\"https:\/\/web.escudoweb.com\/index.php\/2020-deloitte-back-to-school-survey\/\" class=\"dt-btn-s dt-btn post-details details-type-btn\" aria-label=\"Read more about 2020 Deloitte back-to-school survey\">Read more<i class=\"dt-icon-the7-arrow-03\" aria-hidden=\"true\"><\/i><\/a>\n\n\t<\/div>\n<\/div><\/article><article class=\"post post-2197 type-post status-publish format-standard has-post-thumbnail hentry category-news category-21\" data-name=\"Working Parents Are Angry. But What Can We Do?\" data-date=\"2020-09-16T07:44:17+02:00\">\n\n<div class=\"post-thumbnail-wrap\">\n\t<div class=\"post-thumbnail\">\n\t\t\n\t\t\n\t\t<a href=\"https:\/\/web.escudoweb.com\/index.php\/working-parents-are-angry-but-what-can-we-do\/\" class=\"post-thumbnail-rollover layzr-bg\" ><img decoding=\"async\" class=\"preload-me owl-lazy-load aspect\" src=\"data:image\/svg+xml,%3Csvg%20xmlns%3D&#39;http%3A%2F%2Fwww.w3.org%2F2000%2Fsvg&#39;%20viewBox%3D&#39;0%200%20768%20512&#39;%2F%3E\" data-src=\"https:\/\/web.escudoweb.com\/wp-content\/uploads\/2020\/09\/Working_Parents_Are_Angry._But_What_Can_We_Do-768x512.jpg\" data-srcset=\"https:\/\/web.escudoweb.com\/wp-content\/uploads\/2020\/09\/Working_Parents_Are_Angry._But_What_Can_We_Do-768x512.jpg 768w, https:\/\/web.escudoweb.com\/wp-content\/uploads\/2020\/09\/Working_Parents_Are_Angry._But_What_Can_We_Do-1152x768.jpg 1152w\" loading=\"eager\" style=\"--ratio: 768 \/ 512\" sizes=\"(max-width: 768px) 100vw, 768px\" alt=\"\" title=\"Mother And Son In Kitchen Looking At Laptop Together\" width=\"768\" height=\"512\"  \/><\/a>\t<\/div>\n<\/div>\n\n\n<div class=\"post-entry-content\">\n\t<div class=\"post-entry-wrapper\">\n\t\t\t\t<h3 class=\"entry-title\">\n\t\t\t<a href=\"https:\/\/web.escudoweb.com\/index.php\/working-parents-are-angry-but-what-can-we-do\/\" title=\"Working Parents Are Angry. But What Can We Do?\" rel=\"bookmark\">Working Parents Are Angry. But What Can We Do?<\/a>\n\t\t<\/h3>\n\n\t\t<div class=\"entry-meta\"><a href=\"https:\/\/web.escudoweb.com\/index.php\/2020\/09\/16\/\" title=\"07:44\" class=\"data-link\" rel=\"bookmark\"><time class=\"entry-date updated\" datetime=\"2020-09-16T07:44:17+02:00\">16 septiembre 2020<\/time><\/a><\/div>\n\t\t<div class=\"entry-excerpt\"><p>[vc_row][vc_column][vc_column_text]While most of the focus and discussion around education has been on the children and teachers, perhaps a thought should&hellip;<\/p>\n<\/div>\n\t\t\n<a href=\"https:\/\/web.escudoweb.com\/index.php\/working-parents-are-angry-but-what-can-we-do\/\" class=\"dt-btn-s dt-btn post-details details-type-btn\" aria-label=\"Read more about Working Parents Are Angry. But What Can We Do?\">Read more<i class=\"dt-icon-the7-arrow-03\" aria-hidden=\"true\"><\/i><\/a>\n\n\t<\/div>\n<\/div><\/article><article class=\"post post-2194 type-post status-publish format-standard has-post-thumbnail hentry category-news category-21\" data-name=\"Ransomware attacks on the education sector have more than doubled since 2019\" data-date=\"2020-09-15T09:09:24+02:00\">\n\n<div class=\"post-thumbnail-wrap\">\n\t<div class=\"post-thumbnail\">\n\t\t\n\t\t\n\t\t<a href=\"https:\/\/web.escudoweb.com\/index.php\/ransomware-attacks-on-the-education-sector-have-more-than-doubled-since-2019\/\" class=\"post-thumbnail-rollover layzr-bg\" ><img decoding=\"async\" class=\"preload-me owl-lazy-load aspect\" src=\"data:image\/svg+xml,%3Csvg%20xmlns%3D&#39;http%3A%2F%2Fwww.w3.org%2F2000%2Fsvg&#39;%20viewBox%3D&#39;0%200%20600%20400&#39;%2F%3E\" data-src=\"https:\/\/web.escudoweb.com\/wp-content\/uploads\/2020\/09\/1598523082-600x400.jpg\" data-srcset=\"https:\/\/web.escudoweb.com\/wp-content\/uploads\/2020\/09\/1598523082-600x400.jpg 600w\" loading=\"eager\" style=\"--ratio: 600 \/ 400\" sizes=\"(max-width: 600px) 100vw, 600px\" alt=\"\" title=\"1598523082\" width=\"600\" height=\"400\"  \/><\/a>\t<\/div>\n<\/div>\n\n\n<div class=\"post-entry-content\">\n\t<div class=\"post-entry-wrapper\">\n\t\t\t\t<h3 class=\"entry-title\">\n\t\t\t<a href=\"https:\/\/web.escudoweb.com\/index.php\/ransomware-attacks-on-the-education-sector-have-more-than-doubled-since-2019\/\" title=\"Ransomware attacks on the education sector have more than doubled since 2019\" rel=\"bookmark\">Ransomware attacks on the education sector have more than doubled since 2019<\/a>\n\t\t<\/h3>\n\n\t\t<div class=\"entry-meta\"><a href=\"https:\/\/web.escudoweb.com\/index.php\/2020\/09\/15\/\" title=\"09:09\" class=\"data-link\" rel=\"bookmark\"><time class=\"entry-date updated\" datetime=\"2020-09-15T09:09:24+02:00\">15 septiembre 2020<\/time><\/a><\/div>\n\t\t<div class=\"entry-excerpt\"><p>[vc_row][vc_column][vc_column_text]While we are all used to hearing reports about hackers targeting multinational companies we have probably seen little of the&hellip;<\/p>\n<\/div>\n\t\t\n<a href=\"https:\/\/web.escudoweb.com\/index.php\/ransomware-attacks-on-the-education-sector-have-more-than-doubled-since-2019\/\" class=\"dt-btn-s dt-btn post-details details-type-btn\" aria-label=\"Read more about Ransomware attacks on the education sector have more than doubled since 2019\">Read more<i class=\"dt-icon-the7-arrow-03\" aria-hidden=\"true\"><\/i><\/a>\n\n\t<\/div>\n<\/div><\/article><article class=\"post post-2191 type-post status-publish format-standard has-post-thumbnail hentry category-news category-21\" data-name=\"Back to school: A framework for remote and hybrid learning amid COVID-19\" data-date=\"2020-09-14T09:02:45+02:00\">\n\n<div class=\"post-thumbnail-wrap\">\n\t<div class=\"post-thumbnail\">\n\t\t\n\t\t\n\t\t<a href=\"https:\/\/web.escudoweb.com\/index.php\/back-to-school-a-framework-for-remote-and-hybrid-learning-amid-covid-19\/\" class=\"post-thumbnail-rollover layzr-bg\" ><img decoding=\"async\" class=\"preload-me owl-lazy-load aspect\" src=\"data:image\/svg+xml,%3Csvg%20xmlns%3D&#39;http%3A%2F%2Fwww.w3.org%2F2000%2Fsvg&#39;%20viewBox%3D&#39;0%200%20768%20512&#39;%2F%3E\" data-src=\"https:\/\/web.escudoweb.com\/wp-content\/uploads\/2020\/09\/handup-768x512.jpg\" data-srcset=\"https:\/\/web.escudoweb.com\/wp-content\/uploads\/2020\/09\/handup-768x512.jpg 768w, https:\/\/web.escudoweb.com\/wp-content\/uploads\/2020\/09\/handup-996x664.jpg 996w\" loading=\"eager\" style=\"--ratio: 768 \/ 512\" sizes=\"(max-width: 768px) 100vw, 768px\" alt=\"\" title=\"handup\" width=\"768\" height=\"512\"  \/><\/a>\t<\/div>\n<\/div>\n\n\n<div class=\"post-entry-content\">\n\t<div class=\"post-entry-wrapper\">\n\t\t\t\t<h3 class=\"entry-title\">\n\t\t\t<a href=\"https:\/\/web.escudoweb.com\/index.php\/back-to-school-a-framework-for-remote-and-hybrid-learning-amid-covid-19\/\" title=\"Back to school: A framework for remote and hybrid learning amid COVID-19\" rel=\"bookmark\">Back to school: A framework for remote and hybrid learning amid COVID-19<\/a>\n\t\t<\/h3>\n\n\t\t<div class=\"entry-meta\"><a href=\"https:\/\/web.escudoweb.com\/index.php\/2020\/09\/14\/\" title=\"09:02\" class=\"data-link\" rel=\"bookmark\"><time class=\"entry-date updated\" datetime=\"2020-09-14T09:02:45+02:00\">14 septiembre 2020<\/time><\/a><\/div>\n\t\t<div class=\"entry-excerpt\"><p>[vc_row][vc_column][vc_column_text]While all sectors in the economy have been affected by the pandemic one is taking prominence at the moment &#8211;&hellip;<\/p>\n<\/div>\n\t\t\n<a href=\"https:\/\/web.escudoweb.com\/index.php\/back-to-school-a-framework-for-remote-and-hybrid-learning-amid-covid-19\/\" class=\"dt-btn-s dt-btn post-details details-type-btn\" aria-label=\"Read more about Back to school: A framework for remote and hybrid learning amid COVID-19\">Read more<i class=\"dt-icon-the7-arrow-03\" aria-hidden=\"true\"><\/i><\/a>\n\n\t<\/div>\n<\/div><\/article><article class=\"post post-2188 type-post status-publish format-standard has-post-thumbnail hentry category-news category-21\" data-name=\"Coronavirus: How are other countries getting children back to class?\" data-date=\"2020-09-11T07:35:12+02:00\">\n\n<div class=\"post-thumbnail-wrap\">\n\t<div class=\"post-thumbnail\">\n\t\t\n\t\t\n\t\t<a href=\"https:\/\/web.escudoweb.com\/index.php\/coronavirus-how-are-other-countries-getting-children-back-to-class\/\" class=\"post-thumbnail-rollover layzr-bg\" ><img decoding=\"async\" class=\"preload-me owl-lazy-load aspect\" src=\"data:image\/svg+xml,%3Csvg%20xmlns%3D&#39;http%3A%2F%2Fwww.w3.org%2F2000%2Fsvg&#39;%20viewBox%3D&#39;0%200%20675%20450&#39;%2F%3E\" data-src=\"https:\/\/web.escudoweb.com\/wp-content\/uploads\/2020\/09\/114099793_mediaitem114099787-675x450.jpg\" data-srcset=\"https:\/\/web.escudoweb.com\/wp-content\/uploads\/2020\/09\/114099793_mediaitem114099787-675x450.jpg 675w, https:\/\/web.escudoweb.com\/wp-content\/uploads\/2020\/09\/114099793_mediaitem114099787-675x449.jpg 675w\" loading=\"eager\" style=\"--ratio: 675 \/ 450\" sizes=\"(max-width: 675px) 100vw, 675px\" alt=\"\" title=\"_114099793_mediaitem114099787\" width=\"675\" height=\"450\"  \/><\/a>\t<\/div>\n<\/div>\n\n\n<div class=\"post-entry-content\">\n\t<div class=\"post-entry-wrapper\">\n\t\t\t\t<h3 class=\"entry-title\">\n\t\t\t<a href=\"https:\/\/web.escudoweb.com\/index.php\/coronavirus-how-are-other-countries-getting-children-back-to-class\/\" title=\"Coronavirus: How are other countries getting children back to class?\" rel=\"bookmark\">Coronavirus: How are other countries getting children back to class?<\/a>\n\t\t<\/h3>\n\n\t\t<div class=\"entry-meta\"><a href=\"https:\/\/web.escudoweb.com\/index.php\/2020\/09\/11\/\" title=\"07:35\" class=\"data-link\" rel=\"bookmark\"><time class=\"entry-date updated\" datetime=\"2020-09-11T07:35:12+02:00\">11 septiembre 2020<\/time><\/a><\/div>\n\t\t<div class=\"entry-excerpt\"><p>[vc_row][vc_column][vc_column_text]Each country has reacted differently to the Covid 19 pandemic. Similarly each country has also come up with a different&hellip;<\/p>\n<\/div>\n\t\t\n<a href=\"https:\/\/web.escudoweb.com\/index.php\/coronavirus-how-are-other-countries-getting-children-back-to-class\/\" class=\"dt-btn-s dt-btn post-details details-type-btn\" aria-label=\"Read more about Coronavirus: How are other countries getting children back to class?\">Read more<i class=\"dt-icon-the7-arrow-03\" aria-hidden=\"true\"><\/i><\/a>\n\n\t<\/div>\n<\/div><\/article><article class=\"post post-2185 type-post status-publish format-standard has-post-thumbnail hentry category-news category-21\" data-name=\"The future of education is here\" data-date=\"2020-09-10T09:03:11+02:00\">\n\n<div class=\"post-thumbnail-wrap\">\n\t<div class=\"post-thumbnail\">\n\t\t\n\t\t\n\t\t<a href=\"https:\/\/web.escudoweb.com\/index.php\/the-future-of-education-is-here\/\" class=\"post-thumbnail-rollover layzr-bg\" ><img decoding=\"async\" class=\"preload-me owl-lazy-load aspect\" src=\"data:image\/svg+xml,%3Csvg%20xmlns%3D&#39;http%3A%2F%2Fwww.w3.org%2F2000%2Fsvg&#39;%20viewBox%3D&#39;0%200%20714%20476&#39;%2F%3E\" data-src=\"https:\/\/web.escudoweb.com\/wp-content\/uploads\/2020\/09\/unicef-china-back-to-school-uni336269-714x476.jpg\" data-srcset=\"https:\/\/web.escudoweb.com\/wp-content\/uploads\/2020\/09\/unicef-china-back-to-school-uni336269-714x476.jpg 714w\" loading=\"eager\" style=\"--ratio: 714 \/ 476\" sizes=\"(max-width: 714px) 100vw, 714px\" alt=\"\" title=\"unicef-china-back-to-school-uni336269\" width=\"714\" height=\"476\"  \/><\/a>\t<\/div>\n<\/div>\n\n\n<div class=\"post-entry-content\">\n\t<div class=\"post-entry-wrapper\">\n\t\t\t\t<h3 class=\"entry-title\">\n\t\t\t<a href=\"https:\/\/web.escudoweb.com\/index.php\/the-future-of-education-is-here\/\" title=\"The future of education is here\" rel=\"bookmark\">The future of education is here<\/a>\n\t\t<\/h3>\n\n\t\t<div class=\"entry-meta\"><a href=\"https:\/\/web.escudoweb.com\/index.php\/2020\/09\/10\/\" title=\"09:03\" class=\"data-link\" rel=\"bookmark\"><time class=\"entry-date updated\" datetime=\"2020-09-10T09:03:11+02:00\">10 septiembre 2020<\/time><\/a><\/div>\n\t\t<div class=\"entry-excerpt\"><p>[vc_row][vc_column][vc_column_text]The Secretary General of the UN, Ant\u00f3nio Guterres, made an important speech last month, reminding us that we have had&hellip;<\/p>\n<\/div>\n\t\t\n<a href=\"https:\/\/web.escudoweb.com\/index.php\/the-future-of-education-is-here\/\" class=\"dt-btn-s dt-btn post-details details-type-btn\" aria-label=\"Read more about The future of education is here\">Read more<i class=\"dt-icon-the7-arrow-03\" aria-hidden=\"true\"><\/i><\/a>\n\n\t<\/div>\n<\/div><\/article><article class=\"post post-2182 type-post status-publish format-standard has-post-thumbnail hentry category-news category-21\" data-name=\"Your 2020 back-to-school checklist to protect against Covid-19\" data-date=\"2020-09-09T08:21:40+02:00\">\n\n<div class=\"post-thumbnail-wrap\">\n\t<div class=\"post-thumbnail\">\n\t\t\n\t\t\n\t\t<a href=\"https:\/\/web.escudoweb.com\/index.php\/your-2020-back-to-school-checklist-to-protect-against-covid-19\/\" class=\"post-thumbnail-rollover layzr-bg\" ><img decoding=\"async\" class=\"preload-me owl-lazy-load aspect\" src=\"data:image\/svg+xml,%3Csvg%20xmlns%3D&#39;http%3A%2F%2Fwww.w3.org%2F2000%2Fsvg&#39;%20viewBox%3D&#39;0%200%20768%20512&#39;%2F%3E\" data-src=\"https:\/\/web.escudoweb.com\/wp-content\/uploads\/2020\/09\/200715184512-back-to-school-lead-super-169-768x512.jpg\" data-srcset=\"https:\/\/web.escudoweb.com\/wp-content\/uploads\/2020\/09\/200715184512-back-to-school-lead-super-169-768x512.jpg 768w, https:\/\/web.escudoweb.com\/wp-content\/uploads\/2020\/09\/200715184512-back-to-school-lead-super-169-928x619.jpg 928w\" loading=\"eager\" style=\"--ratio: 768 \/ 512\" sizes=\"(max-width: 768px) 100vw, 768px\" alt=\"\" title=\"200715184512-back-to-school-lead-super-169\" width=\"768\" height=\"512\"  \/><\/a>\t<\/div>\n<\/div>\n\n\n<div class=\"post-entry-content\">\n\t<div class=\"post-entry-wrapper\">\n\t\t\t\t<h3 class=\"entry-title\">\n\t\t\t<a href=\"https:\/\/web.escudoweb.com\/index.php\/your-2020-back-to-school-checklist-to-protect-against-covid-19\/\" title=\"Your 2020 back-to-school checklist to protect against Covid-19\" rel=\"bookmark\">Your 2020 back-to-school checklist to protect against Covid-19<\/a>\n\t\t<\/h3>\n\n\t\t<div class=\"entry-meta\"><a href=\"https:\/\/web.escudoweb.com\/index.php\/2020\/09\/09\/\" title=\"08:21\" class=\"data-link\" rel=\"bookmark\"><time class=\"entry-date updated\" datetime=\"2020-09-09T08:21:40+02:00\">9 septiembre 2020<\/time><\/a><\/div>\n\t\t<div class=\"entry-excerpt\"><p>[vc_row][vc_column][vc_column_text]As we start a new, yet very different school academic year, parents are understandably filled with concern over the safety&hellip;<\/p>\n<\/div>\n\t\t\n<a href=\"https:\/\/web.escudoweb.com\/index.php\/your-2020-back-to-school-checklist-to-protect-against-covid-19\/\" class=\"dt-btn-s dt-btn post-details details-type-btn\" aria-label=\"Read more about Your 2020 back-to-school checklist to protect against Covid-19\">Read more<i class=\"dt-icon-the7-arrow-03\" aria-hidden=\"true\"><\/i><\/a>\n\n\t<\/div>\n<\/div><\/article><article class=\"post post-2176 type-post status-publish format-standard has-post-thumbnail hentry category-news category-21\" data-name=\"The Hybrid Teacher: Survival Guide\" data-date=\"2020-08-20T09:21:20+02:00\">\n\n<div class=\"post-thumbnail-wrap\">\n\t<div class=\"post-thumbnail\">\n\t\t\n\t\t\n\t\t<a href=\"https:\/\/web.escudoweb.com\/index.php\/the-hybrid-teacher-survival-guide\/\" class=\"post-thumbnail-rollover layzr-bg\" ><img decoding=\"async\" class=\"preload-me owl-lazy-load aspect\" src=\"data:image\/svg+xml,%3Csvg%20xmlns%3D&#39;http%3A%2F%2Fwww.w3.org%2F2000%2Fsvg&#39;%20viewBox%3D&#39;0%200%20303%20202&#39;%2F%3E\" data-src=\"https:\/\/web.escudoweb.com\/wp-content\/uploads\/2020\/08\/THT_ECover-303x202.jpg\" data-srcset=\"https:\/\/web.escudoweb.com\/wp-content\/uploads\/2020\/08\/THT_ECover-303x202.jpg 303w\" loading=\"eager\" style=\"--ratio: 303 \/ 202\" sizes=\"(max-width: 303px) 100vw, 303px\" alt=\"\" title=\"THT_ECover\" width=\"303\" height=\"202\"  \/><\/a>\t<\/div>\n<\/div>\n\n\n<div class=\"post-entry-content\">\n\t<div class=\"post-entry-wrapper\">\n\t\t\t\t<h3 class=\"entry-title\">\n\t\t\t<a href=\"https:\/\/web.escudoweb.com\/index.php\/the-hybrid-teacher-survival-guide\/\" title=\"The Hybrid Teacher: Survival Guide\" rel=\"bookmark\">The Hybrid Teacher: Survival Guide<\/a>\n\t\t<\/h3>\n\n\t\t<div class=\"entry-meta\"><a href=\"https:\/\/web.escudoweb.com\/index.php\/2020\/08\/20\/\" title=\"09:21\" class=\"data-link\" rel=\"bookmark\"><time class=\"entry-date updated\" datetime=\"2020-08-20T09:21:20+02:00\">20 agosto 2020<\/time><\/a><\/div>\n\t\t<div class=\"entry-excerpt\"><p>[vc_row][vc_column][vc_column_text]An American teacher Emma Pass (@emmabpass)\u00a0 has taken the trouble to document and share all her experiences, based on teaching&hellip;<\/p>\n<\/div>\n\t\t\n<a href=\"https:\/\/web.escudoweb.com\/index.php\/the-hybrid-teacher-survival-guide\/\" class=\"dt-btn-s dt-btn post-details details-type-btn\" aria-label=\"Read more about The Hybrid Teacher: Survival Guide\">Read more<i class=\"dt-icon-the7-arrow-03\" aria-hidden=\"true\"><\/i><\/a>\n\n\t<\/div>\n<\/div><\/article><article class=\"post post-2169 type-post status-publish format-standard has-post-thumbnail hentry category-news category-21\" data-name=\"We must equip students with all the skills they need to succeed in the digital workplace\" data-date=\"2020-08-17T11:09:27+02:00\">\n\n<div class=\"post-thumbnail-wrap\">\n\t<div class=\"post-thumbnail\">\n\t\t\n\t\t\n\t\t<a href=\"https:\/\/web.escudoweb.com\/index.php\/we-must-equip-students-with-all-the-skills-they-need-to-succeed-in-the-digital-workplace\/\" class=\"post-thumbnail-rollover layzr-bg\" ><img decoding=\"async\" class=\"preload-me owl-lazy-load aspect\" src=\"data:image\/svg+xml,%3Csvg%20xmlns%3D&#39;http%3A%2F%2Fwww.w3.org%2F2000%2Fsvg&#39;%20viewBox%3D&#39;0%200%20600%20400&#39;%2F%3E\" data-src=\"https:\/\/web.escudoweb.com\/wp-content\/uploads\/2020\/08\/1596117627-600x400.jpg\" data-srcset=\"https:\/\/web.escudoweb.com\/wp-content\/uploads\/2020\/08\/1596117627-600x400.jpg 600w\" loading=\"eager\" style=\"--ratio: 600 \/ 400\" sizes=\"(max-width: 600px) 100vw, 600px\" alt=\"\" title=\"1596117627\" width=\"600\" height=\"400\"  \/><\/a>\t<\/div>\n<\/div>\n\n\n<div class=\"post-entry-content\">\n\t<div class=\"post-entry-wrapper\">\n\t\t\t\t<h3 class=\"entry-title\">\n\t\t\t<a href=\"https:\/\/web.escudoweb.com\/index.php\/we-must-equip-students-with-all-the-skills-they-need-to-succeed-in-the-digital-workplace\/\" title=\"We must equip students with all the skills they need to succeed in the digital workplace\" rel=\"bookmark\">We must equip students with all the skills they need to succeed in the digital workplace<\/a>\n\t\t<\/h3>\n\n\t\t<div class=\"entry-meta\"><a href=\"https:\/\/web.escudoweb.com\/index.php\/2020\/08\/17\/\" title=\"11:09\" class=\"data-link\" rel=\"bookmark\"><time class=\"entry-date updated\" datetime=\"2020-08-17T11:09:27+02:00\">17 agosto 2020<\/time><\/a><\/div>\n\t\t<div class=\"entry-excerpt\"><p>[vc_row][vc_column][vc_column_text]A recent article on EdTechnology has highlighted a number of major challenges that still need to be addressed in education.&hellip;<\/p>\n<\/div>\n\t\t\n<a href=\"https:\/\/web.escudoweb.com\/index.php\/we-must-equip-students-with-all-the-skills-they-need-to-succeed-in-the-digital-workplace\/\" class=\"dt-btn-s dt-btn post-details details-type-btn\" aria-label=\"Read more about We must equip students with all the skills they need to succeed in the digital workplace\">Read more<i class=\"dt-icon-the7-arrow-03\" aria-hidden=\"true\"><\/i><\/a>\n\n\t<\/div>\n<\/div><\/article><article class=\"post post-2164 type-post status-publish format-standard has-post-thumbnail hentry category-news category-21\" data-name=\"Geniora Phone is now for you!\" data-date=\"2020-08-14T11:14:12+02:00\">\n\n<div class=\"post-thumbnail-wrap\">\n\t<div class=\"post-thumbnail\">\n\t\t\n\t\t\n\t\t<a href=\"https:\/\/web.escudoweb.com\/index.php\/geniora-phone-is-now-for-you\/\" class=\"post-thumbnail-rollover layzr-bg\" ><img decoding=\"async\" class=\"preload-me owl-lazy-load aspect\" src=\"data:image\/svg+xml,%3Csvg%20xmlns%3D&#39;http%3A%2F%2Fwww.w3.org%2F2000%2Fsvg&#39;%20viewBox%3D&#39;0%200%20768%20512&#39;%2F%3E\" data-src=\"https:\/\/web.escudoweb.com\/wp-content\/uploads\/2020\/08\/Geniora-phone_03-768x512.jpg\" data-srcset=\"https:\/\/web.escudoweb.com\/wp-content\/uploads\/2020\/08\/Geniora-phone_03-768x512.jpg 768w, https:\/\/web.escudoweb.com\/wp-content\/uploads\/2020\/08\/Geniora-phone_03-999x666.jpg 999w\" loading=\"eager\" style=\"--ratio: 768 \/ 512\" sizes=\"(max-width: 768px) 100vw, 768px\" alt=\"\" title=\"Geniora-phone_03\" width=\"768\" height=\"512\"  \/><\/a>\t<\/div>\n<\/div>\n\n\n<div class=\"post-entry-content\">\n\t<div class=\"post-entry-wrapper\">\n\t\t\t\t<h3 class=\"entry-title\">\n\t\t\t<a href=\"https:\/\/web.escudoweb.com\/index.php\/geniora-phone-is-now-for-you\/\" title=\"Geniora Phone is now for you!\" rel=\"bookmark\">Geniora Phone is now for you!<\/a>\n\t\t<\/h3>\n\n\t\t<div class=\"entry-meta\"><a href=\"https:\/\/web.escudoweb.com\/index.php\/2020\/08\/14\/\" title=\"11:14\" class=\"data-link\" rel=\"bookmark\"><time class=\"entry-date updated\" datetime=\"2020-08-14T11:14:12+02:00\">14 agosto 2020<\/time><\/a><\/div>\n\t\t<div class=\"entry-excerpt\"><p>[vc_row][vc_column][vc_column_text]As part of their launch activities in the Indonesian market, Geniora, our Asian go-to-market partner has been presenting the Gen&hellip;<\/p>\n<\/div>\n\t\t\n<a href=\"https:\/\/web.escudoweb.com\/index.php\/geniora-phone-is-now-for-you\/\" class=\"dt-btn-s dt-btn post-details details-type-btn\" aria-label=\"Read more about Geniora Phone is now for you!\">Read more<i class=\"dt-icon-the7-arrow-03\" aria-hidden=\"true\"><\/i><\/a>\n\n\t<\/div>\n<\/div><\/article><article class=\"post post-2160 type-post status-publish format-standard has-post-thumbnail hentry category-news category-21\" data-name=\"As the School Year Approaches, Education May Become the Pandemic\u2019s Latest Casualty\" data-date=\"2020-08-13T08:44:32+02:00\">\n\n<div class=\"post-thumbnail-wrap\">\n\t<div class=\"post-thumbnail\">\n\t\t\n\t\t\n\t\t<a href=\"https:\/\/web.escudoweb.com\/index.php\/as-the-school-year-approaches-education-may-become-the-pandemics-latest-casualty\/\" class=\"post-thumbnail-rollover layzr-bg\" ><img decoding=\"async\" class=\"preload-me owl-lazy-load aspect\" src=\"data:image\/svg+xml,%3Csvg%20xmlns%3D&#39;http%3A%2F%2Fwww.w3.org%2F2000%2Fsvg&#39;%20viewBox%3D&#39;0%200%20768%20512&#39;%2F%3E\" data-src=\"https:\/\/web.escudoweb.com\/wp-content\/uploads\/2020\/08\/school-reopening-covid-19-001-768x512.jpg\" data-srcset=\"https:\/\/web.escudoweb.com\/wp-content\/uploads\/2020\/08\/school-reopening-covid-19-001-768x512.jpg 768w, https:\/\/web.escudoweb.com\/wp-content\/uploads\/2020\/08\/school-reopening-covid-19-001-1152x768.jpg 1152w\" loading=\"eager\" style=\"--ratio: 768 \/ 512\" sizes=\"(max-width: 768px) 100vw, 768px\" alt=\"\" title=\"school-reopening-covid-19-001\" width=\"768\" height=\"512\"  \/><\/a>\t<\/div>\n<\/div>\n\n\n<div class=\"post-entry-content\">\n\t<div class=\"post-entry-wrapper\">\n\t\t\t\t<h3 class=\"entry-title\">\n\t\t\t<a href=\"https:\/\/web.escudoweb.com\/index.php\/as-the-school-year-approaches-education-may-become-the-pandemics-latest-casualty\/\" title=\"As the School Year Approaches, Education May Become the Pandemic\u2019s Latest Casualty\" rel=\"bookmark\">As the School Year Approaches, Education May Become the Pandemic\u2019s Latest Casualty<\/a>\n\t\t<\/h3>\n\n\t\t<div class=\"entry-meta\"><a href=\"https:\/\/web.escudoweb.com\/index.php\/2020\/08\/13\/\" title=\"08:44\" class=\"data-link\" rel=\"bookmark\"><time class=\"entry-date updated\" datetime=\"2020-08-13T08:44:32+02:00\">13 agosto 2020<\/time><\/a><\/div>\n\t\t<div class=\"entry-excerpt\"><p>[vc_row][vc_column][vc_column_text]Schools in some geographies have already started a new version of schooling, based on in-class as well as online. This&hellip;<\/p>\n<\/div>\n\t\t\n<a href=\"https:\/\/web.escudoweb.com\/index.php\/as-the-school-year-approaches-education-may-become-the-pandemics-latest-casualty\/\" class=\"dt-btn-s dt-btn post-details details-type-btn\" aria-label=\"Read more about As the School Year Approaches, Education May Become the Pandemic\u2019s Latest Casualty\">Read more<i class=\"dt-icon-the7-arrow-03\" aria-hidden=\"true\"><\/i><\/a>\n\n\t<\/div>\n<\/div><\/article><article class=\"post post-2157 type-post status-publish format-standard has-post-thumbnail hentry category-news category-21\" data-name=\"Coronavirus: Little evidence of Covid transmission in schools, says Williamson\" data-date=\"2020-08-10T10:55:44+02:00\">\n\n<div class=\"post-thumbnail-wrap\">\n\t<div class=\"post-thumbnail\">\n\t\t\n\t\t\n\t\t<a href=\"https:\/\/web.escudoweb.com\/index.php\/coronavirus-little-evidence-of-covid-transmission-in-schools-says-williamson\/\" class=\"post-thumbnail-rollover layzr-bg\" ><img decoding=\"async\" class=\"preload-me owl-lazy-load aspect\" src=\"data:image\/svg+xml,%3Csvg%20xmlns%3D&#39;http%3A%2F%2Fwww.w3.org%2F2000%2Fsvg&#39;%20viewBox%3D&#39;0%200%20556%20371&#39;%2F%3E\" data-src=\"https:\/\/web.escudoweb.com\/wp-content\/uploads\/2020\/08\/113871456_school_reu-556x371.jpg\" data-srcset=\"https:\/\/web.escudoweb.com\/wp-content\/uploads\/2020\/08\/113871456_school_reu-556x371.jpg 556w\" loading=\"eager\" style=\"--ratio: 556 \/ 371\" sizes=\"(max-width: 556px) 100vw, 556px\" alt=\"\" title=\"_113871456_school_reu\" width=\"556\" height=\"371\"  \/><\/a>\t<\/div>\n<\/div>\n\n\n<div class=\"post-entry-content\">\n\t<div class=\"post-entry-wrapper\">\n\t\t\t\t<h3 class=\"entry-title\">\n\t\t\t<a href=\"https:\/\/web.escudoweb.com\/index.php\/coronavirus-little-evidence-of-covid-transmission-in-schools-says-williamson\/\" title=\"Coronavirus: Little evidence of Covid transmission in schools, says Williamson\" rel=\"bookmark\">Coronavirus: Little evidence of Covid transmission in schools, says Williamson<\/a>\n\t\t<\/h3>\n\n\t\t<div class=\"entry-meta\"><a href=\"https:\/\/web.escudoweb.com\/index.php\/2020\/08\/10\/\" title=\"10:55\" class=\"data-link\" rel=\"bookmark\"><time class=\"entry-date updated\" datetime=\"2020-08-10T10:55:44+02:00\">10 agosto 2020<\/time><\/a><\/div>\n\t\t<div class=\"entry-excerpt\"><p>[vc_row][vc_column][vc_column_text]To open, or not to open, that is the question (apologies to W. Shakespeare). This is a not trivial decision&hellip;<\/p>\n<\/div>\n\t\t\n<a href=\"https:\/\/web.escudoweb.com\/index.php\/coronavirus-little-evidence-of-covid-transmission-in-schools-says-williamson\/\" class=\"dt-btn-s dt-btn post-details details-type-btn\" aria-label=\"Read more about Coronavirus: Little evidence of Covid transmission in schools, says Williamson\">Read more<i class=\"dt-icon-the7-arrow-03\" aria-hidden=\"true\"><\/i><\/a>\n\n\t<\/div>\n<\/div><\/article><article class=\"post post-2152 type-post status-publish format-standard has-post-thumbnail hentry category-news category-21\" data-name=\"Escudo Web is an Alliance Member of the Safeguarding Alliance\" data-date=\"2020-08-06T11:16:19+02:00\">\n\n<div class=\"post-thumbnail-wrap\">\n\t<div class=\"post-thumbnail\">\n\t\t\n\t\t\n\t\t<a href=\"https:\/\/web.escudoweb.com\/index.php\/escudo-web-is-an-alliance-member-of-the-safeguarding-alliance\/\" class=\"post-thumbnail-rollover layzr-bg\" ><img decoding=\"async\" class=\"preload-me owl-lazy-load aspect\" src=\"data:image\/svg+xml,%3Csvg%20xmlns%3D&#39;http%3A%2F%2Fwww.w3.org%2F2000%2Fsvg&#39;%20viewBox%3D&#39;0%200%20768%20512&#39;%2F%3E\" data-src=\"https:\/\/web.escudoweb.com\/wp-content\/uploads\/2020\/08\/safe-768x512.jpg\" data-srcset=\"https:\/\/web.escudoweb.com\/wp-content\/uploads\/2020\/08\/safe-768x512.jpg 768w, https:\/\/web.escudoweb.com\/wp-content\/uploads\/2020\/08\/safe-1152x768.jpg 1152w\" loading=\"eager\" style=\"--ratio: 768 \/ 512\" sizes=\"(max-width: 768px) 100vw, 768px\" alt=\"\" title=\"safe\" width=\"768\" height=\"512\"  \/><\/a>\t<\/div>\n<\/div>\n\n\n<div class=\"post-entry-content\">\n\t<div class=\"post-entry-wrapper\">\n\t\t\t\t<h3 class=\"entry-title\">\n\t\t\t<a href=\"https:\/\/web.escudoweb.com\/index.php\/escudo-web-is-an-alliance-member-of-the-safeguarding-alliance\/\" title=\"Escudo Web is an Alliance Member of the Safeguarding Alliance\" rel=\"bookmark\">Escudo Web is an Alliance Member of the Safeguarding Alliance<\/a>\n\t\t<\/h3>\n\n\t\t<div class=\"entry-meta\"><a href=\"https:\/\/web.escudoweb.com\/index.php\/2020\/08\/06\/\" title=\"11:16\" class=\"data-link\" rel=\"bookmark\"><time class=\"entry-date updated\" datetime=\"2020-08-06T11:16:19+02:00\">6 agosto 2020<\/time><\/a><\/div>\n\t\t<div class=\"entry-excerpt\"><p>[vc_row][vc_column][vc_column_text]Escudo Web are pleased to announce that we are now an Alliance Member of the Safeguarding Alliance. This organisation sets&hellip;<\/p>\n<\/div>\n\t\t\n<a href=\"https:\/\/web.escudoweb.com\/index.php\/escudo-web-is-an-alliance-member-of-the-safeguarding-alliance\/\" class=\"dt-btn-s dt-btn post-details details-type-btn\" aria-label=\"Read more about Escudo Web is an Alliance Member of the Safeguarding Alliance\">Read more<i class=\"dt-icon-the7-arrow-03\" aria-hidden=\"true\"><\/i><\/a>\n\n\t<\/div>\n<\/div><\/article><article class=\"post post-2145 type-post status-publish format-standard has-post-thumbnail hentry category-news category-21\" data-name=\"Kashmir&#8217;s open-air classes offer stunning solution to lockdown\" data-date=\"2020-08-03T11:57:44+02:00\">\n\n<div class=\"post-thumbnail-wrap\">\n\t<div class=\"post-thumbnail\">\n\t\t\n\t\t\n\t\t<a href=\"https:\/\/web.escudoweb.com\/index.php\/kashmirs-open-air-classes-offer-stunning-solution-to-lockdown\/\" class=\"post-thumbnail-rollover layzr-bg\" ><img decoding=\"async\" class=\"preload-me owl-lazy-load aspect\" src=\"data:image\/svg+xml,%3Csvg%20xmlns%3D&#39;http%3A%2F%2Fwww.w3.org%2F2000%2Fsvg&#39;%20viewBox%3D&#39;0%200%20768%20512&#39;%2F%3E\" data-src=\"https:\/\/web.escudoweb.com\/wp-content\/uploads\/2020\/08\/113748939_kashmir_open_airschool_-11-768x512.jpg\" data-srcset=\"https:\/\/web.escudoweb.com\/wp-content\/uploads\/2020\/08\/113748939_kashmir_open_airschool_-11-768x512.jpg 768w, https:\/\/web.escudoweb.com\/wp-content\/uploads\/2020\/08\/113748939_kashmir_open_airschool_-11-914x610.jpg 914w\" loading=\"eager\" style=\"--ratio: 768 \/ 512\" sizes=\"(max-width: 768px) 100vw, 768px\" alt=\"\" title=\"_113748939_kashmir_open_airschool_-11\" width=\"768\" height=\"512\"  \/><\/a>\t<\/div>\n<\/div>\n\n\n<div class=\"post-entry-content\">\n\t<div class=\"post-entry-wrapper\">\n\t\t\t\t<h3 class=\"entry-title\">\n\t\t\t<a href=\"https:\/\/web.escudoweb.com\/index.php\/kashmirs-open-air-classes-offer-stunning-solution-to-lockdown\/\" title=\"Kashmir&#8217;s open-air classes offer stunning solution to lockdown\" rel=\"bookmark\">Kashmir&#8217;s open-air classes offer stunning solution to lockdown<\/a>\n\t\t<\/h3>\n\n\t\t<div class=\"entry-meta\"><a href=\"https:\/\/web.escudoweb.com\/index.php\/2020\/08\/03\/\" title=\"11:57\" class=\"data-link\" rel=\"bookmark\"><time class=\"entry-date updated\" datetime=\"2020-08-03T11:57:44+02:00\">3 agosto 2020<\/time><\/a><\/div>\n\t\t<div class=\"entry-excerpt\"><p>[vc_row][vc_column][vc_column_text]As schools in India, following their closure, have tried to cope with the objective of teaching online one in Kashmir&hellip;<\/p>\n<\/div>\n\t\t\n<a href=\"https:\/\/web.escudoweb.com\/index.php\/kashmirs-open-air-classes-offer-stunning-solution-to-lockdown\/\" class=\"dt-btn-s dt-btn post-details details-type-btn\" aria-label=\"Read more about Kashmir&#8217;s open-air classes offer stunning solution to lockdown\">Read more<i class=\"dt-icon-the7-arrow-03\" aria-hidden=\"true\"><\/i><\/a>\n\n\t<\/div>\n<\/div><\/article><article class=\"post post-2142 type-post status-publish format-standard has-post-thumbnail hentry category-news category-21\" data-name=\"Two-thirds of educators feel more confident using edtech compared to pre-pandemic days\" data-date=\"2020-07-31T09:43:06+02:00\">\n\n<div class=\"post-thumbnail-wrap\">\n\t<div class=\"post-thumbnail\">\n\t\t\n\t\t\n\t\t<a href=\"https:\/\/web.escudoweb.com\/index.php\/two-thirds-of-educators-feel-more-confident-using-edtech-compared-to-pre-pandemic-days\/\" class=\"post-thumbnail-rollover layzr-bg\" ><img decoding=\"async\" class=\"preload-me owl-lazy-load aspect\" src=\"data:image\/svg+xml,%3Csvg%20xmlns%3D&#39;http%3A%2F%2Fwww.w3.org%2F2000%2Fsvg&#39;%20viewBox%3D&#39;0%200%20768%20512&#39;%2F%3E\" data-src=\"https:\/\/web.escudoweb.com\/wp-content\/uploads\/2020\/07\/Two-thirds-of-educators-feel-more-confident-using-edtech-compared-to-pre-pandemic-days-768x512.jpg\" data-srcset=\"https:\/\/web.escudoweb.com\/wp-content\/uploads\/2020\/07\/Two-thirds-of-educators-feel-more-confident-using-edtech-compared-to-pre-pandemic-days-768x512.jpg 768w, https:\/\/web.escudoweb.com\/wp-content\/uploads\/2020\/07\/Two-thirds-of-educators-feel-more-confident-using-edtech-compared-to-pre-pandemic-days-1152x768.jpg 1152w\" loading=\"eager\" style=\"--ratio: 768 \/ 512\" sizes=\"(max-width: 768px) 100vw, 768px\" alt=\"\" title=\"Two-thirds-of-educators-feel-more-confident-using-edtech-compared-to-pre-pandemic-days\" width=\"768\" height=\"512\"  \/><\/a>\t<\/div>\n<\/div>\n\n\n<div class=\"post-entry-content\">\n\t<div class=\"post-entry-wrapper\">\n\t\t\t\t<h3 class=\"entry-title\">\n\t\t\t<a href=\"https:\/\/web.escudoweb.com\/index.php\/two-thirds-of-educators-feel-more-confident-using-edtech-compared-to-pre-pandemic-days\/\" title=\"Two-thirds of educators feel more confident using edtech compared to pre-pandemic days\" rel=\"bookmark\">Two-thirds of educators feel more confident using edtech compared to pre-pandemic days<\/a>\n\t\t<\/h3>\n\n\t\t<div class=\"entry-meta\"><a href=\"https:\/\/web.escudoweb.com\/index.php\/2020\/07\/31\/\" title=\"09:43\" class=\"data-link\" rel=\"bookmark\"><time class=\"entry-date updated\" datetime=\"2020-07-31T09:43:06+02:00\">31 julio 2020<\/time><\/a><\/div>\n\t\t<div class=\"entry-excerpt\"><p>[vc_row][vc_column][vc_column_text]There are not many positives that have come out of the pandemic of the last five months. However, one of&hellip;<\/p>\n<\/div>\n\t\t\n<a href=\"https:\/\/web.escudoweb.com\/index.php\/two-thirds-of-educators-feel-more-confident-using-edtech-compared-to-pre-pandemic-days\/\" class=\"dt-btn-s dt-btn post-details details-type-btn\" aria-label=\"Read more about Two-thirds of educators feel more confident using edtech compared to pre-pandemic days\">Read more<i class=\"dt-icon-the7-arrow-03\" aria-hidden=\"true\"><\/i><\/a>\n\n\t<\/div>\n<\/div><\/article><article class=\"post post-2139 type-post status-publish format-standard has-post-thumbnail hentry category-news category-21\" data-name=\"Relationship between Escudo Web and Microsoft\" data-date=\"2020-07-30T11:33:13+02:00\">\n\n<div class=\"post-thumbnail-wrap\">\n\t<div class=\"post-thumbnail\">\n\t\t\n\t\t\n\t\t<a href=\"https:\/\/web.escudoweb.com\/index.php\/relationship-between-escudo-web-and-microsoft\/\" class=\"post-thumbnail-rollover layzr-bg\" ><img decoding=\"async\" class=\"preload-me owl-lazy-load aspect\" src=\"data:image\/svg+xml,%3Csvg%20xmlns%3D&#39;http%3A%2F%2Fwww.w3.org%2F2000%2Fsvg&#39;%20viewBox%3D&#39;0%200%20768%20512&#39;%2F%3E\" data-src=\"https:\/\/web.escudoweb.com\/wp-content\/uploads\/2020\/07\/Escudo_Partner-Branded_v2-768x512.jpg\" data-srcset=\"https:\/\/web.escudoweb.com\/wp-content\/uploads\/2020\/07\/Escudo_Partner-Branded_v2-768x512.jpg 768w, https:\/\/web.escudoweb.com\/wp-content\/uploads\/2020\/07\/Escudo_Partner-Branded_v2-1152x768.jpg 1152w\" loading=\"eager\" style=\"--ratio: 768 \/ 512\" sizes=\"(max-width: 768px) 100vw, 768px\" alt=\"\" title=\"Escudo_Partner Branded_v2\" width=\"768\" height=\"512\"  \/><\/a>\t<\/div>\n<\/div>\n\n\n<div class=\"post-entry-content\">\n\t<div class=\"post-entry-wrapper\">\n\t\t\t\t<h3 class=\"entry-title\">\n\t\t\t<a href=\"https:\/\/web.escudoweb.com\/index.php\/relationship-between-escudo-web-and-microsoft\/\" title=\"Relationship between Escudo Web and Microsoft\" rel=\"bookmark\">Relationship between Escudo Web and Microsoft<\/a>\n\t\t<\/h3>\n\n\t\t<div class=\"entry-meta\"><a href=\"https:\/\/web.escudoweb.com\/index.php\/2020\/07\/30\/\" title=\"11:33\" class=\"data-link\" rel=\"bookmark\"><time class=\"entry-date updated\" datetime=\"2020-07-30T11:33:13+02:00\">30 julio 2020<\/time><\/a><\/div>\n\t\t<div class=\"entry-excerpt\"><p>[vc_row][vc_column][vc_column_text]We are proud to be a @Microsoft Authorised Education Partner, Microsoft ISV Partner, be a part of the Microsoft Partner&hellip;<\/p>\n<\/div>\n\t\t\n<a href=\"https:\/\/web.escudoweb.com\/index.php\/relationship-between-escudo-web-and-microsoft\/\" class=\"dt-btn-s dt-btn post-details details-type-btn\" aria-label=\"Read more about Relationship between Escudo Web and Microsoft\">Read more<i class=\"dt-icon-the7-arrow-03\" aria-hidden=\"true\"><\/i><\/a>\n\n\t<\/div>\n<\/div><\/article><article class=\"post post-2133 type-post status-publish format-standard has-post-thumbnail hentry category-english category-10\" data-name=\"General considerations for the implementation of a digital education project in the state school sector\" data-date=\"2020-07-29T11:58:18+02:00\">\n\n<div class=\"post-thumbnail-wrap\">\n\t<div class=\"post-thumbnail\">\n\t\t\n\t\t\n\t\t<a href=\"https:\/\/web.escudoweb.com\/index.php\/general-considerations-for-the-implementation-of-a-digital-education-project-in-the-state-school-sector\/\" class=\"post-thumbnail-rollover layzr-bg\" ><img decoding=\"async\" class=\"preload-me owl-lazy-load aspect\" src=\"data:image\/svg+xml,%3Csvg%20xmlns%3D&#39;http%3A%2F%2Fwww.w3.org%2F2000%2Fsvg&#39;%20viewBox%3D&#39;0%200%20768%20512&#39;%2F%3E\" data-src=\"https:\/\/web.escudoweb.com\/wp-content\/uploads\/2020\/07\/escudo_en-scaled-768x512.jpg\" data-srcset=\"https:\/\/web.escudoweb.com\/wp-content\/uploads\/2020\/07\/escudo_en-scaled-768x512.jpg 768w, https:\/\/web.escudoweb.com\/wp-content\/uploads\/2020\/07\/escudo_en-scaled-1152x768.jpg 1152w\" loading=\"eager\" style=\"--ratio: 768 \/ 512\" sizes=\"(max-width: 768px) 100vw, 768px\" alt=\"\" title=\"escudo_en\" width=\"768\" height=\"512\"  \/><\/a>\t<\/div>\n<\/div>\n\n\n<div class=\"post-entry-content\">\n\t<div class=\"post-entry-wrapper\">\n\t\t\t\t<h3 class=\"entry-title\">\n\t\t\t<a href=\"https:\/\/web.escudoweb.com\/index.php\/general-considerations-for-the-implementation-of-a-digital-education-project-in-the-state-school-sector\/\" title=\"General considerations for the implementation of a digital education project in the state school sector\" rel=\"bookmark\">General considerations for the implementation of a digital education project in the state school sector<\/a>\n\t\t<\/h3>\n\n\t\t<div class=\"entry-meta\"><a href=\"https:\/\/web.escudoweb.com\/index.php\/2020\/07\/29\/\" title=\"11:58\" class=\"data-link\" rel=\"bookmark\"><time class=\"entry-date updated\" datetime=\"2020-07-29T11:58:18+02:00\">29 julio 2020<\/time><\/a><\/div>\n\t\t<div class=\"entry-excerpt\"><p>[vc_row][vc_column][vc_column_text] It is necessary to ensure minimum standards of connectivity throughout the geographical area, as a preliminary step,\u00a0in order\u00a0to ensure&hellip;<\/p>\n<\/div>\n\t\t\n<a href=\"https:\/\/web.escudoweb.com\/index.php\/general-considerations-for-the-implementation-of-a-digital-education-project-in-the-state-school-sector\/\" class=\"dt-btn-s dt-btn post-details details-type-btn\" aria-label=\"Read more about General considerations for the implementation of a digital education project in the state school sector\">Read more<i class=\"dt-icon-the7-arrow-03\" aria-hidden=\"true\"><\/i><\/a>\n\n\t<\/div>\n<\/div><\/article><article class=\"post post-2126 type-post status-publish format-standard has-post-thumbnail hentry category-news category-21\" data-name=\"Escudo Web has just been awarded the certification \u201cInnovative SME\u201d (Pyme Innovadora)\" data-date=\"2020-07-28T10:41:15+02:00\">\n\n<div class=\"post-thumbnail-wrap\">\n\t<div class=\"post-thumbnail\">\n\t\t\n\t\t\n\t\t<a href=\"https:\/\/web.escudoweb.com\/index.php\/escudo-web-has-just-been-awarded-the-certification-innovative-sme-pyme-innovadora\/\" class=\"post-thumbnail-rollover layzr-bg\" ><img decoding=\"async\" class=\"preload-me owl-lazy-load aspect\" src=\"data:image\/svg+xml,%3Csvg%20xmlns%3D&#39;http%3A%2F%2Fwww.w3.org%2F2000%2Fsvg&#39;%20viewBox%3D&#39;0%200%20697%20465&#39;%2F%3E\" data-src=\"https:\/\/web.escudoweb.com\/wp-content\/uploads\/2020\/07\/sello-innovacion-escudo-web-1-697x465.jpg\" data-srcset=\"https:\/\/web.escudoweb.com\/wp-content\/uploads\/2020\/07\/sello-innovacion-escudo-web-1-697x465.jpg 697w\" loading=\"eager\" style=\"--ratio: 697 \/ 465\" sizes=\"(max-width: 697px) 100vw, 697px\" alt=\"\" title=\"sello-innovacion-escudo-web\" width=\"697\" height=\"465\"  \/><\/a>\t<\/div>\n<\/div>\n\n\n<div class=\"post-entry-content\">\n\t<div class=\"post-entry-wrapper\">\n\t\t\t\t<h3 class=\"entry-title\">\n\t\t\t<a href=\"https:\/\/web.escudoweb.com\/index.php\/escudo-web-has-just-been-awarded-the-certification-innovative-sme-pyme-innovadora\/\" title=\"Escudo Web has just been awarded the certification \u201cInnovative SME\u201d (Pyme Innovadora)\" rel=\"bookmark\">Escudo Web has just been awarded the certification \u201cInnovative SME\u201d (Pyme Innovadora)<\/a>\n\t\t<\/h3>\n\n\t\t<div class=\"entry-meta\"><a href=\"https:\/\/web.escudoweb.com\/index.php\/2020\/07\/28\/\" title=\"10:41\" class=\"data-link\" rel=\"bookmark\"><time class=\"entry-date updated\" datetime=\"2020-07-28T10:41:15+02:00\">28 julio 2020<\/time><\/a><\/div>\n\t\t<div class=\"entry-excerpt\"><p>[vc_row][vc_column][vc_column_text]Escudo Web has just been awarded the certification \u201cInnovative SME\u201d (Pyme Innovadora). This recognition is for the company\u00b4s quest and&hellip;<\/p>\n<\/div>\n\t\t\n<a href=\"https:\/\/web.escudoweb.com\/index.php\/escudo-web-has-just-been-awarded-the-certification-innovative-sme-pyme-innovadora\/\" class=\"dt-btn-s dt-btn post-details details-type-btn\" aria-label=\"Read more about Escudo Web has just been awarded the certification \u201cInnovative SME\u201d (Pyme Innovadora)\">Read more<i class=\"dt-icon-the7-arrow-03\" aria-hidden=\"true\"><\/i><\/a>\n\n\t<\/div>\n<\/div><\/article><article class=\"post post-2120 type-post status-publish format-standard has-post-thumbnail hentry category-news category-21\" data-name=\"Our educational software solutions incorporates Digital Parental Interaction\" data-date=\"2020-07-27T11:16:54+02:00\">\n\n<div class=\"post-thumbnail-wrap\">\n\t<div class=\"post-thumbnail\">\n\t\t\n\t\t\n\t\t<a href=\"https:\/\/web.escudoweb.com\/index.php\/our-educational-software-solutions-incorporates-digital-parental-interaction\/\" class=\"post-thumbnail-rollover layzr-bg\" ><img decoding=\"async\" class=\"preload-me owl-lazy-load aspect\" src=\"data:image\/svg+xml,%3Csvg%20xmlns%3D&#39;http%3A%2F%2Fwww.w3.org%2F2000%2Fsvg&#39;%20viewBox%3D&#39;0%200%20768%20512&#39;%2F%3E\" data-src=\"https:\/\/web.escudoweb.com\/wp-content\/uploads\/2020\/07\/GettyImages-944180696-768x512.jpg\" data-srcset=\"https:\/\/web.escudoweb.com\/wp-content\/uploads\/2020\/07\/GettyImages-944180696-768x512.jpg 768w, https:\/\/web.escudoweb.com\/wp-content\/uploads\/2020\/07\/GettyImages-944180696-969x646.jpg 969w\" loading=\"eager\" style=\"--ratio: 768 \/ 512\" sizes=\"(max-width: 768px) 100vw, 768px\" alt=\"\" title=\"Google  And You Tube : Illustration\" width=\"768\" height=\"512\"  \/><\/a>\t<\/div>\n<\/div>\n\n\n<div class=\"post-entry-content\">\n\t<div class=\"post-entry-wrapper\">\n\t\t\t\t<h3 class=\"entry-title\">\n\t\t\t<a href=\"https:\/\/web.escudoweb.com\/index.php\/our-educational-software-solutions-incorporates-digital-parental-interaction\/\" title=\"Our educational software solutions incorporates Digital Parental Interaction\" rel=\"bookmark\">Our educational software solutions incorporates Digital Parental Interaction<\/a>\n\t\t<\/h3>\n\n\t\t<div class=\"entry-meta\"><a href=\"https:\/\/web.escudoweb.com\/index.php\/2020\/07\/27\/\" title=\"11:16\" class=\"data-link\" rel=\"bookmark\"><time class=\"entry-date updated\" datetime=\"2020-07-27T11:16:54+02:00\">27 julio 2020<\/time><\/a><\/div>\n\t\t<div class=\"entry-excerpt\"><p>[vc_row][vc_column][vc_column_text]\u00a0The fact that YouTube developed and launched a kids version of their video sharing platform is a clear admonition that&hellip;<\/p>\n<\/div>\n\t\t\n<a href=\"https:\/\/web.escudoweb.com\/index.php\/our-educational-software-solutions-incorporates-digital-parental-interaction\/\" class=\"dt-btn-s dt-btn post-details details-type-btn\" aria-label=\"Read more about Our educational software solutions incorporates Digital Parental Interaction\">Read more<i class=\"dt-icon-the7-arrow-03\" aria-hidden=\"true\"><\/i><\/a>\n\n\t<\/div>\n<\/div><\/article><article class=\"post post-2116 type-post status-publish format-standard has-post-thumbnail hentry category-news category-21\" data-name=\"Global Citizenship Education after the COVID-19 crisis?\" data-date=\"2020-07-24T08:41:32+02:00\">\n\n<div class=\"post-thumbnail-wrap\">\n\t<div class=\"post-thumbnail\">\n\t\t\n\t\t\n\t\t<a href=\"https:\/\/web.escudoweb.com\/index.php\/global-citizenship-education-after-the-covid-19-crisis\/\" class=\"post-thumbnail-rollover layzr-bg\" ><img decoding=\"async\" class=\"preload-me owl-lazy-load aspect\" src=\"data:image\/svg+xml,%3Csvg%20xmlns%3D&#39;http%3A%2F%2Fwww.w3.org%2F2000%2Fsvg&#39;%20viewBox%3D&#39;0%200%20640%20426&#39;%2F%3E\" data-src=\"https:\/\/web.escudoweb.com\/wp-content\/uploads\/2020\/07\/unesco-report-640x426.jpg\" data-srcset=\"https:\/\/web.escudoweb.com\/wp-content\/uploads\/2020\/07\/unesco-report-640x426.jpg 640w\" loading=\"eager\" style=\"--ratio: 640 \/ 426\" sizes=\"(max-width: 640px) 100vw, 640px\" alt=\"\" title=\"unesco report\" width=\"640\" height=\"426\"  \/><\/a>\t<\/div>\n<\/div>\n\n\n<div class=\"post-entry-content\">\n\t<div class=\"post-entry-wrapper\">\n\t\t\t\t<h3 class=\"entry-title\">\n\t\t\t<a href=\"https:\/\/web.escudoweb.com\/index.php\/global-citizenship-education-after-the-covid-19-crisis\/\" title=\"Global Citizenship Education after the COVID-19 crisis?\" rel=\"bookmark\">Global Citizenship Education after the COVID-19 crisis?<\/a>\n\t\t<\/h3>\n\n\t\t<div class=\"entry-meta\"><a href=\"https:\/\/web.escudoweb.com\/index.php\/2020\/07\/24\/\" title=\"08:41\" class=\"data-link\" rel=\"bookmark\"><time class=\"entry-date updated\" datetime=\"2020-07-24T08:41:32+02:00\">24 julio 2020<\/time><\/a><\/div>\n\t\t<div class=\"entry-excerpt\"><p>[vc_row][vc_column][vc_column_text]The pandemic has challenged countries and raised questions about governments&#8217; response. It has also highlighted how sharing more information could&hellip;<\/p>\n<\/div>\n\t\t\n<a href=\"https:\/\/web.escudoweb.com\/index.php\/global-citizenship-education-after-the-covid-19-crisis\/\" class=\"dt-btn-s dt-btn post-details details-type-btn\" aria-label=\"Read more about Global Citizenship Education after the COVID-19 crisis?\">Read more<i class=\"dt-icon-the7-arrow-03\" aria-hidden=\"true\"><\/i><\/a>\n\n\t<\/div>\n<\/div><\/article><article class=\"post post-2112 type-post status-publish format-standard has-post-thumbnail hentry category-news category-21\" data-name=\"McKinsey\u00b4s 5 Rs of getting back to school\" data-date=\"2020-07-23T12:17:01+02:00\">\n\n<div class=\"post-thumbnail-wrap\">\n\t<div class=\"post-thumbnail\">\n\t\t\n\t\t\n\t\t<a href=\"https:\/\/web.escudoweb.com\/index.php\/mckinseys-5-rs-of-getting-back-to-school\/\" class=\"post-thumbnail-rollover layzr-bg\" ><img decoding=\"async\" class=\"preload-me owl-lazy-load aspect\" src=\"data:image\/svg+xml,%3Csvg%20xmlns%3D&#39;http%3A%2F%2Fwww.w3.org%2F2000%2Fsvg&#39;%20viewBox%3D&#39;0%200%20737%20491&#39;%2F%3E\" data-src=\"https:\/\/web.escudoweb.com\/wp-content\/uploads\/2020\/07\/map-1-737x491.jpg\" data-srcset=\"https:\/\/web.escudoweb.com\/wp-content\/uploads\/2020\/07\/map-1-737x491.jpg 737w, https:\/\/web.escudoweb.com\/wp-content\/uploads\/2020\/07\/map-1-738x492.jpg 738w\" loading=\"eager\" style=\"--ratio: 737 \/ 491\" sizes=\"(max-width: 737px) 100vw, 737px\" alt=\"\" title=\"map\" width=\"737\" height=\"491\"  \/><\/a>\t<\/div>\n<\/div>\n\n\n<div class=\"post-entry-content\">\n\t<div class=\"post-entry-wrapper\">\n\t\t\t\t<h3 class=\"entry-title\">\n\t\t\t<a href=\"https:\/\/web.escudoweb.com\/index.php\/mckinseys-5-rs-of-getting-back-to-school\/\" title=\"McKinsey\u00b4s 5 Rs of getting back to school\" rel=\"bookmark\">McKinsey\u00b4s 5 Rs of getting back to school<\/a>\n\t\t<\/h3>\n\n\t\t<div class=\"entry-meta\"><a href=\"https:\/\/web.escudoweb.com\/index.php\/2020\/07\/23\/\" title=\"12:17\" class=\"data-link\" rel=\"bookmark\"><time class=\"entry-date updated\" datetime=\"2020-07-23T12:17:01+02:00\">23 julio 2020<\/time><\/a><\/div>\n\t\t<div class=\"entry-excerpt\"><p>[vc_row][vc_column][vc_column_text]As we move out of lockdown into some form of a normality McKinsey have come up with five key steps,&hellip;<\/p>\n<\/div>\n\t\t\n<a href=\"https:\/\/web.escudoweb.com\/index.php\/mckinseys-5-rs-of-getting-back-to-school\/\" class=\"dt-btn-s dt-btn post-details details-type-btn\" aria-label=\"Read more about McKinsey\u00b4s 5 Rs of getting back to school\">Read more<i class=\"dt-icon-the7-arrow-03\" aria-hidden=\"true\"><\/i><\/a>\n\n\t<\/div>\n<\/div><\/article><article class=\"post post-2104 type-post status-publish format-standard has-post-thumbnail hentry category-news category-21\" data-name=\"We should protect them when we give them technology\" data-date=\"2020-07-22T11:52:43+02:00\">\n\n<div class=\"post-thumbnail-wrap\">\n\t<div class=\"post-thumbnail\">\n\t\t\n\t\t\n\t\t<a href=\"https:\/\/web.escudoweb.com\/index.php\/we-should-protect-them-when-we-give-them-technology\/\" class=\"post-thumbnail-rollover layzr-bg\" ><img decoding=\"async\" class=\"preload-me owl-lazy-load aspect\" src=\"data:image\/svg+xml,%3Csvg%20xmlns%3D&#39;http%3A%2F%2Fwww.w3.org%2F2000%2Fsvg&#39;%20viewBox%3D&#39;0%200%20768%20512&#39;%2F%3E\" data-src=\"https:\/\/web.escudoweb.com\/wp-content\/uploads\/2020\/07\/protect_them-768x512.jpg\" data-srcset=\"https:\/\/web.escudoweb.com\/wp-content\/uploads\/2020\/07\/protect_them-768x512.jpg 768w, https:\/\/web.escudoweb.com\/wp-content\/uploads\/2020\/07\/protect_them-1004x670.jpg 1004w\" loading=\"eager\" style=\"--ratio: 768 \/ 512\" sizes=\"(max-width: 768px) 100vw, 768px\" alt=\"\" title=\"protect_them\" width=\"768\" height=\"512\"  \/><\/a>\t<\/div>\n<\/div>\n\n\n<div class=\"post-entry-content\">\n\t<div class=\"post-entry-wrapper\">\n\t\t\t\t<h3 class=\"entry-title\">\n\t\t\t<a href=\"https:\/\/web.escudoweb.com\/index.php\/we-should-protect-them-when-we-give-them-technology\/\" title=\"We should protect them when we give them technology\" rel=\"bookmark\">We should protect them when we give them technology<\/a>\n\t\t<\/h3>\n\n\t\t<div class=\"entry-meta\"><a href=\"https:\/\/web.escudoweb.com\/index.php\/2020\/07\/22\/\" title=\"11:52\" class=\"data-link\" rel=\"bookmark\"><time class=\"entry-date updated\" datetime=\"2020-07-22T11:52:43+02:00\">22 julio 2020<\/time><\/a><\/div>\n\t\t<div class=\"entry-excerpt\"><p>[vc_row][vc_column][vc_column_text]According to the Institute of Digital Media and Child Development (a dedicated web site to Children and Screens) in their&hellip;<\/p>\n<\/div>\n\t\t\n<a href=\"https:\/\/web.escudoweb.com\/index.php\/we-should-protect-them-when-we-give-them-technology\/\" class=\"dt-btn-s dt-btn post-details details-type-btn\" aria-label=\"Read more about We should protect them when we give them technology\">Read more<i class=\"dt-icon-the7-arrow-03\" aria-hidden=\"true\"><\/i><\/a>\n\n\t<\/div>\n<\/div><\/article><article class=\"post post-2099 type-post status-publish format-standard has-post-thumbnail hentry category-news category-21\" data-name=\"Schooling disrupted, schooling rethought\" data-date=\"2020-07-21T11:30:48+02:00\">\n\n<div class=\"post-thumbnail-wrap\">\n\t<div class=\"post-thumbnail\">\n\t\t\n\t\t\n\t\t<a href=\"https:\/\/web.escudoweb.com\/index.php\/schooling-disrupted-schooling-rethought\/\" class=\"post-thumbnail-rollover layzr-bg\" ><img decoding=\"async\" class=\"preload-me owl-lazy-load aspect\" src=\"data:image\/svg+xml,%3Csvg%20xmlns%3D&#39;http%3A%2F%2Fwww.w3.org%2F2000%2Fsvg&#39;%20viewBox%3D&#39;0%200%20728%20485&#39;%2F%3E\" data-src=\"https:\/\/web.escudoweb.com\/wp-content\/uploads\/2020\/07\/school-1-728x485.jpg\" data-srcset=\"https:\/\/web.escudoweb.com\/wp-content\/uploads\/2020\/07\/school-1-728x485.jpg 728w, https:\/\/web.escudoweb.com\/wp-content\/uploads\/2020\/07\/school-1-729x486.jpg 729w\" loading=\"eager\" style=\"--ratio: 728 \/ 485\" sizes=\"(max-width: 728px) 100vw, 728px\" alt=\"\" title=\"school\" width=\"728\" height=\"485\"  \/><\/a>\t<\/div>\n<\/div>\n\n\n<div class=\"post-entry-content\">\n\t<div class=\"post-entry-wrapper\">\n\t\t\t\t<h3 class=\"entry-title\">\n\t\t\t<a href=\"https:\/\/web.escudoweb.com\/index.php\/schooling-disrupted-schooling-rethought\/\" title=\"Schooling disrupted, schooling rethought\" rel=\"bookmark\">Schooling disrupted, schooling rethought<\/a>\n\t\t<\/h3>\n\n\t\t<div class=\"entry-meta\"><a href=\"https:\/\/web.escudoweb.com\/index.php\/2020\/07\/21\/\" title=\"11:30\" class=\"data-link\" rel=\"bookmark\"><time class=\"entry-date updated\" datetime=\"2020-07-21T11:30:48+02:00\">21 julio 2020<\/time><\/a><\/div>\n\t\t<div class=\"entry-excerpt\"><p>[vc_row][vc_column][vc_column_text]Lessons learned from the period of quarantine and move to online learning have tended to be personal, or at most&hellip;<\/p>\n<\/div>\n\t\t\n<a href=\"https:\/\/web.escudoweb.com\/index.php\/schooling-disrupted-schooling-rethought\/\" class=\"dt-btn-s dt-btn post-details details-type-btn\" aria-label=\"Read more about Schooling disrupted, schooling rethought\">Read more<i class=\"dt-icon-the7-arrow-03\" aria-hidden=\"true\"><\/i><\/a>\n\n\t<\/div>\n<\/div><\/article><article class=\"post post-2094 type-post status-publish format-standard has-post-thumbnail hentry category-news category-21\" data-name=\"We have created a safe and secure Family Chat\" data-date=\"2020-07-20T09:49:56+02:00\">\n\n<div class=\"post-thumbnail-wrap\">\n\t<div class=\"post-thumbnail\">\n\t\t\n\t\t\n\t\t<a href=\"https:\/\/web.escudoweb.com\/index.php\/we-have-created-a-safe-and-secure-family-chat\/\" class=\"post-thumbnail-rollover layzr-bg\" ><img decoding=\"async\" class=\"preload-me owl-lazy-load aspect\" src=\"data:image\/svg+xml,%3Csvg%20xmlns%3D&#39;http%3A%2F%2Fwww.w3.org%2F2000%2Fsvg&#39;%20viewBox%3D&#39;0%200%20768%20512&#39;%2F%3E\" data-src=\"https:\/\/web.escudoweb.com\/wp-content\/uploads\/2020\/07\/familychat-768x512.jpg\" data-srcset=\"https:\/\/web.escudoweb.com\/wp-content\/uploads\/2020\/07\/familychat-768x512.jpg 768w, https:\/\/web.escudoweb.com\/wp-content\/uploads\/2020\/07\/familychat-1152x768.jpg 1152w\" loading=\"eager\" style=\"--ratio: 768 \/ 512\" sizes=\"(max-width: 768px) 100vw, 768px\" alt=\"\" title=\"familychat\" width=\"768\" height=\"512\"  \/><\/a>\t<\/div>\n<\/div>\n\n\n<div class=\"post-entry-content\">\n\t<div class=\"post-entry-wrapper\">\n\t\t\t\t<h3 class=\"entry-title\">\n\t\t\t<a href=\"https:\/\/web.escudoweb.com\/index.php\/we-have-created-a-safe-and-secure-family-chat\/\" title=\"We have created a safe and secure Family Chat\" rel=\"bookmark\">We have created a safe and secure Family Chat<\/a>\n\t\t<\/h3>\n\n\t\t<div class=\"entry-meta\"><a href=\"https:\/\/web.escudoweb.com\/index.php\/2020\/07\/20\/\" title=\"09:49\" class=\"data-link\" rel=\"bookmark\"><time class=\"entry-date updated\" datetime=\"2020-07-20T09:49:56+02:00\">20 julio 2020<\/time><\/a><\/div>\n\t\t<div class=\"entry-excerpt\"><p>[vc_row][vc_column][vc_column_text]Social media (in particular whatsapp) can be a source of cyber bullying. To this end we have created a safe&hellip;<\/p>\n<\/div>\n\t\t\n<a href=\"https:\/\/web.escudoweb.com\/index.php\/we-have-created-a-safe-and-secure-family-chat\/\" class=\"dt-btn-s dt-btn post-details details-type-btn\" aria-label=\"Read more about We have created a safe and secure Family Chat\">Read more<i class=\"dt-icon-the7-arrow-03\" aria-hidden=\"true\"><\/i><\/a>\n\n\t<\/div>\n<\/div><\/article><article class=\"post post-2091 type-post status-publish format-standard has-post-thumbnail hentry category-news category-21\" data-name=\"Education in a post-COVID world: Nine ideas for public action\" data-date=\"2020-07-17T09:20:10+02:00\">\n\n<div class=\"post-thumbnail-wrap\">\n\t<div class=\"post-thumbnail\">\n\t\t\n\t\t\n\t\t<a href=\"https:\/\/web.escudoweb.com\/index.php\/education-in-a-post-covid-world-nine-ideas-for-public-action\/\" class=\"post-thumbnail-rollover layzr-bg\" ><img decoding=\"async\" class=\"preload-me owl-lazy-load aspect\" src=\"data:image\/svg+xml,%3Csvg%20xmlns%3D&#39;http%3A%2F%2Fwww.w3.org%2F2000%2Fsvg&#39;%20viewBox%3D&#39;0%200%20552%20368&#39;%2F%3E\" data-src=\"https:\/\/web.escudoweb.com\/wp-content\/uploads\/2020\/07\/futurescover3-552x368.jpg\" data-srcset=\"https:\/\/web.escudoweb.com\/wp-content\/uploads\/2020\/07\/futurescover3-552x368.jpg 552w\" loading=\"eager\" style=\"--ratio: 552 \/ 368\" sizes=\"(max-width: 552px) 100vw, 552px\" alt=\"\" title=\"futurescover3\" width=\"552\" height=\"368\"  \/><\/a>\t<\/div>\n<\/div>\n\n\n<div class=\"post-entry-content\">\n\t<div class=\"post-entry-wrapper\">\n\t\t\t\t<h3 class=\"entry-title\">\n\t\t\t<a href=\"https:\/\/web.escudoweb.com\/index.php\/education-in-a-post-covid-world-nine-ideas-for-public-action\/\" title=\"Education in a post-COVID world: Nine ideas for public action\" rel=\"bookmark\">Education in a post-COVID world: Nine ideas for public action<\/a>\n\t\t<\/h3>\n\n\t\t<div class=\"entry-meta\"><a href=\"https:\/\/web.escudoweb.com\/index.php\/2020\/07\/17\/\" title=\"09:20\" class=\"data-link\" rel=\"bookmark\"><time class=\"entry-date updated\" datetime=\"2020-07-17T09:20:10+02:00\">17 julio 2020<\/time><\/a><\/div>\n\t\t<div class=\"entry-excerpt\"><p>[vc_row][vc_column][vc_column_text]As countries break &#8211; for what is a very well deserved and atypical holiday &#8211; there is a period of&hellip;<\/p>\n<\/div>\n\t\t\n<a href=\"https:\/\/web.escudoweb.com\/index.php\/education-in-a-post-covid-world-nine-ideas-for-public-action\/\" class=\"dt-btn-s dt-btn post-details details-type-btn\" aria-label=\"Read more about Education in a post-COVID world: Nine ideas for public action\">Read more<i class=\"dt-icon-the7-arrow-03\" aria-hidden=\"true\"><\/i><\/a>\n\n\t<\/div>\n<\/div><\/article><article class=\"post post-2087 type-post status-publish format-standard has-post-thumbnail hentry category-news category-21\" data-name=\"You can freeze the screen of the children\" data-date=\"2020-07-16T10:57:35+02:00\">\n\n<div class=\"post-thumbnail-wrap\">\n\t<div class=\"post-thumbnail\">\n\t\t\n\t\t\n\t\t<a href=\"https:\/\/web.escudoweb.com\/index.php\/you-can-freeze-the-screen-of-the-children\/\" class=\"post-thumbnail-rollover layzr-bg\" ><img decoding=\"async\" class=\"preload-me owl-lazy-load aspect\" src=\"data:image\/svg+xml,%3Csvg%20xmlns%3D&#39;http%3A%2F%2Fwww.w3.org%2F2000%2Fsvg&#39;%20viewBox%3D&#39;0%200%20768%20512&#39;%2F%3E\" data-src=\"https:\/\/web.escudoweb.com\/wp-content\/uploads\/2020\/07\/freeze-768x512.jpg\" data-srcset=\"https:\/\/web.escudoweb.com\/wp-content\/uploads\/2020\/07\/freeze-768x512.jpg 768w, https:\/\/web.escudoweb.com\/wp-content\/uploads\/2020\/07\/freeze-1152x768.jpg 1152w\" loading=\"eager\" style=\"--ratio: 768 \/ 512\" sizes=\"(max-width: 768px) 100vw, 768px\" alt=\"\" title=\"freeze\" width=\"768\" height=\"512\"  \/><\/a>\t<\/div>\n<\/div>\n\n\n<div class=\"post-entry-content\">\n\t<div class=\"post-entry-wrapper\">\n\t\t\t\t<h3 class=\"entry-title\">\n\t\t\t<a href=\"https:\/\/web.escudoweb.com\/index.php\/you-can-freeze-the-screen-of-the-children\/\" title=\"You can freeze the screen of the children\" rel=\"bookmark\">You can freeze the screen of the children<\/a>\n\t\t<\/h3>\n\n\t\t<div class=\"entry-meta\"><a href=\"https:\/\/web.escudoweb.com\/index.php\/2020\/07\/16\/\" title=\"10:57\" class=\"data-link\" rel=\"bookmark\"><time class=\"entry-date updated\" datetime=\"2020-07-16T10:57:35+02:00\">16 julio 2020<\/time><\/a><\/div>\n\t\t<div class=\"entry-excerpt\"><p>[vc_row][vc_column][vc_column_text]A BMC Psychiatry Research Paper in 2019, stated that \u201cOver the past decade there has been an increase in use&hellip;<\/p>\n<\/div>\n\t\t\n<a href=\"https:\/\/web.escudoweb.com\/index.php\/you-can-freeze-the-screen-of-the-children\/\" class=\"dt-btn-s dt-btn post-details details-type-btn\" aria-label=\"Read more about You can freeze the screen of the children\">Read more<i class=\"dt-icon-the7-arrow-03\" aria-hidden=\"true\"><\/i><\/a>\n\n\t<\/div>\n<\/div><\/article><article class=\"post post-2084 type-post status-publish format-standard has-post-thumbnail hentry category-news category-21\" data-name=\"How To Get The Best From Online Teaching: 12 Practical Tips For Teachers\" data-date=\"2020-07-15T11:14:05+02:00\">\n\n<div class=\"post-thumbnail-wrap\">\n\t<div class=\"post-thumbnail\">\n\t\t\n\t\t\n\t\t<a href=\"https:\/\/web.escudoweb.com\/index.php\/how-to-get-the-best-from-online-teaching-12-practical-tips-for-teachers\/\" class=\"post-thumbnail-rollover layzr-bg\" ><img decoding=\"async\" class=\"preload-me owl-lazy-load aspect\" src=\"data:image\/svg+xml,%3Csvg%20xmlns%3D&#39;http%3A%2F%2Fwww.w3.org%2F2000%2Fsvg&#39;%20viewBox%3D&#39;0%200%20699%20466&#39;%2F%3E\" data-src=\"https:\/\/web.escudoweb.com\/wp-content\/uploads\/2020\/07\/700x9999.3How-to-get-the-best-from-online-teaching.jpg\" data-srcset=\"https:\/\/web.escudoweb.com\/wp-content\/uploads\/2020\/07\/700x9999.3How-to-get-the-best-from-online-teaching.jpg 699w\" loading=\"eager\" style=\"--ratio: 699 \/ 466\" sizes=\"(max-width: 699px) 100vw, 699px\" alt=\"\" title=\"__700x9999.3How-to-get-the-best-from-online-teaching\" width=\"699\" height=\"466\"  \/><\/a>\t<\/div>\n<\/div>\n\n\n<div class=\"post-entry-content\">\n\t<div class=\"post-entry-wrapper\">\n\t\t\t\t<h3 class=\"entry-title\">\n\t\t\t<a href=\"https:\/\/web.escudoweb.com\/index.php\/how-to-get-the-best-from-online-teaching-12-practical-tips-for-teachers\/\" title=\"How To Get The Best From Online Teaching: 12 Practical Tips For Teachers\" rel=\"bookmark\">How To Get The Best From Online Teaching: 12 Practical Tips For Teachers<\/a>\n\t\t<\/h3>\n\n\t\t<div class=\"entry-meta\"><a href=\"https:\/\/web.escudoweb.com\/index.php\/2020\/07\/15\/\" title=\"11:14\" class=\"data-link\" rel=\"bookmark\"><time class=\"entry-date updated\" datetime=\"2020-07-15T11:14:05+02:00\">15 julio 2020<\/time><\/a><\/div>\n\t\t<div class=\"entry-excerpt\"><p>[vc_row][vc_column][vc_column_text]Given that teachers were pushed into the uncomfortable situation of having to learn how to deliver online classes, in most&hellip;<\/p>\n<\/div>\n\t\t\n<a href=\"https:\/\/web.escudoweb.com\/index.php\/how-to-get-the-best-from-online-teaching-12-practical-tips-for-teachers\/\" class=\"dt-btn-s dt-btn post-details details-type-btn\" aria-label=\"Read more about How To Get The Best From Online Teaching: 12 Practical Tips For Teachers\">Read more<i class=\"dt-icon-the7-arrow-03\" aria-hidden=\"true\"><\/i><\/a>\n\n\t<\/div>\n<\/div><\/article><article class=\"post post-2077 type-post status-publish format-standard has-post-thumbnail hentry category-news category-21\" data-name=\"Secure browser option on our smartphones\" data-date=\"2020-07-14T10:22:33+02:00\">\n\n<div class=\"post-thumbnail-wrap\">\n\t<div class=\"post-thumbnail\">\n\t\t\n\t\t\n\t\t<a href=\"https:\/\/web.escudoweb.com\/index.php\/secure-browser-option-on-our-smartphones\/\" class=\"post-thumbnail-rollover layzr-bg\" ><img decoding=\"async\" class=\"preload-me owl-lazy-load aspect\" src=\"data:image\/svg+xml,%3Csvg%20xmlns%3D&#39;http%3A%2F%2Fwww.w3.org%2F2000%2Fsvg&#39;%20viewBox%3D&#39;0%200%20768%20512&#39;%2F%3E\" data-src=\"https:\/\/web.escudoweb.com\/wp-content\/uploads\/2020\/07\/filter-768x512.jpg\" data-srcset=\"https:\/\/web.escudoweb.com\/wp-content\/uploads\/2020\/07\/filter-768x512.jpg 768w, https:\/\/web.escudoweb.com\/wp-content\/uploads\/2020\/07\/filter-1152x768.jpg 1152w\" loading=\"eager\" style=\"--ratio: 768 \/ 512\" sizes=\"(max-width: 768px) 100vw, 768px\" alt=\"\" title=\"filter\" width=\"768\" height=\"512\"  \/><\/a>\t<\/div>\n<\/div>\n\n\n<div class=\"post-entry-content\">\n\t<div class=\"post-entry-wrapper\">\n\t\t\t\t<h3 class=\"entry-title\">\n\t\t\t<a href=\"https:\/\/web.escudoweb.com\/index.php\/secure-browser-option-on-our-smartphones\/\" title=\"Secure browser option on our smartphones\" rel=\"bookmark\">Secure browser option on our smartphones<\/a>\n\t\t<\/h3>\n\n\t\t<div class=\"entry-meta\"><a href=\"https:\/\/web.escudoweb.com\/index.php\/2020\/07\/14\/\" title=\"10:22\" class=\"data-link\" rel=\"bookmark\"><time class=\"entry-date updated\" datetime=\"2020-07-14T10:22:33+02:00\">14 julio 2020<\/time><\/a><\/div>\n\t\t<div class=\"entry-excerpt\"><p>[vc_row][vc_column][vc_column_text]The Royal College of Paediatrics and Child Health (RCPCH) in the UK published a guide in 2019 concluding that while&hellip;<\/p>\n<\/div>\n\t\t\n<a href=\"https:\/\/web.escudoweb.com\/index.php\/secure-browser-option-on-our-smartphones\/\" class=\"dt-btn-s dt-btn post-details details-type-btn\" aria-label=\"Read more about Secure browser option on our smartphones\">Read more<i class=\"dt-icon-the7-arrow-03\" aria-hidden=\"true\"><\/i><\/a>\n\n\t<\/div>\n<\/div><\/article><article class=\"post post-2069 type-post status-publish format-standard has-post-thumbnail hentry category-news category-21\" data-name=\"Our phones has a built-in SOS button that when pressed alerts the parent\" data-date=\"2020-07-13T11:32:38+02:00\">\n\n<div class=\"post-thumbnail-wrap\">\n\t<div class=\"post-thumbnail\">\n\t\t\n\t\t\n\t\t<a href=\"https:\/\/web.escudoweb.com\/index.php\/our-phones-has-a-built-in-sos-button-that-when-pressed-alerts-the-parent\/\" class=\"post-thumbnail-rollover layzr-bg\" ><img decoding=\"async\" class=\"preload-me owl-lazy-load aspect\" src=\"data:image\/svg+xml,%3Csvg%20xmlns%3D&#39;http%3A%2F%2Fwww.w3.org%2F2000%2Fsvg&#39;%20viewBox%3D&#39;0%200%20768%20512&#39;%2F%3E\" data-src=\"https:\/\/web.escudoweb.com\/wp-content\/uploads\/2020\/07\/sos-768x512.jpg\" data-srcset=\"https:\/\/web.escudoweb.com\/wp-content\/uploads\/2020\/07\/sos-768x512.jpg 768w, https:\/\/web.escudoweb.com\/wp-content\/uploads\/2020\/07\/sos-1152x768.jpg 1152w\" loading=\"eager\" style=\"--ratio: 768 \/ 512\" sizes=\"(max-width: 768px) 100vw, 768px\" alt=\"\" title=\"sos\" width=\"768\" height=\"512\"  \/><\/a>\t<\/div>\n<\/div>\n\n\n<div class=\"post-entry-content\">\n\t<div class=\"post-entry-wrapper\">\n\t\t\t\t<h3 class=\"entry-title\">\n\t\t\t<a href=\"https:\/\/web.escudoweb.com\/index.php\/our-phones-has-a-built-in-sos-button-that-when-pressed-alerts-the-parent\/\" title=\"Our phones has a built-in SOS button that when pressed alerts the parent\" rel=\"bookmark\">Our phones has a built-in SOS button that when pressed alerts the parent<\/a>\n\t\t<\/h3>\n\n\t\t<div class=\"entry-meta\"><a href=\"https:\/\/web.escudoweb.com\/index.php\/2020\/07\/13\/\" title=\"11:32\" class=\"data-link\" rel=\"bookmark\"><time class=\"entry-date updated\" datetime=\"2020-07-13T11:32:38+02:00\">13 julio 2020<\/time><\/a><\/div>\n\t\t<div class=\"entry-excerpt\"><p>[vc_row][vc_column][vc_column_text]Every parent dreads the situation where a child is in danger, and yet might never know when it happens. With&hellip;<\/p>\n<\/div>\n\t\t\n<a href=\"https:\/\/web.escudoweb.com\/index.php\/our-phones-has-a-built-in-sos-button-that-when-pressed-alerts-the-parent\/\" class=\"dt-btn-s dt-btn post-details details-type-btn\" aria-label=\"Read more about Our phones has a built-in SOS button that when pressed alerts the parent\">Read more<i class=\"dt-icon-the7-arrow-03\" aria-hidden=\"true\"><\/i><\/a>\n\n\t<\/div>\n<\/div><\/article><article class=\"post post-2061 type-post status-publish format-standard has-post-thumbnail hentry category-news category-21\" data-name=\"TikTok to invest \u20ac13 million to launch learning platform\" data-date=\"2020-07-10T12:35:44+02:00\">\n\n<div class=\"post-thumbnail-wrap\">\n\t<div class=\"post-thumbnail\">\n\t\t\n\t\t\n\t\t<a href=\"https:\/\/web.escudoweb.com\/index.php\/tiktok-to-invest-e13-million-to-launch-learning-platform\/\" class=\"post-thumbnail-rollover layzr-bg\" ><img decoding=\"async\" class=\"preload-me owl-lazy-load aspect\" src=\"data:image\/svg+xml,%3Csvg%20xmlns%3D&#39;http%3A%2F%2Fwww.w3.org%2F2000%2Fsvg&#39;%20viewBox%3D&#39;0%200%20600%20400&#39;%2F%3E\" data-src=\"https:\/\/web.escudoweb.com\/wp-content\/uploads\/2020\/07\/tiktok-600x400.jpeg\" data-srcset=\"https:\/\/web.escudoweb.com\/wp-content\/uploads\/2020\/07\/tiktok-600x400.jpeg 600w\" loading=\"eager\" style=\"--ratio: 600 \/ 400\" sizes=\"(max-width: 600px) 100vw, 600px\" alt=\"\" title=\"tiktok\" width=\"600\" height=\"400\"  \/><\/a>\t<\/div>\n<\/div>\n\n\n<div class=\"post-entry-content\">\n\t<div class=\"post-entry-wrapper\">\n\t\t\t\t<h3 class=\"entry-title\">\n\t\t\t<a href=\"https:\/\/web.escudoweb.com\/index.php\/tiktok-to-invest-e13-million-to-launch-learning-platform\/\" title=\"TikTok to invest \u20ac13 million to launch learning platform\" rel=\"bookmark\">TikTok to invest \u20ac13 million to launch learning platform<\/a>\n\t\t<\/h3>\n\n\t\t<div class=\"entry-meta\"><a href=\"https:\/\/web.escudoweb.com\/index.php\/2020\/07\/10\/\" title=\"12:35\" class=\"data-link\" rel=\"bookmark\"><time class=\"entry-date updated\" datetime=\"2020-07-10T12:35:44+02:00\">10 julio 2020<\/time><\/a><\/div>\n\t\t<div class=\"entry-excerpt\"><p>[vc_row][vc_column][vc_column_text]With over 800 million users Tik Tok is becoming a force to be reckoned with. Essentially it is an app&hellip;<\/p>\n<\/div>\n\t\t\n<a href=\"https:\/\/web.escudoweb.com\/index.php\/tiktok-to-invest-e13-million-to-launch-learning-platform\/\" class=\"dt-btn-s dt-btn post-details details-type-btn\" aria-label=\"Read more about TikTok to invest \u20ac13 million to launch learning platform\">Read more<i class=\"dt-icon-the7-arrow-03\" aria-hidden=\"true\"><\/i><\/a>\n\n\t<\/div>\n<\/div><\/article><article class=\"post post-2044 type-post status-publish format-standard has-post-thumbnail hentry category-news category-21\" data-name=\"Our smartphone solution cannot be removed no matter how many wipes a child attempts\" data-date=\"2020-07-09T10:15:57+02:00\">\n\n<div class=\"post-thumbnail-wrap\">\n\t<div class=\"post-thumbnail\">\n\t\t\n\t\t\n\t\t<a href=\"https:\/\/web.escudoweb.com\/index.php\/our-smartphone-solution-cannot-be-removed-no-matter-how-many-wipes-a-child-attempts\/\" class=\"post-thumbnail-rollover layzr-bg\" ><img decoding=\"async\" class=\"preload-me owl-lazy-load aspect\" src=\"data:image\/svg+xml,%3Csvg%20xmlns%3D&#39;http%3A%2F%2Fwww.w3.org%2F2000%2Fsvg&#39;%20viewBox%3D&#39;0%200%20768%20512&#39;%2F%3E\" data-src=\"https:\/\/web.escudoweb.com\/wp-content\/uploads\/2020\/07\/post_image-768x512.jpg\" data-srcset=\"https:\/\/web.escudoweb.com\/wp-content\/uploads\/2020\/07\/post_image-768x512.jpg 768w, https:\/\/web.escudoweb.com\/wp-content\/uploads\/2020\/07\/post_image-1152x768.jpg 1152w\" loading=\"eager\" style=\"--ratio: 768 \/ 512\" sizes=\"(max-width: 768px) 100vw, 768px\" alt=\"\" title=\"post_image\" width=\"768\" height=\"512\"  \/><\/a>\t<\/div>\n<\/div>\n\n\n<div class=\"post-entry-content\">\n\t<div class=\"post-entry-wrapper\">\n\t\t\t\t<h3 class=\"entry-title\">\n\t\t\t<a href=\"https:\/\/web.escudoweb.com\/index.php\/our-smartphone-solution-cannot-be-removed-no-matter-how-many-wipes-a-child-attempts\/\" title=\"Our smartphone solution cannot be removed no matter how many wipes a child attempts\" rel=\"bookmark\">Our smartphone solution cannot be removed no matter how many wipes a child attempts<\/a>\n\t\t<\/h3>\n\n\t\t<div class=\"entry-meta\"><a href=\"https:\/\/web.escudoweb.com\/index.php\/2020\/07\/09\/\" title=\"10:15\" class=\"data-link\" rel=\"bookmark\"><time class=\"entry-date updated\" datetime=\"2020-07-09T10:15:57+02:00\">9 julio 2020<\/time><\/a><\/div>\n\t\t<div class=\"entry-excerpt\"><p>[vc_row][vc_column][vc_column_text]The Geniora and Blabloo smartphones are unlike any other similar performing apps, as unlike these they are not strictly speaking&hellip;<\/p>\n<\/div>\n\t\t\n<a href=\"https:\/\/web.escudoweb.com\/index.php\/our-smartphone-solution-cannot-be-removed-no-matter-how-many-wipes-a-child-attempts\/\" class=\"dt-btn-s dt-btn post-details details-type-btn\" aria-label=\"Read more about Our smartphone solution cannot be removed no matter how many wipes a child attempts\">Read more<i class=\"dt-icon-the7-arrow-03\" aria-hidden=\"true\"><\/i><\/a>\n\n\t<\/div>\n<\/div><\/article><article class=\"post post-2035 type-post status-publish format-standard has-post-thumbnail hentry category-news category-21\" data-name=\"COVID-19: How the pandemic is affecting teaching\" data-date=\"2020-07-08T11:51:10+02:00\">\n\n<div class=\"post-thumbnail-wrap\">\n\t<div class=\"post-thumbnail\">\n\t\t\n\t\t\n\t\t<a href=\"https:\/\/web.escudoweb.com\/index.php\/covid-19-how-the-pandemic-is-affecting-teaching\/\" class=\"post-thumbnail-rollover layzr-bg\" ><img decoding=\"async\" class=\"preload-me owl-lazy-load aspect\" src=\"data:image\/svg+xml,%3Csvg%20xmlns%3D&#39;http%3A%2F%2Fwww.w3.org%2F2000%2Fsvg&#39;%20viewBox%3D&#39;0%200%20768%20512&#39;%2F%3E\" data-src=\"https:\/\/web.escudoweb.com\/wp-content\/uploads\/2020\/07\/Report-Web-Image-768x512.jpg\" data-srcset=\"https:\/\/web.escudoweb.com\/wp-content\/uploads\/2020\/07\/Report-Web-Image-768x512.jpg 768w, https:\/\/web.escudoweb.com\/wp-content\/uploads\/2020\/07\/Report-Web-Image-1084x723.jpg 1084w\" loading=\"eager\" style=\"--ratio: 768 \/ 512\" sizes=\"(max-width: 768px) 100vw, 768px\" alt=\"\" title=\"Report-Web-Image\" width=\"768\" height=\"512\"  \/><\/a>\t<\/div>\n<\/div>\n\n\n<div class=\"post-entry-content\">\n\t<div class=\"post-entry-wrapper\">\n\t\t\t\t<h3 class=\"entry-title\">\n\t\t\t<a href=\"https:\/\/web.escudoweb.com\/index.php\/covid-19-how-the-pandemic-is-affecting-teaching\/\" title=\"COVID-19: How the pandemic is affecting teaching\" rel=\"bookmark\">COVID-19: How the pandemic is affecting teaching<\/a>\n\t\t<\/h3>\n\n\t\t<div class=\"entry-meta\"><a href=\"https:\/\/web.escudoweb.com\/index.php\/2020\/07\/08\/\" title=\"11:51\" class=\"data-link\" rel=\"bookmark\"><time class=\"entry-date updated\" datetime=\"2020-07-08T11:51:10+02:00\">8 julio 2020<\/time><\/a><\/div>\n\t\t<div class=\"entry-excerpt\"><p>[vc_row][vc_column][vc_column_text]Before the pandemic the education sector was one suffering from underfunding, over- stretched teachers and in many cases, one criticised&hellip;<\/p>\n<\/div>\n\t\t\n<a href=\"https:\/\/web.escudoweb.com\/index.php\/covid-19-how-the-pandemic-is-affecting-teaching\/\" class=\"dt-btn-s dt-btn post-details details-type-btn\" aria-label=\"Read more about COVID-19: How the pandemic is affecting teaching\">Read more<i class=\"dt-icon-the7-arrow-03\" aria-hidden=\"true\"><\/i><\/a>\n\n\t<\/div>\n<\/div><\/article><article class=\"post post-2031 type-post status-publish format-standard has-post-thumbnail hentry category-news category-21\" data-name=\"They only access content suitable for their age\" data-date=\"2020-07-07T08:39:10+02:00\">\n\n<div class=\"post-thumbnail-wrap\">\n\t<div class=\"post-thumbnail\">\n\t\t\n\t\t\n\t\t<a href=\"https:\/\/web.escudoweb.com\/index.php\/they-only-access-content-suitable-for-their-age\/\" class=\"post-thumbnail-rollover layzr-bg\" ><img decoding=\"async\" class=\"preload-me owl-lazy-load aspect\" src=\"data:image\/svg+xml,%3Csvg%20xmlns%3D&#39;http%3A%2F%2Fwww.w3.org%2F2000%2Fsvg&#39;%20viewBox%3D&#39;0%200%20768%20512&#39;%2F%3E\" data-src=\"https:\/\/web.escudoweb.com\/wp-content\/uploads\/2020\/07\/2887703-768x512.jpg\" data-srcset=\"https:\/\/web.escudoweb.com\/wp-content\/uploads\/2020\/07\/2887703-768x512.jpg 768w, https:\/\/web.escudoweb.com\/wp-content\/uploads\/2020\/07\/2887703-1152x768.jpg 1152w\" loading=\"eager\" style=\"--ratio: 768 \/ 512\" sizes=\"(max-width: 768px) 100vw, 768px\" alt=\"\" title=\"2887703\" width=\"768\" height=\"512\"  \/><\/a>\t<\/div>\n<\/div>\n\n\n<div class=\"post-entry-content\">\n\t<div class=\"post-entry-wrapper\">\n\t\t\t\t<h3 class=\"entry-title\">\n\t\t\t<a href=\"https:\/\/web.escudoweb.com\/index.php\/they-only-access-content-suitable-for-their-age\/\" title=\"They only access content suitable for their age\" rel=\"bookmark\">They only access content suitable for their age<\/a>\n\t\t<\/h3>\n\n\t\t<div class=\"entry-meta\"><a href=\"https:\/\/web.escudoweb.com\/index.php\/2020\/07\/07\/\" title=\"08:39\" class=\"data-link\" rel=\"bookmark\"><time class=\"entry-date updated\" datetime=\"2020-07-07T08:39:10+02:00\">7 julio 2020<\/time><\/a><\/div>\n\t\t<div class=\"entry-excerpt\"><p>[vc_row][vc_column][vc_column_text]Managing a child\u00b4s first smartphone should not have to involve snatching it from their grasp, when the parent wants them&hellip;<\/p>\n<\/div>\n\t\t\n<a href=\"https:\/\/web.escudoweb.com\/index.php\/they-only-access-content-suitable-for-their-age\/\" class=\"dt-btn-s dt-btn post-details details-type-btn\" aria-label=\"Read more about They only access content suitable for their age\">Read more<i class=\"dt-icon-the7-arrow-03\" aria-hidden=\"true\"><\/i><\/a>\n\n\t<\/div>\n<\/div><\/article><article class=\"post post-2028 type-post status-publish format-standard has-post-thumbnail hentry category-news category-21\" data-name=\"COVID-19 makes universal digital access and cooperation essential: UN tech agency\" data-date=\"2020-07-06T09:08:08+02:00\">\n\n<div class=\"post-thumbnail-wrap\">\n\t<div class=\"post-thumbnail\">\n\t\t\n\t\t\n\t\t<a href=\"https:\/\/web.escudoweb.com\/index.php\/covid-19-makes-universal-digital-access-and-cooperation-essential-un-tech-agency\/\" class=\"post-thumbnail-rollover layzr-bg\" ><img decoding=\"async\" class=\"preload-me owl-lazy-load aspect\" src=\"data:image\/svg+xml,%3Csvg%20xmlns%3D&#39;http%3A%2F%2Fwww.w3.org%2F2000%2Fsvg&#39;%20viewBox%3D&#39;0%200%20768%20512&#39;%2F%3E\" data-src=\"https:\/\/web.escudoweb.com\/wp-content\/uploads\/2020\/07\/image1170x530cropped-768x512.jpg\" data-srcset=\"https:\/\/web.escudoweb.com\/wp-content\/uploads\/2020\/07\/image1170x530cropped-768x512.jpg 768w, https:\/\/web.escudoweb.com\/wp-content\/uploads\/2020\/07\/image1170x530cropped-795x530.jpg 795w\" loading=\"eager\" style=\"--ratio: 768 \/ 512\" sizes=\"(max-width: 768px) 100vw, 768px\" alt=\"\" title=\"image1170x530cropped\" width=\"768\" height=\"512\"  \/><\/a>\t<\/div>\n<\/div>\n\n\n<div class=\"post-entry-content\">\n\t<div class=\"post-entry-wrapper\">\n\t\t\t\t<h3 class=\"entry-title\">\n\t\t\t<a href=\"https:\/\/web.escudoweb.com\/index.php\/covid-19-makes-universal-digital-access-and-cooperation-essential-un-tech-agency\/\" title=\"COVID-19 makes universal digital access and cooperation essential: UN tech agency\" rel=\"bookmark\">COVID-19 makes universal digital access and cooperation essential: UN tech agency<\/a>\n\t\t<\/h3>\n\n\t\t<div class=\"entry-meta\"><a href=\"https:\/\/web.escudoweb.com\/index.php\/2020\/07\/06\/\" title=\"09:08\" class=\"data-link\" rel=\"bookmark\"><time class=\"entry-date updated\" datetime=\"2020-07-06T09:08:08+02:00\">6 julio 2020<\/time><\/a><\/div>\n\t\t<div class=\"entry-excerpt\"><p>[vc_row][vc_column][vc_column_text]According to the United Nations, and an article published in May 2020, with 1.5 billion children currently out of school,&hellip;<\/p>\n<\/div>\n\t\t\n<a href=\"https:\/\/web.escudoweb.com\/index.php\/covid-19-makes-universal-digital-access-and-cooperation-essential-un-tech-agency\/\" class=\"dt-btn-s dt-btn post-details details-type-btn\" aria-label=\"Read more about COVID-19 makes universal digital access and cooperation essential: UN tech agency\">Read more<i class=\"dt-icon-the7-arrow-03\" aria-hidden=\"true\"><\/i><\/a>\n\n\t<\/div>\n<\/div><\/article><article class=\"post post-2015 type-post status-publish format-standard has-post-thumbnail hentry category-english category-10\" data-name=\"Help children learn to use technology safely and securely\" data-date=\"2020-07-03T08:19:20+02:00\">\n\n<div class=\"post-thumbnail-wrap\">\n\t<div class=\"post-thumbnail\">\n\t\t\n\t\t\n\t\t<a href=\"https:\/\/web.escudoweb.com\/index.php\/help-children-learn-to-use-technology-safely-and-securely\/\" class=\"post-thumbnail-rollover layzr-bg\" ><img decoding=\"async\" class=\"preload-me owl-lazy-load aspect\" src=\"data:image\/svg+xml,%3Csvg%20xmlns%3D&#39;http%3A%2F%2Fwww.w3.org%2F2000%2Fsvg&#39;%20viewBox%3D&#39;0%200%20768%20512&#39;%2F%3E\" data-src=\"https:\/\/web.escudoweb.com\/wp-content\/uploads\/2020\/07\/smartphone_safely-768x512.jpg\" data-srcset=\"https:\/\/web.escudoweb.com\/wp-content\/uploads\/2020\/07\/smartphone_safely-768x512.jpg 768w, https:\/\/web.escudoweb.com\/wp-content\/uploads\/2020\/07\/smartphone_safely-1152x768.jpg 1152w\" loading=\"eager\" style=\"--ratio: 768 \/ 512\" sizes=\"(max-width: 768px) 100vw, 768px\" alt=\"\" title=\"smartphone_safely\" width=\"768\" height=\"512\"  \/><\/a>\t<\/div>\n<\/div>\n\n\n<div class=\"post-entry-content\">\n\t<div class=\"post-entry-wrapper\">\n\t\t\t\t<h3 class=\"entry-title\">\n\t\t\t<a href=\"https:\/\/web.escudoweb.com\/index.php\/help-children-learn-to-use-technology-safely-and-securely\/\" title=\"Help children learn to use technology safely and securely\" rel=\"bookmark\">Help children learn to use technology safely and securely<\/a>\n\t\t<\/h3>\n\n\t\t<div class=\"entry-meta\"><a href=\"https:\/\/web.escudoweb.com\/index.php\/2020\/07\/03\/\" title=\"08:19\" class=\"data-link\" rel=\"bookmark\"><time class=\"entry-date updated\" datetime=\"2020-07-03T08:19:20+02:00\">3 julio 2020<\/time><\/a><\/div>\n\t\t<div class=\"entry-excerpt\"><p>[vc_row][vc_column][vc_column_text]The reason a parent buys their child a mobile phone is changing, especially amid the pandemic. In the US in&hellip;<\/p>\n<\/div>\n\t\t\n<a href=\"https:\/\/web.escudoweb.com\/index.php\/help-children-learn-to-use-technology-safely-and-securely\/\" class=\"dt-btn-s dt-btn post-details details-type-btn\" aria-label=\"Read more about Help children learn to use technology safely and securely\">Read more<i class=\"dt-icon-the7-arrow-03\" aria-hidden=\"true\"><\/i><\/a>\n\n\t<\/div>\n<\/div><\/article><article class=\"post post-1986 type-post status-publish format-standard has-post-thumbnail hentry category-news category-21\" data-name=\"Where are the plans to help the children of the &#8216;squeezed middle&#8217;?\" data-date=\"2020-07-02T09:03:03+02:00\">\n\n<div class=\"post-thumbnail-wrap\">\n\t<div class=\"post-thumbnail\">\n\t\t\n\t\t\n\t\t<a href=\"https:\/\/web.escudoweb.com\/index.php\/where-are-the-plans-to-help-the-children-of-the-squeezed-middle\/\" class=\"post-thumbnail-rollover layzr-bg\" ><img decoding=\"async\" class=\"preload-me owl-lazy-load aspect\" src=\"data:image\/svg+xml,%3Csvg%20xmlns%3D&#39;http%3A%2F%2Fwww.w3.org%2F2000%2Fsvg&#39;%20viewBox%3D&#39;0%200%20768%20512&#39;%2F%3E\" data-src=\"https:\/\/web.escudoweb.com\/wp-content\/uploads\/2020\/07\/tele-768x512.jpg\" data-srcset=\"https:\/\/web.escudoweb.com\/wp-content\/uploads\/2020\/07\/tele-768x512.jpg 768w, https:\/\/web.escudoweb.com\/wp-content\/uploads\/2020\/07\/tele-979x652.jpg 979w\" loading=\"eager\" style=\"--ratio: 768 \/ 512\" sizes=\"(max-width: 768px) 100vw, 768px\" alt=\"\" title=\"tele\" width=\"768\" height=\"512\"  \/><\/a>\t<\/div>\n<\/div>\n\n\n<div class=\"post-entry-content\">\n\t<div class=\"post-entry-wrapper\">\n\t\t\t\t<h3 class=\"entry-title\">\n\t\t\t<a href=\"https:\/\/web.escudoweb.com\/index.php\/where-are-the-plans-to-help-the-children-of-the-squeezed-middle\/\" title=\"Where are the plans to help the children of the &#8216;squeezed middle&#8217;?\" rel=\"bookmark\">Where are the plans to help the children of the &#8216;squeezed middle&#8217;?<\/a>\n\t\t<\/h3>\n\n\t\t<div class=\"entry-meta\"><a href=\"https:\/\/web.escudoweb.com\/index.php\/2020\/07\/02\/\" title=\"09:03\" class=\"data-link\" rel=\"bookmark\"><time class=\"entry-date updated\" datetime=\"2020-07-02T09:03:03+02:00\">2 julio 2020<\/time><\/a><\/div>\n\t\t<div class=\"entry-excerpt\"><p>[vc_row][vc_column][vc_column_text]The loss of six months worth of education due to the Coronavirus has inevitably taken its toll on students, teachers,&hellip;<\/p>\n<\/div>\n\t\t\n<a href=\"https:\/\/web.escudoweb.com\/index.php\/where-are-the-plans-to-help-the-children-of-the-squeezed-middle\/\" class=\"dt-btn-s dt-btn post-details details-type-btn\" aria-label=\"Read more about Where are the plans to help the children of the &#8216;squeezed middle&#8217;?\">Read more<i class=\"dt-icon-the7-arrow-03\" aria-hidden=\"true\"><\/i><\/a>\n\n\t<\/div>\n<\/div><\/article><article class=\"post post-1967 type-post status-publish format-standard has-post-thumbnail hentry category-news category-21\" data-name=\"Parents can manage their child\u00b4s screen time remotely\" data-date=\"2020-07-01T12:12:39+02:00\">\n\n<div class=\"post-thumbnail-wrap\">\n\t<div class=\"post-thumbnail\">\n\t\t\n\t\t\n\t\t<a href=\"https:\/\/web.escudoweb.com\/index.php\/parents-can-manage-their-childs-screen-time-remotely\/\" class=\"post-thumbnail-rollover layzr-bg\" ><img decoding=\"async\" class=\"preload-me owl-lazy-load aspect\" src=\"data:image\/svg+xml,%3Csvg%20xmlns%3D&#39;http%3A%2F%2Fwww.w3.org%2F2000%2Fsvg&#39;%20viewBox%3D&#39;0%200%20526%20351&#39;%2F%3E\" data-src=\"https:\/\/web.escudoweb.com\/wp-content\/uploads\/2020\/07\/scheduler2-1-526x351.jpg\" data-srcset=\"https:\/\/web.escudoweb.com\/wp-content\/uploads\/2020\/07\/scheduler2-1-526x351.jpg 526w, https:\/\/web.escudoweb.com\/wp-content\/uploads\/2020\/07\/scheduler2-1-526x350.jpg 526w\" loading=\"eager\" style=\"--ratio: 526 \/ 351\" sizes=\"(max-width: 526px) 100vw, 526px\" alt=\"\" title=\"scheduler2\" width=\"526\" height=\"351\"  \/><\/a>\t<\/div>\n<\/div>\n\n\n<div class=\"post-entry-content\">\n\t<div class=\"post-entry-wrapper\">\n\t\t\t\t<h3 class=\"entry-title\">\n\t\t\t<a href=\"https:\/\/web.escudoweb.com\/index.php\/parents-can-manage-their-childs-screen-time-remotely\/\" title=\"Parents can manage their child\u00b4s screen time remotely\" rel=\"bookmark\">Parents can manage their child\u00b4s screen time remotely<\/a>\n\t\t<\/h3>\n\n\t\t<div class=\"entry-meta\"><a href=\"https:\/\/web.escudoweb.com\/index.php\/2020\/07\/01\/\" title=\"12:12\" class=\"data-link\" rel=\"bookmark\"><time class=\"entry-date updated\" datetime=\"2020-07-01T12:12:39+02:00\">1 julio 2020<\/time><\/a><\/div>\n\t\t<div class=\"entry-excerpt\"><p>[vc_row][vc_column][vc_column_text] Remote education has presented many challenges for parents and schools the world over. Studies show that screen time can&hellip;<\/p>\n<\/div>\n\t\t\n<a href=\"https:\/\/web.escudoweb.com\/index.php\/parents-can-manage-their-childs-screen-time-remotely\/\" class=\"dt-btn-s dt-btn post-details details-type-btn\" aria-label=\"Read more about Parents can manage their child\u00b4s screen time remotely\">Read more<i class=\"dt-icon-the7-arrow-03\" aria-hidden=\"true\"><\/i><\/a>\n\n\t<\/div>\n<\/div><\/article><article class=\"post post-1962 type-post status-publish format-standard has-post-thumbnail hentry category-news category-21\" data-name=\"Back to school? For now\u2026why it makes sense to plan for more remote learning\" data-date=\"2020-06-30T13:06:42+02:00\">\n\n<div class=\"post-thumbnail-wrap\">\n\t<div class=\"post-thumbnail\">\n\t\t\n\t\t\n\t\t<a href=\"https:\/\/web.escudoweb.com\/index.php\/back-to-school-for-nowwhy-it-makes-sense-to-plan-for-more-remote-learning\/\" class=\"post-thumbnail-rollover layzr-bg\" ><img decoding=\"async\" class=\"preload-me owl-lazy-load aspect\" src=\"data:image\/svg+xml,%3Csvg%20xmlns%3D&#39;http%3A%2F%2Fwww.w3.org%2F2000%2Fsvg&#39;%20viewBox%3D&#39;0%200%20768%20512&#39;%2F%3E\" data-src=\"https:\/\/web.escudoweb.com\/wp-content\/uploads\/2020\/06\/matt-ragland-02z1I7gv4ao-unsplash-768x512.jpg\" data-srcset=\"https:\/\/web.escudoweb.com\/wp-content\/uploads\/2020\/06\/matt-ragland-02z1I7gv4ao-unsplash-768x512.jpg 768w, https:\/\/web.escudoweb.com\/wp-content\/uploads\/2020\/06\/matt-ragland-02z1I7gv4ao-unsplash-1152x768.jpg 1152w\" loading=\"eager\" style=\"--ratio: 768 \/ 512\" sizes=\"(max-width: 768px) 100vw, 768px\" alt=\"\" title=\"matt-ragland-02z1I7gv4ao-unsplash\" width=\"768\" height=\"512\"  \/><\/a>\t<\/div>\n<\/div>\n\n\n<div class=\"post-entry-content\">\n\t<div class=\"post-entry-wrapper\">\n\t\t\t\t<h3 class=\"entry-title\">\n\t\t\t<a href=\"https:\/\/web.escudoweb.com\/index.php\/back-to-school-for-nowwhy-it-makes-sense-to-plan-for-more-remote-learning\/\" title=\"Back to school? For now\u2026why it makes sense to plan for more remote learning\" rel=\"bookmark\">Back to school? For now\u2026why it makes sense to plan for more remote learning<\/a>\n\t\t<\/h3>\n\n\t\t<div class=\"entry-meta\"><a href=\"https:\/\/web.escudoweb.com\/index.php\/2020\/06\/30\/\" title=\"13:06\" class=\"data-link\" rel=\"bookmark\"><time class=\"entry-date updated\" datetime=\"2020-06-30T13:06:42+02:00\">30 junio 2020<\/time><\/a><\/div>\n\t\t<div class=\"entry-excerpt\"><p>[vc_row][vc_column][vc_column_text] Schools having been forced into delivering remote education has not been an easy lesson. The experience has been a&hellip;<\/p>\n<\/div>\n\t\t\n<a href=\"https:\/\/web.escudoweb.com\/index.php\/back-to-school-for-nowwhy-it-makes-sense-to-plan-for-more-remote-learning\/\" class=\"dt-btn-s dt-btn post-details details-type-btn\" aria-label=\"Read more about Back to school? For now\u2026why it makes sense to plan for more remote learning\">Read more<i class=\"dt-icon-the7-arrow-03\" aria-hidden=\"true\"><\/i><\/a>\n\n\t<\/div>\n<\/div><\/article><article class=\"post post-1911 type-post status-publish format-standard has-post-thumbnail hentry category-news category-21\" data-name=\"You can relax knowing exactly where your child is at any moment\" data-date=\"2020-06-29T09:33:39+02:00\">\n\n<div class=\"post-thumbnail-wrap\">\n\t<div class=\"post-thumbnail\">\n\t\t\n\t\t\n\t\t<a href=\"https:\/\/web.escudoweb.com\/index.php\/you-can-relax-knowing-exactly-where-your-child-is-at-any-moment\/\" class=\"post-thumbnail-rollover layzr-bg\" ><img decoding=\"async\" class=\"preload-me owl-lazy-load aspect\" src=\"data:image\/svg+xml,%3Csvg%20xmlns%3D&#39;http%3A%2F%2Fwww.w3.org%2F2000%2Fsvg&#39;%20viewBox%3D&#39;0%200%20628%20419&#39;%2F%3E\" data-src=\"https:\/\/web.escudoweb.com\/wp-content\/uploads\/2020\/06\/image-628x419.png\" data-srcset=\"https:\/\/web.escudoweb.com\/wp-content\/uploads\/2020\/06\/image-628x419.png 628w\" loading=\"eager\" style=\"--ratio: 628 \/ 419\" sizes=\"(max-width: 628px) 100vw, 628px\" alt=\"\" title=\"image\" width=\"628\" height=\"419\"  \/><\/a>\t<\/div>\n<\/div>\n\n\n<div class=\"post-entry-content\">\n\t<div class=\"post-entry-wrapper\">\n\t\t\t\t<h3 class=\"entry-title\">\n\t\t\t<a href=\"https:\/\/web.escudoweb.com\/index.php\/you-can-relax-knowing-exactly-where-your-child-is-at-any-moment\/\" title=\"You can relax knowing exactly where your child is at any moment\" rel=\"bookmark\">You can relax knowing exactly where your child is at any moment<\/a>\n\t\t<\/h3>\n\n\t\t<div class=\"entry-meta\"><a href=\"https:\/\/web.escudoweb.com\/index.php\/2020\/06\/29\/\" title=\"09:33\" class=\"data-link\" rel=\"bookmark\"><time class=\"entry-date updated\" datetime=\"2020-06-29T09:33:39+02:00\">29 junio 2020<\/time><\/a><\/div>\n\t\t<div class=\"entry-excerpt\"><p>[vc_row][vc_column][vc_column_text] Covid-19 has been with us now for many months and we have done our part, remaining at home, and&hellip;<\/p>\n<\/div>\n\t\t\n<a href=\"https:\/\/web.escudoweb.com\/index.php\/you-can-relax-knowing-exactly-where-your-child-is-at-any-moment\/\" class=\"dt-btn-s dt-btn post-details details-type-btn\" aria-label=\"Read more about You can relax knowing exactly where your child is at any moment\">Read more<i class=\"dt-icon-the7-arrow-03\" aria-hidden=\"true\"><\/i><\/a>\n\n\t<\/div>\n<\/div><\/article><article class=\"post post-1908 type-post status-publish format-standard has-post-thumbnail hentry category-news category-21\" data-name=\"The Blabloo and Geniora smartphones, developed by Escudo Web, are a kid\u00b4s first smartphone\" data-date=\"2020-06-26T12:13:55+02:00\">\n\n<div class=\"post-thumbnail-wrap\">\n\t<div class=\"post-thumbnail\">\n\t\t\n\t\t\n\t\t<a href=\"https:\/\/web.escudoweb.com\/index.php\/the-blabloo-and-geniora-smartphones-developed-by-escudo-web-are-a-kids-first-smartphone\/\" class=\"post-thumbnail-rollover layzr-bg\" ><img decoding=\"async\" class=\"preload-me owl-lazy-load aspect\" src=\"data:image\/svg+xml,%3Csvg%20xmlns%3D&#39;http%3A%2F%2Fwww.w3.org%2F2000%2Fsvg&#39;%20viewBox%3D&#39;0%200%20766%20511&#39;%2F%3E\" data-src=\"https:\/\/web.escudoweb.com\/wp-content\/uploads\/2020\/06\/image-1-766x511.jpg\" data-srcset=\"https:\/\/web.escudoweb.com\/wp-content\/uploads\/2020\/06\/image-1-766x511.jpg 766w, https:\/\/web.escudoweb.com\/wp-content\/uploads\/2020\/06\/image-1-767x511.jpg 767w\" loading=\"eager\" style=\"--ratio: 766 \/ 511\" sizes=\"(max-width: 766px) 100vw, 766px\" alt=\"Blaboo - geniora\" title=\"Blaboo &#8211; geniora\" width=\"766\" height=\"511\"  \/><\/a>\t<\/div>\n<\/div>\n\n\n<div class=\"post-entry-content\">\n\t<div class=\"post-entry-wrapper\">\n\t\t\t\t<h3 class=\"entry-title\">\n\t\t\t<a href=\"https:\/\/web.escudoweb.com\/index.php\/the-blabloo-and-geniora-smartphones-developed-by-escudo-web-are-a-kids-first-smartphone\/\" title=\"The Blabloo and Geniora smartphones, developed by Escudo Web, are a kid\u00b4s first smartphone\" rel=\"bookmark\">The Blabloo and Geniora smartphones, developed by Escudo Web, are a kid\u00b4s first smartphone<\/a>\n\t\t<\/h3>\n\n\t\t<div class=\"entry-meta\"><a href=\"https:\/\/web.escudoweb.com\/index.php\/2020\/06\/26\/\" title=\"12:13\" class=\"data-link\" rel=\"bookmark\"><time class=\"entry-date updated\" datetime=\"2020-06-26T12:13:55+02:00\">26 junio 2020<\/time><\/a><\/div>\n\t\t<div class=\"entry-excerpt\"><p>[vc_row][vc_column][vc_column_text] The Blabloo and Geniora smartphones are a kid\u00b4s first smartphone, developed by Escudo Web for the Global and South&hellip;<\/p>\n<\/div>\n\t\t\n<a href=\"https:\/\/web.escudoweb.com\/index.php\/the-blabloo-and-geniora-smartphones-developed-by-escudo-web-are-a-kids-first-smartphone\/\" class=\"dt-btn-s dt-btn post-details details-type-btn\" aria-label=\"Read more about The Blabloo and Geniora smartphones, developed by Escudo Web, are a kid\u00b4s first smartphone\">Read more<i class=\"dt-icon-the7-arrow-03\" aria-hidden=\"true\"><\/i><\/a>\n\n\t<\/div>\n<\/div><\/article><article class=\"post post-1903 type-post status-publish format-standard has-post-thumbnail hentry category-news category-21\" data-name=\"New global data reveal education technology\u2019s impact on learning\" data-date=\"2020-06-25T08:33:48+02:00\">\n\n<div class=\"post-thumbnail-wrap\">\n\t<div class=\"post-thumbnail\">\n\t\t\n\t\t\n\t\t<a href=\"https:\/\/web.escudoweb.com\/index.php\/new-global-data-reveal-education-technologys-impact-on-learning\/\" class=\"post-thumbnail-rollover layzr-bg\" ><img decoding=\"async\" class=\"preload-me owl-lazy-load aspect\" src=\"data:image\/svg+xml,%3Csvg%20xmlns%3D&#39;http%3A%2F%2Fwww.w3.org%2F2000%2Fsvg&#39;%20viewBox%3D&#39;0%200%20766%20511&#39;%2F%3E\" data-src=\"https:\/\/web.escudoweb.com\/wp-content\/uploads\/2020\/06\/image-766x511.jpg\" data-srcset=\"https:\/\/web.escudoweb.com\/wp-content\/uploads\/2020\/06\/image-766x511.jpg 766w, https:\/\/web.escudoweb.com\/wp-content\/uploads\/2020\/06\/image-767x511.jpg 767w\" loading=\"eager\" style=\"--ratio: 766 \/ 511\" sizes=\"(max-width: 766px) 100vw, 766px\" alt=\"\" title=\"image\" width=\"766\" height=\"511\"  \/><\/a>\t<\/div>\n<\/div>\n\n\n<div class=\"post-entry-content\">\n\t<div class=\"post-entry-wrapper\">\n\t\t\t\t<h3 class=\"entry-title\">\n\t\t\t<a href=\"https:\/\/web.escudoweb.com\/index.php\/new-global-data-reveal-education-technologys-impact-on-learning\/\" title=\"New global data reveal education technology\u2019s impact on learning\" rel=\"bookmark\">New global data reveal education technology\u2019s impact on learning<\/a>\n\t\t<\/h3>\n\n\t\t<div class=\"entry-meta\"><a href=\"https:\/\/web.escudoweb.com\/index.php\/2020\/06\/25\/\" title=\"08:33\" class=\"data-link\" rel=\"bookmark\"><time class=\"entry-date updated\" datetime=\"2020-06-25T08:33:48+02:00\">25 junio 2020<\/time><\/a><\/div>\n\t\t<div class=\"entry-excerpt\"><p>[vc_row][vc_column][vc_column_text] On 12th June 2020 McKinsey published a new article on the ever-present subject of the impact on learning of&hellip;<\/p>\n<\/div>\n\t\t\n<a href=\"https:\/\/web.escudoweb.com\/index.php\/new-global-data-reveal-education-technologys-impact-on-learning\/\" class=\"dt-btn-s dt-btn post-details details-type-btn\" aria-label=\"Read more about New global data reveal education technology\u2019s impact on learning\">Read more<i class=\"dt-icon-the7-arrow-03\" aria-hidden=\"true\"><\/i><\/a>\n\n\t<\/div>\n<\/div><\/article><article class=\"post post-1899 type-post status-publish format-standard has-post-thumbnail hentry category-news category-21\" data-name=\"The Times view on the government\u2019s handling of coronavirus and education: School Scandal\" data-date=\"2020-06-24T09:10:16+02:00\">\n\n<div class=\"post-thumbnail-wrap\">\n\t<div class=\"post-thumbnail\">\n\t\t\n\t\t\n\t\t<a href=\"https:\/\/web.escudoweb.com\/index.php\/the-times-view-on-the-governments-handling-of-coronavirus-and-education-school-scandal\/\" class=\"post-thumbnail-rollover layzr-bg\" ><img decoding=\"async\" class=\"preload-me owl-lazy-load aspect\" src=\"data:image\/svg+xml,%3Csvg%20xmlns%3D&#39;http%3A%2F%2Fwww.w3.org%2F2000%2Fsvg&#39;%20viewBox%3D&#39;0%200%20768%20512&#39;%2F%3E\" data-src=\"https:\/\/web.escudoweb.com\/wp-content\/uploads\/2020\/06\/methode_times_prod_web_bin_72d891a2-b0d4-11ea-839f-3d38a5cc49e9-scaled-768x512.jpg\" data-srcset=\"https:\/\/web.escudoweb.com\/wp-content\/uploads\/2020\/06\/methode_times_prod_web_bin_72d891a2-b0d4-11ea-839f-3d38a5cc49e9-scaled-768x512.jpg 768w, https:\/\/web.escudoweb.com\/wp-content\/uploads\/2020\/06\/methode_times_prod_web_bin_72d891a2-b0d4-11ea-839f-3d38a5cc49e9-scaled-1152x768.jpg 1152w\" loading=\"eager\" style=\"--ratio: 768 \/ 512\" sizes=\"(max-width: 768px) 100vw, 768px\" alt=\"\" title=\"_methode_times_prod_web_bin_72d891a2-b0d4-11ea-839f-3d38a5cc49e9\" width=\"768\" height=\"512\"  \/><\/a>\t<\/div>\n<\/div>\n\n\n<div class=\"post-entry-content\">\n\t<div class=\"post-entry-wrapper\">\n\t\t\t\t<h3 class=\"entry-title\">\n\t\t\t<a href=\"https:\/\/web.escudoweb.com\/index.php\/the-times-view-on-the-governments-handling-of-coronavirus-and-education-school-scandal\/\" title=\"The Times view on the government\u2019s handling of coronavirus and education: School Scandal\" rel=\"bookmark\">The Times view on the government\u2019s handling of coronavirus and education: School Scandal<\/a>\n\t\t<\/h3>\n\n\t\t<div class=\"entry-meta\"><a href=\"https:\/\/web.escudoweb.com\/index.php\/2020\/06\/24\/\" title=\"09:10\" class=\"data-link\" rel=\"bookmark\"><time class=\"entry-date updated\" datetime=\"2020-06-24T09:10:16+02:00\">24 junio 2020<\/time><\/a><\/div>\n\t\t<div class=\"entry-excerpt\"><p>[vc_row][vc_column][vc_column_text] The Times reported at the end of last week on the UK Government\u00b4s handling of the Covid-19 pandemic and&hellip;<\/p>\n<\/div>\n\t\t\n<a href=\"https:\/\/web.escudoweb.com\/index.php\/the-times-view-on-the-governments-handling-of-coronavirus-and-education-school-scandal\/\" class=\"dt-btn-s dt-btn post-details details-type-btn\" aria-label=\"Read more about The Times view on the government\u2019s handling of coronavirus and education: School Scandal\">Read more<i class=\"dt-icon-the7-arrow-03\" aria-hidden=\"true\"><\/i><\/a>\n\n\t<\/div>\n<\/div><\/article><article class=\"post post-1896 type-post status-publish format-standard has-post-thumbnail hentry category-news category-21\" data-name=\"Social Accountability: Who\u2019s Really Responsible for Protecting Our Kids Online?\" data-date=\"2020-06-23T08:06:40+02:00\">\n\n<div class=\"post-thumbnail-wrap\">\n\t<div class=\"post-thumbnail\">\n\t\t\n\t\t\n\t\t<a href=\"https:\/\/web.escudoweb.com\/index.php\/social-accountability-whos-really-responsible-for-protecting-our-kids-online\/\" class=\"post-thumbnail-rollover layzr-bg\" ><img decoding=\"async\" class=\"preload-me owl-lazy-load aspect\" src=\"data:image\/svg+xml,%3Csvg%20xmlns%3D&#39;http%3A%2F%2Fwww.w3.org%2F2000%2Fsvg&#39;%20viewBox%3D&#39;0%200%20768%20512&#39;%2F%3E\" data-src=\"https:\/\/web.escudoweb.com\/wp-content\/uploads\/2020\/06\/Teenager-169-768x512.jpg\" data-srcset=\"https:\/\/web.escudoweb.com\/wp-content\/uploads\/2020\/06\/Teenager-169-768x512.jpg 768w, https:\/\/web.escudoweb.com\/wp-content\/uploads\/2020\/06\/Teenager-169-942x628.jpg 942w\" loading=\"eager\" style=\"--ratio: 768 \/ 512\" sizes=\"(max-width: 768px) 100vw, 768px\" alt=\"\" title=\"Teenager-169\" width=\"768\" height=\"512\"  \/><\/a>\t<\/div>\n<\/div>\n\n\n<div class=\"post-entry-content\">\n\t<div class=\"post-entry-wrapper\">\n\t\t\t\t<h3 class=\"entry-title\">\n\t\t\t<a href=\"https:\/\/web.escudoweb.com\/index.php\/social-accountability-whos-really-responsible-for-protecting-our-kids-online\/\" title=\"Social Accountability: Who\u2019s Really Responsible for Protecting Our Kids Online?\" rel=\"bookmark\">Social Accountability: Who\u2019s Really Responsible for Protecting Our Kids Online?<\/a>\n\t\t<\/h3>\n\n\t\t<div class=\"entry-meta\"><a href=\"https:\/\/web.escudoweb.com\/index.php\/2020\/06\/23\/\" title=\"08:06\" class=\"data-link\" rel=\"bookmark\"><time class=\"entry-date updated\" datetime=\"2020-06-23T08:06:40+02:00\">23 junio 2020<\/time><\/a><\/div>\n\t\t<div class=\"entry-excerpt\"><p>[vc_row][vc_column][vc_column_text] When a parent buys a digital device for a child there are two thoughts that probably go through their&hellip;<\/p>\n<\/div>\n\t\t\n<a href=\"https:\/\/web.escudoweb.com\/index.php\/social-accountability-whos-really-responsible-for-protecting-our-kids-online\/\" class=\"dt-btn-s dt-btn post-details details-type-btn\" aria-label=\"Read more about Social Accountability: Who\u2019s Really Responsible for Protecting Our Kids Online?\">Read more<i class=\"dt-icon-the7-arrow-03\" aria-hidden=\"true\"><\/i><\/a>\n\n\t<\/div>\n<\/div><\/article><article class=\"post post-1893 type-post status-publish format-standard has-post-thumbnail hentry category-news category-21\" data-name=\"When the masks come off&#8230; A discussion on the future models of education\" data-date=\"2020-06-22T07:21:54+02:00\">\n\n<div class=\"post-thumbnail-wrap\">\n\t<div class=\"post-thumbnail\">\n\t\t\n\t\t\n\t\t<a href=\"https:\/\/web.escudoweb.com\/index.php\/when-the-masks-come-off-a-discussion-on-the-future-models-of-education\/\" class=\"post-thumbnail-rollover layzr-bg\" ><img decoding=\"async\" class=\"preload-me owl-lazy-load aspect\" src=\"data:image\/svg+xml,%3Csvg%20xmlns%3D&#39;http%3A%2F%2Fwww.w3.org%2F2000%2Fsvg&#39;%20viewBox%3D&#39;0%200%20300%20200&#39;%2F%3E\" data-src=\"https:\/\/web.escudoweb.com\/wp-content\/uploads\/2020\/06\/700x9999.Block-2-Masks-come-off.png\" data-srcset=\"https:\/\/web.escudoweb.com\/wp-content\/uploads\/2020\/06\/700x9999.Block-2-Masks-come-off.png 300w\" loading=\"eager\" style=\"--ratio: 300 \/ 200\" sizes=\"(max-width: 300px) 100vw, 300px\" alt=\"\" title=\"__700x9999.Block-2-Masks-come-off\" width=\"300\" height=\"200\"  \/><\/a>\t<\/div>\n<\/div>\n\n\n<div class=\"post-entry-content\">\n\t<div class=\"post-entry-wrapper\">\n\t\t\t\t<h3 class=\"entry-title\">\n\t\t\t<a href=\"https:\/\/web.escudoweb.com\/index.php\/when-the-masks-come-off-a-discussion-on-the-future-models-of-education\/\" title=\"When the masks come off&#8230; A discussion on the future models of education\" rel=\"bookmark\">When the masks come off&#8230; A discussion on the future models of education<\/a>\n\t\t<\/h3>\n\n\t\t<div class=\"entry-meta\"><a href=\"https:\/\/web.escudoweb.com\/index.php\/2020\/06\/22\/\" title=\"07:21\" class=\"data-link\" rel=\"bookmark\"><time class=\"entry-date updated\" datetime=\"2020-06-22T07:21:54+02:00\">22 junio 2020<\/time><\/a><\/div>\n\t\t<div class=\"entry-excerpt\"><p>[vc_row][vc_column][vc_column_text]A recent Bett (the global education shows) article, while admitting that education was probably overdue a makeover, suggested that possibly&hellip;<\/p>\n<\/div>\n\t\t\n<a href=\"https:\/\/web.escudoweb.com\/index.php\/when-the-masks-come-off-a-discussion-on-the-future-models-of-education\/\" class=\"dt-btn-s dt-btn post-details details-type-btn\" aria-label=\"Read more about When the masks come off&#8230; A discussion on the future models of education\">Read more<i class=\"dt-icon-the7-arrow-03\" aria-hidden=\"true\"><\/i><\/a>\n\n\t<\/div>\n<\/div><\/article><article class=\"post post-1890 type-post status-publish format-standard has-post-thumbnail hentry category-news category-21\" data-name=\"We&#8217;re embracing tech during lockdown \u2013 but can it replace the classroom?\" data-date=\"2020-06-19T09:46:06+02:00\">\n\n<div class=\"post-thumbnail-wrap\">\n\t<div class=\"post-thumbnail\">\n\t\t\n\t\t\n\t\t<a href=\"https:\/\/web.escudoweb.com\/index.php\/were-embracing-tech-during-lockdown-but-can-it-replace-the-classroom\/\" class=\"post-thumbnail-rollover layzr-bg\" ><img decoding=\"async\" class=\"preload-me owl-lazy-load aspect\" src=\"data:image\/svg+xml,%3Csvg%20xmlns%3D&#39;http%3A%2F%2Fwww.w3.org%2F2000%2Fsvg&#39;%20viewBox%3D&#39;0%200%20558%20371&#39;%2F%3E\" data-src=\"https:\/\/web.escudoweb.com\/wp-content\/uploads\/2020\/06\/3000-558x371.jpg\" data-srcset=\"https:\/\/web.escudoweb.com\/wp-content\/uploads\/2020\/06\/3000-558x371.jpg 558w, https:\/\/web.escudoweb.com\/wp-content\/uploads\/2020\/06\/3000-558x372.jpg 558w\" loading=\"eager\" style=\"--ratio: 558 \/ 371\" sizes=\"(max-width: 558px) 100vw, 558px\" alt=\"\" title=\"3000\" width=\"558\" height=\"371\"  \/><\/a>\t<\/div>\n<\/div>\n\n\n<div class=\"post-entry-content\">\n\t<div class=\"post-entry-wrapper\">\n\t\t\t\t<h3 class=\"entry-title\">\n\t\t\t<a href=\"https:\/\/web.escudoweb.com\/index.php\/were-embracing-tech-during-lockdown-but-can-it-replace-the-classroom\/\" title=\"We&#8217;re embracing tech during lockdown \u2013 but can it replace the classroom?\" rel=\"bookmark\">We&#8217;re embracing tech during lockdown \u2013 but can it replace the classroom?<\/a>\n\t\t<\/h3>\n\n\t\t<div class=\"entry-meta\"><a href=\"https:\/\/web.escudoweb.com\/index.php\/2020\/06\/19\/\" title=\"09:46\" class=\"data-link\" rel=\"bookmark\"><time class=\"entry-date updated\" datetime=\"2020-06-19T09:46:06+02:00\">19 junio 2020<\/time><\/a><\/div>\n\t\t<div class=\"entry-excerpt\"><p>[vc_row][vc_column][vc_column_text]The Guardian newspaper recently published an article which highlights the fact that everyone, like it or not, is having to&hellip;<\/p>\n<\/div>\n\t\t\n<a href=\"https:\/\/web.escudoweb.com\/index.php\/were-embracing-tech-during-lockdown-but-can-it-replace-the-classroom\/\" class=\"dt-btn-s dt-btn post-details details-type-btn\" aria-label=\"Read more about We&#8217;re embracing tech during lockdown \u2013 but can it replace the classroom?\">Read more<i class=\"dt-icon-the7-arrow-03\" aria-hidden=\"true\"><\/i><\/a>\n\n\t<\/div>\n<\/div><\/article><article class=\"post post-1887 type-post status-publish format-standard has-post-thumbnail hentry category-news category-21\" data-name=\"Keep Your People Learning When You Go Virtual\" data-date=\"2020-06-18T09:03:05+02:00\">\n\n<div class=\"post-thumbnail-wrap\">\n\t<div class=\"post-thumbnail\">\n\t\t\n\t\t\n\t\t<a href=\"https:\/\/web.escudoweb.com\/index.php\/keep-your-people-learning-when-you-go-virtual\/\" class=\"post-thumbnail-rollover layzr-bg\" ><img decoding=\"async\" class=\"preload-me owl-lazy-load aspect\" src=\"data:image\/svg+xml,%3Csvg%20xmlns%3D&#39;http%3A%2F%2Fwww.w3.org%2F2000%2Fsvg&#39;%20viewBox%3D&#39;0%200%20768%20512&#39;%2F%3E\" data-src=\"https:\/\/web.escudoweb.com\/wp-content\/uploads\/2020\/06\/Apr20_10_498430927-768x512.jpg\" data-srcset=\"https:\/\/web.escudoweb.com\/wp-content\/uploads\/2020\/06\/Apr20_10_498430927-768x512.jpg 768w, https:\/\/web.escudoweb.com\/wp-content\/uploads\/2020\/06\/Apr20_10_498430927-1012x675.jpg 1012w\" loading=\"eager\" style=\"--ratio: 768 \/ 512\" sizes=\"(max-width: 768px) 100vw, 768px\" alt=\"\" title=\"Apr20_10_498430927\" width=\"768\" height=\"512\"  \/><\/a>\t<\/div>\n<\/div>\n\n\n<div class=\"post-entry-content\">\n\t<div class=\"post-entry-wrapper\">\n\t\t\t\t<h3 class=\"entry-title\">\n\t\t\t<a href=\"https:\/\/web.escudoweb.com\/index.php\/keep-your-people-learning-when-you-go-virtual\/\" title=\"Keep Your People Learning When You Go Virtual\" rel=\"bookmark\">Keep Your People Learning When You Go Virtual<\/a>\n\t\t<\/h3>\n\n\t\t<div class=\"entry-meta\"><a href=\"https:\/\/web.escudoweb.com\/index.php\/2020\/06\/18\/\" title=\"09:03\" class=\"data-link\" rel=\"bookmark\"><time class=\"entry-date updated\" datetime=\"2020-06-18T09:03:05+02:00\">18 junio 2020<\/time><\/a><\/div>\n\t\t<div class=\"entry-excerpt\"><p>[vc_row][vc_column][vc_column_text]A recent Harvard Business Review article Keep Your People Learning When You Go Virtual highlighted an inescapable fact \u00abthe COVID-19&hellip;<\/p>\n<\/div>\n\t\t\n<a href=\"https:\/\/web.escudoweb.com\/index.php\/keep-your-people-learning-when-you-go-virtual\/\" class=\"dt-btn-s dt-btn post-details details-type-btn\" aria-label=\"Read more about Keep Your People Learning When You Go Virtual\">Read more<i class=\"dt-icon-the7-arrow-03\" aria-hidden=\"true\"><\/i><\/a>\n\n\t<\/div>\n<\/div><\/article><article class=\"post post-1881 type-post status-publish format-standard has-post-thumbnail hentry category-news category-21\" data-name=\"Three months later: What educators have learned from remote learning prepares them for the new school year\" data-date=\"2020-06-17T11:52:50+02:00\">\n\n<div class=\"post-thumbnail-wrap\">\n\t<div class=\"post-thumbnail\">\n\t\t\n\t\t\n\t\t<a href=\"https:\/\/web.escudoweb.com\/index.php\/three-months-later-what-educators-have-learned-from-remote-learning-prepares-them-for-the-new-school-year\/\" class=\"post-thumbnail-rollover layzr-bg\" ><img decoding=\"async\" class=\"preload-me owl-lazy-load aspect\" src=\"data:image\/svg+xml,%3Csvg%20xmlns%3D&#39;http%3A%2F%2Fwww.w3.org%2F2000%2Fsvg&#39;%20viewBox%3D&#39;0%200%20768%20512&#39;%2F%3E\" data-src=\"https:\/\/web.escudoweb.com\/wp-content\/uploads\/2020\/06\/mic-768x512.jpg\" data-srcset=\"https:\/\/web.escudoweb.com\/wp-content\/uploads\/2020\/06\/mic-768x512.jpg 768w, https:\/\/web.escudoweb.com\/wp-content\/uploads\/2020\/06\/mic-835x557.jpg 835w\" loading=\"eager\" style=\"--ratio: 768 \/ 512\" sizes=\"(max-width: 768px) 100vw, 768px\" alt=\"\" title=\"mic\" width=\"768\" height=\"512\"  \/><\/a>\t<\/div>\n<\/div>\n\n\n<div class=\"post-entry-content\">\n\t<div class=\"post-entry-wrapper\">\n\t\t\t\t<h3 class=\"entry-title\">\n\t\t\t<a href=\"https:\/\/web.escudoweb.com\/index.php\/three-months-later-what-educators-have-learned-from-remote-learning-prepares-them-for-the-new-school-year\/\" title=\"Three months later: What educators have learned from remote learning prepares them for the new school year\" rel=\"bookmark\">Three months later: What educators have learned from remote learning prepares them for the new school year<\/a>\n\t\t<\/h3>\n\n\t\t<div class=\"entry-meta\"><a href=\"https:\/\/web.escudoweb.com\/index.php\/2020\/06\/17\/\" title=\"11:52\" class=\"data-link\" rel=\"bookmark\"><time class=\"entry-date updated\" datetime=\"2020-06-17T11:52:50+02:00\">17 junio 2020<\/time><\/a><\/div>\n\t\t<div class=\"entry-excerpt\"><p>[vc_row][vc_column][vc_column_text]Microsoft have just published their own report on some of the learnings from the massive remote education experience. Their Teams&hellip;<\/p>\n<\/div>\n\t\t\n<a href=\"https:\/\/web.escudoweb.com\/index.php\/three-months-later-what-educators-have-learned-from-remote-learning-prepares-them-for-the-new-school-year\/\" class=\"dt-btn-s dt-btn post-details details-type-btn\" aria-label=\"Read more about Three months later: What educators have learned from remote learning prepares them for the new school year\">Read more<i class=\"dt-icon-the7-arrow-03\" aria-hidden=\"true\"><\/i><\/a>\n\n\t<\/div>\n<\/div><\/article><article class=\"post post-1876 type-post status-publish format-standard has-post-thumbnail hentry category-news category-21\" data-name=\"School-system priorities in the age of coronavirus\" data-date=\"2020-06-16T07:34:27+02:00\">\n\n<div class=\"post-thumbnail-wrap\">\n\t<div class=\"post-thumbnail\">\n\t\t\n\t\t\n\t\t<a href=\"https:\/\/web.escudoweb.com\/index.php\/school-system-priorities-in-the-age-of-coronavirus\/\" class=\"post-thumbnail-rollover layzr-bg\" ><img decoding=\"async\" class=\"preload-me owl-lazy-load aspect\" src=\"data:image\/svg+xml,%3Csvg%20xmlns%3D&#39;http%3A%2F%2Fwww.w3.org%2F2000%2Fsvg&#39;%20viewBox%3D&#39;0%200%20768%20512&#39;%2F%3E\" data-src=\"https:\/\/web.escudoweb.com\/wp-content\/uploads\/2020\/06\/1216210981-HERO-1536x864-768x512.jpg\" data-srcset=\"https:\/\/web.escudoweb.com\/wp-content\/uploads\/2020\/06\/1216210981-HERO-1536x864-768x512.jpg 768w, https:\/\/web.escudoweb.com\/wp-content\/uploads\/2020\/06\/1216210981-HERO-1536x864-1152x768.jpg 1152w\" loading=\"eager\" style=\"--ratio: 768 \/ 512\" sizes=\"(max-width: 768px) 100vw, 768px\" alt=\"\" title=\"1216210981-HERO-1536&#215;864\" width=\"768\" height=\"512\"  \/><\/a>\t<\/div>\n<\/div>\n\n\n<div class=\"post-entry-content\">\n\t<div class=\"post-entry-wrapper\">\n\t\t\t\t<h3 class=\"entry-title\">\n\t\t\t<a href=\"https:\/\/web.escudoweb.com\/index.php\/school-system-priorities-in-the-age-of-coronavirus\/\" title=\"School-system priorities in the age of coronavirus\" rel=\"bookmark\">School-system priorities in the age of coronavirus<\/a>\n\t\t<\/h3>\n\n\t\t<div class=\"entry-meta\"><a href=\"https:\/\/web.escudoweb.com\/index.php\/2020\/06\/16\/\" title=\"07:34\" class=\"data-link\" rel=\"bookmark\"><time class=\"entry-date updated\" datetime=\"2020-06-16T07:34:27+02:00\">16 junio 2020<\/time><\/a><\/div>\n\t\t<div class=\"entry-excerpt\"><p>[vc_row][vc_column][vc_column_text]A recent McKinsey article outlined the challenges associated with remote learning. These are multiple and each country and their respective&hellip;<\/p>\n<\/div>\n\t\t\n<a href=\"https:\/\/web.escudoweb.com\/index.php\/school-system-priorities-in-the-age-of-coronavirus\/\" class=\"dt-btn-s dt-btn post-details details-type-btn\" aria-label=\"Read more about School-system priorities in the age of coronavirus\">Read more<i class=\"dt-icon-the7-arrow-03\" aria-hidden=\"true\"><\/i><\/a>\n\n\t<\/div>\n<\/div><\/article><article class=\"post post-1873 type-post status-publish format-standard has-post-thumbnail hentry category-news category-21\" data-name=\"The Results Are In for Remote Learning: It Didn\u2019t Work\" data-date=\"2020-06-15T05:30:53+02:00\">\n\n<div class=\"post-thumbnail-wrap\">\n\t<div class=\"post-thumbnail\">\n\t\t\n\t\t\n\t\t<a href=\"https:\/\/web.escudoweb.com\/index.php\/the-results-are-in-for-remote-learning-it-didnt-work\/\" class=\"post-thumbnail-rollover layzr-bg\" ><img decoding=\"async\" class=\"preload-me owl-lazy-load aspect\" src=\"data:image\/svg+xml,%3Csvg%20xmlns%3D&#39;http%3A%2F%2Fwww.w3.org%2F2000%2Fsvg&#39;%20viewBox%3D&#39;0%200%20768%20512&#39;%2F%3E\" data-src=\"https:\/\/web.escudoweb.com\/wp-content\/uploads\/2020\/06\/IM-768x512.jpeg\" data-srcset=\"https:\/\/web.escudoweb.com\/wp-content\/uploads\/2020\/06\/IM-768x512.jpeg 768w, https:\/\/web.escudoweb.com\/wp-content\/uploads\/2020\/06\/IM-1152x768.jpeg 1152w\" loading=\"eager\" style=\"--ratio: 768 \/ 512\" sizes=\"(max-width: 768px) 100vw, 768px\" alt=\"\" title=\"IM\" width=\"768\" height=\"512\"  \/><\/a>\t<\/div>\n<\/div>\n\n\n<div class=\"post-entry-content\">\n\t<div class=\"post-entry-wrapper\">\n\t\t\t\t<h3 class=\"entry-title\">\n\t\t\t<a href=\"https:\/\/web.escudoweb.com\/index.php\/the-results-are-in-for-remote-learning-it-didnt-work\/\" title=\"The Results Are In for Remote Learning: It Didn\u2019t Work\" rel=\"bookmark\">The Results Are In for Remote Learning: It Didn\u2019t Work<\/a>\n\t\t<\/h3>\n\n\t\t<div class=\"entry-meta\"><a href=\"https:\/\/web.escudoweb.com\/index.php\/2020\/06\/15\/\" title=\"05:30\" class=\"data-link\" rel=\"bookmark\"><time class=\"entry-date updated\" datetime=\"2020-06-15T05:30:53+02:00\">15 junio 2020<\/time><\/a><\/div>\n\t\t<div class=\"entry-excerpt\"><p>[vc_row][vc_column][vc_column_text] An article last week in The Wall Street Journal reviews how successful, or not, the challenge of remote learning&hellip;<\/p>\n<\/div>\n\t\t\n<a href=\"https:\/\/web.escudoweb.com\/index.php\/the-results-are-in-for-remote-learning-it-didnt-work\/\" class=\"dt-btn-s dt-btn post-details details-type-btn\" aria-label=\"Read more about The Results Are In for Remote Learning: It Didn\u2019t Work\">Read more<i class=\"dt-icon-the7-arrow-03\" aria-hidden=\"true\"><\/i><\/a>\n\n\t<\/div>\n<\/div><\/article><article class=\"post post-1869 type-post status-publish format-standard has-post-thumbnail hentry category-news category-21\" data-name=\"Edtech\u2019s biggest threat? Kids\" data-date=\"2020-06-12T12:25:08+02:00\">\n\n<div class=\"post-thumbnail-wrap\">\n\t<div class=\"post-thumbnail\">\n\t\t\n\t\t\n\t\t<a href=\"https:\/\/web.escudoweb.com\/index.php\/edtechs-biggest-threat-kids\/\" class=\"post-thumbnail-rollover layzr-bg\" ><img decoding=\"async\" class=\"preload-me owl-lazy-load aspect\" src=\"data:image\/svg+xml,%3Csvg%20xmlns%3D&#39;http%3A%2F%2Fwww.w3.org%2F2000%2Fsvg&#39;%20viewBox%3D&#39;0%200%20768%20512&#39;%2F%3E\" data-src=\"https:\/\/web.escudoweb.com\/wp-content\/uploads\/2020\/06\/Harriet-Farnham-teaching2-scaled-768x512.jpg\" data-srcset=\"https:\/\/web.escudoweb.com\/wp-content\/uploads\/2020\/06\/Harriet-Farnham-teaching2-scaled-768x512.jpg 768w, https:\/\/web.escudoweb.com\/wp-content\/uploads\/2020\/06\/Harriet-Farnham-teaching2-scaled-1152x768.jpg 1152w\" loading=\"eager\" style=\"--ratio: 768 \/ 512\" sizes=\"(max-width: 768px) 100vw, 768px\" alt=\"\" title=\"Harriet-Farnham-teaching2-scaled\" width=\"768\" height=\"512\"  \/><\/a>\t<\/div>\n<\/div>\n\n\n<div class=\"post-entry-content\">\n\t<div class=\"post-entry-wrapper\">\n\t\t\t\t<h3 class=\"entry-title\">\n\t\t\t<a href=\"https:\/\/web.escudoweb.com\/index.php\/edtechs-biggest-threat-kids\/\" title=\"Edtech\u2019s biggest threat? Kids\" rel=\"bookmark\">Edtech\u2019s biggest threat? Kids<\/a>\n\t\t<\/h3>\n\n\t\t<div class=\"entry-meta\"><a href=\"https:\/\/web.escudoweb.com\/index.php\/2020\/06\/12\/\" title=\"12:25\" class=\"data-link\" rel=\"bookmark\"><time class=\"entry-date updated\" datetime=\"2020-06-12T12:25:08+02:00\">12 junio 2020<\/time><\/a><\/div>\n\t\t<div class=\"entry-excerpt\"><p>[vc_row][vc_column][vc_column_text] The \u00abnew normal\u00bb of working from home brings with it old tricks by pupils in a different disruptive form.&hellip;<\/p>\n<\/div>\n\t\t\n<a href=\"https:\/\/web.escudoweb.com\/index.php\/edtechs-biggest-threat-kids\/\" class=\"dt-btn-s dt-btn post-details details-type-btn\" aria-label=\"Read more about Edtech\u2019s biggest threat? Kids\">Read more<i class=\"dt-icon-the7-arrow-03\" aria-hidden=\"true\"><\/i><\/a>\n\n\t<\/div>\n<\/div><\/article><article class=\"post post-1847 type-post status-publish format-standard has-post-thumbnail hentry category-news category-21\" data-name=\"Covid-19 and the challenges for the Education Sector\" data-date=\"2020-05-29T09:39:49+02:00\">\n\n<div class=\"post-thumbnail-wrap\">\n\t<div class=\"post-thumbnail\">\n\t\t\n\t\t\n\t\t<a href=\"https:\/\/web.escudoweb.com\/index.php\/covid-19-and-the-challenges-for-the-education-sector\/\" class=\"post-thumbnail-rollover layzr-bg\" ><img decoding=\"async\" class=\"preload-me owl-lazy-load aspect\" src=\"data:image\/svg+xml,%3Csvg%20xmlns%3D&#39;http%3A%2F%2Fwww.w3.org%2F2000%2Fsvg&#39;%20viewBox%3D&#39;0%200%20768%20512&#39;%2F%3E\" data-src=\"https:\/\/web.escudoweb.com\/wp-content\/uploads\/2020\/05\/news1-768x512.png\" data-srcset=\"https:\/\/web.escudoweb.com\/wp-content\/uploads\/2020\/05\/news1-768x512.png 768w, https:\/\/web.escudoweb.com\/wp-content\/uploads\/2020\/05\/news1-892x595.png 892w\" loading=\"eager\" style=\"--ratio: 768 \/ 512\" sizes=\"(max-width: 768px) 100vw, 768px\" alt=\"\" title=\"news1\" width=\"768\" height=\"512\"  \/><\/a>\t<\/div>\n<\/div>\n\n\n<div class=\"post-entry-content\">\n\t<div class=\"post-entry-wrapper\">\n\t\t\t\t<h3 class=\"entry-title\">\n\t\t\t<a href=\"https:\/\/web.escudoweb.com\/index.php\/covid-19-and-the-challenges-for-the-education-sector\/\" title=\"Covid-19 and the challenges for the Education Sector\" rel=\"bookmark\">Covid-19 and the challenges for the Education Sector<\/a>\n\t\t<\/h3>\n\n\t\t<div class=\"entry-meta\"><a href=\"https:\/\/web.escudoweb.com\/index.php\/2020\/05\/29\/\" title=\"09:39\" class=\"data-link\" rel=\"bookmark\"><time class=\"entry-date updated\" datetime=\"2020-05-29T09:39:49+02:00\">29 mayo 2020<\/time><\/a><\/div>\n\t\t<div class=\"entry-excerpt\"><p>[vc_row][vc_column][vc_column_text] The role of technology Technology has always been an integral element of the Education sector, but today it is&hellip;<\/p>\n<\/div>\n\t\t\n<a href=\"https:\/\/web.escudoweb.com\/index.php\/covid-19-and-the-challenges-for-the-education-sector\/\" class=\"dt-btn-s dt-btn post-details details-type-btn\" aria-label=\"Read more about Covid-19 and the challenges for the Education Sector\">Read more<i class=\"dt-icon-the7-arrow-03\" aria-hidden=\"true\"><\/i><\/a>\n\n\t<\/div>\n<\/div><\/article><article class=\"post post-1046 type-post status-publish format-standard has-post-thumbnail hentry category-news category-21\" data-name=\"La firma talaverana Escudo Web Software triunfa en el SIMO 2019 con su phoneKid y la soluci\u00f3n midess\" data-date=\"2019-11-07T11:39:00+02:00\">\n\n<div class=\"post-thumbnail-wrap\">\n\t<div class=\"post-thumbnail\">\n\t\t\n\t\t\n\t\t<a href=\"https:\/\/web.escudoweb.com\/index.php\/escudo-web-simo-2019\/\" class=\"post-thumbnail-rollover layzr-bg\" ><img decoding=\"async\" class=\"preload-me owl-lazy-load aspect\" src=\"data:image\/svg+xml,%3Csvg%20xmlns%3D&#39;http%3A%2F%2Fwww.w3.org%2F2000%2Fsvg&#39;%20viewBox%3D&#39;0%200%20600%20400&#39;%2F%3E\" data-src=\"https:\/\/web.escudoweb.com\/wp-content\/uploads\/2017\/04\/1573122346_07NOV19EscudoWebSimo2-600x400.jpg\" data-srcset=\"https:\/\/web.escudoweb.com\/wp-content\/uploads\/2017\/04\/1573122346_07NOV19EscudoWebSimo2-600x400.jpg 600w\" loading=\"eager\" style=\"--ratio: 600 \/ 400\" sizes=\"(max-width: 600px) 100vw, 600px\" alt=\"\" title=\"1573122346_07NOV19EscudoWebSimo2\" width=\"600\" height=\"400\"  \/><\/a>\t<\/div>\n<\/div>\n\n\n<div class=\"post-entry-content\">\n\t<div class=\"post-entry-wrapper\">\n\t\t\t\t<h3 class=\"entry-title\">\n\t\t\t<a href=\"https:\/\/web.escudoweb.com\/index.php\/escudo-web-simo-2019\/\" title=\"La firma talaverana Escudo Web Software triunfa en el SIMO 2019 con su phoneKid y la soluci\u00f3n midess\" rel=\"bookmark\">La firma talaverana Escudo Web Software triunfa en el SIMO 2019 con su phoneKid y la soluci\u00f3n midess<\/a>\n\t\t<\/h3>\n\n\t\t<div class=\"entry-meta\"><a href=\"https:\/\/web.escudoweb.com\/index.php\/2019\/11\/07\/\" title=\"11:39\" class=\"data-link\" rel=\"bookmark\"><time class=\"entry-date updated\" datetime=\"2019-11-07T11:39:00+02:00\">7 noviembre 2019<\/time><\/a><\/div>\n\t\t<div class=\"entry-excerpt\"><p>La empresa Escudo Web Software, de\u00a0Talavera de la Reina, est\u00e1 obteniendo un gran \u00e9xito en el Sal\u00f3n Internacional de Tecnolog\u00eda&hellip;<\/p>\n<\/div>\n\t\t\n<a href=\"https:\/\/web.escudoweb.com\/index.php\/escudo-web-simo-2019\/\" class=\"dt-btn-s dt-btn post-details details-type-btn\" aria-label=\"Read more about La firma talaverana Escudo Web Software triunfa en el SIMO 2019 con su phoneKid y la soluci\u00f3n midess\">Read more<i class=\"dt-icon-the7-arrow-03\" aria-hidden=\"true\"><\/i><\/a>\n\n\t<\/div>\n<\/div><\/article><article class=\"post post-105 type-post status-publish format-standard has-post-thumbnail hentry category-news category-21\" data-name=\"Una empresa talaverana fabricar\u00e1 y vender\u00e1 su m\u00f3vil especial para ni\u00f1os phoneKid en el mercado asi\u00e1tico\" data-date=\"2019-06-20T18:46:00+02:00\">\n\n<div class=\"post-thumbnail-wrap\">\n\t<div class=\"post-thumbnail\">\n\t\t\n\t\t\n\t\t<a href=\"https:\/\/web.escudoweb.com\/index.php\/escudo-web-phonekid-asia\/\" class=\"post-thumbnail-rollover layzr-bg\" ><img decoding=\"async\" class=\"preload-me owl-lazy-load aspect\" src=\"data:image\/svg+xml,%3Csvg%20xmlns%3D&#39;http%3A%2F%2Fwww.w3.org%2F2000%2Fsvg&#39;%20viewBox%3D&#39;0%200%20510%20340&#39;%2F%3E\" data-src=\"https:\/\/web.escudoweb.com\/wp-content\/uploads\/2016\/02\/20JUN19_PhoneRuedaCambraIZ_thumb_690-510x340.jpg\" data-srcset=\"https:\/\/web.escudoweb.com\/wp-content\/uploads\/2016\/02\/20JUN19_PhoneRuedaCambraIZ_thumb_690-510x340.jpg 510w\" loading=\"eager\" style=\"--ratio: 510 \/ 340\" sizes=\"(max-width: 510px) 100vw, 510px\" alt=\"\" title=\"20JUN19_PhoneRuedaCambraIZ_thumb_690\" width=\"510\" height=\"340\"  \/><\/a>\t<\/div>\n<\/div>\n\n\n<div class=\"post-entry-content\">\n\t<div class=\"post-entry-wrapper\">\n\t\t\t\t<h3 class=\"entry-title\">\n\t\t\t<a href=\"https:\/\/web.escudoweb.com\/index.php\/escudo-web-phonekid-asia\/\" title=\"Una empresa talaverana fabricar\u00e1 y vender\u00e1 su m\u00f3vil especial para ni\u00f1os phoneKid en el mercado asi\u00e1tico\" rel=\"bookmark\">Una empresa talaverana fabricar\u00e1 y vender\u00e1 su m\u00f3vil especial para ni\u00f1os phoneKid en el mercado asi\u00e1tico<\/a>\n\t\t<\/h3>\n\n\t\t<div class=\"entry-meta\"><a href=\"https:\/\/web.escudoweb.com\/index.php\/2019\/06\/20\/\" title=\"18:46\" class=\"data-link\" rel=\"bookmark\"><time class=\"entry-date updated\" datetime=\"2019-06-20T18:46:00+02:00\">20 junio 2019<\/time><\/a><\/div>\n\t\t<div class=\"entry-excerpt\"><p>Acuerdo entre Escudo Web Software SL y la firma indonesia PT Multitech Infomedia<\/p>\n<\/div>\n\t\t\n<a href=\"https:\/\/web.escudoweb.com\/index.php\/escudo-web-phonekid-asia\/\" class=\"dt-btn-s dt-btn post-details details-type-btn\" aria-label=\"Read more about Una empresa talaverana fabricar\u00e1 y vender\u00e1 su m\u00f3vil especial para ni\u00f1os phoneKid en el mercado asi\u00e1tico\">Read more<i class=\"dt-icon-the7-arrow-03\" aria-hidden=\"true\"><\/i><\/a>\n\n\t<\/div>\n<\/div><\/article><article class=\"post post-1043 type-post status-publish format-standard has-post-thumbnail hentry category-news category-21\" data-name=\"IEP entrega la Estrella de Oro a Escudo Web Software\" data-date=\"2018-04-24T11:36:00+02:00\">\n\n<div class=\"post-thumbnail-wrap\">\n\t<div class=\"post-thumbnail\">\n\t\t\n\t\t\n\t\t<a href=\"https:\/\/web.escudoweb.com\/index.php\/iep-estrella-de-oro-escudo-web\/\" class=\"post-thumbnail-rollover layzr-bg\" ><img decoding=\"async\" class=\"preload-me owl-lazy-load aspect\" src=\"data:image\/svg+xml,%3Csvg%20xmlns%3D&#39;http%3A%2F%2Fwww.w3.org%2F2000%2Fsvg&#39;%20viewBox%3D&#39;0%200%20768%20512&#39;%2F%3E\" data-src=\"https:\/\/web.escudoweb.com\/wp-content\/uploads\/2018\/04\/IEP_ESCUDO-WEB-2-768x512.jpeg\" data-srcset=\"https:\/\/web.escudoweb.com\/wp-content\/uploads\/2018\/04\/IEP_ESCUDO-WEB-2-768x512.jpeg 768w, https:\/\/web.escudoweb.com\/wp-content\/uploads\/2018\/04\/IEP_ESCUDO-WEB-2-1067x711.jpeg 1067w\" loading=\"eager\" style=\"--ratio: 768 \/ 512\" sizes=\"(max-width: 768px) 100vw, 768px\" alt=\"\" title=\"IEP_ESCUDO-WEB-2\" width=\"768\" height=\"512\"  \/><\/a>\t<\/div>\n<\/div>\n\n\n<div class=\"post-entry-content\">\n\t<div class=\"post-entry-wrapper\">\n\t\t\t\t<h3 class=\"entry-title\">\n\t\t\t<a href=\"https:\/\/web.escudoweb.com\/index.php\/iep-estrella-de-oro-escudo-web\/\" title=\"IEP entrega la Estrella de Oro a Escudo Web Software\" rel=\"bookmark\">IEP entrega la Estrella de Oro a Escudo Web Software<\/a>\n\t\t<\/h3>\n\n\t\t<div class=\"entry-meta\"><a href=\"https:\/\/web.escudoweb.com\/index.php\/2018\/04\/24\/\" title=\"11:36\" class=\"data-link\" rel=\"bookmark\"><time class=\"entry-date updated\" datetime=\"2018-04-24T11:36:00+02:00\">24 abril 2018<\/time><\/a><\/div>\n\t\t<div class=\"entry-excerpt\"><p>El Instituto para la Excelencia Profesional entrega la Estrella de Oro a la empresa Escudo Web Software en la ciudad&hellip;<\/p>\n<\/div>\n\t\t\n<a href=\"https:\/\/web.escudoweb.com\/index.php\/iep-estrella-de-oro-escudo-web\/\" class=\"dt-btn-s dt-btn post-details details-type-btn\" aria-label=\"Read more about IEP entrega la Estrella de Oro a Escudo Web Software\">Read more<i class=\"dt-icon-the7-arrow-03\" aria-hidden=\"true\"><\/i><\/a>\n\n\t<\/div>\n<\/div><\/article><article class=\"post post-1731 type-post status-publish format-standard has-post-thumbnail hentry category-english category-10\" data-name=\"About us\" data-date=\"2018-03-10T09:00:00+02:00\">\n\n<div class=\"post-thumbnail-wrap\">\n\t<div class=\"post-thumbnail\">\n\t\t\n\t\t\n\t\t<a href=\"https:\/\/web.escudoweb.com\/index.php\/about-us-en\/\" class=\"post-thumbnail-rollover layzr-bg\" ><img decoding=\"async\" class=\"preload-me owl-lazy-load aspect\" src=\"data:image\/svg+xml,%3Csvg%20xmlns%3D&#39;http%3A%2F%2Fwww.w3.org%2F2000%2Fsvg&#39;%20viewBox%3D&#39;0%200%20768%20512&#39;%2F%3E\" data-src=\"https:\/\/web.escudoweb.com\/wp-content\/uploads\/2020\/01\/ew_square3_black-768x512.png\" data-srcset=\"https:\/\/web.escudoweb.com\/wp-content\/uploads\/2020\/01\/ew_square3_black-768x512.png 768w, https:\/\/web.escudoweb.com\/wp-content\/uploads\/2020\/01\/ew_square3_black-1000x666.png 1000w\" loading=\"eager\" style=\"--ratio: 768 \/ 512\" sizes=\"(max-width: 768px) 100vw, 768px\" alt=\"\" title=\"ew_square3_black\" width=\"768\" height=\"512\"  \/><\/a>\t<\/div>\n<\/div>\n\n\n<div class=\"post-entry-content\">\n\t<div class=\"post-entry-wrapper\">\n\t\t\t\t<h3 class=\"entry-title\">\n\t\t\t<a href=\"https:\/\/web.escudoweb.com\/index.php\/about-us-en\/\" title=\"About us\" rel=\"bookmark\">About us<\/a>\n\t\t<\/h3>\n\n\t\t<div class=\"entry-meta\"><a href=\"https:\/\/web.escudoweb.com\/index.php\/2018\/03\/10\/\" title=\"09:00\" class=\"data-link\" rel=\"bookmark\"><time class=\"entry-date updated\" datetime=\"2018-03-10T09:00:00+02:00\">10 marzo 2018<\/time><\/a><\/div>\n\t\t<div class=\"entry-excerpt\"><p>[vc_row][vc_column][vc_column_text] Escudo Web Software came into being at the beginning of 2012 with the aim of solving the problems that&hellip;<\/p>\n<\/div>\n\t\t\n<a href=\"https:\/\/web.escudoweb.com\/index.php\/about-us-en\/\" class=\"dt-btn-s dt-btn post-details details-type-btn\" aria-label=\"Read more about About us\">Read more<i class=\"dt-icon-the7-arrow-03\" aria-hidden=\"true\"><\/i><\/a>\n\n\t<\/div>\n<\/div><\/article><\/div>[\/vc_column][vc_column width=\u00bb1\/3&#8243;][vc_raw_html]JTNDYSUyMGNsYXNzJTNEJTIydHdpdHRlci10aW1lbGluZSUyMiUyMGRhdGEtaGVpZ2h0JTNEJTIyMjc3JTIyJTIwaHJlZiUzRCUyMmh0dHBzJTNBJTJGJTJGdHdpdHRlci5jb20lMkZlc2N1ZG93ZWIlM0ZyZWZfc3JjJTNEdHdzcmMlMjU1RXRmdyUyMiUzRVR3ZWV0cyUyMGJ5JTIwZXNjdWRvd2ViJTNDJTJGYSUzRSUyMCUzQ3NjcmlwdCUyMGFzeW5jJTIwc3JjJTNEJTIyaHR0cHMlM0ElMkYlMkZwbGF0Zm9ybS50d2l0dGVyLmNvbSUyRndpZGdldHMuanMlMjIlMjBjaGFyc2V0JTNEJTIydXRmLTglMjIlM0UlM0MlMkZzY3JpcHQlM0U=[\/vc_raw_html][\/vc_column][\/vc_row][vc_row equal_height=\u00bbyes\u00bb type=\u00bbvc_default\u00bb css=\u00bb.vc_custom_1667476937879{padding-top: 70px !important;padding-bottom: 30px !important;}\u00bb el_id=\u00bbapps\u00bb][vc_column offset=\u00bbvc_col-lg-offset-2 vc_col-lg-8 vc_col-md-offset-1 vc_col-md-10 vc_col-sm-offset-0&#8243; css=\u00bb.vc_custom_1492581905499{padding-bottom: 70px !important;}\u00bb]<div id=\"ultimate-heading-971669f2b9fdb99d4\" class=\"uvc-heading ult-adjust-bottom-margin ultimate-heading-971669f2b9fdb99d4 uvc-5699 accent-border-color accent-subtitle-color\" data-hspacer=\"no_spacer\"  data-halign=\"center\" style=\"text-align:center\"><div class=\"uvc-heading-spacer no_spacer\" style=\"top\"><\/div><div class=\"uvc-main-heading ult-responsive\"  data-ultimate-target='.uvc-heading.ultimate-heading-971669f2b9fdb99d4 h2'  data-responsive-json-new='{\"font-size\":\"desktop:50px;tablet_portrait:40px;\",\"line-height\":\"desktop:60px;\"}' ><h2 style=\"font-family:&#039;Ubuntu&#039;;font-weight:300;\">Our Apps<\/h2><\/div><div class=\"uvc-sub-heading ult-responsive\"  data-ultimate-target='.uvc-heading.ultimate-heading-971669f2b9fdb99d4 .uvc-sub-heading '  data-responsive-json-new='{\"font-size\":\"desktop:24px;\",\"line-height\":\"desktop:34px;\"}'  style=\"font-family:&#039;Ubuntu&#039;;font-weight:300;color:#ffffff;margin-top:15px;\"><\/p>\n<p style=\"text-align: justify;\">Below, you can find details of all the applications developed by our company for ourselves and for some of our customers and their private labels.<\/p>\n<p><\/div><\/div>[\/vc_column][vc_column][vc_row_inner][vc_column_inner width=\u00bb1\/4&#8243;]<style type=\"text\/css\" data-type=\"the7_shortcodes-inline-css\">.shortcode-single-image-wrap.shortcode-single-image-e5f6d5e8bf687a271a50ceedb69c2aaa.enable-bg-rollover .rollover i,\n.shortcode-single-image-wrap.shortcode-single-image-e5f6d5e8bf687a271a50ceedb69c2aaa.enable-bg-rollover .rollover-video i {\n  background: -webkit-linear-gradient();\n  background: linear-gradient();\n}\n.shortcode-single-image-wrap.shortcode-single-image-e5f6d5e8bf687a271a50ceedb69c2aaa .rollover-icon {\n  font-size: 32px;\n  color: #ffffff;\n  min-width: 44px;\n  min-height: 44px;\n  line-height: 44px;\n  border-radius: 100px;\n  border-style: solid;\n  border-width: 0px;\n}\n.dt-icon-bg-on.shortcode-single-image-wrap.shortcode-single-image-e5f6d5e8bf687a271a50ceedb69c2aaa .rollover-icon {\n  background: rgba(255,255,255,0.3);\n  box-shadow: none;\n}<\/style><div class=\"shortcode-single-image-wrap shortcode-single-image-e5f6d5e8bf687a271a50ceedb69c2aaa alignnone  vc_custom_1574435810598 enable-bg-rollover dt-icon-bg-off\" ><div class=\"shortcode-single-image\"><div class=\"fancy-media-wrap  layzr-bg\" style=\"\"><img decoding=\"async\" class=\"preload-me lazy-load aspect\" src=\"data:image\/svg+xml,%3Csvg%20xmlns%3D&#39;http%3A%2F%2Fwww.w3.org%2F2000%2Fsvg&#39;%20viewBox%3D&#39;0%200%20100%20100&#39;%2F%3E\" data-src=\"https:\/\/web.escudoweb.com\/wp-content\/uploads\/2019\/11\/pk_prueba-1-100x100.png\" data-srcset=\"https:\/\/web.escudoweb.com\/wp-content\/uploads\/2019\/11\/pk_prueba-1-100x100.png 100w, https:\/\/web.escudoweb.com\/wp-content\/uploads\/2019\/11\/pk_prueba-1-200x200.png 200w\" loading=\"eager\" sizes=\"(max-width: 100px) 100vw, 100px\" width=\"100\" height=\"100\"  data-dt-location=\"https:\/\/web.escudoweb.com\/pk_prueba-2\/\" style=\"--ratio: 100 \/ 100;\" alt=\"\" \/><\/div><\/div><\/div><div id=\"ultimate-heading-131169f2b9fdbaa85\" class=\"uvc-heading ult-adjust-bottom-margin ultimate-heading-131169f2b9fdbaa85 uvc-4826 accent-subtitle-color\" data-hspacer=\"no_spacer\"  data-halign=\"center\" style=\"text-align:center\"><div class=\"uvc-heading-spacer no_spacer\" style=\"top\"><\/div><div class=\"uvc-main-heading ult-responsive\"  data-ultimate-target='.uvc-heading.ultimate-heading-131169f2b9fdbaa85 h2'  data-responsive-json-new='{\"font-size\":\"desktop:18px;\",\"line-height\":\"desktop:28px;\"}' ><h2 style=\"font-family:&#039;Ubuntu&#039;;font-weight:300;margin-bottom:5px;\">phoneKid<\/h2><\/div><\/div>[vc_empty_space height=\u00bb10px\u00bb][vc_raw_html]JTNDY2VudGVyJTNFJTNDYSUyMGhyZWYlM0QlMjJodHRwcyUzQSUyRiUyRnBsYXkuZ29vZ2xlLmNvbSUyRnN0b3JlJTJGYXBwcyUyRmRldGFpbHMlM0ZpZCUzRGNvbS5lc2N1ZG93ZWIucGhvbmVraWQlMjIlMjB0YXJnZXQlM0QlMjJfYmxhbmslMjIlM0UlM0NpbWclMjBzcmMlM0QlMjJodHRwcyUzQSUyRiUyRndlYi5lc2N1ZG93ZWIuY29tJTJGd3AtY29udGVudCUyRnVwbG9hZHMlMkYyMDE5JTJGMTElMkZ0cmF0dG9yaWEtYXBwLWFuZHJvaWQucG5nJTIyJTIwaGVpZ2h0JTNEJTIyNTAlMjIlMjB3aWR0aCUzRCUyMjUwJTIyJTNFJTNDJTJGYSUzRSUzQ2ElMjBocmVmJTNEJTIyaHR0cHMlM0ElMkYlMkZhcHBzLmFwcGxlLmNvbSUyRmFwcCUyRnBob25la2lkJTJGaWQxNDIxMjA5MTk2JTIyJTIwdGFyZ2V0JTNEJTIyX2JsYW5rJTIyJTNFJTNDaW1nJTIwc3JjJTNEJTIyaHR0cHMlM0ElMkYlMkZ3ZWIuZXNjdWRvd2ViLmNvbSUyRndwLWNvbnRlbnQlMkZ1cGxvYWRzJTJGMjAxOSUyRjExJTJGdHJhdHRvcmlhLWFwcC1pb3MtMS5wbmclMjIlMjBoZWlnaHQlM0QlMjI1MCUyMiUyMHdpZHRoJTNEJTIyNTAlMjIlM0UlM0MlMkZhJTNFJTNDJTJGY2VudGVyJTNFJTBB[\/vc_raw_html][vc_empty_space][\/vc_column_inner][vc_column_inner width=\u00bb1\/4&#8243;]<style type=\"text\/css\" data-type=\"the7_shortcodes-inline-css\">.shortcode-single-image-wrap.shortcode-single-image-132e72e5d5c7f79184290e36a042a5c6.enable-bg-rollover .rollover i,\n.shortcode-single-image-wrap.shortcode-single-image-132e72e5d5c7f79184290e36a042a5c6.enable-bg-rollover .rollover-video i {\n  background: -webkit-linear-gradient();\n  background: linear-gradient();\n}\n.shortcode-single-image-wrap.shortcode-single-image-132e72e5d5c7f79184290e36a042a5c6 .rollover-icon {\n  font-size: 32px;\n  color: #ffffff;\n  min-width: 44px;\n  min-height: 44px;\n  line-height: 44px;\n  border-radius: 100px;\n  border-style: solid;\n  border-width: 0px;\n}\n.dt-icon-bg-on.shortcode-single-image-wrap.shortcode-single-image-132e72e5d5c7f79184290e36a042a5c6 .rollover-icon {\n  background: rgba(255,255,255,0.3);\n  box-shadow: none;\n}<\/style><div class=\"shortcode-single-image-wrap shortcode-single-image-132e72e5d5c7f79184290e36a042a5c6 alignnone  vc_custom_1574095008490 enable-bg-rollover dt-icon-bg-off\" ><div class=\"shortcode-single-image\"><div class=\"fancy-media-wrap  layzr-bg\" style=\"\"><img decoding=\"async\" class=\"preload-me lazy-load aspect\" src=\"data:image\/svg+xml,%3Csvg%20xmlns%3D&#39;http%3A%2F%2Fwww.w3.org%2F2000%2Fsvg&#39;%20viewBox%3D&#39;0%200%20100%20100&#39;%2F%3E\" data-src=\"https:\/\/web.escudoweb.com\/wp-content\/uploads\/2019\/11\/midess1-100x100.png\" data-srcset=\"https:\/\/web.escudoweb.com\/wp-content\/uploads\/2019\/11\/midess1-100x100.png 100w, https:\/\/web.escudoweb.com\/wp-content\/uploads\/2019\/11\/midess1-200x200.png 200w\" loading=\"eager\" sizes=\"(max-width: 100px) 100vw, 100px\" width=\"100\" height=\"100\"  data-dt-location=\"https:\/\/web.escudoweb.com\/index.php\/es\/home\/midess1\/\" style=\"--ratio: 100 \/ 100;\" alt=\"\" \/><\/div><\/div><\/div><div id=\"ultimate-heading-306369f2b9fdbbca3\" class=\"uvc-heading ult-adjust-bottom-margin ultimate-heading-306369f2b9fdbbca3 uvc-9668 accent-subtitle-color\" data-hspacer=\"no_spacer\"  data-halign=\"center\" style=\"text-align:center\"><div class=\"uvc-heading-spacer no_spacer\" style=\"top\"><\/div><div class=\"uvc-main-heading ult-responsive\"  data-ultimate-target='.uvc-heading.ultimate-heading-306369f2b9fdbbca3 h2'  data-responsive-json-new='{\"font-size\":\"desktop:18px;\",\"line-height\":\"desktop:28px;\"}' ><h2 style=\"font-family:&#039;Ubuntu&#039;;font-weight:300;margin-bottom:5px;\">midess Parental Interaction<\/h2><\/div><\/div>[vc_empty_space height=\u00bb10px\u00bb][vc_raw_html]JTNDY2VudGVyJTNFJTNDYSUyMGhyZWYlM0QlMjJodHRwcyUzQSUyRiUyRnBsYXkuZ29vZ2xlLmNvbSUyRnN0b3JlJTJGYXBwcyUyRmRldGFpbHMlM0ZpZCUzRGNvbS5lc2N1ZG93ZWIubWlkZXNzcGFyZW50YWxpbnRlcmFjdGlvbiUyMiUyMHRhcmdldCUzRCUyMl9ibGFuayUyMiUzRSUzQ2ltZyUyMHNyYyUzRCUyMmh0dHBzJTNBJTJGJTJGd2ViLmVzY3Vkb3dlYi5jb20lMkZ3cC1jb250ZW50JTJGdXBsb2FkcyUyRjIwMTklMkYxMSUyRnRyYXR0b3JpYS1hcHAtYW5kcm9pZC5wbmclMjIlMjBoZWlnaHQlM0QlMjI1MCUyMiUyMHdpZHRoJTNEJTIyNTAlMjIlM0UlM0MlMkZhJTNFJTNDYSUyMGhyZWYlM0QlMjJodHRwcyUzQSUyRiUyRmFwcHMuYXBwbGUuY29tJTJGYXBwJTJGbWlkZXNzLXBhcmVudGFsLWludGVyYWN0aW9uJTJGaWQxNDM3ODg5MDY4JTIyJTIwdGFyZ2V0JTNEJTIyX2JsYW5rJTIyJTNFJTNDaW1nJTIwc3JjJTNEJTIyaHR0cHMlM0ElMkYlMkZ3ZWIuZXNjdWRvd2ViLmNvbSUyRndwLWNvbnRlbnQlMkZ1cGxvYWRzJTJGMjAxOSUyRjExJTJGdHJhdHRvcmlhLWFwcC1pb3MtMS5wbmclMjIlMjBoZWlnaHQlM0QlMjI1MCUyMiUyMHdpZHRoJTNEJTIyNTAlMjIlM0UlM0MlMkZhJTNFJTNDJTJGY2VudGVyJTNFJTBB[\/vc_raw_html][vc_empty_space][\/vc_column_inner][vc_column_inner width=\u00bb1\/4&#8243;]<style type=\"text\/css\" data-type=\"the7_shortcodes-inline-css\">.shortcode-single-image-wrap.shortcode-single-image-425b549d574133c9fd292ac143f6bb97.enable-bg-rollover .rollover i,\n.shortcode-single-image-wrap.shortcode-single-image-425b549d574133c9fd292ac143f6bb97.enable-bg-rollover .rollover-video i {\n  background: -webkit-linear-gradient();\n  background: linear-gradient();\n}\n.shortcode-single-image-wrap.shortcode-single-image-425b549d574133c9fd292ac143f6bb97 .rollover-icon {\n  font-size: 32px;\n  color: #ffffff;\n  min-width: 44px;\n  min-height: 44px;\n  line-height: 44px;\n  border-radius: 100px;\n  border-style: solid;\n  border-width: 0px;\n}\n.dt-icon-bg-on.shortcode-single-image-wrap.shortcode-single-image-425b549d574133c9fd292ac143f6bb97 .rollover-icon {\n  background: rgba(255,255,255,0.3);\n  box-shadow: none;\n}<\/style><div class=\"shortcode-single-image-wrap shortcode-single-image-425b549d574133c9fd292ac143f6bb97 alignnone  vc_custom_1574098387825 enable-bg-rollover dt-icon-bg-off\" ><div class=\"shortcode-single-image\"><div class=\"fancy-media-wrap  layzr-bg\" style=\"\"><img decoding=\"async\" class=\"preload-me lazy-load aspect\" src=\"data:image\/svg+xml,%3Csvg%20xmlns%3D&#39;http%3A%2F%2Fwww.w3.org%2F2000%2Fsvg&#39;%20viewBox%3D&#39;0%200%20100%20100&#39;%2F%3E\" data-src=\"https:\/\/web.escudoweb.com\/wp-content\/uploads\/2019\/11\/midessremote-100x100.png\" data-srcset=\"https:\/\/web.escudoweb.com\/wp-content\/uploads\/2019\/11\/midessremote-100x100.png 100w, https:\/\/web.escudoweb.com\/wp-content\/uploads\/2019\/11\/midessremote-200x200.png 200w\" loading=\"eager\" sizes=\"(max-width: 100px) 100vw, 100px\" width=\"100\" height=\"100\"  data-dt-location=\"https:\/\/web.escudoweb.com\/midessremote\/\" style=\"--ratio: 100 \/ 100;\" alt=\"\" \/><\/div><\/div><\/div><div id=\"ultimate-heading-121769f2b9fdbcb5d\" class=\"uvc-heading ult-adjust-bottom-margin ultimate-heading-121769f2b9fdbcb5d uvc-9875 accent-subtitle-color\" data-hspacer=\"no_spacer\"  data-halign=\"center\" style=\"text-align:center\"><div class=\"uvc-heading-spacer no_spacer\" style=\"top\"><\/div><div class=\"uvc-main-heading ult-responsive\"  data-ultimate-target='.uvc-heading.ultimate-heading-121769f2b9fdbcb5d h2'  data-responsive-json-new='{\"font-size\":\"desktop:18px;\",\"line-height\":\"desktop:28px;\"}' ><h2 style=\"font-family:&#039;Ubuntu&#039;;font-weight:300;margin-bottom:5px;\">midess Remote Control<\/h2><\/div><\/div>[vc_empty_space height=\u00bb10px\u00bb][vc_raw_html]JTNDY2VudGVyJTNFJTNDYSUyMGhyZWYlM0QlMjJodHRwcyUzQSUyRiUyRnBsYXkuZ29vZ2xlLmNvbSUyRnN0b3JlJTJGYXBwcyUyRmRldGFpbHMlM0ZpZCUzRGNvbS5lc2N1ZG93ZWIubWlkZXNzcmVtb3RlY29udHJvbCUyMiUyMHRhcmdldCUzRCUyMl9ibGFuayUyMiUzRSUzQ2ltZyUyMHNyYyUzRCUyMmh0dHBzJTNBJTJGJTJGd2ViLmVzY3Vkb3dlYi5jb20lMkZ3cC1jb250ZW50JTJGdXBsb2FkcyUyRjIwMTklMkYxMSUyRnRyYXR0b3JpYS1hcHAtYW5kcm9pZC5wbmclMjIlMjBoZWlnaHQlM0QlMjI1MCUyMiUyMHdpZHRoJTNEJTIyNTAlMjIlM0UlM0MlMkZhJTNFJTNDaW1nJTIwc3JjJTNEJTIyaHR0cHMlM0ElMkYlMkZ3ZWIuZXNjdWRvd2ViLmNvbSUyRndwLWNvbnRlbnQlMkZ1cGxvYWRzJTJGMjAxOSUyRjExJTJGdHJhdHRvcmlhLWFwcC1pb3MtMS5wbmclMjIlMjBoZWlnaHQlM0QlMjI1MCUyMiUyMHdpZHRoJTNEJTIyNTAlMjIlM0UlM0MlMkZjZW50ZXIlM0UlMEE=[\/vc_raw_html][vc_empty_space][\/vc_column_inner][vc_column_inner width=\u00bb1\/4&#8243;]<style type=\"text\/css\" data-type=\"the7_shortcodes-inline-css\">.shortcode-single-image-wrap.shortcode-single-image-64bd4e4dca1065234aba6222610abe73.enable-bg-rollover .rollover i,\n.shortcode-single-image-wrap.shortcode-single-image-64bd4e4dca1065234aba6222610abe73.enable-bg-rollover .rollover-video i {\n  background: -webkit-linear-gradient();\n  background: linear-gradient();\n}\n.shortcode-single-image-wrap.shortcode-single-image-64bd4e4dca1065234aba6222610abe73 .rollover-icon {\n  font-size: 32px;\n  color: #ffffff;\n  min-width: 44px;\n  min-height: 44px;\n  line-height: 44px;\n  border-radius: 100px;\n  border-style: solid;\n  border-width: 0px;\n}\n.dt-icon-bg-on.shortcode-single-image-wrap.shortcode-single-image-64bd4e4dca1065234aba6222610abe73 .rollover-icon {\n  background: rgba(255,255,255,0.3);\n  box-shadow: none;\n}<\/style><div class=\"shortcode-single-image-wrap shortcode-single-image-64bd4e4dca1065234aba6222610abe73 alignnone  vc_custom_1574098961402 enable-bg-rollover dt-icon-bg-off\" ><div class=\"shortcode-single-image\"><div class=\"fancy-media-wrap  layzr-bg\" style=\"\"><img decoding=\"async\" class=\"preload-me lazy-load aspect\" src=\"data:image\/svg+xml,%3Csvg%20xmlns%3D&#39;http%3A%2F%2Fwww.w3.org%2F2000%2Fsvg&#39;%20viewBox%3D&#39;0%200%20100%20100&#39;%2F%3E\" data-src=\"https:\/\/web.escudoweb.com\/wp-content\/uploads\/2019\/11\/fchat6-100x100.png\" data-srcset=\"https:\/\/web.escudoweb.com\/wp-content\/uploads\/2019\/11\/fchat6-100x100.png 100w, https:\/\/web.escudoweb.com\/wp-content\/uploads\/2019\/11\/fchat6.png 116w\" loading=\"eager\" sizes=\"(max-width: 100px) 100vw, 100px\" width=\"100\" height=\"100\"  data-dt-location=\"https:\/\/web.escudoweb.com\/index.php\/es\/home\/fchat6\/\" style=\"--ratio: 100 \/ 100;\" alt=\"\" \/><\/div><\/div><\/div><div id=\"ultimate-heading-429869f2b9fdbd907\" class=\"uvc-heading ult-adjust-bottom-margin ultimate-heading-429869f2b9fdbd907 uvc-3180 accent-subtitle-color\" data-hspacer=\"no_spacer\"  data-halign=\"center\" style=\"text-align:center\"><div class=\"uvc-heading-spacer no_spacer\" style=\"top\"><\/div><div class=\"uvc-main-heading ult-responsive\"  data-ultimate-target='.uvc-heading.ultimate-heading-429869f2b9fdbd907 h2'  data-responsive-json-new='{\"font-size\":\"desktop:18px;\",\"line-height\":\"desktop:28px;\"}' ><h2 style=\"font-family:&#039;Ubuntu&#039;;font-weight:300;margin-bottom:5px;\">phoneKid Family Chat<\/h2><\/div><\/div>[vc_empty_space height=\u00bb10px\u00bb][vc_raw_html]JTNDY2VudGVyJTNFJTNDYSUyMGhyZWYlM0QlMjJodHRwcyUzQSUyRiUyRnBsYXkuZ29vZ2xlLmNvbSUyRnN0b3JlJTJGYXBwcyUyRmRldGFpbHMlM0ZpZCUzRGNvbS5lc2N1ZG93ZWIuZmFtaWx5Y2hhdGtpZCUyMiUyMHRhcmdldCUzRCUyMl9ibGFuayUyMiUzRSUzQ2ltZyUyMHNyYyUzRCUyMmh0dHBzJTNBJTJGJTJGd2ViLmVzY3Vkb3dlYi5jb20lMkZ3cC1jb250ZW50JTJGdXBsb2FkcyUyRjIwMTklMkYxMSUyRnRyYXR0b3JpYS1hcHAtYW5kcm9pZC5wbmclMjIlMjBoZWlnaHQlM0QlMjI1MCUyMiUyMHdpZHRoJTNEJTIyNTAlMjIlM0UlM0MlMkZhJTNFJTNDJTJGY2VudGVyJTNFJTBB[\/vc_raw_html][vc_empty_space][\/vc_column_inner][\/vc_row_inner][vc_separator style=\u00bbshadow\u00bb][vc_row_inner][vc_column_inner width=\u00bb1\/4&#8243;]<style type=\"text\/css\" data-type=\"the7_shortcodes-inline-css\">.shortcode-single-image-wrap.shortcode-single-image-c017f03a5adbfda40520757f1ec1660b.enable-bg-rollover .rollover i,\n.shortcode-single-image-wrap.shortcode-single-image-c017f03a5adbfda40520757f1ec1660b.enable-bg-rollover .rollover-video i {\n  background: -webkit-linear-gradient();\n  background: linear-gradient();\n}\n.shortcode-single-image-wrap.shortcode-single-image-c017f03a5adbfda40520757f1ec1660b .rollover-icon {\n  font-size: 32px;\n  color: #ffffff;\n  min-width: 44px;\n  min-height: 44px;\n  line-height: 44px;\n  border-radius: 100px;\n  border-style: solid;\n  border-width: 0px;\n}\n.dt-icon-bg-on.shortcode-single-image-wrap.shortcode-single-image-c017f03a5adbfda40520757f1ec1660b .rollover-icon {\n  background: rgba(255,255,255,0.3);\n  box-shadow: none;\n}<\/style><div class=\"shortcode-single-image-wrap shortcode-single-image-c017f03a5adbfda40520757f1ec1660b alignnone  vc_custom_1574443486756 enable-bg-rollover dt-icon-bg-off\" ><div class=\"shortcode-single-image\"><div class=\"fancy-media-wrap  layzr-bg\" style=\"\"><img decoding=\"async\" class=\"preload-me lazy-load aspect\" src=\"data:image\/svg+xml,%3Csvg%20xmlns%3D&#39;http%3A%2F%2Fwww.w3.org%2F2000%2Fsvg&#39;%20viewBox%3D&#39;0%200%20100%20100&#39;%2F%3E\" data-src=\"https:\/\/web.escudoweb.com\/wp-content\/uploads\/2019\/11\/lugus1-100x100.png\" data-srcset=\"https:\/\/web.escudoweb.com\/wp-content\/uploads\/2019\/11\/lugus1-100x100.png 100w, https:\/\/web.escudoweb.com\/wp-content\/uploads\/2019\/11\/lugus1-200x200.png 200w\" loading=\"eager\" sizes=\"(max-width: 100px) 100vw, 100px\" width=\"100\" height=\"100\"  data-dt-location=\"https:\/\/web.escudoweb.com\/index.php\/es\/home\/lugus1\/\" style=\"--ratio: 100 \/ 100;\" alt=\"\" \/><\/div><\/div><\/div><div id=\"ultimate-heading-993669f2b9fdbe662\" class=\"uvc-heading ult-adjust-bottom-margin ultimate-heading-993669f2b9fdbe662 uvc-3772 accent-subtitle-color\" data-hspacer=\"no_spacer\"  data-halign=\"center\" style=\"text-align:center\"><div class=\"uvc-heading-spacer no_spacer\" style=\"top\"><\/div><div class=\"uvc-main-heading ult-responsive\"  data-ultimate-target='.uvc-heading.ultimate-heading-993669f2b9fdbe662 h2'  data-responsive-json-new='{\"font-size\":\"desktop:18px;\",\"line-height\":\"desktop:28px;\"}' ><h2 style=\"font-family:&#039;Ubuntu&#039;;font-weight:300;margin-bottom:5px;\">Lugus Parental Interaction<\/h2><\/div><\/div>[vc_empty_space height=\u00bb10px\u00bb][vc_raw_html]JTNDY2VudGVyJTNFJTNDYSUyMGhyZWYlM0QlMjJodHRwcyUzQSUyRiUyRnBsYXkuZ29vZ2xlLmNvbSUyRnN0b3JlJTJGYXBwcyUyRmRldGFpbHMlM0ZpZCUzRGNvbS5lc2N1ZG93ZWIubHVndXMlMjIlMjB0YXJnZXQlM0QlMjJfYmxhbmslMjIlM0UlM0NpbWclMjBzcmMlM0QlMjJodHRwcyUzQSUyRiUyRndlYi5lc2N1ZG93ZWIuY29tJTJGd3AtY29udGVudCUyRnVwbG9hZHMlMkYyMDE5JTJGMTElMkZ0cmF0dG9yaWEtYXBwLWFuZHJvaWQucG5nJTIyJTIwaGVpZ2h0JTNEJTIyNTAlMjIlMjB3aWR0aCUzRCUyMjUwJTIyJTNFJTNDJTJGYSUzRSUzQ2ElMjBocmVmJTNEJTIyaHR0cHMlM0ElMkYlMkZhcHBzLmFwcGxlLmNvbSUyRmFwcCUyRmx1Z3VzLXBhcmVudGFsLWludGVyYWN0aW9uJTJGaWQxNDgzNzU3NzI1JTIyJTIwdGFyZ2V0JTNEJTIyX2JsYW5rJTIyJTNFJTNDaW1nJTIwc3JjJTNEJTIyaHR0cHMlM0ElMkYlMkZ3ZWIuZXNjdWRvd2ViLmNvbSUyRndwLWNvbnRlbnQlMkZ1cGxvYWRzJTJGMjAxOSUyRjExJTJGdHJhdHRvcmlhLWFwcC1pb3MtMS5wbmclMjIlMjBoZWlnaHQlM0QlMjI1MCUyMiUyMHdpZHRoJTNEJTIyNTAlMjIlM0UlM0MlMkZhJTNFJTNDJTJGY2VudGVyJTNFJTBB[\/vc_raw_html][vc_empty_space][\/vc_column_inner][vc_column_inner width=\u00bb1\/4&#8243;]<style type=\"text\/css\" data-type=\"the7_shortcodes-inline-css\">.shortcode-single-image-wrap.shortcode-single-image-52022e02a842809666dfb4946c1bccc5.enable-bg-rollover .rollover i,\n.shortcode-single-image-wrap.shortcode-single-image-52022e02a842809666dfb4946c1bccc5.enable-bg-rollover .rollover-video i {\n  background: -webkit-linear-gradient();\n  background: linear-gradient();\n}\n.shortcode-single-image-wrap.shortcode-single-image-52022e02a842809666dfb4946c1bccc5 .rollover-icon {\n  font-size: 32px;\n  color: #ffffff;\n  min-width: 44px;\n  min-height: 44px;\n  line-height: 44px;\n  border-radius: 100px;\n  border-style: solid;\n  border-width: 0px;\n}\n.dt-icon-bg-on.shortcode-single-image-wrap.shortcode-single-image-52022e02a842809666dfb4946c1bccc5 .rollover-icon {\n  background: rgba(255,255,255,0.3);\n  box-shadow: none;\n}<\/style><div class=\"shortcode-single-image-wrap shortcode-single-image-52022e02a842809666dfb4946c1bccc5 alignnone  vc_custom_1574443504203 enable-bg-rollover dt-icon-bg-off\" ><div class=\"shortcode-single-image\"><div class=\"fancy-media-wrap  layzr-bg\" style=\"\"><img decoding=\"async\" class=\"preload-me lazy-load aspect\" src=\"data:image\/svg+xml,%3Csvg%20xmlns%3D&#39;http%3A%2F%2Fwww.w3.org%2F2000%2Fsvg&#39;%20viewBox%3D&#39;0%200%20100%20100&#39;%2F%3E\" data-src=\"https:\/\/web.escudoweb.com\/wp-content\/uploads\/2019\/11\/lugus_square-100x100.png\" data-srcset=\"https:\/\/web.escudoweb.com\/wp-content\/uploads\/2019\/11\/lugus_square-100x100.png 100w, https:\/\/web.escudoweb.com\/wp-content\/uploads\/2019\/11\/lugus_square-200x200.png 200w\" loading=\"eager\" sizes=\"(max-width: 100px) 100vw, 100px\" width=\"100\" height=\"100\"  data-dt-location=\"https:\/\/web.escudoweb.com\/lugus_square\/\" style=\"--ratio: 100 \/ 100;\" alt=\"\" \/><\/div><\/div><\/div><div id=\"ultimate-heading-238869f2b9fdbf66f\" class=\"uvc-heading ult-adjust-bottom-margin ultimate-heading-238869f2b9fdbf66f uvc-8907 accent-subtitle-color\" data-hspacer=\"no_spacer\"  data-halign=\"center\" style=\"text-align:center\"><div class=\"uvc-heading-spacer no_spacer\" style=\"top\"><\/div><div class=\"uvc-main-heading ult-responsive\"  data-ultimate-target='.uvc-heading.ultimate-heading-238869f2b9fdbf66f h2'  data-responsive-json-new='{\"font-size\":\"desktop:18px;\",\"line-height\":\"desktop:28px;\"}' ><h2 style=\"font-family:&#039;Ubuntu&#039;;font-weight:300;margin-bottom:5px;\">Lugus Remote Control<\/h2><\/div><\/div>[vc_empty_space height=\u00bb10px\u00bb][vc_raw_html]JTNDY2VudGVyJTNFJTNDYSUyMGhyZWYlM0QlMjJodHRwcyUzQSUyRiUyRnBsYXkuZ29vZ2xlLmNvbSUyRnN0b3JlJTJGYXBwcyUyRmRldGFpbHMlM0ZpZCUzRGNvbS5lc2N1ZG93ZWIubHVndXNyZW1vdGVjb250cm9sJTIyJTIwdGFyZ2V0JTNEJTIyX2JsYW5rJTIyJTNFJTNDaW1nJTIwc3JjJTNEJTIyaHR0cHMlM0ElMkYlMkZ3ZWIuZXNjdWRvd2ViLmNvbSUyRndwLWNvbnRlbnQlMkZ1cGxvYWRzJTJGMjAxOSUyRjExJTJGdHJhdHRvcmlhLWFwcC1hbmRyb2lkLnBuZyUyMiUyMGhlaWdodCUzRCUyMjUwJTIyJTIwd2lkdGglM0QlMjI1MCUyMiUzRSUzQyUyRmElM0UlM0NpbWclMjBzcmMlM0QlMjJodHRwcyUzQSUyRiUyRndlYi5lc2N1ZG93ZWIuY29tJTJGd3AtY29udGVudCUyRnVwbG9hZHMlMkYyMDE5JTJGMTElMkZ0cmF0dG9yaWEtYXBwLWlvcy0xLnBuZyUyMiUyMGhlaWdodCUzRCUyMjUwJTIyJTIwd2lkdGglM0QlMjI1MCUyMiUzRSUzQyUyRmNlbnRlciUzRSUwQQ==[\/vc_raw_html][vc_empty_space][\/vc_column_inner][vc_column_inner width=\u00bb1\/4&#8243;]<style type=\"text\/css\" data-type=\"the7_shortcodes-inline-css\">.shortcode-single-image-wrap.shortcode-single-image-7ced81be74b8bdba9e67e3d4f5f39355.enable-bg-rollover .rollover i,\n.shortcode-single-image-wrap.shortcode-single-image-7ced81be74b8bdba9e67e3d4f5f39355.enable-bg-rollover .rollover-video i {\n  background: -webkit-linear-gradient();\n  background: linear-gradient();\n}\n.shortcode-single-image-wrap.shortcode-single-image-7ced81be74b8bdba9e67e3d4f5f39355 .rollover-icon {\n  font-size: 32px;\n  color: #ffffff;\n  min-width: 44px;\n  min-height: 44px;\n  line-height: 44px;\n  border-radius: 100px;\n  border-style: solid;\n  border-width: 0px;\n}\n.dt-icon-bg-on.shortcode-single-image-wrap.shortcode-single-image-7ced81be74b8bdba9e67e3d4f5f39355 .rollover-icon {\n  background: rgba(255,255,255,0.3);\n  box-shadow: none;\n}<\/style><div class=\"shortcode-single-image-wrap shortcode-single-image-7ced81be74b8bdba9e67e3d4f5f39355 alignnone  vc_custom_1574098359563 enable-bg-rollover dt-icon-bg-off\" ><div class=\"shortcode-single-image\"><div class=\"fancy-media-wrap  layzr-bg\" style=\"\"><img decoding=\"async\" class=\"preload-me lazy-load aspect\" src=\"data:image\/svg+xml,%3Csvg%20xmlns%3D&#39;http%3A%2F%2Fwww.w3.org%2F2000%2Fsvg&#39;%20viewBox%3D&#39;0%200%20100%20100&#39;%2F%3E\" data-src=\"https:\/\/web.escudoweb.com\/wp-content\/uploads\/2019\/11\/Genioparents-app-logo-100x100.png\" data-srcset=\"https:\/\/web.escudoweb.com\/wp-content\/uploads\/2019\/11\/Genioparents-app-logo-100x100.png 100w, https:\/\/web.escudoweb.com\/wp-content\/uploads\/2019\/11\/Genioparents-app-logo-200x200.png 200w\" loading=\"eager\" sizes=\"(max-width: 100px) 100vw, 100px\" width=\"100\" height=\"100\"  data-dt-location=\"https:\/\/web.escudoweb.com\/index.php\/es\/home\/genioparents-app-logo\/\" style=\"--ratio: 100 \/ 100;\" alt=\"\" \/><\/div><\/div><\/div><div id=\"ultimate-heading-609169f2b9fdc032a\" class=\"uvc-heading ult-adjust-bottom-margin ultimate-heading-609169f2b9fdc032a uvc-6097 accent-subtitle-color\" data-hspacer=\"no_spacer\"  data-halign=\"center\" style=\"text-align:center\"><div class=\"uvc-heading-spacer no_spacer\" style=\"top\"><\/div><div class=\"uvc-main-heading ult-responsive\"  data-ultimate-target='.uvc-heading.ultimate-heading-609169f2b9fdc032a h2'  data-responsive-json-new='{\"font-size\":\"desktop:18px;\",\"line-height\":\"desktop:28px;\"}' ><h2 style=\"font-family:&#039;Ubuntu&#039;;font-weight:300;margin-bottom:5px;\">Geniora Parent<\/h2><\/div><\/div>[vc_empty_space height=\u00bb10px\u00bb][vc_raw_html]JTNDY2VudGVyJTNFJTNDYSUyMGhyZWYlM0QlMjJodHRwcyUzQSUyRiUyRnBsYXkuZ29vZ2xlLmNvbSUyRnN0b3JlJTJGYXBwcyUyRmRldGFpbHMlM0ZpZCUzRGNvbS5lc2N1ZG93ZWIuZ2VuaW8lMjIlMjB0YXJnZXQlM0QlMjJfYmxhbmslMjIlM0UlM0NpbWclMjBzcmMlM0QlMjJodHRwcyUzQSUyRiUyRndlYi5lc2N1ZG93ZWIuY29tJTJGd3AtY29udGVudCUyRnVwbG9hZHMlMkYyMDE5JTJGMTElMkZ0cmF0dG9yaWEtYXBwLWFuZHJvaWQucG5nJTIyJTIwaGVpZ2h0JTNEJTIyNTAlMjIlMjB3aWR0aCUzRCUyMjUwJTIyJTNFJTNDJTJGYSUzRSUzQ2ElMjBocmVmJTNEJTIyaHR0cHMlM0ElMkYlMkZhcHBzLmFwcGxlLmNvbSUyRmFwcCUyRmdlbmlvcmEtcGFyZW50JTJGaWQxNDg1NzI1ODg4JTIyJTIwdGFyZ2V0JTNEJTIyX2JsYW5rJTIyJTNFJTNDaW1nJTIwc3JjJTNEJTIyaHR0cHMlM0ElMkYlMkZ3ZWIuZXNjdWRvd2ViLmNvbSUyRndwLWNvbnRlbnQlMkZ1cGxvYWRzJTJGMjAxOSUyRjExJTJGdHJhdHRvcmlhLWFwcC1pb3MtMS5wbmclMjIlMjBoZWlnaHQlM0QlMjI1MCUyMiUyMHdpZHRoJTNEJTIyNTAlMjIlM0UlM0MlMkZhJTNFJTNDJTJGY2VudGVyJTNFJTBB[\/vc_raw_html][vc_empty_space][\/vc_column_inner][vc_column_inner width=\u00bb1\/4&#8243;]<style type=\"text\/css\" data-type=\"the7_shortcodes-inline-css\">.shortcode-single-image-wrap.shortcode-single-image-09305e38b376b14d5b87a642158927a4.enable-bg-rollover .rollover i,\n.shortcode-single-image-wrap.shortcode-single-image-09305e38b376b14d5b87a642158927a4.enable-bg-rollover .rollover-video i {\n  background: -webkit-linear-gradient();\n  background: linear-gradient();\n}\n.shortcode-single-image-wrap.shortcode-single-image-09305e38b376b14d5b87a642158927a4 .rollover-icon {\n  font-size: 32px;\n  color: #ffffff;\n  min-width: 44px;\n  min-height: 44px;\n  line-height: 44px;\n  border-radius: 100px;\n  border-style: solid;\n  border-width: 0px;\n}\n.dt-icon-bg-on.shortcode-single-image-wrap.shortcode-single-image-09305e38b376b14d5b87a642158927a4 .rollover-icon {\n  background: rgba(255,255,255,0.3);\n  box-shadow: none;\n}<\/style><div class=\"shortcode-single-image-wrap shortcode-single-image-09305e38b376b14d5b87a642158927a4 alignnone  vc_custom_1593684330476 enable-bg-rollover dt-icon-bg-off\" ><div class=\"shortcode-single-image\"><div class=\"fancy-media-wrap  layzr-bg\" style=\"\"><img decoding=\"async\" class=\"preload-me lazy-load aspect\" src=\"data:image\/svg+xml,%3Csvg%20xmlns%3D&#39;http%3A%2F%2Fwww.w3.org%2F2000%2Fsvg&#39;%20viewBox%3D&#39;0%200%20100%20100&#39;%2F%3E\" data-src=\"https:\/\/web.escudoweb.com\/wp-content\/uploads\/2020\/07\/ezgif-5-5a30d44f3811-1-100x100.png\" data-srcset=\"https:\/\/web.escudoweb.com\/wp-content\/uploads\/2020\/07\/ezgif-5-5a30d44f3811-1-100x100.png 100w, https:\/\/web.escudoweb.com\/wp-content\/uploads\/2020\/07\/ezgif-5-5a30d44f3811-1.png 180w\" loading=\"eager\" sizes=\"(max-width: 100px) 100vw, 100px\" width=\"100\" height=\"100\"  data-dt-location=\"https:\/\/web.escudoweb.com\/index.php\/home-en\/ezgif-5-5a30d44f3811-2\/\" style=\"--ratio: 100 \/ 100;\" alt=\"\" \/><\/div><\/div><\/div><div id=\"ultimate-heading-489969f2b9fdc10b6\" class=\"uvc-heading ult-adjust-bottom-margin ultimate-heading-489969f2b9fdc10b6 uvc-798 accent-subtitle-color\" data-hspacer=\"no_spacer\"  data-halign=\"center\" style=\"text-align:center\"><div class=\"uvc-heading-spacer no_spacer\" style=\"top\"><\/div><div class=\"uvc-main-heading ult-responsive\"  data-ultimate-target='.uvc-heading.ultimate-heading-489969f2b9fdc10b6 h2'  data-responsive-json-new='{\"font-size\":\"desktop:18px;\",\"line-height\":\"desktop:28px;\"}' ><h2 style=\"font-family:&#039;Ubuntu&#039;;font-weight:300;margin-bottom:5px;\">Geniora Family Chat<\/h2><\/div><\/div>[vc_empty_space height=\u00bb10px\u00bb][vc_raw_html]JTNDY2VudGVyJTNFJTNDYSUyMGhyZWYlM0QlMjJodHRwcyUzQSUyRiUyRnBsYXkuZ29vZ2xlLmNvbSUyRnN0b3JlJTJGYXBwcyUyRmRldGFpbHMlM0ZpZCUzRGNvbS5lc2N1ZG93ZWIuZ2VuaW9yYWNoYXQlMjIlMjB0YXJnZXQlM0QlMjJfYmxhbmslMjIlM0UlM0NpbWclMjBzcmMlM0QlMjJodHRwcyUzQSUyRiUyRndlYi5lc2N1ZG93ZWIuY29tJTJGd3AtY29udGVudCUyRnVwbG9hZHMlMkYyMDE5JTJGMTElMkZ0cmF0dG9yaWEtYXBwLWFuZHJvaWQucG5nJTIyJTIwaGVpZ2h0JTNEJTIyNTAlMjIlMjB3aWR0aCUzRCUyMjUwJTIyJTNFJTNDJTJGYSUzRSUzQyUyRmNlbnRlciUzRSUwQQ==[\/vc_raw_html][vc_empty_space][\/vc_column_inner][\/vc_row_inner][vc_separator style=\u00bbshadow\u00bb][vc_row_inner][vc_column_inner width=\u00bb1\/4&#8243;]<style type=\"text\/css\" data-type=\"the7_shortcodes-inline-css\">.shortcode-single-image-wrap.shortcode-single-image-a7bdd5caa3ca20de98faec6a28ee8af2.enable-bg-rollover .rollover i,\n.shortcode-single-image-wrap.shortcode-single-image-a7bdd5caa3ca20de98faec6a28ee8af2.enable-bg-rollover .rollover-video i {\n  background: -webkit-linear-gradient();\n  background: linear-gradient();\n}\n.shortcode-single-image-wrap.shortcode-single-image-a7bdd5caa3ca20de98faec6a28ee8af2 .rollover-icon {\n  font-size: 32px;\n  color: #ffffff;\n  min-width: 44px;\n  min-height: 44px;\n  line-height: 44px;\n  border-radius: 100px;\n  border-style: solid;\n  border-width: 0px;\n}\n.dt-icon-bg-on.shortcode-single-image-wrap.shortcode-single-image-a7bdd5caa3ca20de98faec6a28ee8af2 .rollover-icon {\n  background: rgba(255,255,255,0.3);\n  box-shadow: none;\n}<\/style><div class=\"shortcode-single-image-wrap shortcode-single-image-a7bdd5caa3ca20de98faec6a28ee8af2 alignnone  vc_custom_1574670239606 enable-bg-rollover dt-icon-bg-off\" ><div class=\"shortcode-single-image\"><div class=\"fancy-media-wrap  layzr-bg\" style=\"\"><img decoding=\"async\" class=\"preload-me lazy-load aspect\" src=\"data:image\/svg+xml,%3Csvg%20xmlns%3D&#39;http%3A%2F%2Fwww.w3.org%2F2000%2Fsvg&#39;%20viewBox%3D&#39;0%200%20100%20100&#39;%2F%3E\" data-src=\"https:\/\/web.escudoweb.com\/wp-content\/uploads\/2019\/11\/iRiS-iphone-100x100.png\" data-srcset=\"https:\/\/web.escudoweb.com\/wp-content\/uploads\/2019\/11\/iRiS-iphone-100x100.png 100w, https:\/\/web.escudoweb.com\/wp-content\/uploads\/2019\/11\/iRiS-iphone-200x200.png 200w\" loading=\"eager\" sizes=\"(max-width: 100px) 100vw, 100px\" width=\"100\" height=\"100\"  data-dt-location=\"https:\/\/web.escudoweb.com\/index.php\/es\/home\/iris-iphone\/\" style=\"--ratio: 100 \/ 100;\" alt=\"\" \/><\/div><\/div><\/div><div id=\"ultimate-heading-381569f2b9fdc1d48\" class=\"uvc-heading ult-adjust-bottom-margin ultimate-heading-381569f2b9fdc1d48 uvc-5512 accent-subtitle-color\" data-hspacer=\"no_spacer\"  data-halign=\"center\" style=\"text-align:center\"><div class=\"uvc-heading-spacer no_spacer\" style=\"top\"><\/div><div class=\"uvc-main-heading ult-responsive\"  data-ultimate-target='.uvc-heading.ultimate-heading-381569f2b9fdc1d48 h2'  data-responsive-json-new='{\"font-size\":\"desktop:18px;\",\"line-height\":\"desktop:28px;\"}' ><h2 style=\"font-family:&#039;Ubuntu&#039;;font-weight:300;margin-bottom:5px;\">iRiS Interacci\u00f3n Parental<\/h2><\/div><\/div>[vc_empty_space height=\u00bb10px\u00bb][vc_raw_html]JTNDY2VudGVyJTNFJTNDYSUyMGhyZWYlM0QlMjJodHRwcyUzQSUyRiUyRnBsYXkuZ29vZ2xlLmNvbSUyRnN0b3JlJTJGYXBwcyUyRmRldGFpbHMlM0ZpZCUzRGNvbS5lc2N1ZG93ZWIuZmJpcmlzcGFyZW50YWwlMjIlMjB0YXJnZXQlM0QlMjJfYmxhbmslMjIlM0UlM0NpbWclMjBzcmMlM0QlMjJodHRwcyUzQSUyRiUyRndlYi5lc2N1ZG93ZWIuY29tJTJGd3AtY29udGVudCUyRnVwbG9hZHMlMkYyMDE5JTJGMTElMkZ0cmF0dG9yaWEtYXBwLWFuZHJvaWQucG5nJTIyJTIwaGVpZ2h0JTNEJTIyNTAlMjIlMjB3aWR0aCUzRCUyMjUwJTIyJTNFJTNDJTJGYSUzRSUzQ2ElMjBocmVmJTNEJTIyaHR0cHMlM0ElMkYlMkZhcHBzLmFwcGxlLmNvbSUyRmFwcCUyRmlyaXMtcGFyZW50YWwtaW50ZXJhY3Rpb24lMkZpZDE0NTUxMTc2OTglMjIlMjB0YXJnZXQlM0QlMjJfYmxhbmslMjIlM0UlM0NpbWclMjBzcmMlM0QlMjJodHRwcyUzQSUyRiUyRndlYi5lc2N1ZG93ZWIuY29tJTJGd3AtY29udGVudCUyRnVwbG9hZHMlMkYyMDE5JTJGMTElMkZ0cmF0dG9yaWEtYXBwLWlvcy0xLnBuZyUyMiUyMGhlaWdodCUzRCUyMjUwJTIyJTIwd2lkdGglM0QlMjI1MCUyMiUzRSUzQyUyRmElM0UlM0MlMkZjZW50ZXIlM0UlMEE=[\/vc_raw_html][vc_empty_space][\/vc_column_inner][vc_column_inner width=\u00bb1\/4&#8243;]<style type=\"text\/css\" data-type=\"the7_shortcodes-inline-css\">.shortcode-single-image-wrap.shortcode-single-image-90abaf72f905d34f3a69b50781c488bb.enable-bg-rollover .rollover i,\n.shortcode-single-image-wrap.shortcode-single-image-90abaf72f905d34f3a69b50781c488bb.enable-bg-rollover .rollover-video i {\n  background: -webkit-linear-gradient();\n  background: linear-gradient();\n}\n.shortcode-single-image-wrap.shortcode-single-image-90abaf72f905d34f3a69b50781c488bb .rollover-icon {\n  font-size: 32px;\n  color: #ffffff;\n  min-width: 44px;\n  min-height: 44px;\n  line-height: 44px;\n  border-radius: 100px;\n  border-style: solid;\n  border-width: 0px;\n}\n.dt-icon-bg-on.shortcode-single-image-wrap.shortcode-single-image-90abaf72f905d34f3a69b50781c488bb .rollover-icon {\n  background: rgba(255,255,255,0.3);\n  box-shadow: none;\n}<\/style><div class=\"shortcode-single-image-wrap shortcode-single-image-90abaf72f905d34f3a69b50781c488bb alignnone  vc_custom_1574670269962 enable-bg-rollover dt-icon-bg-off\" ><div class=\"shortcode-single-image\"><div class=\"fancy-media-wrap  layzr-bg\" style=\"\"><img decoding=\"async\" class=\"preload-me lazy-load aspect\" src=\"data:image\/svg+xml,%3Csvg%20xmlns%3D&#39;http%3A%2F%2Fwww.w3.org%2F2000%2Fsvg&#39;%20viewBox%3D&#39;0%200%20100%20100&#39;%2F%3E\" data-src=\"https:\/\/web.escudoweb.com\/wp-content\/uploads\/2019\/11\/iRiS-iphone-100x100.png\" data-srcset=\"https:\/\/web.escudoweb.com\/wp-content\/uploads\/2019\/11\/iRiS-iphone-100x100.png 100w, https:\/\/web.escudoweb.com\/wp-content\/uploads\/2019\/11\/iRiS-iphone-200x200.png 200w\" loading=\"eager\" sizes=\"(max-width: 100px) 100vw, 100px\" width=\"100\" height=\"100\"  data-dt-location=\"https:\/\/web.escudoweb.com\/index.php\/es\/home\/iris-iphone\/\" style=\"--ratio: 100 \/ 100;\" alt=\"\" \/><\/div><\/div><\/div><div id=\"ultimate-heading-362869f2b9fdc288e\" class=\"uvc-heading ult-adjust-bottom-margin ultimate-heading-362869f2b9fdc288e uvc-4970 accent-subtitle-color\" data-hspacer=\"no_spacer\"  data-halign=\"center\" style=\"text-align:center\"><div class=\"uvc-heading-spacer no_spacer\" style=\"top\"><\/div><div class=\"uvc-main-heading ult-responsive\"  data-ultimate-target='.uvc-heading.ultimate-heading-362869f2b9fdc288e h2'  data-responsive-json-new='{\"font-size\":\"desktop:18px;\",\"line-height\":\"desktop:28px;\"}' ><h2 style=\"font-family:&#039;Ubuntu&#039;;font-weight:300;margin-bottom:5px;\">iRiS Remote Control<\/h2><\/div><\/div>[vc_empty_space height=\u00bb10px\u00bb][vc_raw_html]JTNDY2VudGVyJTNFJTNDYSUyMGhyZWYlM0QlMjJodHRwcyUzQSUyRiUyRnBsYXkuZ29vZ2xlLmNvbSUyRnN0b3JlJTJGYXBwcyUyRmRldGFpbHMlM0ZpZCUzRGNvbS5lc2N1ZG93ZWIuaXJpc3RlYWNoZXJjb250cm9sJTIyJTIwdGFyZ2V0JTNEJTIyX2JsYW5rJTIyJTNFJTNDaW1nJTIwc3JjJTNEJTIyaHR0cHMlM0ElMkYlMkZ3ZWIuZXNjdWRvd2ViLmNvbSUyRndwLWNvbnRlbnQlMkZ1cGxvYWRzJTJGMjAxOSUyRjExJTJGdHJhdHRvcmlhLWFwcC1hbmRyb2lkLnBuZyUyMiUyMGhlaWdodCUzRCUyMjUwJTIyJTIwd2lkdGglM0QlMjI1MCUyMiUzRSUzQyUyRmElM0UlM0NpbWclMjBzcmMlM0QlMjJodHRwcyUzQSUyRiUyRndlYi5lc2N1ZG93ZWIuY29tJTJGd3AtY29udGVudCUyRnVwbG9hZHMlMkYyMDE5JTJGMTElMkZ0cmF0dG9yaWEtYXBwLWlvcy0xLnBuZyUyMiUyMGhlaWdodCUzRCUyMjUwJTIyJTIwd2lkdGglM0QlMjI1MCUyMiUzRSUzQyUyRmNlbnRlciUzRSUwQQ==[\/vc_raw_html][vc_empty_space][\/vc_column_inner][vc_column_inner width=\u00bb1\/4&#8243;]<style type=\"text\/css\" data-type=\"the7_shortcodes-inline-css\">.shortcode-single-image-wrap.shortcode-single-image-8fa2f04955677c26ae3688b602a47f2f.enable-bg-rollover .rollover i,\n.shortcode-single-image-wrap.shortcode-single-image-8fa2f04955677c26ae3688b602a47f2f.enable-bg-rollover .rollover-video i {\n  background: -webkit-linear-gradient();\n  background: linear-gradient();\n}\n.shortcode-single-image-wrap.shortcode-single-image-8fa2f04955677c26ae3688b602a47f2f .rollover-icon {\n  font-size: 32px;\n  color: #ffffff;\n  min-width: 44px;\n  min-height: 44px;\n  line-height: 44px;\n  border-radius: 100px;\n  border-style: solid;\n  border-width: 0px;\n}\n.dt-icon-bg-on.shortcode-single-image-wrap.shortcode-single-image-8fa2f04955677c26ae3688b602a47f2f .rollover-icon {\n  background: rgba(255,255,255,0.3);\n  box-shadow: none;\n}<\/style><div class=\"shortcode-single-image-wrap shortcode-single-image-8fa2f04955677c26ae3688b602a47f2f alignnone  vc_custom_1591721265795 enable-bg-rollover dt-icon-bg-off\" ><div class=\"shortcode-single-image\"><div class=\"fancy-media-wrap  layzr-bg\" style=\"\"><img decoding=\"async\" class=\"preload-me lazy-load aspect\" src=\"data:image\/svg+xml,%3Csvg%20xmlns%3D&#39;http%3A%2F%2Fwww.w3.org%2F2000%2Fsvg&#39;%20viewBox%3D&#39;0%200%20100%20100&#39;%2F%3E\" data-src=\"https:\/\/web.escudoweb.com\/wp-content\/uploads\/2020\/06\/Blabloo_icon2logo-1-100x100.png\" data-srcset=\"https:\/\/web.escudoweb.com\/wp-content\/uploads\/2020\/06\/Blabloo_icon2logo-1-100x100.png 100w, https:\/\/web.escudoweb.com\/wp-content\/uploads\/2020\/06\/Blabloo_icon2logo-1-200x200.png 200w\" loading=\"eager\" sizes=\"(max-width: 100px) 100vw, 100px\" width=\"100\" height=\"100\"  data-dt-location=\"https:\/\/web.escudoweb.com\/index.php\/home-en\/blabloo_icon2logo-2\/\" style=\"--ratio: 100 \/ 100;\" alt=\"\" \/><\/div><\/div><\/div><div id=\"ultimate-heading-501869f2b9fdc35d8\" class=\"uvc-heading ult-adjust-bottom-margin ultimate-heading-501869f2b9fdc35d8 uvc-4808 accent-subtitle-color\" data-hspacer=\"no_spacer\"  data-halign=\"center\" style=\"text-align:center\"><div class=\"uvc-heading-spacer no_spacer\" style=\"top\"><\/div><div class=\"uvc-main-heading ult-responsive\"  data-ultimate-target='.uvc-heading.ultimate-heading-501869f2b9fdc35d8 h2'  data-responsive-json-new='{\"font-size\":\"desktop:18px;\",\"line-height\":\"desktop:28px;\"}' ><h2 style=\"font-family:&#039;Ubuntu&#039;;font-weight:300;margin-bottom:5px;\">Blabloo Parents<\/h2><\/div><\/div>[vc_empty_space height=\u00bb10px\u00bb][vc_raw_html]JTNDY2VudGVyJTNFJTNDYSUyMGhyZWYlM0QlMjJodHRwcyUzQSUyRiUyRnBsYXkuZ29vZ2xlLmNvbSUyRnN0b3JlJTJGYXBwcyUyRmRldGFpbHMlM0ZpZCUzRGNvbS5lc2N1ZG93ZWIuYmxhYmxvbyUyMiUyMHRhcmdldCUzRCUyMl9ibGFuayUyMiUzRSUzQ2ltZyUyMHNyYyUzRCUyMmh0dHBzJTNBJTJGJTJGd2ViLmVzY3Vkb3dlYi5jb20lMkZ3cC1jb250ZW50JTJGdXBsb2FkcyUyRjIwMTklMkYxMSUyRnRyYXR0b3JpYS1hcHAtYW5kcm9pZC5wbmclMjIlMjBoZWlnaHQlM0QlMjI1MCUyMiUyMHdpZHRoJTNEJTIyNTAlMjIlM0UlM0MlMkZhJTNFJTNDYSUyMGhyZWYlM0QlMjJodHRwcyUzQSUyRiUyRmFwcHMuYXBwbGUuY29tJTJGdXMlMkZhcHAlMkZibGFibG9vJTJGaWQxNDg4ODk1NzcwJTIyJTIwdGFyZ2V0JTNEJTIyX2JsYW5rJTIyJTNFJTNDaW1nJTIwc3JjJTNEJTIyaHR0cHMlM0ElMkYlMkZ3ZWIuZXNjdWRvd2ViLmNvbSUyRndwLWNvbnRlbnQlMkZ1cGxvYWRzJTJGMjAxOSUyRjExJTJGdHJhdHRvcmlhLWFwcC1pb3MtMS5wbmclMjIlMjBoZWlnaHQlM0QlMjI1MCUyMiUyMHdpZHRoJTNEJTIyNTAlMjIlM0UlM0MlMkZhJTNFJTNDJTJGY2VudGVyJTNFJTBB[\/vc_raw_html][vc_empty_space][\/vc_column_inner][vc_column_inner width=\u00bb1\/4&#8243;]<style type=\"text\/css\" data-type=\"the7_shortcodes-inline-css\">.shortcode-single-image-wrap.shortcode-single-image-1d0426a0c4e87d7056dbe8ffb0142750.enable-bg-rollover .rollover i,\n.shortcode-single-image-wrap.shortcode-single-image-1d0426a0c4e87d7056dbe8ffb0142750.enable-bg-rollover .rollover-video i {\n  background: -webkit-linear-gradient();\n  background: linear-gradient();\n}\n.shortcode-single-image-wrap.shortcode-single-image-1d0426a0c4e87d7056dbe8ffb0142750 .rollover-icon {\n  font-size: 32px;\n  color: #ffffff;\n  min-width: 44px;\n  min-height: 44px;\n  line-height: 44px;\n  border-radius: 100px;\n  border-style: solid;\n  border-width: 0px;\n}\n.dt-icon-bg-on.shortcode-single-image-wrap.shortcode-single-image-1d0426a0c4e87d7056dbe8ffb0142750 .rollover-icon {\n  background: rgba(255,255,255,0.3);\n  box-shadow: none;\n}<\/style><div class=\"shortcode-single-image-wrap shortcode-single-image-1d0426a0c4e87d7056dbe8ffb0142750 alignnone  vc_custom_1593684427813 enable-bg-rollover dt-icon-bg-off\" ><div class=\"shortcode-single-image\"><div class=\"fancy-media-wrap  layzr-bg\" style=\"\"><img decoding=\"async\" class=\"preload-me lazy-load aspect\" src=\"data:image\/svg+xml,%3Csvg%20xmlns%3D&#39;http%3A%2F%2Fwww.w3.org%2F2000%2Fsvg&#39;%20viewBox%3D&#39;0%200%20100%20100&#39;%2F%3E\" data-src=\"https:\/\/web.escudoweb.com\/wp-content\/uploads\/2020\/07\/ezgif-5-fb4875148eb0-1-100x100.png\" data-srcset=\"https:\/\/web.escudoweb.com\/wp-content\/uploads\/2020\/07\/ezgif-5-fb4875148eb0-1-100x100.png 100w, https:\/\/web.escudoweb.com\/wp-content\/uploads\/2020\/07\/ezgif-5-fb4875148eb0-1.png 180w\" loading=\"eager\" sizes=\"(max-width: 100px) 100vw, 100px\" width=\"100\" height=\"100\"  data-dt-location=\"https:\/\/web.escudoweb.com\/index.php\/home-en\/ezgif-5-fb4875148eb0-2\/\" style=\"--ratio: 100 \/ 100;\" alt=\"\" \/><\/div><\/div><\/div><div id=\"ultimate-heading-931169f2b9fdc42f0\" class=\"uvc-heading ult-adjust-bottom-margin ultimate-heading-931169f2b9fdc42f0 uvc-2410 accent-subtitle-color\" data-hspacer=\"no_spacer\"  data-halign=\"center\" style=\"text-align:center\"><div class=\"uvc-heading-spacer no_spacer\" style=\"top\"><\/div><div class=\"uvc-main-heading ult-responsive\"  data-ultimate-target='.uvc-heading.ultimate-heading-931169f2b9fdc42f0 h2'  data-responsive-json-new='{\"font-size\":\"desktop:18px;\",\"line-height\":\"desktop:28px;\"}' ><h2 style=\"font-family:&#039;Ubuntu&#039;;font-weight:300;margin-bottom:5px;\">Blabloo Family Chat<\/h2><\/div><\/div>[vc_empty_space height=\u00bb10px\u00bb][vc_raw_html]JTNDY2VudGVyJTNFJTNDYSUyMGhyZWYlM0QlMjJodHRwcyUzQSUyRiUyRnBsYXkuZ29vZ2xlLmNvbSUyRnN0b3JlJTJGYXBwcyUyRmRldGFpbHMlM0ZpZCUzRGNvbS5lc2N1ZG93ZWIuYmxhYmxvb2NoYXQlMjIlMjB0YXJnZXQlM0QlMjJfYmxhbmslMjIlM0UlM0NpbWclMjBzcmMlM0QlMjJodHRwcyUzQSUyRiUyRndlYi5lc2N1ZG93ZWIuY29tJTJGd3AtY29udGVudCUyRnVwbG9hZHMlMkYyMDE5JTJGMTElMkZ0cmF0dG9yaWEtYXBwLWFuZHJvaWQucG5nJTIyJTIwaGVpZ2h0JTNEJTIyNTAlMjIlMjB3aWR0aCUzRCUyMjUwJTIyJTNFJTNDJTJGYSUzRSUzQyUyRmNlbnRlciUzRSUwQQ==[\/vc_raw_html][vc_empty_space][\/vc_column_inner][\/vc_row_inner][\/vc_column][\/vc_row][vc_row equal_height=\u00bbyes\u00bb content_placement=\u00bbmiddle\u00bb bg_type=\u00bbimage\u00bb parallax_style=\u00bbvcpb-default\u00bb bg_image_new=\u00bbid^1791|url^https:\/\/web.escudoweb.com\/wp-content\/uploads\/2020\/02\/19366-1-scaled.jpg|caption^Escudo Web Background|alt^Escudo Web Background|title^Escudo Web Background|description^null\u00bb bg_image_repeat=\u00bbno-repeat\u00bb bg_img_attach=\u00bbfixed\u00bb bg_override=\u00bbex-full\u00bb enable_overlay=\u00bbenable_overlay_value\u00bb overlay_color=\u00bbrgba(0,0,0,0.6)\u00bb type=\u00bbvc_default\u00bb margin_top=\u00bb-50&#8243; anchor=\u00bbabout\u00bb css=\u00bb.vc_custom_1667489336955{padding-top: 90px !important;padding-bottom: 90px !important;}\u00bb el_id=\u00bbcasosexito\u00bb][vc_column css=\u00bb.vc_custom_1574265368452{padding-bottom: 35px !important;}\u00bb offset=\u00bbvc_col-lg-offset-2 vc_col-lg-8 vc_col-md-offset-1 vc_col-md-10&#8243;]<div id=\"ultimate-heading-709869f2b9fdc438d\" class=\"uvc-heading ult-adjust-bottom-margin ultimate-heading-709869f2b9fdc438d uvc-3518 accent-border-color accent-subtitle-color\" data-hspacer=\"no_spacer\"  data-halign=\"center\" style=\"text-align:center\"><div class=\"uvc-heading-spacer no_spacer\" style=\"top\"><\/div><div class=\"uvc-main-heading ult-responsive\"  data-ultimate-target='.uvc-heading.ultimate-heading-709869f2b9fdc438d h2'  data-responsive-json-new='{\"font-size\":\"desktop:50px;tablet_portrait:40px;\",\"line-height\":\"desktop:60px;tablet_portrait:50px;\"}' ><h2 style=\"font-family:&#039;Ubuntu&#039;;font-weight:300;color:#ffffff;margin-bottom:30px;\">Case Studies<\/h2><\/div><\/div>[\/vc_column][vc_column]<style type=\"text\/css\" data-type=\"the7_shortcodes-inline-css\">.carousel-shortcode.carousel-shortcode-id-e07df42dfb463d45148f655f0f73e851.owl-carousel .owl-nav div {\n  width: 36px;\n  height: 36px;\n  border-radius: 500px;\n}\n.dt-arrow-border-on.carousel-shortcode.carousel-shortcode-id-e07df42dfb463d45148f655f0f73e851.owl-carousel .owl-nav div:not(:hover):before {\n  border-width: 0px;\n}\n.dt-arrow-hover-border-on.carousel-shortcode.carousel-shortcode-id-e07df42dfb463d45148f655f0f73e851.owl-carousel .owl-nav div:hover:after {\n  border-width: 0px;\n}\n.carousel-shortcode.carousel-shortcode-id-e07df42dfb463d45148f655f0f73e851.owl-carousel .owl-nav div.owl-prev {\n  top: 50%;\n  transform: translateY(calc(-50% + 0px));\n  left: -50px;\n}\n@media all and (-ms-high-contrast: none) {\n  .carousel-shortcode.carousel-shortcode-id-e07df42dfb463d45148f655f0f73e851.owl-carousel .owl-nav div.owl-prev {\n    transform: translateY(-50%);\n    margin-top: 0px;\n  }\n}\n.carousel-shortcode.carousel-shortcode-id-e07df42dfb463d45148f655f0f73e851.owl-carousel .owl-nav div.owl-prev i {\n  padding: 0px 0px 0px 0px;\n}\n.carousel-shortcode.carousel-shortcode-id-e07df42dfb463d45148f655f0f73e851.owl-carousel .owl-nav div.owl-next {\n  top: 50%;\n  transform: translateY(calc(-50% + 0px));\n  right: -50px;\n}\n@media all and (-ms-high-contrast: none) {\n  .carousel-shortcode.carousel-shortcode-id-e07df42dfb463d45148f655f0f73e851.owl-carousel .owl-nav div.owl-next {\n    transform: translateY(-50%);\n    margin-top: 0px;\n  }\n}\n.carousel-shortcode.carousel-shortcode-id-e07df42dfb463d45148f655f0f73e851.owl-carousel .owl-nav div.owl-next i {\n  padding: 0px 0px 0px 0px;\n}\n.carousel-shortcode.carousel-shortcode-id-e07df42dfb463d45148f655f0f73e851.owl-carousel .owl-nav i {\n  font-size: 44px;\n}\n.carousel-shortcode.carousel-shortcode-id-e07df42dfb463d45148f655f0f73e851.owl-carousel .owl-nav div:hover i,\n.carousel-shortcode.carousel-shortcode-id-e07df42dfb463d45148f655f0f73e851.owl-carousel .owl-nav div:hover i:before {\n  color: #bcce0d;\n  background: none;\n}\n.carousel-shortcode.carousel-shortcode-id-e07df42dfb463d45148f655f0f73e851 .owl-dots {\n  top: calc(100% + 30px);\n  left: 50%;\n  transform: translateX(calc(-50% + 0px));\n}\n@media all and (-ms-high-contrast: none) {\n  .carousel-shortcode.carousel-shortcode-id-e07df42dfb463d45148f655f0f73e851 .owl-dots {\n    transform: translateX(-50%);\n    margin-left: 0px;\n  }\n}\n.carousel-shortcode.carousel-shortcode-id-e07df42dfb463d45148f655f0f73e851 .owl-dot {\n  width: 14px;\n  height: 14px;\n  margin: 0 7.5px;\n}\n.bullets-scale-up.carousel-shortcode.carousel-shortcode-id-e07df42dfb463d45148f655f0f73e851 .owl-dot:not(.active):hover span,\n.bullets-scale-up.carousel-shortcode.carousel-shortcode-id-e07df42dfb463d45148f655f0f73e851 .owl-dot.active span {\n  background: #bcce0d;\n}\n.bullets-stroke.carousel-shortcode.carousel-shortcode-id-e07df42dfb463d45148f655f0f73e851 .owl-dot:not(.active):hover span {\n  background: #bcce0d;\n}\n.bullets-stroke.carousel-shortcode.carousel-shortcode-id-e07df42dfb463d45148f655f0f73e851 .owl-dot.active span {\n  box-shadow: 0 0 0 2px #bcce0d;\n}\n.bullets-fill-in.carousel-shortcode.carousel-shortcode-id-e07df42dfb463d45148f655f0f73e851 .owl-dot:not(.active):hover span {\n  box-shadow: inset 0 0 0 2px #bcce0d;\n}\n.bullets-fill-in.carousel-shortcode.carousel-shortcode-id-e07df42dfb463d45148f655f0f73e851 .owl-dot.active span {\n  box-shadow: inset 0 0 0 20px #bcce0d;\n}\n.bullets-small-dot-stroke.carousel-shortcode.carousel-shortcode-id-e07df42dfb463d45148f655f0f73e851 .owl-dot:not(.active):hover span,\n.bullets-small-dot-stroke.carousel-shortcode.carousel-shortcode-id-e07df42dfb463d45148f655f0f73e851 .owl-dot.active span {\n  background: #bcce0d;\n}\n.bullets-small-dot-stroke.carousel-shortcode.carousel-shortcode-id-e07df42dfb463d45148f655f0f73e851 .owl-dot.active {\n  box-shadow: 0 0 0 2px #bcce0d;\n}\n.bullets-ubax.carousel-shortcode.carousel-shortcode-id-e07df42dfb463d45148f655f0f73e851 .owl-dot.active span {\n  border-color: #bcce0d;\n}\n.bullets-ubax.carousel-shortcode.carousel-shortcode-id-e07df42dfb463d45148f655f0f73e851 .owl-dot:not(.active):hover span {\n  background: #bcce0d;\n}\n.bullets-etefu.carousel-shortcode.carousel-shortcode-id-e07df42dfb463d45148f655f0f73e851 .owl-dot:not(.active):hover span {\n  background: #bcce0d;\n}\n.bullets-etefu.carousel-shortcode.carousel-shortcode-id-e07df42dfb463d45148f655f0f73e851 .owl-dot span:before {\n  background: #bcce0d;\n}\n.accent-gradient .bullets-etefu.carousel-shortcode.carousel-shortcode-id-e07df42dfb463d45148f655f0f73e851 .owl-dot span:before {\n  background: #bcce0d;\n}\n@media screen and (max-width: 778px) {\n  .carousel-shortcode.carousel-shortcode-id-e07df42dfb463d45148f655f0f73e851.hide-arrows .owl-nav a {\n    display: none;\n  }\n}\n@media screen and (max-width: 778px) {\n  .carousel-shortcode.carousel-shortcode-id-e07df42dfb463d45148f655f0f73e851.reposition-arrows .owl-nav .owl-prev {\n    top: 50%;\n    transform: translateY(calc(-50% + 0px));\n    left: -25px;\n  }\n  .carousel-shortcode.carousel-shortcode-id-e07df42dfb463d45148f655f0f73e851.reposition-arrows .owl-nav .owl-next {\n    top: 50%;\n    transform: translateY(calc(-50% + 0px));\n    right: -25px;\n  }\n}\n@media screen and (max-width: 778px) and all and (-ms-high-contrast: none) {\n  .carousel-shortcode.carousel-shortcode-id-e07df42dfb463d45148f655f0f73e851.reposition-arrows .owl-nav .owl-prev {\n    transform: translateY(-50%);\n    margin-top: 0px;\n  }\n}\n@media screen and (max-width: 778px) and all and (-ms-high-contrast: none) {\n  .carousel-shortcode.carousel-shortcode-id-e07df42dfb463d45148f655f0f73e851.reposition-arrows .owl-nav .owl-next {\n    transform: translateY(-50%);\n    margin-top: 0px;\n  }\n}<\/style><div class=\"owl-carousel carousel-shortcode dt-owl-carousel-call carousel-shortcode-id-e07df42dfb463d45148f655f0f73e851 bullets-fill-in reposition-arrows arrows-bg-off dt-arrow-border-on dt-arrow-hover-border-on disable-arrows-hover-bg arrows-hover-bg-off  vc_custom_1574782700573 \" data-scroll-mode=\"1\" data-col-num=\"1\" data-wide-col-num=\"1\" data-laptop-col=\"1\" data-h-tablet-columns-num=\"1\" data-v-tablet-columns-num=\"1\" data-phone-columns-num=\"1\" data-auto-height=\"true\" data-col-gap=\"30\" data-stage-padding=\"0\" data-speed=\"600\" data-autoplay=\"false\" data-autoplay_speed=\"6000\" data-arrows=\"true\" data-bullet=\"true\" data-next-icon=\"icon-ar-023-r\" data-prev-icon=\"icon-ar-023-l\">[vc_row_inner css=\u00bb.vc_custom_1492522036277{padding-right: 25px !important;padding-left: 25px !important;}\u00bb][vc_column_inner css=\u00bb.vc_custom_1492521682238{padding-top: 0px !important;padding-right: 0px !important;padding-bottom: 0px !important;padding-left: 0px !important;}\u00bb][vc_empty_space height=\u00bb10px\u00bb]<div id=\"ultimate-heading-884169f2b9fdc4683\" class=\"uvc-heading ult-adjust-bottom-margin ultimate-heading-884169f2b9fdc4683 uvc-812 accent-border-color accent-subtitle-color\" data-hspacer=\"no_spacer\"  data-halign=\"center\" style=\"text-align:center\"><div class=\"uvc-heading-spacer no_spacer\" style=\"top\"><\/div><div class=\"uvc-sub-heading ult-responsive\"  data-ultimate-target='.uvc-heading.ultimate-heading-884169f2b9fdc4683 .uvc-sub-heading '  data-responsive-json-new='{\"font-size\":\"desktop:28px;\",\"line-height\":\"desktop:38px;\"}'  style=\"font-family:&#039;Roboto Slab&#039;;font-weight:700;color:#ffffff;margin-bottom:35px;\"><\/p>\n<p style=\"text-align: center;\">Lugus<\/p>\n<p><\/div><\/div>[vc_column_text css=\u00bb.vc_custom_1667489758666{padding-bottom: 40px !important;}\u00bb]<\/p>\n<p style=\"text-align: justify;\"><span style=\"color: #ffffff;\">\u00abThe Edelvives Group, aiming to bring closer to educational institutions a teaching system that is capable of covering all the requirements that have arisen this new age, has developed +Edelvives, a project that encompasses all the services necessary to obtain the desired results: success in the classroom\u00bb, and we have developed iRiS for them, the white label of our Chromebook product, Lugus.<\/span><\/p>\n<p>[\/vc_column_text][\/vc_column_inner][vc_column_inner width=\u00bb1\/2&#8243; css=\u00bb.vc_custom_1574267173827{padding-top: 25px !important;padding-right: 30px !important;padding-bottom: 30px !important;padding-left: 30px !important;}\u00bb]<style type=\"text\/css\" data-type=\"the7_shortcodes-inline-css\">.shortcode-single-image-wrap.shortcode-single-image-49b41a3dfdf3c58fe3295a3fd1bf6b22.enable-bg-rollover .rollover i,\n.shortcode-single-image-wrap.shortcode-single-image-49b41a3dfdf3c58fe3295a3fd1bf6b22.enable-bg-rollover .rollover-video i {\n  background: -webkit-linear-gradient();\n  background: linear-gradient();\n}\n.shortcode-single-image-wrap.shortcode-single-image-49b41a3dfdf3c58fe3295a3fd1bf6b22 .rollover-icon {\n  font-size: 32px;\n  color: #ffffff;\n  min-width: 44px;\n  min-height: 44px;\n  line-height: 44px;\n  border-radius: 100px;\n  border-style: solid;\n  border-width: 0px;\n}\n.dt-icon-bg-on.shortcode-single-image-wrap.shortcode-single-image-49b41a3dfdf3c58fe3295a3fd1bf6b22 .rollover-icon {\n  background: rgba(255,255,255,0.3);\n  box-shadow: none;\n}<\/style><div class=\"shortcode-single-image-wrap shortcode-single-image-49b41a3dfdf3c58fe3295a3fd1bf6b22 alignnone  enable-bg-rollover dt-icon-bg-off\" style=\"margin-top:0px; margin-bottom:0px; margin-left:0px; margin-right:0px;\"><div class=\"shortcode-single-image\"><div class=\"fancy-media-wrap  layzr-bg\" style=\"\"><img decoding=\"async\" class=\"preload-me lazy-load aspect\" src=\"data:image\/svg+xml,%3Csvg%20xmlns%3D&#39;http%3A%2F%2Fwww.w3.org%2F2000%2Fsvg&#39;%20viewBox%3D&#39;0%200%20640%20360&#39;%2F%3E\" data-src=\"https:\/\/web.escudoweb.com\/wp-content\/uploads\/2019\/11\/fondo_lugus2-640x360.png\" data-srcset=\"https:\/\/web.escudoweb.com\/wp-content\/uploads\/2019\/11\/fondo_lugus2-640x360.png 640w, https:\/\/web.escudoweb.com\/wp-content\/uploads\/2019\/11\/fondo_lugus2-1280x720.png 1280w\" loading=\"eager\" sizes=\"(max-width: 640px) 100vw, 640px\" width=\"640\" height=\"360\"  data-dt-location=\"https:\/\/web.escudoweb.com\/index.php\/es\/home\/fondo_lugus2\/\" style=\"--ratio: 640 \/ 360;\" alt=\"\" \/><\/div><\/div><\/div>[\/vc_column_inner][vc_column_inner width=\u00bb1\/2&#8243;][vc_empty_space height=\u00bb15px\u00bb][vc_video link=\u00bbhttps:\/\/youtu.be\/ExrtLZ244LU\u00bb][\/vc_column_inner][vc_column_inner][\/vc_column_inner][vc_column_inner width=\u00bb1\/3&#8243;][vc_empty_space height=\u00bb10px\u00bb]<div class=\"ult_pricing_table_wrap ult_design_5  ult-cs-custom accent-icon-color color-title \">\n\t\t\t\t\t<div class=\"ult_pricing_table \" style=\"background:#ffffff;color:#262626;\"><div id=\"price-table-wrap-4924\" class=\"ult_pricing_heading\" style=\"background:#ffffff;color:#262626;\">\n\t\t\t\t\t\t\t<h3 class=\"price-heading ult-responsive cust-headformat\"  data-ultimate-target='#price-table-wrap-4924 .cust-headformat'  data-responsive-json-new='{\"font-size\":\"desktop:22px;\",\"line-height\":\"desktop:32px;\"}'  style=\"font-family:&#039;Roboto Slab&#039;;font-weight:700;\"><\/h3><\/div><!--ult_pricing_heading--><div class=\"ult_price_body_block\" style=\"background:#ffffff;color:#262626;\">\n\t\t\t\t\t\t\t<div class=\"ult_price_body\">\n\t\t\t\t\t\t\t\t<div id=\"price-table-wrap-1100\"  class=\"ult_price\">\n\t\t\t\t\t\t\t\t\t<span  data-ultimate-target='#price-table-wrap-1100 .ult_price_figure'  data-responsive-json-new='{\"font-size\":\"desktop:60px;\",\"line-height\":\"desktop:70px;\"}'  class=\"ult_price_figure ult-responsive\" style=\"font-family:&#039;Ubuntu&#039;;font-weight:300;color:#0ca9cd;\">110<\/span>\n\t\t\t\t\t\t\t\t\t<span  data-ultimate-target='#price-table-wrap-1100 .ult_price_term'  data-responsive-json-new='{\"font-size\":\"desktop:24px;\",\"line-height\":\"desktop:34px;\"}'  class=\"ult_price_term ult-responsive\" style=\"font-family:&#039;Ubuntu&#039;;font-weight:300;color:#262626;\">schools and management teams<\/span>\n\t\t\t\t\t\t\t\t<\/div>\n\t\t\t\t\t\t\t<\/div>\n\t\t\t\t\t\t<\/div><!--ult_price_body_block--><div id=\"price-table-features-wrap-8871\" class=\"ult_price_features ult-responsive\"  data-ultimate-target='#price-table-features-wrap-8871'  data-responsive-json-new='{\"font-size\":\"desktop:24px;\",\"line-height\":\"desktop:34px;\"}'  style=\"font-family:&#039;Roboto Slab&#039;;font-weight:700;\">\n\t\t\t\t\t\t\t\n\t\t\t\t\t\t<\/div><!--ult_price_features--><div class=\"ult_clr\"><\/div>\n\t\t\t<\/div><!--pricing_table-->\n\t\t<\/div><!--pricing_table_wrap-->[\/vc_column_inner][vc_column_inner width=\u00bb1\/3&#8243;][vc_empty_space height=\u00bb10px\u00bb]<div class=\"ult_pricing_table_wrap ult_design_5  ult-cs-custom accent-icon-color color-title \">\n\t\t\t\t\t<div class=\"ult_pricing_table \" style=\"background:#ffffff;color:#262626;\"><div id=\"price-table-wrap-9858\" class=\"ult_pricing_heading\" style=\"background:#ffffff;color:#262626;\">\n\t\t\t\t\t\t\t<h3 class=\"price-heading ult-responsive cust-headformat\"  data-ultimate-target='#price-table-wrap-9858 .cust-headformat'  data-responsive-json-new='{\"font-size\":\"desktop:22px;\",\"line-height\":\"desktop:32px;\"}'  style=\"font-family:&#039;Roboto Slab&#039;;font-weight:700;\"><\/h3><\/div><!--ult_pricing_heading--><div class=\"ult_price_body_block\" style=\"background:#ffffff;color:#262626;\">\n\t\t\t\t\t\t\t<div class=\"ult_price_body\">\n\t\t\t\t\t\t\t\t<div id=\"price-table-wrap-4163\"  class=\"ult_price\">\n\t\t\t\t\t\t\t\t\t<span  data-ultimate-target='#price-table-wrap-4163 .ult_price_figure'  data-responsive-json-new='{\"font-size\":\"desktop:60px;\",\"line-height\":\"desktop:70px;\"}'  class=\"ult_price_figure ult-responsive\" style=\"font-family:&#039;Ubuntu&#039;;font-weight:300;color:#0ca9cd;\">12927<\/span>\n\t\t\t\t\t\t\t\t\t<span  data-ultimate-target='#price-table-wrap-4163 .ult_price_term'  data-responsive-json-new='{\"font-size\":\"desktop:24px;\",\"line-height\":\"desktop:34px;\"}'  class=\"ult_price_term ult-responsive\" style=\"font-family:&#039;Ubuntu&#039;;font-weight:300;color:#262626;\">students and families<\/span>\n\t\t\t\t\t\t\t\t<\/div>\n\t\t\t\t\t\t\t<\/div>\n\t\t\t\t\t\t<\/div><!--ult_price_body_block--><div id=\"price-table-features-wrap-8804\" class=\"ult_price_features ult-responsive\"  data-ultimate-target='#price-table-features-wrap-8804'  data-responsive-json-new='{\"font-size\":\"desktop:24px;\",\"line-height\":\"desktop:34px;\"}'  style=\"font-family:&#039;Roboto Slab&#039;;font-weight:700;\">\n\t\t\t\t\t\t\t\n\t\t\t\t\t\t<\/div><!--ult_price_features--><div class=\"ult_clr\"><\/div>\n\t\t\t<\/div><!--pricing_table-->\n\t\t<\/div><!--pricing_table_wrap-->[\/vc_column_inner][vc_column_inner width=\u00bb1\/3&#8243;][vc_empty_space height=\u00bb10px\u00bb]<div class=\"ult_pricing_table_wrap ult_design_5  ult-cs-custom accent-icon-color color-title \">\n\t\t\t\t\t<div class=\"ult_pricing_table \" style=\"background:#ffffff;color:#262626;\"><div id=\"price-table-wrap-8871\" class=\"ult_pricing_heading\" style=\"background:#ffffff;color:#262626;\">\n\t\t\t\t\t\t\t<h3 class=\"price-heading ult-responsive cust-headformat\"  data-ultimate-target='#price-table-wrap-8871 .cust-headformat'  data-responsive-json-new='{\"font-size\":\"desktop:22px;\",\"line-height\":\"desktop:32px;\"}'  style=\"font-family:&#039;Roboto Slab&#039;;font-weight:700;\"><\/h3><\/div><!--ult_pricing_heading--><div class=\"ult_price_body_block\" style=\"background:#ffffff;color:#262626;\">\n\t\t\t\t\t\t\t<div class=\"ult_price_body\">\n\t\t\t\t\t\t\t\t<div id=\"price-table-wrap-3106\"  class=\"ult_price\">\n\t\t\t\t\t\t\t\t\t<span  data-ultimate-target='#price-table-wrap-3106 .ult_price_figure'  data-responsive-json-new='{\"font-size\":\"desktop:60px;\",\"line-height\":\"desktop:70px;\"}'  class=\"ult_price_figure ult-responsive\" style=\"font-family:&#039;Ubuntu&#039;;font-weight:300;color:#0ca9cd;\">2612<\/span>\n\t\t\t\t\t\t\t\t\t<span  data-ultimate-target='#price-table-wrap-3106 .ult_price_term'  data-responsive-json-new='{\"font-size\":\"desktop:24px;\",\"line-height\":\"desktop:34px;\"}'  class=\"ult_price_term ult-responsive\" style=\"font-family:&#039;Ubuntu&#039;;font-weight:300;color:#262626;\">teachers<\/span>\n\t\t\t\t\t\t\t\t<\/div>\n\t\t\t\t\t\t\t<\/div>\n\t\t\t\t\t\t<\/div><!--ult_price_body_block--><div id=\"price-table-features-wrap-1193\" class=\"ult_price_features ult-responsive\"  data-ultimate-target='#price-table-features-wrap-1193'  data-responsive-json-new='{\"font-size\":\"desktop:24px;\",\"line-height\":\"desktop:34px;\"}'  style=\"font-family:&#039;Roboto Slab&#039;;font-weight:700;\">\n\t\t\t\t\t\t\t\n\t\t\t\t\t\t<\/div><!--ult_price_features--><div class=\"ult_clr\"><\/div>\n\t\t\t<\/div><!--pricing_table-->\n\t\t<\/div><!--pricing_table_wrap-->[\/vc_column_inner][\/vc_row_inner][vc_row_inner css=\u00bb.vc_custom_1492522036277{padding-right: 25px !important;padding-left: 25px !important;}\u00bb][vc_column_inner css=\u00bb.vc_custom_1492521682238{padding-top: 0px !important;padding-right: 0px !important;padding-bottom: 0px !important;padding-left: 0px !important;}\u00bb][vc_empty_space height=\u00bb10px\u00bb]<div id=\"ultimate-heading-943769f2b9fdc581b\" class=\"uvc-heading ult-adjust-bottom-margin ultimate-heading-943769f2b9fdc581b uvc-8706 accent-border-color accent-subtitle-color\" data-hspacer=\"no_spacer\"  data-halign=\"center\" style=\"text-align:center\"><div class=\"uvc-heading-spacer no_spacer\" style=\"top\"><\/div><div class=\"uvc-sub-heading ult-responsive\"  data-ultimate-target='.uvc-heading.ultimate-heading-943769f2b9fdc581b .uvc-sub-heading '  data-responsive-json-new='{\"font-size\":\"desktop:28px;\",\"line-height\":\"desktop:38px;\"}'  style=\"font-family:&#039;Roboto Slab&#039;;font-weight:700;color:#ffffff;margin-bottom:35px;\">Escudo Web Internet Filter<\/div><\/div>[vc_column_text css=\u00bb.vc_custom_1667489776409{padding-bottom: 40px !important;}\u00bb]<\/p>\n<p style=\"text-align: justify;\"><span style=\"color: #ffffff;\">Conecta Seguro, is an application developed from the Internet Filter Escudo Web and adapted for the Government of Extremadura, which from a web page interface, allows parents to define the content that can viewed by their children, know their browsing history, establish a period for usage or track the location of a device.<\/span><\/p>\n<p style=\"text-align: justify;\"><span style=\"color: #ffffff;\">The application consists of a control console and an application that is installed on the student&#8217;s system. Parents can access the console by typing a web address in the address bar of a browser and entering their hopscotch username and password, which is the educational platform for the Extremadura region.<\/span><\/p>\n<p>[\/vc_column_text][\/vc_column_inner][vc_column_inner width=\u00bb1\/2&#8243; css=\u00bb.vc_custom_1574267173827{padding-top: 25px !important;padding-right: 30px !important;padding-bottom: 30px !important;padding-left: 30px !important;}\u00bb]<style type=\"text\/css\" data-type=\"the7_shortcodes-inline-css\">.shortcode-single-image-wrap.shortcode-single-image-5227664844ed675861c12a01b1af5899.enable-bg-rollover .rollover i,\n.shortcode-single-image-wrap.shortcode-single-image-5227664844ed675861c12a01b1af5899.enable-bg-rollover .rollover-video i {\n  background: -webkit-linear-gradient();\n  background: linear-gradient();\n}\n.shortcode-single-image-wrap.shortcode-single-image-5227664844ed675861c12a01b1af5899 .rollover-icon {\n  font-size: 32px;\n  color: #ffffff;\n  min-width: 44px;\n  min-height: 44px;\n  line-height: 44px;\n  border-radius: 100px;\n  border-style: solid;\n  border-width: 0px;\n}\n.dt-icon-bg-on.shortcode-single-image-wrap.shortcode-single-image-5227664844ed675861c12a01b1af5899 .rollover-icon {\n  background: rgba(255,255,255,0.3);\n  box-shadow: none;\n}<\/style><div class=\"shortcode-single-image-wrap shortcode-single-image-5227664844ed675861c12a01b1af5899 alignnone  enable-bg-rollover dt-icon-bg-off\" style=\"margin-top:0px; margin-bottom:0px; margin-left:0px; margin-right:0px;\"><div class=\"shortcode-single-image\"><div class=\"fancy-media-wrap  layzr-bg\" style=\"\"><img decoding=\"async\" class=\"preload-me lazy-load aspect\" src=\"data:image\/svg+xml,%3Csvg%20xmlns%3D&#39;http%3A%2F%2Fwww.w3.org%2F2000%2Fsvg&#39;%20viewBox%3D&#39;0%200%20360%20360&#39;%2F%3E\" data-src=\"https:\/\/web.escudoweb.com\/wp-content\/uploads\/2020\/01\/logo_conectaseguro-1-360x360.png\" data-srcset=\"https:\/\/web.escudoweb.com\/wp-content\/uploads\/2020\/01\/logo_conectaseguro-1-360x360.png 360w, https:\/\/web.escudoweb.com\/wp-content\/uploads\/2020\/01\/logo_conectaseguro-1-720x720.png 720w\" loading=\"eager\" sizes=\"(max-width: 360px) 100vw, 360px\" width=\"360\" height=\"360\"  data-dt-location=\"https:\/\/web.escudoweb.com\/index.php\/home-en\/logo_conectaseguro-2\/\" style=\"--ratio: 360 \/ 360;\" alt=\"\" \/><\/div><\/div><\/div>[\/vc_column_inner][vc_column_inner width=\u00bb1\/2&#8243;]<style type=\"text\/css\" data-type=\"the7_shortcodes-inline-css\">.shortcode-single-image-wrap.shortcode-single-image-acec19bf70da1da5aaf31f65bfaad9ee.enable-bg-rollover .rollover i,\n.shortcode-single-image-wrap.shortcode-single-image-acec19bf70da1da5aaf31f65bfaad9ee.enable-bg-rollover .rollover-video i {\n  background: -webkit-linear-gradient();\n  background: linear-gradient();\n}\n.shortcode-single-image-wrap.shortcode-single-image-acec19bf70da1da5aaf31f65bfaad9ee .rollover-icon {\n  font-size: 32px;\n  color: #ffffff;\n  min-width: 44px;\n  min-height: 44px;\n  line-height: 44px;\n  border-radius: 100px;\n  border-style: solid;\n  border-width: 0px;\n}\n.dt-icon-bg-on.shortcode-single-image-wrap.shortcode-single-image-acec19bf70da1da5aaf31f65bfaad9ee .rollover-icon {\n  background: rgba(255,255,255,0.3);\n  box-shadow: none;\n}<\/style><div class=\"shortcode-single-image-wrap shortcode-single-image-acec19bf70da1da5aaf31f65bfaad9ee alignnone  enable-bg-rollover dt-icon-bg-off\" style=\"margin-top:0px; margin-bottom:0px; margin-left:0px; margin-right:0px;\"><div class=\"shortcode-single-image\"><div class=\"fancy-media-wrap  layzr-bg\" style=\"\"><img decoding=\"async\" class=\"preload-me lazy-load aspect\" src=\"data:image\/svg+xml,%3Csvg%20xmlns%3D&#39;http%3A%2F%2Fwww.w3.org%2F2000%2Fsvg&#39;%20viewBox%3D&#39;0%200%20360%20360&#39;%2F%3E\" data-src=\"https:\/\/web.escudoweb.com\/wp-content\/uploads\/2019\/11\/ew_square-360x360.png\" data-srcset=\"https:\/\/web.escudoweb.com\/wp-content\/uploads\/2019\/11\/ew_square-360x360.png 360w, https:\/\/web.escudoweb.com\/wp-content\/uploads\/2019\/11\/ew_square-720x720.png 720w\" loading=\"eager\" sizes=\"(max-width: 360px) 100vw, 360px\" width=\"360\" height=\"360\"  data-dt-location=\"https:\/\/web.escudoweb.com\/ew_square\/\" style=\"--ratio: 360 \/ 360;\" alt=\"\" \/><\/div><\/div><\/div>[\/vc_column_inner][vc_column_inner][\/vc_column_inner][vc_column_inner width=\u00bb1\/2&#8243;][vc_empty_space height=\u00bb10px\u00bb]<div class=\"ult_pricing_table_wrap ult_design_5  ult-cs-custom accent-icon-color color-title \">\n\t\t\t\t\t<div class=\"ult_pricing_table \" style=\"background:#ffffff;color:#262626;\"><div id=\"price-table-wrap-9308\" class=\"ult_pricing_heading\" style=\"background:#ffffff;color:#262626;\">\n\t\t\t\t\t\t\t<h3 class=\"price-heading ult-responsive cust-headformat\"  data-ultimate-target='#price-table-wrap-9308 .cust-headformat'  data-responsive-json-new='{\"font-size\":\"desktop:22px;\",\"line-height\":\"desktop:32px;\"}'  style=\"font-family:&#039;Roboto Slab&#039;;font-weight:700;\"><\/h3><\/div><!--ult_pricing_heading--><div class=\"ult_price_body_block\" style=\"background:#ffffff;color:#262626;\">\n\t\t\t\t\t\t\t<div class=\"ult_price_body\">\n\t\t\t\t\t\t\t\t<div id=\"price-table-wrap-1912\"  class=\"ult_price\">\n\t\t\t\t\t\t\t\t\t<span  data-ultimate-target='#price-table-wrap-1912 .ult_price_figure'  data-responsive-json-new='{\"font-size\":\"desktop:60px;\",\"line-height\":\"desktop:70px;\"}'  class=\"ult_price_figure ult-responsive\" style=\"font-family:&#039;Ubuntu&#039;;font-weight:300;color:#0ca9cd;\">800<\/span>\n\t\t\t\t\t\t\t\t\t<span  data-ultimate-target='#price-table-wrap-1912 .ult_price_term'  data-responsive-json-new='{\"font-size\":\"desktop:24px;\",\"line-height\":\"desktop:34px;\"}'  class=\"ult_price_term ult-responsive\" style=\"font-family:&#039;Ubuntu&#039;;font-weight:300;color:#262626;\">schools and management teams<\/span>\n\t\t\t\t\t\t\t\t<\/div>\n\t\t\t\t\t\t\t<\/div>\n\t\t\t\t\t\t<\/div><!--ult_price_body_block--><div id=\"price-table-features-wrap-3008\" class=\"ult_price_features ult-responsive\"  data-ultimate-target='#price-table-features-wrap-3008'  data-responsive-json-new='{\"font-size\":\"desktop:24px;\",\"line-height\":\"desktop:34px;\"}'  style=\"font-family:&#039;Roboto Slab&#039;;font-weight:700;\">\n\t\t\t\t\t\t\t\n\t\t\t\t\t\t<\/div><!--ult_price_features--><div class=\"ult_clr\"><\/div>\n\t\t\t<\/div><!--pricing_table-->\n\t\t<\/div><!--pricing_table_wrap-->[\/vc_column_inner][vc_column_inner width=\u00bb1\/2&#8243;][vc_empty_space height=\u00bb10px\u00bb]<div class=\"ult_pricing_table_wrap ult_design_5  ult-cs-custom accent-icon-color color-title \">\n\t\t\t\t\t<div class=\"ult_pricing_table \" style=\"background:#ffffff;color:#262626;\"><div id=\"price-table-wrap-3475\" class=\"ult_pricing_heading\" style=\"background:#ffffff;color:#262626;\">\n\t\t\t\t\t\t\t<h3 class=\"price-heading ult-responsive cust-headformat\"  data-ultimate-target='#price-table-wrap-3475 .cust-headformat'  data-responsive-json-new='{\"font-size\":\"desktop:22px;\",\"line-height\":\"desktop:32px;\"}'  style=\"font-family:&#039;Roboto Slab&#039;;font-weight:700;\"><\/h3><\/div><!--ult_pricing_heading--><div class=\"ult_price_body_block\" style=\"background:#ffffff;color:#262626;\">\n\t\t\t\t\t\t\t<div class=\"ult_price_body\">\n\t\t\t\t\t\t\t\t<div id=\"price-table-wrap-2341\"  class=\"ult_price\">\n\t\t\t\t\t\t\t\t\t<span  data-ultimate-target='#price-table-wrap-2341 .ult_price_figure'  data-responsive-json-new='{\"font-size\":\"desktop:60px;\",\"line-height\":\"desktop:70px;\"}'  class=\"ult_price_figure ult-responsive\" style=\"font-family:&#039;Ubuntu&#039;;font-weight:300;color:#0ca9cd;\">200000<\/span>\n\t\t\t\t\t\t\t\t\t<span  data-ultimate-target='#price-table-wrap-2341 .ult_price_term'  data-responsive-json-new='{\"font-size\":\"desktop:24px;\",\"line-height\":\"desktop:34px;\"}'  class=\"ult_price_term ult-responsive\" style=\"font-family:&#039;Ubuntu&#039;;font-weight:300;color:#262626;\">students and families<\/span>\n\t\t\t\t\t\t\t\t<\/div>\n\t\t\t\t\t\t\t<\/div>\n\t\t\t\t\t\t<\/div><!--ult_price_body_block--><div id=\"price-table-features-wrap-4576\" class=\"ult_price_features ult-responsive\"  data-ultimate-target='#price-table-features-wrap-4576'  data-responsive-json-new='{\"font-size\":\"desktop:24px;\",\"line-height\":\"desktop:34px;\"}'  style=\"font-family:&#039;Ubuntu&#039;;font-weight:300;\">\n\t\t\t\t\t\t\t\n\t\t\t\t\t\t<\/div><!--ult_price_features--><div class=\"ult_clr\"><\/div>\n\t\t\t<\/div><!--pricing_table-->\n\t\t<\/div><!--pricing_table_wrap-->[\/vc_column_inner][\/vc_row_inner][vc_row_inner css=\u00bb.vc_custom_1492522036277{padding-right: 25px !important;padding-left: 25px !important;}\u00bb][vc_column_inner css=\u00bb.vc_custom_1492521682238{padding-top: 0px !important;padding-right: 0px !important;padding-bottom: 0px !important;padding-left: 0px !important;}\u00bb][vc_empty_space height=\u00bb10px\u00bb]<div id=\"ultimate-heading-879769f2b9fdc7641\" class=\"uvc-heading ult-adjust-bottom-margin ultimate-heading-879769f2b9fdc7641 uvc-7525 accent-border-color accent-subtitle-color\" data-hspacer=\"no_spacer\"  data-halign=\"center\" style=\"text-align:center\"><div class=\"uvc-heading-spacer no_spacer\" style=\"top\"><\/div><div class=\"uvc-sub-heading ult-responsive\"  data-ultimate-target='.uvc-heading.ultimate-heading-879769f2b9fdc7641 .uvc-sub-heading '  data-responsive-json-new='{\"font-size\":\"desktop:28px;\",\"line-height\":\"desktop:38px;\"}'  style=\"font-family:&#039;Roboto Slab&#039;;font-weight:700;color:#ffffff;margin-bottom:35px;\">Learning Everywhere<\/div><\/div>[vc_column_text css=\u00bb.vc_custom_1667489789929{padding-bottom: 40px !important;}\u00bb]<\/p>\n<p style=\"text-align: justify;\"><span style=\"color: #ffffff;\">The Mobile Digital Classroom in Nicaragua is success story reference of our technology used in remote locations where there is no or very little Internet connectivity.<\/span><\/p>\n<p>[\/vc_column_text][\/vc_column_inner][vc_column_inner width=\u00bb1\/2&#8243; css=\u00bb.vc_custom_1574267173827{padding-top: 25px !important;padding-right: 30px !important;padding-bottom: 30px !important;padding-left: 30px !important;}\u00bb]<style type=\"text\/css\" data-type=\"the7_shortcodes-inline-css\">.shortcode-single-image-wrap.shortcode-single-image-1187ce6115acdfd515fc07e5724e473c.enable-bg-rollover .rollover i,\n.shortcode-single-image-wrap.shortcode-single-image-1187ce6115acdfd515fc07e5724e473c.enable-bg-rollover .rollover-video i {\n  background: -webkit-linear-gradient();\n  background: linear-gradient();\n}\n.shortcode-single-image-wrap.shortcode-single-image-1187ce6115acdfd515fc07e5724e473c .rollover-icon {\n  font-size: 32px;\n  color: #ffffff;\n  min-width: 44px;\n  min-height: 44px;\n  line-height: 44px;\n  border-radius: 100px;\n  border-style: solid;\n  border-width: 0px;\n}\n.dt-icon-bg-on.shortcode-single-image-wrap.shortcode-single-image-1187ce6115acdfd515fc07e5724e473c .rollover-icon {\n  background: rgba(255,255,255,0.3);\n  box-shadow: none;\n}<\/style><div class=\"shortcode-single-image-wrap shortcode-single-image-1187ce6115acdfd515fc07e5724e473c alignnone  enable-bg-rollover dt-icon-bg-off\" style=\"margin-top:0px; margin-bottom:0px; margin-left:0px; margin-right:0px;\"><div class=\"shortcode-single-image\"><div class=\"fancy-media-wrap  layzr-bg\" style=\"\"><img decoding=\"async\" class=\"preload-me lazy-load aspect\" src=\"data:image\/svg+xml,%3Csvg%20xmlns%3D&#39;http%3A%2F%2Fwww.w3.org%2F2000%2Fsvg&#39;%20viewBox%3D&#39;0%200%20628%20360&#39;%2F%3E\" data-src=\"https:\/\/web.escudoweb.com\/wp-content\/uploads\/2019\/12\/EByRxo2WwAUEbyz-628x360.jpg\" data-srcset=\"https:\/\/web.escudoweb.com\/wp-content\/uploads\/2019\/12\/EByRxo2WwAUEbyz-628x360.jpg 628w, https:\/\/web.escudoweb.com\/wp-content\/uploads\/2019\/12\/EByRxo2WwAUEbyz-1119x642.jpg 1119w\" loading=\"eager\" sizes=\"(max-width: 628px) 100vw, 628px\" width=\"628\" height=\"360\"  data-dt-location=\"https:\/\/web.escudoweb.com\/index.php\/es\/home\/ebyrxo2wwauebyz\/\" style=\"--ratio: 628 \/ 360;\" alt=\"\" \/><\/div><\/div><\/div>[\/vc_column_inner][vc_column_inner width=\u00bb1\/2&#8243;][vc_empty_space height=\u00bb15px\u00bb][vc_video link=\u00bbhttps:\/\/www.youtube.com\/watch?v=vxmjHs-uCuw&amp;t=2s\u00bb][\/vc_column_inner][vc_column_inner][\/vc_column_inner][vc_column_inner width=\u00bb1\/3&#8243;][vc_empty_space height=\u00bb10px\u00bb]<div class=\"ult_pricing_table_wrap ult_design_5  ult-cs-custom accent-icon-color color-title \">\n\t\t\t\t\t<div class=\"ult_pricing_table \" style=\"background:#ffffff;color:#262626;\"><div id=\"price-table-wrap-5336\" class=\"ult_pricing_heading\" style=\"background:#ffffff;color:#262626;\">\n\t\t\t\t\t\t\t<h3 class=\"price-heading ult-responsive cust-headformat\"  data-ultimate-target='#price-table-wrap-5336 .cust-headformat'  data-responsive-json-new='{\"font-size\":\"desktop:22px;\",\"line-height\":\"desktop:32px;\"}'  style=\"font-family:&#039;Roboto Slab&#039;;font-weight:700;\"><\/h3><\/div><!--ult_pricing_heading--><div class=\"ult_price_body_block\" style=\"background:#ffffff;color:#262626;\">\n\t\t\t\t\t\t\t<div class=\"ult_price_body\">\n\t\t\t\t\t\t\t\t<div id=\"price-table-wrap-8101\"  class=\"ult_price\">\n\t\t\t\t\t\t\t\t\t<span  data-ultimate-target='#price-table-wrap-8101 .ult_price_figure'  data-responsive-json-new='{\"font-size\":\"desktop:60px;\",\"line-height\":\"desktop:70px;\"}'  class=\"ult_price_figure ult-responsive\" style=\"font-family:&#039;Ubuntu&#039;;font-weight:300;color:#0ca9cd;\">790<\/span>\n\t\t\t\t\t\t\t\t\t<span  data-ultimate-target='#price-table-wrap-8101 .ult_price_term'  data-responsive-json-new='{\"font-size\":\"desktop:24px;\",\"line-height\":\"desktop:34px;\"}'  class=\"ult_price_term ult-responsive\" style=\"font-family:&#039;Ubuntu&#039;;font-weight:300;color:#262626;\">schools and management teams<\/span>\n\t\t\t\t\t\t\t\t<\/div>\n\t\t\t\t\t\t\t<\/div>\n\t\t\t\t\t\t<\/div><!--ult_price_body_block--><div id=\"price-table-features-wrap-3726\" class=\"ult_price_features ult-responsive\"  data-ultimate-target='#price-table-features-wrap-3726'  data-responsive-json-new='{\"font-size\":\"desktop:24px;\",\"line-height\":\"desktop:34px;\"}'  style=\"font-family:&#039;Roboto Slab&#039;;font-weight:700;\">\n\t\t\t\t\t\t\t\n\t\t\t\t\t\t<\/div><!--ult_price_features--><div class=\"ult_clr\"><\/div>\n\t\t\t<\/div><!--pricing_table-->\n\t\t<\/div><!--pricing_table_wrap-->[\/vc_column_inner][vc_column_inner width=\u00bb1\/3&#8243;][vc_empty_space height=\u00bb10px\u00bb]<div class=\"ult_pricing_table_wrap ult_design_5  ult-cs-custom accent-icon-color color-title \">\n\t\t\t\t\t<div class=\"ult_pricing_table \" style=\"background:#ffffff;color:#262626;\"><div id=\"price-table-wrap-8400\" class=\"ult_pricing_heading\" style=\"background:#ffffff;color:#262626;\">\n\t\t\t\t\t\t\t<h3 class=\"price-heading ult-responsive cust-headformat\"  data-ultimate-target='#price-table-wrap-8400 .cust-headformat'  data-responsive-json-new='{\"font-size\":\"desktop:22px;\",\"line-height\":\"desktop:32px;\"}'  style=\"font-family:&#039;Roboto Slab&#039;;font-weight:700;\"><\/h3><\/div><!--ult_pricing_heading--><div class=\"ult_price_body_block\" style=\"background:#ffffff;color:#262626;\">\n\t\t\t\t\t\t\t<div class=\"ult_price_body\">\n\t\t\t\t\t\t\t\t<div id=\"price-table-wrap-9392\"  class=\"ult_price\">\n\t\t\t\t\t\t\t\t\t<span  data-ultimate-target='#price-table-wrap-9392 .ult_price_figure'  data-responsive-json-new='{\"font-size\":\"desktop:60px;\",\"line-height\":\"desktop:70px;\"}'  class=\"ult_price_figure ult-responsive\" style=\"font-family:&#039;Ubuntu&#039;;font-weight:300;color:#0ca9cd;\">250000<\/span>\n\t\t\t\t\t\t\t\t\t<span  data-ultimate-target='#price-table-wrap-9392 .ult_price_term'  data-responsive-json-new='{\"font-size\":\"desktop:24px;\",\"line-height\":\"desktop:34px;\"}'  class=\"ult_price_term ult-responsive\" style=\"font-family:&#039;Ubuntu&#039;;font-weight:300;color:#262626;\">students<\/span>\n\t\t\t\t\t\t\t\t<\/div>\n\t\t\t\t\t\t\t<\/div>\n\t\t\t\t\t\t<\/div><!--ult_price_body_block--><div id=\"price-table-features-wrap-6383\" class=\"ult_price_features ult-responsive\"  data-ultimate-target='#price-table-features-wrap-6383'  data-responsive-json-new='{\"font-size\":\"desktop:24px;\",\"line-height\":\"desktop:34px;\"}'  style=\"font-family:&#039;Roboto Slab&#039;;font-weight:700;\">\n\t\t\t\t\t\t\t\n\t\t\t\t\t\t<\/div><!--ult_price_features--><div class=\"ult_clr\"><\/div>\n\t\t\t<\/div><!--pricing_table-->\n\t\t<\/div><!--pricing_table_wrap-->[\/vc_column_inner][vc_column_inner width=\u00bb1\/3&#8243;][vc_empty_space height=\u00bb10px\u00bb]<div class=\"ult_pricing_table_wrap ult_design_5  ult-cs-custom accent-icon-color color-title \">\n\t\t\t\t\t<div class=\"ult_pricing_table \" style=\"background:#ffffff;color:#262626;\"><div id=\"price-table-wrap-8692\" class=\"ult_pricing_heading\" style=\"background:#ffffff;color:#262626;\">\n\t\t\t\t\t\t\t<h3 class=\"price-heading ult-responsive cust-headformat\"  data-ultimate-target='#price-table-wrap-8692 .cust-headformat'  data-responsive-json-new='{\"font-size\":\"desktop:22px;\",\"line-height\":\"desktop:32px;\"}'  style=\"font-family:&#039;Roboto Slab&#039;;font-weight:700;\"><\/h3><\/div><!--ult_pricing_heading--><div class=\"ult_price_body_block\" style=\"background:#ffffff;color:#262626;\">\n\t\t\t\t\t\t\t<div class=\"ult_price_body\">\n\t\t\t\t\t\t\t\t<div id=\"price-table-wrap-1673\"  class=\"ult_price\">\n\t\t\t\t\t\t\t\t\t<span  data-ultimate-target='#price-table-wrap-1673 .ult_price_figure'  data-responsive-json-new='{\"font-size\":\"desktop:60px;\",\"line-height\":\"desktop:70px;\"}'  class=\"ult_price_figure ult-responsive\" style=\"font-family:&#039;Ubuntu&#039;;font-weight:300;color:#0ca9cd;\">2600<\/span>\n\t\t\t\t\t\t\t\t\t<span  data-ultimate-target='#price-table-wrap-1673 .ult_price_term'  data-responsive-json-new='{\"font-size\":\"desktop:24px;\",\"line-height\":\"desktop:34px;\"}'  class=\"ult_price_term ult-responsive\" style=\"font-family:&#039;Ubuntu&#039;;font-weight:300;color:#262626;\">teachers<\/span>\n\t\t\t\t\t\t\t\t<\/div>\n\t\t\t\t\t\t\t<\/div>\n\t\t\t\t\t\t<\/div><!--ult_price_body_block--><div id=\"price-table-features-wrap-7523\" class=\"ult_price_features ult-responsive\"  data-ultimate-target='#price-table-features-wrap-7523'  data-responsive-json-new='{\"font-size\":\"desktop:24px;\",\"line-height\":\"desktop:34px;\"}'  style=\"font-family:&#039;Roboto Slab&#039;;font-weight:700;\">\n\t\t\t\t\t\t\t\n\t\t\t\t\t\t<\/div><!--ult_price_features--><div class=\"ult_clr\"><\/div>\n\t\t\t<\/div><!--pricing_table-->\n\t\t<\/div><!--pricing_table_wrap-->[\/vc_column_inner][\/vc_row_inner][vc_row_inner css=\u00bb.vc_custom_1492522036277{padding-right: 25px !important;padding-left: 25px !important;}\u00bb][vc_column_inner css=\u00bb.vc_custom_1492521682238{padding-top: 0px !important;padding-right: 0px !important;padding-bottom: 0px !important;padding-left: 0px !important;}\u00bb][vc_empty_space height=\u00bb10px\u00bb]<div id=\"ultimate-heading-632369f2b9fdc8819\" class=\"uvc-heading ult-adjust-bottom-margin ultimate-heading-632369f2b9fdc8819 uvc-201 accent-border-color accent-subtitle-color\" data-hspacer=\"no_spacer\"  data-halign=\"center\" style=\"text-align:center\"><div class=\"uvc-heading-spacer no_spacer\" style=\"top\"><\/div><div class=\"uvc-sub-heading ult-responsive\"  data-ultimate-target='.uvc-heading.ultimate-heading-632369f2b9fdc8819 .uvc-sub-heading '  data-responsive-json-new='{\"font-size\":\"desktop:28px;\",\"line-height\":\"desktop:38px;\"}'  style=\"font-family:&#039;Roboto Slab&#039;;font-weight:700;color:#ffffff;margin-bottom:35px;\">OnBook<\/div><\/div>[vc_column_text css=\u00bb.vc_custom_1667489803193{padding-bottom: 40px !important;}\u00bb]<\/p>\n<p style=\"text-align: justify;\"><span style=\"color: #ffffff;\">OnBook is a tablet that adapts to all models of digital education, helping to solve the problems that schools face when they decide to use tablets in the classroom. Known as One to One (digital backpack), as used by hundreds of schools in Spain and Portugal, One to X (for group or collaborative work), or Mobile Classroom as implemented in Nicaragua and Computer Classroom are some examples. OnBook is the solution that guarantees security in the school environment for both students as well as teachers, and it is also a responsible environment at home when using the digital backpack model. Outside of school hours, the student can use the tablet with the limitations established by the parents. While during school hours, the student uses the tablet with the limitations set by the school.<\/span><\/p>\n<p style=\"text-align: justify;\"><span style=\"color: #ffffff;\">Manufactured for the educational environment, with eight powerful tools integrated into the device from the factory, guarantees a better and more optimal operation of the tablet.<\/span><\/p>\n<p>[\/vc_column_text][\/vc_column_inner][vc_column_inner width=\u00bb1\/2&#8243; css=\u00bb.vc_custom_1574267173827{padding-top: 25px !important;padding-right: 30px !important;padding-bottom: 30px !important;padding-left: 30px !important;}\u00bb]<style type=\"text\/css\" data-type=\"the7_shortcodes-inline-css\">.shortcode-single-image-wrap.shortcode-single-image-8fe1fba5391200bac034c4e52d4d42ec.enable-bg-rollover .rollover i,\n.shortcode-single-image-wrap.shortcode-single-image-8fe1fba5391200bac034c4e52d4d42ec.enable-bg-rollover .rollover-video i {\n  background: -webkit-linear-gradient();\n  background: linear-gradient();\n}\n.shortcode-single-image-wrap.shortcode-single-image-8fe1fba5391200bac034c4e52d4d42ec .rollover-icon {\n  font-size: 32px;\n  color: #ffffff;\n  min-width: 44px;\n  min-height: 44px;\n  line-height: 44px;\n  border-radius: 100px;\n  border-style: solid;\n  border-width: 0px;\n}\n.dt-icon-bg-on.shortcode-single-image-wrap.shortcode-single-image-8fe1fba5391200bac034c4e52d4d42ec .rollover-icon {\n  background: rgba(255,255,255,0.3);\n  box-shadow: none;\n}<\/style><div class=\"shortcode-single-image-wrap shortcode-single-image-8fe1fba5391200bac034c4e52d4d42ec alignnone  enable-bg-rollover dt-icon-bg-off\" style=\"margin-top:0px; margin-bottom:0px; margin-left:0px; margin-right:0px;\"><div class=\"shortcode-single-image\"><div class=\"fancy-media-wrap  layzr-bg\" style=\"\"><img decoding=\"async\" class=\"preload-me lazy-load aspect\" src=\"data:image\/svg+xml,%3Csvg%20xmlns%3D&#39;http%3A%2F%2Fwww.w3.org%2F2000%2Fsvg&#39;%20viewBox%3D&#39;0%200%20444%20360&#39;%2F%3E\" data-src=\"https:\/\/web.escudoweb.com\/wp-content\/uploads\/2019\/12\/imagen-ficha-alcatel-pop410-tablet-444x360.png\" data-srcset=\"https:\/\/web.escudoweb.com\/wp-content\/uploads\/2019\/12\/imagen-ficha-alcatel-pop410-tablet-444x360.png 444w, https:\/\/web.escudoweb.com\/wp-content\/uploads\/2019\/12\/imagen-ficha-alcatel-pop410-tablet-888x720.png 888w\" loading=\"eager\" sizes=\"(max-width: 444px) 100vw, 444px\" width=\"444\" height=\"360\"  data-dt-location=\"https:\/\/web.escudoweb.com\/index.php\/es\/home\/imagen-ficha-alcatel-pop410-tablet\/\" style=\"--ratio: 444 \/ 360;\" alt=\"\" \/><\/div><\/div><\/div>[\/vc_column_inner][vc_column_inner width=\u00bb1\/2&#8243;][vc_empty_space height=\u00bb15px\u00bb][vc_video link=\u00bbhttps:\/\/vimeo.com\/179440005&#8243;][\/vc_column_inner][vc_column_inner][\/vc_column_inner][vc_column_inner width=\u00bb1\/3&#8243;][vc_empty_space height=\u00bb10px\u00bb]<div class=\"ult_pricing_table_wrap ult_design_5  ult-cs-custom accent-icon-color color-title \">\n\t\t\t\t\t<div class=\"ult_pricing_table \" style=\"background:#ffffff;color:#262626;\"><div id=\"price-table-wrap-7083\" class=\"ult_pricing_heading\" style=\"background:#ffffff;color:#262626;\">\n\t\t\t\t\t\t\t<h3 class=\"price-heading ult-responsive cust-headformat\"  data-ultimate-target='#price-table-wrap-7083 .cust-headformat'  data-responsive-json-new='{\"font-size\":\"desktop:22px;\",\"line-height\":\"desktop:32px;\"}'  style=\"font-family:&#039;Roboto Slab&#039;;font-weight:700;\"><\/h3><\/div><!--ult_pricing_heading--><div class=\"ult_price_body_block\" style=\"background:#ffffff;color:#262626;\">\n\t\t\t\t\t\t\t<div class=\"ult_price_body\">\n\t\t\t\t\t\t\t\t<div id=\"price-table-wrap-6207\"  class=\"ult_price\">\n\t\t\t\t\t\t\t\t\t<span  data-ultimate-target='#price-table-wrap-6207 .ult_price_figure'  data-responsive-json-new='{\"font-size\":\"desktop:60px;\",\"line-height\":\"desktop:70px;\"}'  class=\"ult_price_figure ult-responsive\" style=\"font-family:&#039;Ubuntu&#039;;font-weight:300;color:#0ca9cd;\">100<\/span>\n\t\t\t\t\t\t\t\t\t<span  data-ultimate-target='#price-table-wrap-6207 .ult_price_term'  data-responsive-json-new='{\"font-size\":\"desktop:24px;\",\"line-height\":\"desktop:34px;\"}'  class=\"ult_price_term ult-responsive\" style=\"font-family:&#039;Ubuntu&#039;;font-weight:300;color:#262626;\">schools and management teams<\/span>\n\t\t\t\t\t\t\t\t<\/div>\n\t\t\t\t\t\t\t<\/div>\n\t\t\t\t\t\t<\/div><!--ult_price_body_block--><div id=\"price-table-features-wrap-6736\" class=\"ult_price_features ult-responsive\"  data-ultimate-target='#price-table-features-wrap-6736'  data-responsive-json-new='{\"font-size\":\"desktop:24px;\",\"line-height\":\"desktop:34px;\"}'  style=\"font-family:&#039;Roboto Slab&#039;;font-weight:700;\">\n\t\t\t\t\t\t\t\n\t\t\t\t\t\t<\/div><!--ult_price_features--><div class=\"ult_clr\"><\/div>\n\t\t\t<\/div><!--pricing_table-->\n\t\t<\/div><!--pricing_table_wrap-->[\/vc_column_inner][vc_column_inner width=\u00bb1\/3&#8243;][vc_empty_space height=\u00bb10px\u00bb]<div class=\"ult_pricing_table_wrap ult_design_5  ult-cs-custom accent-icon-color color-title \">\n\t\t\t\t\t<div class=\"ult_pricing_table \" style=\"background:#ffffff;color:#262626;\"><div id=\"price-table-wrap-1649\" class=\"ult_pricing_heading\" style=\"background:#ffffff;color:#262626;\">\n\t\t\t\t\t\t\t<h3 class=\"price-heading ult-responsive cust-headformat\"  data-ultimate-target='#price-table-wrap-1649 .cust-headformat'  data-responsive-json-new='{\"font-size\":\"desktop:22px;\",\"line-height\":\"desktop:32px;\"}'  style=\"font-family:&#039;Roboto Slab&#039;;font-weight:700;\"><\/h3><\/div><!--ult_pricing_heading--><div class=\"ult_price_body_block\" style=\"background:#ffffff;color:#262626;\">\n\t\t\t\t\t\t\t<div class=\"ult_price_body\">\n\t\t\t\t\t\t\t\t<div id=\"price-table-wrap-1406\"  class=\"ult_price\">\n\t\t\t\t\t\t\t\t\t<span  data-ultimate-target='#price-table-wrap-1406 .ult_price_figure'  data-responsive-json-new='{\"font-size\":\"desktop:60px;\",\"line-height\":\"desktop:70px;\"}'  class=\"ult_price_figure ult-responsive\" style=\"font-family:&#039;Ubuntu&#039;;font-weight:300;color:#0ca9cd;\">12700<\/span>\n\t\t\t\t\t\t\t\t\t<span  data-ultimate-target='#price-table-wrap-1406 .ult_price_term'  data-responsive-json-new='{\"font-size\":\"desktop:24px;\",\"line-height\":\"desktop:34px;\"}'  class=\"ult_price_term ult-responsive\" style=\"font-family:&#039;Ubuntu&#039;;font-weight:300;color:#262626;\">students<\/span>\n\t\t\t\t\t\t\t\t<\/div>\n\t\t\t\t\t\t\t<\/div>\n\t\t\t\t\t\t<\/div><!--ult_price_body_block--><div id=\"price-table-features-wrap-3331\" class=\"ult_price_features ult-responsive\"  data-ultimate-target='#price-table-features-wrap-3331'  data-responsive-json-new='{\"font-size\":\"desktop:24px;\",\"line-height\":\"desktop:34px;\"}'  style=\"font-family:&#039;Roboto Slab&#039;;font-weight:700;\">\n\t\t\t\t\t\t\t\n\t\t\t\t\t\t<\/div><!--ult_price_features--><div class=\"ult_clr\"><\/div>\n\t\t\t<\/div><!--pricing_table-->\n\t\t<\/div><!--pricing_table_wrap-->[\/vc_column_inner][vc_column_inner width=\u00bb1\/3&#8243;][vc_empty_space height=\u00bb10px\u00bb]<div class=\"ult_pricing_table_wrap ult_design_5  ult-cs-custom accent-icon-color color-title \">\n\t\t\t\t\t<div class=\"ult_pricing_table \" style=\"background:#ffffff;color:#262626;\"><div id=\"price-table-wrap-7408\" class=\"ult_pricing_heading\" style=\"background:#ffffff;color:#262626;\">\n\t\t\t\t\t\t\t<h3 class=\"price-heading ult-responsive cust-headformat\"  data-ultimate-target='#price-table-wrap-7408 .cust-headformat'  data-responsive-json-new='{\"font-size\":\"desktop:22px;\",\"line-height\":\"desktop:32px;\"}'  style=\"font-family:&#039;Roboto Slab&#039;;font-weight:700;\"><\/h3><\/div><!--ult_pricing_heading--><div class=\"ult_price_body_block\" style=\"background:#ffffff;color:#262626;\">\n\t\t\t\t\t\t\t<div class=\"ult_price_body\">\n\t\t\t\t\t\t\t\t<div id=\"price-table-wrap-4936\"  class=\"ult_price\">\n\t\t\t\t\t\t\t\t\t<span  data-ultimate-target='#price-table-wrap-4936 .ult_price_figure'  data-responsive-json-new='{\"font-size\":\"desktop:60px;\",\"line-height\":\"desktop:70px;\"}'  class=\"ult_price_figure ult-responsive\" style=\"font-family:&#039;Ubuntu&#039;;font-weight:300;color:#0ca9cd;\">674<\/span>\n\t\t\t\t\t\t\t\t\t<span  data-ultimate-target='#price-table-wrap-4936 .ult_price_term'  data-responsive-json-new='{\"font-size\":\"desktop:24px;\",\"line-height\":\"desktop:34px;\"}'  class=\"ult_price_term ult-responsive\" style=\"font-family:&#039;Ubuntu&#039;;font-weight:300;color:#262626;\">teachers<\/span>\n\t\t\t\t\t\t\t\t<\/div>\n\t\t\t\t\t\t\t<\/div>\n\t\t\t\t\t\t<\/div><!--ult_price_body_block--><div id=\"price-table-features-wrap-7820\" class=\"ult_price_features ult-responsive\"  data-ultimate-target='#price-table-features-wrap-7820'  data-responsive-json-new='{\"font-size\":\"desktop:24px;\",\"line-height\":\"desktop:34px;\"}'  style=\"font-family:&#039;Roboto Slab&#039;;font-weight:700;\">\n\t\t\t\t\t\t\t\n\t\t\t\t\t\t<\/div><!--ult_price_features--><div class=\"ult_clr\"><\/div>\n\t\t\t<\/div><!--pricing_table-->\n\t\t<\/div><!--pricing_table_wrap-->[\/vc_column_inner][\/vc_row_inner][vc_row_inner css=\u00bb.vc_custom_1492522036277{padding-right: 25px !important;padding-left: 25px !important;}\u00bb][vc_column_inner css=\u00bb.vc_custom_1492521682238{padding-top: 0px !important;padding-right: 0px !important;padding-bottom: 0px !important;padding-left: 0px !important;}\u00bb][vc_empty_space height=\u00bb10px\u00bb]<div id=\"ultimate-heading-972269f2b9fdc99aa\" class=\"uvc-heading ult-adjust-bottom-margin ultimate-heading-972269f2b9fdc99aa uvc-6186 accent-border-color accent-subtitle-color\" data-hspacer=\"no_spacer\"  data-halign=\"center\" style=\"text-align:center\"><div class=\"uvc-heading-spacer no_spacer\" style=\"top\"><\/div><div class=\"uvc-sub-heading ult-responsive\"  data-ultimate-target='.uvc-heading.ultimate-heading-972269f2b9fdc99aa .uvc-sub-heading '  data-responsive-json-new='{\"font-size\":\"desktop:28px;\",\"line-height\":\"desktop:38px;\"}'  style=\"font-family:&#039;Roboto Slab&#039;;font-weight:700;color:#ffffff;margin-bottom:35px;\">midess<\/div><\/div>[vc_column_text css=\u00bb.vc_custom_1667489815458{padding-bottom: 40px !important;}\u00bb]<\/p>\n<p style=\"text-align: justify;\"><span style=\"color: #ffffff;\">At present, we are working with an educational group with more than 11,000 pupils and 800 professionals fully committed to teaching and understanding their profession as the best way to help others. On its way to a completely digital education, the schools rely on the help of midess, our product developed as a security complement for schools that is based on Microsoft Education.<\/span><\/p>\n<p>[\/vc_column_text][\/vc_column_inner][vc_column_inner width=\u00bb1\/2&#8243; css=\u00bb.vc_custom_1574267173827{padding-top: 25px !important;padding-right: 30px !important;padding-bottom: 30px !important;padding-left: 30px !important;}\u00bb]<style type=\"text\/css\" data-type=\"the7_shortcodes-inline-css\">.shortcode-single-image-wrap.shortcode-single-image-d121f091365b1aedd7515a833c3c3399.enable-bg-rollover .rollover i,\n.shortcode-single-image-wrap.shortcode-single-image-d121f091365b1aedd7515a833c3c3399.enable-bg-rollover .rollover-video i {\n  background: -webkit-linear-gradient();\n  background: linear-gradient();\n}\n.shortcode-single-image-wrap.shortcode-single-image-d121f091365b1aedd7515a833c3c3399 .rollover-icon {\n  font-size: 32px;\n  color: #ffffff;\n  min-width: 44px;\n  min-height: 44px;\n  line-height: 44px;\n  border-radius: 100px;\n  border-style: solid;\n  border-width: 0px;\n}\n.dt-icon-bg-on.shortcode-single-image-wrap.shortcode-single-image-d121f091365b1aedd7515a833c3c3399 .rollover-icon {\n  background: rgba(255,255,255,0.3);\n  box-shadow: none;\n}<\/style><div class=\"shortcode-single-image-wrap shortcode-single-image-d121f091365b1aedd7515a833c3c3399 alignnone  enable-bg-rollover dt-icon-bg-off\" style=\"margin-top:0px; margin-bottom:0px; margin-left:0px; margin-right:0px;\"><div class=\"shortcode-single-image\"><div class=\"fancy-media-wrap  layzr-bg\" style=\"\"><img decoding=\"async\" class=\"preload-me lazy-load aspect\" src=\"data:image\/svg+xml,%3Csvg%20xmlns%3D&#39;http%3A%2F%2Fwww.w3.org%2F2000%2Fsvg&#39;%20viewBox%3D&#39;0%200%20640%20360&#39;%2F%3E\" data-src=\"https:\/\/web.escudoweb.com\/wp-content\/uploads\/2019\/11\/fondo_midess2-640x360.png\" data-srcset=\"https:\/\/web.escudoweb.com\/wp-content\/uploads\/2019\/11\/fondo_midess2-640x360.png 640w, https:\/\/web.escudoweb.com\/wp-content\/uploads\/2019\/11\/fondo_midess2-1280x720.png 1280w\" loading=\"eager\" sizes=\"(max-width: 640px) 100vw, 640px\" width=\"640\" height=\"360\"  data-dt-location=\"https:\/\/web.escudoweb.com\/index.php\/es\/home\/fondo_midess2\/\" style=\"--ratio: 640 \/ 360;\" alt=\"\" \/><\/div><\/div><\/div>[\/vc_column_inner][vc_column_inner width=\u00bb1\/2&#8243;][vc_empty_space height=\u00bb15px\u00bb][vc_video link=\u00bbhttps:\/\/youtu.be\/F3e5IQl5wSk\u00bb][\/vc_column_inner][vc_column_inner][\/vc_column_inner][vc_column_inner width=\u00bb1\/3&#8243;][vc_empty_space height=\u00bb10px\u00bb]<div class=\"ult_pricing_table_wrap ult_design_5  ult-cs-custom accent-icon-color color-title \">\n\t\t\t\t\t<div class=\"ult_pricing_table \" style=\"background:#ffffff;color:#262626;\"><div id=\"price-table-wrap-4019\" class=\"ult_pricing_heading\" style=\"background:#ffffff;color:#262626;\">\n\t\t\t\t\t\t\t<h3 class=\"price-heading ult-responsive cust-headformat\"  data-ultimate-target='#price-table-wrap-4019 .cust-headformat'  data-responsive-json-new='{\"font-size\":\"desktop:22px;\",\"line-height\":\"desktop:32px;\"}'  style=\"font-family:&#039;Roboto Slab&#039;;font-weight:700;\"><\/h3><\/div><!--ult_pricing_heading--><div class=\"ult_price_body_block\" style=\"background:#ffffff;color:#262626;\">\n\t\t\t\t\t\t\t<div class=\"ult_price_body\">\n\t\t\t\t\t\t\t\t<div id=\"price-table-wrap-3822\"  class=\"ult_price\">\n\t\t\t\t\t\t\t\t\t<span  data-ultimate-target='#price-table-wrap-3822 .ult_price_figure'  data-responsive-json-new='{\"font-size\":\"desktop:60px;\",\"line-height\":\"desktop:70px;\"}'  class=\"ult_price_figure ult-responsive\" style=\"font-family:&#039;Ubuntu&#039;;font-weight:300;color:#0ca9cd;\">14<\/span>\n\t\t\t\t\t\t\t\t\t<span  data-ultimate-target='#price-table-wrap-3822 .ult_price_term'  data-responsive-json-new='{\"font-size\":\"desktop:24px;\",\"line-height\":\"desktop:34px;\"}'  class=\"ult_price_term ult-responsive\" style=\"font-family:&#039;Ubuntu&#039;;font-weight:300;color:#262626;\">schools and management teams<\/span>\n\t\t\t\t\t\t\t\t<\/div>\n\t\t\t\t\t\t\t<\/div>\n\t\t\t\t\t\t<\/div><!--ult_price_body_block--><div id=\"price-table-features-wrap-7013\" class=\"ult_price_features ult-responsive\"  data-ultimate-target='#price-table-features-wrap-7013'  data-responsive-json-new='{\"font-size\":\"desktop:24px;\",\"line-height\":\"desktop:34px;\"}'  style=\"font-family:&#039;Roboto Slab&#039;;font-weight:700;\">\n\t\t\t\t\t\t\t\n\t\t\t\t\t\t<\/div><!--ult_price_features--><div class=\"ult_clr\"><\/div>\n\t\t\t<\/div><!--pricing_table-->\n\t\t<\/div><!--pricing_table_wrap-->[\/vc_column_inner][vc_column_inner width=\u00bb1\/3&#8243;][vc_empty_space height=\u00bb10px\u00bb]<div class=\"ult_pricing_table_wrap ult_design_5  ult-cs-custom accent-icon-color color-title \">\n\t\t\t\t\t<div class=\"ult_pricing_table \" style=\"background:#ffffff;color:#262626;\"><div id=\"price-table-wrap-6000\" class=\"ult_pricing_heading\" style=\"background:#ffffff;color:#262626;\">\n\t\t\t\t\t\t\t<h3 class=\"price-heading ult-responsive cust-headformat\"  data-ultimate-target='#price-table-wrap-6000 .cust-headformat'  data-responsive-json-new='{\"font-size\":\"desktop:22px;\",\"line-height\":\"desktop:32px;\"}'  style=\"font-family:&#039;Roboto Slab&#039;;font-weight:700;\"><\/h3><\/div><!--ult_pricing_heading--><div class=\"ult_price_body_block\" style=\"background:#ffffff;color:#262626;\">\n\t\t\t\t\t\t\t<div class=\"ult_price_body\">\n\t\t\t\t\t\t\t\t<div id=\"price-table-wrap-4958\"  class=\"ult_price\">\n\t\t\t\t\t\t\t\t\t<span  data-ultimate-target='#price-table-wrap-4958 .ult_price_figure'  data-responsive-json-new='{\"font-size\":\"desktop:60px;\",\"line-height\":\"desktop:70px;\"}'  class=\"ult_price_figure ult-responsive\" style=\"font-family:&#039;Ubuntu&#039;;font-weight:300;color:#0ca9cd;\">4425<\/span>\n\t\t\t\t\t\t\t\t\t<span  data-ultimate-target='#price-table-wrap-4958 .ult_price_term'  data-responsive-json-new='{\"font-size\":\"desktop:24px;\",\"line-height\":\"desktop:34px;\"}'  class=\"ult_price_term ult-responsive\" style=\"font-family:&#039;Ubuntu&#039;;font-weight:300;color:#262626;\">students and families<\/span>\n\t\t\t\t\t\t\t\t<\/div>\n\t\t\t\t\t\t\t<\/div>\n\t\t\t\t\t\t<\/div><!--ult_price_body_block--><div id=\"price-table-features-wrap-9370\" class=\"ult_price_features ult-responsive\"  data-ultimate-target='#price-table-features-wrap-9370'  data-responsive-json-new='{\"font-size\":\"desktop:24px;\",\"line-height\":\"desktop:34px;\"}'  style=\"font-family:&#039;Roboto Slab&#039;;font-weight:700;\">\n\t\t\t\t\t\t\t\n\t\t\t\t\t\t<\/div><!--ult_price_features--><div class=\"ult_clr\"><\/div>\n\t\t\t<\/div><!--pricing_table-->\n\t\t<\/div><!--pricing_table_wrap-->[\/vc_column_inner][vc_column_inner width=\u00bb1\/3&#8243;][vc_empty_space height=\u00bb10px\u00bb]<div class=\"ult_pricing_table_wrap ult_design_5  ult-cs-custom accent-icon-color color-title \">\n\t\t\t\t\t<div class=\"ult_pricing_table \" style=\"background:#ffffff;color:#262626;\"><div id=\"price-table-wrap-6150\" class=\"ult_pricing_heading\" style=\"background:#ffffff;color:#262626;\">\n\t\t\t\t\t\t\t<h3 class=\"price-heading ult-responsive cust-headformat\"  data-ultimate-target='#price-table-wrap-6150 .cust-headformat'  data-responsive-json-new='{\"font-size\":\"desktop:22px;\",\"line-height\":\"desktop:32px;\"}'  style=\"font-family:&#039;Roboto Slab&#039;;font-weight:700;\"><\/h3><\/div><!--ult_pricing_heading--><div class=\"ult_price_body_block\" style=\"background:#ffffff;color:#262626;\">\n\t\t\t\t\t\t\t<div class=\"ult_price_body\">\n\t\t\t\t\t\t\t\t<div id=\"price-table-wrap-3898\"  class=\"ult_price\">\n\t\t\t\t\t\t\t\t\t<span  data-ultimate-target='#price-table-wrap-3898 .ult_price_figure'  data-responsive-json-new='{\"font-size\":\"desktop:60px;\",\"line-height\":\"desktop:70px;\"}'  class=\"ult_price_figure ult-responsive\" style=\"font-family:&#039;Ubuntu&#039;;font-weight:300;color:#0ca9cd;\">285<\/span>\n\t\t\t\t\t\t\t\t\t<span  data-ultimate-target='#price-table-wrap-3898 .ult_price_term'  data-responsive-json-new='{\"font-size\":\"desktop:24px;\",\"line-height\":\"desktop:34px;\"}'  class=\"ult_price_term ult-responsive\" style=\"font-family:&#039;Ubuntu&#039;;font-weight:300;color:#262626;\">teachers<\/span>\n\t\t\t\t\t\t\t\t<\/div>\n\t\t\t\t\t\t\t<\/div>\n\t\t\t\t\t\t<\/div><!--ult_price_body_block--><div id=\"price-table-features-wrap-3650\" class=\"ult_price_features ult-responsive\"  data-ultimate-target='#price-table-features-wrap-3650'  data-responsive-json-new='{\"font-size\":\"desktop:24px;\",\"line-height\":\"desktop:34px;\"}'  style=\"font-family:&#039;Roboto Slab&#039;;font-weight:700;\">\n\t\t\t\t\t\t\t\n\t\t\t\t\t\t<\/div><!--ult_price_features--><div class=\"ult_clr\"><\/div>\n\t\t\t<\/div><!--pricing_table-->\n\t\t<\/div><!--pricing_table_wrap-->[\/vc_column_inner][\/vc_row_inner]<\/div>[\/vc_column][\/vc_row][vc_row type=\u00bbvc_default\u00bb anchor=\u00bbphoto-reports\u00bb css=\u00bb.vc_custom_1574695774610{padding-top: 90px !important;padding-bottom: 100px !important;}\u00bb el_id=\u00bbgaleria\u00bb][vc_column offset=\u00bbvc_col-lg-offset-2 vc_col-lg-8 vc_col-md-offset-2 vc_col-md-8 vc_col-sm-offset-0&#8243; css=\u00bb.vc_custom_1492538940617{padding-bottom: 70px !important;}\u00bb]<div id=\"ultimate-heading-593969f2b9fdcabbc\" class=\"uvc-heading ult-adjust-bottom-margin ultimate-heading-593969f2b9fdcabbc uvc-4205 accent-border-color accent-subtitle-color\" data-hspacer=\"no_spacer\"  data-halign=\"center\" style=\"text-align:center\"><div class=\"uvc-heading-spacer no_spacer\" style=\"top\"><\/div><div class=\"uvc-main-heading ult-responsive\"  data-ultimate-target='.uvc-heading.ultimate-heading-593969f2b9fdcabbc h2'  data-responsive-json-new='{\"font-size\":\"desktop:50px;tablet_portrait:40px;\",\"line-height\":\"desktop:60px;tablet_portrait:50px;\"}' ><h2 style=\"font-family:&#039;Ubuntu&#039;;font-weight:300;margin-bottom:30px;\">Gallery<\/h2><\/div><\/div>[\/vc_column][vc_column]<style type=\"text\/css\" data-type=\"the7_shortcodes-inline-css\">.carousel-shortcode.carousel-shortcode-id-f2271363f84d9ee1fd2a9e8863e6f134.owl-carousel .owl-nav div {\n  width: 36px;\n  height: 36px;\n  border-radius: 500px;\n}\n.dt-arrow-border-on.carousel-shortcode.carousel-shortcode-id-f2271363f84d9ee1fd2a9e8863e6f134.owl-carousel .owl-nav div:not(:hover):before {\n  border-width: 0px;\n}\n.dt-arrow-hover-border-on.carousel-shortcode.carousel-shortcode-id-f2271363f84d9ee1fd2a9e8863e6f134.owl-carousel .owl-nav div:hover:after {\n  border-width: 0px;\n}\n.carousel-shortcode.carousel-shortcode-id-f2271363f84d9ee1fd2a9e8863e6f134.owl-carousel .owl-nav div.owl-prev {\n  top: 50%;\n  transform: translateY(calc(-50% + 0px));\n  left: -43px;\n}\n@media all and (-ms-high-contrast: none) {\n  .carousel-shortcode.carousel-shortcode-id-f2271363f84d9ee1fd2a9e8863e6f134.owl-carousel .owl-nav div.owl-prev {\n    transform: translateY(-50%);\n    margin-top: 0px;\n  }\n}\n.carousel-shortcode.carousel-shortcode-id-f2271363f84d9ee1fd2a9e8863e6f134.owl-carousel .owl-nav div.owl-prev i {\n  padding: 0px 0px 0px 0px;\n}\n.carousel-shortcode.carousel-shortcode-id-f2271363f84d9ee1fd2a9e8863e6f134.owl-carousel .owl-nav div.owl-next {\n  top: 50%;\n  transform: translateY(calc(-50% + 0px));\n  right: -43px;\n}\n@media all and (-ms-high-contrast: none) {\n  .carousel-shortcode.carousel-shortcode-id-f2271363f84d9ee1fd2a9e8863e6f134.owl-carousel .owl-nav div.owl-next {\n    transform: translateY(-50%);\n    margin-top: 0px;\n  }\n}\n.carousel-shortcode.carousel-shortcode-id-f2271363f84d9ee1fd2a9e8863e6f134.owl-carousel .owl-nav div.owl-next i {\n  padding: 0px 0px 0px 0px;\n}\n.carousel-shortcode.carousel-shortcode-id-f2271363f84d9ee1fd2a9e8863e6f134.owl-carousel .owl-nav i {\n  font-size: 18px;\n}\n.carousel-shortcode.carousel-shortcode-id-f2271363f84d9ee1fd2a9e8863e6f134.owl-carousel .owl-nav div:not(:hover) i,\n.carousel-shortcode.carousel-shortcode-id-f2271363f84d9ee1fd2a9e8863e6f134.owl-carousel .owl-nav div:not(:hover) i:before {\n  color: #ffffff;\n  background: none;\n}\n.carousel-shortcode.carousel-shortcode-id-f2271363f84d9ee1fd2a9e8863e6f134.owl-carousel .owl-nav div:hover i,\n.carousel-shortcode.carousel-shortcode-id-f2271363f84d9ee1fd2a9e8863e6f134.owl-carousel .owl-nav div:hover i:before {\n  color: #bcce10;\n  background: none;\n}\n.carousel-shortcode.carousel-shortcode-id-f2271363f84d9ee1fd2a9e8863e6f134 .owl-dots {\n  top: calc(100% + 20px);\n  left: 50%;\n  transform: translateX(calc(-50% + 0px));\n}\n@media all and (-ms-high-contrast: none) {\n  .carousel-shortcode.carousel-shortcode-id-f2271363f84d9ee1fd2a9e8863e6f134 .owl-dots {\n    transform: translateX(-50%);\n    margin-left: 0px;\n  }\n}\n.carousel-shortcode.carousel-shortcode-id-f2271363f84d9ee1fd2a9e8863e6f134 .owl-dot {\n  width: 14px;\n  height: 14px;\n  margin: 0 7.5px;\n}\n.bullets-scale-up.carousel-shortcode.carousel-shortcode-id-f2271363f84d9ee1fd2a9e8863e6f134 .owl-dot:not(.active):not(:hover) span {\n  background: #bcce10;\n}\n.bullets-stroke.carousel-shortcode.carousel-shortcode-id-f2271363f84d9ee1fd2a9e8863e6f134 .owl-dot:not(.active):not(:hover) span {\n  background: #bcce10;\n}\n.bullets-fill-in.carousel-shortcode.carousel-shortcode-id-f2271363f84d9ee1fd2a9e8863e6f134 .owl-dot:not(.active):not(:hover) span {\n  box-shadow: inset 0 0 0 2px #bcce10;\n}\n.bullets-small-dot-stroke.carousel-shortcode.carousel-shortcode-id-f2271363f84d9ee1fd2a9e8863e6f134 .owl-dot:not(.active):not(:hover) span {\n  background: #bcce10;\n}\n.bullets-ubax.carousel-shortcode.carousel-shortcode-id-f2271363f84d9ee1fd2a9e8863e6f134 .owl-dot span {\n  background: #bcce10;\n}\n.bullets-etefu.carousel-shortcode.carousel-shortcode-id-f2271363f84d9ee1fd2a9e8863e6f134 .owl-dot span {\n  background: #bcce10;\n}\n@media screen and (max-width: 778px) {\n  .carousel-shortcode.carousel-shortcode-id-f2271363f84d9ee1fd2a9e8863e6f134.hide-arrows .owl-nav a {\n    display: none;\n  }\n}\n@media screen and (max-width: 778px) {\n  .carousel-shortcode.carousel-shortcode-id-f2271363f84d9ee1fd2a9e8863e6f134.reposition-arrows .owl-nav .owl-prev {\n    top: 50%;\n    transform: translateY(calc(-50% + 0px));\n    left: 10px;\n  }\n  .carousel-shortcode.carousel-shortcode-id-f2271363f84d9ee1fd2a9e8863e6f134.reposition-arrows .owl-nav .owl-next {\n    top: 50%;\n    transform: translateY(calc(-50% + 0px));\n    right: 10px;\n  }\n}\n@media screen and (max-width: 778px) and all and (-ms-high-contrast: none) {\n  .carousel-shortcode.carousel-shortcode-id-f2271363f84d9ee1fd2a9e8863e6f134.reposition-arrows .owl-nav .owl-prev {\n    transform: translateY(-50%);\n    margin-top: 0px;\n  }\n}\n@media screen and (max-width: 778px) and all and (-ms-high-contrast: none) {\n  .carousel-shortcode.carousel-shortcode-id-f2271363f84d9ee1fd2a9e8863e6f134.reposition-arrows .owl-nav .owl-next {\n    transform: translateY(-50%);\n    margin-top: 0px;\n  }\n}<\/style><div class=\"owl-carousel carousel-shortcode dt-owl-carousel-call carousel-shortcode-id-f2271363f84d9ee1fd2a9e8863e6f134 bullets-fill-in reposition-arrows arrows-bg-on dt-arrow-border-on dt-arrow-hover-border-on disable-arrows-hover-bg arrows-hover-bg-on  \" data-scroll-mode=\"1\" data-col-num=\"3\" data-wide-col-num=\"3\" data-laptop-col=\"3\" data-h-tablet-columns-num=\"3\" data-v-tablet-columns-num=\"2\" data-phone-columns-num=\"1\" data-auto-height=\"true\" data-col-gap=\"30\" data-stage-padding=\"0\" data-speed=\"600\" data-autoplay=\"false\" data-autoplay_speed=\"6000\" data-arrows=\"true\" data-bullet=\"true\" data-next-icon=\"icon-ar-023-r\" data-prev-icon=\"icon-ar-023-l\">[vc_row_inner][vc_column_inner css=\u00bb.vc_custom_1492581301191{padding-bottom: 60px !important;}\u00bb]<style type=\"text\/css\" data-type=\"the7_shortcodes-inline-css\">.shortcode-single-image-wrap.shortcode-single-image-a7291137c19709539c5881aa07479f9b.enable-bg-rollover .rollover i,\n.shortcode-single-image-wrap.shortcode-single-image-a7291137c19709539c5881aa07479f9b.enable-bg-rollover .rollover-video i {\n  background: -webkit-linear-gradient();\n  background: linear-gradient();\n}\n.shortcode-single-image-wrap.shortcode-single-image-a7291137c19709539c5881aa07479f9b .rollover-icon {\n  font-size: 32px;\n  color: #ffffff;\n  min-width: 44px;\n  min-height: 44px;\n  line-height: 44px;\n  border-radius: 100px;\n  border-style: solid;\n  border-width: 0px;\n}\n.dt-icon-bg-on.shortcode-single-image-wrap.shortcode-single-image-a7291137c19709539c5881aa07479f9b .rollover-icon {\n  background: rgba(255,255,255,0.3);\n  box-shadow: none;\n}<\/style><div class=\"shortcode-single-image-wrap shortcode-single-image-a7291137c19709539c5881aa07479f9b alignnone  vc_custom_1579627644474 enable-bg-rollover dt-icon-bg-off\" ><div class=\"shortcode-single-image\"><div class=\"fancy-media-wrap\" style=\"\"><div class=\"layzr-bg rollover-video\" style=\"\"><img decoding=\"async\" class=\"preload-me lazy-load aspect\" src=\"data:image\/svg+xml,%3Csvg%20xmlns%3D&#39;http%3A%2F%2Fwww.w3.org%2F2000%2Fsvg&#39;%20viewBox%3D&#39;0%200%201000%20666&#39;%2F%3E\" data-src=\"https:\/\/web.escudoweb.com\/wp-content\/uploads\/2019\/12\/ew_square2-1-1000x666.png\" data-srcset=\"https:\/\/web.escudoweb.com\/wp-content\/uploads\/2019\/12\/ew_square2-1-1000x666.png 1000w\" loading=\"eager\" style=\"--ratio: 1000 \/ 666\" sizes=\"(max-width: 1000px) 100vw, 1000px\" width=\"1000\" height=\"666\"  data-dt-location=\"https:\/\/web.escudoweb.com\/index.php\/home-en\/ew_square2-2\/\" alt=\"\" \/><a class=\"video-icon dt-pswp-item pswp-video\" href=\"https:\/\/www.youtube.com\/watch?v=XsB30dl_LQs\" title=\"ew_square2\" data-dt-img-description=\"\"><\/a><\/div><\/div><\/div><\/div><div id=\"ultimate-heading-252869f2b9fdcbab3\" class=\"uvc-heading ult-adjust-bottom-margin ultimate-heading-252869f2b9fdcbab3 uvc-416 \" data-hspacer=\"no_spacer\"  data-halign=\"center\" style=\"text-align:center\"><div class=\"uvc-heading-spacer no_spacer\" style=\"top\"><\/div><div class=\"uvc-main-heading ult-responsive\"  data-ultimate-target='.uvc-heading.ultimate-heading-252869f2b9fdcbab3 h2'  data-responsive-json-new='{\"font-size\":\"desktop:22px;\",\"line-height\":\"desktop:32px;\"}' ><h2 style=\"font-family:&#039;Ubuntu&#039;;font-weight:300;margin-bottom:5px;\">History<\/h2><\/div><div class=\"uvc-sub-heading ult-responsive\"  data-ultimate-target='.uvc-heading.ultimate-heading-252869f2b9fdcbab3 .uvc-sub-heading '  data-responsive-json-new='{\"font-size\":\"desktop:14px;\",\"line-height\":\"desktop:26px;\"}'  style=\"font-weight:normal;color:#999999;\">History of the company<\/div><\/div>[\/vc_column_inner][\/vc_row_inner][vc_row_inner][vc_column_inner css=\u00bb.vc_custom_1492581301191{padding-bottom: 60px !important;}\u00bb]<style type=\"text\/css\" data-type=\"the7_shortcodes-inline-css\">.shortcode-single-image-wrap.shortcode-single-image-5dddbb082f1e29055dd2a290a9f28c45.enable-bg-rollover .rollover i,\n.shortcode-single-image-wrap.shortcode-single-image-5dddbb082f1e29055dd2a290a9f28c45.enable-bg-rollover .rollover-video i {\n  background: -webkit-linear-gradient();\n  background: linear-gradient();\n}\n.shortcode-single-image-wrap.shortcode-single-image-5dddbb082f1e29055dd2a290a9f28c45 .rollover-icon {\n  font-size: 32px;\n  color: #ffffff;\n  min-width: 44px;\n  min-height: 44px;\n  line-height: 44px;\n  border-radius: 100px;\n  border-style: solid;\n  border-width: 0px;\n}\n.dt-icon-bg-on.shortcode-single-image-wrap.shortcode-single-image-5dddbb082f1e29055dd2a290a9f28c45 .rollover-icon {\n  background: rgba(255,255,255,0.3);\n  box-shadow: none;\n}<\/style><div class=\"shortcode-single-image-wrap shortcode-single-image-5dddbb082f1e29055dd2a290a9f28c45 alignnone  vc_custom_1593669026098 enable-bg-rollover dt-icon-bg-off\" ><div class=\"shortcode-single-image\"><div class=\"fancy-media-wrap\" style=\"\"><div class=\"layzr-bg rollover-video\" style=\"\"><img decoding=\"async\" class=\"preload-me lazy-load aspect\" src=\"data:image\/svg+xml,%3Csvg%20xmlns%3D&#39;http%3A%2F%2Fwww.w3.org%2F2000%2Fsvg&#39;%20viewBox%3D&#39;0%200%201000%20666&#39;%2F%3E\" data-src=\"https:\/\/web.escudoweb.com\/wp-content\/uploads\/2020\/07\/Logo_Blabloo_video_es-1-1000x666.png\" data-srcset=\"https:\/\/web.escudoweb.com\/wp-content\/uploads\/2020\/07\/Logo_Blabloo_video_es-1-1000x666.png 1000w\" loading=\"eager\" style=\"--ratio: 1000 \/ 666\" sizes=\"(max-width: 1000px) 100vw, 1000px\" width=\"1000\" height=\"666\"  data-dt-location=\"https:\/\/web.escudoweb.com\/logo_blabloo_video_es-2\/\" alt=\"\" \/><a class=\"video-icon dt-pswp-item pswp-video\" href=\"https:\/\/www.youtube.com\/watch?v=4_nOsGaqBdU\" title=\"Logo_Blabloo_video_en\" data-dt-img-description=\"\"><\/a><\/div><\/div><\/div><\/div><div id=\"ultimate-heading-796469f2b9fdcc92a\" class=\"uvc-heading ult-adjust-bottom-margin ultimate-heading-796469f2b9fdcc92a uvc-6333 \" data-hspacer=\"no_spacer\"  data-halign=\"center\" style=\"text-align:center\"><div class=\"uvc-heading-spacer no_spacer\" style=\"top\"><\/div><div class=\"uvc-main-heading ult-responsive\"  data-ultimate-target='.uvc-heading.ultimate-heading-796469f2b9fdcc92a h2'  data-responsive-json-new='{\"font-size\":\"desktop:22px;\",\"line-height\":\"desktop:32px;\"}' ><h2 style=\"font-family:&#039;Ubuntu&#039;;font-weight:300;margin-bottom:5px;\">Blabloo<\/h2><\/div><\/div>[\/vc_column_inner][\/vc_row_inner][vc_row_inner][vc_column_inner css=\u00bb.vc_custom_1492581301191{padding-bottom: 60px !important;}\u00bb]<style type=\"text\/css\" data-type=\"the7_shortcodes-inline-css\">.shortcode-single-image-wrap.shortcode-single-image-f4b543c8cc6c07b695197e4a1c4762d3.enable-bg-rollover .rollover i,\n.shortcode-single-image-wrap.shortcode-single-image-f4b543c8cc6c07b695197e4a1c4762d3.enable-bg-rollover .rollover-video i {\n  background: -webkit-linear-gradient();\n  background: linear-gradient();\n}\n.shortcode-single-image-wrap.shortcode-single-image-f4b543c8cc6c07b695197e4a1c4762d3 .rollover-icon {\n  font-size: 32px;\n  color: #ffffff;\n  min-width: 44px;\n  min-height: 44px;\n  line-height: 44px;\n  border-radius: 100px;\n  border-style: solid;\n  border-width: 0px;\n}\n.dt-icon-bg-on.shortcode-single-image-wrap.shortcode-single-image-f4b543c8cc6c07b695197e4a1c4762d3 .rollover-icon {\n  background: rgba(255,255,255,0.3);\n  box-shadow: none;\n}<\/style><div class=\"shortcode-single-image-wrap shortcode-single-image-f4b543c8cc6c07b695197e4a1c4762d3 alignnone  vc_custom_1576599569888 enable-bg-rollover dt-icon-bg-off\" ><div class=\"shortcode-single-image\"><div class=\"fancy-media-wrap\" style=\"\"><div class=\"layzr-bg rollover-video\" style=\"\"><img decoding=\"async\" class=\"preload-me lazy-load aspect\" src=\"data:image\/svg+xml,%3Csvg%20xmlns%3D&#39;http%3A%2F%2Fwww.w3.org%2F2000%2Fsvg&#39;%20viewBox%3D&#39;0%200%201000%20666&#39;%2F%3E\" data-src=\"https:\/\/web.escudoweb.com\/wp-content\/uploads\/2019\/12\/geniora-1000x666.jpg\" data-srcset=\"https:\/\/web.escudoweb.com\/wp-content\/uploads\/2019\/12\/geniora-1000x666.jpg 1000w\" loading=\"eager\" style=\"--ratio: 1000 \/ 666\" sizes=\"(max-width: 1000px) 100vw, 1000px\" width=\"1000\" height=\"666\"  data-dt-location=\"https:\/\/web.escudoweb.com\/index.php\/es\/home\/geniora-2\/\" alt=\"\" \/><a class=\"video-icon dt-pswp-item pswp-video\" href=\"https:\/\/www.youtube.com\/watch?v=LadsWrlheAA\" title=\"geniora\" data-dt-img-description=\"\"><\/a><\/div><\/div><\/div><\/div><div id=\"ultimate-heading-385669f2b9fdcd68d\" class=\"uvc-heading ult-adjust-bottom-margin ultimate-heading-385669f2b9fdcd68d uvc-911 \" data-hspacer=\"no_spacer\"  data-halign=\"center\" style=\"text-align:center\"><div class=\"uvc-heading-spacer no_spacer\" style=\"top\"><\/div><div class=\"uvc-main-heading ult-responsive\"  data-ultimate-target='.uvc-heading.ultimate-heading-385669f2b9fdcd68d h2'  data-responsive-json-new='{\"font-size\":\"desktop:22px;\",\"line-height\":\"desktop:32px;\"}' ><h2 style=\"font-family:&#039;Ubuntu&#039;;font-weight:300;margin-bottom:5px;\">Geniora Phone<\/h2><\/div><\/div>[\/vc_column_inner][\/vc_row_inner][vc_row_inner][vc_column_inner css=\u00bb.vc_custom_1492581301191{padding-bottom: 60px !important;}\u00bb]<style type=\"text\/css\" data-type=\"the7_shortcodes-inline-css\">.shortcode-single-image-wrap.shortcode-single-image-2e1f155fbf25e1a1b73aa7539f24743c.enable-bg-rollover .rollover i,\n.shortcode-single-image-wrap.shortcode-single-image-2e1f155fbf25e1a1b73aa7539f24743c.enable-bg-rollover .rollover-video i {\n  background: -webkit-linear-gradient();\n  background: linear-gradient();\n}\n.shortcode-single-image-wrap.shortcode-single-image-2e1f155fbf25e1a1b73aa7539f24743c .rollover-icon {\n  font-size: 32px;\n  color: #ffffff;\n  min-width: 44px;\n  min-height: 44px;\n  line-height: 44px;\n  border-radius: 100px;\n  border-style: solid;\n  border-width: 0px;\n}\n.dt-icon-bg-on.shortcode-single-image-wrap.shortcode-single-image-2e1f155fbf25e1a1b73aa7539f24743c .rollover-icon {\n  background: rgba(255,255,255,0.3);\n  box-shadow: none;\n}<\/style><div class=\"shortcode-single-image-wrap shortcode-single-image-2e1f155fbf25e1a1b73aa7539f24743c alignnone  vc_custom_1579628696577 enable-bg-rollover dt-icon-bg-off\" ><div class=\"shortcode-single-image\"><div class=\"fancy-media-wrap\" style=\"\"><div class=\"layzr-bg rollover-video\" style=\"\"><img decoding=\"async\" class=\"preload-me lazy-load aspect\" src=\"data:image\/svg+xml,%3Csvg%20xmlns%3D&#39;http%3A%2F%2Fwww.w3.org%2F2000%2Fsvg&#39;%20viewBox%3D&#39;0%200%201000%20666&#39;%2F%3E\" data-src=\"https:\/\/web.escudoweb.com\/wp-content\/uploads\/2020\/01\/pk_square_en-1000x666.png\" data-srcset=\"https:\/\/web.escudoweb.com\/wp-content\/uploads\/2020\/01\/pk_square_en-1000x666.png 1000w\" loading=\"eager\" style=\"--ratio: 1000 \/ 666\" sizes=\"(max-width: 1000px) 100vw, 1000px\" width=\"1000\" height=\"666\"  data-dt-location=\"https:\/\/web.escudoweb.com\/index.php\/home-en\/pk_square_en\/\" alt=\"\" \/><a class=\"video-icon dt-pswp-item pswp-video\" href=\"https:\/\/www.youtube.com\/watch?v=a3oQBwmo0s4\" title=\"pk_square_en\" data-dt-img-description=\"\"><\/a><\/div><\/div><\/div><\/div><div id=\"ultimate-heading-412169f2b9fdce390\" class=\"uvc-heading ult-adjust-bottom-margin ultimate-heading-412169f2b9fdce390 uvc-8949 \" data-hspacer=\"no_spacer\"  data-halign=\"center\" style=\"text-align:center\"><div class=\"uvc-heading-spacer no_spacer\" style=\"top\"><\/div><div class=\"uvc-main-heading ult-responsive\"  data-ultimate-target='.uvc-heading.ultimate-heading-412169f2b9fdce390 h2'  data-responsive-json-new='{\"font-size\":\"desktop:22px;\",\"line-height\":\"desktop:32px;\"}' ><h2 style=\"font-family:&#039;Ubuntu&#039;;font-weight:300;margin-bottom:5px;\">phoneKid<\/h2><\/div><\/div>[\/vc_column_inner][\/vc_row_inner][vc_row_inner][vc_column_inner css=\u00bb.vc_custom_1492581301191{padding-bottom: 60px !important;}\u00bb]<style type=\"text\/css\" data-type=\"the7_shortcodes-inline-css\">.shortcode-single-image-wrap.shortcode-single-image-460e53dfdd33817669de43aa29d22f86.enable-bg-rollover .rollover i,\n.shortcode-single-image-wrap.shortcode-single-image-460e53dfdd33817669de43aa29d22f86.enable-bg-rollover .rollover-video i {\n  background: -webkit-linear-gradient();\n  background: linear-gradient();\n}\n.shortcode-single-image-wrap.shortcode-single-image-460e53dfdd33817669de43aa29d22f86 .rollover-icon {\n  font-size: 32px;\n  color: #ffffff;\n  min-width: 44px;\n  min-height: 44px;\n  line-height: 44px;\n  border-radius: 100px;\n  border-style: solid;\n  border-width: 0px;\n}\n.dt-icon-bg-on.shortcode-single-image-wrap.shortcode-single-image-460e53dfdd33817669de43aa29d22f86 .rollover-icon {\n  background: rgba(255,255,255,0.3);\n  box-shadow: none;\n}<\/style><div class=\"shortcode-single-image-wrap shortcode-single-image-460e53dfdd33817669de43aa29d22f86 alignnone  vc_custom_1576599496594 enable-bg-rollover dt-icon-bg-off\" ><div class=\"shortcode-single-image\"><div class=\"fancy-media-wrap\" style=\"\"><div class=\"layzr-bg rollover-video\" style=\"\"><img decoding=\"async\" class=\"preload-me lazy-load aspect\" src=\"data:image\/svg+xml,%3Csvg%20xmlns%3D&#39;http%3A%2F%2Fwww.w3.org%2F2000%2Fsvg&#39;%20viewBox%3D&#39;0%200%201000%20666&#39;%2F%3E\" data-src=\"https:\/\/web.escudoweb.com\/wp-content\/uploads\/2019\/12\/onbook-1000x666.png\" data-srcset=\"https:\/\/web.escudoweb.com\/wp-content\/uploads\/2019\/12\/onbook-1000x666.png 1000w\" loading=\"eager\" style=\"--ratio: 1000 \/ 666\" sizes=\"(max-width: 1000px) 100vw, 1000px\" width=\"1000\" height=\"666\"  data-dt-location=\"https:\/\/web.escudoweb.com\/index.php\/es\/home\/onbook\/\" alt=\"\" \/><a class=\"video-icon dt-pswp-item pswp-video\" href=\"https:\/\/www.youtube.com\/watch?v=klC6Egwib40\" title=\"onbook\" data-dt-img-description=\"\"><\/a><\/div><\/div><\/div><\/div><div id=\"ultimate-heading-535269f2b9fdcf092\" class=\"uvc-heading ult-adjust-bottom-margin ultimate-heading-535269f2b9fdcf092 uvc-6024 \" data-hspacer=\"no_spacer\"  data-halign=\"center\" style=\"text-align:center\"><div class=\"uvc-heading-spacer no_spacer\" style=\"top\"><\/div><div class=\"uvc-main-heading ult-responsive\"  data-ultimate-target='.uvc-heading.ultimate-heading-535269f2b9fdcf092 h2'  data-responsive-json-new='{\"font-size\":\"desktop:22px;\",\"line-height\":\"desktop:32px;\"}' ><h2 style=\"font-family:&#039;Ubuntu&#039;;font-weight:300;margin-bottom:5px;\">OnBook<\/h2><\/div><\/div>[\/vc_column_inner][\/vc_row_inner][vc_row_inner][vc_column_inner css=\u00bb.vc_custom_1492581301191{padding-bottom: 60px !important;}\u00bb]<style type=\"text\/css\" data-type=\"the7_shortcodes-inline-css\">.shortcode-single-image-wrap.shortcode-single-image-b879c653c953ccec044a2a7f7470fae9.enable-bg-rollover .rollover i,\n.shortcode-single-image-wrap.shortcode-single-image-b879c653c953ccec044a2a7f7470fae9.enable-bg-rollover .rollover-video i {\n  background: -webkit-linear-gradient();\n  background: linear-gradient();\n}\n.shortcode-single-image-wrap.shortcode-single-image-b879c653c953ccec044a2a7f7470fae9 .rollover-icon {\n  font-size: 32px;\n  color: #ffffff;\n  min-width: 44px;\n  min-height: 44px;\n  line-height: 44px;\n  border-radius: 100px;\n  border-style: solid;\n  border-width: 0px;\n}\n.dt-icon-bg-on.shortcode-single-image-wrap.shortcode-single-image-b879c653c953ccec044a2a7f7470fae9 .rollover-icon {\n  background: rgba(255,255,255,0.3);\n  box-shadow: none;\n}<\/style><div class=\"shortcode-single-image-wrap shortcode-single-image-b879c653c953ccec044a2a7f7470fae9 alignnone  vc_custom_1585073352436 enable-bg-rollover dt-icon-bg-off\" ><div class=\"shortcode-single-image\"><div class=\"fancy-media-wrap\" style=\"\"><div class=\"layzr-bg rollover-video\" style=\"\"><img decoding=\"async\" class=\"preload-me lazy-load aspect\" src=\"data:image\/svg+xml,%3Csvg%20xmlns%3D&#39;http%3A%2F%2Fwww.w3.org%2F2000%2Fsvg&#39;%20viewBox%3D&#39;0%200%201012%20675&#39;%2F%3E\" data-src=\"https:\/\/web.escudoweb.com\/wp-content\/uploads\/2019\/11\/p07jbsw9-1012x675.jpg\" data-srcset=\"https:\/\/web.escudoweb.com\/wp-content\/uploads\/2019\/11\/p07jbsw9-1012x675.jpg 1012w\" loading=\"eager\" style=\"--ratio: 1012 \/ 675\" sizes=\"(max-width: 1012px) 100vw, 1012px\" width=\"1012\" height=\"675\"  data-dt-location=\"https:\/\/web.escudoweb.com\/index.php\/es\/home\/p07jbsw9\/\" alt=\"\" \/><a class=\"video-icon dt-pswp-item pswp-video\" href=\"http:\/\/www.bbc.com\/news\/av\/technology-43211186\/android-phone-for-children-on-show-at-mwc-2018\" title=\"BBC News\" data-dt-img-description=\"\"><\/a><\/div><\/div><\/div><\/div><div id=\"ultimate-heading-223669f2b9fdcfdb0\" class=\"uvc-heading ult-adjust-bottom-margin ultimate-heading-223669f2b9fdcfdb0 uvc-3289 \" data-hspacer=\"no_spacer\"  data-halign=\"center\" style=\"text-align:center\"><div class=\"uvc-heading-spacer no_spacer\" style=\"top\"><\/div><div class=\"uvc-main-heading ult-responsive\"  data-ultimate-target='.uvc-heading.ultimate-heading-223669f2b9fdcfdb0 h2'  data-responsive-json-new='{\"font-size\":\"desktop:22px;\",\"line-height\":\"desktop:32px;\"}' ><h2 style=\"font-family:&#039;Ubuntu&#039;;font-weight:300;margin-bottom:5px;\">BBC News<\/h2><\/div><div class=\"uvc-sub-heading ult-responsive\"  data-ultimate-target='.uvc-heading.ultimate-heading-223669f2b9fdcfdb0 .uvc-sub-heading '  data-responsive-json-new='{\"font-size\":\"desktop:14px;\",\"line-height\":\"desktop:26px;\"}'  style=\"font-weight:normal;color:#999999;\">Presentation of phoneKid during the Mobile World Congress 2019 held in Barcelona<\/div><\/div>[\/vc_column_inner][\/vc_row_inner][vc_row_inner][vc_column_inner css=\u00bb.vc_custom_1492581301191{padding-bottom: 60px !important;}\u00bb]<style type=\"text\/css\" data-type=\"the7_shortcodes-inline-css\">.shortcode-single-image-wrap.shortcode-single-image-cbcbf43dead3f51ec3b3fbc71b11d18a.enable-bg-rollover .rollover i,\n.shortcode-single-image-wrap.shortcode-single-image-cbcbf43dead3f51ec3b3fbc71b11d18a.enable-bg-rollover .rollover-video i {\n  background: -webkit-linear-gradient();\n  background: linear-gradient();\n}\n.shortcode-single-image-wrap.shortcode-single-image-cbcbf43dead3f51ec3b3fbc71b11d18a .rollover-icon {\n  font-size: 32px;\n  color: #ffffff;\n  min-width: 44px;\n  min-height: 44px;\n  line-height: 44px;\n  border-radius: 100px;\n  border-style: solid;\n  border-width: 0px;\n}\n.dt-icon-bg-on.shortcode-single-image-wrap.shortcode-single-image-cbcbf43dead3f51ec3b3fbc71b11d18a .rollover-icon {\n  background: rgba(255,255,255,0.3);\n  box-shadow: none;\n}<\/style><div class=\"shortcode-single-image-wrap shortcode-single-image-cbcbf43dead3f51ec3b3fbc71b11d18a alignnone  vc_custom_1574441258492 enable-bg-rollover dt-icon-bg-off\" ><div class=\"shortcode-single-image\"><div class=\"fancy-media-wrap\" style=\"\"><div class=\"layzr-bg rollover-video\" style=\"\"><img decoding=\"async\" class=\"preload-me lazy-load aspect\" src=\"data:image\/svg+xml,%3Csvg%20xmlns%3D&#39;http%3A%2F%2Fwww.w3.org%2F2000%2Fsvg&#39;%20viewBox%3D&#39;0%200%201080%20720&#39;%2F%3E\" data-src=\"https:\/\/web.escudoweb.com\/wp-content\/uploads\/2019\/11\/La-sexta-Noticias-1080x720.png\" data-srcset=\"https:\/\/web.escudoweb.com\/wp-content\/uploads\/2019\/11\/La-sexta-Noticias-1080x720.png 1080w\" loading=\"eager\" style=\"--ratio: 1080 \/ 720\" sizes=\"(max-width: 1080px) 100vw, 1080px\" width=\"1080\" height=\"720\"  data-dt-location=\"https:\/\/web.escudoweb.com\/index.php\/es\/home\/la-sexta-noticias\/\" alt=\"\" \/><a class=\"video-icon dt-pswp-item pswp-video\" href=\"https:\/\/www.lasexta.com\/noticias\/ciencia-tecnologia\/el-proximo-lanzamiento-en-indonesia-de-un-movil-creado-en-talavera-de-la-reina-permite-controlar-y-bloquear-el-terminal-de-los-hijos-video_201907265d3b0aec0cf2d85bf8ac584a.html\" title=\"LaSexta Noticias\" data-dt-img-description=\"\"><\/a><\/div><\/div><\/div><\/div><div id=\"ultimate-heading-697669f2b9fdd0a03\" class=\"uvc-heading ult-adjust-bottom-margin ultimate-heading-697669f2b9fdd0a03 uvc-3362 \" data-hspacer=\"no_spacer\"  data-halign=\"center\" style=\"text-align:center\"><div class=\"uvc-heading-spacer no_spacer\" style=\"top\"><\/div><div class=\"uvc-main-heading ult-responsive\"  data-ultimate-target='.uvc-heading.ultimate-heading-697669f2b9fdd0a03 h2'  data-responsive-json-new='{\"font-size\":\"desktop:22px;\",\"line-height\":\"desktop:32px;\"}' ><h2 style=\"font-family:&#039;Ubuntu&#039;;font-weight:300;margin-bottom:5px;\">LaSexta News<\/h2><\/div><div class=\"uvc-sub-heading ult-responsive\"  data-ultimate-target='.uvc-heading.ultimate-heading-697669f2b9fdd0a03 .uvc-sub-heading '  data-responsive-json-new='{\"font-size\":\"desktop:14px;\",\"line-height\":\"desktop:26px;\"}'  style=\"font-weight:normal;color:#999999;\">After signing with PT Multitech, an Indonesian company, the distribution and manufacturing of phoneKid in Asia-Pacific under the name of Geniora<\/div><\/div>[\/vc_column_inner][\/vc_row_inner][vc_row_inner][vc_column_inner css=\u00bb.vc_custom_1492581301191{padding-bottom: 60px !important;}\u00bb]<style type=\"text\/css\" data-type=\"the7_shortcodes-inline-css\">.shortcode-single-image-wrap.shortcode-single-image-e1644a4a9e35964f1ade3dd35a31906c.enable-bg-rollover .rollover i,\n.shortcode-single-image-wrap.shortcode-single-image-e1644a4a9e35964f1ade3dd35a31906c.enable-bg-rollover .rollover-video i {\n  background: -webkit-linear-gradient();\n  background: linear-gradient();\n}\n.shortcode-single-image-wrap.shortcode-single-image-e1644a4a9e35964f1ade3dd35a31906c .rollover-icon {\n  font-size: 32px;\n  color: #ffffff;\n  min-width: 44px;\n  min-height: 44px;\n  line-height: 44px;\n  border-radius: 100px;\n  border-style: solid;\n  border-width: 0px;\n}\n.dt-icon-bg-on.shortcode-single-image-wrap.shortcode-single-image-e1644a4a9e35964f1ade3dd35a31906c .rollover-icon {\n  background: rgba(255,255,255,0.3);\n  box-shadow: none;\n}<\/style><div class=\"shortcode-single-image-wrap shortcode-single-image-e1644a4a9e35964f1ade3dd35a31906c alignnone  vc_custom_1574441290844 enable-bg-rollover dt-icon-bg-off\" ><div class=\"shortcode-single-image\"><div class=\"fancy-media-wrap\" style=\"\"><div class=\"layzr-bg rollover-video\" style=\"\"><img decoding=\"async\" class=\"preload-me lazy-load aspect\" src=\"data:image\/svg+xml,%3Csvg%20xmlns%3D&#39;http%3A%2F%2Fwww.w3.org%2F2000%2Fsvg&#39;%20viewBox%3D&#39;0%200%20945%20630&#39;%2F%3E\" data-src=\"https:\/\/web.escudoweb.com\/wp-content\/uploads\/2019\/11\/Portada_CMM-945x630.jpg\" data-srcset=\"https:\/\/web.escudoweb.com\/wp-content\/uploads\/2019\/11\/Portada_CMM-945x630.jpg 945w\" loading=\"eager\" style=\"--ratio: 945 \/ 630\" sizes=\"(max-width: 945px) 100vw, 945px\" width=\"945\" height=\"630\"  data-dt-location=\"https:\/\/web.escudoweb.com\/index.php\/es\/home\/portada_cmm\/\" alt=\"\" \/><a class=\"video-icon dt-pswp-item pswp-video\" href=\"https:\/\/www.youtube.com\/watch?v=_3MQYDgJrvQ\" title=\"CMM Noticias\" data-dt-img-description=\"\"><\/a><\/div><\/div><\/div><\/div><div id=\"ultimate-heading-477469f2b9fdd1707\" class=\"uvc-heading ult-adjust-bottom-margin ultimate-heading-477469f2b9fdd1707 uvc-7799 \" data-hspacer=\"no_spacer\"  data-halign=\"center\" style=\"text-align:center\"><div class=\"uvc-heading-spacer no_spacer\" style=\"top\"><\/div><div class=\"uvc-main-heading ult-responsive\"  data-ultimate-target='.uvc-heading.ultimate-heading-477469f2b9fdd1707 h2'  data-responsive-json-new='{\"font-size\":\"desktop:22px;\",\"line-height\":\"desktop:32px;\"}' ><h2 style=\"font-family:&#039;Ubuntu&#039;;font-weight:300;margin-bottom:5px;\">CMM News<\/h2><\/div><div class=\"uvc-sub-heading ult-responsive\"  data-ultimate-target='.uvc-heading.ultimate-heading-477469f2b9fdd1707 .uvc-sub-heading '  data-responsive-json-new='{\"font-size\":\"desktop:14px;\",\"line-height\":\"desktop:26px;\"}'  style=\"font-weight:normal;color:#999999;\">Report of the regional channel Castilla La-Mancha TV after the presentation of phoneKid at the Mobile World Congress 2019<\/div><\/div>[\/vc_column_inner][\/vc_row_inner]<\/div>[\/vc_column][\/vc_row][vc_row bg_type=\u00bbimage\u00bb parallax_style=\u00bbvcpb-default\u00bb bg_image_new=\u00bbid^1791|url^https:\/\/web.escudoweb.com\/wp-content\/uploads\/2020\/02\/19366-1-scaled.jpg|caption^Escudo Web Background|alt^Escudo Web Background|title^Escudo Web Background|description^null\u00bb bg_image_repeat=\u00bbno-repeat\u00bb bg_img_attach=\u00bbfixed\u00bb bg_override=\u00bbex-full\u00bb enable_overlay=\u00bbenable_overlay_value\u00bb overlay_color=\u00bbrgba(0,0,0,0.6)\u00bb type=\u00bbvc_default\u00bb anchor=\u00bbwhy\u00bb css=\u00bb.vc_custom_1581002510382{padding-top: 90px !important;padding-bottom: 100px !important;}\u00bb el_id=\u00bbclientes\u00bb][vc_column offset=\u00bbvc_col-lg-offset-2 vc_col-lg-8 vc_col-md-offset-1 vc_col-md-10 vc_col-sm-offset-0&#8243; css=\u00bb.vc_custom_1492586944630{padding-bottom: 70px !important;}\u00bb]<div id=\"ultimate-heading-324969f2b9fdd1849\" class=\"uvc-heading ult-adjust-bottom-margin ultimate-heading-324969f2b9fdd1849 uvc-9665 accent-border-color accent-subtitle-color\" data-hspacer=\"no_spacer\"  data-halign=\"center\" style=\"text-align:center\"><div class=\"uvc-heading-spacer no_spacer\" style=\"top\"><\/div><div class=\"uvc-main-heading ult-responsive\"  data-ultimate-target='.uvc-heading.ultimate-heading-324969f2b9fdd1849 h2'  data-responsive-json-new='{\"font-size\":\"desktop:50px;tablet_portrait:40px;\",\"line-height\":\"desktop:60px;tablet_portrait:50px;\"}' ><h2 style=\"font-family:&#039;Ubuntu&#039;;font-weight:300;color:#ffffff;margin-bottom:30px;\">Partners<\/h2><\/div><\/div>[\/vc_column][vc_column css=\u00bb.vc_custom_1492528756925{padding-right: 50px !important;padding-left: 50px !important;}\u00bb][vc_row_inner equal_height=\u00bbyes\u00bb content_placement=\u00bbmiddle\u00bb][vc_column_inner width=\u00bb2\/3&#8243; offset=\u00bbvc_col-lg-offset-0 vc_col-lg-4 vc_col-md-offset-0 vc_col-md-4 vc_col-sm-offset-2&#8243; css=\u00bb.vc_custom_1586368440862{padding-top: 50px !important;padding-bottom: 50px !important;background-color: #ffffff !important;background-position: center !important;background-repeat: no-repeat !important;background-size: cover !important;}\u00bb][vc_single_image image=\u00bb1823&#8243; img_size=\u00bbfull\u00bb alignment=\u00bbcenter\u00bb][\/vc_column_inner][vc_column_inner width=\u00bb2\/3&#8243; offset=\u00bbvc_col-lg-offset-0 vc_col-lg-4 vc_col-md-offset-0 vc_col-md-4 vc_col-sm-offset-2&#8243; css=\u00bb.vc_custom_1586368499603{padding-top: 50px !important;padding-bottom: 50px !important;background-color: #ffffff !important;}\u00bb][vc_single_image image=\u00bb2065&#8243; img_size=\u00bbfull\u00bb alignment=\u00bbcenter\u00bb][\/vc_column_inner][vc_column_inner width=\u00bb2\/3&#8243; offset=\u00bbvc_col-lg-offset-0 vc_col-lg-4 vc_col-md-offset-0 vc_col-md-4 vc_col-sm-offset-2&#8243; css=\u00bb.vc_custom_1586368511739{padding-top: 50px !important;padding-bottom: 50px !important;background-color: #ffffff !important;background-position: center !important;background-repeat: no-repeat !important;background-size: cover !important;}\u00bb][vc_single_image image=\u00bb2109&#8243; img_size=\u00bbfull\u00bb alignment=\u00bbcenter\u00bb][\/vc_column_inner][\/vc_row_inner][vc_row_inner equal_height=\u00bbyes\u00bb content_placement=\u00bbmiddle\u00bb][vc_column_inner width=\u00bb2\/3&#8243; offset=\u00bbvc_col-lg-offset-0 vc_col-lg-4 vc_col-md-offset-0 vc_col-md-4 vc_col-sm-offset-2&#8243; css=\u00bb.vc_custom_1574702608499{padding-top: 160px !important;padding-bottom: 160px !important;background-image: url(https:\/\/web.escudoweb.com\/wp-content\/uploads\/2019\/11\/crambo.jpg?id=1517) !important;background-position: center !important;background-repeat: no-repeat !important;background-size: cover !important;}\u00bb][\/vc_column_inner][vc_column_inner width=\u00bb2\/3&#8243; offset=\u00bbvc_col-lg-offset-0 vc_col-lg-4 vc_col-md-offset-0 vc_col-md-4 vc_col-sm-offset-2&#8243; css=\u00bb.vc_custom_1492528494892{padding-top: 30px !important;padding-bottom: 30px !important;background-color: #ffffff !important;}\u00bb]<div id=\"ultimate-heading-721469f2b9fdd18c3\" class=\"uvc-heading ult-adjust-bottom-margin ultimate-heading-721469f2b9fdd18c3 uvc-9233 accent-border-color\" data-hspacer=\"no_spacer\"  data-halign=\"center\" style=\"text-align:center\"><div class=\"uvc-heading-spacer no_spacer\" style=\"top\"><\/div><div class=\"uvc-main-heading ult-responsive\"  data-ultimate-target='.uvc-heading.ultimate-heading-721469f2b9fdd18c3 h2'  data-responsive-json-new='{\"font-size\":\"desktop:22px;\",\"line-height\":\"desktop:32px;\"}' ><h2 style=\"font-family:&#039;Ubuntu&#039;;font-weight:300;margin-bottom:15px;\">Crambo<\/h2><\/div><div class=\"uvc-sub-heading ult-responsive\"  data-ultimate-target='.uvc-heading.ultimate-heading-721469f2b9fdd18c3 .uvc-sub-heading '  data-responsive-json-new='{\"font-size\":\"desktop:14px;\",\"line-height\":\"desktop:26px;\"}'  style=\"font-weight:normal;\"><\/p>\n<p style=\"text-align: justify;\"><span style=\"color: #72777d;\">Crambo is a provider of global technological solutions, targeting the following vertical markets: Corporate &amp; Education, IoT, Digital Signage &amp; LED Solutions, and AV Pro.<\/span><\/p>\n<p><\/div><\/div>[vc_empty_space height=\u00bb10px\u00bb]<div class=\"ult-just-icon-wrapper accent-icon-bg  vc_custom_1574704559846\"><div class=\"align-icon\" style=\"text-align:center;\">\n<a class=\"aio-tooltip 69f2b9fdd195a\" href=\"https:\/\/www.crambo.eu\/es\/\" target=\"_blank\" rel=\"noopener\"  data-toggle=\"tooltip\" data-placement=\"\"><div class=\"aio-icon advanced \"  style=\"color:#ffffff;border-style:solid;border-color:;border-width:1px;width:40px;height:40px;line-height:40px;border-radius:500px;font-size:15px;display:inline-block;\">\n\t<i class=\"icomoon-font-awesome-14x14-external-link\"><\/i>\n<\/div><\/a><\/div><\/div>[\/vc_column_inner][vc_column_inner width=\u00bb2\/3&#8243; offset=\u00bbvc_col-lg-offset-0 vc_col-lg-4 vc_col-md-offset-0 vc_col-md-4 vc_col-sm-offset-2&#8243; css=\u00bb.vc_custom_1574945645863{padding-top: 160px !important;padding-bottom: 160px !important;background-image: url(https:\/\/web.escudoweb.com\/wp-content\/uploads\/2019\/11\/crambo-app-image-1.png?id=1581) !important;background-position: center !important;background-repeat: no-repeat !important;background-size: cover !important;}\u00bb][\/vc_column_inner][\/vc_row_inner][vc_row_inner equal_height=\u00bbyes\u00bb content_placement=\u00bbmiddle\u00bb][vc_column_inner width=\u00bb2\/3&#8243; offset=\u00bbvc_col-lg-offset-0 vc_col-lg-4 vc_col-md-offset-0 vc_col-md-4 vc_col-sm-offset-2&#8243; css=\u00bb.vc_custom_1576001595631{padding-top: 160px !important;padding-bottom: 160px !important;background-image: url(https:\/\/web.escudoweb.com\/wp-content\/uploads\/2019\/11\/iris-app-image.png?id=1574) !important;background-position: center !important;background-repeat: no-repeat !important;background-size: cover !important;}\u00bb][\/vc_column_inner][vc_column_inner width=\u00bb2\/3&#8243; offset=\u00bbvc_col-lg-offset-0 vc_col-lg-4 vc_col-md-offset-0 vc_col-md-4 vc_col-sm-offset-2&#8243; css=\u00bb.vc_custom_1492528511275{padding-top: 30px !important;padding-bottom: 30px !important;background-color: #ffffff !important;}\u00bb]<div id=\"ultimate-heading-454569f2b9fdd19ae\" class=\"uvc-heading ult-adjust-bottom-margin ultimate-heading-454569f2b9fdd19ae uvc-1156 accent-border-color\" data-hspacer=\"no_spacer\"  data-halign=\"center\" style=\"text-align:center\"><div class=\"uvc-heading-spacer no_spacer\" style=\"top\"><\/div><div class=\"uvc-main-heading ult-responsive\"  data-ultimate-target='.uvc-heading.ultimate-heading-454569f2b9fdd19ae h2'  data-responsive-json-new='{\"font-size\":\"desktop:22px;\",\"line-height\":\"desktop:32px;\"}' ><h2 style=\"font-family:&#039;Ubuntu&#039;;font-weight:300;margin-bottom:15px;\">Edelvives<\/h2><\/div><div class=\"uvc-sub-heading ult-responsive\"  data-ultimate-target='.uvc-heading.ultimate-heading-454569f2b9fdd19ae .uvc-sub-heading '  data-responsive-json-new='{\"font-size\":\"desktop:14px;\",\"line-height\":\"desktop:26px;\"}'  style=\"font-weight:normal;\"><\/p>\n<p style=\"text-align: justify;\"><span style=\"color: #72777d;\">\u00abThe Edelvives group offers rigorous educational material based on values, innovation and new technologies, while accompanying the cultural growth of children and adults with excellent literary assets.\u201d<\/span><\/p>\n<p><\/div><\/div>[vc_empty_space height=\u00bb10px\u00bb]<div class=\"ult-just-icon-wrapper accent-icon-bg  vc_custom_1574704571884\"><div class=\"align-icon\" style=\"text-align:center;\">\n<a class=\"aio-tooltip 69f2b9fdd1a34\" href=\"https:\/\/www.edelvives.com\/es\/index\" target=\"_blank\" rel=\"noopener\"  data-toggle=\"tooltip\" data-placement=\"\"><div class=\"aio-icon advanced \"  style=\"color:#ffffff;border-style:solid;border-color:;border-width:1px;width:40px;height:40px;line-height:40px;border-radius:500px;font-size:15px;display:inline-block;\">\n\t<i class=\"icomoon-font-awesome-14x14-external-link\"><\/i>\n<\/div><\/a><\/div><\/div>[\/vc_column_inner][vc_column_inner width=\u00bb2\/3&#8243; offset=\u00bbvc_col-lg-offset-0 vc_col-lg-4 vc_col-md-offset-0 vc_col-md-4 vc_col-sm-offset-2&#8243; css=\u00bb.vc_custom_1576001575413{padding-top: 160px !important;padding-bottom: 160px !important;background-image: url(https:\/\/web.escudoweb.com\/wp-content\/uploads\/2019\/11\/edelvives.jpg?id=1518) !important;background-position: center !important;background-repeat: no-repeat !important;background-size: cover !important;}\u00bb][\/vc_column_inner][\/vc_row_inner][vc_row_inner equal_height=\u00bbyes\u00bb content_placement=\u00bbmiddle\u00bb disable_element=\u00bbyes\u00bb][vc_column_inner width=\u00bb2\/3&#8243; offset=\u00bbvc_col-lg-offset-0 vc_col-lg-4 vc_col-md-offset-0 vc_col-md-4 vc_col-sm-offset-2&#8243; css=\u00bb.vc_custom_1574702786190{padding-top: 160px !important;padding-bottom: 160px !important;background-image: url(https:\/\/web.escudoweb.com\/wp-content\/uploads\/2019\/11\/holatech.jpg?id=1520) !important;background-position: center !important;background-repeat: no-repeat !important;background-size: cover !important;}\u00bb][\/vc_column_inner][vc_column_inner width=\u00bb2\/3&#8243; offset=\u00bbvc_col-lg-offset-0 vc_col-lg-4 vc_col-md-offset-0 vc_col-md-4 vc_col-sm-offset-2&#8243; css=\u00bb.vc_custom_1492528535270{padding-top: 30px !important;padding-bottom: 30px !important;background-color: #ffffff !important;}\u00bb]<div id=\"ultimate-heading-188969f2b9fdd1a77\" class=\"uvc-heading ult-adjust-bottom-margin ultimate-heading-188969f2b9fdd1a77 uvc-5436 accent-border-color\" data-hspacer=\"no_spacer\"  data-halign=\"center\" style=\"text-align:center\"><div class=\"uvc-heading-spacer no_spacer\" style=\"top\"><\/div><div class=\"uvc-main-heading ult-responsive\"  data-ultimate-target='.uvc-heading.ultimate-heading-188969f2b9fdd1a77 h2'  data-responsive-json-new='{\"font-size\":\"desktop:22px;\",\"line-height\":\"desktop:32px;\"}' ><h2 style=\"font-family:&#039;Ubuntu&#039;;font-weight:300;margin-bottom:15px;\">HolaTECH<\/h2><\/div><div class=\"uvc-sub-heading ult-responsive\"  data-ultimate-target='.uvc-heading.ultimate-heading-188969f2b9fdd1a77 .uvc-sub-heading '  data-responsive-json-new='{\"font-size\":\"desktop:14px;\",\"line-height\":\"desktop:26px;\"}'  style=\"font-weight:normal;\"><\/p>\n<p style=\"text-align: justify;\"><span style=\"color: #72777d;\">HolaTECH is a company that offers digital marketing solutions and full product traceability, as well as authentication systems for consumer goods based on blockchain architecture. Scan2Know uses mainly a QR code as a validation system. They also have a unique IP around the concept of product ownership.<\/span><\/p>\n<p><\/div><\/div>[vc_empty_space height=\u00bb10px\u00bb]<div class=\"ult-just-icon-wrapper accent-icon-bg  vc_custom_1574704585108\"><div class=\"align-icon\" style=\"text-align:center;\">\n<a class=\"aio-tooltip 69f2b9fdd1afa\" href=\"https:\/\/holatech.io\/\" target=\"_blank\" rel=\"noopener\"  data-toggle=\"tooltip\" data-placement=\"\"><div class=\"aio-icon advanced \"  style=\"color:#ffffff;border-style:solid;border-color:;border-width:1px;width:40px;height:40px;line-height:40px;border-radius:500px;font-size:15px;display:inline-block;\">\n\t<i class=\"icomoon-font-awesome-14x14-external-link\"><\/i>\n<\/div><\/a><\/div><\/div>[\/vc_column_inner][vc_column_inner width=\u00bb2\/3&#8243; offset=\u00bbvc_col-lg-offset-0 vc_col-lg-4 vc_col-md-offset-0 vc_col-md-4 vc_col-sm-offset-2&#8243; css=\u00bb.vc_custom_1576001625659{padding-top: 160px !important;padding-bottom: 160px !important;background-image: url(https:\/\/web.escudoweb.com\/wp-content\/uploads\/2019\/11\/holatech-app-image2.png?id=1573) !important;background-position: center !important;background-repeat: no-repeat !important;background-size: cover !important;}\u00bb][\/vc_column_inner][\/vc_row_inner][vc_row_inner equal_height=\u00bbyes\u00bb content_placement=\u00bbmiddle\u00bb][vc_column_inner width=\u00bb2\/3&#8243; offset=\u00bbvc_col-lg-offset-0 vc_col-lg-4 vc_col-md-offset-0 vc_col-md-4 vc_col-sm-offset-2&#8243; css=\u00bb.vc_custom_1574702930275{padding-top: 160px !important;padding-bottom: 160px !important;background-image: url(https:\/\/web.escudoweb.com\/wp-content\/uploads\/2019\/11\/cabitruck.jpg?id=1516) !important;background-position: center !important;background-repeat: no-repeat !important;background-size: cover !important;}\u00bb][\/vc_column_inner][vc_column_inner width=\u00bb2\/3&#8243; offset=\u00bbvc_col-lg-offset-0 vc_col-lg-4 vc_col-md-offset-0 vc_col-md-4 vc_col-sm-offset-2&#8243; css=\u00bb.vc_custom_1492528511275{padding-top: 30px !important;padding-bottom: 30px !important;background-color: #ffffff !important;}\u00bb]<div id=\"ultimate-heading-948169f2b9fdd1b3b\" class=\"uvc-heading ult-adjust-bottom-margin ultimate-heading-948169f2b9fdd1b3b uvc-2875 accent-border-color\" data-hspacer=\"no_spacer\"  data-halign=\"center\" style=\"text-align:center\"><div class=\"uvc-heading-spacer no_spacer\" style=\"top\"><\/div><div class=\"uvc-main-heading ult-responsive\"  data-ultimate-target='.uvc-heading.ultimate-heading-948169f2b9fdd1b3b h2'  data-responsive-json-new='{\"font-size\":\"desktop:22px;\",\"line-height\":\"desktop:32px;\"}' ><h2 style=\"font-family:&#039;Ubuntu&#039;;font-weight:300;margin-bottom:15px;\">Truck Trace<\/h2><\/div><div class=\"uvc-sub-heading ult-responsive\"  data-ultimate-target='.uvc-heading.ultimate-heading-948169f2b9fdd1b3b .uvc-sub-heading '  data-responsive-json-new='{\"font-size\":\"desktop:14px;\",\"line-height\":\"desktop:26px;\"}'  style=\"font-weight:normal;\"><\/p>\n<p style=\"text-align: justify;\"><span style=\"color: #72777d;\">Truck Trace is the owner of Cabitruck, a platform developed for freight transport in Europe, which, thanks to its simple interface, allows shippers to request fast and economical services. It achieves global benefits for both hauliers as well as shippers.<\/span><\/p>\n<p><\/div><\/div>[vc_empty_space height=\u00bb10px\u00bb]<div class=\"ult-just-icon-wrapper accent-icon-bg  vc_custom_1594021800658\"><div class=\"align-icon\" style=\"text-align:center;\">\n<a class=\"aio-tooltip 69f2b9fdd1bd2\" href=\"https:\/\/cabitruck.com\/\" target=\"_blank\" rel=\"noopener\"  data-toggle=\"tooltip\" data-placement=\"\"><div class=\"aio-icon advanced \"  style=\"color:#ffffff;border-style:solid;border-color:;border-width:1px;width:40px;height:40px;line-height:40px;border-radius:500px;font-size:15px;display:inline-block;\">\n\t<i class=\"icomoon-font-awesome-14x14-external-link\"><\/i>\n<\/div><\/a><\/div><\/div>[\/vc_column_inner][vc_column_inner width=\u00bb2\/3&#8243; offset=\u00bbvc_col-lg-offset-0 vc_col-lg-4 vc_col-md-offset-0 vc_col-md-4 vc_col-sm-offset-2&#8243; css=\u00bb.vc_custom_1574940920795{padding-top: 160px !important;padding-bottom: 160px !important;background-image: url(https:\/\/web.escudoweb.com\/wp-content\/uploads\/2019\/11\/cabitruck-app-image.png?id=1571) !important;background-position: center !important;background-repeat: no-repeat !important;background-size: cover !important;}\u00bb][\/vc_column_inner][\/vc_row_inner][vc_row_inner equal_height=\u00bbyes\u00bb content_placement=\u00bbmiddle\u00bb][vc_column_inner width=\u00bb2\/3&#8243; offset=\u00bbvc_col-lg-offset-0 vc_col-lg-4 vc_col-md-offset-0 vc_col-md-4 vc_col-sm-offset-2&#8243; css=\u00bb.vc_custom_1574940944947{padding-top: 160px !important;padding-bottom: 160px !important;background-image: url(https:\/\/web.escudoweb.com\/wp-content\/uploads\/2019\/11\/geniora-app-image2.png?id=1572) !important;background-position: center !important;background-repeat: no-repeat !important;background-size: cover !important;}\u00bb][\/vc_column_inner][vc_column_inner width=\u00bb2\/3&#8243; offset=\u00bbvc_col-lg-offset-0 vc_col-lg-4 vc_col-md-offset-0 vc_col-md-4 vc_col-sm-offset-2&#8243; css=\u00bb.vc_custom_1492528535270{padding-top: 30px !important;padding-bottom: 30px !important;background-color: #ffffff !important;}\u00bb]<div id=\"ultimate-heading-398969f2b9fdd1c16\" class=\"uvc-heading ult-adjust-bottom-margin ultimate-heading-398969f2b9fdd1c16 uvc-4209 accent-border-color\" data-hspacer=\"no_spacer\"  data-halign=\"center\" style=\"text-align:center\"><div class=\"uvc-heading-spacer no_spacer\" style=\"top\"><\/div><div class=\"uvc-main-heading ult-responsive\"  data-ultimate-target='.uvc-heading.ultimate-heading-398969f2b9fdd1c16 h2'  data-responsive-json-new='{\"font-size\":\"desktop:22px;\",\"line-height\":\"desktop:32px;\"}' ><h2 style=\"font-family:&#039;Ubuntu&#039;;font-weight:300;margin-bottom:15px;\">PT Multitech<\/h2><\/div><div class=\"uvc-sub-heading ult-responsive\"  data-ultimate-target='.uvc-heading.ultimate-heading-398969f2b9fdd1c16 .uvc-sub-heading '  data-responsive-json-new='{\"font-size\":\"desktop:14px;\",\"line-height\":\"desktop:26px;\"}'  style=\"font-weight:normal;\"><\/p>\n<p style=\"text-align: justify;\"><span style=\"color: #72777d;\">PT Multitech is an Indonesian company that has marketed phoneKid for the Asian market, under the brand Geniora Phone. It also stands out for its creation of audiovisual educational content, and has created an entertaining way of learning, suiting today&#8217;s society and combined with the phone making \u201cEducation on the Go\u201d a reality.<\/span><\/p>\n<p><\/div><\/div>[vc_empty_space height=\u00bb10px\u00bb]<div class=\"ult-just-icon-wrapper accent-icon-bg  vc_custom_1574704609636\"><div class=\"align-icon\" style=\"text-align:center;\">\n<a class=\"aio-tooltip 69f2b9fdd1c96\" href=\"https:\/\/www.geniora.com\/\" target=\"_blank\" rel=\"noopener\"  data-toggle=\"tooltip\" data-placement=\"\"><div class=\"aio-icon advanced \"  style=\"color:#ffffff;border-style:solid;border-color:;border-width:1px;width:40px;height:40px;line-height:40px;border-radius:500px;font-size:15px;display:inline-block;\">\n\t<i class=\"icomoon-font-awesome-14x14-external-link\"><\/i>\n<\/div><\/a><\/div><\/div>[\/vc_column_inner][vc_column_inner width=\u00bb2\/3&#8243; offset=\u00bbvc_col-lg-offset-0 vc_col-lg-4 vc_col-md-offset-0 vc_col-md-4 vc_col-sm-offset-2&#8243; css=\u00bb.vc_custom_1574702498453{padding-top: 160px !important;padding-bottom: 160px !important;background-image: url(https:\/\/web.escudoweb.com\/wp-content\/uploads\/2019\/11\/geniora.jpg?id=1519) !important;background-position: center !important;background-repeat: no-repeat !important;background-size: cover !important;}\u00bb][\/vc_column_inner][\/vc_row_inner][vc_row_inner equal_height=\u00bbyes\u00bb content_placement=\u00bbmiddle\u00bb][vc_column_inner width=\u00bb2\/3&#8243; offset=\u00bbvc_col-lg-offset-0 vc_col-lg-4 vc_col-md-offset-0 vc_col-md-4 vc_col-sm-offset-2&#8243; css=\u00bb.vc_custom_1591721752102{padding-top: 160px !important;padding-bottom: 160px !important;background-image: url(https:\/\/web.escudoweb.com\/wp-content\/uploads\/2020\/06\/Logo_Blabloo-3.png?id=1865) !important;background-position: center !important;background-repeat: no-repeat !important;background-size: cover !important;}\u00bb][\/vc_column_inner][vc_column_inner width=\u00bb2\/3&#8243; offset=\u00bbvc_col-lg-offset-0 vc_col-lg-4 vc_col-md-offset-0 vc_col-md-4 vc_col-sm-offset-2&#8243; css=\u00bb.vc_custom_1492528511275{padding-top: 30px !important;padding-bottom: 30px !important;background-color: #ffffff !important;}\u00bb]<div id=\"ultimate-heading-109369f2b9fdd1cd4\" class=\"uvc-heading ult-adjust-bottom-margin ultimate-heading-109369f2b9fdd1cd4 uvc-5468 accent-border-color\" data-hspacer=\"no_spacer\"  data-halign=\"center\" style=\"text-align:center\"><div class=\"uvc-heading-spacer no_spacer\" style=\"top\"><\/div><div class=\"uvc-main-heading ult-responsive\"  data-ultimate-target='.uvc-heading.ultimate-heading-109369f2b9fdd1cd4 h2'  data-responsive-json-new='{\"font-size\":\"desktop:22px;\",\"line-height\":\"desktop:32px;\"}' ><h2 style=\"font-family:&#039;Ubuntu&#039;;font-weight:300;margin-bottom:15px;\">MOViGO<\/h2><\/div><div class=\"uvc-sub-heading ult-responsive\"  data-ultimate-target='.uvc-heading.ultimate-heading-109369f2b9fdd1cd4 .uvc-sub-heading '  data-responsive-json-new='{\"font-size\":\"desktop:14px;\",\"line-height\":\"desktop:26px;\"}'  style=\"font-weight:normal;\"><\/p>\n<p style=\"text-align: justify;\"><span style=\"color: #72777d;\">A Swiss company, with whom we have reached a commercial agreement, for the marketing of phoneKid throughout Europe under the blabloo brand. They have a platform, designed to support parents in the task of educating children responsibly and the use they make of ICT.<\/span><\/p>\n<p><\/div><\/div>[vc_empty_space height=\u00bb10px\u00bb]<div class=\"ult-just-icon-wrapper accent-icon-bg  vc_custom_1574704622076\"><div class=\"align-icon\" style=\"text-align:center;\">\n<a class=\"aio-tooltip 69f2b9fdd1d4f\" href=\"http:\/\/blabloo.net\/\" target=\"_blank\" rel=\"noopener\"  data-toggle=\"tooltip\" data-placement=\"\"><div class=\"aio-icon advanced \"  style=\"color:#ffffff;border-style:solid;border-color:;border-width:1px;width:40px;height:40px;line-height:40px;border-radius:500px;font-size:15px;display:inline-block;\">\n\t<i class=\"icomoon-font-awesome-14x14-external-link\"><\/i>\n<\/div><\/a><\/div><\/div>[\/vc_column_inner][vc_column_inner width=\u00bb2\/3&#8243; offset=\u00bbvc_col-lg-offset-0 vc_col-lg-4 vc_col-md-offset-0 vc_col-md-4 vc_col-sm-offset-2&#8243; css=\u00bb.vc_custom_1594021628040{padding-top: 160px !important;padding-bottom: 160px !important;background-image: url(https:\/\/web.escudoweb.com\/wp-content\/uploads\/2020\/07\/babloo-app-image.jpg?id=2023) !important;background-position: center !important;background-repeat: no-repeat !important;background-size: cover !important;}\u00bb][\/vc_column_inner][\/vc_row_inner][\/vc_column][\/vc_row][vc_row disable_element=\u00bbyes\u00bb bg_type=\u00bbimage\u00bb parallax_style=\u00bbvcpb-default\u00bb bg_image_new=\u00bbid^1791|url^https:\/\/web.escudoweb.com\/wp-content\/uploads\/2020\/02\/19366-1-scaled.jpg|caption^Escudo Web Background|alt^Escudo Web Background|title^Escudo Web Background|description^null\u00bb bg_image_repeat=\u00bbno-repeat\u00bb bg_img_attach=\u00bbfixed\u00bb bg_override=\u00bbex-full\u00bb enable_overlay=\u00bbenable_overlay_value\u00bb overlay_color=\u00bbrgba(0,0,0,0.6)\u00bb type=\u00bbvc_default\u00bb anchor=\u00bbexpeditions\u00bb el_id=\u00bbtours\u00bb css=\u00bb.vc_custom_1667471802658{padding-top: 90px !important;padding-bottom: 90px !important;}\u00bb][vc_column offset=\u00bbvc_col-lg-offset-2 vc_col-lg-8 vc_col-md-offset-1 vc_col-md-10 vc_col-sm-offset-0&#8243; css=\u00bb.vc_custom_1574247616982{padding-bottom: 35px !important;}\u00bb]<div id=\"ultimate-heading-73769f2b9fdd1d95\" class=\"uvc-heading ult-adjust-bottom-margin ultimate-heading-73769f2b9fdd1d95 uvc-9214 accent-border-color accent-subtitle-color\" data-hspacer=\"no_spacer\"  data-halign=\"center\" style=\"text-align:center\"><div class=\"uvc-heading-spacer no_spacer\" style=\"top\"><\/div><div class=\"uvc-main-heading ult-responsive\"  data-ultimate-target='.uvc-heading.ultimate-heading-73769f2b9fdd1d95 h2'  data-responsive-json-new='{\"font-size\":\"desktop:50px;tablet_portrait:40px;\",\"line-height\":\"desktop:60px;tablet_portrait:50px;\"}' ><h2 style=\"font-weight:bold;color:#ffffff;margin-bottom:30px;\">PARTNERS<\/h2><\/div><\/div>[\/vc_column][vc_column]<style type=\"text\/css\" data-type=\"the7_shortcodes-inline-css\">.carousel-shortcode.carousel-shortcode-id-6a01f7bf88959f5cb861d1094637628d.owl-carousel .owl-nav div {\n  width: 36px;\n  height: 36px;\n  border-radius: 500px;\n}\n.dt-arrow-border-on.carousel-shortcode.carousel-shortcode-id-6a01f7bf88959f5cb861d1094637628d.owl-carousel .owl-nav div:not(:hover):before {\n  border-width: 0px;\n}\n.dt-arrow-hover-border-on.carousel-shortcode.carousel-shortcode-id-6a01f7bf88959f5cb861d1094637628d.owl-carousel .owl-nav div:hover:after {\n  border-width: 0px;\n}\n.carousel-shortcode.carousel-shortcode-id-6a01f7bf88959f5cb861d1094637628d.owl-carousel .owl-nav div.owl-prev {\n  top: 50%;\n  transform: translateY(calc(-50% + 0px));\n  left: -50px;\n}\n@media all and (-ms-high-contrast: none) {\n  .carousel-shortcode.carousel-shortcode-id-6a01f7bf88959f5cb861d1094637628d.owl-carousel .owl-nav div.owl-prev {\n    transform: translateY(-50%);\n    margin-top: 0px;\n  }\n}\n.carousel-shortcode.carousel-shortcode-id-6a01f7bf88959f5cb861d1094637628d.owl-carousel .owl-nav div.owl-prev i {\n  padding: 0px 0px 0px 0px;\n}\n.carousel-shortcode.carousel-shortcode-id-6a01f7bf88959f5cb861d1094637628d.owl-carousel .owl-nav div.owl-next {\n  top: 50%;\n  transform: translateY(calc(-50% + 0px));\n  right: -50px;\n}\n@media all and (-ms-high-contrast: none) {\n  .carousel-shortcode.carousel-shortcode-id-6a01f7bf88959f5cb861d1094637628d.owl-carousel .owl-nav div.owl-next {\n    transform: translateY(-50%);\n    margin-top: 0px;\n  }\n}\n.carousel-shortcode.carousel-shortcode-id-6a01f7bf88959f5cb861d1094637628d.owl-carousel .owl-nav div.owl-next i {\n  padding: 0px 0px 0px 0px;\n}\n.carousel-shortcode.carousel-shortcode-id-6a01f7bf88959f5cb861d1094637628d.owl-carousel .owl-nav i {\n  font-size: 44px;\n}\n.carousel-shortcode.carousel-shortcode-id-6a01f7bf88959f5cb861d1094637628d.owl-carousel .owl-nav div:hover i,\n.carousel-shortcode.carousel-shortcode-id-6a01f7bf88959f5cb861d1094637628d.owl-carousel .owl-nav div:hover i:before {\n  color: #bcce0d;\n  background: none;\n}\n.carousel-shortcode.carousel-shortcode-id-6a01f7bf88959f5cb861d1094637628d .owl-dots {\n  top: calc(100% + 30px);\n  left: 50%;\n  transform: translateX(calc(-50% + 0px));\n}\n@media all and (-ms-high-contrast: none) {\n  .carousel-shortcode.carousel-shortcode-id-6a01f7bf88959f5cb861d1094637628d .owl-dots {\n    transform: translateX(-50%);\n    margin-left: 0px;\n  }\n}\n.carousel-shortcode.carousel-shortcode-id-6a01f7bf88959f5cb861d1094637628d .owl-dot {\n  width: 14px;\n  height: 14px;\n  margin: 0 7.5px;\n}\n.bullets-scale-up.carousel-shortcode.carousel-shortcode-id-6a01f7bf88959f5cb861d1094637628d .owl-dot:not(.active):hover span,\n.bullets-scale-up.carousel-shortcode.carousel-shortcode-id-6a01f7bf88959f5cb861d1094637628d .owl-dot.active span {\n  background: #bcce0d;\n}\n.bullets-stroke.carousel-shortcode.carousel-shortcode-id-6a01f7bf88959f5cb861d1094637628d .owl-dot:not(.active):hover span {\n  background: #bcce0d;\n}\n.bullets-stroke.carousel-shortcode.carousel-shortcode-id-6a01f7bf88959f5cb861d1094637628d .owl-dot.active span {\n  box-shadow: 0 0 0 2px #bcce0d;\n}\n.bullets-fill-in.carousel-shortcode.carousel-shortcode-id-6a01f7bf88959f5cb861d1094637628d .owl-dot:not(.active):hover span {\n  box-shadow: inset 0 0 0 2px #bcce0d;\n}\n.bullets-fill-in.carousel-shortcode.carousel-shortcode-id-6a01f7bf88959f5cb861d1094637628d .owl-dot.active span {\n  box-shadow: inset 0 0 0 20px #bcce0d;\n}\n.bullets-small-dot-stroke.carousel-shortcode.carousel-shortcode-id-6a01f7bf88959f5cb861d1094637628d .owl-dot:not(.active):hover span,\n.bullets-small-dot-stroke.carousel-shortcode.carousel-shortcode-id-6a01f7bf88959f5cb861d1094637628d .owl-dot.active span {\n  background: #bcce0d;\n}\n.bullets-small-dot-stroke.carousel-shortcode.carousel-shortcode-id-6a01f7bf88959f5cb861d1094637628d .owl-dot.active {\n  box-shadow: 0 0 0 2px #bcce0d;\n}\n.bullets-ubax.carousel-shortcode.carousel-shortcode-id-6a01f7bf88959f5cb861d1094637628d .owl-dot.active span {\n  border-color: #bcce0d;\n}\n.bullets-ubax.carousel-shortcode.carousel-shortcode-id-6a01f7bf88959f5cb861d1094637628d .owl-dot:not(.active):hover span {\n  background: #bcce0d;\n}\n.bullets-etefu.carousel-shortcode.carousel-shortcode-id-6a01f7bf88959f5cb861d1094637628d .owl-dot:not(.active):hover span {\n  background: #bcce0d;\n}\n.bullets-etefu.carousel-shortcode.carousel-shortcode-id-6a01f7bf88959f5cb861d1094637628d .owl-dot span:before {\n  background: #bcce0d;\n}\n.accent-gradient .bullets-etefu.carousel-shortcode.carousel-shortcode-id-6a01f7bf88959f5cb861d1094637628d .owl-dot span:before {\n  background: #bcce0d;\n}\n@media screen and (max-width: 778px) {\n  .carousel-shortcode.carousel-shortcode-id-6a01f7bf88959f5cb861d1094637628d.hide-arrows .owl-nav a {\n    display: none;\n  }\n}\n@media screen and (max-width: 778px) {\n  .carousel-shortcode.carousel-shortcode-id-6a01f7bf88959f5cb861d1094637628d.reposition-arrows .owl-nav .owl-prev {\n    top: 50%;\n    transform: translateY(calc(-50% + 0px));\n    left: -25px;\n  }\n  .carousel-shortcode.carousel-shortcode-id-6a01f7bf88959f5cb861d1094637628d.reposition-arrows .owl-nav .owl-next {\n    top: 50%;\n    transform: translateY(calc(-50% + 0px));\n    right: -25px;\n  }\n}\n@media screen and (max-width: 778px) and all and (-ms-high-contrast: none) {\n  .carousel-shortcode.carousel-shortcode-id-6a01f7bf88959f5cb861d1094637628d.reposition-arrows .owl-nav .owl-prev {\n    transform: translateY(-50%);\n    margin-top: 0px;\n  }\n}\n@media screen and (max-width: 778px) and all and (-ms-high-contrast: none) {\n  .carousel-shortcode.carousel-shortcode-id-6a01f7bf88959f5cb861d1094637628d.reposition-arrows .owl-nav .owl-next {\n    transform: translateY(-50%);\n    margin-top: 0px;\n  }\n}<\/style><div class=\"owl-carousel carousel-shortcode dt-owl-carousel-call carousel-shortcode-id-6a01f7bf88959f5cb861d1094637628d bullets-fill-in reposition-arrows arrows-bg-off dt-arrow-border-on dt-arrow-hover-border-on disable-arrows-hover-bg arrows-hover-bg-off  vc_custom_1574782015010 \" data-scroll-mode=\"1\" data-col-num=\"2\" data-wide-col-num=\"2\" data-laptop-col=\"2\" data-h-tablet-columns-num=\"2\" data-v-tablet-columns-num=\"1\" data-phone-columns-num=\"1\" data-auto-height=\"true\" data-col-gap=\"30\" data-stage-padding=\"0\" data-speed=\"600\" data-autoplay=\"false\" data-autoplay_speed=\"6000\" data-arrows=\"true\" data-bullet=\"true\" data-next-icon=\"icon-ar-023-r\" data-prev-icon=\"icon-ar-023-l\">[vc_row_inner css=\u00bb.vc_custom_1492522036277{padding-right: 25px !important;padding-left: 25px !important;}\u00bb][vc_column_inner css=\u00bb.vc_custom_1492521682238{padding-top: 0px !important;padding-right: 0px !important;padding-bottom: 0px !important;padding-left: 0px !important;}\u00bb]<style type=\"text\/css\" data-type=\"the7_shortcodes-inline-css\">.shortcode-single-image-wrap.shortcode-single-image-8e62cafabdb0d2cd6e50f1811bd2eccb.enable-bg-rollover .rollover i,\n.shortcode-single-image-wrap.shortcode-single-image-8e62cafabdb0d2cd6e50f1811bd2eccb.enable-bg-rollover .rollover-video i {\n  background: -webkit-linear-gradient();\n  background: linear-gradient();\n}\n.shortcode-single-image-wrap.shortcode-single-image-8e62cafabdb0d2cd6e50f1811bd2eccb .rollover-icon {\n  font-size: 32px;\n  color: #ffffff;\n  min-width: 44px;\n  min-height: 44px;\n  line-height: 44px;\n  border-radius: 100px;\n  border-style: solid;\n  border-width: 0px;\n}\n.dt-icon-bg-on.shortcode-single-image-wrap.shortcode-single-image-8e62cafabdb0d2cd6e50f1811bd2eccb .rollover-icon {\n  background: rgba(255,255,255,0.3);\n  box-shadow: none;\n}<\/style><div class=\"shortcode-single-image-wrap shortcode-single-image-8e62cafabdb0d2cd6e50f1811bd2eccb alignnone  enable-bg-rollover dt-icon-bg-off\" style=\"margin-top:0px; margin-bottom:0px; margin-left:0px; margin-right:0px; width:1200px;\"><div class=\"shortcode-single-image\"><div class=\"fancy-media-wrap  layzr-bg\" style=\"\"><img decoding=\"async\" class=\"preload-me lazy-load aspect\" src=\"data:image\/svg+xml,%3Csvg%20xmlns%3D&#39;http%3A%2F%2Fwww.w3.org%2F2000%2Fsvg&#39;%20viewBox%3D&#39;0%200%20649%20433&#39;%2F%3E\" data-src=\"https:\/\/web.escudoweb.com\/wp-content\/uploads\/2019\/11\/google.png\" data-srcset=\"https:\/\/web.escudoweb.com\/wp-content\/uploads\/2019\/11\/google.png 649w\" loading=\"eager\" sizes=\"(max-width: 649px) 100vw, 649px\" width=\"649\" height=\"433\"  data-dt-location=\"https:\/\/web.escudoweb.com\/index.php\/es\/home\/google\/\" style=\"--ratio: 649 \/ 433;\" alt=\"\" \/><\/div><\/div><\/div>[\/vc_column_inner][vc_column_inner css=\u00bb.vc_custom_1492525519293{padding-top: 25px !important;padding-right: 30px !important;padding-bottom: 30px !important;padding-left: 30px !important;background-color: #ffffff !important;}\u00bb]<div id=\"ultimate-heading-900969f2b9fdd3364\" class=\"uvc-heading ult-adjust-bottom-margin ultimate-heading-900969f2b9fdd3364 uvc-2437 \" data-hspacer=\"no_spacer\"  data-halign=\"left\" style=\"text-align:left\"><div class=\"uvc-heading-spacer no_spacer\" style=\"top\"><\/div><\/div>[vc_empty_space height=\u00bb20px\u00bb][\/vc_column_inner][\/vc_row_inner][vc_row_inner css=\u00bb.vc_custom_1492522036277{padding-right: 25px !important;padding-left: 25px !important;}\u00bb][vc_column_inner css=\u00bb.vc_custom_1492521682238{padding-top: 0px !important;padding-right: 0px !important;padding-bottom: 0px !important;padding-left: 0px !important;}\u00bb]<style type=\"text\/css\" data-type=\"the7_shortcodes-inline-css\">.shortcode-single-image-wrap.shortcode-single-image-e84398e38b8a86e1ffcf8fdde7dff50e.enable-bg-rollover .rollover i,\n.shortcode-single-image-wrap.shortcode-single-image-e84398e38b8a86e1ffcf8fdde7dff50e.enable-bg-rollover .rollover-video i {\n  background: -webkit-linear-gradient();\n  background: linear-gradient();\n}\n.shortcode-single-image-wrap.shortcode-single-image-e84398e38b8a86e1ffcf8fdde7dff50e .rollover-icon {\n  font-size: 32px;\n  color: #ffffff;\n  min-width: 44px;\n  min-height: 44px;\n  line-height: 44px;\n  border-radius: 100px;\n  border-style: solid;\n  border-width: 0px;\n}\n.dt-icon-bg-on.shortcode-single-image-wrap.shortcode-single-image-e84398e38b8a86e1ffcf8fdde7dff50e .rollover-icon {\n  background: rgba(255,255,255,0.3);\n  box-shadow: none;\n}<\/style><div class=\"shortcode-single-image-wrap shortcode-single-image-e84398e38b8a86e1ffcf8fdde7dff50e alignnone  enable-bg-rollover dt-icon-bg-off\" style=\"margin-top:0px; margin-bottom:0px; margin-left:0px; margin-right:0px; width:1200px;\"><div class=\"shortcode-single-image\"><div class=\"fancy-media-wrap  layzr-bg\" style=\"\"><img decoding=\"async\" class=\"preload-me lazy-load aspect\" src=\"data:image\/svg+xml,%3Csvg%20xmlns%3D&#39;http%3A%2F%2Fwww.w3.org%2F2000%2Fsvg&#39;%20viewBox%3D&#39;0%200%20649%20433&#39;%2F%3E\" data-src=\"https:\/\/web.escudoweb.com\/wp-content\/uploads\/2019\/11\/microsoft.png\" data-srcset=\"https:\/\/web.escudoweb.com\/wp-content\/uploads\/2019\/11\/microsoft.png 649w\" loading=\"eager\" sizes=\"(max-width: 649px) 100vw, 649px\" width=\"649\" height=\"433\"  data-dt-location=\"https:\/\/web.escudoweb.com\/index.php\/es\/home\/microsoft\/\" style=\"--ratio: 649 \/ 433;\" alt=\"\" \/><\/div><\/div><\/div>[\/vc_column_inner][vc_column_inner css=\u00bb.vc_custom_1492525519293{padding-top: 25px !important;padding-right: 30px !important;padding-bottom: 30px !important;padding-left: 30px !important;background-color: #ffffff !important;}\u00bb]<div id=\"ultimate-heading-28569f2b9fdd4338\" class=\"uvc-heading ult-adjust-bottom-margin ultimate-heading-28569f2b9fdd4338 uvc-9601 \" data-hspacer=\"no_spacer\"  data-halign=\"left\" style=\"text-align:left\"><div class=\"uvc-heading-spacer no_spacer\" style=\"top\"><\/div><\/div>[vc_empty_space height=\u00bb20px\u00bb][\/vc_column_inner][\/vc_row_inner]<\/div>[\/vc_column][\/vc_row][vc_row disable_element=\u00bbyes\u00bb bg_type=\u00bbimage\u00bb parallax_style=\u00bbvcpb-default\u00bb bg_image_new=\u00bbid^1791|url^https:\/\/web.escudoweb.com\/wp-content\/uploads\/2020\/02\/19366-1-scaled.jpg|caption^Escudo Web Background|alt^Escudo Web Background|title^Escudo Web Background|description^null\u00bb bg_image_repeat=\u00bbno-repeat\u00bb bg_img_attach=\u00bbfixed\u00bb bg_override=\u00bbex-full\u00bb enable_overlay=\u00bbenable_overlay_value\u00bb overlay_color=\u00bbrgba(0,0,0,0.6)\u00bb type=\u00bbvc_default\u00bb css=\u00bb.vc_custom_1642672619931{padding-top: 70px !important;padding-bottom: 70px !important;}\u00bb el_id=\u00bbequipo\u00bb][vc_column offset=\u00bbvc_col-lg-offset-2 vc_col-lg-8 vc_col-md-offset-1 vc_col-md-10 vc_col-sm-offset-0&#8243; css=\u00bb.vc_custom_1492587550394{padding-bottom: 70px !important;}\u00bb]<div id=\"ultimate-heading-983169f2b9fdd4423\" class=\"uvc-heading ult-adjust-bottom-margin ultimate-heading-983169f2b9fdd4423 uvc-7978 accent-border-color accent-subtitle-color\" data-hspacer=\"no_spacer\"  data-halign=\"center\" style=\"text-align:center\"><div class=\"uvc-heading-spacer no_spacer\" style=\"top\"><\/div><div class=\"uvc-main-heading ult-responsive\"  data-ultimate-target='.uvc-heading.ultimate-heading-983169f2b9fdd4423 h2'  data-responsive-json-new='{\"font-size\":\"desktop:40px;\",\"line-height\":\"desktop:50px;\"}' ><h2 style=\"font-family:&#039;Ubuntu&#039;;font-weight:300;color:#ffffff;\">Our Team<\/h2><\/div><\/div>[\/vc_column][vc_column]<style type=\"text\/css\" data-type=\"the7_shortcodes-inline-css\">.carousel-shortcode.carousel-shortcode-id-3ca5e2a5e94a6c0ce8b1ca9eb8ca5237.owl-carousel .owl-nav div {\n  width: 36px;\n  height: 36px;\n  border-radius: 500px;\n}\n.dt-arrow-border-on.carousel-shortcode.carousel-shortcode-id-3ca5e2a5e94a6c0ce8b1ca9eb8ca5237.owl-carousel .owl-nav div:not(:hover):before {\n  border-width: 0px;\n}\n.dt-arrow-hover-border-on.carousel-shortcode.carousel-shortcode-id-3ca5e2a5e94a6c0ce8b1ca9eb8ca5237.owl-carousel .owl-nav div:hover:after {\n  border-width: 0px;\n}\n.carousel-shortcode.carousel-shortcode-id-3ca5e2a5e94a6c0ce8b1ca9eb8ca5237.owl-carousel .owl-nav div.owl-prev {\n  top: 50%;\n  transform: translateY(calc(-50% + 0px));\n  left: -50px;\n}\n@media all and (-ms-high-contrast: none) {\n  .carousel-shortcode.carousel-shortcode-id-3ca5e2a5e94a6c0ce8b1ca9eb8ca5237.owl-carousel .owl-nav div.owl-prev {\n    transform: translateY(-50%);\n    margin-top: 0px;\n  }\n}\n.carousel-shortcode.carousel-shortcode-id-3ca5e2a5e94a6c0ce8b1ca9eb8ca5237.owl-carousel .owl-nav div.owl-prev i {\n  padding: 0px 0px 0px 0px;\n}\n.carousel-shortcode.carousel-shortcode-id-3ca5e2a5e94a6c0ce8b1ca9eb8ca5237.owl-carousel .owl-nav div.owl-next {\n  top: 50%;\n  transform: translateY(calc(-50% + 0px));\n  right: -50px;\n}\n@media all and (-ms-high-contrast: none) {\n  .carousel-shortcode.carousel-shortcode-id-3ca5e2a5e94a6c0ce8b1ca9eb8ca5237.owl-carousel .owl-nav div.owl-next {\n    transform: translateY(-50%);\n    margin-top: 0px;\n  }\n}\n.carousel-shortcode.carousel-shortcode-id-3ca5e2a5e94a6c0ce8b1ca9eb8ca5237.owl-carousel .owl-nav div.owl-next i {\n  padding: 0px 0px 0px 0px;\n}\n.carousel-shortcode.carousel-shortcode-id-3ca5e2a5e94a6c0ce8b1ca9eb8ca5237.owl-carousel .owl-nav i {\n  font-size: 30px;\n}\n.carousel-shortcode.carousel-shortcode-id-3ca5e2a5e94a6c0ce8b1ca9eb8ca5237.owl-carousel .owl-nav div:hover i,\n.carousel-shortcode.carousel-shortcode-id-3ca5e2a5e94a6c0ce8b1ca9eb8ca5237.owl-carousel .owl-nav div:hover i:before {\n  color: #0ba8cd;\n  background: none;\n}\n.carousel-shortcode.carousel-shortcode-id-3ca5e2a5e94a6c0ce8b1ca9eb8ca5237 .owl-dots {\n  top: calc(100% + 30px);\n  left: 50%;\n  transform: translateX(calc(-50% + 0px));\n}\n@media all and (-ms-high-contrast: none) {\n  .carousel-shortcode.carousel-shortcode-id-3ca5e2a5e94a6c0ce8b1ca9eb8ca5237 .owl-dots {\n    transform: translateX(-50%);\n    margin-left: 0px;\n  }\n}\n.carousel-shortcode.carousel-shortcode-id-3ca5e2a5e94a6c0ce8b1ca9eb8ca5237 .owl-dot {\n  width: 14px;\n  height: 14px;\n  margin: 0 7.5px;\n}\n.bullets-scale-up.carousel-shortcode.carousel-shortcode-id-3ca5e2a5e94a6c0ce8b1ca9eb8ca5237 .owl-dot:not(.active):not(:hover) span {\n  background: #bcce10;\n}\n.bullets-stroke.carousel-shortcode.carousel-shortcode-id-3ca5e2a5e94a6c0ce8b1ca9eb8ca5237 .owl-dot:not(.active):not(:hover) span {\n  background: #bcce10;\n}\n.bullets-fill-in.carousel-shortcode.carousel-shortcode-id-3ca5e2a5e94a6c0ce8b1ca9eb8ca5237 .owl-dot:not(.active):not(:hover) span {\n  box-shadow: inset 0 0 0 2px #bcce10;\n}\n.bullets-small-dot-stroke.carousel-shortcode.carousel-shortcode-id-3ca5e2a5e94a6c0ce8b1ca9eb8ca5237 .owl-dot:not(.active):not(:hover) span {\n  background: #bcce10;\n}\n.bullets-ubax.carousel-shortcode.carousel-shortcode-id-3ca5e2a5e94a6c0ce8b1ca9eb8ca5237 .owl-dot span {\n  background: #bcce10;\n}\n.bullets-etefu.carousel-shortcode.carousel-shortcode-id-3ca5e2a5e94a6c0ce8b1ca9eb8ca5237 .owl-dot span {\n  background: #bcce10;\n}\n@media screen and (max-width: 778px) {\n  .carousel-shortcode.carousel-shortcode-id-3ca5e2a5e94a6c0ce8b1ca9eb8ca5237.hide-arrows .owl-nav a {\n    display: none;\n  }\n}\n@media screen and (max-width: 778px) {\n  .carousel-shortcode.carousel-shortcode-id-3ca5e2a5e94a6c0ce8b1ca9eb8ca5237.reposition-arrows .owl-nav .owl-prev {\n    top: 50%;\n    transform: translateY(calc(-50% + 0px));\n    left: -25px;\n  }\n  .carousel-shortcode.carousel-shortcode-id-3ca5e2a5e94a6c0ce8b1ca9eb8ca5237.reposition-arrows .owl-nav .owl-next {\n    top: 50%;\n    transform: translateY(calc(-50% + 0px));\n    right: -25px;\n  }\n}\n@media screen and (max-width: 778px) and all and (-ms-high-contrast: none) {\n  .carousel-shortcode.carousel-shortcode-id-3ca5e2a5e94a6c0ce8b1ca9eb8ca5237.reposition-arrows .owl-nav .owl-prev {\n    transform: translateY(-50%);\n    margin-top: 0px;\n  }\n}\n@media screen and (max-width: 778px) and all and (-ms-high-contrast: none) {\n  .carousel-shortcode.carousel-shortcode-id-3ca5e2a5e94a6c0ce8b1ca9eb8ca5237.reposition-arrows .owl-nav .owl-next {\n    transform: translateY(-50%);\n    margin-top: 0px;\n  }\n}<\/style><div class=\"owl-carousel carousel-shortcode dt-owl-carousel-call carousel-shortcode-id-3ca5e2a5e94a6c0ce8b1ca9eb8ca5237 bullets-fill-in reposition-arrows arrows-bg-off dt-arrow-border-on dt-arrow-hover-border-on disable-arrows-hover-bg arrows-hover-bg-off  vc_custom_1574697816966 \" data-scroll-mode=\"1\" data-col-num=\"5\" data-wide-col-num=\"5\" data-laptop-col=\"3\" data-h-tablet-columns-num=\"2\" data-v-tablet-columns-num=\"1\" data-phone-columns-num=\"1\" data-auto-height=\"true\" data-col-gap=\"10\" data-stage-padding=\"0\" data-speed=\"600\" data-autoplay=\"false\" data-autoplay_speed=\"6000\" data-arrows=\"true\" data-bullet=\"true\" data-next-icon=\"icon-ar-023-r\" data-prev-icon=\"icon-ar-023-l\">[vc_row_inner][vc_column_inner]<style type=\"text\/css\" data-type=\"the7_shortcodes-inline-css\">.shortcode-single-image-wrap.shortcode-single-image-53e76971395d6309a68209e5c3065a00.enable-bg-rollover .rollover i,\n.shortcode-single-image-wrap.shortcode-single-image-53e76971395d6309a68209e5c3065a00.enable-bg-rollover .rollover-video i {\n  background: -webkit-linear-gradient();\n  background: linear-gradient();\n}\n.shortcode-single-image-wrap.shortcode-single-image-53e76971395d6309a68209e5c3065a00 .rollover-icon {\n  font-size: 32px;\n  color: #ffffff;\n  min-width: 44px;\n  min-height: 44px;\n  line-height: 44px;\n  border-radius: 100px;\n  border-style: solid;\n  border-width: 0px;\n}\n.dt-icon-bg-on.shortcode-single-image-wrap.shortcode-single-image-53e76971395d6309a68209e5c3065a00 .rollover-icon {\n  background: rgba(255,255,255,0.3);\n  box-shadow: none;\n}<\/style><div class=\"shortcode-single-image-wrap shortcode-single-image-53e76971395d6309a68209e5c3065a00 alignnone  vc_custom_1574184825316 enable-bg-rollover dt-icon-bg-off\" ><div class=\"shortcode-single-image\"><div class=\"fancy-media-wrap  layzr-bg\" style=\"border-radius:500px;\"><img decoding=\"async\" class=\"preload-me lazy-load aspect\" src=\"data:image\/svg+xml,%3Csvg%20xmlns%3D&#39;http%3A%2F%2Fwww.w3.org%2F2000%2Fsvg&#39;%20viewBox%3D&#39;0%200%20150%20150&#39;%2F%3E\" data-src=\"https:\/\/web.escudoweb.com\/wp-content\/uploads\/2019\/11\/carlos5-150x150.png\" data-srcset=\"https:\/\/web.escudoweb.com\/wp-content\/uploads\/2019\/11\/carlos5-150x150.png 150w, https:\/\/web.escudoweb.com\/wp-content\/uploads\/2019\/11\/carlos5-300x300.png 300w\" loading=\"eager\" sizes=\"(max-width: 150px) 100vw, 150px\" width=\"150\" height=\"150\"  data-dt-location=\"https:\/\/web.escudoweb.com\/index.php\/es\/home\/carlos5\/\" style=\"--ratio: 150 \/ 150;border-radius:500px;\" alt=\"\" \/><\/div><\/div><\/div><div id=\"ultimate-heading-529669f2b9fdd6172\" class=\"uvc-heading ult-adjust-bottom-margin ultimate-heading-529669f2b9fdd6172 uvc-2518 accent-subtitle-color\" data-hspacer=\"no_spacer\"  data-halign=\"center\" style=\"text-align:center\"><div class=\"uvc-heading-spacer no_spacer\" style=\"top\"><\/div><div class=\"uvc-main-heading ult-responsive\"  data-ultimate-target='.uvc-heading.ultimate-heading-529669f2b9fdd6172 h2'  data-responsive-json-new='{\"font-size\":\"desktop:18px;\",\"line-height\":\"desktop:28px;\"}' ><h2 style=\"font-family:&#039;Ubuntu&#039;;font-weight:300;color:#ffffff;\">Carlos Rueda<\/h2><\/div><div class=\"uvc-sub-heading ult-responsive\"  data-ultimate-target='.uvc-heading.ultimate-heading-529669f2b9fdd6172 .uvc-sub-heading '  data-responsive-json-new='{\"font-size\":\"desktop:14px;\",\"line-height\":\"desktop:26px;\"}'  style=\"font-family:&#039;Roboto Slab&#039;;font-weight:700;margin-bottom:20px;\">CEO &amp; founder<\/div><\/div>[vc_column_text][\/vc_column_text][\/vc_column_inner][\/vc_row_inner][vc_row_inner][vc_column_inner]<style type=\"text\/css\" data-type=\"the7_shortcodes-inline-css\">.shortcode-single-image-wrap.shortcode-single-image-2d27c65267942a2918f76d1e673fe45e.enable-bg-rollover .rollover i,\n.shortcode-single-image-wrap.shortcode-single-image-2d27c65267942a2918f76d1e673fe45e.enable-bg-rollover .rollover-video i {\n  background: -webkit-linear-gradient();\n  background: linear-gradient();\n}\n.shortcode-single-image-wrap.shortcode-single-image-2d27c65267942a2918f76d1e673fe45e .rollover-icon {\n  font-size: 32px;\n  color: #ffffff;\n  min-width: 44px;\n  min-height: 44px;\n  line-height: 44px;\n  border-radius: 100px;\n  border-style: solid;\n  border-width: 0px;\n}\n.dt-icon-bg-on.shortcode-single-image-wrap.shortcode-single-image-2d27c65267942a2918f76d1e673fe45e .rollover-icon {\n  background: rgba(255,255,255,0.3);\n  box-shadow: none;\n}<\/style><div class=\"shortcode-single-image-wrap shortcode-single-image-2d27c65267942a2918f76d1e673fe45e alignnone  vc_custom_1574185833804 enable-bg-rollover dt-icon-bg-off\" ><div class=\"shortcode-single-image\"><div class=\"fancy-media-wrap  layzr-bg\" style=\"border-radius:500px;\"><img decoding=\"async\" class=\"preload-me lazy-load aspect\" src=\"data:image\/svg+xml,%3Csvg%20xmlns%3D&#39;http%3A%2F%2Fwww.w3.org%2F2000%2Fsvg&#39;%20viewBox%3D&#39;0%200%20150%20150&#39;%2F%3E\" data-src=\"https:\/\/web.escudoweb.com\/wp-content\/uploads\/2019\/11\/pablo4-150x150.png\" data-srcset=\"https:\/\/web.escudoweb.com\/wp-content\/uploads\/2019\/11\/pablo4-150x150.png 150w, https:\/\/web.escudoweb.com\/wp-content\/uploads\/2019\/11\/pablo4-255x255.png 255w\" loading=\"eager\" sizes=\"(max-width: 150px) 100vw, 150px\" width=\"150\" height=\"150\"  data-dt-location=\"https:\/\/web.escudoweb.com\/index.php\/es\/home\/pablo4\/\" style=\"--ratio: 150 \/ 150;border-radius:500px;\" alt=\"\" \/><\/div><\/div><\/div><div id=\"ultimate-heading-608569f2b9fdd799c\" class=\"uvc-heading ult-adjust-bottom-margin ultimate-heading-608569f2b9fdd799c uvc-9288 accent-subtitle-color\" data-hspacer=\"no_spacer\"  data-halign=\"center\" style=\"text-align:center\"><div class=\"uvc-heading-spacer no_spacer\" style=\"top\"><\/div><div class=\"uvc-main-heading ult-responsive\"  data-ultimate-target='.uvc-heading.ultimate-heading-608569f2b9fdd799c h2'  data-responsive-json-new='{\"font-size\":\"desktop:18px;\",\"line-height\":\"desktop:28px;\"}' ><h2 style=\"font-family:&#039;Ubuntu&#039;;font-weight:bold;color:#ffffff;\">Pablo Rueda<\/h2><\/div><div class=\"uvc-sub-heading ult-responsive\"  data-ultimate-target='.uvc-heading.ultimate-heading-608569f2b9fdd799c .uvc-sub-heading '  data-responsive-json-new='{\"font-size\":\"desktop:14px;\",\"line-height\":\"desktop:26px;\"}'  style=\"font-family:&#039;Roboto Slab&#039;;font-weight:700;margin-bottom:20px;\">CTO &amp; founder<\/div><\/div>[vc_column_text][\/vc_column_text][\/vc_column_inner][\/vc_row_inner][vc_row_inner][vc_column_inner]<style type=\"text\/css\" data-type=\"the7_shortcodes-inline-css\">.shortcode-single-image-wrap.shortcode-single-image-9b2c7ed12cfba7b46f9f95c30741a16e.enable-bg-rollover .rollover i,\n.shortcode-single-image-wrap.shortcode-single-image-9b2c7ed12cfba7b46f9f95c30741a16e.enable-bg-rollover .rollover-video i {\n  background: -webkit-linear-gradient();\n  background: linear-gradient();\n}\n.shortcode-single-image-wrap.shortcode-single-image-9b2c7ed12cfba7b46f9f95c30741a16e .rollover-icon {\n  font-size: 32px;\n  color: #ffffff;\n  min-width: 44px;\n  min-height: 44px;\n  line-height: 44px;\n  border-radius: 100px;\n  border-style: solid;\n  border-width: 0px;\n}\n.dt-icon-bg-on.shortcode-single-image-wrap.shortcode-single-image-9b2c7ed12cfba7b46f9f95c30741a16e .rollover-icon {\n  background: rgba(255,255,255,0.3);\n  box-shadow: none;\n}<\/style><div class=\"shortcode-single-image-wrap shortcode-single-image-9b2c7ed12cfba7b46f9f95c30741a16e alignnone  vc_custom_1593511449747 enable-bg-rollover dt-icon-bg-off\" ><div class=\"shortcode-single-image\"><div class=\"fancy-media-wrap  layzr-bg\" style=\"border-radius:500px;\"><img decoding=\"async\" class=\"preload-me lazy-load aspect\" src=\"data:image\/svg+xml,%3Csvg%20xmlns%3D&#39;http%3A%2F%2Fwww.w3.org%2F2000%2Fsvg&#39;%20viewBox%3D&#39;0%200%20150%20150&#39;%2F%3E\" data-src=\"https:\/\/web.escudoweb.com\/wp-content\/uploads\/2020\/06\/cesar-300x300-1-150x150.jpg\" data-srcset=\"https:\/\/web.escudoweb.com\/wp-content\/uploads\/2020\/06\/cesar-300x300-1-150x150.jpg 150w, https:\/\/web.escudoweb.com\/wp-content\/uploads\/2020\/06\/cesar-300x300-1.jpg 300w\" loading=\"eager\" sizes=\"(max-width: 150px) 100vw, 150px\" width=\"150\" height=\"150\"  data-dt-location=\"https:\/\/web.escudoweb.com\/index.php\/home-en\/cesar-300x300-2\/\" style=\"--ratio: 150 \/ 150;border-radius:500px;\" alt=\"\" \/><\/div><\/div><\/div><div id=\"ultimate-heading-820769f2b9fdd8f6c\" class=\"uvc-heading ult-adjust-bottom-margin ultimate-heading-820769f2b9fdd8f6c uvc-5969 accent-subtitle-color\" data-hspacer=\"no_spacer\"  data-halign=\"center\" style=\"text-align:center\"><div class=\"uvc-heading-spacer no_spacer\" style=\"top\"><\/div><div class=\"uvc-main-heading ult-responsive\"  data-ultimate-target='.uvc-heading.ultimate-heading-820769f2b9fdd8f6c h2'  data-responsive-json-new='{\"font-size\":\"desktop:18px;\",\"line-height\":\"desktop:28px;\"}' ><h2 style=\"font-family:&#039;Ubuntu&#039;;font-weight:bold;color:#ffffff;\">Julio Cesar Garc\u00eda<\/h2><\/div><div class=\"uvc-sub-heading ult-responsive\"  data-ultimate-target='.uvc-heading.ultimate-heading-820769f2b9fdd8f6c .uvc-sub-heading '  data-responsive-json-new='{\"font-size\":\"desktop:14px;\",\"line-height\":\"desktop:26px;\"}'  style=\"font-family:&#039;Roboto Slab&#039;;font-weight:700;margin-bottom:20px;\">Consultant &amp; investor<\/div><\/div>[vc_column_text][\/vc_column_text][\/vc_column_inner][\/vc_row_inner][vc_row_inner][vc_column_inner]<style type=\"text\/css\" data-type=\"the7_shortcodes-inline-css\">.shortcode-single-image-wrap.shortcode-single-image-13e9f974b2f00a923691eb13ec7a48d4.enable-bg-rollover .rollover i,\n.shortcode-single-image-wrap.shortcode-single-image-13e9f974b2f00a923691eb13ec7a48d4.enable-bg-rollover .rollover-video i {\n  background: -webkit-linear-gradient();\n  background: linear-gradient();\n}\n.shortcode-single-image-wrap.shortcode-single-image-13e9f974b2f00a923691eb13ec7a48d4 .rollover-icon {\n  font-size: 32px;\n  color: #ffffff;\n  min-width: 44px;\n  min-height: 44px;\n  line-height: 44px;\n  border-radius: 100px;\n  border-style: solid;\n  border-width: 0px;\n}\n.dt-icon-bg-on.shortcode-single-image-wrap.shortcode-single-image-13e9f974b2f00a923691eb13ec7a48d4 .rollover-icon {\n  background: rgba(255,255,255,0.3);\n  box-shadow: none;\n}<\/style><div class=\"shortcode-single-image-wrap shortcode-single-image-13e9f974b2f00a923691eb13ec7a48d4 alignnone  vc_custom_1574185175732 enable-bg-rollover dt-icon-bg-off\" ><div class=\"shortcode-single-image\"><div class=\"fancy-media-wrap  layzr-bg\" style=\"border-radius:500px;\"><img decoding=\"async\" class=\"preload-me lazy-load aspect\" src=\"data:image\/svg+xml,%3Csvg%20xmlns%3D&#39;http%3A%2F%2Fwww.w3.org%2F2000%2Fsvg&#39;%20viewBox%3D&#39;0%200%20150%20150&#39;%2F%3E\" data-src=\"https:\/\/web.escudoweb.com\/wp-content\/uploads\/2019\/11\/javier4-150x150.png\" data-srcset=\"https:\/\/web.escudoweb.com\/wp-content\/uploads\/2019\/11\/javier4-150x150.png 150w, https:\/\/web.escudoweb.com\/wp-content\/uploads\/2019\/11\/javier4-300x300.png 300w\" loading=\"eager\" sizes=\"(max-width: 150px) 100vw, 150px\" width=\"150\" height=\"150\"  data-dt-location=\"https:\/\/web.escudoweb.com\/index.php\/es\/home\/javier4\/\" style=\"--ratio: 150 \/ 150;border-radius:500px;\" alt=\"\" \/><\/div><\/div><\/div><div id=\"ultimate-heading-29569f2b9fdda22a\" class=\"uvc-heading ult-adjust-bottom-margin ultimate-heading-29569f2b9fdda22a uvc-2426 accent-subtitle-color\" data-hspacer=\"no_spacer\"  data-halign=\"center\" style=\"text-align:center\"><div class=\"uvc-heading-spacer no_spacer\" style=\"top\"><\/div><div class=\"uvc-main-heading ult-responsive\"  data-ultimate-target='.uvc-heading.ultimate-heading-29569f2b9fdda22a h2'  data-responsive-json-new='{\"font-size\":\"desktop:18px;\",\"line-height\":\"desktop:28px;\"}' ><h2 style=\"font-family:&#039;Ubuntu&#039;;font-weight:300;color:#ffffff;\">Javier Garc\u00eda<\/h2><\/div><div class=\"uvc-sub-heading ult-responsive\"  data-ultimate-target='.uvc-heading.ultimate-heading-29569f2b9fdda22a .uvc-sub-heading '  data-responsive-json-new='{\"font-size\":\"desktop:14px;\",\"line-height\":\"desktop:26px;\"}'  style=\"font-family:&#039;Roboto Slab&#039;;font-weight:700;margin-bottom:20px;\">Project Manager<\/div><\/div>[vc_column_text][\/vc_column_text][\/vc_column_inner][\/vc_row_inner][vc_row_inner][vc_column_inner]<style type=\"text\/css\" data-type=\"the7_shortcodes-inline-css\">.shortcode-single-image-wrap.shortcode-single-image-f8fdfdd5cfe05332dc1a1e1b3fe6f20e.enable-bg-rollover .rollover i,\n.shortcode-single-image-wrap.shortcode-single-image-f8fdfdd5cfe05332dc1a1e1b3fe6f20e.enable-bg-rollover .rollover-video i {\n  background: -webkit-linear-gradient();\n  background: linear-gradient();\n}\n.shortcode-single-image-wrap.shortcode-single-image-f8fdfdd5cfe05332dc1a1e1b3fe6f20e .rollover-icon {\n  font-size: 32px;\n  color: #ffffff;\n  min-width: 44px;\n  min-height: 44px;\n  line-height: 44px;\n  border-radius: 100px;\n  border-style: solid;\n  border-width: 0px;\n}\n.dt-icon-bg-on.shortcode-single-image-wrap.shortcode-single-image-f8fdfdd5cfe05332dc1a1e1b3fe6f20e .rollover-icon {\n  background: rgba(255,255,255,0.3);\n  box-shadow: none;\n}<\/style><div class=\"shortcode-single-image-wrap shortcode-single-image-f8fdfdd5cfe05332dc1a1e1b3fe6f20e alignnone  vc_custom_1574185932643 enable-bg-rollover dt-icon-bg-off\" ><div class=\"shortcode-single-image\"><div class=\"fancy-media-wrap  layzr-bg\" style=\"border-radius:500px;\"><img decoding=\"async\" class=\"preload-me lazy-load aspect\" src=\"data:image\/svg+xml,%3Csvg%20xmlns%3D&#39;http%3A%2F%2Fwww.w3.org%2F2000%2Fsvg&#39;%20viewBox%3D&#39;0%200%20150%20150&#39;%2F%3E\" data-src=\"https:\/\/web.escudoweb.com\/wp-content\/uploads\/2019\/11\/adri3-1-150x150.png\" data-srcset=\"https:\/\/web.escudoweb.com\/wp-content\/uploads\/2019\/11\/adri3-1-150x150.png 150w, https:\/\/web.escudoweb.com\/wp-content\/uploads\/2019\/11\/adri3-1-300x300.png 300w\" loading=\"eager\" sizes=\"(max-width: 150px) 100vw, 150px\" width=\"150\" height=\"150\"  data-dt-location=\"https:\/\/web.escudoweb.com\/index.php\/es\/home\/adri3-2\/\" style=\"--ratio: 150 \/ 150;border-radius:500px;\" alt=\"\" \/><\/div><\/div><\/div><div id=\"ultimate-heading-73269f2b9fddbbb2\" class=\"uvc-heading ult-adjust-bottom-margin ultimate-heading-73269f2b9fddbbb2 uvc-5407 accent-subtitle-color\" data-hspacer=\"no_spacer\"  data-halign=\"center\" style=\"text-align:center\"><div class=\"uvc-heading-spacer no_spacer\" style=\"top\"><\/div><div class=\"uvc-main-heading ult-responsive\"  data-ultimate-target='.uvc-heading.ultimate-heading-73269f2b9fddbbb2 h2'  data-responsive-json-new='{\"font-size\":\"desktop:18px;\",\"line-height\":\"desktop:28px;\"}' ><h2 style=\"font-family:&#039;Ubuntu&#039;;font-weight:300;color:#ffffff;\">Adri\u00e1n Portela<\/h2><\/div><div class=\"uvc-sub-heading ult-responsive\"  data-ultimate-target='.uvc-heading.ultimate-heading-73269f2b9fddbbb2 .uvc-sub-heading '  data-responsive-json-new='{\"font-size\":\"desktop:14px;\",\"line-height\":\"desktop:26px;\"}'  style=\"font-family:&#039;Roboto Slab&#039;;font-weight:700;margin-bottom:20px;\">Apps Developer<\/div><\/div>[vc_column_text][\/vc_column_text][\/vc_column_inner][\/vc_row_inner][vc_row_inner][vc_column_inner]<style type=\"text\/css\" data-type=\"the7_shortcodes-inline-css\">.shortcode-single-image-wrap.shortcode-single-image-c44a7d46c468fa7680bda76e09a6ad04.enable-bg-rollover .rollover i,\n.shortcode-single-image-wrap.shortcode-single-image-c44a7d46c468fa7680bda76e09a6ad04.enable-bg-rollover .rollover-video i {\n  background: -webkit-linear-gradient();\n  background: linear-gradient();\n}\n.shortcode-single-image-wrap.shortcode-single-image-c44a7d46c468fa7680bda76e09a6ad04 .rollover-icon {\n  font-size: 32px;\n  color: #ffffff;\n  min-width: 44px;\n  min-height: 44px;\n  line-height: 44px;\n  border-radius: 100px;\n  border-style: solid;\n  border-width: 0px;\n}\n.dt-icon-bg-on.shortcode-single-image-wrap.shortcode-single-image-c44a7d46c468fa7680bda76e09a6ad04 .rollover-icon {\n  background: rgba(255,255,255,0.3);\n  box-shadow: none;\n}<\/style><div class=\"shortcode-single-image-wrap shortcode-single-image-c44a7d46c468fa7680bda76e09a6ad04 alignnone  vc_custom_1574241476664 enable-bg-rollover dt-icon-bg-off\" ><div class=\"shortcode-single-image\"><div class=\"fancy-media-wrap  layzr-bg\" style=\"border-radius:500px;\"><img decoding=\"async\" class=\"preload-me lazy-load aspect\" src=\"data:image\/svg+xml,%3Csvg%20xmlns%3D&#39;http%3A%2F%2Fwww.w3.org%2F2000%2Fsvg&#39;%20viewBox%3D&#39;0%200%20150%20150&#39;%2F%3E\" data-src=\"https:\/\/web.escudoweb.com\/wp-content\/uploads\/2019\/11\/alexia-1-150x150.png\" data-srcset=\"https:\/\/web.escudoweb.com\/wp-content\/uploads\/2019\/11\/alexia-1-150x150.png 150w, https:\/\/web.escudoweb.com\/wp-content\/uploads\/2019\/11\/alexia-1-300x300.png 300w\" loading=\"eager\" sizes=\"(max-width: 150px) 100vw, 150px\" width=\"150\" height=\"150\"  data-dt-location=\"https:\/\/web.escudoweb.com\/index.php\/es\/home\/alexia-2\/\" style=\"--ratio: 150 \/ 150;border-radius:500px;\" alt=\"\" \/><\/div><\/div><\/div><div id=\"ultimate-heading-762369f2b9fddcf6a\" class=\"uvc-heading ult-adjust-bottom-margin ultimate-heading-762369f2b9fddcf6a uvc-9829 accent-subtitle-color\" data-hspacer=\"no_spacer\"  data-halign=\"center\" style=\"text-align:center\"><div class=\"uvc-heading-spacer no_spacer\" style=\"top\"><\/div><div class=\"uvc-main-heading ult-responsive\"  data-ultimate-target='.uvc-heading.ultimate-heading-762369f2b9fddcf6a h2'  data-responsive-json-new='{\"font-size\":\"desktop:18px;\",\"line-height\":\"desktop:28px;\"}' ><h2 style=\"font-family:&#039;Ubuntu&#039;;font-weight:300;color:#ffffff;\">Alexia Carrillo<\/h2><\/div><div class=\"uvc-sub-heading ult-responsive\"  data-ultimate-target='.uvc-heading.ultimate-heading-762369f2b9fddcf6a .uvc-sub-heading '  data-responsive-json-new='{\"font-size\":\"desktop:14px;\",\"line-height\":\"desktop:26px;\"}'  style=\"font-family:&#039;Roboto Slab&#039;;font-weight:700;margin-bottom:20px;\">Assistant to CEO<\/div><\/div>[vc_column_text][\/vc_column_text][\/vc_column_inner][\/vc_row_inner][vc_row_inner][vc_column_inner]<style type=\"text\/css\" data-type=\"the7_shortcodes-inline-css\">.shortcode-single-image-wrap.shortcode-single-image-35ba0eff74cc0bbf0ea6be80b8f79fda.enable-bg-rollover .rollover i,\n.shortcode-single-image-wrap.shortcode-single-image-35ba0eff74cc0bbf0ea6be80b8f79fda.enable-bg-rollover .rollover-video i {\n  background: -webkit-linear-gradient();\n  background: linear-gradient();\n}\n.shortcode-single-image-wrap.shortcode-single-image-35ba0eff74cc0bbf0ea6be80b8f79fda .rollover-icon {\n  font-size: 32px;\n  color: #ffffff;\n  min-width: 44px;\n  min-height: 44px;\n  line-height: 44px;\n  border-radius: 100px;\n  border-style: solid;\n  border-width: 0px;\n}\n.dt-icon-bg-on.shortcode-single-image-wrap.shortcode-single-image-35ba0eff74cc0bbf0ea6be80b8f79fda .rollover-icon {\n  background: rgba(255,255,255,0.3);\n  box-shadow: none;\n}<\/style><div class=\"shortcode-single-image-wrap shortcode-single-image-35ba0eff74cc0bbf0ea6be80b8f79fda alignnone  vc_custom_1574183789219 enable-bg-rollover dt-icon-bg-off\" ><div class=\"shortcode-single-image\"><div class=\"fancy-media-wrap  layzr-bg\" style=\"border-radius:500px;\"><img decoding=\"async\" class=\"preload-me lazy-load aspect\" src=\"data:image\/svg+xml,%3Csvg%20xmlns%3D&#39;http%3A%2F%2Fwww.w3.org%2F2000%2Fsvg&#39;%20viewBox%3D&#39;0%200%20150%20150&#39;%2F%3E\" data-src=\"https:\/\/web.escudoweb.com\/wp-content\/uploads\/2019\/11\/brian3-150x150.png\" data-srcset=\"https:\/\/web.escudoweb.com\/wp-content\/uploads\/2019\/11\/brian3-150x150.png 150w, https:\/\/web.escudoweb.com\/wp-content\/uploads\/2019\/11\/brian3-300x300.png 300w\" loading=\"eager\" sizes=\"(max-width: 150px) 100vw, 150px\" width=\"150\" height=\"150\"  data-dt-location=\"https:\/\/web.escudoweb.com\/index.php\/es\/home\/brian3\/\" style=\"--ratio: 150 \/ 150;border-radius:500px;\" alt=\"\" \/><\/div><\/div><\/div><div id=\"ultimate-heading-339669f2b9fdde432\" class=\"uvc-heading ult-adjust-bottom-margin ultimate-heading-339669f2b9fdde432 uvc-5200 accent-subtitle-color\" data-hspacer=\"no_spacer\"  data-halign=\"center\" style=\"text-align:center\"><div class=\"uvc-heading-spacer no_spacer\" style=\"top\"><\/div><div class=\"uvc-main-heading ult-responsive\"  data-ultimate-target='.uvc-heading.ultimate-heading-339669f2b9fdde432 h2'  data-responsive-json-new='{\"font-size\":\"desktop:18px;\",\"line-height\":\"desktop:28px;\"}' ><h2 style=\"font-family:&#039;Ubuntu&#039;;font-weight:300;color:#ffffff;\">Brian Douglas<\/h2><\/div><div class=\"uvc-sub-heading ult-responsive\"  data-ultimate-target='.uvc-heading.ultimate-heading-339669f2b9fdde432 .uvc-sub-heading '  data-responsive-json-new='{\"font-size\":\"desktop:14px;\",\"line-height\":\"desktop:26px;\"}'  style=\"font-family:&#039;Roboto Slab&#039;;font-weight:700;margin-bottom:20px;\">International Business Manager<\/div><\/div>[vc_column_text][\/vc_column_text][\/vc_column_inner][\/vc_row_inner][vc_row_inner][vc_column_inner]<style type=\"text\/css\" data-type=\"the7_shortcodes-inline-css\">.shortcode-single-image-wrap.shortcode-single-image-bae8194f9c7821a9fc445af82dcf4057.enable-bg-rollover .rollover i,\n.shortcode-single-image-wrap.shortcode-single-image-bae8194f9c7821a9fc445af82dcf4057.enable-bg-rollover .rollover-video i {\n  background: -webkit-linear-gradient();\n  background: linear-gradient();\n}\n.shortcode-single-image-wrap.shortcode-single-image-bae8194f9c7821a9fc445af82dcf4057 .rollover-icon {\n  font-size: 32px;\n  color: #ffffff;\n  min-width: 44px;\n  min-height: 44px;\n  line-height: 44px;\n  border-radius: 100px;\n  border-style: solid;\n  border-width: 0px;\n}\n.dt-icon-bg-on.shortcode-single-image-wrap.shortcode-single-image-bae8194f9c7821a9fc445af82dcf4057 .rollover-icon {\n  background: rgba(255,255,255,0.3);\n  box-shadow: none;\n}<\/style><div class=\"shortcode-single-image-wrap shortcode-single-image-bae8194f9c7821a9fc445af82dcf4057 alignnone  vc_custom_1574186686466 enable-bg-rollover dt-icon-bg-off\" ><div class=\"shortcode-single-image\"><div class=\"fancy-media-wrap  layzr-bg\" style=\"border-radius:500px;\"><img decoding=\"async\" class=\"preload-me lazy-load aspect\" src=\"data:image\/svg+xml,%3Csvg%20xmlns%3D&#39;http%3A%2F%2Fwww.w3.org%2F2000%2Fsvg&#39;%20viewBox%3D&#39;0%200%20150%20150&#39;%2F%3E\" data-src=\"https:\/\/web.escudoweb.com\/wp-content\/uploads\/2019\/11\/julio4-150x150.png\" data-srcset=\"https:\/\/web.escudoweb.com\/wp-content\/uploads\/2019\/11\/julio4-150x150.png 150w, https:\/\/web.escudoweb.com\/wp-content\/uploads\/2019\/11\/julio4-255x255.png 255w\" loading=\"eager\" sizes=\"(max-width: 150px) 100vw, 150px\" width=\"150\" height=\"150\"  data-dt-location=\"https:\/\/web.escudoweb.com\/index.php\/es\/home\/julio4\/\" style=\"--ratio: 150 \/ 150;border-radius:500px;\" alt=\"\" \/><\/div><\/div><\/div><div id=\"ultimate-heading-331269f2b9fddf58b\" class=\"uvc-heading ult-adjust-bottom-margin ultimate-heading-331269f2b9fddf58b uvc-3989 accent-subtitle-color\" data-hspacer=\"no_spacer\"  data-halign=\"center\" style=\"text-align:center\"><div class=\"uvc-heading-spacer no_spacer\" style=\"top\"><\/div><div class=\"uvc-main-heading ult-responsive\"  data-ultimate-target='.uvc-heading.ultimate-heading-331269f2b9fddf58b h2'  data-responsive-json-new='{\"font-size\":\"desktop:18px;\",\"line-height\":\"desktop:28px;\"}' ><h2 style=\"font-family:&#039;Ubuntu&#039;;font-weight:300;color:#ffffff;\">Julio Perete<\/h2><\/div><div class=\"uvc-sub-heading ult-responsive\"  data-ultimate-target='.uvc-heading.ultimate-heading-331269f2b9fddf58b .uvc-sub-heading '  data-responsive-json-new='{\"font-size\":\"desktop:14px;\",\"line-height\":\"desktop:26px;\"}'  style=\"font-family:&#039;Roboto Slab&#039;;font-weight:700;margin-bottom:20px;\">International Legal Advisor<\/div><\/div>[vc_column_text][\/vc_column_text][\/vc_column_inner][\/vc_row_inner][vc_row_inner][vc_column_inner]<style type=\"text\/css\" data-type=\"the7_shortcodes-inline-css\">.shortcode-single-image-wrap.shortcode-single-image-e14f552bd0a7a8f83a989418d12d74c6.enable-bg-rollover .rollover i,\n.shortcode-single-image-wrap.shortcode-single-image-e14f552bd0a7a8f83a989418d12d74c6.enable-bg-rollover .rollover-video i {\n  background: -webkit-linear-gradient();\n  background: linear-gradient();\n}\n.shortcode-single-image-wrap.shortcode-single-image-e14f552bd0a7a8f83a989418d12d74c6 .rollover-icon {\n  font-size: 32px;\n  color: #ffffff;\n  min-width: 44px;\n  min-height: 44px;\n  line-height: 44px;\n  border-radius: 100px;\n  border-style: solid;\n  border-width: 0px;\n}\n.dt-icon-bg-on.shortcode-single-image-wrap.shortcode-single-image-e14f552bd0a7a8f83a989418d12d74c6 .rollover-icon {\n  background: rgba(255,255,255,0.3);\n  box-shadow: none;\n}<\/style><div class=\"shortcode-single-image-wrap shortcode-single-image-e14f552bd0a7a8f83a989418d12d74c6 alignnone  vc_custom_1594721390371 enable-bg-rollover dt-icon-bg-off\" ><div class=\"shortcode-single-image\"><div class=\"fancy-media-wrap  layzr-bg\" style=\"border-radius:500px;\"><img decoding=\"async\" class=\"preload-me lazy-load aspect\" src=\"data:image\/svg+xml,%3Csvg%20xmlns%3D&#39;http%3A%2F%2Fwww.w3.org%2F2000%2Fsvg&#39;%20viewBox%3D&#39;0%200%20150%20150&#39;%2F%3E\" data-src=\"https:\/\/web.escudoweb.com\/wp-content\/uploads\/2020\/07\/javi_marin-150x150.jpg\" data-srcset=\"https:\/\/web.escudoweb.com\/wp-content\/uploads\/2020\/07\/javi_marin-150x150.jpg 150w, https:\/\/web.escudoweb.com\/wp-content\/uploads\/2020\/07\/javi_marin-255x255.jpg 255w\" loading=\"eager\" sizes=\"(max-width: 150px) 100vw, 150px\" width=\"150\" height=\"150\"  data-dt-location=\"https:\/\/web.escudoweb.com\/index.php\/home-en\/javi_marin\/\" style=\"--ratio: 150 \/ 150;border-radius:500px;\" alt=\"\" \/><\/div><\/div><\/div><div id=\"ultimate-heading-712069f2b9fde03f8\" class=\"uvc-heading ult-adjust-bottom-margin ultimate-heading-712069f2b9fde03f8 uvc-713 accent-subtitle-color\" data-hspacer=\"no_spacer\"  data-halign=\"center\" style=\"text-align:center\"><div class=\"uvc-heading-spacer no_spacer\" style=\"top\"><\/div><div class=\"uvc-main-heading ult-responsive\"  data-ultimate-target='.uvc-heading.ultimate-heading-712069f2b9fde03f8 h2'  data-responsive-json-new='{\"font-size\":\"desktop:18px;\",\"line-height\":\"desktop:28px;\"}' ><h2 style=\"font-family:&#039;Ubuntu&#039;;font-weight:300;color:#ffffff;\">Javier Mar\u00edn<\/h2><\/div><div class=\"uvc-sub-heading ult-responsive\"  data-ultimate-target='.uvc-heading.ultimate-heading-712069f2b9fde03f8 .uvc-sub-heading '  data-responsive-json-new='{\"font-size\":\"desktop:14px;\",\"line-height\":\"desktop:26px;\"}'  style=\"font-family:&#039;Roboto Slab&#039;;font-weight:700;margin-bottom:20px;\">Manager of Accounting<\/div><\/div>[vc_column_text][\/vc_column_text][\/vc_column_inner][\/vc_row_inner]<\/div>[\/vc_column][\/vc_row][vc_row equal_height=\u00bbyes\u00bb bg_type=\u00bbimage\u00bb parallax_style=\u00bbvcpb-default\u00bb bg_image_new=\u00bbid^1791|url^https:\/\/web.escudoweb.com\/wp-content\/uploads\/2020\/02\/19366-1-scaled.jpg|caption^Escudo Web Background|alt^Escudo Web Background|title^Escudo Web Background|description^null\u00bb bg_image_repeat=\u00bbno-repeat\u00bb bg_img_attach=\u00bbfixed\u00bb bg_override=\u00bbfull\u00bb enable_overlay=\u00bbenable_overlay_value\u00bb overlay_color=\u00bbrgba(0,0,0,0.75)\u00bb type=\u00bbvc_default\u00bb css=\u00bb.vc_custom_1581002586802{padding-top: 90px !important;padding-bottom: 90px !important;}\u00bb el_id=\u00bbcontact\u00bb][vc_column offset=\u00bbvc_col-lg-6 vc_col-md-6&#8243;]<div id=\"ultimate-heading-118669f2b9fde0552\" class=\"uvc-heading ult-adjust-bottom-margin ultimate-heading-118669f2b9fde0552 uvc-6892 accent-border-color accent-subtitle-color\" data-hspacer=\"no_spacer\"  data-halign=\"left\" style=\"text-align:left\"><div class=\"uvc-heading-spacer no_spacer\" style=\"top\"><\/div><div class=\"uvc-main-heading ult-responsive\"  data-ultimate-target='.uvc-heading.ultimate-heading-118669f2b9fde0552 h2'  data-responsive-json-new='{\"font-size\":\"desktop:50px;tablet_portrait:40px;\",\"line-height\":\"desktop:60px;tablet_portrait:50px;\"}' ><h2 style=\"font-family:&#039;Ubuntu&#039;;font-weight:300;color:#ffffff;margin-bottom:30px;\">Contact<\/h2><\/div><\/div><div class=\"aio-icon-component  vc_custom_1586882923059  dt-phone style_1\"><div id=\"Info-box-wrap-2746\" class=\"aio-icon-box default-icon\" style=\"\"  ><div class=\"aio-icon-default\"><div class=\"ult-just-icon-wrapper  \"><div class=\"align-icon\" style=\"text-align:center;\">\n<div class=\"aio-icon none \"  style=\"color:#ffffff;font-size:24px;display:inline-block;\">\n\t<i class=\"icomoon-font-awesome-14x14-phone\"><\/i>\n<\/div><\/div><\/div><\/div><div class=\"aio-icon-header\" ><h3 class=\"aio-icon-title ult-responsive\"  data-ultimate-target='#Info-box-wrap-2746 .aio-icon-title'  data-responsive-json-new='{\"font-size\":\"desktop:24px;\",\"line-height\":\"desktop:24px;\"}'  style=\"font-family:&#039;Ubuntu&#039;;font-weight:300;color:#ffffff;\">+34 925 801 038<\/h3><\/div> <!-- header --><\/div> <!-- aio-icon-box --><\/div> <!-- aio-icon-component --><div class=\"aio-icon-component  vc_custom_1586882936269   style_1\"><div id=\"Info-box-wrap-5550\" class=\"aio-icon-box default-icon\" style=\"\"  ><div class=\"aio-icon-default\"><div class=\"ult-just-icon-wrapper  \"><div class=\"align-icon\" style=\"text-align:center;\">\n<div class=\"aio-icon none \"  style=\"color:#ffffff;font-size:24px;display:inline-block;\">\n\t<i class=\"icomoon-font-awesome-14x14-envelope\"><\/i>\n<\/div><\/div><\/div><\/div><div class=\"aio-icon-header\" ><h3 class=\"aio-icon-title ult-responsive\"  data-ultimate-target='#Info-box-wrap-5550 .aio-icon-title'  data-responsive-json-new='{\"font-size\":\"desktop:18px;\",\"line-height\":\"desktop:24px;\"}'  style=\"font-family:&#039;Ubuntu&#039;;font-weight:300;color:#ffffff;\">contact@web.escudoweb.com<\/h3><\/div> <!-- header --><\/div> <!-- aio-icon-box --><\/div> <!-- aio-icon-component --><div class=\"aio-icon-component  vc_custom_1600256249587   style_1\"><div id=\"Info-box-wrap-1383\" class=\"aio-icon-box default-icon\" style=\"\"  ><div class=\"aio-icon-default\"><div class=\"ult-just-icon-wrapper  \"><div class=\"align-icon\" style=\"text-align:center;\">\n<div class=\"aio-icon none \"  style=\"color:#ffffff;font-size:24px;display:inline-block;\">\n\t<i class=\"icomoon-font-awesome-14x14-home\"><\/i>\n<\/div><\/div><\/div><\/div><div class=\"aio-icon-header\" ><h3 class=\"aio-icon-title ult-responsive\"  data-ultimate-target='#Info-box-wrap-1383 .aio-icon-title'  data-responsive-json-new='{\"font-size\":\"desktop:18px;\",\"line-height\":\"desktop:24px;\"}'  style=\"font-family:&#039;Ubuntu&#039;;font-weight:300;color:#ffffff;\">Calle Greco 2, oficina 3. 45600, Talavera de la Reina.<\/h3><\/div> <!-- header --><\/div> <!-- aio-icon-box --><\/div> <!-- aio-icon-component --><div class=\"aio-icon-component  vc_custom_1586882958191   style_1\"><div id=\"Info-box-wrap-1187\" class=\"aio-icon-box default-icon\" style=\"\"  ><div class=\"aio-icon-default\"><div class=\"ult-just-icon-wrapper  \"><div class=\"align-icon\" style=\"text-align:center;\">\n<div class=\"aio-icon none \"  style=\"color:#ffffff;font-size:24px;display:inline-block;\">\n\t<i class=\"icomoon-font-awesome-14x14-calendar\"><\/i>\n<\/div><\/div><\/div><\/div><div class=\"aio-icon-header\" ><h3 class=\"aio-icon-title ult-responsive\"  data-ultimate-target='#Info-box-wrap-1187 .aio-icon-title'  data-responsive-json-new='{\"font-size\":\"desktop:18px;\",\"line-height\":\"desktop:28px;\"}'  style=\"font-family:&#039;Ubuntu&#039;;font-weight:700;color:#ffffff;\">Monday to Friday: 09:00 to 14:00 and 16:00 to 19:00<\/h3><\/div> <!-- header --><\/div> <!-- aio-icon-box --><\/div> <!-- aio-icon-component --><div class=\"  uavc-icons \">\n<a class=\"aio-tooltip 69f2b9fde095f\" href=\"https:\/\/www.facebook.com\/EscudoWeb\/\" target=\"_blank\" rel=\"noopener\"  data-toggle=\"tooltip\" data-placement=\"top\" title=\"Facebook\"><div class=\"aio-icon circle \" data-animation=\"\" data-animation-delay=\"03\" style=\"color:#ffffff;background:#3d5ccc;font-size:24px;margin-right:5px;\">\n\t<i class=\"fab fa-facebook\"><\/i>\n<\/div><\/a>\n<a class=\"aio-tooltip 69f2b9fde0999\" href=\"https:\/\/twitter.com\/escudoweb?lang=es\" target=\"_blank\" rel=\"noopener\"  data-toggle=\"tooltip\" data-placement=\"top\" title=\"Twitter\"><div class=\"aio-icon circle \" data-animation=\"\" data-animation-delay=\"03\" style=\"color:#ffffff;background:#26b8d6;font-size:24px;margin-right:5px;\">\n\t<i class=\"fab fa-twitter\"><\/i>\n<\/div><\/a>\n<a class=\"aio-tooltip 69f2b9fde09c5\" href=\"https:\/\/es.linkedin.com\/company\/escudo-web-software-s-l-n-e-\" target=\"_blank\" rel=\"noopener\"  data-toggle=\"tooltip\" data-placement=\"top\" title=\"LinkedIn\"><div class=\"aio-icon circle \" data-animation=\"\" data-animation-delay=\"03\" style=\"color:#ffffff;background:#0e76a8;font-size:24px;margin-right:5px;\">\n\t<i class=\"fab fa-linkedin\"><\/i>\n<\/div><\/a>\n<a class=\"aio-tooltip 69f2b9fde09ee\" href=\"https:\/\/www.youtube.com\/user\/EscudoWeb\/\" target=\"_blank\" rel=\"noopener\"  data-toggle=\"tooltip\" data-placement=\"top\" title=\"YouTube\"><div class=\"aio-icon circle \" data-animation=\"\" data-animation-delay=\"03\" style=\"color:#ffffff;background:#cc2e2e;font-size:24px;margin-right:5px;\">\n\t<i class=\"fab fa-youtube\"><\/i>\n<\/div><\/a><\/div>[\/vc_column][vc_column offset=\u00bbvc_col-lg-6 vc_col-md-6&#8243;]\n<div class=\"wpcf7 no-js\" id=\"wpcf7-f1154-o1\" lang=\"en-GB\" dir=\"ltr\" data-wpcf7-id=\"1154\">\n<div class=\"screen-reader-response\"><p role=\"status\" aria-live=\"polite\" aria-atomic=\"true\"><\/p> <ul><\/ul><\/div>\n<form action=\"\/index.php\/wp-json\/wp\/v2\/pages\/1170#wpcf7-f1154-o1\" method=\"post\" class=\"wpcf7-form init\" aria-label=\"Contact form\" novalidate=\"novalidate\" data-status=\"init\">\n<fieldset class=\"hidden-fields-container\"><input type=\"hidden\" name=\"_wpcf7\" value=\"1154\" \/><input type=\"hidden\" name=\"_wpcf7_version\" value=\"6.1.4\" \/><input type=\"hidden\" name=\"_wpcf7_locale\" value=\"en_GB\" \/><input type=\"hidden\" name=\"_wpcf7_unit_tag\" value=\"wpcf7-f1154-o1\" \/><input type=\"hidden\" name=\"_wpcf7_container_post\" value=\"0\" \/><input type=\"hidden\" name=\"_wpcf7_posted_data_hash\" value=\"\" \/><input type=\"hidden\" name=\"_wpcf7_recaptcha_response\" value=\"\" \/>\n<\/fieldset>\n<p style=\"color:#FFFFFF\">Name*\n<\/p>\n<p><span class=\"wpcf7-form-control-wrap\" data-name=\"your-name\"><input size=\"40\" maxlength=\"400\" class=\"wpcf7-form-control wpcf7-text wpcf7-validates-as-required required\" aria-required=\"true\" aria-invalid=\"false\" value=\"\" type=\"text\" name=\"your-name\" \/><\/span>\n<\/p>\n<p style=\"color:#FFFFFF\">E-mail*\n<\/p>\n<p><span class=\"wpcf7-form-control-wrap\" data-name=\"your-mail\"><input size=\"40\" maxlength=\"400\" class=\"wpcf7-form-control wpcf7-email wpcf7-validates-as-required wpcf7-text wpcf7-validates-as-email required\" aria-required=\"true\" aria-invalid=\"false\" value=\"\" type=\"email\" name=\"your-mail\" \/><\/span>\n<\/p>\n<p style=\"color:#FFFFFF\">Product\/Reason for contact*\n<\/p>\n<p><span class=\"wpcf7-form-control-wrap\" data-name=\"select-subject\"><select class=\"wpcf7-form-control wpcf7-select wpcf7-validates-as-required required\" aria-required=\"true\" aria-invalid=\"false\" name=\"select-subject\"><option value=\"\">&#8212;Please choose an option&#8212;<\/option><option value=\"Escudo Web\">Escudo Web<\/option><option value=\"phoneKid\">phoneKid<\/option><option value=\"midess\">midess<\/option><option value=\"Lugus\">Lugus<\/option><option value=\"onTAB\">onTAB<\/option><option value=\"onCAP\">onCAP<\/option><option value=\"OnBook\">OnBook<\/option><option value=\"Learning Everywhere\">Learning Everywhere<\/option><option value=\"MDMBusiness\">MDMBusiness<\/option><option value=\"Another reason...\">Another reason...<\/option><\/select><\/span>\n<\/p>\n<p style=\"color:#FFFFFF\">Message\n<\/p>\n<p><span class=\"wpcf7-form-control-wrap\" data-name=\"your-message\"><textarea cols=\"40\" rows=\"6\" maxlength=\"2000\" class=\"wpcf7-form-control wpcf7-textarea wpcf7-validates-as-required required\" aria-required=\"true\" aria-invalid=\"false\" name=\"your-message\"><\/textarea><\/span>\n<\/p>\n<p style=\"color:#FFFFFF\";><span class=\"wpcf7-form-control-wrap\" data-name=\"policy-check\"><span class=\"wpcf7-form-control wpcf7-acceptance\"><span class=\"wpcf7-list-item\"><label><input type=\"checkbox\" name=\"policy-check\" value=\"1\" aria-invalid=\"false\" \/><span class=\"wpcf7-list-item-label\">I have read and accept the <a href=\"https:\/\/web.escudoweb.com\/rgpd\/en\" target=\"_blank\">Privacy Policy<\/a> and the <a href=\"https:\/\/web.escudoweb.com\/rgpd\/en\/legal.html\" target=\"_blank\">Legal Notice<\/a>.<\/span><\/label><\/span><\/span><\/span>\n<\/p>\n<p style=\"color:#FFFFFF\"><span class=\"wpcf7-form-control-wrap\" data-name=\"comunications\"><span class=\"wpcf7-form-control wpcf7-checkbox\"><span class=\"wpcf7-list-item first last\"><input type=\"checkbox\" name=\"comunications[]\" value=\"Yes, I authorize the sending of informative electronic communications by e-mail or any other equivalent electronic means.\" \/><span class=\"wpcf7-list-item-label\">Yes, I authorize the sending of informative electronic communications by e-mail or any other equivalent electronic means.<\/span><\/span><\/span><\/span>\n<\/p>\n<p><input class=\"wpcf7-form-control wpcf7-submit has-spinner\" type=\"submit\" value=\"Send\" \/>\n<\/p><div class=\"wpcf7-response-output\" aria-hidden=\"true\"><\/div>\n<\/form>\n<\/div>\n[vc_column_text]<\/p>\n<p style=\"text-align: center;\"><span style=\"color: #ffffff;\">BASIC INFORMATION ON DATA PROTECTION<\/span><\/p>\n<table class=\" alignleft\" style=\"border-collapse: collapse; width: 100%; height: 217px;\">\n<tbody>\n<tr style=\"height: 23px;\">\n<td style=\"width: 142px; height: 23px;\"><span style=\"font-size: 10pt; color: #ffffff;\">Responsible<\/span><\/td>\n<td style=\"width: 629px; height: 23px;\"><span style=\"font-size: 10pt; color: #ffffff;\">Escudo Web Software, S.L.<\/span><\/td>\n<\/tr>\n<tr style=\"height: 23px;\">\n<td style=\"width: 142px; height: 23px;\"><span style=\"font-size: 10pt; color: #ffffff;\">Purpose<\/span><\/td>\n<td style=\"width: 629px; height: 23px;\"><span style=\"font-size: 10pt; color: #ffffff;\">To process your data in order to manage your request and provide you with information or answer any questions you may have.<\/span><\/td>\n<\/tr>\n<tr style=\"height: 23px;\">\n<td style=\"width: 142px; height: 23px;\"><span style=\"font-size: 10pt; color: #ffffff;\">Legitimation<\/span><\/td>\n<td style=\"width: 629px; height: 23px;\"><span style=\"font-size: 10pt; color: #ffffff;\">Consent.<\/span><\/td>\n<\/tr>\n<tr style=\"height: 69px;\">\n<td style=\"width: 142px; height: 69px;\"><span style=\"font-size: 10pt; color: #ffffff;\">Target Group<\/span><\/td>\n<td style=\"width: 629px; height: 69px;\"><span style=\"font-size: 10pt; color: #ffffff;\">The data may be transferred to third parties who provide support to Escudo Web Software, S.L. in the preparation of the contact form, and always under a contract for the provision of services that includes the necessary data protection clauses.<\/span><\/td>\n<\/tr>\n<tr style=\"height: 69px;\">\n<td style=\"width: 142px; height: 69px;\"><span style=\"font-size: 10pt; color: #ffffff;\">Rights<\/span><\/td>\n<td style=\"width: 629px; height: 69px;\"><span style=\"font-size: 10pt; color: #ffffff;\">Access, rectification, deletion\/cancellation and portability of your data, and the limitation or opposition to their processing, as well as the right to withdraw consent under the RGPD, as explained in the additional information.<\/span><\/td>\n<\/tr>\n<tr style=\"height: 10px;\">\n<td style=\"width: 142px; height: 10px;\"><span style=\"font-size: 10pt; color: #ffffff;\">Further information<\/span><\/td>\n<td style=\"width: 629px; height: 10px;\"><span style=\"font-size: 10pt; color: #ffffff;\">You can consult additional and detailed information on Data Protection in our <a style=\"color: #ffffff;\" href=\"https:\/\/web.escudoweb.com\/rgpd\/en\" target=\"_blank\" rel=\"noopener noreferrer\">Privacy Policy<\/a><\/span><\/td>\n<\/tr>\n<\/tbody>\n<\/table>\n<p>[\/vc_column_text][\/vc_column][\/vc_row][vc_row equal_height=\u00bbyes\u00bb enable_overlay=\u00bbenable_overlay_value\u00bb overlay_color=\u00bbrgba(0,0,0,0.75)\u00bb type=\u00bbvc_default\u00bb css=\u00bb.vc_custom_1574682109288{padding-top: 90px !important;padding-bottom: 90px !important;}\u00bb][vc_column][vc_row_inner gap=\u00bb10&#8243;][vc_column_inner][vc_raw_html]JTNDZGl2JTIwdGl0bGUlM0QlMjJTZWxsbyUyMFBZTUUlMjBJTk5PVkFET1JBJTIwMjElMkYwNyUyRjIwMjMlMjIlMjBzdHlsZSUzRCUyMndpZHRoJTNBMjM4cHglM0J0ZXh0LWFsaWduJTNBY2VudGVyJTNCbWFyZ2luJTNBYXV0byUzQiUyMiUzRSUzQ2ElMjBzdHlsZSUzRCUyMnRleHQtZGVjb3JhdGlvbiUzQW5vbmUlM0IlMjIlMjB0YXJnZXQlM0QlMjJfYmxhbmslMjIlMjAlMjBocmVmJTNEJTIyaHR0cHMlM0ElMkYlMkZzZWRlLm1pY2lubi5nb2IuZXMlMkZweWlJTkZPJTJGYnVzY2FyUHlpLm1lYyUzRiUyNm5pZiUzREI0NTc3MTY5OCUyMiUyMCUyMHRpdGxlJTNEJTIyR28lMjB0byUyMCUyN0lubm92YXRpdmUlMjBTTUUlMjBzdGFtcCUyQyUyMHZhbGlkJTIwdW50aWwlMjBKdWx5JTIwMjFzdCUyMDIwMjMlMjAlMjclMjBpbiUyMGElMjBuZXclMjB0YWIlMjIlMjAlM0UlM0NkaXYlM0UlM0NpbWclMjBhbHQlM0QlMjJJbm5vdmF0aXZlJTIwU01FJTIwc3RhbXAlMkMlMjB2YWxpZCUyMHVudGlsJTIwSnVseSUyMDIxc3QlMjAyMDIzJTIyJTIwc3JjJTNEJTIyaHR0cHMlM0ElMkYlMkZzZWRlLm1pY2lubi5nb2IuZXMlMkZweWlJTkZPJTJGaW1hZ2VuZXMlMkZzZWxsby5qcGclMjIlMjAlMkYlM0UlM0MlMkZkaXYlM0UlM0NkaXYlMjBzdHlsZSUzRCUyMmNvbG9yJTNBJTIzMDAwMDAwJTNCdGV4dC1kZWNvcmF0aW9uJTNBJTIwbm9uZSUzQm1hcmdpbi10b3AlM0ExMHB4JTNCbWFyZ2luLWJvdHRvbSUzQTEwcHglM0IlMjIlM0UlM0NkaXYlMjBzdHlsZSUzRCUyMmZvbnQtd2VpZ2h0JTNBYm9sZCUzQmZvbnQtc2l6ZSUzQSUyMDE2cHglM0IlMjIlM0VJTk5PVkFUSVZFJTIwU01FJTNDJTJGZGl2JTNFJTNDZGl2JTIwc3R5bGUlM0QlMjJmb250LXNpemUlM0ElMjAxMHB4JTNCJTIyJTNFVmFsaWQlMjB1bnRpbCUyMEp1bHklMjAyMXN0JTIwMjAyMyUyMCUzQyUyRmRpdiUzRSUzQyUyRmRpdiUzRSUzQ2RpdiUzRSUzQ2ltZyUyMGFsdCUzRCUyMmVzY3VkbyUyMGRlJTIwTUVJQyUyMDIxJTJGMDclMkYyMDIzJTIyJTIwc3JjJTNEJTIyaHR0cHMlM0ElMkYlMkZzZWRlLm1pY2lubi5nb2IuZXMlMkZweWlJTkZPJTJGaW1hZ2VuZXMlMkZlc2N1ZG8uanBnJTIyJTJGJTNFJTNDJTJGZGl2JTNFJTNDJTJGYSUzRSUzQyUyRmRpdiUzRQ==[\/vc_raw_html][\/vc_column_inner][vc_column_inner width=\u00bb1\/4&#8243;]<style type=\"text\/css\" data-type=\"the7_shortcodes-inline-css\">.shortcode-single-image-wrap.shortcode-single-image-bcaa2d22c610b0f94ddeaf888a52b774.enable-bg-rollover .rollover i,\n.shortcode-single-image-wrap.shortcode-single-image-bcaa2d22c610b0f94ddeaf888a52b774.enable-bg-rollover .rollover-video i {\n  background: -webkit-linear-gradient();\n  background: linear-gradient();\n}\n.shortcode-single-image-wrap.shortcode-single-image-bcaa2d22c610b0f94ddeaf888a52b774 .rollover-icon {\n  font-size: 32px;\n  color: #ffffff;\n  min-width: 44px;\n  min-height: 44px;\n  line-height: 44px;\n  border-radius: 100px;\n  border-style: solid;\n  border-width: 0px;\n}\n.dt-icon-bg-on.shortcode-single-image-wrap.shortcode-single-image-bcaa2d22c610b0f94ddeaf888a52b774 .rollover-icon {\n  background: rgba(255,255,255,0.3);\n  box-shadow: none;\n}<\/style><div class=\"shortcode-single-image-wrap shortcode-single-image-bcaa2d22c610b0f94ddeaf888a52b774 alignnone  enable-bg-rollover dt-icon-bg-off\" style=\"margin-top:0px; margin-bottom:0px; margin-left:0px; margin-right:0px;\"><div class=\"shortcode-single-image\"><div class=\"fancy-media-wrap  layzr-bg\" style=\"\"><img decoding=\"async\" class=\"preload-me lazy-load aspect\" src=\"data:image\/svg+xml,%3Csvg%20xmlns%3D&#39;http%3A%2F%2Fwww.w3.org%2F2000%2Fsvg&#39;%20viewBox%3D&#39;0%200%20500%20202&#39;%2F%3E\" data-src=\"https:\/\/web.escudoweb.com\/wp-content\/uploads\/2019\/12\/FEDER_cofinanciado_generico.png\" data-srcset=\"https:\/\/web.escudoweb.com\/wp-content\/uploads\/2019\/12\/FEDER_cofinanciado_generico.png 500w\" loading=\"eager\" sizes=\"(max-width: 500px) 100vw, 500px\" width=\"500\" height=\"202\"  data-dt-location=\"https:\/\/web.escudoweb.com\/index.php\/home-en\/feder_cofinanciado_generico-2\/\" style=\"--ratio: 500 \/ 202;\" alt=\"\" \/><\/div><\/div><\/div>[\/vc_column_inner][vc_column_inner width=\u00bb1\/4&#8243;]<style type=\"text\/css\" data-type=\"the7_shortcodes-inline-css\">.shortcode-single-image-wrap.shortcode-single-image-0cda986febb9584f43ad8a84114521d7.enable-bg-rollover .rollover i,\n.shortcode-single-image-wrap.shortcode-single-image-0cda986febb9584f43ad8a84114521d7.enable-bg-rollover .rollover-video i {\n  background: -webkit-linear-gradient();\n  background: linear-gradient();\n}\n.shortcode-single-image-wrap.shortcode-single-image-0cda986febb9584f43ad8a84114521d7 .rollover-icon {\n  font-size: 32px;\n  color: #ffffff;\n  min-width: 44px;\n  min-height: 44px;\n  line-height: 44px;\n  border-radius: 100px;\n  border-style: solid;\n  border-width: 0px;\n}\n.dt-icon-bg-on.shortcode-single-image-wrap.shortcode-single-image-0cda986febb9584f43ad8a84114521d7 .rollover-icon {\n  background: rgba(255,255,255,0.3);\n  box-shadow: none;\n}<\/style><div class=\"shortcode-single-image-wrap shortcode-single-image-0cda986febb9584f43ad8a84114521d7 alignnone  enable-bg-rollover dt-icon-bg-off\" style=\"margin-top:0px; margin-bottom:0px; margin-left:0px; margin-right:0px;\"><div class=\"shortcode-single-image\"><div class=\"fancy-media-wrap  layzr-bg\" style=\"\"><img decoding=\"async\" class=\"preload-me lazy-load aspect\" src=\"data:image\/svg+xml,%3Csvg%20xmlns%3D&#39;http%3A%2F%2Fwww.w3.org%2F2000%2Fsvg&#39;%20viewBox%3D&#39;0%200%20542%20202&#39;%2F%3E\" data-src=\"https:\/\/web.escudoweb.com\/wp-content\/uploads\/2019\/11\/gob_minetur_red_online.png\" data-srcset=\"https:\/\/web.escudoweb.com\/wp-content\/uploads\/2019\/11\/gob_minetur_red_online.png 542w\" loading=\"eager\" sizes=\"(max-width: 542px) 100vw, 542px\" width=\"542\" height=\"202\"  data-dt-location=\"https:\/\/web.escudoweb.com\/index.php\/es\/home\/gob_minetur_red_online\/\" style=\"--ratio: 542 \/ 202;\" alt=\"\" \/><\/div><\/div><\/div>[\/vc_column_inner][vc_column_inner width=\u00bb1\/4&#8243;]<style type=\"text\/css\" data-type=\"the7_shortcodes-inline-css\">.shortcode-single-image-wrap.shortcode-single-image-ba73e911d94943ff3d8f8863272c4d64.enable-bg-rollover .rollover i,\n.shortcode-single-image-wrap.shortcode-single-image-ba73e911d94943ff3d8f8863272c4d64.enable-bg-rollover .rollover-video i {\n  background: -webkit-linear-gradient();\n  background: linear-gradient();\n}\n.shortcode-single-image-wrap.shortcode-single-image-ba73e911d94943ff3d8f8863272c4d64 .rollover-icon {\n  font-size: 32px;\n  color: #ffffff;\n  min-width: 44px;\n  min-height: 44px;\n  line-height: 44px;\n  border-radius: 100px;\n  border-style: solid;\n  border-width: 0px;\n}\n.dt-icon-bg-on.shortcode-single-image-wrap.shortcode-single-image-ba73e911d94943ff3d8f8863272c4d64 .rollover-icon {\n  background: rgba(255,255,255,0.3);\n  box-shadow: none;\n}<\/style><div class=\"shortcode-single-image-wrap shortcode-single-image-ba73e911d94943ff3d8f8863272c4d64 alignnone  enable-bg-rollover dt-icon-bg-off\" style=\"margin-top:0px; margin-bottom:0px; margin-left:0px; margin-right:0px;\"><div class=\"shortcode-single-image\"><div class=\"fancy-media-wrap  layzr-bg\" style=\"\"><img decoding=\"async\" class=\"preload-me lazy-load aspect\" src=\"data:image\/svg+xml,%3Csvg%20xmlns%3D&#39;http%3A%2F%2Fwww.w3.org%2F2000%2Fsvg&#39;%20viewBox%3D&#39;0%200%20500%20202&#39;%2F%3E\" data-src=\"https:\/\/web.escudoweb.com\/wp-content\/uploads\/2019\/12\/ue_logo.png\" data-srcset=\"https:\/\/web.escudoweb.com\/wp-content\/uploads\/2019\/12\/ue_logo.png 500w\" loading=\"eager\" sizes=\"(max-width: 500px) 100vw, 500px\" width=\"500\" height=\"202\"  data-dt-location=\"https:\/\/web.escudoweb.com\/index.php\/home-en\/ue_logo-2\/\" style=\"--ratio: 500 \/ 202;\" alt=\"\" \/><\/div><\/div><\/div>[\/vc_column_inner][vc_column_inner width=\u00bb1\/4&#8243;]<style type=\"text\/css\" data-type=\"the7_shortcodes-inline-css\">.shortcode-single-image-wrap.shortcode-single-image-e5e9ab4f8d62c09381ef520b37cb3004.enable-bg-rollover .rollover i,\n.shortcode-single-image-wrap.shortcode-single-image-e5e9ab4f8d62c09381ef520b37cb3004.enable-bg-rollover .rollover-video i {\n  background: -webkit-linear-gradient();\n  background: linear-gradient();\n}\n.shortcode-single-image-wrap.shortcode-single-image-e5e9ab4f8d62c09381ef520b37cb3004 .rollover-icon {\n  font-size: 32px;\n  color: #ffffff;\n  min-width: 44px;\n  min-height: 44px;\n  line-height: 44px;\n  border-radius: 100px;\n  border-style: solid;\n  border-width: 0px;\n}\n.dt-icon-bg-on.shortcode-single-image-wrap.shortcode-single-image-e5e9ab4f8d62c09381ef520b37cb3004 .rollover-icon {\n  background: rgba(255,255,255,0.3);\n  box-shadow: none;\n}<\/style><div class=\"shortcode-single-image-wrap shortcode-single-image-e5e9ab4f8d62c09381ef520b37cb3004 alignnone  enable-bg-rollover dt-icon-bg-off\" style=\"margin-top:0px; margin-bottom:0px; margin-left:0px; margin-right:0px;\"><div class=\"shortcode-single-image\"><div class=\"fancy-media-wrap  layzr-bg\" style=\"\"><img decoding=\"async\" class=\"preload-me lazy-load aspect\" src=\"data:image\/svg+xml,%3Csvg%20xmlns%3D&#39;http%3A%2F%2Fwww.w3.org%2F2000%2Fsvg&#39;%20viewBox%3D&#39;0%200%20500%20202&#39;%2F%3E\" data-src=\"https:\/\/web.escudoweb.com\/wp-content\/uploads\/2019\/11\/logo_camara.png\" data-srcset=\"https:\/\/web.escudoweb.com\/wp-content\/uploads\/2019\/11\/logo_camara.png 500w\" loading=\"eager\" sizes=\"(max-width: 500px) 100vw, 500px\" width=\"500\" height=\"202\"  data-dt-location=\"https:\/\/web.escudoweb.com\/index.php\/es\/home\/logo_camara\/\" style=\"--ratio: 500 \/ 202;\" alt=\"\" \/><\/div><\/div><\/div>[\/vc_column_inner][vc_column_inner width=\u00bb2\/4&#8243;][vc_empty_space height=\u00bb20&#8243;][vc_column_text]<\/p>\n<p style=\"text-align: justify;\"><span style=\"color: #72777d;\">Escudo Web Software S.L., within the framework of the ICEX Next Export Initiation Programme, has been supported by ICEX and co-financed by the European FEDER fund. The purpose of this support is to contribute to the international development of the company and its environment.<\/span><\/p>\n<p>[\/vc_column_text][vc_empty_space height=\u00bb10&#8243;][\/vc_column_inner][vc_column_inner width=\u00bb2\/4&#8243;][vc_empty_space height=\u00bb20&#8243;][vc_column_text]<\/p>\n<p style=\"text-align: justify;\"><span style=\"color: #72777d;\">Escudo Web Software S.L. has been a beneficiary of the European Regional Development Fund whose objective is to promote research, technological development and innovation. Thanks to this it has been able to incorporate innovation into its business organisation by implementing an information management system in accordance with the UNE in ISO 27001 and ENS for projects and specifically for the product line MIDESS. This took place throughout 2018 and has been supported by the InnoCameras programme of the Toledo Chamber of Commerce.<\/span><\/p>\n<p>[\/vc_column_text][vc_empty_space height=\u00bb10&#8243;][\/vc_column_inner][vc_column_inner width=\u00bb2\/4&#8243;]<style type=\"text\/css\" data-type=\"the7_shortcodes-inline-css\">.shortcode-single-image-wrap.shortcode-single-image-565497675f0035835cabd4fbc43b6c06.enable-bg-rollover .rollover i,\n.shortcode-single-image-wrap.shortcode-single-image-565497675f0035835cabd4fbc43b6c06.enable-bg-rollover .rollover-video i {\n  background: -webkit-linear-gradient();\n  background: linear-gradient();\n}\n.shortcode-single-image-wrap.shortcode-single-image-565497675f0035835cabd4fbc43b6c06 .rollover-icon {\n  font-size: 32px;\n  color: #ffffff;\n  min-width: 44px;\n  min-height: 44px;\n  line-height: 44px;\n  border-radius: 100px;\n  border-style: solid;\n  border-width: 0px;\n}\n.dt-icon-bg-on.shortcode-single-image-wrap.shortcode-single-image-565497675f0035835cabd4fbc43b6c06 .rollover-icon {\n  background: rgba(255,255,255,0.3);\n  box-shadow: none;\n}<\/style><div class=\"shortcode-single-image-wrap shortcode-single-image-565497675f0035835cabd4fbc43b6c06 alignnone  enable-bg-rollover dt-icon-bg-off\" style=\"margin-top:0px; margin-bottom:0px; margin-left:0px; margin-right:0px;\"><div class=\"shortcode-single-image\"><div class=\"fancy-media-wrap  layzr-bg\" style=\"\"><img decoding=\"async\" class=\"preload-me lazy-load aspect\" src=\"data:image\/svg+xml,%3Csvg%20xmlns%3D&#39;http%3A%2F%2Fwww.w3.org%2F2000%2Fsvg&#39;%20viewBox%3D&#39;0%200%20733%20202&#39;%2F%3E\" data-src=\"https:\/\/web.escudoweb.com\/wp-content\/uploads\/2019\/12\/Picture1.png\" data-srcset=\"https:\/\/web.escudoweb.com\/wp-content\/uploads\/2019\/12\/Picture1.png 733w\" loading=\"eager\" sizes=\"(max-width: 733px) 100vw, 733px\" width=\"733\" height=\"202\"  data-dt-location=\"https:\/\/web.escudoweb.com\/index.php\/home-en\/picture1-2\/\" style=\"--ratio: 733 \/ 202;\" alt=\"\" \/><\/div><\/div><\/div>[\/vc_column_inner][vc_column_inner width=\u00bb1\/2&#8243;]<style type=\"text\/css\" data-type=\"the7_shortcodes-inline-css\">.shortcode-single-image-wrap.shortcode-single-image-0926eb4299192a614e822db994058fd5.enable-bg-rollover .rollover i,\n.shortcode-single-image-wrap.shortcode-single-image-0926eb4299192a614e822db994058fd5.enable-bg-rollover .rollover-video i {\n  background: -webkit-linear-gradient();\n  background: linear-gradient();\n}\n.shortcode-single-image-wrap.shortcode-single-image-0926eb4299192a614e822db994058fd5 .rollover-icon {\n  font-size: 32px;\n  color: #ffffff;\n  min-width: 44px;\n  min-height: 44px;\n  line-height: 44px;\n  border-radius: 100px;\n  border-style: solid;\n  border-width: 0px;\n}\n.dt-icon-bg-on.shortcode-single-image-wrap.shortcode-single-image-0926eb4299192a614e822db994058fd5 .rollover-icon {\n  background: rgba(255,255,255,0.3);\n  box-shadow: none;\n}<\/style><div class=\"shortcode-single-image-wrap shortcode-single-image-0926eb4299192a614e822db994058fd5 alignnone  enable-bg-rollover dt-icon-bg-off\" style=\"margin-top:0px; margin-bottom:0px; margin-left:0px; margin-right:0px;\"><div class=\"shortcode-single-image\"><div class=\"fancy-media-wrap  layzr-bg\" style=\"\"><img decoding=\"async\" class=\"preload-me lazy-load aspect\" src=\"data:image\/svg+xml,%3Csvg%20xmlns%3D&#39;http%3A%2F%2Fwww.w3.org%2F2000%2Fsvg&#39;%20viewBox%3D&#39;0%200%20733%20202&#39;%2F%3E\" data-src=\"https:\/\/web.escudoweb.com\/wp-content\/uploads\/2019\/11\/Picture11.png\" data-srcset=\"https:\/\/web.escudoweb.com\/wp-content\/uploads\/2019\/11\/Picture11.png 733w\" loading=\"eager\" sizes=\"(max-width: 733px) 100vw, 733px\" width=\"733\" height=\"202\"  data-dt-location=\"https:\/\/web.escudoweb.com\/index.php\/es\/home\/picture11\/\" style=\"--ratio: 733 \/ 202;\" alt=\"\" \/><\/div><\/div><\/div>[\/vc_column_inner][\/vc_row_inner][vc_empty_space height=\u00bb20&#8243;][vc_column_text]<\/p>\n<p style=\"text-align: justify;\"><span style=\"color: #72777d;\">Escudo Web Software S.L. has participated in Grouped Activities for International Promotion, sponsored by IPEX, whose purpose is to promote the internationalisation of regional productive businesses, contributing to an increased presence in the main international markets.<\/span><\/p>\n<p style=\"text-align: justify;\"><span style=\"color: #72777d;\">In order to achieve this objective, it has received financial support from the Junta de Comunidades de Castilla-La Mancha, through IPEX, as well as the co-financing from the European Regional Development Fund (ERDF) within the framework of the 2014-2020 operational programme, OT3. This can help achieve a more competitive business fabric, having contributed to the economic growth of the company, of Castilla-La Mancha and of Spain as a whole.<\/span><\/p>\n<p>[\/vc_column_text][vc_empty_space height=\u00bb20&#8243;][vc_row_inner][vc_column_inner width=\u00bb1\/2&#8243;][vc_column_text]<\/p>\n<p style=\"text-align: left;\"><span style=\"font-size: 12pt; color: #72777d;\"><strong>European Regional Development Fund<\/strong><\/span><\/p>\n<p>[\/vc_column_text][\/vc_column_inner][vc_column_inner width=\u00bb1\/2&#8243;][vc_column_text]<\/p>\n<p style=\"text-align: right;\"><span style=\"font-size: 12pt; color: #72777d;\"><strong>A way of building Europe<\/strong><\/span><\/p>\n<p>[\/vc_column_text][\/vc_column_inner][\/vc_row_inner][\/vc_column][\/vc_row]<\/p>\n<\/div>","protected":false},"excerpt":{"rendered":"<p>[vc_row equal_height=\u00bbyes\u00bb content_placement=\u00bbmiddle\u00bb enable_overlay=\u00bbenable_overlay_value\u00bb overlay_color=\u00bbrgba(0,0,0,0.6)\u00bb type=\u00bbvc_default\u00bb margin_top=\u00bb-50&#8243; anchor=\u00bbabout\u00bb css=\u00bb.vc_custom_1667471155964{padding-top: 90px !important;padding-bottom: 90px !important;}\u00bb el_id=\u00bbabout\u00bb][vc_column offset=\u00bbvc_col-lg-offset-0 vc_col-lg-7 vc_col-md-offset-0 vc_col-md-8&#8243;][vc_column_text css=\u00bb.vc_custom_1586881259708{padding-bottom: 40px !important;}\u00bb] We are a technological and innovative company, with extensive experience in the education sector and also at the forefront of new trends in society. We have an immense capacity to adapt and we are&hellip;<\/p>\n","protected":false},"author":1,"featured_media":0,"parent":0,"menu_order":10,"comment_status":"closed","ping_status":"closed","template":"template-microsite.php","meta":{"footnotes":""},"class_list":["post-1170","page","type-page","status-publish","hentry","description-off"],"_links":{"self":[{"href":"https:\/\/web.escudoweb.com\/index.php\/wp-json\/wp\/v2\/pages\/1170","targetHints":{"allow":["GET"]}}],"collection":[{"href":"https:\/\/web.escudoweb.com\/index.php\/wp-json\/wp\/v2\/pages"}],"about":[{"href":"https:\/\/web.escudoweb.com\/index.php\/wp-json\/wp\/v2\/types\/page"}],"author":[{"embeddable":true,"href":"https:\/\/web.escudoweb.com\/index.php\/wp-json\/wp\/v2\/users\/1"}],"replies":[{"embeddable":true,"href":"https:\/\/web.escudoweb.com\/index.php\/wp-json\/wp\/v2\/comments?post=1170"}],"version-history":[{"count":83,"href":"https:\/\/web.escudoweb.com\/index.php\/wp-json\/wp\/v2\/pages\/1170\/revisions"}],"predecessor-version":[{"id":3324,"href":"https:\/\/web.escudoweb.com\/index.php\/wp-json\/wp\/v2\/pages\/1170\/revisions\/3324"}],"wp:attachment":[{"href":"https:\/\/web.escudoweb.com\/index.php\/wp-json\/wp\/v2\/media?parent=1170"}],"curies":[{"name":"wp","href":"https:\/\/api.w.org\/{rel}","templated":true}]}}